{"id":5861,"date":"2024-12-16T17:39:39","date_gmt":"2024-12-16T16:39:39","guid":{"rendered":"https:\/\/albanien.ch\/albanien_info\/?p=5861"},"modified":"2025-08-04T19:02:56","modified_gmt":"2025-08-04T17:02:56","slug":"wo-fahren-in-tirana-busse","status":"publish","type":"page","link":"https:\/\/albanien.ch\/albanien_info\/wo-fahren-in-tirana-busse\/","title":{"rendered":"Wo fahren in Tirana Busse?"},"content":{"rendered":"\n<p>Albanien hat keinen geordneten \u00d6V, wie wir ihn von anderen L\u00e4ndern gewohnt sind. Busse sind meist privat \u2013 und bis vor ein paar Jahren diente oft eine Strassenkreuzung hier oder ein Platz da als Abfahrtsort. Heute gibt es in vielen albanischen St\u00e4dten \u00bbBus-Terminals\u00ab, so auch in Tirana. Nur: Wo befinden sich die?<\/p>\n\n\n\n<p>Aktuell verf\u00fcgt Tirana \u00fcber drei Bus-Terminals \u2013 je nach Destination muss man also einen anderen Ort aufsuchen.<\/p>\n\n\n\n<figure class=\"wp-block-image\"><img data-recalc-dims=\"1\" loading=\"lazy\" decoding=\"async\" width=\"525\" height=\"281\" data-attachment-id=\"5869\" data-permalink=\"https:\/\/albanien.ch\/albanien_info\/busterminal-sued-tirana\/\" data-orig-file=\"https:\/\/i0.wp.com\/albanien.ch\/albanien_info\/wp-content\/uploads\/2021\/08\/Busterminal-Sued-Tirana.jpg?fit=2000%2C1071&amp;ssl=1\" data-orig-size=\"2000,1071\" data-comments-opened=\"1\" data-image-meta=\"{&quot;aperture&quot;:&quot;0&quot;,&quot;credit&quot;:&quot;&quot;,&quot;camera&quot;:&quot;&quot;,&quot;caption&quot;:&quot;&quot;,&quot;created_timestamp&quot;:&quot;0&quot;,&quot;copyright&quot;:&quot;&quot;,&quot;focal_length&quot;:&quot;0&quot;,&quot;iso&quot;:&quot;0&quot;,&quot;shutter_speed&quot;:&quot;0&quot;,&quot;title&quot;:&quot;&quot;,&quot;orientation&quot;:&quot;0&quot;}\" data-image-title=\"Busterminal S\u00fcd\/Durr\u00ebs\/Nord in Tirana\" data-image-description=\"&lt;p&gt;Einfahrt im Sommer 2020&lt;\/p&gt;\n\" data-image-caption=\"&lt;p&gt;Bus-Terminal S\u00fcdalbanien \/ Durr\u00ebs \/ Nordalbanien&lt;\/p&gt;\n\" data-medium-file=\"https:\/\/i0.wp.com\/albanien.ch\/albanien_info\/wp-content\/uploads\/2021\/08\/Busterminal-Sued-Tirana.jpg?fit=300%2C161&amp;ssl=1\" data-large-file=\"https:\/\/i0.wp.com\/albanien.ch\/albanien_info\/wp-content\/uploads\/2021\/08\/Busterminal-Sued-Tirana.jpg?fit=525%2C281&amp;ssl=1\" src=\"https:\/\/i0.wp.com\/albanien.ch\/albanien_info\/wp-content\/uploads\/2021\/08\/Busterminal-Sued-Tirana.jpg?resize=525%2C281&#038;ssl=1\" alt=\"\" class=\"wp-image-5869\" srcset=\"https:\/\/i0.wp.com\/albanien.ch\/albanien_info\/wp-content\/uploads\/2021\/08\/Busterminal-Sued-Tirana.jpg?resize=1024%2C548&amp;ssl=1 1024w, https:\/\/i0.wp.com\/albanien.ch\/albanien_info\/wp-content\/uploads\/2021\/08\/Busterminal-Sued-Tirana.jpg?resize=300%2C161&amp;ssl=1 300w, https:\/\/i0.wp.com\/albanien.ch\/albanien_info\/wp-content\/uploads\/2021\/08\/Busterminal-Sued-Tirana.jpg?resize=768%2C411&amp;ssl=1 768w, https:\/\/i0.wp.com\/albanien.ch\/albanien_info\/wp-content\/uploads\/2021\/08\/Busterminal-Sued-Tirana.jpg?resize=1536%2C823&amp;ssl=1 1536w, https:\/\/i0.wp.com\/albanien.ch\/albanien_info\/wp-content\/uploads\/2021\/08\/Busterminal-Sued-Tirana.jpg?w=2000&amp;ssl=1 2000w\" sizes=\"auto, (max-width: 525px) 100vw, 525px\" \/><figcaption class=\"wp-element-caption\">Bus-Terminal S\u00fcdalbanien \/ Durr\u00ebs \/ Nordalbanien am Stadtrand von Tirana<\/figcaption><\/figure>\n\n\n\n<div style=\"height:33px\" aria-hidden=\"true\" class=\"wp-block-spacer\"><\/div>\n\n\n\n<h2 class=\"wp-block-heading\">Bus-Terminal S\u00fcdalbanien \/ Durr\u00ebs \/ Nordalbanien<\/h2>\n\n\n\n<p>Der <strong>Bus-Terminal S\u00fcden\/Durr\u00ebs\/Norden<\/strong> (\u00bbTerminali i autobuz\u00ebve nd\u00ebrqytet\u00ebs zona Jug, Durr\u00ebs dhe Veri\u00ab) liegt weit ausserhalb an der Ausfallstrasse nach Nordwesten\/Durr\u00ebs. <\/p>\n\n\n\n<p><a href=\"https:\/\/goo.gl\/maps\/ZVB1tNzb8wiAfXc9A\" target=\"_blank\" rel=\"noreferrer noopener\"><i class=\"wp-svg-location location\"><\/i> Google Maps<\/a><\/p>\n\n\n\n<p>Von hier aus fahren die meisten Busse: nach Durr\u00ebs und dar\u00fcber hinaus in den S\u00fcden und S\u00fcdwesten sowie in den Norden und Nordosten des Landes: <a rel=\"noreferrer noopener\" href=\"https:\/\/tiranaparking.al\/terminali-jug-veri\/\" target=\"_blank\"> <i class=\"wp-svg-link link\"><\/i> Liste der Destinationen<\/a><\/p>\n\n\n\n<p>Der Terminal befindet sich seit Januar 2020 beim Anfang der Autobahn an einer Kreuzung, die \u00bbKthesa e Kamz\u00ebs\u00ab heisst \u2013 einfacher zu merken ist \u00bbCasa Italia\u00ab, ein kleines Einkaufszentrum auf der anderen Seite der Autobahn. Alles ist noch immer etwas improvisiert und chaotisch \u2013 irgendwann entsteht hier vielleicht noch der neue Bahnhof. Bis ins Stadtzentrum sind es \u00fcber vier Kilometer.<\/p>\n\n\n\n<p>St\u00e4dtischen Busse nach Kamza (Linie 5B) und Vora (Linie 4 nach Megatek, Citypark), die hinterm Nationalmuseum am Skanderbeg-Platz abfahren, halten beide unweit vom Terminal. Die Fahrt kostet keine 100 Lek. Zu Fuss ist die rund vier Kilometer lange Strecke vom Skanderbeg-Platz aus entlang stark befahrener Strassen wenig attraktiv. &nbsp;<\/p>\n\n\n\n<figure class=\"wp-block-image size-large\"><img data-recalc-dims=\"1\" loading=\"lazy\" decoding=\"async\" width=\"525\" height=\"295\" data-attachment-id=\"7794\" data-permalink=\"https:\/\/albanien.ch\/albanien_info\/tirana-bus-terminal\/\" data-orig-file=\"https:\/\/i0.wp.com\/albanien.ch\/albanien_info\/wp-content\/uploads\/2024\/02\/tirana-bus-terminal-scaled.jpg?fit=2560%2C1440&amp;ssl=1\" data-orig-size=\"2560,1440\" data-comments-opened=\"1\" data-image-meta=\"{&quot;aperture&quot;:&quot;0&quot;,&quot;credit&quot;:&quot;&quot;,&quot;camera&quot;:&quot;&quot;,&quot;caption&quot;:&quot;&quot;,&quot;created_timestamp&quot;:&quot;0&quot;,&quot;copyright&quot;:&quot;&quot;,&quot;focal_length&quot;:&quot;0&quot;,&quot;iso&quot;:&quot;0&quot;,&quot;shutter_speed&quot;:&quot;0&quot;,&quot;title&quot;:&quot;&quot;,&quot;orientation&quot;:&quot;0&quot;}\" data-image-title=\"Tirana Bus Terminal\" data-image-description=\"&lt;p&gt;Busse nach Himara und andere Orte warten am Bus Terminal von Tirana&lt;\/p&gt;\n\" data-image-caption=\"&lt;p&gt;Busse nach Himara und andere Orte warten am Bus Terminal von Tirana&lt;\/p&gt;\n\" data-medium-file=\"https:\/\/i0.wp.com\/albanien.ch\/albanien_info\/wp-content\/uploads\/2024\/02\/tirana-bus-terminal-scaled.jpg?fit=300%2C169&amp;ssl=1\" data-large-file=\"https:\/\/i0.wp.com\/albanien.ch\/albanien_info\/wp-content\/uploads\/2024\/02\/tirana-bus-terminal-scaled.jpg?fit=525%2C295&amp;ssl=1\" src=\"https:\/\/i0.wp.com\/albanien.ch\/albanien_info\/wp-content\/uploads\/2024\/02\/tirana-bus-terminal.jpg?resize=525%2C295&#038;ssl=1\" alt=\"Busse nach Himara und andere Orte warten am Bus Terminal von Tirana\" class=\"wp-image-7794\" srcset=\"https:\/\/i0.wp.com\/albanien.ch\/albanien_info\/wp-content\/uploads\/2024\/02\/tirana-bus-terminal-scaled.jpg?resize=1024%2C576&amp;ssl=1 1024w, https:\/\/i0.wp.com\/albanien.ch\/albanien_info\/wp-content\/uploads\/2024\/02\/tirana-bus-terminal-scaled.jpg?resize=300%2C169&amp;ssl=1 300w, https:\/\/i0.wp.com\/albanien.ch\/albanien_info\/wp-content\/uploads\/2024\/02\/tirana-bus-terminal-scaled.jpg?resize=768%2C432&amp;ssl=1 768w, https:\/\/i0.wp.com\/albanien.ch\/albanien_info\/wp-content\/uploads\/2024\/02\/tirana-bus-terminal-scaled.jpg?resize=1536%2C864&amp;ssl=1 1536w, https:\/\/i0.wp.com\/albanien.ch\/albanien_info\/wp-content\/uploads\/2024\/02\/tirana-bus-terminal-scaled.jpg?resize=2048%2C1152&amp;ssl=1 2048w\" sizes=\"auto, (max-width: 525px) 100vw, 525px\" \/><figcaption class=\"wp-element-caption\">Busse nach Himara und andere Orte warten am Bus Terminal S\u00fcd\/Nord<\/figcaption><\/figure>\n\n\n\n<div style=\"height:33px\" aria-hidden=\"true\" class=\"wp-block-spacer\"><\/div>\n\n\n\n<h2 class=\"wp-block-heading\">Bus-Terminal Ost<\/h2>\n\n\n\n<p>Der <strong>Bus-Terminal Ost<\/strong> (\u00bbTerminali lindor i Autobuseve\u00ab) liegt weit ausserhalb im S\u00fcden von Tirana, \u00fcber 6&nbsp;Kilometer vom Stadtzentrum entfernt. <\/p>\n\n\n\n<p><a href=\"https:\/\/maps.app.goo.gl\/fdWjF5H6zMQ8t6o66\" target=\"_blank\" rel=\"noreferrer noopener\"><i class=\"wp-svg-location location\"><\/i> Google Maps<\/a><\/p>\n\n\n\n<p>Von hier aus fahren die Busse nach Elbasan und dar\u00fcber hinaus, zum Beispiel nach Pogradec und Kor\u00e7a sowie nach Gramsh:<a href=\"https:\/\/tlatirana.com\/linjat-nderqytetase\/\" target=\"_blank\" rel=\"noreferrer noopener\"> <i class=\"wp-svg-link link\"><\/i> Liste der Verbindungen<\/a> (Abfahrtszeiten nicht immer verst\u00e4ndlich dargestellt). Auch internationale Busse fahren von hier aus.<\/p>\n\n\n\n<p>Der Terminal wurde Ende 2023 er\u00f6ffnet. Er liegt gleich beim Einkaufszentrum TEG \u2013&nbsp;sozusagen im Untergeschoss. Auch direkt bei den Bussen gibt es noch L\u00e4den, Caf\u00e9s und Toiletten.<\/p>\n\n\n\n<p>Vom Stadtzentrum nimmt man einen st\u00e4dtischen Bus (\u00bbUrbane\u00ab) in Richtung \u00bbTEG\u00ab bis Endstation (f\u00fcr 40 Lek):<\/p>\n\n\n\n<ul class=\"wp-block-list\">\n<li>LInie 8 (fr\u00fcher L2) \u2013&nbsp;vom alten Bahnhof \u00fcber Skanderbegplatz, Blloku und Zoo \u2013&nbsp;Abfahrtsort am Skanderbegplatz Westseite bei der \u00bbBanka e Shqip\u00ebrise\u00ab, im Blloku in der \u00bbRruga Abdyl Frash\u00ebri\u00ab<\/li>\n\n\n\n<li>Linie 12 (fr\u00fcher L8A) \u2013&nbsp;vom Zentrum \u00fcber Rruga e Elbasanit, Sauk zum TEG \u2013&nbsp;Abfahrtsort am Skanderbegplatz Westseite bei der \u00bbBanka e Shqip\u00ebrise\u00ab, s\u00fcdlich der Lana in der \u00bbRruga e Elbasanit\u00ab<\/li>\n<\/ul>\n\n\n\n<p>Es ist mit etwa einer halben Stunde Fahrzeit zu rechnen. W\u00e4hrend Stosszeiten kann es aber durchaus auch 45 Minuten oder l\u00e4nger dauern.<\/p>\n\n\n\n<p><a href=\"https:\/\/tlatirana.com\/\" target=\"_blank\" rel=\"noreferrer noopener\"><i class=\"wp-svg-globe globe\"><\/i> Website des Terminals Ost mit Fahrpl\u00e4nen<\/a><\/p>\n\n\n\n<figure class=\"wp-block-image size-large\"><img data-recalc-dims=\"1\" loading=\"lazy\" decoding=\"async\" width=\"525\" height=\"295\" data-attachment-id=\"7859\" data-permalink=\"https:\/\/albanien.ch\/albanien_info\/terimnali-lindor-autobusave-teg\/\" data-orig-file=\"https:\/\/i0.wp.com\/albanien.ch\/albanien_info\/wp-content\/uploads\/2024\/06\/terimnali-lindor-autobusave-teg-scaled.jpg?fit=2560%2C1440&amp;ssl=1\" data-orig-size=\"2560,1440\" data-comments-opened=\"1\" data-image-meta=\"{&quot;aperture&quot;:&quot;1.6&quot;,&quot;credit&quot;:&quot;&quot;,&quot;camera&quot;:&quot;iPhone 13&quot;,&quot;caption&quot;:&quot;&quot;,&quot;created_timestamp&quot;:&quot;1714477181&quot;,&quot;copyright&quot;:&quot;&quot;,&quot;focal_length&quot;:&quot;5.1&quot;,&quot;iso&quot;:&quot;50&quot;,&quot;shutter_speed&quot;:&quot;0.0009727626459144&quot;,&quot;title&quot;:&quot;&quot;,&quot;orientation&quot;:&quot;1&quot;}\" data-image-title=\"Terimnali Lindor Autobusave TEG\" data-image-description=\"&lt;p&gt;Tirana Bus-Terminal Ost\/International beim TEG: St\u00e4dtischer Bus&lt;\/p&gt;\n\" data-image-caption=\"&lt;p&gt;Tirana Bus-Terminal Ost\/International beim TEG: St\u00e4dtischer Bus&lt;\/p&gt;\n\" data-medium-file=\"https:\/\/i0.wp.com\/albanien.ch\/albanien_info\/wp-content\/uploads\/2024\/06\/terimnali-lindor-autobusave-teg-scaled.jpg?fit=300%2C169&amp;ssl=1\" data-large-file=\"https:\/\/i0.wp.com\/albanien.ch\/albanien_info\/wp-content\/uploads\/2024\/06\/terimnali-lindor-autobusave-teg-scaled.jpg?fit=525%2C295&amp;ssl=1\" src=\"https:\/\/i0.wp.com\/albanien.ch\/albanien_info\/wp-content\/uploads\/2024\/06\/terimnali-lindor-autobusave-teg.jpg?resize=525%2C295&#038;ssl=1\" alt=\"\" class=\"wp-image-7859\" srcset=\"https:\/\/i0.wp.com\/albanien.ch\/albanien_info\/wp-content\/uploads\/2024\/06\/terimnali-lindor-autobusave-teg-scaled.jpg?resize=1024%2C576&amp;ssl=1 1024w, https:\/\/i0.wp.com\/albanien.ch\/albanien_info\/wp-content\/uploads\/2024\/06\/terimnali-lindor-autobusave-teg-scaled.jpg?resize=300%2C169&amp;ssl=1 300w, https:\/\/i0.wp.com\/albanien.ch\/albanien_info\/wp-content\/uploads\/2024\/06\/terimnali-lindor-autobusave-teg-scaled.jpg?resize=768%2C432&amp;ssl=1 768w, https:\/\/i0.wp.com\/albanien.ch\/albanien_info\/wp-content\/uploads\/2024\/06\/terimnali-lindor-autobusave-teg-scaled.jpg?resize=1536%2C864&amp;ssl=1 1536w, https:\/\/i0.wp.com\/albanien.ch\/albanien_info\/wp-content\/uploads\/2024\/06\/terimnali-lindor-autobusave-teg-scaled.jpg?resize=2048%2C1152&amp;ssl=1 2048w\" sizes=\"auto, (max-width: 525px) 100vw, 525px\" \/><figcaption class=\"wp-element-caption\">Tirana Bus-Terminal Ost\/International beim TEG: St\u00e4dtischer Bus f\u00fcr den Anschluss in die Innenstadt<\/figcaption><\/figure>\n\n\n\n<div style=\"height:33px\" aria-hidden=\"true\" class=\"wp-block-spacer\"><\/div>\n\n\n\n<h2 class=\"wp-block-heading\">Busterminal International \u2013 neuer Terminal!<\/h2>\n\n\n\n<p>Die <strong>internationalen Busse<\/strong> (\u00bbTerminali i Autobuzave Nd\u00ebrkomb\u00ebtar\u00eb dhe Kosov\u00ebs\u00ab) hatten ihren Abfahrtsort bis 2024  beim Sportpalast (\u00bbPallati i sportit\u00ab). Seit 2024 werden immer mehr Busse auch zum \u00bbBus-Terminal Ost\u00ab (siehe oben) verlegt.<\/p>\n\n\n\n<p>Es gibt Busverbindungen nach Kosova, Nordmazedonien, Griechenland, Istanbul, Italien und Deutschland: <a href=\"https:\/\/tlatirana.com\/linjat-nderkombetare\/\" target=\"_blank\" rel=\"noreferrer noopener\"><i class=\"wp-svg-link link\"><\/i> grobe \u00dcbersicht der Verbindungen<\/a><\/p>\n\n\n\n<p>Der alte Busterminal International liegt etwas versteckt hinterm Sportpalast, der an der Ausfallsstrasse nach Durr\u00ebs gleich ausserhalb des Stadtzentrums liegt. Beim Platz \u00bbZogu i zi\u00ab kann man die Gasse hinter dem Einkaufszentrum \u00bbTIrana Ring Center\u00ab nehmen. Auf der R\u00fcckseite der Sporthalle finden sich 2024 noch immer B\u00fcros von Ticketverk\u00e4ufern, die auch \u00fcber Abfahrtzeiten genau Auskunft geben k\u00f6nnen. Vielleicht kriegt man dort noch immer Auskunft \u2013&nbsp;ansonsten wissen viele Reiseb\u00fcros bescheid.<\/p>\n\n\n\n<div style=\"height:33px\" aria-hidden=\"true\" class=\"wp-block-spacer\"><\/div>\n\n\n\n<h2 class=\"wp-block-heading\">Busse zum Flughafen und andere st\u00e4dtische Busse<\/h2>\n\n\n\n<p><strong>St\u00e4dtische Busse: <\/strong>Abgesehen von der \u00bbUnaza\u00ab-Linie, die die Innenstadt umkreist, passieren alle Buslinien den Skanderbegplatz. Haltestellen sind nicht immer einfach zu finden \u2013 Google-Maps kann helfen.<\/p>\n\n\n\n<p><a href=\"https:\/\/tirana.al\/pikat-e-interesit\/linjat-urbane\" target=\"_blank\" rel=\"noreferrer noopener\"><i class=\"wp-svg-link link\"><\/i> Liniennetz<\/a> \/ <a href=\"https:\/\/tirana.al\/uploads\/2023\/5\/20230512115515_2023_05_04-urbani-map-1.pdf\" target=\"_blank\" rel=\"noreferrer noopener\">PDF<\/a><\/p>\n\n\n\n<p>Die Busse bedienen die Aussenquartiere und Vororte.<\/p>\n\n\n\n<p>Die Haltestellen liegen (je nach Destination und Fahrrichtung) entweder hinterm Nationalmuseum oder hinter der Oper (Strasse direkt hinterm Haus oder jenseits der Gr\u00fcnfl\u00e4che), hinter der Moschee oder bei der \u00bbBanke e Shqip\u00ebrise\u00ab.<\/p>\n\n\n\n<p>Der st\u00fcndlich verkehrende <strong>Bus zum Flughafen<\/strong> (\u00bbRinas-Express\u00ab) h\u00e4lt jetzt hinter der Oper unweit vom Eingang zur Nationalbibliothek und f\u00e4hrt immer zur vollen Stunde (<a href=\"https:\/\/albanien.ch\/albanien_info\/tirana\/rinas-express-timetable\/\">Fahrplan<\/a>).<\/p>\n\n\n\n<div style=\"height:50px\" aria-hidden=\"true\" class=\"wp-block-spacer\"><\/div>\n\n\n\n<h3 class=\"wp-block-heading\">Weitere Informationen <\/h3>\n\n\n\n<p>Da viele Busfahrpl\u00e4ne nur schwer zu lesen sind, empfiehlt es sich, die Verbindungen gegenzuchecken mit anderen Fahrplan-Websites wie <a href=\"https:\/\/travel.gjirafa.com\/\" target=\"_blank\" rel=\"noreferrer noopener\">gjirafa.com<\/a> oder <a href=\"https:\/\/etransport.al\/home\" target=\"_blank\" rel=\"noreferrer noopener\">eTransport.al<\/a>.<\/p>\n\n\n\n<p><a href=\"https:\/\/albanien.ch\/albanien_info\/reisefuehrer-albanien\/staedte-und-regionen\/tirana-sehenswuerdigkeiten\/\"><i class=\"wp-svg-map-2 map-2\"><\/i> \u00dcbersichtskarte Tirana<\/a><br><a href=\"https:\/\/albanien.ch\/albanien_info\/tirana\/\"><i class=\"wp-svg-redo-2 redo-2\"><\/i> Reiseinformationen Tirana<\/a><br><a href=\"https:\/\/albanien.ch\/albanien_info\/reisen-innerhalb-des-landes\/\"><i class=\"wp-svg-redo-2 redo-2\"><\/i> Reisen innerhalb von Albanien<\/a><\/p>\n\n\n\n<div style=\"height:100px\" aria-hidden=\"true\" class=\"wp-block-spacer\"><\/div>\n\n\n\n<div class=\"wp-block-columns is-layout-flex wp-container-core-columns-is-layout-9d6595d7 wp-block-columns-is-layout-flex\">\n<div class=\"wp-block-column simple-alert-boxes sab_plain sab_small is-layout-flow wp-block-column-is-layout-flow\">\n<p class=\"has-small-font-size\">Wir <a href=\"https:\/\/albanien.ch\/albanien_info\/ueber-uns\/\">Autoren<\/a> dieser Seite bereisen Albanien teilweise schon sei 30 Jahren. Wir teilen hier unser Wissen und unsere pers\u00f6nlichen Erfahrungen. <a href=\"https:\/\/albanien.ch\/albanien_info\/ueber-uns\/feedback\/\">Feedback<\/a> ist immer willkommen.<\/p>\n<\/div>\n\n\n\n<div class=\"wp-block-column simple-alert-boxes sab_plain sab_small is-layout-flow wp-block-column-is-layout-flow\">\n<p class=\"has-small-font-size\"><strong>Vollst\u00e4ndig \u00fcberpr\u00fcft und \u00fcberarbeitet:<\/strong><\/p>\n\n\n<div class=\"wp-block-post-date has-small-font-size\"><time datetime=\"2024-12-16T17:39:39+01:00\">16. Dezember 2024<\/time><\/div><\/div>\n\n\n\n<div class=\"wp-block-column simple-alert-boxes sab_plain sab_small is-layout-flow wp-block-column-is-layout-flow\">\n<p class=\"has-small-font-size\"><strong>Verwandte Themen:<\/strong><\/p>\n\n\n<div class=\"taxonomy-post_tag wp-block-post-terms\"><a href=\"https:\/\/albanien.ch\/albanien_info\/tag\/bus\/\" rel=\"tag\">Bus<\/a><span class=\"wp-block-post-terms__separator\">, <\/span><a href=\"https:\/\/albanien.ch\/albanien_info\/tag\/tirana\/\" rel=\"tag\">Tirana<\/a><span class=\"wp-block-post-terms__separator\">, <\/span><a href=\"https:\/\/albanien.ch\/albanien_info\/tag\/verkehr\/\" rel=\"tag\">Verkehr<\/a><span class=\"wp-block-post-terms__separator\">, <\/span><a href=\"https:\/\/albanien.ch\/albanien_info\/tag\/verkehrsmittel\/\" rel=\"tag\">Verkehrsmittel<\/a><\/div><\/div>\n<\/div>\n","protected":false},"excerpt":{"rendered":"<p>Albanien hat keinen geordneten \u00d6V, wie wir ihn von anderen L\u00e4ndern gewohnt sind. Busse sind meist privat \u2013 und bis vor ein paar Jahren diente&hellip;<\/p>\n","protected":false},"author":1,"featured_media":5870,"parent":0,"menu_order":0,"comment_status":"open","ping_status":"open","template":"","meta":{"jetpack_post_was_ever_published":false,"footnotes":""},"categories":[3],"tags":[56,188,33,64],"class_list":["post-5861","page","type-page","status-publish","has-post-thumbnail","hentry","category-faq","tag-bus","tag-tirana","tag-verkehr","tag-verkehrsmittel"],"yoast_head":"<!-- This site is optimized with the Yoast SEO plugin v27.2 - https:\/\/yoast.com\/product\/yoast-seo-wordpress\/ -->\n<title>Wo fahren in Tirana Busse? &#8211; Online-Reisef\u00fchrer &#8211; albanien.ch<\/title>\n<meta name=\"description\" content=\"\u00dcbersicht der verschiedenen Bus-Abfahrtsorte in Tirana mit Angaben zu Verbindungen und Anfahrt\" \/>\n<meta name=\"robots\" content=\"index, follow, max-snippet:-1, max-image-preview:large, max-video-preview:-1\" \/>\n<link rel=\"canonical\" href=\"https:\/\/albanien.ch\/albanien_info\/wo-fahren-in-tirana-busse\/\" \/>\n<meta property=\"og:locale\" content=\"de_DE\" \/>\n<meta property=\"og:type\" content=\"article\" \/>\n<meta property=\"og:title\" content=\"Wo fahren in Tirana Busse? &#8211; Online-Reisef\u00fchrer &#8211; albanien.ch\" \/>\n<meta property=\"og:description\" content=\"\u00dcbersicht der verschiedenen Bus-Abfahrtsorte in Tirana mit Angaben zu Verbindungen und Anfahrt\" \/>\n<meta property=\"og:url\" content=\"https:\/\/albanien.ch\/albanien_info\/wo-fahren-in-tirana-busse\/\" \/>\n<meta property=\"og:site_name\" content=\"AlbINFO\" \/>\n<meta property=\"article:publisher\" content=\"https:\/\/www.facebook.com\/albaniench\/\" \/>\n<meta property=\"article:modified_time\" content=\"2025-08-04T17:02:56+00:00\" \/>\n<meta property=\"og:image\" content=\"https:\/\/albanien.ch\/albanien_info\/wp-content\/uploads\/2021\/08\/Busterminal-Tirana-quadratisch.jpg\" \/>\n\t<meta property=\"og:image:width\" content=\"2084\" \/>\n\t<meta property=\"og:image:height\" content=\"2084\" \/>\n\t<meta property=\"og:image:type\" content=\"image\/jpeg\" \/>\n<meta name=\"twitter:card\" content=\"summary_large_image\" \/>\n<meta name=\"twitter:site\" content=\"@alb_info\" \/>\n<script type=\"application\/ld+json\" class=\"yoast-schema-graph\">{\"@context\":\"https:\/\/schema.org\",\"@graph\":[{\"@type\":\"WebPage\",\"@id\":\"https:\/\/albanien.ch\/albanien_info\/wo-fahren-in-tirana-busse\/\",\"url\":\"https:\/\/albanien.ch\/albanien_info\/wo-fahren-in-tirana-busse\/\",\"name\":\"Wo fahren in Tirana Busse? &#8211; Online-Reisef\u00fchrer &#8211; albanien.ch\",\"isPartOf\":{\"@id\":\"https:\/\/albanien.ch\/albanien_info\/#website\"},\"primaryImageOfPage\":{\"@id\":\"https:\/\/albanien.ch\/albanien_info\/wo-fahren-in-tirana-busse\/#primaryimage\"},\"image\":{\"@id\":\"https:\/\/albanien.ch\/albanien_info\/wo-fahren-in-tirana-busse\/#primaryimage\"},\"thumbnailUrl\":\"https:\/\/i0.wp.com\/albanien.ch\/albanien_info\/wp-content\/uploads\/2021\/08\/Busterminal-Tirana-quadratisch.jpg?fit=2084%2C2084&ssl=1\",\"datePublished\":\"2024-12-16T16:39:39+00:00\",\"dateModified\":\"2025-08-04T17:02:56+00:00\",\"description\":\"\u00dcbersicht der verschiedenen Bus-Abfahrtsorte in Tirana mit Angaben zu Verbindungen und Anfahrt\",\"breadcrumb\":{\"@id\":\"https:\/\/albanien.ch\/albanien_info\/wo-fahren-in-tirana-busse\/#breadcrumb\"},\"inLanguage\":\"de\",\"potentialAction\":[{\"@type\":\"ReadAction\",\"target\":[\"https:\/\/albanien.ch\/albanien_info\/wo-fahren-in-tirana-busse\/\"]}]},{\"@type\":\"ImageObject\",\"inLanguage\":\"de\",\"@id\":\"https:\/\/albanien.ch\/albanien_info\/wo-fahren-in-tirana-busse\/#primaryimage\",\"url\":\"https:\/\/i0.wp.com\/albanien.ch\/albanien_info\/wp-content\/uploads\/2021\/08\/Busterminal-Tirana-quadratisch.jpg?fit=2084%2C2084&ssl=1\",\"contentUrl\":\"https:\/\/i0.wp.com\/albanien.ch\/albanien_info\/wp-content\/uploads\/2021\/08\/Busterminal-Tirana-quadratisch.jpg?fit=2084%2C2084&ssl=1\",\"width\":2084,\"height\":2084,\"caption\":\"Bus-Terminal S\u00fcdalbanien \/ Durr\u00ebs \/ Nordalbanien\"},{\"@type\":\"BreadcrumbList\",\"@id\":\"https:\/\/albanien.ch\/albanien_info\/wo-fahren-in-tirana-busse\/#breadcrumb\",\"itemListElement\":[{\"@type\":\"ListItem\",\"position\":1,\"name\":\"Home\",\"item\":\"https:\/\/albanien.ch\/albanien_info\/\"},{\"@type\":\"ListItem\",\"position\":2,\"name\":\"Wo fahren in Tirana Busse?\"}]},{\"@type\":\"WebSite\",\"@id\":\"https:\/\/albanien.ch\/albanien_info\/#website\",\"url\":\"https:\/\/albanien.ch\/albanien_info\/\",\"name\":\"AlbINFO\",\"description\":\"Albanien Reiseinformationen von albanien.ch\",\"publisher\":{\"@id\":\"https:\/\/albanien.ch\/albanien_info\/#organization\"},\"potentialAction\":[{\"@type\":\"SearchAction\",\"target\":{\"@type\":\"EntryPoint\",\"urlTemplate\":\"https:\/\/albanien.ch\/albanien_info\/?s={search_term_string}\"},\"query-input\":{\"@type\":\"PropertyValueSpecification\",\"valueRequired\":true,\"valueName\":\"search_term_string\"}}],\"inLanguage\":\"de\"},{\"@type\":\"Organization\",\"@id\":\"https:\/\/albanien.ch\/albanien_info\/#organization\",\"name\":\"albanien.ch\",\"url\":\"https:\/\/albanien.ch\/albanien_info\/\",\"logo\":{\"@type\":\"ImageObject\",\"inLanguage\":\"de\",\"@id\":\"https:\/\/albanien.ch\/albanien_info\/#\/schema\/logo\/image\/\",\"url\":\"https:\/\/i0.wp.com\/albanien.ch\/albanien_info\/wp-content\/uploads\/2016\/11\/albaniench_square.png?fit=415%2C415&ssl=1\",\"contentUrl\":\"https:\/\/i0.wp.com\/albanien.ch\/albanien_info\/wp-content\/uploads\/2016\/11\/albaniench_square.png?fit=415%2C415&ssl=1\",\"width\":415,\"height\":415,\"caption\":\"albanien.ch\"},\"image\":{\"@id\":\"https:\/\/albanien.ch\/albanien_info\/#\/schema\/logo\/image\/\"},\"sameAs\":[\"https:\/\/www.facebook.com\/albaniench\/\",\"https:\/\/x.com\/alb_info\",\"https:\/\/www.instagram.com\/alb_info\/\"]}]}<\/script>\n<!-- \/ Yoast SEO plugin. -->","yoast_head_json":{"title":"Wo fahren in Tirana Busse? &#8211; Online-Reisef\u00fchrer &#8211; albanien.ch","description":"\u00dcbersicht der verschiedenen Bus-Abfahrtsorte in Tirana mit Angaben zu Verbindungen und Anfahrt","robots":{"index":"index","follow":"follow","max-snippet":"max-snippet:-1","max-image-preview":"max-image-preview:large","max-video-preview":"max-video-preview:-1"},"canonical":"https:\/\/albanien.ch\/albanien_info\/wo-fahren-in-tirana-busse\/","og_locale":"de_DE","og_type":"article","og_title":"Wo fahren in Tirana Busse? &#8211; Online-Reisef\u00fchrer &#8211; albanien.ch","og_description":"\u00dcbersicht der verschiedenen Bus-Abfahrtsorte in Tirana mit Angaben zu Verbindungen und Anfahrt","og_url":"https:\/\/albanien.ch\/albanien_info\/wo-fahren-in-tirana-busse\/","og_site_name":"AlbINFO","article_publisher":"https:\/\/www.facebook.com\/albaniench\/","article_modified_time":"2025-08-04T17:02:56+00:00","og_image":[{"width":2084,"height":2084,"url":"https:\/\/albanien.ch\/albanien_info\/wp-content\/uploads\/2021\/08\/Busterminal-Tirana-quadratisch.jpg","type":"image\/jpeg"}],"twitter_card":"summary_large_image","twitter_site":"@alb_info","schema":{"@context":"https:\/\/schema.org","@graph":[{"@type":"WebPage","@id":"https:\/\/albanien.ch\/albanien_info\/wo-fahren-in-tirana-busse\/","url":"https:\/\/albanien.ch\/albanien_info\/wo-fahren-in-tirana-busse\/","name":"Wo fahren in Tirana Busse? &#8211; Online-Reisef\u00fchrer &#8211; albanien.ch","isPartOf":{"@id":"https:\/\/albanien.ch\/albanien_info\/#website"},"primaryImageOfPage":{"@id":"https:\/\/albanien.ch\/albanien_info\/wo-fahren-in-tirana-busse\/#primaryimage"},"image":{"@id":"https:\/\/albanien.ch\/albanien_info\/wo-fahren-in-tirana-busse\/#primaryimage"},"thumbnailUrl":"https:\/\/i0.wp.com\/albanien.ch\/albanien_info\/wp-content\/uploads\/2021\/08\/Busterminal-Tirana-quadratisch.jpg?fit=2084%2C2084&ssl=1","datePublished":"2024-12-16T16:39:39+00:00","dateModified":"2025-08-04T17:02:56+00:00","description":"\u00dcbersicht der verschiedenen Bus-Abfahrtsorte in Tirana mit Angaben zu Verbindungen und Anfahrt","breadcrumb":{"@id":"https:\/\/albanien.ch\/albanien_info\/wo-fahren-in-tirana-busse\/#breadcrumb"},"inLanguage":"de","potentialAction":[{"@type":"ReadAction","target":["https:\/\/albanien.ch\/albanien_info\/wo-fahren-in-tirana-busse\/"]}]},{"@type":"ImageObject","inLanguage":"de","@id":"https:\/\/albanien.ch\/albanien_info\/wo-fahren-in-tirana-busse\/#primaryimage","url":"https:\/\/i0.wp.com\/albanien.ch\/albanien_info\/wp-content\/uploads\/2021\/08\/Busterminal-Tirana-quadratisch.jpg?fit=2084%2C2084&ssl=1","contentUrl":"https:\/\/i0.wp.com\/albanien.ch\/albanien_info\/wp-content\/uploads\/2021\/08\/Busterminal-Tirana-quadratisch.jpg?fit=2084%2C2084&ssl=1","width":2084,"height":2084,"caption":"Bus-Terminal S\u00fcdalbanien \/ Durr\u00ebs \/ Nordalbanien"},{"@type":"BreadcrumbList","@id":"https:\/\/albanien.ch\/albanien_info\/wo-fahren-in-tirana-busse\/#breadcrumb","itemListElement":[{"@type":"ListItem","position":1,"name":"Home","item":"https:\/\/albanien.ch\/albanien_info\/"},{"@type":"ListItem","position":2,"name":"Wo fahren in Tirana Busse?"}]},{"@type":"WebSite","@id":"https:\/\/albanien.ch\/albanien_info\/#website","url":"https:\/\/albanien.ch\/albanien_info\/","name":"AlbINFO","description":"Albanien Reiseinformationen von albanien.ch","publisher":{"@id":"https:\/\/albanien.ch\/albanien_info\/#organization"},"potentialAction":[{"@type":"SearchAction","target":{"@type":"EntryPoint","urlTemplate":"https:\/\/albanien.ch\/albanien_info\/?s={search_term_string}"},"query-input":{"@type":"PropertyValueSpecification","valueRequired":true,"valueName":"search_term_string"}}],"inLanguage":"de"},{"@type":"Organization","@id":"https:\/\/albanien.ch\/albanien_info\/#organization","name":"albanien.ch","url":"https:\/\/albanien.ch\/albanien_info\/","logo":{"@type":"ImageObject","inLanguage":"de","@id":"https:\/\/albanien.ch\/albanien_info\/#\/schema\/logo\/image\/","url":"https:\/\/i0.wp.com\/albanien.ch\/albanien_info\/wp-content\/uploads\/2016\/11\/albaniench_square.png?fit=415%2C415&ssl=1","contentUrl":"https:\/\/i0.wp.com\/albanien.ch\/albanien_info\/wp-content\/uploads\/2016\/11\/albaniench_square.png?fit=415%2C415&ssl=1","width":415,"height":415,"caption":"albanien.ch"},"image":{"@id":"https:\/\/albanien.ch\/albanien_info\/#\/schema\/logo\/image\/"},"sameAs":["https:\/\/www.facebook.com\/albaniench\/","https:\/\/x.com\/alb_info","https:\/\/www.instagram.com\/alb_info\/"]}]}},"jetpack_sharing_enabled":true,"jetpack_shortlink":"https:\/\/wp.me\/P5VAQP-1wx","_links":{"self":[{"href":"https:\/\/albanien.ch\/albanien_info\/wp-json\/wp\/v2\/pages\/5861","targetHints":{"allow":["GET"]}}],"collection":[{"href":"https:\/\/albanien.ch\/albanien_info\/wp-json\/wp\/v2\/pages"}],"about":[{"href":"https:\/\/albanien.ch\/albanien_info\/wp-json\/wp\/v2\/types\/page"}],"author":[{"embeddable":true,"href":"https:\/\/albanien.ch\/albanien_info\/wp-json\/wp\/v2\/users\/1"}],"replies":[{"embeddable":true,"href":"https:\/\/albanien.ch\/albanien_info\/wp-json\/wp\/v2\/comments?post=5861"}],"version-history":[{"count":14,"href":"https:\/\/albanien.ch\/albanien_info\/wp-json\/wp\/v2\/pages\/5861\/revisions"}],"predecessor-version":[{"id":8205,"href":"https:\/\/albanien.ch\/albanien_info\/wp-json\/wp\/v2\/pages\/5861\/revisions\/8205"}],"wp:featuredmedia":[{"embeddable":true,"href":"https:\/\/albanien.ch\/albanien_info\/wp-json\/wp\/v2\/media\/5870"}],"wp:attachment":[{"href":"https:\/\/albanien.ch\/albanien_info\/wp-json\/wp\/v2\/media?parent=5861"}],"wp:term":[{"taxonomy":"category","embeddable":true,"href":"https:\/\/albanien.ch\/albanien_info\/wp-json\/wp\/v2\/categories?post=5861"},{"taxonomy":"post_tag","embeddable":true,"href":"https:\/\/albanien.ch\/albanien_info\/wp-json\/wp\/v2\/tags?post=5861"}],"curies":[{"name":"wp","href":"https:\/\/api.w.org\/{rel}","templated":true}]}}