{"id":453,"date":"2023-04-22T23:19:22","date_gmt":"2023-04-22T21:19:22","guid":{"rendered":"https:\/\/albanien.ch\/albanien_info\/?p=453"},"modified":"2025-07-05T12:36:05","modified_gmt":"2025-07-05T10:36:05","slug":"wandern-in-albanien","status":"publish","type":"page","link":"https:\/\/albanien.ch\/albanien_info\/wandern-in-albanien\/","title":{"rendered":"Wandern in Albanien"},"content":{"rendered":"\n\n\n<p>Albanien bietet viel mehr als nur Meer und Kultur. Das Land eignet sich hervorragend zum Wandern \u2013 und dabei kann Trekking auch mit Meer, Berg und Kultur verbunden werden.<\/p>\n\n\n\n<p>Eine gute Vorbereitung ist aber ein Muss. Albanien ist kein Komfort-Wandergebiet, wo man kopflos drauflos gehen kann: Die Infrastruktur ist nur an wenigen Orten auf ausl\u00e4ndische Wanderer eingerichtet, viele Gebiete sind sehr abgelegen, Markierungen fehlen, Wege sind nicht unterhalten und eine Bergrettung ist bestenfalls im Aufbau.<\/p>\n\n\n<div class=\"wp-block-image\">\n<figure class=\"alignright is-resized\"><a href=\"https:\/\/albanien.ch\/albanien_info\/runicatal_wanderer\/\"><img data-recalc-dims=\"1\" loading=\"lazy\" decoding=\"async\" width=\"300\" height=\"200\" data-attachment-id=\"1568\" data-permalink=\"https:\/\/albanien.ch\/albanien_info\/runicatal_wanderer\/\" data-orig-file=\"https:\/\/i0.wp.com\/albanien.ch\/albanien_info\/wp-content\/uploads\/2015\/09\/RunicaTal_Wanderer.jpg?fit=1503%2C1000&amp;ssl=1\" data-orig-size=\"1503,1000\" data-comments-opened=\"1\" data-image-meta=\"{&quot;aperture&quot;:&quot;0&quot;,&quot;credit&quot;:&quot;&quot;,&quot;camera&quot;:&quot;&quot;,&quot;caption&quot;:&quot;&quot;,&quot;created_timestamp&quot;:&quot;0&quot;,&quot;copyright&quot;:&quot;&quot;,&quot;focal_length&quot;:&quot;0&quot;,&quot;iso&quot;:&quot;0&quot;,&quot;shutter_speed&quot;:&quot;0&quot;,&quot;title&quot;:&quot;&quot;,&quot;orientation&quot;:&quot;0&quot;}\" data-image-title=\"Runicatal Wanderer\" data-image-description=\"&lt;p&gt;Bjeshket e Namuna&lt;\/p&gt;\n\" data-image-caption=\"&lt;p&gt;Runicatal&lt;\/p&gt;\n\" data-medium-file=\"https:\/\/i0.wp.com\/albanien.ch\/albanien_info\/wp-content\/uploads\/2015\/09\/RunicaTal_Wanderer.jpg?fit=300%2C200&amp;ssl=1\" data-large-file=\"https:\/\/i0.wp.com\/albanien.ch\/albanien_info\/wp-content\/uploads\/2015\/09\/RunicaTal_Wanderer.jpg?fit=525%2C349&amp;ssl=1\" src=\"https:\/\/i0.wp.com\/albanien.ch\/albanien_info\/wp-content\/uploads\/2015\/09\/RunicaTal_Wanderer.jpg?resize=300%2C200&#038;ssl=1\" alt=\"Wanderer in den Bergen von Albanien\" class=\"wp-image-1568\" style=\"aspect-ratio:1.5;width:300px;height:auto\" srcset=\"https:\/\/i0.wp.com\/albanien.ch\/albanien_info\/wp-content\/uploads\/2015\/09\/RunicaTal_Wanderer.jpg?resize=300%2C200&amp;ssl=1 300w, https:\/\/i0.wp.com\/albanien.ch\/albanien_info\/wp-content\/uploads\/2015\/09\/RunicaTal_Wanderer.jpg?resize=1024%2C681&amp;ssl=1 1024w, https:\/\/i0.wp.com\/albanien.ch\/albanien_info\/wp-content\/uploads\/2015\/09\/RunicaTal_Wanderer.jpg?w=1503&amp;ssl=1 1503w\" sizes=\"auto, (max-width: 300px) 100vw, 300px\" \/><\/a><figcaption class=\"wp-element-caption\">Der Autor in den Albanischen Alpen: Blick ins Runicatal<\/figcaption><\/figure><\/div>\n\n\n<p>Daf\u00fcr trifft man auf einzigartige, einsame Landschaften und freundliche Menschen. Wandern in Albanien bietet noch viel Urt\u00fcmlichkeit und eine Portion Abenteuer weitab von Seilbahnen und heimeligen Bergh\u00fctten. Gerade wenn man mal wieder den Weg verloren hat oder eine Br\u00fccke fehlt, wird man gefordert.<\/p>\n\n\n\n<p>W\u00e4hrend einige Strecken in den Albanischen Alpen schon recht popul\u00e4r sind, ist man vielerorts sehr einsam unterwegs. Diese Seite zeigt auch weniger bekannte Ideen und Routen, liefert Inspiration f\u00fcrs Entdecken.<\/p>\n\n\n\t<div class=\"simple-alert-boxes sab_info sab_normal \">\r\n\t\tDiese Seite bietet Information und Orientierung. Da aber Wandern in Albanien gute Vorbereitung ben\u00f6tigt, findet sich hier keine Rundumsorglospakete. Diese Hinweise dienen als Ausgangspunkt und bieten Ideen f\u00fcr weitere Recherchen, auf dieser Website und anderswo. Nachfragen in unserem <a href=\"https:\/\/www.albanien.ch\/forum\/p3\/\">Forum<\/a> ist erlaubt.\t<\/div>\r\n\t\n\n\n\n<div style=\"height:25px\" aria-hidden=\"true\" class=\"wp-block-spacer\"><\/div>\n\n\n\n<h2 class=\"wp-block-heading\">Allgemeines zum Wandern in Albanien<\/h2>\n\n\n\n<h3 class=\"wp-block-heading\">Wohin?<\/h3>\n\n\n<div class=\"wp-block-image\">\n<figure class=\"alignright size-medium\"><a href=\"https:\/\/albanien.ch\/albanien_info\/wandern-in-albanien\/wrong_way\/\"><img data-recalc-dims=\"1\" loading=\"lazy\" decoding=\"async\" width=\"300\" height=\"169\" data-attachment-id=\"7234\" data-permalink=\"https:\/\/albanien.ch\/albanien_info\/wandern-in-albanien\/wrong_way\/\" data-orig-file=\"https:\/\/i0.wp.com\/albanien.ch\/albanien_info\/wp-content\/uploads\/2023\/03\/wrong_way.jpg?fit=2000%2C1125&amp;ssl=1\" data-orig-size=\"2000,1125\" data-comments-opened=\"1\" data-image-meta=\"{&quot;aperture&quot;:&quot;0&quot;,&quot;credit&quot;:&quot;&quot;,&quot;camera&quot;:&quot;&quot;,&quot;caption&quot;:&quot;&quot;,&quot;created_timestamp&quot;:&quot;0&quot;,&quot;copyright&quot;:&quot;&quot;,&quot;focal_length&quot;:&quot;0&quot;,&quot;iso&quot;:&quot;0&quot;,&quot;shutter_speed&quot;:&quot;0&quot;,&quot;title&quot;:&quot;&quot;,&quot;orientation&quot;:&quot;0&quot;}\" data-image-title=\"Wrong Way\" data-image-description=\"&lt;p&gt;Strandbar n\u00f6rdlich von Currila bei Durr\u00ebs&lt;\/p&gt;\n\" data-image-caption=\"&lt;p&gt;Strandbar n\u00f6rdlich von Currila bei Durr\u00ebs&lt;\/p&gt;\n\" data-medium-file=\"https:\/\/i0.wp.com\/albanien.ch\/albanien_info\/wp-content\/uploads\/2023\/03\/wrong_way.jpg?fit=300%2C169&amp;ssl=1\" data-large-file=\"https:\/\/i0.wp.com\/albanien.ch\/albanien_info\/wp-content\/uploads\/2023\/03\/wrong_way.jpg?fit=525%2C295&amp;ssl=1\" src=\"https:\/\/i0.wp.com\/albanien.ch\/albanien_info\/wp-content\/uploads\/2023\/03\/wrong_way.jpg?resize=300%2C169&#038;ssl=1\" alt=\"Wegweiser \u00bbWrong Way\u00ab bei einer Strandbar bei Durr\u00ebs\" class=\"wp-image-7234\" srcset=\"https:\/\/i0.wp.com\/albanien.ch\/albanien_info\/wp-content\/uploads\/2023\/03\/wrong_way.jpg?resize=300%2C169&amp;ssl=1 300w, https:\/\/i0.wp.com\/albanien.ch\/albanien_info\/wp-content\/uploads\/2023\/03\/wrong_way.jpg?resize=1024%2C576&amp;ssl=1 1024w, https:\/\/i0.wp.com\/albanien.ch\/albanien_info\/wp-content\/uploads\/2023\/03\/wrong_way.jpg?resize=768%2C432&amp;ssl=1 768w, https:\/\/i0.wp.com\/albanien.ch\/albanien_info\/wp-content\/uploads\/2023\/03\/wrong_way.jpg?resize=1536%2C864&amp;ssl=1 1536w, https:\/\/i0.wp.com\/albanien.ch\/albanien_info\/wp-content\/uploads\/2023\/03\/wrong_way.jpg?w=2000&amp;ssl=1 2000w\" sizes=\"auto, (max-width: 300px) 100vw, 300px\" \/><\/a><figcaption class=\"wp-element-caption\">Vielleicht eine Wanderung am Meer entlang?<\/figcaption><\/figure><\/div>\n\n\n<p>Insbesondere die Albanischen Alpen im Norden ziehen schon viele ausl\u00e4ndische Wanderer an. Es gibt dort ein paar bekannte Routen und den bekannten Fernwanderweg \u00bbPeaks of the Balkans\u00ab, der \u00fcber die Grenze nach Kosova und Montenegro f\u00fchrt. Auf den oft begangenen Routen ist man kaum alleine \u2013&nbsp;die Region erfreut sich grosser Beliebtheit. Daf\u00fcr bieten die Orte etwas mehr touristische Infrastruktur. Und wenig begangene Routen gibt es auch reichlich. <\/p>\n\n\n\n<p>Albanien bietet aber noch viel mehr als das Hochgebirge im Norden. Eigentlich kann man fast \u00fcberall im Land wandern: Abgelgene Bergregionen, K\u00fcsten und andere reizvolle Landschaften gibt es zu Gen\u00fcge. Und zwischenzeitlich wurden auch schon an ganz vielen Orten Wege markiert, so dass man meist davon ausgehen kann, dass die alten Ziegenpfade auch durchgehend sind. Gute Vorbereitung ist aber trotzdem notwendig, weil der Unterhalt der Wege und Markierungen meist nicht geregelt ist.<\/p>\n\n\n\n<p>An den allermeisten Orten ist man meist eher einsam unterwegs. Die Chance, auf einen Hirten mit Herde zu treffen, ist meist gr\u00f6sser, als anderen Wanderern zu begegnen. Man muss aber mit Einschr\u00e4nkungen bez\u00fcglich Markierungen, Wegqualit\u00e4t und Unterkunft rechnen. <\/p>\n\n\n\n<p>Einzelne Wanderregionen werden unten vorgestellt.<\/p>\n\n\n\n<div style=\"height:25px\" aria-hidden=\"true\" class=\"wp-block-spacer\"><\/div>\n\n\n\n<h3 class=\"wp-block-heading\">Wege<\/h3>\n\n\n<div class=\"wp-block-image\">\n<figure class=\"alignright\"><a href=\"https:\/\/albanien.ch\/albanien_info\/albanische-alpen\/theth_touristenkarte\/\"><img data-recalc-dims=\"1\" loading=\"lazy\" decoding=\"async\" width=\"300\" height=\"200\" data-attachment-id=\"1589\" data-permalink=\"https:\/\/albanien.ch\/albanien_info\/albanische-alpen\/theth_touristenkarte\/\" data-orig-file=\"https:\/\/i0.wp.com\/albanien.ch\/albanien_info\/wp-content\/uploads\/2015\/09\/Theth_Touristenkarte.jpg?fit=1503%2C1000&amp;ssl=1\" data-orig-size=\"1503,1000\" data-comments-opened=\"1\" data-image-meta=\"{&quot;aperture&quot;:&quot;0&quot;,&quot;credit&quot;:&quot;&quot;,&quot;camera&quot;:&quot;&quot;,&quot;caption&quot;:&quot;&quot;,&quot;created_timestamp&quot;:&quot;0&quot;,&quot;copyright&quot;:&quot;&quot;,&quot;focal_length&quot;:&quot;0&quot;,&quot;iso&quot;:&quot;0&quot;,&quot;shutter_speed&quot;:&quot;0&quot;,&quot;title&quot;:&quot;&quot;,&quot;orientation&quot;:&quot;0&quot;}\" data-image-title=\"Theth Touristenkarte\" data-image-description=\"\" data-image-caption=\"&lt;p&gt;Theth&lt;\/p&gt;\n\" data-medium-file=\"https:\/\/i0.wp.com\/albanien.ch\/albanien_info\/wp-content\/uploads\/2015\/09\/Theth_Touristenkarte.jpg?fit=300%2C200&amp;ssl=1\" data-large-file=\"https:\/\/i0.wp.com\/albanien.ch\/albanien_info\/wp-content\/uploads\/2015\/09\/Theth_Touristenkarte.jpg?fit=525%2C349&amp;ssl=1\" src=\"https:\/\/i0.wp.com\/albanien.ch\/albanien_info\/wp-content\/uploads\/2015\/09\/Theth_Touristenkarte.jpg?resize=300%2C200&#038;ssl=1\" alt=\"Informationstafel in Theth\" class=\"wp-image-1589\" srcset=\"https:\/\/i0.wp.com\/albanien.ch\/albanien_info\/wp-content\/uploads\/2015\/09\/Theth_Touristenkarte.jpg?resize=300%2C200&amp;ssl=1 300w, https:\/\/i0.wp.com\/albanien.ch\/albanien_info\/wp-content\/uploads\/2015\/09\/Theth_Touristenkarte.jpg?resize=1024%2C681&amp;ssl=1 1024w, https:\/\/i0.wp.com\/albanien.ch\/albanien_info\/wp-content\/uploads\/2015\/09\/Theth_Touristenkarte.jpg?w=1503&amp;ssl=1 1503w\" sizes=\"auto, (max-width: 300px) 100vw, 300px\" \/><\/a><figcaption class=\"wp-element-caption\">Informationstafel in Theth<\/figcaption><\/figure><\/div>\n\n\n<p>Kartenmaterial ist schlecht und unverl\u00e4sslich und nicht jede Route ist (gut) markiert. Klassifizierungen fehlen g\u00e4nzlich. Es ist deshalb nicht ganz einfach abzusch\u00e4tzen, wie lange man unterwegs sein wird und wie schwierig eine Tour ist. Wegen der Hitze, des oft steilen Gel\u00e4ndes und der schlechten Wege ist aber eher von l\u00e4ngeren Zeiten und schwierigeren Verh\u00e4ltnissen auszugehen. Die Zeitangaben der Einheimischen sind fast immer viel zu knapp berechnet. <\/p>\n\n\n\n<p>In den letzten Jahren wurden vielerorts Wege markiert. Leider werden nicht alle Markierungen regelm\u00e4ssig unterhalten. In abgelegenen Gebieten sollte man sich deshalb nicht allein auf die Wegweiser verlassen. <\/p>\n\n\n\n<p>Hilfreich sind hingegen die genauen Beschreibungen in Wanderf\u00fchrern und GPS-Daten, die im Internet heruntergeladen werden k\u00f6nnen. Auch elektronische Karten wie Luftbilder und das App Maps.me k\u00f6nnen bei der Planung und Orientierung helfen, decken aber selten Wanderwege komplett ab.<\/p>\n\n\n\n<p><strong>Ausk\u00fcnfte einholen!<\/strong> In jedem Fall macht es Sinn, lokal die Best\u00e4tigung einzuholen, dass die geplante Route begehbar ist. Wichtig ist auch, jemanden \u00fcber die Tourenpl\u00e4ne zu informieren, damit im Notfall besser Hilfe organisiert werden kann.<\/p>\n\n\n\n<div style=\"height:25px\" aria-hidden=\"true\" class=\"wp-block-spacer\"><\/div>\n\n\n\n<h3 class=\"wp-block-heading\">Markierungen<\/h3>\n\n\n<div class=\"wp-block-image\">\n<figure class=\"alignright size-medium\"><a href=\"https:\/\/albanien.ch\/albanien_info\/alpen_wanderwegmarkierung\/\"><img data-recalc-dims=\"1\" loading=\"lazy\" decoding=\"async\" width=\"227\" height=\"300\" data-attachment-id=\"1562\" data-permalink=\"https:\/\/albanien.ch\/albanien_info\/alpen_wanderwegmarkierung\/\" data-orig-file=\"https:\/\/i0.wp.com\/albanien.ch\/albanien_info\/wp-content\/uploads\/2015\/09\/Alpen_Wanderwegmarkierung.jpg?fit=1134%2C1500&amp;ssl=1\" data-orig-size=\"1134,1500\" data-comments-opened=\"1\" data-image-meta=\"{&quot;aperture&quot;:&quot;0&quot;,&quot;credit&quot;:&quot;&quot;,&quot;camera&quot;:&quot;&quot;,&quot;caption&quot;:&quot;&quot;,&quot;created_timestamp&quot;:&quot;0&quot;,&quot;copyright&quot;:&quot;&quot;,&quot;focal_length&quot;:&quot;0&quot;,&quot;iso&quot;:&quot;0&quot;,&quot;shutter_speed&quot;:&quot;0&quot;,&quot;title&quot;:&quot;&quot;,&quot;orientation&quot;:&quot;0&quot;}\" data-image-title=\"Alpen Wanderwegmarkierung\" data-image-description=\"&lt;p&gt;Bjeshket e Namuna&lt;\/p&gt;\n\" data-image-caption=\"&lt;p&gt;Wanderwegmarkierung&lt;\/p&gt;\n\" data-medium-file=\"https:\/\/i0.wp.com\/albanien.ch\/albanien_info\/wp-content\/uploads\/2015\/09\/Alpen_Wanderwegmarkierung.jpg?fit=227%2C300&amp;ssl=1\" data-large-file=\"https:\/\/i0.wp.com\/albanien.ch\/albanien_info\/wp-content\/uploads\/2015\/09\/Alpen_Wanderwegmarkierung.jpg?fit=525%2C695&amp;ssl=1\" src=\"https:\/\/i0.wp.com\/albanien.ch\/albanien_info\/wp-content\/uploads\/2015\/09\/Alpen_Wanderwegmarkierung.jpg?resize=227%2C300&#038;ssl=1\" alt=\"Deutliche Markierung einer Wanderroute in den Albanischen Alpen\" class=\"wp-image-1562\" srcset=\"https:\/\/i0.wp.com\/albanien.ch\/albanien_info\/wp-content\/uploads\/2015\/09\/Alpen_Wanderwegmarkierung.jpg?resize=227%2C300&amp;ssl=1 227w, https:\/\/i0.wp.com\/albanien.ch\/albanien_info\/wp-content\/uploads\/2015\/09\/Alpen_Wanderwegmarkierung.jpg?resize=774%2C1024&amp;ssl=1 774w, https:\/\/i0.wp.com\/albanien.ch\/albanien_info\/wp-content\/uploads\/2015\/09\/Alpen_Wanderwegmarkierung.jpg?w=1134&amp;ssl=1 1134w, https:\/\/i0.wp.com\/albanien.ch\/albanien_info\/wp-content\/uploads\/2015\/09\/Alpen_Wanderwegmarkierung.jpg?w=1050&amp;ssl=1 1050w\" sizes=\"auto, (max-width: 227px) 100vw, 227px\" \/><\/a><figcaption class=\"wp-element-caption\">Deutliche Markierung einer Route in den Albanischen Alpen<\/figcaption><\/figure><\/div>\n\n\n<p>Weiss-rot-weisse Markierungen sind weit verbreitet. Zum Teil wurden  aber auch andersfarbige Markierungen angebracht. Daneben finden sich auch einfache Holzwegweiser und selten Markierungen durch aufgeh\u00e4ufte Steine, die von Einheimischen angebracht wurden.<\/p>\n\n\n\n<p>Auf unmarkierten Wegen ist man oft auf Pfadfinder-Erfahrung angewiesen: Orientierung im Gel\u00e4nde und Erfahrung im Suchen von Wegen sind Voraussetzungen. Man folgt weitm\u00f6glichst den Wegen der Ziegen- und Schafherden.  In vielen Bergregionen bis in grosse H\u00f6hen wird im Sommer Weidewirtschaft betrieben, so dass man gelegentlich auf Alpen (schweizerisch f\u00fcr \u00bbAlmen\u00ab; Albanisch: \u00bbstanet\u00ab) st\u00f6sst.<\/p>\n\n\n\n<p>Wanderwegweiser sind ebenfalls immer wieder ganz unterschiedlich. Je nach Urheberschaft werden unterschiedliche Angaben gemacht (Distanzen, Zeit, Koordinaten).  <\/p>\n\n\n\n<figure class=\"wp-block-image size-large\"><a href=\"https:\/\/albanien.ch\/albanien_info\/wanderwegweiser-pilur\/\"><img data-recalc-dims=\"1\" loading=\"lazy\" decoding=\"async\" width=\"525\" height=\"349\" data-attachment-id=\"7272\" data-permalink=\"https:\/\/albanien.ch\/albanien_info\/wanderwegweiser-pilur\/\" data-orig-file=\"https:\/\/i0.wp.com\/albanien.ch\/albanien_info\/wp-content\/uploads\/2023\/04\/Wanderwegweiser-Pilur.jpg?fit=2000%2C1329&amp;ssl=1\" data-orig-size=\"2000,1329\" data-comments-opened=\"1\" data-image-meta=\"{&quot;aperture&quot;:&quot;0&quot;,&quot;credit&quot;:&quot;&quot;,&quot;camera&quot;:&quot;&quot;,&quot;caption&quot;:&quot;&quot;,&quot;created_timestamp&quot;:&quot;0&quot;,&quot;copyright&quot;:&quot;&quot;,&quot;focal_length&quot;:&quot;0&quot;,&quot;iso&quot;:&quot;0&quot;,&quot;shutter_speed&quot;:&quot;0&quot;,&quot;title&quot;:&quot;&quot;,&quot;orientation&quot;:&quot;0&quot;}\" data-image-title=\"Wanderwegweiser in Pilur\" data-image-description=\"&lt;p&gt;Wanderwegweiser in Pilur, Himara, Albanische Riviera&lt;\/p&gt;\n\" data-image-caption=\"&lt;p&gt;Wanderwegweiser in Pilur&lt;\/p&gt;\n\" data-medium-file=\"https:\/\/i0.wp.com\/albanien.ch\/albanien_info\/wp-content\/uploads\/2023\/04\/Wanderwegweiser-Pilur.jpg?fit=300%2C199&amp;ssl=1\" data-large-file=\"https:\/\/i0.wp.com\/albanien.ch\/albanien_info\/wp-content\/uploads\/2023\/04\/Wanderwegweiser-Pilur.jpg?fit=525%2C349&amp;ssl=1\" src=\"https:\/\/i0.wp.com\/albanien.ch\/albanien_info\/wp-content\/uploads\/2023\/04\/Wanderwegweiser-Pilur.jpg?resize=525%2C349&#038;ssl=1\" alt=\"Wanderwegweiser in Pilur, Albanische Riviera\" class=\"wp-image-7272\" srcset=\"https:\/\/i0.wp.com\/albanien.ch\/albanien_info\/wp-content\/uploads\/2023\/04\/Wanderwegweiser-Pilur.jpg?resize=1024%2C680&amp;ssl=1 1024w, https:\/\/i0.wp.com\/albanien.ch\/albanien_info\/wp-content\/uploads\/2023\/04\/Wanderwegweiser-Pilur.jpg?resize=300%2C199&amp;ssl=1 300w, https:\/\/i0.wp.com\/albanien.ch\/albanien_info\/wp-content\/uploads\/2023\/04\/Wanderwegweiser-Pilur.jpg?resize=768%2C510&amp;ssl=1 768w, https:\/\/i0.wp.com\/albanien.ch\/albanien_info\/wp-content\/uploads\/2023\/04\/Wanderwegweiser-Pilur.jpg?resize=1536%2C1021&amp;ssl=1 1536w, https:\/\/i0.wp.com\/albanien.ch\/albanien_info\/wp-content\/uploads\/2023\/04\/Wanderwegweiser-Pilur.jpg?w=2000&amp;ssl=1 2000w\" sizes=\"auto, (max-width: 525px) 100vw, 525px\" \/><\/a><figcaption class=\"wp-element-caption\">Wanderwegweiser in Pilur, Albanische Riviera<\/figcaption><\/figure>\n\n\n\n<div style=\"height:25px\" aria-hidden=\"true\" class=\"wp-block-spacer\"><\/div>\n\n\n\n<h3 class=\"wp-block-heading\">Routenbeschreibungen<\/h3>\n\n\n\n<p>Es gibt Wanderf\u00fchrer f\u00fcr den \u00bbPeaks of the Balkans\u00ab und einen Wanderf\u00fchrer mit Touren in verschiedenen Regionen Albaniens, siehe auch unsere <a href=\"https:\/\/albanien.ch\/albanien_info\/reisefuehrer\/\">Reisef\u00fchrer-Seite<\/a>.<\/p>\n\n\n\n<p>Zudem finden sich im Internet auf entsprechenden Websites viele Routenbeschreibungen. Die Website <a href=\"https:\/\/web.archive.org\/web\/20240624145735\/https:\/\/palmtreeproduction.com\/Hikes%20and%20Climbs\/Albania%20Climbs\/Albania%20Hikes%20and%20Climbs.html\" target=\"_blank\" rel=\"noreferrer noopener\">Palm Tree Productions<\/a> bietet einen umfassenden \u00dcberblick von Tourenbeschreibungen im ganzen Land \u2013 es ist aber zu beachten, dass die Berichte schon etliche Jahre alt sind.  <a href=\"https:\/\/de.wikiloc.com\/routen\/wandern\/albanien\" target=\"_blank\" rel=\"noreferrer noopener\">Wikiloc<\/a> deckt Albanien auch sehr gut ab, ist aber in der Detailnavigation im Gel\u00e4nde ohne Navigationsger\u00e4t meist nur bedingt hilfreich. Auch sonst finden sich im Web zum Teil Tracks f\u00fcrs GPS-Ger\u00e4t zum Herunterladen. Auf <a href=\"https:\/\/www.hikr.org\/region1319.html\" target=\"_blank\" rel=\"noreferrer noopener\">Hikr<\/a> gibt es viele Tourenberichte auf Deutsch.<\/p>\n\n\n\n<p>Bei allen Online-Berichten ist zu beachten, dass Angaben zu Distanzen und Zeiten stark variieren k\u00f6nnen, da die Tourenbeschreibungen meist von sehr erfahrenen Bergg\u00e4ngern stammen.<\/p>\n\n\n\n<p>Ein Abgleich mit m\u00f6glichst aktuellen Satellitenbildern (<a href=\"https:\/\/www.bing.com\/maps\" target=\"_blank\" rel=\"noreferrer noopener\">Bing Maps<\/a> ist meist aktueller als <a href=\"https:\/\/www.google.com\/maps\" target=\"_blank\" rel=\"noreferrer noopener\">Google Maps<\/a>) ist oft hilfreich bei der Routenplanung in touristisch schlecht erschlossenen Gebieten.<\/p>\n\n\n\n<div style=\"height:25px\" aria-hidden=\"true\" class=\"wp-block-spacer\"><\/div>\n\n\n\n<h3 class=\"wp-block-heading\">F\u00fchrer und Tragtiere<\/h3>\n\n\n<div class=\"wp-block-image\">\n<figure class=\"alignright\"><a href=\"https:\/\/albanien.ch\/albanien_info\/alpen_packesel\/\"><img data-recalc-dims=\"1\" loading=\"lazy\" decoding=\"async\" width=\"300\" height=\"200\" data-attachment-id=\"1567\" data-permalink=\"https:\/\/albanien.ch\/albanien_info\/alpen_packesel\/\" data-orig-file=\"https:\/\/i0.wp.com\/albanien.ch\/albanien_info\/wp-content\/uploads\/2015\/09\/Alpen_Packesel.jpg?fit=1503%2C1000&amp;ssl=1\" data-orig-size=\"1503,1000\" data-comments-opened=\"1\" data-image-meta=\"{&quot;aperture&quot;:&quot;0&quot;,&quot;credit&quot;:&quot;&quot;,&quot;camera&quot;:&quot;&quot;,&quot;caption&quot;:&quot;&quot;,&quot;created_timestamp&quot;:&quot;0&quot;,&quot;copyright&quot;:&quot;&quot;,&quot;focal_length&quot;:&quot;0&quot;,&quot;iso&quot;:&quot;0&quot;,&quot;shutter_speed&quot;:&quot;0&quot;,&quot;title&quot;:&quot;&quot;,&quot;orientation&quot;:&quot;0&quot;}\" data-image-title=\"Alpen Maultiere\" data-image-description=\"&lt;p&gt;Bjeshket e Namuna&lt;\/p&gt;\n\" data-image-caption=\"&lt;p&gt;Maultiere auf beschwerlichem Pfad&lt;\/p&gt;\n\" data-medium-file=\"https:\/\/i0.wp.com\/albanien.ch\/albanien_info\/wp-content\/uploads\/2015\/09\/Alpen_Packesel.jpg?fit=300%2C200&amp;ssl=1\" data-large-file=\"https:\/\/i0.wp.com\/albanien.ch\/albanien_info\/wp-content\/uploads\/2015\/09\/Alpen_Packesel.jpg?fit=525%2C349&amp;ssl=1\" src=\"https:\/\/i0.wp.com\/albanien.ch\/albanien_info\/wp-content\/uploads\/2015\/09\/Alpen_Packesel.jpg?resize=300%2C200&#038;ssl=1\" alt=\"Maultier mit Gep\u00e4ck von Wanderern in Albanien\" class=\"wp-image-1567\" srcset=\"https:\/\/i0.wp.com\/albanien.ch\/albanien_info\/wp-content\/uploads\/2015\/09\/Alpen_Packesel.jpg?resize=300%2C200&amp;ssl=1 300w, https:\/\/i0.wp.com\/albanien.ch\/albanien_info\/wp-content\/uploads\/2015\/09\/Alpen_Packesel.jpg?resize=1024%2C681&amp;ssl=1 1024w, https:\/\/i0.wp.com\/albanien.ch\/albanien_info\/wp-content\/uploads\/2015\/09\/Alpen_Packesel.jpg?w=1503&amp;ssl=1 1503w\" sizes=\"auto, (max-width: 300px) 100vw, 300px\" \/><\/a><figcaption class=\"wp-element-caption\">Maultiere auf beschwerlichem Pfad in den Albanischen Alpen<\/figcaption><\/figure><\/div>\n\n\n<p>Gastgeber k\u00f6nnen vielerorts F\u00fchrer f\u00fcr einen oder mehrere Tage und Tragtiere vermitteln. Beides braucht aber meist Zeit zum Organisieren, oft einen ganzen oder mehrere Tage. In Valbona und Theth sind Tragtiere problemlos zu finden.<\/p>\n\n\n\n<p>Spezialisierte Reiseb\u00fcros bieten gef\u00fchrte Rundreisen an \u2013 ein guter Einstieg f\u00fcr wenig erfahrene Bergg\u00e4nger. In Tirana gibt es Guides, die Touren in ganz Albanien anbieten. Mancherorts entstehen auch lokale Touristeninformationen, die F\u00fchrer vermitteln.<\/p>\n\n\n\n<div style=\"height:25px\" aria-hidden=\"true\" class=\"wp-block-spacer\"><\/div>\n\n\n\n<h3 class=\"wp-block-heading\">Unterk\u00fcnfte<\/h3>\n\n\n<div class=\"wp-block-image\">\n<figure class=\"alignright\"><a href=\"https:\/\/albanien.ch\/albanien_info\/unterkuenfte\/zimmer_theth\/\"><img data-recalc-dims=\"1\" loading=\"lazy\" decoding=\"async\" width=\"300\" height=\"200\" data-attachment-id=\"264\" data-permalink=\"https:\/\/albanien.ch\/albanien_info\/unterkuenfte\/zimmer_theth\/\" data-orig-file=\"https:\/\/i0.wp.com\/albanien.ch\/albanien_info\/wp-content\/uploads\/2015\/04\/Zimmer_Theth.jpg?fit=1503%2C1000&amp;ssl=1\" data-orig-size=\"1503,1000\" data-comments-opened=\"1\" data-image-meta=\"{&quot;aperture&quot;:&quot;0&quot;,&quot;credit&quot;:&quot;&quot;,&quot;camera&quot;:&quot;&quot;,&quot;caption&quot;:&quot;&quot;,&quot;created_timestamp&quot;:&quot;0&quot;,&quot;copyright&quot;:&quot;&quot;,&quot;focal_length&quot;:&quot;0&quot;,&quot;iso&quot;:&quot;0&quot;,&quot;shutter_speed&quot;:&quot;0&quot;,&quot;title&quot;:&quot;&quot;,&quot;orientation&quot;:&quot;0&quot;}\" data-image-title=\"G\u00e4stezimmer Theth\" data-image-description=\"\" data-image-caption=\"&lt;p&gt;G\u00e4stezimmer in Theth&lt;\/p&gt;\n\" data-medium-file=\"https:\/\/i0.wp.com\/albanien.ch\/albanien_info\/wp-content\/uploads\/2015\/04\/Zimmer_Theth.jpg?fit=300%2C200&amp;ssl=1\" data-large-file=\"https:\/\/i0.wp.com\/albanien.ch\/albanien_info\/wp-content\/uploads\/2015\/04\/Zimmer_Theth.jpg?fit=525%2C349&amp;ssl=1\" src=\"https:\/\/i0.wp.com\/albanien.ch\/albanien_info\/wp-content\/uploads\/2015\/04\/Zimmer_Theth.jpg?resize=300%2C200&#038;ssl=1\" alt=\"G\u00e4stezimmer in Theth\" class=\"wp-image-264\" srcset=\"https:\/\/i0.wp.com\/albanien.ch\/albanien_info\/wp-content\/uploads\/2015\/04\/Zimmer_Theth.jpg?resize=300%2C200&amp;ssl=1 300w, https:\/\/i0.wp.com\/albanien.ch\/albanien_info\/wp-content\/uploads\/2015\/04\/Zimmer_Theth.jpg?resize=1024%2C681&amp;ssl=1 1024w, https:\/\/i0.wp.com\/albanien.ch\/albanien_info\/wp-content\/uploads\/2015\/04\/Zimmer_Theth.jpg?resize=900%2C599&amp;ssl=1 900w, https:\/\/i0.wp.com\/albanien.ch\/albanien_info\/wp-content\/uploads\/2015\/04\/Zimmer_Theth.jpg?w=1503&amp;ssl=1 1503w\" sizes=\"auto, (max-width: 300px) 100vw, 300px\" \/><\/a><figcaption class=\"wp-element-caption\">Einfache G\u00e4stezimmer in Theth<\/figcaption><\/figure><\/div>\n\n\n<p>In vielen l\u00e4ndlichen und abgelegenen Gebieten gibt es Touristen-Unterk\u00fcnfte. Andererseits sind mit dem aufkommenden Wandertourismus an den meisten Orten, wo regelm\u00e4ssig Touristen vorbeikommen, G\u00e4steh\u00e4user und kleine Hotels entstanden. Die G\u00e4steh\u00e4user sind oft einfach: Schlafr\u00e4ume f\u00fcr mehrere Personen, B\u00e4der auf dem Flur und zum Teil auch Anschluss an das famili\u00e4re Leben der Gastgeber. Noch einfacher ist es zum Teil in abegelegenen H\u00fctten.<\/p>\n\n\n\n<p>Insbesondere in den Albanischen Alpen (Theth und Valbona), aber auch in anderen stark touristischen Regionen besteht schon ein vielf\u00e4ltiges Angebot. Wo weniger Unterk\u00fcnfte zur Verf\u00fcgung stehen, kann an Wochenenden im Sommer auch schon mal alles ausgebucht sein.<\/p>\n\n\n\n<p>Manche Wanderungen lassen sich auch gut als Tagestouren von St\u00e4dten aus machen, wohin man abends zur\u00fcckkehrt. <\/p>\n\n\n<div class=\"wp-block-image\">\n<figure class=\"alignright\"><a href=\"https:\/\/albanien.ch\/albanien_info\/unterkuenfte\/camping_doberdol\/\"><img data-recalc-dims=\"1\" loading=\"lazy\" decoding=\"async\" width=\"300\" height=\"138\" data-attachment-id=\"265\" data-permalink=\"https:\/\/albanien.ch\/albanien_info\/unterkuenfte\/camping_doberdol\/\" data-orig-file=\"https:\/\/i0.wp.com\/albanien.ch\/albanien_info\/wp-content\/uploads\/2015\/04\/Camping_Doberdol.jpg?fit=1196%2C550&amp;ssl=1\" data-orig-size=\"1196,550\" data-comments-opened=\"1\" data-image-meta=\"{&quot;aperture&quot;:&quot;0&quot;,&quot;credit&quot;:&quot;&quot;,&quot;camera&quot;:&quot;&quot;,&quot;caption&quot;:&quot;&quot;,&quot;created_timestamp&quot;:&quot;0&quot;,&quot;copyright&quot;:&quot;&quot;,&quot;focal_length&quot;:&quot;0&quot;,&quot;iso&quot;:&quot;0&quot;,&quot;shutter_speed&quot;:&quot;0&quot;,&quot;title&quot;:&quot;&quot;,&quot;orientation&quot;:&quot;0&quot;}\" data-image-title=\"Camping Dob\u00ebrdol\" data-image-description=\"\" data-image-caption=\"&lt;p&gt;Zelte von Wanderern auf einer Alp in den Albanischen Alpen&lt;\/p&gt;\n\" data-medium-file=\"https:\/\/i0.wp.com\/albanien.ch\/albanien_info\/wp-content\/uploads\/2015\/04\/Camping_Doberdol.jpg?fit=300%2C138&amp;ssl=1\" data-large-file=\"https:\/\/i0.wp.com\/albanien.ch\/albanien_info\/wp-content\/uploads\/2015\/04\/Camping_Doberdol.jpg?fit=525%2C241&amp;ssl=1\" src=\"https:\/\/i0.wp.com\/albanien.ch\/albanien_info\/wp-content\/uploads\/2015\/04\/Camping_Doberdol.jpg?resize=300%2C138&#038;ssl=1\" alt=\"Camping auf einer Alp in den Albanischen Alpen\" class=\"wp-image-265\" srcset=\"https:\/\/i0.wp.com\/albanien.ch\/albanien_info\/wp-content\/uploads\/2015\/04\/Camping_Doberdol.jpg?resize=300%2C138&amp;ssl=1 300w, https:\/\/i0.wp.com\/albanien.ch\/albanien_info\/wp-content\/uploads\/2015\/04\/Camping_Doberdol.jpg?resize=1024%2C471&amp;ssl=1 1024w, https:\/\/i0.wp.com\/albanien.ch\/albanien_info\/wp-content\/uploads\/2015\/04\/Camping_Doberdol.jpg?resize=900%2C414&amp;ssl=1 900w, https:\/\/i0.wp.com\/albanien.ch\/albanien_info\/wp-content\/uploads\/2015\/04\/Camping_Doberdol.jpg?w=1196&amp;ssl=1 1196w\" sizes=\"auto, (max-width: 300px) 100vw, 300px\" \/><\/a><figcaption class=\"wp-element-caption\">Zelte von Wanderern auf einer Alp in den Albanischen Alpen<\/figcaption><\/figure><\/div>\n\n\n<p>Wo Unterk\u00fcnfte fehlen, muss man herumfragen, ob eine Familie einen f\u00fcr eine Nacht aufnimmt. Meistens wird dann auch reichlich Essen angeboten. Auch wenn sich die Gastgeber dagegen wehren, sollte man pro Person und Nacht respektive Mahlzeit mindestens 10 \u20ac dalassen \u2013 notfalls einem Kind zustecken.<\/p>\n\n\n\n<p>In Albanien kann man fast \u00fcberall problemlos wild zelten. Gerade bei Bergwanderungen ist das eine Alternative zu qualvoll langen Etappen. In D\u00f6rfern darf man oft auch das Zelt im Garten eines Bauern aufschlagen.<\/p>\n\n\n\n<div style=\"height:25px\" aria-hidden=\"true\" class=\"wp-block-spacer\"><\/div>\n\n\n\n<h3 class=\"wp-block-heading\">Verpflegung<\/h3>\n\n\n<div class=\"wp-block-image\">\n<figure class=\"alignright\"><a href=\"https:\/\/albanien.ch\/albanien_info\/einkaufen\/dorfladen\/\"><img data-recalc-dims=\"1\" loading=\"lazy\" decoding=\"async\" width=\"300\" height=\"192\" data-attachment-id=\"180\" data-permalink=\"https:\/\/albanien.ch\/albanien_info\/einkaufen\/dorfladen\/\" data-orig-file=\"https:\/\/i0.wp.com\/albanien.ch\/albanien_info\/wp-content\/uploads\/2015\/03\/Dorfladen.jpg?fit=2000%2C1278&amp;ssl=1\" data-orig-size=\"2000,1278\" data-comments-opened=\"1\" data-image-meta=\"{&quot;aperture&quot;:&quot;0&quot;,&quot;credit&quot;:&quot;&quot;,&quot;camera&quot;:&quot;&quot;,&quot;caption&quot;:&quot;&quot;,&quot;created_timestamp&quot;:&quot;0&quot;,&quot;copyright&quot;:&quot;&quot;,&quot;focal_length&quot;:&quot;0&quot;,&quot;iso&quot;:&quot;0&quot;,&quot;shutter_speed&quot;:&quot;0&quot;,&quot;title&quot;:&quot;&quot;,&quot;orientation&quot;:&quot;0&quot;}\" data-image-title=\"Dorfladen\" data-image-description=\"\" data-image-caption=\"&lt;p&gt;Dorfladen in den albanischen Alpen&lt;\/p&gt;\n\" data-medium-file=\"https:\/\/i0.wp.com\/albanien.ch\/albanien_info\/wp-content\/uploads\/2015\/03\/Dorfladen.jpg?fit=300%2C192&amp;ssl=1\" data-large-file=\"https:\/\/i0.wp.com\/albanien.ch\/albanien_info\/wp-content\/uploads\/2015\/03\/Dorfladen.jpg?fit=525%2C335&amp;ssl=1\" src=\"https:\/\/i0.wp.com\/albanien.ch\/albanien_info\/wp-content\/uploads\/2015\/03\/Dorfladen.jpg?resize=300%2C192&#038;ssl=1\" alt=\"Dorfladen in Albanien\" class=\"wp-image-180\" srcset=\"https:\/\/i0.wp.com\/albanien.ch\/albanien_info\/wp-content\/uploads\/2015\/03\/Dorfladen.jpg?resize=300%2C192&amp;ssl=1 300w, https:\/\/i0.wp.com\/albanien.ch\/albanien_info\/wp-content\/uploads\/2015\/03\/Dorfladen.jpg?resize=1024%2C654&amp;ssl=1 1024w, https:\/\/i0.wp.com\/albanien.ch\/albanien_info\/wp-content\/uploads\/2015\/03\/Dorfladen.jpg?resize=900%2C575&amp;ssl=1 900w, https:\/\/i0.wp.com\/albanien.ch\/albanien_info\/wp-content\/uploads\/2015\/03\/Dorfladen.jpg?w=2000&amp;ssl=1 2000w, https:\/\/i0.wp.com\/albanien.ch\/albanien_info\/wp-content\/uploads\/2015\/03\/Dorfladen.jpg?w=1575&amp;ssl=1 1575w\" sizes=\"auto, (max-width: 300px) 100vw, 300px\" \/><\/a><figcaption class=\"wp-element-caption\">Dorfladen in den Albanischen Alpen<\/figcaption><\/figure><\/div>\n\n\n<p>In den \u00e4rmlichen l\u00e4ndlichen Regionen Albaniens gibt es in der Regel keine Restaurants. Von den kleinsten D\u00f6rfern abgesehen gibt es aber fast \u00fcberall einen kleinen Laden, das Angebot ist aber oft nicht vielf\u00e4ltig. Aber auch hier gilt, dass mit der wachsenden Zahl von Touristen auch das Angebot w\u00e4chst.<\/p>\n\n\n\n<p>Es empfiehlt sich, sich in den St\u00e4dten mit dem regul\u00e4ren Bedarf einzudecken und nur das Allernotwendigste in den Bergd\u00f6rfern zu besorgen.<\/p>\n\n\n\n<p>Die meisten Unterk\u00fcnfte bieten einfaches Abendessen und Fr\u00fchst\u00fcck an und k\u00f6nnen auch ein Lunchpaket vorbereiten. Etwas Gem\u00fcse, Brot und K\u00e4se kann bei den meisten Bauern erworben werden.<\/p>\n\n\n\n<p>Quellwasser ist in den Bergen meist die einzige M\u00f6glichkeit, um an Frischwasser zu kommen (auch in D\u00f6rfern). Es empfiehlt sich, ein Filtersystem mitzubringen. Denn auch in abgelegenen Bergregionen wird Vieh gehalten. In manchen Regionen (Gebirge, K\u00fcste im S\u00fcden) gibt es aber nur sehr wenige Quellen, die zum Teil im Sommer austrocknen. <\/p>\n\n\n\n<div style=\"height:25px\" aria-hidden=\"true\" class=\"wp-block-spacer\"><\/div>\n\n\n\n<h3 class=\"wp-block-heading\">Anreise<\/h3>\n\n\n\n<p>Viele Ausgangspunkte f\u00fcr Wanderungen sind nur schwierig mit Bussen zu erreichen. Wenn unsere <a href=\"https:\/\/albanien.ch\/albanien_info\/reisefuehrer-albanien\/staedte-und-regionen\/\">Ortsbeschreibungen<\/a> keine Informationen enthalten, erkundigt man sich am besten bei der lokalen Bev\u00f6lkerung nach Abfahrtszeiten und -orte von Bussen, die in die D\u00f6rfer fahren. Hierf\u00fcr ist entsprechend Zeit einzuplanen.<\/p>\n\n\n\n<p>In den l\u00e4ndlichen Regionen fehlen oft auch asphaltierte Strassen. Ein gutes 4&#215;4-Fahrzeug ist dann Voraussetzung, um in abgeschiedenen Regionen zu gelangen. Die touristischen Hotspots sind hingegen zwischenzeitlich gut erschlossen. <\/p>\n\n\n\n<div style=\"height:25px\" aria-hidden=\"true\" class=\"wp-block-spacer\"><\/div>\n\n\n\n<h3 class=\"wp-block-heading\">Verst\u00e4ndigung auf Albanisch und hilfreiche Begriffe<\/h3>\n\n\n\n<p>In vielen Bergregionen sind Fremdsprachen bei der einfachen Landbev\u00f6lkerung und den Hirten  kaum verbreitet. Es lohnt sich deshalb, sich ein paar Grundbegriffe auf <a href=\"https:\/\/albanien.ch\/albanien_info\/verstaendigung-sprache\/\">Albanisch<\/a> anzueignen.<\/p>\n\n\n\n<p>Hier einige weitere Begriffe, die beim Wandern hilfreich sein d\u00fcrften:<\/p>\n\n\n\n<div class=\"wp-block-columns is-layout-flex wp-container-core-columns-is-layout-9d6595d7 wp-block-columns-is-layout-flex\">\n<div class=\"wp-block-column is-layout-flow wp-block-column-is-layout-flow\">\n<ul class=\"wp-block-list\">\n<li>Berg \u2014&nbsp;<em>mal\/i<\/em><\/li>\n\n\n\n<li>Gipfel\/Bergspitze\u2014 <em>maj\u00eb\/maja<\/em><\/li>\n\n\n\n<li>Pass \u2014 <em>qaf\u00eb\/qafa<\/em> (sprich: \u00bbtschaf\u00f6\/a\u00ab)<\/li>\n\n\n\n<li>Alp(h\u00fctten)\/Alm(h\u00fctten) \u2014&nbsp;<em>stanet<\/em><\/li>\n\n\n\n<li>Alp\/Alm\/Weide\/Senke \u2014 <em>grop\u00eb\/gropa<\/em><\/li>\n\n\n\n<li>Ebene \u2014 <em>fush\u00eb\/fusha<\/em> (sprich: \u00bbfusch\u00f6\/a\u00ab)<\/li>\n<\/ul>\n<\/div>\n\n\n\n<div class=\"wp-block-column is-layout-flow wp-block-column-is-layout-flow\">\n<ul class=\"wp-block-list\">\n<li>Wald \u2013&nbsp;<em>pyll\/i<\/em> (sprich: \u00bbp\u00fcll\/i\u00ab)<\/li>\n\n\n\n<li>Quelle \u2014&nbsp;<em>burim\/i<\/em><\/li>\n\n\n\n<li>Regen \u2013 shi\/u (sprich: \u00bbschi\/u\u00ab)<\/li>\n\n\n\n<li>Wanderweg \u2014 <em>shteg\/u<\/em> (sprich: \u00bbschteg\/u\u00ab)<\/li>\n\n\n\n<li>Hund \u2013 <em>qen\/i<\/em> (sprich: \u00bbtschen\/i\u00ab)<\/li>\n<\/ul>\n<\/div>\n<\/div>\n\n\n\n<div style=\"height:25px\" aria-hidden=\"true\" class=\"wp-block-spacer\"><\/div>\n\n\n\n<h2 class=\"wp-block-heading\">Unbedingt beachten!<\/h2>\n\n\n\n<h3 class=\"wp-block-heading\">Erfahrung<\/h3>\n\n\n<div class=\"wp-block-image\">\n<figure class=\"alignright size-medium\"><a href=\"https:\/\/albanien.ch\/albanien_info\/wacklige-bruecke\/\"><img data-recalc-dims=\"1\" loading=\"lazy\" decoding=\"async\" width=\"300\" height=\"199\" data-attachment-id=\"7251\" data-permalink=\"https:\/\/albanien.ch\/albanien_info\/wacklige-bruecke\/\" data-orig-file=\"https:\/\/i0.wp.com\/albanien.ch\/albanien_info\/wp-content\/uploads\/2023\/04\/wacklige-bruecke.jpg?fit=2000%2C1329&amp;ssl=1\" data-orig-size=\"2000,1329\" data-comments-opened=\"1\" data-image-meta=\"{&quot;aperture&quot;:&quot;0&quot;,&quot;credit&quot;:&quot;&quot;,&quot;camera&quot;:&quot;&quot;,&quot;caption&quot;:&quot;&quot;,&quot;created_timestamp&quot;:&quot;0&quot;,&quot;copyright&quot;:&quot;&quot;,&quot;focal_length&quot;:&quot;0&quot;,&quot;iso&quot;:&quot;0&quot;,&quot;shutter_speed&quot;:&quot;0&quot;,&quot;title&quot;:&quot;&quot;,&quot;orientation&quot;:&quot;0&quot;}\" data-image-title=\"Wacklige Br\u00fccke\" data-image-description=\"&lt;p&gt;Wacklige Br\u00fccke: Trittischerheit gefragt \u2013\u00a0Bishtrica, Mokra-Berge&lt;\/p&gt;\n\" data-image-caption=\"&lt;p&gt;Wacklige Br\u00fccke: Trittischerheit gefragt&lt;\/p&gt;\n\" data-medium-file=\"https:\/\/i0.wp.com\/albanien.ch\/albanien_info\/wp-content\/uploads\/2023\/04\/wacklige-bruecke.jpg?fit=300%2C199&amp;ssl=1\" data-large-file=\"https:\/\/i0.wp.com\/albanien.ch\/albanien_info\/wp-content\/uploads\/2023\/04\/wacklige-bruecke.jpg?fit=525%2C349&amp;ssl=1\" src=\"https:\/\/i0.wp.com\/albanien.ch\/albanien_info\/wp-content\/uploads\/2023\/04\/wacklige-bruecke.jpg?resize=300%2C199&#038;ssl=1\" alt=\"Querung einer wackligen Br\u00fccke \u00fcber einen Bergbach in Albanien\" class=\"wp-image-7251\" srcset=\"https:\/\/i0.wp.com\/albanien.ch\/albanien_info\/wp-content\/uploads\/2023\/04\/wacklige-bruecke.jpg?resize=300%2C199&amp;ssl=1 300w, https:\/\/i0.wp.com\/albanien.ch\/albanien_info\/wp-content\/uploads\/2023\/04\/wacklige-bruecke.jpg?resize=1024%2C680&amp;ssl=1 1024w, https:\/\/i0.wp.com\/albanien.ch\/albanien_info\/wp-content\/uploads\/2023\/04\/wacklige-bruecke.jpg?resize=768%2C510&amp;ssl=1 768w, https:\/\/i0.wp.com\/albanien.ch\/albanien_info\/wp-content\/uploads\/2023\/04\/wacklige-bruecke.jpg?resize=1536%2C1021&amp;ssl=1 1536w, https:\/\/i0.wp.com\/albanien.ch\/albanien_info\/wp-content\/uploads\/2023\/04\/wacklige-bruecke.jpg?w=2000&amp;ssl=1 2000w\" sizes=\"auto, (max-width: 300px) 100vw, 300px\" \/><\/a><figcaption class=\"wp-element-caption\">Wacklige Br\u00fccke \u00fcber einen Bergbach<\/figcaption><\/figure><\/div>\n\n\n<p>Albanien ist keine Wanderregion f\u00fcr Einsteiger. Im Gegensatz zu den Alpen fehlt es an vielem: Bergh\u00fctten, Bergbahnen, Infrastruktur, manchmal an markierten Wegen und Bergrettung. Sommerliche Hitze, lange Distanzen und strapazi\u00f6se Routen f\u00fchren einen immer wieder an Grenzen. <\/p>\n\n\n\n<p>Es kommt auch oft vor, dass Wege schlecht unterhalten sind und manchmal steiles Gel\u00e4nde auf absch\u00fcssigen Pfaden queren.<\/p>\n\n\n\n<p>Weniger erfahrenen Wanderer k\u00f6nnen sich gut Gruppen von spezialisierten Reiseanbietern anschliessen. <\/p>\n\n\n\n<p>Heikle Touren (zum Beispiel bei Schnee auf den P\u00e4ssen in den Albanischen Alpen) sollten nur mit lokalen F\u00fchrern begangen werden!<\/p>\n\n\n\t<div class=\"simple-alert-boxes sab_info sab_normal \">\r\n\t\t<a href=\"https:\/\/www.zbulo.org\/albania\/mountain-safety\/\" target=\"_blank\" rel=\"noopener noreferrer\">&gt;&gt; Sicherheitshinweise zu Gefahren in den Bergen des Reiseanbieters Zbulo<\/a>\t<\/div>\r\n\t\n\n\n\n<div style=\"height:25px\" aria-hidden=\"true\" class=\"wp-block-spacer\"><\/div>\n\n\n\n<h3 class=\"wp-block-heading\">Wetter &amp; Jahreszeit<\/h3>\n\n\n\n<p>Das kleine Albanien wird von verschiedenen Klimazonen gepr\u00e4gt. An der K\u00fcste ist es mediterran, oft warm und sonnig, aber auch heftige Niederschl\u00e4ge kommen vor. Je weiter man ins Landesinnere kommt, desto h\u00f6her und k\u00e4lter wird es. Die Winter sind durchaus schneereich.<\/p>\n\n\n<div class=\"wp-block-image\">\n<figure class=\"alignright\"><a href=\"https:\/\/albanien.ch\/albanien_info\/reisezeit\/wandern_im_schnee\/\" rel=\"attachment wp-att-1538\"><img data-recalc-dims=\"1\" loading=\"lazy\" decoding=\"async\" width=\"300\" height=\"225\" data-attachment-id=\"202\" data-permalink=\"https:\/\/albanien.ch\/albanien_info\/reisezeit\/wandern_im_schnee\/\" data-orig-file=\"https:\/\/i0.wp.com\/albanien.ch\/albanien_info\/wp-content\/uploads\/2015\/03\/Wandern_im_Schnee.jpg?fit=1600%2C1200&amp;ssl=1\" data-orig-size=\"1600,1200\" data-comments-opened=\"1\" data-image-meta=\"{&quot;aperture&quot;:&quot;0&quot;,&quot;credit&quot;:&quot;&quot;,&quot;camera&quot;:&quot;&quot;,&quot;caption&quot;:&quot;&quot;,&quot;created_timestamp&quot;:&quot;0&quot;,&quot;copyright&quot;:&quot;&quot;,&quot;focal_length&quot;:&quot;0&quot;,&quot;iso&quot;:&quot;0&quot;,&quot;shutter_speed&quot;:&quot;0&quot;,&quot;title&quot;:&quot;&quot;,&quot;orientation&quot;:&quot;0&quot;}\" data-image-title=\"Wandern im Schnee\" data-image-description=\"\" data-image-caption=\"&lt;p&gt;Hochsommer im Hochgebirge&lt;\/p&gt;\n\" data-medium-file=\"https:\/\/i0.wp.com\/albanien.ch\/albanien_info\/wp-content\/uploads\/2015\/03\/Wandern_im_Schnee.jpg?fit=300%2C225&amp;ssl=1\" data-large-file=\"https:\/\/i0.wp.com\/albanien.ch\/albanien_info\/wp-content\/uploads\/2015\/03\/Wandern_im_Schnee.jpg?fit=525%2C394&amp;ssl=1\" src=\"https:\/\/i0.wp.com\/albanien.ch\/albanien_info\/wp-content\/uploads\/2015\/03\/Wandern_im_Schnee.jpg?resize=300%2C225&#038;ssl=1\" alt=\"Schnee in den Albanischen Alpen\" class=\"wp-image-202\" srcset=\"https:\/\/i0.wp.com\/albanien.ch\/albanien_info\/wp-content\/uploads\/2015\/03\/Wandern_im_Schnee.jpg?resize=300%2C225&amp;ssl=1 300w, https:\/\/i0.wp.com\/albanien.ch\/albanien_info\/wp-content\/uploads\/2015\/03\/Wandern_im_Schnee.jpg?resize=1024%2C768&amp;ssl=1 1024w, https:\/\/i0.wp.com\/albanien.ch\/albanien_info\/wp-content\/uploads\/2015\/03\/Wandern_im_Schnee.jpg?resize=900%2C675&amp;ssl=1 900w, https:\/\/i0.wp.com\/albanien.ch\/albanien_info\/wp-content\/uploads\/2015\/03\/Wandern_im_Schnee.jpg?w=1600&amp;ssl=1 1600w\" sizes=\"auto, (max-width: 300px) 100vw, 300px\" \/><\/a><figcaption class=\"wp-element-caption\">Hochsommer im Hochgebirge<\/figcaption><\/figure><\/div>\n\n\n<p>In Albanien kann man praktisch das ganze Jahr \u00fcber wandern: Im Sommer wegen der Hitze eher im Hochgebirge, in der \u00dcbergangszeit bieten sich tiefere Lagen in K\u00fcstenn\u00e4he an. Im Winter kann man gut im S\u00fcden an der K\u00fcste und an sonnigen Tagen auch am westlichen Randgebirge wandern. Tage mit Schneefall sind in der K\u00fcstenregion sehr selten, die N\u00e4chte im Winter aber k\u00fchl.<\/p>\n\n\n\n<p>Viele Gebirge Albaniens sind schroffes Hochgebirge. Im Fr\u00fchjahr bis Ende Mai sind meist viele Touren nicht machbar wegen Schnee. Auch im Hochsommer droht hier Gefahr durch Wetterumschw\u00fcnge. Gewitter k\u00f6nnen \u00fcberraschend auftauchen und Niederschl\u00e4ge k\u00f6nnen heftig sein. Schon im Herbst kann es schon weit hinunter schneien. Schnee liegt in hohen Lagen meist bis in den Sommer hinein in guten Mengen.<\/p>\n\n\n\n<p>Der Wetterbericht ist meist nicht verl\u00e4sslich. Trotzdem sollte aber kontrolliert werden, ob nicht gerade eine Unwetterfront im Anzug ist.<\/p>\n\n\n\n<p>Die Wege sind oft nicht gut unterhalten, manchmal nicht gut oder gar nicht markiert. In gewissen Regionen gibt es auch keine Quellen. Und: Es gibt in Albanien kein Rettungswesen \u2013 oder erst in Ans\u00e4tzen. Hilfe ist also immer weit weg.<\/p>\n\n\n\t<div class=\"simple-alert-boxes sab_warning sab_normal \">\r\n\t\tVor Juni sollten Touren im Hochgebirge inklusive Pass\u00fcberg\u00e4nge nicht begangen werden. Aufgrund von Schnee besteht eine grosse Gefahr: Schneebretter, unbegehbare Wege, unerkennbare Wege etc. Sowohl 2022 wie auch 2023 sind leider Touristen auf dem Weg von Theth nach Valbona t\u00f6dlich verungl\u00fcckt, andere mussten aus schwierigen Situationen gerettet werden. Unbedingt vor Ort sich \u00fcber Weg- und Wetterverh\u00e4ltnisse erkundigen. \t<\/div>\r\n\t\n\n\n\n<div style=\"height:25px\" aria-hidden=\"true\" class=\"wp-block-spacer\"><\/div>\n\n\n\n<h3 class=\"wp-block-heading\">Ausr\u00fcstung<\/h3>\n\n\n\n<p>Es braucht immer neben <a style=\"\" href=\"http:\/\/www.wandern.ch\/de\/wandern\/vorbereitung\" target=\"_blank\" rel=\"noreferrer noopener\"><i class=\"wp-svg-link link\"><\/i> guter Vorbereitung auch eine gute Ausr\u00fcstung<\/a>. Regenschutz ist f\u00fcr l\u00e4ngere Wanderungen in Albanien unerl\u00e4sslich. Gute Schuhe sind im unwegigen Gebirge ebenfalls Pflicht. Auch im Sommer geh\u00f6rt warme Kleidung immer ins Gep\u00e4ck. Bei hohen Temperaturen unbedingt reichlich Wasser mitnehmen \u2013 Wasser ist in vielen Regionen knapp. Auch an Sonnenschutz denken!<\/p>\n\n\n\n<p>Hilfreich ist auch der Umgang mit GPS-Ger\u00e4ten, die bei der Wegsuche helfen k\u00f6nnen. Zum Teil finden sich im Internet Routen zum Herunterladen, und mehrere Wanderf\u00fchrer bieten Koordinaten oder Tracks.<\/p>\n\n\n\n<div style=\"height:25px\" aria-hidden=\"true\" class=\"wp-block-spacer\"><\/div>\n\n\n\n<h3 class=\"wp-block-heading\">Begegnungen mit Tieren<\/h3>\n\n\n\n<p>Die gr\u00f6sste Gefahr beim Wandern in Albanien droht wohl von Tieren: Agressive Sch\u00e4ferhunde sind keine seltene Begegnung. Unerw\u00fcnschte Treffen mit giftigen Reptilien und Raubtieren kommen jedoch kaum vor.<\/p>\n\n\n\n<p>Bei <strong>Sch\u00e4ferhunden<\/strong> lohnt es sich, einen weiten Bogen um ihren Schutzbereich und die Herde zu machen. Denn die&nbsp; Hunde werden meistens nur bissig, wenn sie ihre Herde bedroht f\u00fchlen. Zuerst warnen sie aber, damit man der Herde nicht n\u00e4her kommt. Falls es nicht m\u00f6glich ist, die Herde zu umgehen, empfiehlt es sich, mit dem Hirten Kontakt aufzunehmen, damit dieser den Hund zur\u00fcckpfeift. Sonst zieht man sich besser zur\u00fcck. Und im Notfall: Ein Griff nach einem grossen Stein ist eine Geste, die den meisten Hunden eine Warnung ist.<\/p>\n\n\n\n<p><a href=\"https:\/\/www.herdenschutzschweiz.ch\/herdenschutzhunde\/tourismus-und-herdenschutzhunde\/sichere-begegnungen-mit-herdenschutzhunden\/\" target=\"_blank\" rel=\"noreferrer noopener\"><i class=\"wp-svg-link link\"><\/i> Verhalten gegen\u00fcber Herdeschutzhunden<\/a><\/p>\n\n\n<div class=\"wp-block-image\">\n<figure class=\"alignright\"><a href=\"https:\/\/www.albanien.ch\/albanien_info\/albanische-alpen\/kelmend_schlange\/\" rel=\"attachment wp-att-1557\"><img data-recalc-dims=\"1\" loading=\"lazy\" decoding=\"async\" width=\"234\" height=\"300\" data-attachment-id=\"1557\" data-permalink=\"https:\/\/albanien.ch\/albanien_info\/albanische-alpen\/kelmend_schlange\/\" data-orig-file=\"https:\/\/i0.wp.com\/albanien.ch\/albanien_info\/wp-content\/uploads\/2015\/09\/Kelmend_Schlange.jpg?fit=1000%2C1280&amp;ssl=1\" data-orig-size=\"1000,1280\" data-comments-opened=\"1\" data-image-meta=\"{&quot;aperture&quot;:&quot;0&quot;,&quot;credit&quot;:&quot;&quot;,&quot;camera&quot;:&quot;&quot;,&quot;caption&quot;:&quot;&quot;,&quot;created_timestamp&quot;:&quot;0&quot;,&quot;copyright&quot;:&quot;&quot;,&quot;focal_length&quot;:&quot;0&quot;,&quot;iso&quot;:&quot;0&quot;,&quot;shutter_speed&quot;:&quot;0&quot;,&quot;title&quot;:&quot;&quot;,&quot;orientation&quot;:&quot;0&quot;}\" data-image-title=\"Kelmend Schlange\" data-image-description=\"&lt;p&gt;Hornotter&lt;\/p&gt;\n\" data-image-caption=\"&lt;p&gt;Hornotter (giftig)&lt;\/p&gt;\n\" data-medium-file=\"https:\/\/i0.wp.com\/albanien.ch\/albanien_info\/wp-content\/uploads\/2015\/09\/Kelmend_Schlange.jpg?fit=234%2C300&amp;ssl=1\" data-large-file=\"https:\/\/i0.wp.com\/albanien.ch\/albanien_info\/wp-content\/uploads\/2015\/09\/Kelmend_Schlange.jpg?fit=525%2C672&amp;ssl=1\" src=\"https:\/\/i0.wp.com\/albanien.ch\/albanien_info\/wp-content\/uploads\/2015\/09\/Kelmend_Schlange.jpg?resize=234%2C300&#038;ssl=1\" alt=\"Hornotter (giftig), Albanien\" class=\"wp-image-1557\" srcset=\"https:\/\/i0.wp.com\/albanien.ch\/albanien_info\/wp-content\/uploads\/2015\/09\/Kelmend_Schlange.jpg?resize=234%2C300&amp;ssl=1 234w, https:\/\/i0.wp.com\/albanien.ch\/albanien_info\/wp-content\/uploads\/2015\/09\/Kelmend_Schlange.jpg?resize=800%2C1024&amp;ssl=1 800w, https:\/\/i0.wp.com\/albanien.ch\/albanien_info\/wp-content\/uploads\/2015\/09\/Kelmend_Schlange.jpg?w=1000&amp;ssl=1 1000w\" sizes=\"auto, (max-width: 234px) 100vw, 234px\" \/><\/a><figcaption class=\"wp-element-caption\">Hornotter (giftig) in Kelmend<\/figcaption><\/figure><\/div>\n\n\n<p>Es gibt zwar ein paar <strong>Giftschlangen<\/strong> in Albanien, Begegnungen sind aber selten. Das Gift kann zwar sehr schmerzhaft sein, sollte aber keine Todesfolgen haben. Schlangen ziehen sich meist zur\u00fcck, wenn Menschen nahen. Kommt es doch zu einem Zusammentreffen, unbedingt Hektiv vermeiden und der Schlange erm\u00f6glichen, sich zur\u00fcckzuziehen. Auch gutes Schuhwerk (hohe Wanderschuhe) sch\u00fctzen vor potenitellen Bissen. Im Falle eines Bisses unbedingt Ruhe waren, den betroffenen K\u00f6rperteil m\u00f6glichst wenig bewegen (allenfalls schienen) und m\u00f6glichst schnell \u00e4rztliche Hilfe aufsuchen.<\/p>\n\n\n\n<p><a href=\"https:\/\/www.albanien.ch\/albanien_info\/schlangen-in-albanien\/\"><i class=\"wp-svg-pacman pacman\"><\/i> Schlangen in Albanien<br><\/a><a href=\"http:\/\/outdoorize.de\/wandern\/was-tun-bei-schlangenbiss-893\/\" target=\"_blank\" rel=\"noreferrer noopener\"><i class=\"wp-svg-link link\"><\/i> Erste Hilfe bei Schlangebissen<\/a><\/p>\n\n\n\n<p>In den Bergen gibt es auch <strong>W\u00f6lfe<\/strong> und <strong>B\u00e4ren<\/strong>. <strong>Luchse<\/strong> sind \u00e4usserst selten und scheu. Von Begegnungen mit W\u00f6lfen wurde noch nie berichtet. B\u00e4ren sind in der Region von Valbona an gewissen Orten recht h\u00e4ufig. Zum Teil sind auch Jungtiere dabei. Falls sich das Tier nicht zur\u00fcckzieht, sollte man bei Begegnungen mit B\u00e4ren oder W\u00f6lfen durch laute Worte auf sich aufmerksam machen. Sich langsam zur\u00fcckziehen \u2013 ohne Fotos zu machen \u2013 und Tiere auf keinem Fall verfolgen.<\/p>\n\n\n\n<p><a href=\"https:\/\/www.schweizer-wanderwege.ch\/de\/wandern\/sicher-unterwegs\/grossraubtiere\" target=\"_blank\" rel=\"noreferrer noopener\"><i class=\"wp-svg-link link\"><\/i> Verhaltensregeln Grossraubtiere<\/a><\/p>\n\n\n\n<div style=\"height:25px\" aria-hidden=\"true\" class=\"wp-block-spacer\"><\/div>\n\n\n\n<h2 class=\"wp-block-heading\">Wandergebiete Nordalbanien<\/h2>\n\n\n\n<h3 class=\"wp-block-heading\">Wandern in den Albanischen Alpen<\/h3>\n\n\n<div class=\"wp-block-image\">\n<figure class=\"alignright size-medium\"><a href=\"https:\/\/albanien.ch\/albanien_info\/albanische-alpen\/theth_arapi_bunker\/\"><img data-recalc-dims=\"1\" loading=\"lazy\" decoding=\"async\" width=\"300\" height=\"200\" data-attachment-id=\"1573\" data-permalink=\"https:\/\/albanien.ch\/albanien_info\/albanische-alpen\/theth_arapi_bunker\/\" data-orig-file=\"https:\/\/i0.wp.com\/albanien.ch\/albanien_info\/wp-content\/uploads\/2015\/09\/Theth_Arapi_Bunker.jpg?fit=1503%2C1000&amp;ssl=1\" data-orig-size=\"1503,1000\" data-comments-opened=\"1\" data-image-meta=\"{&quot;aperture&quot;:&quot;0&quot;,&quot;credit&quot;:&quot;&quot;,&quot;camera&quot;:&quot;&quot;,&quot;caption&quot;:&quot;&quot;,&quot;created_timestamp&quot;:&quot;0&quot;,&quot;copyright&quot;:&quot;&quot;,&quot;focal_length&quot;:&quot;0&quot;,&quot;iso&quot;:&quot;0&quot;,&quot;shutter_speed&quot;:&quot;0&quot;,&quot;title&quot;:&quot;&quot;,&quot;orientation&quot;:&quot;0&quot;}\" data-image-title=\"Theth Arapi Bunker\" data-image-description=\"&lt;p&gt;Arapi und Qafa e Pej\u00ebs&lt;\/p&gt;\n\" data-image-caption=\"&lt;p&gt;Theth: Arapi und Qafa e Pej\u00ebs&lt;\/p&gt;\n\" data-medium-file=\"https:\/\/i0.wp.com\/albanien.ch\/albanien_info\/wp-content\/uploads\/2015\/09\/Theth_Arapi_Bunker.jpg?fit=300%2C200&amp;ssl=1\" data-large-file=\"https:\/\/i0.wp.com\/albanien.ch\/albanien_info\/wp-content\/uploads\/2015\/09\/Theth_Arapi_Bunker.jpg?fit=525%2C349&amp;ssl=1\" src=\"https:\/\/i0.wp.com\/albanien.ch\/albanien_info\/wp-content\/uploads\/2015\/09\/Theth_Arapi_Bunker.jpg?resize=300%2C200&#038;ssl=1\" alt=\"Theth in den Albanischen Alpen ist ein beliebter Ort f\u00fcr Wanderungen\" class=\"wp-image-1573\" srcset=\"https:\/\/i0.wp.com\/albanien.ch\/albanien_info\/wp-content\/uploads\/2015\/09\/Theth_Arapi_Bunker.jpg?resize=300%2C200&amp;ssl=1 300w, https:\/\/i0.wp.com\/albanien.ch\/albanien_info\/wp-content\/uploads\/2015\/09\/Theth_Arapi_Bunker.jpg?resize=1024%2C681&amp;ssl=1 1024w, https:\/\/i0.wp.com\/albanien.ch\/albanien_info\/wp-content\/uploads\/2015\/09\/Theth_Arapi_Bunker.jpg?w=1503&amp;ssl=1 1503w\" sizes=\"auto, (max-width: 300px) 100vw, 300px\" \/><\/a><figcaption class=\"wp-element-caption\">Theth: Arapi und Qafa e Pej\u00ebs<\/figcaption><\/figure><\/div>\n\n\n<p>Besonders beliebt sind nat\u00fcrlich die <a href=\"https:\/\/albanien.ch\/albanien_info\/albanische-alpen\/\">Albanischen Alpen<\/a> ganz im Norden des Landes. Hier gibt es anspruchsvolle Touren in eindr\u00fccklicher Gebirtgslandschaft, auch einige einfachere Routen und schwieriege Berggipfel f\u00fcr Alpinisten. Der Fernwanderweg \u00bbPeaks of the Balkan\u00ab (siehe auch ganz unten) macht eine Runde durch die angrenzenden Gebirgslandschaften in Kosova und Montenegro und zur\u00fcck nach Albanien. Generell ist die Region eher anspruchsvoll: steile Berge mit tief eingeschnittenen T\u00e4lern und betr\u00e4chtliche Distanzen fordern die Kondition.<\/p>\n\n\n\n<p>Die Albanischen Alpen sind nicht nur die von Wanderern am meisten besuchte Region, sondern auch die am besten dokumentierte. Es gibt verschiedene gedruckte Wanderf\u00fchrer, Guides und Tourenangebote sowie Routenbeschreibungen im Internet. Trotz der vielen Leute sollten nur gut vorbereitete und fitte Personen die Passquerungen antreten: Die Ausfl\u00fcge ins Hochgebirge sind anspruchsvoll.<\/p>\n\n\n\n<p>Aber auch in den Albanischen Alpen beschr\u00e4nkt sich der touristische Verkehr auf ein paar Hotspots: vor allem <a href=\"https:\/\/albanien.ch\/albanien_info\/albanische-alpen-theth\/\">Theth<\/a> und <a href=\"https:\/\/albanien.ch\/albanien_info\/albanische-alpen-valbona-koman\/\">Valbona<\/a>, im Kommen ist auch Lepusha in <a href=\"https:\/\/albanien.ch\/albanien_info\/albanische-alpen-kelmend\/\">Kelmend<\/a>. Zwischen und um diese Orte sind im Sommer zahlreiche Touristen aus der ganzen Welt unterwegs. Auch der Fernwanderweg \u00bbPeaks of the Balkans\u00ab ist beliebt \u2013 entlang der Route gibt es immer wieder Unterk\u00fcnfte auch in abgelegenen Regionen. Daneben gibt es noch viele Ecken, die kaum besucht werden: Der Naturpark Nikaj-M\u00ebrtur, die Berge n\u00f6rdlich von Vermosh, Re\u00e7 und Rrjoll, Dukagjin mit Plan, <a href=\"https:\/\/albanien.ch\/albanien_info\/albanische-alpen-shkrel\/\">Shkrel<\/a> oder der Shk\u00eblzen sind nur einige der Alternativen.<\/p>\n\n\n\n<p>Nat\u00fcrlich wird die Infrastruktur immer einfacher, je weiter man sich von den meistbesuchten Zielen entfernt. Zwischenzeitlich sind aber weit mehr als nur die vielbegangenen Routen markiert.<\/p>\n\n\n\n<p>Vor Juni sind Hochtouren und Passquerungen aufgrund des vielen Schnees meist nicht m\u00f6glich oder sollten nur mit lokalen Guides begangen werden.<\/p>\n\n\n\n<p><a href=\"https:\/\/albanien.ch\/albanien_info\/albanische-alpen\/\"><i class=\"wp-svg-redo-2 redo-2\"><\/i> Ausf\u00fchrliche Informationen zum Wandern in den Albanischen Alpen<\/a><\/p>\n\n\n\n<div style=\"height:25px\" aria-hidden=\"true\" class=\"wp-block-spacer\"><\/div>\n\n\n\n<h3 class=\"wp-block-heading\">Wandern in den Regionen Kuk\u00ebs und Gora<\/h3>\n\n\n<div class=\"wp-block-image\">\n<figure class=\"alignright size-medium\"><a href=\"https:\/\/albanien.ch\/albanien_info\/nordostalbanien-und-kukes\/gora-mit-koritnik\/\"><img data-recalc-dims=\"1\" loading=\"lazy\" decoding=\"async\" width=\"300\" height=\"200\" data-attachment-id=\"6599\" data-permalink=\"https:\/\/albanien.ch\/albanien_info\/nordostalbanien-und-kukes\/gora-mit-koritnik\/\" data-orig-file=\"https:\/\/i0.wp.com\/albanien.ch\/albanien_info\/wp-content\/uploads\/2022\/06\/Gora-mit-Koritnik.jpg?fit=2500%2C1667&amp;ssl=1\" data-orig-size=\"2500,1667\" data-comments-opened=\"1\" data-image-meta=\"{&quot;aperture&quot;:&quot;0&quot;,&quot;credit&quot;:&quot;&quot;,&quot;camera&quot;:&quot;&quot;,&quot;caption&quot;:&quot;&quot;,&quot;created_timestamp&quot;:&quot;0&quot;,&quot;copyright&quot;:&quot;&quot;,&quot;focal_length&quot;:&quot;0&quot;,&quot;iso&quot;:&quot;0&quot;,&quot;shutter_speed&quot;:&quot;0&quot;,&quot;title&quot;:&quot;&quot;,&quot;orientation&quot;:&quot;0&quot;}\" data-image-title=\"Gora mit Koritnik\" data-image-description=\"&lt;p&gt;Bergwelt von Gora mit Koritnik im Hintergrund und \u00bbGuri i M\u00ebngjezit\u00ab\u00a0im Vordergrund, links das Dorf Novoseja, rechts Shishtavec, dahinter Borja&lt;\/p&gt;\n\" data-image-caption=\"&lt;p&gt;Bergwelt von Gora mit Koritnik im Hintergrund und \u00bbGuri i M\u00ebngjezit\u00ab\u00a0im Vordergrund, links das Dorf Novoseja, rechts Shishtavec, dahinter Borja&lt;\/p&gt;\n\" data-medium-file=\"https:\/\/i0.wp.com\/albanien.ch\/albanien_info\/wp-content\/uploads\/2022\/06\/Gora-mit-Koritnik.jpg?fit=300%2C200&amp;ssl=1\" data-large-file=\"https:\/\/i0.wp.com\/albanien.ch\/albanien_info\/wp-content\/uploads\/2022\/06\/Gora-mit-Koritnik.jpg?fit=525%2C350&amp;ssl=1\" src=\"https:\/\/i0.wp.com\/albanien.ch\/albanien_info\/wp-content\/uploads\/2022\/06\/Gora-mit-Koritnik.jpg?resize=300%2C200&#038;ssl=1\" alt=\"Bergwelt von Gora mit Koritnik und den D\u00f6rfern Novoseja, Shishtavec und Borja\" class=\"wp-image-6599\" srcset=\"https:\/\/i0.wp.com\/albanien.ch\/albanien_info\/wp-content\/uploads\/2022\/06\/Gora-mit-Koritnik.jpg?resize=300%2C200&amp;ssl=1 300w, https:\/\/i0.wp.com\/albanien.ch\/albanien_info\/wp-content\/uploads\/2022\/06\/Gora-mit-Koritnik.jpg?resize=1024%2C683&amp;ssl=1 1024w, https:\/\/i0.wp.com\/albanien.ch\/albanien_info\/wp-content\/uploads\/2022\/06\/Gora-mit-Koritnik.jpg?resize=768%2C512&amp;ssl=1 768w, https:\/\/i0.wp.com\/albanien.ch\/albanien_info\/wp-content\/uploads\/2022\/06\/Gora-mit-Koritnik.jpg?resize=1536%2C1024&amp;ssl=1 1536w, https:\/\/i0.wp.com\/albanien.ch\/albanien_info\/wp-content\/uploads\/2022\/06\/Gora-mit-Koritnik.jpg?resize=2048%2C1366&amp;ssl=1 2048w\" sizes=\"auto, (max-width: 300px) 100vw, 300px\" \/><\/a><figcaption class=\"wp-element-caption\">Bergwelt von Gora mit Koritnik im Hintergrund und \u00bbGuri i M\u00ebngjezit\u00ab&nbsp;im Vordergrund, rechts das Dorf Shishtavec<\/figcaption><\/figure><\/div>\n\n\n<p>Der <a href=\"https:\/\/albanien.ch\/albanien_info\/nordostalbanien-und-kukes\/\">Nordosten<\/a> von Albanien ist eher touristisches Niemandsland, bietet aber gerade f\u00fcr Wanderer zahlreiche spannende Optionen.<\/p>\n\n\n\n<p>Da sind mal die drei hohen Gipfel rund um Kuk\u00ebs: die Gjallica (2485 m) im S\u00fcden, der Koritnik (2393 m) im Osten und der Pashtrik (1988 m) im Nordosten. Besteiger der Gjallica werden mit einem der sch\u00f6nsten Panoramas Albaniens belohnt (Ausgangspunkt ist das Dorf Brekja).<\/p>\n\n\n\n<p>Daneben bietet das Hochland rund um Shishtavec im S\u00fcdosten hinter der Gjallica hervoragendes Wanderterrain. Ein beliebte Tour f\u00fchrt zum Kallabak (2171 m). Kallabak, Pashtrik und Koritnik liegen alle auf der Grenze zu Kosova \u2013 Letztere sind sogar einfacher von dort zu besteigen. Von Gora geht es fliessend ins Sharr-Gebirge in Kosova und Nordmazedonien sowie zum Korab in Dib\u00ebr \u00fcber.<\/p>\n\n\n\n<p>Der Rother-Wanderf\u00fchrer beschreibt eine mehrt\u00e4gige Tour von Dibra nach Shishtavec.<\/p>\n\n\n\n<p>In Shishtavec besteht auch Anschluss an den <strong>High Scardus Trail<\/strong>, einem Fernwanderweg im Sharrgebirge, der Kosova, Nordmazedonien und Albanien miteinander verbindet (<a aria-label=\"&lt;&quot;i&quot; class=&quot;wp-svg-&quot;redo-2&quot; &quot;redo-2&quot;&quot;&gt;&lt;\/&quot;i&quot;&gt; Website (opens in a new tab)\" href=\"https:\/\/highscardustrail.com\/\" target=\"_blank\" rel=\"noreferrer noopener\"><i class=\"wp-svg-redo-2 redo-2\"><\/i> Website<\/a>). Er f\u00fchrt durchs Sharr-Gebirge und weiter nach S\u00fcden durchs Korabgebirge (siehe unten \u00bbDibra\u00ab).<\/p>\n\n\n\n<p>Das Internet bietet Beschreibungen der Besteigungen rund um Kuk\u00ebs. Viele Wege sind noch nicht markiert. <\/p>\n\n\n\n<p><a href=\"https:\/\/albanien.ch\/albanien_info\/nordostalbanien-und-kukes\/\"><i class=\"wp-svg-redo-2 redo-2\"><\/i> Weitere Informationen zum Wandern in Nordostalbanien<\/a><\/p>\n\n\n\n<div style=\"height:25px\" aria-hidden=\"true\" class=\"wp-block-spacer\"><\/div>\n\n\n\n<h3 class=\"wp-block-heading\">Wandern um Shkodra<\/h3>\n\n\n\n<p>Die Regionen rund um <a href=\"https:\/\/albanien.ch\/albanien_info\/shkodra\/\">Shkodra<\/a>, wo die flache K\u00fcstenebene ins Gebirge \u00fcbergeht, bietet zahlreiche Optionen vom k\u00fcrzeren Spaziergang bis zur herausfordernden Tour. Dieses Gebiet eignet sich auch in der k\u00e4lteren Jahreszeit, wenn im Hochgebirge (noch) Schnee liegt.<\/p>\n\n\n\n<p>Schon recht fordernd ist der Tarabosh (593 m) am S\u00fcdwestufer des Sees. Anspruchsvoll ist die Besteigung des Maranaj (1576 m), eine freistehende Pyramide nord\u00f6stlich von Shkodra am Beginn der Albanischen Alpen. Wild und entlegen liegt der Cukali-Gebirgsstock (1721 m) s\u00fcd\u00f6stlich davon zwischen den T\u00e4lern von Kir und Drin. Markierte Wege finden sich in den Bergen rund um Koman. Markierungen wurden auch in den Bergen, die die Zadrima-Ebene umgeben, angebracht.<\/p>\n\n\n\n<div style=\"height:25px\" aria-hidden=\"true\" class=\"wp-block-spacer\"><\/div>\n\n\n\n<h3 class=\"wp-block-heading\">Wandern in der Region Puka<\/h3>\n\n\n\n<p>In der bergigen Region von Puka gibt es zahlreiche Wanderm\u00f6glichkeiten. Lokale F\u00fchrer zeigen Interessierten gerne abgelegene D\u00f6rfer und Berge mit sch\u00f6nen Aussichten. Das Internet bietet mehrere Touren.<\/p>\n\n\n\n<p>Weiter \u00f6stlich liegt der Berg Munella (1989 m), sehr abgeschieden und wild. Das Berggebiet ist ein R\u00fcckzugsgebiet bedrohter Tierarten, der Gipfel auf einer sehr langen Tour zu erklimmen. Beschreibungen im Internet (Mali\/Maja e Munelles), <a aria-label=\"&lt;&quot;i&quot; class=&quot;wp-svg-&quot;map&quot; &quot;map&quot;&quot;&gt;&lt;\/&quot;i&quot;&gt; Wanderkarte f\u00fcr Routen aus Mirdita (opens in a new tab)\" href=\"https:\/\/hikingmirdita.com\/wp-content\/uploads\/2019\/02\/Harta_MUNELLE.pdf\" target=\"_blank\" rel=\"noreferrer noopener\"><i class=\"wp-svg-map map\"><\/i> Wanderkarte f\u00fcr Routen aus Mirdita<\/a> (PDF).<\/p>\n\n\n\n<div style=\"height:25px\" aria-hidden=\"true\" class=\"wp-block-spacer\"><\/div>\n\n\n\n<h3 class=\"wp-block-heading\">Wandern bei Lezha<\/h3>\n\n\n<div class=\"wp-block-image\">\n<figure class=\"alignright\"><a href=\"https:\/\/albanien.ch\/albanien_info\/albania-backpacker-guide\/im_sand\/\"><img data-recalc-dims=\"1\" loading=\"lazy\" decoding=\"async\" width=\"199\" height=\"300\" data-attachment-id=\"1630\" data-permalink=\"https:\/\/albanien.ch\/albanien_info\/albania-backpacker-guide\/im_sand\/\" data-orig-file=\"https:\/\/i0.wp.com\/albanien.ch\/albanien_info\/wp-content\/uploads\/2015\/10\/Im_Sand.jpg?fit=1000%2C1505&amp;ssl=1\" data-orig-size=\"1000,1505\" data-comments-opened=\"1\" data-image-meta=\"{&quot;aperture&quot;:&quot;0&quot;,&quot;credit&quot;:&quot;&quot;,&quot;camera&quot;:&quot;&quot;,&quot;caption&quot;:&quot;&quot;,&quot;created_timestamp&quot;:&quot;0&quot;,&quot;copyright&quot;:&quot;&quot;,&quot;focal_length&quot;:&quot;0&quot;,&quot;iso&quot;:&quot;0&quot;,&quot;shutter_speed&quot;:&quot;0&quot;,&quot;title&quot;:&quot;&quot;,&quot;orientation&quot;:&quot;0&quot;}\" data-image-title=\"Im Sand\" data-image-description=\"&lt;p&gt;R\u00ebra e hedhur&lt;\/p&gt;\n\" data-image-caption=\"&lt;p&gt;R\u00ebra e hedhur&lt;\/p&gt;\n\" data-medium-file=\"https:\/\/i0.wp.com\/albanien.ch\/albanien_info\/wp-content\/uploads\/2015\/10\/Im_Sand.jpg?fit=199%2C300&amp;ssl=1\" data-large-file=\"https:\/\/i0.wp.com\/albanien.ch\/albanien_info\/wp-content\/uploads\/2015\/10\/Im_Sand.jpg?fit=525%2C791&amp;ssl=1\" src=\"https:\/\/i0.wp.com\/albanien.ch\/albanien_info\/wp-content\/uploads\/2015\/10\/Im_Sand.jpg?resize=199%2C300&#038;ssl=1\" alt=\"R\u00ebra e hedhur  \u2013 Wandern im Sand\" class=\"wp-image-1630\" srcset=\"https:\/\/i0.wp.com\/albanien.ch\/albanien_info\/wp-content\/uploads\/2015\/10\/Im_Sand.jpg?resize=199%2C300&amp;ssl=1 199w, https:\/\/i0.wp.com\/albanien.ch\/albanien_info\/wp-content\/uploads\/2015\/10\/Im_Sand.jpg?resize=680%2C1024&amp;ssl=1 680w, https:\/\/i0.wp.com\/albanien.ch\/albanien_info\/wp-content\/uploads\/2015\/10\/Im_Sand.jpg?w=1000&amp;ssl=1 1000w\" sizes=\"auto, (max-width: 199px) 100vw, 199px\" \/><\/a><figcaption class=\"wp-element-caption\">R\u00ebra e hedhur \u2013 D\u00fcne am Meer<\/figcaption><\/figure><\/div>\n\n\n<p>Rund um <a href=\"https:\/\/albanien.ch\/albanien_info\/lezha\/\">Lezha<\/a> gibt es sowohl k\u00fcstennahe Wanderungen als auch Bergtouren. Am Meer lassen sich einerseits die Lagunen s\u00fcdwestlich von Lezha, andererseits die per Auto nicht erreichbaren Str\u00e4nde nordwestlich von Sh\u00ebngjin erkunden. N\u00f6rdlich von Sh\u00ebngjin zieht sich der H\u00fcgelzug Mali i Ren\u00e7it der K\u00fcste entlang (Beschreibung im Internet). <\/p>\n\n\n\n<p>Im Hinterland erklimmen weniger ambitionierte Spazierg\u00e4nger die Burg von Lezha, w\u00e4hrend starke Wanderer die Maja e Vel\u00ebs (1170 m) besteigen. Eine \u00dcberschreitung der Maja e Vel\u00ebs in Richtung Mirdita (siehe unten) ist auch m\u00f6glich. Auch die Touren in der Zadrima (siehe oben: Shkodra) sind von hier aus gut als Eintagesausfl\u00fcge machbar. Das Internet bietet Details. <\/p>\n\n\n\n<p>Oberhalb der D\u00f6fer an den Bergh\u00e4ngen s\u00fcdlich von Lezha finden sich noch Kirchen oder deren Ruinen.<\/p>\n\n\n\n<div style=\"height:25px\" aria-hidden=\"true\" class=\"wp-block-spacer\"><\/div>\n\n\n\n<h3 class=\"wp-block-heading\">Wanderland Mirdita<\/h3>\n\n\n<div class=\"wp-block-image\">\n<figure class=\"alignright size-medium\"><a href=\"https:\/\/albanien.ch\/albanien_info\/nordostalbanien-und-kukes\/rubik-kirche\/\"><img data-recalc-dims=\"1\" loading=\"lazy\" decoding=\"async\" width=\"300\" height=\"163\" data-attachment-id=\"6304\" data-permalink=\"https:\/\/albanien.ch\/albanien_info\/nordostalbanien-und-kukes\/rubik-kirche\/\" data-orig-file=\"https:\/\/i0.wp.com\/albanien.ch\/albanien_info\/wp-content\/uploads\/2022\/02\/Rubik-Kirche.jpg?fit=1500%2C815&amp;ssl=1\" data-orig-size=\"1500,815\" data-comments-opened=\"1\" data-image-meta=\"{&quot;aperture&quot;:&quot;0&quot;,&quot;credit&quot;:&quot;&quot;,&quot;camera&quot;:&quot;&quot;,&quot;caption&quot;:&quot;&quot;,&quot;created_timestamp&quot;:&quot;0&quot;,&quot;copyright&quot;:&quot;&quot;,&quot;focal_length&quot;:&quot;0&quot;,&quot;iso&quot;:&quot;0&quot;,&quot;shutter_speed&quot;:&quot;0&quot;,&quot;title&quot;:&quot;&quot;,&quot;orientation&quot;:&quot;0&quot;}\" data-image-title=\"Rubik: Kirche\" data-image-description=\"&lt;p&gt;Die historische Kirche von Rubik, Mirdita, Albanien, ruht auf einem Felsen \u00fcber dem Ort&lt;\/p&gt;\n\" data-image-caption=\"&lt;p&gt;Kirche von Rubik&lt;\/p&gt;\n\" data-medium-file=\"https:\/\/i0.wp.com\/albanien.ch\/albanien_info\/wp-content\/uploads\/2022\/02\/Rubik-Kirche.jpg?fit=300%2C163&amp;ssl=1\" data-large-file=\"https:\/\/i0.wp.com\/albanien.ch\/albanien_info\/wp-content\/uploads\/2022\/02\/Rubik-Kirche.jpg?fit=525%2C285&amp;ssl=1\" src=\"https:\/\/i0.wp.com\/albanien.ch\/albanien_info\/wp-content\/uploads\/2022\/02\/Rubik-Kirche.jpg?resize=300%2C163&#038;ssl=1\" alt=\"Rubik (Albanien) Kirche\" class=\"wp-image-6304\" srcset=\"https:\/\/i0.wp.com\/albanien.ch\/albanien_info\/wp-content\/uploads\/2022\/02\/Rubik-Kirche.jpg?resize=300%2C163&amp;ssl=1 300w, https:\/\/i0.wp.com\/albanien.ch\/albanien_info\/wp-content\/uploads\/2022\/02\/Rubik-Kirche.jpg?resize=1024%2C556&amp;ssl=1 1024w, https:\/\/i0.wp.com\/albanien.ch\/albanien_info\/wp-content\/uploads\/2022\/02\/Rubik-Kirche.jpg?resize=768%2C417&amp;ssl=1 768w, https:\/\/i0.wp.com\/albanien.ch\/albanien_info\/wp-content\/uploads\/2022\/02\/Rubik-Kirche.jpg?w=1500&amp;ssl=1 1500w\" sizes=\"auto, (max-width: 300px) 100vw, 300px\" \/><\/a><figcaption class=\"wp-element-caption\">Kirche von Rubik \u2013 ein einfaches Ziel<\/figcaption><\/figure><\/div>\n\n\n<p>Das \u00f6stlich an Lezha angrenzende Bergland der Mirdita bietet eine grosse Vielzahl von einfachen bis schwierigen, von kurzen bis mehrt\u00e4gigen Wanderungen. Zwischenzeitlich wurden viele davon von einem \u00f6sterreichischen Projekt markiert und dokumentiert:<br><a aria-label=\"&lt;&quot;i&quot; class=&quot;wp-svg-&quot;map&quot; &quot;map&quot;&quot;&gt;&lt;\/&quot;i&quot;&gt; Wanderkarten auf hikingmirdita.com (opens in a new tab)\" href=\"https:\/\/hikingmirdita.com\/trails-maps\/\" target=\"_blank\" rel=\"noreferrer noopener\"><i class=\"wp-svg-map map\"><\/i> Wanderkarten auf hikingmirdita.com<\/a><\/p>\n\n\n\n<p>Die Mirdita lockt nicht nur mit Bergen, sondern auch mit Kirchen und traditionellen wehrhaften H\u00e4usern, den sogenannten Kullas. In einigen kann auch \u00fcbernachtet werden.<\/p>\n\n\n\n<p>Informationen gibt es in der \u00bbInfo-Kulla\u00ab in Rubik, Unterk\u00fcnfte stehen in Rubik und Rresh\u00ebn zur Verf\u00fcgung. <\/p>\n\n\n\n<p><a href=\"https:\/\/albanien.ch\/albanien_info\/nordostalbanien-und-kukes\/\"><i class=\"wp-svg-redo-2 redo-2\"><\/i> Ausf\u00fchrliche Informationen zur Mitdita<\/a><\/p>\n\n\n\n<div style=\"height:25px\" aria-hidden=\"true\" class=\"wp-block-spacer\"><\/div>\n\n\n\n<h2 class=\"wp-block-heading\">Wandergebiete im Grossraum Tirana\u2013Durr\u00ebs<\/h2>\n\n\n\n<h3 class=\"wp-block-heading\">Kruja und Kurbin<\/h3>\n\n\n<div class=\"wp-block-image\">\n<figure class=\"alignright size-medium\"><a href=\"https:\/\/albanien.ch\/albanien_info\/?attachment_id=7231\"><img data-recalc-dims=\"1\" loading=\"lazy\" decoding=\"async\" width=\"300\" height=\"194\" data-attachment-id=\"7231\" data-permalink=\"https:\/\/albanien.ch\/albanien_info\/wandern-in-albanien\/mali-i-krujes-ostseite\/\" data-orig-file=\"https:\/\/i0.wp.com\/albanien.ch\/albanien_info\/wp-content\/uploads\/2023\/03\/Mali-i-Krujes-Ostseite.jpg?fit=2000%2C1290&amp;ssl=1\" data-orig-size=\"2000,1290\" data-comments-opened=\"1\" data-image-meta=\"{&quot;aperture&quot;:&quot;0&quot;,&quot;credit&quot;:&quot;&quot;,&quot;camera&quot;:&quot;&quot;,&quot;caption&quot;:&quot;&quot;,&quot;created_timestamp&quot;:&quot;0&quot;,&quot;copyright&quot;:&quot;&quot;,&quot;focal_length&quot;:&quot;0&quot;,&quot;iso&quot;:&quot;0&quot;,&quot;shutter_speed&quot;:&quot;0&quot;,&quot;title&quot;:&quot;&quot;,&quot;orientation&quot;:&quot;0&quot;}\" data-image-title=\"Mali i Kruj\u00ebs Ostseite\" data-image-description=\"&lt;p&gt;Steiles, aber nicht wegloses Gel\u00e4nde am Mali i Kruj\u00ebs&lt;\/p&gt;\n\" data-image-caption=\"&lt;p&gt;Steiles, aber nicht wegloses Gel\u00e4nde am Mali i Kruj\u00ebs&lt;\/p&gt;\n\" data-medium-file=\"https:\/\/i0.wp.com\/albanien.ch\/albanien_info\/wp-content\/uploads\/2023\/03\/Mali-i-Krujes-Ostseite.jpg?fit=300%2C194&amp;ssl=1\" data-large-file=\"https:\/\/i0.wp.com\/albanien.ch\/albanien_info\/wp-content\/uploads\/2023\/03\/Mali-i-Krujes-Ostseite.jpg?fit=525%2C338&amp;ssl=1\" src=\"https:\/\/i0.wp.com\/albanien.ch\/albanien_info\/wp-content\/uploads\/2023\/03\/Mali-i-Krujes-Ostseite.jpg?resize=300%2C194&#038;ssl=1\" alt=\"Steiles, aber nicht wegloses Gel\u00e4nde am Mali i Kruj\u00ebs\" class=\"wp-image-7231\" srcset=\"https:\/\/i0.wp.com\/albanien.ch\/albanien_info\/wp-content\/uploads\/2023\/03\/Mali-i-Krujes-Ostseite.jpg?resize=300%2C194&amp;ssl=1 300w, https:\/\/i0.wp.com\/albanien.ch\/albanien_info\/wp-content\/uploads\/2023\/03\/Mali-i-Krujes-Ostseite.jpg?resize=1024%2C660&amp;ssl=1 1024w, https:\/\/i0.wp.com\/albanien.ch\/albanien_info\/wp-content\/uploads\/2023\/03\/Mali-i-Krujes-Ostseite.jpg?resize=768%2C495&amp;ssl=1 768w, https:\/\/i0.wp.com\/albanien.ch\/albanien_info\/wp-content\/uploads\/2023\/03\/Mali-i-Krujes-Ostseite.jpg?resize=1536%2C991&amp;ssl=1 1536w, https:\/\/i0.wp.com\/albanien.ch\/albanien_info\/wp-content\/uploads\/2023\/03\/Mali-i-Krujes-Ostseite.jpg?w=2000&amp;ssl=1 2000w\" sizes=\"auto, (max-width: 300px) 100vw, 300px\" \/><\/a><figcaption class=\"wp-element-caption\">Steiles, aber nicht wegloses Gel\u00e4nde am Mali i Kruj\u00ebs<\/figcaption><\/figure><\/div>\n\n\n<p>Wer nach Nordalbanien unterwegs ist, dessen Blicke werden oft wie magisch von den W\u00e4nden des Skanderbeggebirges angezogen, das steil zur K\u00fcstenebene abf\u00e4llt. Das Gebirge bietet hervorragende Wanderm\u00f6glichkeiten \u2013&nbsp;k\u00fcrzere und weitere Eintagestouren. <\/p>\n\n\n\n<p>Besonders prominent in der Kruja-Kette ist der Mali i Kruj\u00ebs (1176 m). Der Berg kann zu Fuss oder mit dem Auto von <a href=\"https:\/\/albanien.ch\/albanien_info\/kruja\/\">Kruja<\/a> aus erklommen werden. Fast interessanter wird es aber hinter der ersten Bergkette. Die Wege im Qaf\u00eb-Shtama-Nationalpark (von Kruja mit dem Auto erreichbar) sind aber mehrheitlich nicht markiert.<\/p>\n\n\n\n<p>Auch die Berge weiter n\u00f6rdlich eignen sich f\u00fcr Wanderungen. Sie sind zwar weniger hoch, aber daf\u00fcr kaum erschlossen. Als Ausgangspunkt dient zum Beispiel das Kloster oberhalb von La\u00e7.<\/p>\n\n\n\n<div style=\"height:25px\" aria-hidden=\"true\" class=\"wp-block-spacer\"><\/div>\n\n\n\n<h3 class=\"wp-block-heading\">Bergland von Tirana<\/h3>\n\n\n<div class=\"wp-block-image\">\n<figure class=\"alignright size-medium\"><a href=\"https:\/\/albanien.ch\/albanien_info\/reisezeit\/dajti_mit_schnee\/\"><img data-recalc-dims=\"1\" loading=\"lazy\" decoding=\"async\" width=\"300\" height=\"176\" data-attachment-id=\"203\" data-permalink=\"https:\/\/albanien.ch\/albanien_info\/reisezeit\/dajti_mit_schnee\/\" data-orig-file=\"https:\/\/i0.wp.com\/albanien.ch\/albanien_info\/wp-content\/uploads\/2015\/03\/Dajti_mit_Schnee.jpg?fit=2134%2C1250&amp;ssl=1\" data-orig-size=\"2134,1250\" data-comments-opened=\"1\" data-image-meta=\"{&quot;aperture&quot;:&quot;0&quot;,&quot;credit&quot;:&quot;&quot;,&quot;camera&quot;:&quot;&quot;,&quot;caption&quot;:&quot;&quot;,&quot;created_timestamp&quot;:&quot;0&quot;,&quot;copyright&quot;:&quot;&quot;,&quot;focal_length&quot;:&quot;0&quot;,&quot;iso&quot;:&quot;0&quot;,&quot;shutter_speed&quot;:&quot;0&quot;,&quot;title&quot;:&quot;&quot;,&quot;orientation&quot;:&quot;0&quot;}\" data-image-title=\"Dajti im Fr\u00fchling\" data-image-description=\"\" data-image-caption=\"&lt;p&gt;In Tirana sammelt sich das Kapital \u2013 die Stadt breitet sich ins Umland aus&lt;\/p&gt;\n\" data-medium-file=\"https:\/\/i0.wp.com\/albanien.ch\/albanien_info\/wp-content\/uploads\/2015\/03\/Dajti_mit_Schnee.jpg?fit=300%2C176&amp;ssl=1\" data-large-file=\"https:\/\/i0.wp.com\/albanien.ch\/albanien_info\/wp-content\/uploads\/2015\/03\/Dajti_mit_Schnee.jpg?fit=525%2C308&amp;ssl=1\" src=\"https:\/\/i0.wp.com\/albanien.ch\/albanien_info\/wp-content\/uploads\/2015\/03\/Dajti_mit_Schnee.jpg?resize=300%2C176&#038;ssl=1\" alt=\"Seilbahn Dajti Ekspress\" class=\"wp-image-203\" srcset=\"https:\/\/i0.wp.com\/albanien.ch\/albanien_info\/wp-content\/uploads\/2015\/03\/Dajti_mit_Schnee.jpg?resize=300%2C176&amp;ssl=1 300w, https:\/\/i0.wp.com\/albanien.ch\/albanien_info\/wp-content\/uploads\/2015\/03\/Dajti_mit_Schnee.jpg?resize=1024%2C600&amp;ssl=1 1024w, https:\/\/i0.wp.com\/albanien.ch\/albanien_info\/wp-content\/uploads\/2015\/03\/Dajti_mit_Schnee.jpg?resize=900%2C527&amp;ssl=1 900w, https:\/\/i0.wp.com\/albanien.ch\/albanien_info\/wp-content\/uploads\/2015\/03\/Dajti_mit_Schnee.jpg?w=1575&amp;ssl=1 1575w\" sizes=\"auto, (max-width: 300px) 100vw, 300px\" \/><\/a><figcaption class=\"wp-element-caption\">Seilbahn \u00bbDajti Ekspress\u00ab \u2013&nbsp;der Gipfel im Hintergrund<\/figcaption><\/figure><\/div>\n\n\n<p>\u00dcber <a href=\"https:\/\/albanien.ch\/albanien_info\/tirana\/\">Tirana<\/a> erhebt sich der Hausberg <strong>Dajti<\/strong> \u2013&nbsp;bequem per Seilbahn bis auf 1000 Meter H\u00f6he erreichbar. Der Gipfel (1613 m) ist zwar Sperrgebiet, der n\u00f6rdliche Nenengipfel Tujan (1531 m) bietet aber auch eine hervorragende Aussicht. Auf beiden Gipfeln stehen Sendemasten, so dass sie gut zu erreichen sind.<\/p>\n\n\n\n<p>Neben der Gipfeltour gibt es am Dajti noch diverse weitere Routen. Informationstafeln weisen mehrere M\u00f6glichkeiten aus \u2013 wie gut die Wege markiert und unterhalen sind, ist aber nicht ganz klar.<\/p>\n\n\n\n<p>In der Kruja-Kette gibt es neben dem Dajti noch diverse weitere Gipfel. Auch hier sind die Wege eventuell \u00fcberwachsen und nur schwierig zu finden. Der Mali i Prsik\u00ebs (1353 m) ist wenig begangen, aber von der Strasse auf fast 1000 Metern H\u00f6he auch nicht allzu fordernd. Die <strong>Maje e Brarit<\/strong> (Nordgipfel: 1239 m) n\u00f6rdlich vom Dajti (jenseits der Schlucht von Tujan) ist mit deutlich mehr H\u00f6henmetern verbunden (ca. 1000). Noch eine Schlucht weiter kommt man zum <strong>Bovilla-Reservoir<\/strong>, eine wichtige Trinkwasserquelle f\u00fcr Tirana. Die H\u00e4nge auf der Nordseite des Sees bieten interessante Routen f\u00fcr Kletterer. Es gibt aber auch diverse, zum Teil ausgesetzte Wanderrouten mit eindr\u00fccklichem Tiefblick zum Stausee. Der Gipfel Mali i Gamtitit (1268 m) wird nur selten erklommen \u2013 meistens wird bei der Aussichtsplattform oder anderen Aussichtspunkten kehrt gemacht. Zwischenzeitlich gibt es hier auch schon ein Caf\u00e9.<\/p>\n\n\n\n<p>Hinter dem Dajti bieten sich weitere M\u00f6glichkeiten. Rund um <strong>Sh\u00ebngjergj<\/strong> \u2013&nbsp;35 km \u00f6stlich von Tirana bequem per Auto erreichbar \u2013&nbsp;gibt es neben zahlreichen Gipfeln auch einen Wasserfall als Wanderziel. Der Bergblock <strong>Mali me Gropa<\/strong> (\u00bbBerg mit L\u00f6chern\u00ab; 1827 m) n\u00f6rdlich von Sh\u00ebngjergj ist mit seiner Karstlandschaft  und als h\u00f6chster Punkt weit herum ein attraktives Ziel. Mit gel\u00e4ndeg\u00e4ngigem Fahrzeug gelangt man n\u00f6rdlich von Sh\u00ebngjergj auf \u00fcber 1400 m und erspart sich viele H\u00f6henmeter.<\/p>\n\n\n<div class=\"wp-block-image\">\n<figure class=\"alignright size-medium\"><a href=\"https:\/\/albanien.ch\/albanien_info\/wandern-in-albanien\/qafa-e-murizes\/\"><img data-recalc-dims=\"1\" loading=\"lazy\" decoding=\"async\" width=\"300\" height=\"178\" data-attachment-id=\"7232\" data-permalink=\"https:\/\/albanien.ch\/albanien_info\/wandern-in-albanien\/qafa-e-murizes\/\" data-orig-file=\"https:\/\/i0.wp.com\/albanien.ch\/albanien_info\/wp-content\/uploads\/2023\/03\/Qafa-e-Murizes.jpg?fit=2500%2C1480&amp;ssl=1\" data-orig-size=\"2500,1480\" data-comments-opened=\"1\" data-image-meta=\"{&quot;aperture&quot;:&quot;0&quot;,&quot;credit&quot;:&quot;&quot;,&quot;camera&quot;:&quot;&quot;,&quot;caption&quot;:&quot;&quot;,&quot;created_timestamp&quot;:&quot;0&quot;,&quot;copyright&quot;:&quot;&quot;,&quot;focal_length&quot;:&quot;0&quot;,&quot;iso&quot;:&quot;0&quot;,&quot;shutter_speed&quot;:&quot;0&quot;,&quot;title&quot;:&quot;&quot;,&quot;orientation&quot;:&quot;0&quot;}\" data-image-title=\"Qafa e Muriz\u00ebs\" data-image-description=\"&lt;p&gt;Rruga e Arb\u00ebrit  an der Passh\u00f6he der Qafa e Muriz\u00ebs&lt;\/p&gt;\n\" data-image-caption=\"&lt;p&gt;Passh\u00f6he der Qafa e Muriz\u00ebs&lt;\/p&gt;\n\" data-medium-file=\"https:\/\/i0.wp.com\/albanien.ch\/albanien_info\/wp-content\/uploads\/2023\/03\/Qafa-e-Murizes.jpg?fit=300%2C178&amp;ssl=1\" data-large-file=\"https:\/\/i0.wp.com\/albanien.ch\/albanien_info\/wp-content\/uploads\/2023\/03\/Qafa-e-Murizes.jpg?fit=525%2C311&amp;ssl=1\" src=\"https:\/\/i0.wp.com\/albanien.ch\/albanien_info\/wp-content\/uploads\/2023\/03\/Qafa-e-Murizes.jpg?resize=300%2C178&#038;ssl=1\" alt=\"Rruga e Arb\u00ebrit  an der Passh\u00f6he der Qafa e Muriz\u00ebs\" class=\"wp-image-7232\" srcset=\"https:\/\/i0.wp.com\/albanien.ch\/albanien_info\/wp-content\/uploads\/2023\/03\/Qafa-e-Murizes.jpg?resize=300%2C178&amp;ssl=1 300w, https:\/\/i0.wp.com\/albanien.ch\/albanien_info\/wp-content\/uploads\/2023\/03\/Qafa-e-Murizes.jpg?resize=1024%2C606&amp;ssl=1 1024w, https:\/\/i0.wp.com\/albanien.ch\/albanien_info\/wp-content\/uploads\/2023\/03\/Qafa-e-Murizes.jpg?resize=768%2C455&amp;ssl=1 768w, https:\/\/i0.wp.com\/albanien.ch\/albanien_info\/wp-content\/uploads\/2023\/03\/Qafa-e-Murizes.jpg?resize=1536%2C909&amp;ssl=1 1536w, https:\/\/i0.wp.com\/albanien.ch\/albanien_info\/wp-content\/uploads\/2023\/03\/Qafa-e-Murizes.jpg?resize=2048%2C1212&amp;ssl=1 2048w, https:\/\/i0.wp.com\/albanien.ch\/albanien_info\/wp-content\/uploads\/2023\/03\/Qafa-e-Murizes.jpg?resize=365%2C215&amp;ssl=1 365w\" sizes=\"auto, (max-width: 300px) 100vw, 300px\" \/><\/a><figcaption class=\"wp-element-caption\">Passh\u00f6he der Qafa e Muriz\u00ebs<\/figcaption><\/figure><\/div>\n\n\n<p>Die neue Rruga e Arb\u00ebrit, die Tirana mit Ostalbanien verbindet, erschliesst neue Wandergebiete n\u00f6rdlich des Mali me Gropa. Vom Pass <strong>Qafa e Muriz\u00ebs<\/strong> (1250 m) gibt es mehere Touren nach S\u00fcden und nach Norden zu Gipfeln der zweiten Gebirgskette.  Der Mali me Gropa l\u00e4sst sich auch ovn Gur i Bardh\u00eb besteigen.<\/p>\n\n\n\n<p>Weitere Wanderm\u00f6glichkeiten gibt es im S\u00fcden von Tirana. M\u00f6gliche Ziele sind hier die <strong>Schwarze H\u00f6hle beim Dorf P\u00ebllumbas<\/strong> (gut markierter Weg, <a href=\"https:\/\/www.albanien.ch\/une\/blog\/156\">Bericht<\/a>), das <strong>Zyklopenauge<\/strong> (\u00bbSyri i Ciklopit\u00ab) bei Krraba, ein  Felsenpool in einer eindr\u00fccklichen Felsschlucht, oder rund um Dorf und Burg <strong>Petrela<\/strong>.<\/p>\n\n\n\n<p>Das Internet bietet zahlreiche Details zu Wanderm\u00f6glichkeiten rund um Tirana. <\/p>\n\n\n\n<p><a href=\"https:\/\/albanien.ch\/albanien_info\/tirana\/\"><i class=\"wp-svg-redo-2 redo-2\"><\/i> Ausf\u00fchrliche Informationen zur Region Tirana<\/a><\/p>\n\n\n\n<div style=\"height:25px\" aria-hidden=\"true\" class=\"wp-block-spacer\"><\/div>\n\n\n\n<h3 class=\"wp-block-heading\">Wandern am Meer entlang in Mittelalbanien<\/h3>\n\n\n<div class=\"wp-block-image\">\n<figure class=\"alignright size-medium\"><a href=\"https:\/\/albanien.ch\/albanien_info\/wandern-in-albanien\/curilla-and-kepi-i-palles\/\"><img data-recalc-dims=\"1\" loading=\"lazy\" decoding=\"async\" width=\"300\" height=\"169\" data-attachment-id=\"7235\" data-permalink=\"https:\/\/albanien.ch\/albanien_info\/wandern-in-albanien\/curilla-and-kepi-i-palles\/\" data-orig-file=\"https:\/\/i0.wp.com\/albanien.ch\/albanien_info\/wp-content\/uploads\/2023\/03\/Curilla-and-Kepi-i-Palles.jpg?fit=2225%2C1250&amp;ssl=1\" data-orig-size=\"2225,1250\" data-comments-opened=\"1\" data-image-meta=\"{&quot;aperture&quot;:&quot;0&quot;,&quot;credit&quot;:&quot;&quot;,&quot;camera&quot;:&quot;&quot;,&quot;caption&quot;:&quot;&quot;,&quot;created_timestamp&quot;:&quot;0&quot;,&quot;copyright&quot;:&quot;&quot;,&quot;focal_length&quot;:&quot;0&quot;,&quot;iso&quot;:&quot;0&quot;,&quot;shutter_speed&quot;:&quot;0&quot;,&quot;title&quot;:&quot;&quot;,&quot;orientation&quot;:&quot;0&quot;}\" data-image-title=\"Curilla und Kepi i Pall\u00ebs\" data-image-description=\"&lt;p&gt;Meer bei Durr\u00ebs: K\u00fcste n\u00f6rdlich von Curilla und Kepi i Pall\u00ebs im Hintergrund&lt;\/p&gt;\n\" data-image-caption=\"&lt;p&gt;K\u00fcste n\u00f6rdlich von Curilla und Kepi i Pall\u00ebs im Hintergrund&lt;\/p&gt;\n\" data-medium-file=\"https:\/\/i0.wp.com\/albanien.ch\/albanien_info\/wp-content\/uploads\/2023\/03\/Curilla-and-Kepi-i-Palles.jpg?fit=300%2C169&amp;ssl=1\" data-large-file=\"https:\/\/i0.wp.com\/albanien.ch\/albanien_info\/wp-content\/uploads\/2023\/03\/Curilla-and-Kepi-i-Palles.jpg?fit=525%2C295&amp;ssl=1\" src=\"https:\/\/i0.wp.com\/albanien.ch\/albanien_info\/wp-content\/uploads\/2023\/03\/Curilla-and-Kepi-i-Palles.jpg?resize=300%2C169&#038;ssl=1\" alt=\"K\u00fcste n\u00f6rdlich von Curilla und Kepi i Pall\u00ebs\" class=\"wp-image-7235\" srcset=\"https:\/\/i0.wp.com\/albanien.ch\/albanien_info\/wp-content\/uploads\/2023\/03\/Curilla-and-Kepi-i-Palles.jpg?resize=300%2C169&amp;ssl=1 300w, https:\/\/i0.wp.com\/albanien.ch\/albanien_info\/wp-content\/uploads\/2023\/03\/Curilla-and-Kepi-i-Palles.jpg?resize=1024%2C575&amp;ssl=1 1024w, https:\/\/i0.wp.com\/albanien.ch\/albanien_info\/wp-content\/uploads\/2023\/03\/Curilla-and-Kepi-i-Palles.jpg?resize=768%2C431&amp;ssl=1 768w, https:\/\/i0.wp.com\/albanien.ch\/albanien_info\/wp-content\/uploads\/2023\/03\/Curilla-and-Kepi-i-Palles.jpg?resize=1536%2C863&amp;ssl=1 1536w, https:\/\/i0.wp.com\/albanien.ch\/albanien_info\/wp-content\/uploads\/2023\/03\/Curilla-and-Kepi-i-Palles.jpg?resize=2048%2C1151&amp;ssl=1 2048w\" sizes=\"auto, (max-width: 300px) 100vw, 300px\" \/><\/a><figcaption class=\"wp-element-caption\">K\u00fcste n\u00f6rdlich von Curilla und Kepi i Pall\u00ebs im Hintergrund<\/figcaption><\/figure><\/div>\n\n\n<p>Nat\u00fcrlich gibt es auch in der Region <strong>Durr\u00ebs<\/strong> den einen oder anderen H\u00fcgel zu besteigen. Hier in der K\u00fcstenebene sind aber Wanderungen an der Meeresk\u00fcste interessanter \u2013 Routen, die auch im Winter begehbar sind.<\/p>\n\n\n\n<p>Am Rand der Grossstadt <a href=\"https:\/\/albanien.ch\/albanien_info\/durres\/\">Durr\u00ebs<\/a> liegt im Nordwesten der Strand von <strong>Currila<\/strong>. Ein kleines Str\u00e4sschen, das schnell schlechter wird, f\u00fchrt dem Ufer entlang nach Norden. Auch die Strandbars werden bald selten. Bis Porto Romano sind es rund acht Kilometer und am Schluss fehlt auch ein durchgehender Weg am Wasser: Wegen steiler Felsen bleibt nur, auf die Ostseite des H\u00fcgels auszuweichen oder auf gleicher Route zur\u00fcckzukehren. <\/p>\n\n\n\n<p>Nat\u00fcrlich kann man auch am flachen Sandstrand von Durr\u00ebs Plazh stundenlang am Wasser entlanglaufen.<\/p>\n\n\n\n<p>N\u00f6rdlich von Durr\u00ebs sticht das <strong>Kepi i Rodonit<\/strong> ins Meer. Der Weg zum Kapp respektive der Skanderbeg-Burg ist zwar nicht besonders weit, hat aber ein paar kniffelige Stellen. Ein h\u00fcbscher Spaziergang in einer recht abgeschiedenen Region.<\/p>\n\n\n\n<p>Auch s\u00fcdlich der Bucht von Durr\u00ebs gibt es H\u00fcgel am Wasser. Am Kapp finden sich die Ruinen der Burg Kalaja e Turr\u00ebs. Die Wanderung von <strong>Plazhi i Gjeneralit<\/strong> nach Spile f\u00fchrt zum Teil dem Strand entlang, zum Teil \u00fcber kleine Wege. An- und Abreise sind aber etwas schwieriger.<\/p>\n\n\n\n<p>Im Landesinneren, s\u00fcd\u00f6stlich von Kavaja, kann man der antiken <a href=\"https:\/\/viaegnatiafoundation.eu\/the-trail\/\" target=\"_blank\" rel=\"noreferrer noopener\">Via Egnatia<\/a>, ein Verkehrsweg aus r\u00f6mischer Zeit, folgen. Im Divjaka-Nationalpark nordwestlich von Lushnja sind auch ein paar Spazierg\u00e4nge markiert.<\/p>\n\n\n\n<div style=\"height:25px\" aria-hidden=\"true\" class=\"wp-block-spacer\"><\/div>\n\n\n\n<h2 class=\"wp-block-heading\">Wandergebiete Nordostalbaniens<\/h2>\n\n\n\n<p>F\u00fcr Kuk\u00ebs siehe oben unter Nordalbanien.<\/p>\n\n\n\n<h3 class=\"wp-block-heading\">Wandern in Mat<\/h3>\n\n\n<div class=\"wp-block-image\">\n<figure class=\"alignright size-medium\"><a href=\"https:\/\/albanien.ch\/albanien_info\/?attachment_id=7244\"><img data-recalc-dims=\"1\" loading=\"lazy\" decoding=\"async\" width=\"300\" height=\"200\" data-attachment-id=\"7244\" data-permalink=\"https:\/\/albanien.ch\/albanien_info\/wandern-in-albanien\/balgajt-lakes\/\" data-orig-file=\"https:\/\/i0.wp.com\/albanien.ch\/albanien_info\/wp-content\/uploads\/2023\/04\/Balgajt-Lakes.jpg?fit=2000%2C1331&amp;ssl=1\" data-orig-size=\"2000,1331\" data-comments-opened=\"1\" data-image-meta=\"{&quot;aperture&quot;:&quot;0&quot;,&quot;credit&quot;:&quot;&quot;,&quot;camera&quot;:&quot;&quot;,&quot;caption&quot;:&quot;&quot;,&quot;created_timestamp&quot;:&quot;0&quot;,&quot;copyright&quot;:&quot;&quot;,&quot;focal_length&quot;:&quot;0&quot;,&quot;iso&quot;:&quot;0&quot;,&quot;shutter_speed&quot;:&quot;0&quot;,&quot;title&quot;:&quot;&quot;,&quot;orientation&quot;:&quot;0&quot;}\" data-image-title=\"Balgajt Lakes\" data-image-description=\"&lt;p&gt;Bergsee am Berg Balgajt&lt;\/p&gt;\n\" data-image-caption=\"&lt;p&gt;Bergsee am Berg Balgajt&lt;\/p&gt;\n\" data-medium-file=\"https:\/\/i0.wp.com\/albanien.ch\/albanien_info\/wp-content\/uploads\/2023\/04\/Balgajt-Lakes.jpg?fit=300%2C200&amp;ssl=1\" data-large-file=\"https:\/\/i0.wp.com\/albanien.ch\/albanien_info\/wp-content\/uploads\/2023\/04\/Balgajt-Lakes.jpg?fit=525%2C349&amp;ssl=1\" src=\"https:\/\/i0.wp.com\/albanien.ch\/albanien_info\/wp-content\/uploads\/2023\/04\/Balgajt-Lakes.jpg?resize=300%2C200&#038;ssl=1\" alt=\"Ein abgeschiedener Bergsee als Wanderziel\" class=\"wp-image-7244\" srcset=\"https:\/\/i0.wp.com\/albanien.ch\/albanien_info\/wp-content\/uploads\/2023\/04\/Balgajt-Lakes.jpg?resize=300%2C200&amp;ssl=1 300w, https:\/\/i0.wp.com\/albanien.ch\/albanien_info\/wp-content\/uploads\/2023\/04\/Balgajt-Lakes.jpg?resize=1024%2C681&amp;ssl=1 1024w, https:\/\/i0.wp.com\/albanien.ch\/albanien_info\/wp-content\/uploads\/2023\/04\/Balgajt-Lakes.jpg?resize=768%2C511&amp;ssl=1 768w, https:\/\/i0.wp.com\/albanien.ch\/albanien_info\/wp-content\/uploads\/2023\/04\/Balgajt-Lakes.jpg?resize=1536%2C1022&amp;ssl=1 1536w, https:\/\/i0.wp.com\/albanien.ch\/albanien_info\/wp-content\/uploads\/2023\/04\/Balgajt-Lakes.jpg?w=2000&amp;ssl=1 2000w\" sizes=\"auto, (max-width: 300px) 100vw, 300px\" \/><\/a><figcaption class=\"wp-element-caption\">Bergsee am Balgajt-Berg<\/figcaption><\/figure><\/div>\n\n\n<p>Die Region Mat \u00f6stlich vom Skanderbeggebirge bietet an dessen Osth\u00e4ngen und an den Westh\u00e4ngen des Zentralgebirges endlose Optionen zum Wandern. Markiert ist hier noch wenig, aber im S\u00fcden wurde f\u00fcr Bergwerke und Strassenbauprojekte mancher Berghang erschlossen.<\/p>\n\n\n\n<p>Im Norden kann man zu Fuss abgelegene D\u00f6rfer besuchen, den <strong>Shkopet<\/strong>-Stausee umrunden oder die Maja e Dej\u00ebs (2244 m) erklimmen.<\/p>\n\n\n\n<p>Im S\u00fcden dient <strong>Klos<\/strong> als Ausgangspunkt. In der Region wurden ein halbes Dutzend Routen markiert, Informationstafeln am Strassenrand geben Auskunft.  Routen f\u00fchren zum Balgajt-Bergstock (2101 m, auch Mali i Allemanit) mit zahlreichen Bergseen, aber auch mit zahlreichen Bergwerken.  Auf der gegen\u00fcberliegenden Talseite kann man zur Burg Petralba aufsteigen. Oder auf alten Karawanen-Wegen tief in die Schlucht hinunter zur t\u00fcrkischen Bogenbr\u00fccke Ura e Vash\u00ebs hinabsteigen und die modernen Br\u00fcckenbauer hoch oben beobachten. <\/p>\n\n\n\n<p>Das Internet bietet Details. <\/p>\n\n\n\n<div style=\"height:25px\" aria-hidden=\"true\" class=\"wp-block-spacer\"><\/div>\n\n\n\n<h3 class=\"wp-block-heading\">Wandern in Bulqiza und Martanesh<\/h3>\n\n\n<div class=\"wp-block-image\">\n<figure class=\"alignright size-medium\"><a href=\"https:\/\/albanien.ch\/albanien_info\/?attachment_id=7245\"><img data-recalc-dims=\"1\" loading=\"lazy\" decoding=\"async\" width=\"300\" height=\"185\" data-attachment-id=\"7245\" data-permalink=\"https:\/\/albanien.ch\/albanien_info\/wandern-in-albanien\/liqeni-i-zi-bulqiza\/\" data-orig-file=\"https:\/\/i0.wp.com\/albanien.ch\/albanien_info\/wp-content\/uploads\/2023\/04\/Liqeni-i-zi-Bulqiza.jpg?fit=2000%2C1236&amp;ssl=1\" data-orig-size=\"2000,1236\" data-comments-opened=\"1\" data-image-meta=\"{&quot;aperture&quot;:&quot;0&quot;,&quot;credit&quot;:&quot;&quot;,&quot;camera&quot;:&quot;&quot;,&quot;caption&quot;:&quot;&quot;,&quot;created_timestamp&quot;:&quot;0&quot;,&quot;copyright&quot;:&quot;&quot;,&quot;focal_length&quot;:&quot;0&quot;,&quot;iso&quot;:&quot;0&quot;,&quot;shutter_speed&quot;:&quot;0&quot;,&quot;title&quot;:&quot;&quot;,&quot;orientation&quot;:&quot;0&quot;}\" data-image-title=\"Liqeni i zi Bulqiza\" data-image-description=\"&lt;p&gt;Wanderer hoch \u00fcber dem Liqeni i zi, Region Bulqiza&lt;\/p&gt;\n\" data-image-caption=\"&lt;p&gt;Wanderer hoch \u00fcber dem Liqeni i zi&lt;\/p&gt;\n\" data-medium-file=\"https:\/\/i0.wp.com\/albanien.ch\/albanien_info\/wp-content\/uploads\/2023\/04\/Liqeni-i-zi-Bulqiza.jpg?fit=300%2C185&amp;ssl=1\" data-large-file=\"https:\/\/i0.wp.com\/albanien.ch\/albanien_info\/wp-content\/uploads\/2023\/04\/Liqeni-i-zi-Bulqiza.jpg?fit=525%2C325&amp;ssl=1\" src=\"https:\/\/i0.wp.com\/albanien.ch\/albanien_info\/wp-content\/uploads\/2023\/04\/Liqeni-i-zi-Bulqiza.jpg?resize=300%2C185&#038;ssl=1\" alt=\"Wandern bei Bulqiza: Liqeni i zi\" class=\"wp-image-7245\" srcset=\"https:\/\/i0.wp.com\/albanien.ch\/albanien_info\/wp-content\/uploads\/2023\/04\/Liqeni-i-zi-Bulqiza.jpg?resize=300%2C185&amp;ssl=1 300w, https:\/\/i0.wp.com\/albanien.ch\/albanien_info\/wp-content\/uploads\/2023\/04\/Liqeni-i-zi-Bulqiza.jpg?resize=1024%2C633&amp;ssl=1 1024w, https:\/\/i0.wp.com\/albanien.ch\/albanien_info\/wp-content\/uploads\/2023\/04\/Liqeni-i-zi-Bulqiza.jpg?resize=768%2C475&amp;ssl=1 768w, https:\/\/i0.wp.com\/albanien.ch\/albanien_info\/wp-content\/uploads\/2023\/04\/Liqeni-i-zi-Bulqiza.jpg?resize=1536%2C949&amp;ssl=1 1536w, https:\/\/i0.wp.com\/albanien.ch\/albanien_info\/wp-content\/uploads\/2023\/04\/Liqeni-i-zi-Bulqiza.jpg?w=2000&amp;ssl=1 2000w\" sizes=\"auto, (max-width: 300px) 100vw, 300px\" \/><\/a><figcaption class=\"wp-element-caption\">Hoch \u00fcber dem Liqeni i zi<\/figcaption><\/figure><\/div>\n\n\n<p>Auch diese Gebiete weisen viel Bergbauaktivit\u00e4ten auf, was zu gewissen Abstrichen an der Bergromantik f\u00fchrt. Aber in W\u00e4ldern versteckte Bergseen (Liqen i zi), aussichtsreiche Gipfel (Maja e Dhoksit; 2019 m), tiefe Schluchten oder abgelegenen Bektaschi-Kl\u00f6ster (Tekke von Martanesh) m\u00f6gen den einen oder anderen Abenteurer anlocken. Je weiter man in Martanesh nach S\u00fcden kommt, desto abgeschiedener wird die Bergwelt. Auch \u00f6stlich von Bulqiza rund um Fush\u00eb-Bulqiza und Zerqan gibt es weitere Optionen in einer Region mit etwas weniger hohen Bergen. Keine Markierungen.<\/p>\n\n\n\n<div style=\"height:25px\" aria-hidden=\"true\" class=\"wp-block-spacer\"><\/div>\n\n\n\n<h3 class=\"wp-block-heading\">Wanderland Dibra<\/h3>\n\n\n<div class=\"wp-block-image\">\n<figure class=\"alignright size-medium\"><a href=\"https:\/\/albanien.ch\/albanien_info\/peshkopia-und-dibra\/korab_gipfel\/\"><img data-recalc-dims=\"1\" loading=\"lazy\" decoding=\"async\" width=\"300\" height=\"225\" data-attachment-id=\"561\" data-permalink=\"https:\/\/albanien.ch\/albanien_info\/peshkopia-und-dibra\/korab_gipfel\/\" data-orig-file=\"https:\/\/i0.wp.com\/albanien.ch\/albanien_info\/wp-content\/uploads\/2015\/04\/Korab_Gipfel.jpg?fit=1600%2C1200&amp;ssl=1\" data-orig-size=\"1600,1200\" data-comments-opened=\"1\" data-image-meta=\"{&quot;aperture&quot;:&quot;0&quot;,&quot;credit&quot;:&quot;&quot;,&quot;camera&quot;:&quot;&quot;,&quot;caption&quot;:&quot;&quot;,&quot;created_timestamp&quot;:&quot;0&quot;,&quot;copyright&quot;:&quot;&quot;,&quot;focal_length&quot;:&quot;0&quot;,&quot;iso&quot;:&quot;0&quot;,&quot;shutter_speed&quot;:&quot;0&quot;,&quot;title&quot;:&quot;&quot;,&quot;orientation&quot;:&quot;0&quot;}\" data-image-title=\"Korab Gipfel\" data-image-description=\"\" data-image-caption=\"&lt;p&gt;Gipfel des Korab&lt;\/p&gt;\n\" data-medium-file=\"https:\/\/i0.wp.com\/albanien.ch\/albanien_info\/wp-content\/uploads\/2015\/04\/Korab_Gipfel.jpg?fit=300%2C225&amp;ssl=1\" data-large-file=\"https:\/\/i0.wp.com\/albanien.ch\/albanien_info\/wp-content\/uploads\/2015\/04\/Korab_Gipfel.jpg?fit=525%2C394&amp;ssl=1\" src=\"https:\/\/i0.wp.com\/albanien.ch\/albanien_info\/wp-content\/uploads\/2015\/04\/Korab_Gipfel.jpg?resize=300%2C225&#038;ssl=1\" alt=\"Besteigung des Korab, des h\u00f6chsten Berg Albaniens\" class=\"wp-image-561\" srcset=\"https:\/\/i0.wp.com\/albanien.ch\/albanien_info\/wp-content\/uploads\/2015\/04\/Korab_Gipfel.jpg?resize=300%2C225&amp;ssl=1 300w, https:\/\/i0.wp.com\/albanien.ch\/albanien_info\/wp-content\/uploads\/2015\/04\/Korab_Gipfel.jpg?resize=1024%2C768&amp;ssl=1 1024w, https:\/\/i0.wp.com\/albanien.ch\/albanien_info\/wp-content\/uploads\/2015\/04\/Korab_Gipfel.jpg?resize=900%2C675&amp;ssl=1 900w, https:\/\/i0.wp.com\/albanien.ch\/albanien_info\/wp-content\/uploads\/2015\/04\/Korab_Gipfel.jpg?w=1600&amp;ssl=1 1600w\" sizes=\"auto, (max-width: 300px) 100vw, 300px\" \/><\/a><figcaption class=\"wp-element-caption\">Gipfel des Korab, h\u00f6chster Berg von Albanien und Nordmazedonien<\/figcaption><\/figure><\/div>\n\n\n<p>Die Berge <a href=\"https:\/\/albanien.ch\/albanien_info\/peshkopia-und-dibra\/\">Dibras<\/a> \u2013&nbsp;mitunter die h\u00f6chsten im Land \u2013 bieten zahlreiche M\u00f6glichkeiten f\u00fcr kurze, eint\u00e4gige und mehrt\u00e4gige Wandertouren.  Es gibt diverse anspruchsvolle, lange und steile Gipfeltouren, so zum Korab, dem h\u00f6chsten Berg des Landes, in die Berge von Gora (siehe oben unter Kuk\u00ebs), oder zum Berg Grama. Trotz der H\u00f6he trifft man vielerorts auf Hirten, die hier den Sommer verbringen. Und das Gel\u00e4nde ist meist auch nicht technisch anspruchsvoll, abgesehen von den H\u00f6henunterschieden.<\/p>\n\n\n\n<p> Wer nicht bis in die h\u00f6chsten Regionen hoch m\u00f6chte, findet Touren zu Kirchen und Wasserf\u00e4llen. In Dibra gibt es viele traditionelle D\u00f6rfer, die zum Teil recht abgeschieden liegen. Es . Auch der Schwarze Drin fliesst in abgeschiedenen Gebieten durch wilde Schluchten, die teilweise mit spannenden Wanderwegen erschlossen sind.<\/p>\n\n\n<div class=\"wp-block-image\">\n<figure class=\"alignright size-medium\"><a href=\"https:\/\/albanien.ch\/albanien_info\/liqeni-i-grames-wanderung\/\"><img data-recalc-dims=\"1\" loading=\"lazy\" decoding=\"async\" width=\"300\" height=\"188\" data-attachment-id=\"6858\" data-permalink=\"https:\/\/albanien.ch\/albanien_info\/liqeni-i-grames-wanderung\/\" data-orig-file=\"https:\/\/i0.wp.com\/albanien.ch\/albanien_info\/wp-content\/uploads\/2022\/08\/Liqeni-i-Grames-Wanderung.jpg?fit=2000%2C1250&amp;ssl=1\" data-orig-size=\"2000,1250\" data-comments-opened=\"1\" data-image-meta=\"{&quot;aperture&quot;:&quot;0&quot;,&quot;credit&quot;:&quot;&quot;,&quot;camera&quot;:&quot;&quot;,&quot;caption&quot;:&quot;&quot;,&quot;created_timestamp&quot;:&quot;0&quot;,&quot;copyright&quot;:&quot;&quot;,&quot;focal_length&quot;:&quot;0&quot;,&quot;iso&quot;:&quot;0&quot;,&quot;shutter_speed&quot;:&quot;0&quot;,&quot;title&quot;:&quot;&quot;,&quot;orientation&quot;:&quot;0&quot;}\" data-image-title=\"Liqeni i Gram\u00ebs Wanderung\" data-image-description=\"&lt;p&gt;Wanderung in den Bergen Dibras am Grama-See (Liqeni i Gram\u00ebs)&lt;\/p&gt;\n\" data-image-caption=\"&lt;p&gt;Wanderer am Liqeni i Gram\u00ebs&lt;\/p&gt;\n\" data-medium-file=\"https:\/\/i0.wp.com\/albanien.ch\/albanien_info\/wp-content\/uploads\/2022\/08\/Liqeni-i-Grames-Wanderung.jpg?fit=300%2C188&amp;ssl=1\" data-large-file=\"https:\/\/i0.wp.com\/albanien.ch\/albanien_info\/wp-content\/uploads\/2022\/08\/Liqeni-i-Grames-Wanderung.jpg?fit=525%2C328&amp;ssl=1\" src=\"https:\/\/i0.wp.com\/albanien.ch\/albanien_info\/wp-content\/uploads\/2022\/08\/Liqeni-i-Grames-Wanderung.jpg?resize=300%2C188&#038;ssl=1\" alt=\"Wanderung in den Bergen Dibras in Albanien\" class=\"wp-image-6858\" srcset=\"https:\/\/i0.wp.com\/albanien.ch\/albanien_info\/wp-content\/uploads\/2022\/08\/Liqeni-i-Grames-Wanderung.jpg?resize=300%2C188&amp;ssl=1 300w, https:\/\/i0.wp.com\/albanien.ch\/albanien_info\/wp-content\/uploads\/2022\/08\/Liqeni-i-Grames-Wanderung.jpg?resize=1024%2C640&amp;ssl=1 1024w, https:\/\/i0.wp.com\/albanien.ch\/albanien_info\/wp-content\/uploads\/2022\/08\/Liqeni-i-Grames-Wanderung.jpg?resize=768%2C480&amp;ssl=1 768w, https:\/\/i0.wp.com\/albanien.ch\/albanien_info\/wp-content\/uploads\/2022\/08\/Liqeni-i-Grames-Wanderung.jpg?resize=1536%2C960&amp;ssl=1 1536w, https:\/\/i0.wp.com\/albanien.ch\/albanien_info\/wp-content\/uploads\/2022\/08\/Liqeni-i-Grames-Wanderung.jpg?w=2000&amp;ssl=1 2000w\" sizes=\"auto, (max-width: 300px) 100vw, 300px\" \/><\/a><figcaption class=\"wp-element-caption\">Grama-Region<\/figcaption><\/figure><\/div>\n\n\n<p>Der Weitwanderweg High Scardus Trail schl\u00e4ngelt sich ebenfalls durch die Bergwelt Dibras. Er kommt aus dem Sharr-Gebirge (Kosova\/Nordmazedonien), f\u00fchrt durch Gora (Region Kuk\u00ebs in Nordostalbanien\/Kosova), durchs Korab-Gebirge und endet etwas s\u00fcdlich in Nordmazedonien bei Debar. Weitere Gebiete in Nordmazedonien (Mavrovo, Ohrid-Region mit Gali\u010dica) eignen sich als Fortsetzung. In der Region Dibar verl\u00e4uft der Weg meist in hoch oben, hohe Gipfel passierend und dem Gebirgskamm folgend.<\/p>\n\n\n\n<p>Der Nationalpark Lura und die Bergst\u00f6cke der Region bieten weitere M\u00f6glichkeiten f\u00fcr anspruchsvolle Touren. Hier fehlt es noch weitgehend an Infrastruktur oder Markierungen. Lura ist auch fast besser von Westen, aus der Mirdita zu erreichen.<\/p>\n\n\n<div class=\"wp-block-image\">\n<figure class=\"alignright size-medium\"><a href=\"https:\/\/albanien.ch\/albanien_info\/hikers-at-waterfall-in-diber\/\"><img data-recalc-dims=\"1\" loading=\"lazy\" decoding=\"async\" width=\"300\" height=\"188\" data-attachment-id=\"6857\" data-permalink=\"https:\/\/albanien.ch\/albanien_info\/hikers-at-waterfall-in-diber\/\" data-orig-file=\"https:\/\/i0.wp.com\/albanien.ch\/albanien_info\/wp-content\/uploads\/2022\/08\/Hikers-at-waterfall-in-Diber.jpg?fit=2000%2C1250&amp;ssl=1\" data-orig-size=\"2000,1250\" data-comments-opened=\"1\" data-image-meta=\"{&quot;aperture&quot;:&quot;0&quot;,&quot;credit&quot;:&quot;&quot;,&quot;camera&quot;:&quot;&quot;,&quot;caption&quot;:&quot;&quot;,&quot;created_timestamp&quot;:&quot;0&quot;,&quot;copyright&quot;:&quot;&quot;,&quot;focal_length&quot;:&quot;0&quot;,&quot;iso&quot;:&quot;0&quot;,&quot;shutter_speed&quot;:&quot;0&quot;,&quot;title&quot;:&quot;&quot;,&quot;orientation&quot;:&quot;0&quot;}\" data-image-title=\"Tired hikers at waterfall in Dib\u00ebr\" data-image-description=\"&lt;p&gt;Ersch\u00f6pfte Wanderer in den Bergen Dibras am Mali i Gram\u00ebs nach Aufstieg zu einem Wasserfall&lt;\/p&gt;\n\" data-image-caption=\"&lt;p&gt;Ersch\u00f6pft angekommen bei einem Wasserfall am Mali i Gram\u00ebs&lt;\/p&gt;\n\" data-medium-file=\"https:\/\/i0.wp.com\/albanien.ch\/albanien_info\/wp-content\/uploads\/2022\/08\/Hikers-at-waterfall-in-Diber.jpg?fit=300%2C188&amp;ssl=1\" data-large-file=\"https:\/\/i0.wp.com\/albanien.ch\/albanien_info\/wp-content\/uploads\/2022\/08\/Hikers-at-waterfall-in-Diber.jpg?fit=525%2C328&amp;ssl=1\" src=\"https:\/\/i0.wp.com\/albanien.ch\/albanien_info\/wp-content\/uploads\/2022\/08\/Hikers-at-waterfall-in-Diber.jpg?resize=300%2C188&#038;ssl=1\" alt=\"Wanderung zu einem Wasserfall in Albanien\" class=\"wp-image-6857\" srcset=\"https:\/\/i0.wp.com\/albanien.ch\/albanien_info\/wp-content\/uploads\/2022\/08\/Hikers-at-waterfall-in-Diber.jpg?resize=300%2C188&amp;ssl=1 300w, https:\/\/i0.wp.com\/albanien.ch\/albanien_info\/wp-content\/uploads\/2022\/08\/Hikers-at-waterfall-in-Diber.jpg?resize=1024%2C640&amp;ssl=1 1024w, https:\/\/i0.wp.com\/albanien.ch\/albanien_info\/wp-content\/uploads\/2022\/08\/Hikers-at-waterfall-in-Diber.jpg?resize=768%2C480&amp;ssl=1 768w, https:\/\/i0.wp.com\/albanien.ch\/albanien_info\/wp-content\/uploads\/2022\/08\/Hikers-at-waterfall-in-Diber.jpg?resize=1536%2C960&amp;ssl=1 1536w, https:\/\/i0.wp.com\/albanien.ch\/albanien_info\/wp-content\/uploads\/2022\/08\/Hikers-at-waterfall-in-Diber.jpg?w=2000&amp;ssl=1 2000w\" sizes=\"auto, (max-width: 300px) 100vw, 300px\" \/><\/a><figcaption class=\"wp-element-caption\">Rast bei einem Wasserfall am Berg Grama<\/figcaption><\/figure><\/div>\n\n\n<p>Die Touristeninformation in Peshkopia kann F\u00fchrer und Unterk\u00fcnfte in den l\u00e4ndlichen D\u00f6rfern vermitteln. Vielerorts gibt es zwischenzeitlich einfache Gasth\u00e4user. Pehskopia eignet sich gut auch als Ausgangspunkt, um die Bergwelt zu erkunden.<\/p>\n\n\n\n<p>Einige Touren in der Region sind auch im <a href=\"https:\/\/www.amazon.de\/Albanien-K%C3%BCstenwanderungen-Hirtenpfade-Gipfeltouren-Wanderf%C3%BChrer\/dp\/3763345302\/ref=as_li_ss_tl?__mk_de_DE=%C3%85M%C3%85%C5%BD%C3%95%C3%91&amp;keywords=rother+wanderf%C3%BChrer+albanien&amp;qid=1567247749&amp;s=gateway&amp;sr=8-1&amp;linkCode=ll1&amp;tag=langweilige07-21&amp;linkId=1d676f966c1f16f93fe4c677c6e7c1fc&amp;language=de_DE\" target=\"_blank\" rel=\"noreferrer noopener\">\u00bbRother Wanderf\u00fchrer Albanien\u00ab<\/a> beschrieben.<\/p>\n\n\n\n<p>Ein in den Jahren 2017\/18 erstelltes Set an Wanderkarten mit Routenbeschreibungen stellen unter folgendem Link zur Verf\u00fcgung.<\/p>\n\n\n\n<p><a href=\"https:\/\/albanien.ch\/albanien_info\/albanische-alpen\/\"><i class=\"wp-svg-redo-2 redo-2\"><\/i> Ausf\u00fchrliche Informationen zur Region Dibra inklusive  Wanderkarten<\/a><\/p>\n\n\n\n<div style=\"height:25px\" aria-hidden=\"true\" class=\"wp-block-spacer\"><\/div>\n\n\n\n<h2 class=\"wp-block-heading\">S\u00fcdostalbanien<\/h2>\n\n\n\n<h3 class=\"wp-block-heading\">Wandern in Zentralalbanien: Elbasan &amp; Umgebung<\/h3>\n\n\n\n<p><a href=\"https:\/\/albanien.ch\/albanien_info\/elbasan\/\">Elbasan<\/a> gilt sicherlich nicht als popul\u00e4re Wanderdestination \u2013&nbsp;und wird einmal mehr untersch\u00e4tzt. In der Region gibt es einige gut erreichbare Bergd\u00f6rfer, die gut als Ausgangspunkt f\u00fcr Wanderungen genutzt werden k\u00f6nnen. Es sind nicht unbedingt die h\u00f6chsten Berge \u2013 aber vielerorts bietet sich eine gute Weitsicht \u00fcber das H\u00fcgelland, die Ebenen und zu umliegenden Gebirgen.<\/p>\n\n\n\n<p>Aber auch schon im H\u00fcgelland tieferer Regionen gibt es einige Touren \u2013&nbsp;vielleicht aber eher im Winter als zu Jahreszeiten, wenn die Temperaturen im Flachland sehr hoch sind. <\/p>\n\n\n<div class=\"wp-block-image\">\n<figure class=\"alignright size-medium\"><a href=\"https:\/\/albanien.ch\/albanien_info\/tomorr-from-gjinar\/\"><img data-recalc-dims=\"1\" loading=\"lazy\" decoding=\"async\" width=\"300\" height=\"169\" data-attachment-id=\"7247\" data-permalink=\"https:\/\/albanien.ch\/albanien_info\/tomorr-from-gjinar\/\" data-orig-file=\"https:\/\/i0.wp.com\/albanien.ch\/albanien_info\/wp-content\/uploads\/2023\/04\/tomorr-from-gjinar.jpg?fit=2220%2C1250&amp;ssl=1\" data-orig-size=\"2220,1250\" data-comments-opened=\"1\" data-image-meta=\"{&quot;aperture&quot;:&quot;0&quot;,&quot;credit&quot;:&quot;&quot;,&quot;camera&quot;:&quot;&quot;,&quot;caption&quot;:&quot;&quot;,&quot;created_timestamp&quot;:&quot;0&quot;,&quot;copyright&quot;:&quot;&quot;,&quot;focal_length&quot;:&quot;0&quot;,&quot;iso&quot;:&quot;0&quot;,&quot;shutter_speed&quot;:&quot;0&quot;,&quot;title&quot;:&quot;&quot;,&quot;orientation&quot;:&quot;0&quot;}\" data-image-title=\"Tomorr von Gjinar\" data-image-description=\"&lt;p&gt;W\u00e4lder und Weitblick in Gjinar, Tomorr im Hintergrund&lt;\/p&gt;\n\" data-image-caption=\"&lt;p&gt;W\u00e4lder und Weitblick in Gjinar, Tomorr im Hintergrund&lt;\/p&gt;\n\" data-medium-file=\"https:\/\/i0.wp.com\/albanien.ch\/albanien_info\/wp-content\/uploads\/2023\/04\/tomorr-from-gjinar.jpg?fit=300%2C169&amp;ssl=1\" data-large-file=\"https:\/\/i0.wp.com\/albanien.ch\/albanien_info\/wp-content\/uploads\/2023\/04\/tomorr-from-gjinar.jpg?fit=525%2C296&amp;ssl=1\" src=\"https:\/\/i0.wp.com\/albanien.ch\/albanien_info\/wp-content\/uploads\/2023\/04\/tomorr-from-gjinar.jpg?resize=300%2C169&#038;ssl=1\" alt=\"Tomorr von Gjinar\" class=\"wp-image-7247\" srcset=\"https:\/\/i0.wp.com\/albanien.ch\/albanien_info\/wp-content\/uploads\/2023\/04\/tomorr-from-gjinar.jpg?resize=300%2C169&amp;ssl=1 300w, https:\/\/i0.wp.com\/albanien.ch\/albanien_info\/wp-content\/uploads\/2023\/04\/tomorr-from-gjinar.jpg?resize=1024%2C577&amp;ssl=1 1024w, https:\/\/i0.wp.com\/albanien.ch\/albanien_info\/wp-content\/uploads\/2023\/04\/tomorr-from-gjinar.jpg?resize=768%2C432&amp;ssl=1 768w, https:\/\/i0.wp.com\/albanien.ch\/albanien_info\/wp-content\/uploads\/2023\/04\/tomorr-from-gjinar.jpg?resize=1536%2C865&amp;ssl=1 1536w, https:\/\/i0.wp.com\/albanien.ch\/albanien_info\/wp-content\/uploads\/2023\/04\/tomorr-from-gjinar.jpg?resize=2048%2C1153&amp;ssl=1 2048w\" sizes=\"auto, (max-width: 300px) 100vw, 300px\" \/><\/a><figcaption class=\"wp-element-caption\">W\u00e4lder und Weitblick in Gjinar, Tomorr und Berge von Gramsh im Hintergrund<\/figcaption><\/figure><\/div>\n\n\n<p><strong>Gjinar<\/strong> s\u00fcdlich von Elbasan liegt hoch in ruhigem Berggebiet und wird gerne von Ausfl\u00fcglern besucht. <strong>Funar(a)<\/strong> im Norden von Elbasan ist weniger hoch gelegen, kann aber einen See ausweisen. Seen gibt es auch im Westen: Die Dumreja, H\u00fcgelland westlich von Elbasan, ist gespickt mit zahlreichen kleinen Seen, die sich auf Spazierg\u00e4ngen erkunden lassen.<\/p>\n\n\n\n<p>S\u00fcdlich von Elbasan liegt auch die Region <strong>Gramsh<\/strong>, die mit besonderen Natursch\u00f6nheiten autrumpft. Der <strong>Wasserfall von Sotrira<\/strong> ist \u00fcber eine einfache, rund zweieinhalbst\u00fcndige Wanderung zu erreichen \u2013&nbsp;der Anfang des Wegs ist aber nur \u00fcber unasphaltierte Strasse erreichbar: S\u00fcdlich von Gramsh \u00fcber die Br\u00fccke, dann immer tiefer ins Tal der Tomorrica hinein bis zum Dorf Sotira. Der <strong>Kanioni i Holt\u00ebs<\/strong>, eine sehr schmale Schlucht mit senkrenchten, gegen 100 Meter hohe Felsw\u00e4nde ist ein weiteres beliebtes Ausflugsziel. Die Anreise (vor der zweiten Br\u00fccke \u00fcber den Banja-Stausee ostw\u00e4rts) geht mehrheitlich \u00fcber frischen Asphalt. Die Besichtigung der Schlucht bringt aber zwangsl\u00e4ufig nasse F\u00fcsse mit sich: In der schmalen Schlucht muss man teilweise h\u00fcfttief durchs Wasser waten und schwimmen. Canyoning in solchen Schluchten ist nicht ungef\u00e4hrlich! Also den Canyon nur bei trockenem Wetter, wolkenlosem Himmel begehen. Wassertaugliche Schuhe sind empfohlen und auch ein Wetsuit, wenn es nicht gerade hochsommerlich heiss ist.<\/p>\n\n\n<div class=\"wp-block-image\">\n<figure class=\"alignright size-medium\"><a href=\"https:\/\/albanien.ch\/albanien_info\/via-egnatia-hiking\/\"><img data-recalc-dims=\"1\" loading=\"lazy\" decoding=\"async\" width=\"300\" height=\"171\" data-attachment-id=\"7246\" data-permalink=\"https:\/\/albanien.ch\/albanien_info\/via-egnatia-hiking\/\" data-orig-file=\"https:\/\/i0.wp.com\/albanien.ch\/albanien_info\/wp-content\/uploads\/2023\/04\/via-egnatia-hiking.jpg?fit=2000%2C1141&amp;ssl=1\" data-orig-size=\"2000,1141\" data-comments-opened=\"1\" data-image-meta=\"{&quot;aperture&quot;:&quot;0&quot;,&quot;credit&quot;:&quot;&quot;,&quot;camera&quot;:&quot;&quot;,&quot;caption&quot;:&quot;&quot;,&quot;created_timestamp&quot;:&quot;0&quot;,&quot;copyright&quot;:&quot;&quot;,&quot;focal_length&quot;:&quot;0&quot;,&quot;iso&quot;:&quot;0&quot;,&quot;shutter_speed&quot;:&quot;0&quot;,&quot;title&quot;:&quot;&quot;,&quot;orientation&quot;:&quot;0&quot;}\" data-image-title=\"Via Egnatia Hiking\" data-image-description=\"&lt;p&gt;Wandern auf antikem Pflaster: Die R\u00f6merstrasse Via Egnatia&lt;\/p&gt;\n\" data-image-caption=\"&lt;p&gt;Wandern auf antikem Pflaster: Die R\u00f6merstrasse Via Egnatia&lt;\/p&gt;\n\" data-medium-file=\"https:\/\/i0.wp.com\/albanien.ch\/albanien_info\/wp-content\/uploads\/2023\/04\/via-egnatia-hiking.jpg?fit=300%2C171&amp;ssl=1\" data-large-file=\"https:\/\/i0.wp.com\/albanien.ch\/albanien_info\/wp-content\/uploads\/2023\/04\/via-egnatia-hiking.jpg?fit=525%2C299&amp;ssl=1\" src=\"https:\/\/i0.wp.com\/albanien.ch\/albanien_info\/wp-content\/uploads\/2023\/04\/via-egnatia-hiking.jpg?resize=300%2C171&#038;ssl=1\" alt=\"Wandern auf der Via Egnatia\" class=\"wp-image-7246\" srcset=\"https:\/\/i0.wp.com\/albanien.ch\/albanien_info\/wp-content\/uploads\/2023\/04\/via-egnatia-hiking.jpg?resize=300%2C171&amp;ssl=1 300w, https:\/\/i0.wp.com\/albanien.ch\/albanien_info\/wp-content\/uploads\/2023\/04\/via-egnatia-hiking.jpg?resize=1024%2C584&amp;ssl=1 1024w, https:\/\/i0.wp.com\/albanien.ch\/albanien_info\/wp-content\/uploads\/2023\/04\/via-egnatia-hiking.jpg?resize=768%2C438&amp;ssl=1 768w, https:\/\/i0.wp.com\/albanien.ch\/albanien_info\/wp-content\/uploads\/2023\/04\/via-egnatia-hiking.jpg?resize=1536%2C876&amp;ssl=1 1536w, https:\/\/i0.wp.com\/albanien.ch\/albanien_info\/wp-content\/uploads\/2023\/04\/via-egnatia-hiking.jpg?w=2000&amp;ssl=1 2000w\" sizes=\"auto, (max-width: 300px) 100vw, 300px\" \/><\/a><figcaption class=\"wp-element-caption\">Wandern auf antikem Pflaster: Die R\u00f6merstrasse Via Egnatia<\/figcaption><\/figure><\/div>\n\n\n<p><strong>Miraka<\/strong> zu Beginn des Shkumbin-Durchbruchs bietet Kultur: Zur alte Bogenbr\u00fccke ist es ein bequemer Spaziergang, zum antiken Pflaster der r\u00f6mischen <strong>Via Egnatia<\/strong> sind es viele H\u00f6henmeter hoch in die Berge von Polis. Mehr zur Via Egnatia unten bei den Fernwanderwegen.<\/p>\n\n\n\n<p>Die Via Egnatia f\u00fchrt weiter in die Bergwelt Ostalbaniens hinein, wo sich viele weitere M\u00f6glichkeiten f\u00fcr Bergtouren er\u00f6ffnen. Im <strong>Shkumbin-Tal<\/strong> rund um Librazhd gibt es viele D\u00f6rfer am Hang, von wo aus sich kleine Touren machen lassen. Wer h\u00f6her hinaus m\u00f6chte. \u00d6stlich an der Grenze zu Nordmazedonien befindet sich der <strong>Nationalpark Shebenik<\/strong>. Die beiden Zweitausender Shebenik und Jablanica sind aber nur auf langen Touren zu erreichen. Auch das Besucherzentrum des Parks in Fush\u00eb-Studa nord\u00f6stlich von Librazhd liegt abgelegen \u2013 aber seit 2025 \u00fcber eine asphaltierte Strasse angeschlossen. Offroad-Fahrzeuge sind vorteilhaft, wenn man weiter in die Berge hineinfahren m\u00f6chte.  Der Fernwanderweg \u00bbHigh Scardus Trail\u00ab streif den Nationalpark ebenfalls \u2013\u00a0die Route ist aber nur ein Abstecher von Nordmazedonien aus.<\/p>\n\n\n\n<p>Das Internet bietet Details zu all diesen Touren. <\/p>\n\n\n\n<div style=\"height:25px\" aria-hidden=\"true\" class=\"wp-block-spacer\"><\/div>\n\n\n\n<h3 class=\"wp-block-heading\">Wandern in Pogradec und in den Mokra-Bergen<\/h3>\n\n\n\n<p><strong>Pogradec<\/strong> bietet mehr f\u00fcr Spazierg\u00e4nger als f\u00fcr Wanderer. Man kann gem\u00fctlich dem Seeufer entlang promenieren. Anspruchsvoll ist einzig die Besteigung des Burgh\u00fcgels.<\/p>\n\n\n<div class=\"wp-block-image\">\n<figure class=\"alignright size-medium\"><a href=\"https:\/\/albanien.ch\/albanien_info\/pogradec\/guri_i_kamjes\/\"><img data-recalc-dims=\"1\" loading=\"lazy\" decoding=\"async\" width=\"300\" height=\"207\" data-attachment-id=\"591\" data-permalink=\"https:\/\/albanien.ch\/albanien_info\/pogradec\/guri_i_kamjes\/\" data-orig-file=\"https:\/\/i0.wp.com\/albanien.ch\/albanien_info\/wp-content\/uploads\/2015\/04\/Guri_i_Kamjes.jpg?fit=1500%2C1034&amp;ssl=1\" data-orig-size=\"1500,1034\" data-comments-opened=\"1\" data-image-meta=\"{&quot;aperture&quot;:&quot;0&quot;,&quot;credit&quot;:&quot;&quot;,&quot;camera&quot;:&quot;&quot;,&quot;caption&quot;:&quot;&quot;,&quot;created_timestamp&quot;:&quot;0&quot;,&quot;copyright&quot;:&quot;&quot;,&quot;focal_length&quot;:&quot;0&quot;,&quot;iso&quot;:&quot;0&quot;,&quot;shutter_speed&quot;:&quot;0&quot;,&quot;title&quot;:&quot;&quot;,&quot;orientation&quot;:&quot;0&quot;}\" data-image-title=\"Guri i Kamj\u00ebs\" data-image-description=\"&lt;p&gt;Felsformation \u00bbGuri i Kamj\u00ebs\u00ab s\u00fcdlich von Pogradec&lt;\/p&gt;\n\" data-image-caption=\"&lt;p&gt;Felsformation \u00bbGuri i Kamj\u00ebs\u00ab s\u00fcdlich von Pogradec&lt;\/p&gt;\n\" data-medium-file=\"https:\/\/i0.wp.com\/albanien.ch\/albanien_info\/wp-content\/uploads\/2015\/04\/Guri_i_Kamjes.jpg?fit=300%2C207&amp;ssl=1\" data-large-file=\"https:\/\/i0.wp.com\/albanien.ch\/albanien_info\/wp-content\/uploads\/2015\/04\/Guri_i_Kamjes.jpg?fit=525%2C362&amp;ssl=1\" src=\"https:\/\/i0.wp.com\/albanien.ch\/albanien_info\/wp-content\/uploads\/2015\/04\/Guri_i_Kamjes.jpg?resize=300%2C207&#038;ssl=1\" alt=\"Guri i Kamj\u00ebs\" class=\"wp-image-591\" srcset=\"https:\/\/i0.wp.com\/albanien.ch\/albanien_info\/wp-content\/uploads\/2015\/04\/Guri_i_Kamjes.jpg?resize=300%2C207&amp;ssl=1 300w, https:\/\/i0.wp.com\/albanien.ch\/albanien_info\/wp-content\/uploads\/2015\/04\/Guri_i_Kamjes.jpg?resize=1024%2C706&amp;ssl=1 1024w, https:\/\/i0.wp.com\/albanien.ch\/albanien_info\/wp-content\/uploads\/2015\/04\/Guri_i_Kamjes.jpg?resize=900%2C620&amp;ssl=1 900w, https:\/\/i0.wp.com\/albanien.ch\/albanien_info\/wp-content\/uploads\/2015\/04\/Guri_i_Kamjes.jpg?w=1500&amp;ssl=1 1500w\" sizes=\"auto, (max-width: 300px) 100vw, 300px\" \/><\/a><figcaption class=\"wp-element-caption\">Felsformation \u00bbGuri i Kamj\u00ebs\u00ab<\/figcaption><\/figure><\/div>\n\n\n<p>Im Umland von <a href=\"https:\/\/albanien.ch\/albanien_info\/pogradec\/\">Pogradec<\/a> bieten sich aber viele M\u00f6glichkeiten f\u00fcr Touren. Leider ist das Hinterland der Stadt nur schlecht durch Strassen erschlossen. Viele D\u00f6rfer sind abgeschieden und nur schwer \u00fcber unbefestigte Str\u00e4sschen zu erreichen. Lokale Reiseb\u00fcros k\u00f6nnen Fahrten und F\u00fchrer vermitteln \u2013&nbsp;markiert ist hier nichts. Wanderer sind hier ungest\u00f6rt und alleine mit den Einheimischen Bauern und Hirten.<\/p>\n\n\n\n<p>Recht bekannt und noch einigermassen gut erreichbar ist der Berg \u00bbGuri i Kamj\u00ebs\u00ab. Man kann auf einer Fahrstrasse zum Felsen wandern oder diesen auch erkraxeln.<\/p>\n\n\n\n<p>Von P\u00ebrrenjas oder Quk\u00ebs aus f\u00fchren Strassen ins obere Shkumbintal. Diese abgeschiedene Region der Mokra-Berge bietet viele M\u00f6glichkeiten. Hoch \u00fcber dem kleinen Dorf Bishtrica liegen die Lukova-Seen und der Gipfel Gur i Zi (2072 m). Das Kloster von \u00bbSh\u00ebn Maren\u00eb\u00ab liegt noch weiter s\u00fcdlich in noch abgeschiedener Gegend bei Ll\u00ebnga. <\/p>\n\n\n\n<figure class=\"wp-block-gallery has-nested-images columns-default is-cropped wp-block-gallery-2 is-layout-flex wp-block-gallery-is-layout-flex\">\n<figure class=\"wp-block-image size-large\"><img data-recalc-dims=\"1\" loading=\"lazy\" decoding=\"async\" width=\"525\" height=\"349\" data-attachment-id=\"7248\" data-permalink=\"https:\/\/albanien.ch\/albanien_info\/liqenet-e-lukoves\/\" data-orig-file=\"https:\/\/i0.wp.com\/albanien.ch\/albanien_info\/wp-content\/uploads\/2023\/04\/Liqenet-e-Lukoves.jpg?fit=2000%2C1329&amp;ssl=1\" data-orig-size=\"2000,1329\" data-comments-opened=\"1\" data-image-meta=\"{&quot;aperture&quot;:&quot;0&quot;,&quot;credit&quot;:&quot;&quot;,&quot;camera&quot;:&quot;&quot;,&quot;caption&quot;:&quot;&quot;,&quot;created_timestamp&quot;:&quot;0&quot;,&quot;copyright&quot;:&quot;&quot;,&quot;focal_length&quot;:&quot;0&quot;,&quot;iso&quot;:&quot;0&quot;,&quot;shutter_speed&quot;:&quot;0&quot;,&quot;title&quot;:&quot;&quot;,&quot;orientation&quot;:&quot;0&quot;}\" data-image-title=\"Liqenet e Lukov\u00ebs\" data-image-description=\"&lt;p&gt;Bergsee der Liqenet e Lukov\u00ebs, im Hintergrund der Guri i Zi&lt;\/p&gt;\n\" data-image-caption=\"&lt;p&gt;Liqenet e Lukov\u00ebs&lt;\/p&gt;\n\" data-medium-file=\"https:\/\/i0.wp.com\/albanien.ch\/albanien_info\/wp-content\/uploads\/2023\/04\/Liqenet-e-Lukoves.jpg?fit=300%2C199&amp;ssl=1\" data-large-file=\"https:\/\/i0.wp.com\/albanien.ch\/albanien_info\/wp-content\/uploads\/2023\/04\/Liqenet-e-Lukoves.jpg?fit=525%2C349&amp;ssl=1\" data-id=\"7248\" src=\"https:\/\/i0.wp.com\/albanien.ch\/albanien_info\/wp-content\/uploads\/2023\/04\/Liqenet-e-Lukoves.jpg?resize=525%2C349&#038;ssl=1\" alt=\"Bergsee der Liqenet e Lukov\u00ebs\" class=\"wp-image-7248\" srcset=\"https:\/\/i0.wp.com\/albanien.ch\/albanien_info\/wp-content\/uploads\/2023\/04\/Liqenet-e-Lukoves.jpg?resize=1024%2C680&amp;ssl=1 1024w, https:\/\/i0.wp.com\/albanien.ch\/albanien_info\/wp-content\/uploads\/2023\/04\/Liqenet-e-Lukoves.jpg?resize=300%2C199&amp;ssl=1 300w, https:\/\/i0.wp.com\/albanien.ch\/albanien_info\/wp-content\/uploads\/2023\/04\/Liqenet-e-Lukoves.jpg?resize=768%2C510&amp;ssl=1 768w, https:\/\/i0.wp.com\/albanien.ch\/albanien_info\/wp-content\/uploads\/2023\/04\/Liqenet-e-Lukoves.jpg?resize=1536%2C1021&amp;ssl=1 1536w, https:\/\/i0.wp.com\/albanien.ch\/albanien_info\/wp-content\/uploads\/2023\/04\/Liqenet-e-Lukoves.jpg?w=2000&amp;ssl=1 2000w\" sizes=\"auto, (max-width: 525px) 100vw, 525px\" \/><figcaption class=\"wp-element-caption\">Liqenet e Lukov\u00ebs<\/figcaption><\/figure>\n\n\n\n<figure class=\"wp-block-image size-large\"><img data-recalc-dims=\"1\" loading=\"lazy\" decoding=\"async\" width=\"525\" height=\"349\" data-attachment-id=\"7249\" data-permalink=\"https:\/\/albanien.ch\/albanien_info\/hiking-bishtrica-mountains\/\" data-orig-file=\"https:\/\/i0.wp.com\/albanien.ch\/albanien_info\/wp-content\/uploads\/2023\/04\/Hiking-Bishtrica-Mountains.jpg?fit=2000%2C1329&amp;ssl=1\" data-orig-size=\"2000,1329\" data-comments-opened=\"1\" data-image-meta=\"{&quot;aperture&quot;:&quot;0&quot;,&quot;credit&quot;:&quot;&quot;,&quot;camera&quot;:&quot;&quot;,&quot;caption&quot;:&quot;&quot;,&quot;created_timestamp&quot;:&quot;0&quot;,&quot;copyright&quot;:&quot;&quot;,&quot;focal_length&quot;:&quot;0&quot;,&quot;iso&quot;:&quot;0&quot;,&quot;shutter_speed&quot;:&quot;0&quot;,&quot;title&quot;:&quot;&quot;,&quot;orientation&quot;:&quot;0&quot;}\" data-image-title=\"Hiking Bishtrica Mountains\" data-image-description=\"&lt;p&gt;Wiesen an den H\u00e4ngen des Guri i Zi, Mokra-Berge, Bishtrica, Pogradec&lt;\/p&gt;\n\" data-image-caption=\"&lt;p&gt;Guri i Zi in den Mokra-Bergen&lt;\/p&gt;\n\" data-medium-file=\"https:\/\/i0.wp.com\/albanien.ch\/albanien_info\/wp-content\/uploads\/2023\/04\/Hiking-Bishtrica-Mountains.jpg?fit=300%2C199&amp;ssl=1\" data-large-file=\"https:\/\/i0.wp.com\/albanien.ch\/albanien_info\/wp-content\/uploads\/2023\/04\/Hiking-Bishtrica-Mountains.jpg?fit=525%2C349&amp;ssl=1\" data-id=\"7249\" src=\"https:\/\/i0.wp.com\/albanien.ch\/albanien_info\/wp-content\/uploads\/2023\/04\/Hiking-Bishtrica-Mountains.jpg?resize=525%2C349&#038;ssl=1\" alt=\"Abstieg vom Guri i Zi, Mokra-Berge\" class=\"wp-image-7249\" srcset=\"https:\/\/i0.wp.com\/albanien.ch\/albanien_info\/wp-content\/uploads\/2023\/04\/Hiking-Bishtrica-Mountains.jpg?resize=1024%2C680&amp;ssl=1 1024w, https:\/\/i0.wp.com\/albanien.ch\/albanien_info\/wp-content\/uploads\/2023\/04\/Hiking-Bishtrica-Mountains.jpg?resize=300%2C199&amp;ssl=1 300w, https:\/\/i0.wp.com\/albanien.ch\/albanien_info\/wp-content\/uploads\/2023\/04\/Hiking-Bishtrica-Mountains.jpg?resize=768%2C510&amp;ssl=1 768w, https:\/\/i0.wp.com\/albanien.ch\/albanien_info\/wp-content\/uploads\/2023\/04\/Hiking-Bishtrica-Mountains.jpg?resize=1536%2C1021&amp;ssl=1 1536w, https:\/\/i0.wp.com\/albanien.ch\/albanien_info\/wp-content\/uploads\/2023\/04\/Hiking-Bishtrica-Mountains.jpg?w=2000&amp;ssl=1 2000w\" sizes=\"auto, (max-width: 525px) 100vw, 525px\" \/><figcaption class=\"wp-element-caption\">Guri i Zi in den Mokra-Bergen<\/figcaption><\/figure>\n\n\n\n<figure class=\"wp-block-image size-large\"><img data-recalc-dims=\"1\" loading=\"lazy\" decoding=\"async\" width=\"525\" height=\"349\" data-attachment-id=\"7250\" data-permalink=\"https:\/\/albanien.ch\/albanien_info\/wandern-flussquerung\/\" data-orig-file=\"https:\/\/i0.wp.com\/albanien.ch\/albanien_info\/wp-content\/uploads\/2023\/04\/Wandern-Flussquerung.jpg?fit=2000%2C1329&amp;ssl=1\" data-orig-size=\"2000,1329\" data-comments-opened=\"1\" data-image-meta=\"{&quot;aperture&quot;:&quot;0&quot;,&quot;credit&quot;:&quot;&quot;,&quot;camera&quot;:&quot;&quot;,&quot;caption&quot;:&quot;&quot;,&quot;created_timestamp&quot;:&quot;0&quot;,&quot;copyright&quot;:&quot;&quot;,&quot;focal_length&quot;:&quot;0&quot;,&quot;iso&quot;:&quot;0&quot;,&quot;shutter_speed&quot;:&quot;0&quot;,&quot;title&quot;:&quot;&quot;,&quot;orientation&quot;:&quot;0&quot;}\" data-image-title=\"Wandern Flussquerung\" data-image-description=\"&lt;p&gt;Wacklige Br\u00fccke in Albanien, Bishtrica, Mokra-Berge&lt;\/p&gt;\n\" data-image-caption=\"&lt;p&gt;Wacklige Br\u00fccke in Albanien&lt;\/p&gt;\n\" data-medium-file=\"https:\/\/i0.wp.com\/albanien.ch\/albanien_info\/wp-content\/uploads\/2023\/04\/Wandern-Flussquerung.jpg?fit=300%2C199&amp;ssl=1\" data-large-file=\"https:\/\/i0.wp.com\/albanien.ch\/albanien_info\/wp-content\/uploads\/2023\/04\/Wandern-Flussquerung.jpg?fit=525%2C349&amp;ssl=1\" data-id=\"7250\" src=\"https:\/\/i0.wp.com\/albanien.ch\/albanien_info\/wp-content\/uploads\/2023\/04\/Wandern-Flussquerung.jpg?resize=525%2C349&#038;ssl=1\" alt=\"Wacklige Br\u00fccke in Albanien\" class=\"wp-image-7250\" srcset=\"https:\/\/i0.wp.com\/albanien.ch\/albanien_info\/wp-content\/uploads\/2023\/04\/Wandern-Flussquerung.jpg?resize=1024%2C680&amp;ssl=1 1024w, https:\/\/i0.wp.com\/albanien.ch\/albanien_info\/wp-content\/uploads\/2023\/04\/Wandern-Flussquerung.jpg?resize=300%2C199&amp;ssl=1 300w, https:\/\/i0.wp.com\/albanien.ch\/albanien_info\/wp-content\/uploads\/2023\/04\/Wandern-Flussquerung.jpg?resize=768%2C510&amp;ssl=1 768w, https:\/\/i0.wp.com\/albanien.ch\/albanien_info\/wp-content\/uploads\/2023\/04\/Wandern-Flussquerung.jpg?resize=1536%2C1021&amp;ssl=1 1536w, https:\/\/i0.wp.com\/albanien.ch\/albanien_info\/wp-content\/uploads\/2023\/04\/Wandern-Flussquerung.jpg?w=2000&amp;ssl=1 2000w\" sizes=\"auto, (max-width: 525px) 100vw, 525px\" \/><figcaption class=\"wp-element-caption\">Wacklige Br\u00fccke in Albanien<\/figcaption><\/figure>\n<\/figure>\n\n\n\n<div style=\"height:25px\" aria-hidden=\"true\" class=\"wp-block-spacer\"><\/div>\n\n\n\n<h3 class=\"wp-block-heading\">Abgeschiedene Bergregion rund um die Valamara<\/h3>\n\n\n\n<p>Im Nirgendwo zwischen Elbasan\/Gramsh, Pogradec und Kor\u00e7a erhebt sich die Valamara, mit 2373 Metern der h\u00f6chste Berg der Region. Die Zufahrt zu den D\u00f6rfern an den H\u00e4ngen (Shal\u00ebs, Grabova) ist schwierig, und die Besteigung von dort aus immer noch sehr lang. Auf dem Gipfel er\u00f6ffnet sich nicht nur ein endloses Panorama, auch ein paar Bergseen werten die Region auf. Als Ausgangsort eignet sich Grabova e Sip\u00ebrme am besten. Im Dorf gibt es ein G\u00e4stehaus und der ber\u00fchmte \u00bbgespaltene Berg\u00ab, ein Felsen auf der Zufahrt, ist ebenfalls sehenswert. \u00dcber dem Nachbardorf Lenia liegt noch ein weiterer Bergsee versteckt im Wald \u2013&nbsp;ein heiliger Ort, ebenfalls \u00fcber Offroad-Piste erreichbar und m\u00f6glicher Ausgangspunkt f\u00fcr die Besteigung der Valamara. In den D\u00f6rfern findet man allenfalls Guides \u2013&nbsp;ansonsten ist man auf Erfahrung, Tracks und GPS angewiesen, da die Wege nicht markiert sind.<\/p>\n\n\n\n<div style=\"height:25px\" aria-hidden=\"true\" class=\"wp-block-spacer\"><\/div>\n\n\n\n<h3 class=\"wp-block-heading\">Wanderregion Kor\u00e7a<\/h3>\n\n\n\n<p>Ob <a href=\"https:\/\/albanien.ch\/albanien_info\/prespa-seen\/\">Prespa-Nationalpark<\/a>, <a href=\"https:\/\/albanien.ch\/albanien_info\/morava-gebirge-mborja-dardha\/\">Morava-Gebirge<\/a>, Berge von <a href=\"https:\/\/albanien.ch\/albanien_info\/voskopoja-und-vithkuq\/\">Voskopoja und Vithkuq<\/a> oder Kolonja, die Region rund um die S\u00fcdostalbanische Metropole <a href=\"https:\/\/albanien.ch\/albanien_info\/korca\/\">Kor\u00e7a<\/a> bietet endlose Wanderhighlights. Die Berge erheben sich schon direkt \u00fcber der Stadt.<\/p>\n\n\n\n<p>Neben dem Boot sind Schusters Rappen eine weitere gute M\u00f6glichkeit, um die Region <strong>Prespasee<\/strong> zu erkunden. Es gibt im Nationalpark diverse markierte Routen unterschiedlicher L\u00e4nge, so zum Beispiel zwischen den D\u00f6rfern Pustec und Globo\u010dani (Gollombo\u00e7), von Zrnovsko (Zaroshka) am einsamen s\u00fcdlichen Seeufer entlang oder von Tuminec (Kallamas) nach Osten zu ehemaligen Einsiedeleien am Ufer unmittelbar an der Grenze zu Nordmazedonien. Wanderungen in Seen\u00e4he lassens ich gut mit Vogelbeobachtungen kombinieren. F\u00fcr Gipfelbeisteigungen bietet sich der <strong>Mali i That\u00eb<\/strong> an. Diese lange Tour mit rund 1000 H\u00f6henmetern beginnt im Dorf Gorica oder alternativ im Dorf Alarup auf der Westseite des Berges.<\/p>\n\n\n<div class=\"wp-block-image\">\n<figure class=\"alignright size-medium\"><a href=\"https:\/\/albanien.ch\/albanien_info\/guri-i-cjapit-hike\/\"><img data-recalc-dims=\"1\" loading=\"lazy\" decoding=\"async\" width=\"300\" height=\"199\" data-attachment-id=\"7252\" data-permalink=\"https:\/\/albanien.ch\/albanien_info\/guri-i-cjapit-hike\/\" data-orig-file=\"https:\/\/i0.wp.com\/albanien.ch\/albanien_info\/wp-content\/uploads\/2023\/04\/Guri-i-Cjapit-Hike.jpg?fit=2000%2C1329&amp;ssl=1\" data-orig-size=\"2000,1329\" data-comments-opened=\"1\" data-image-meta=\"{&quot;aperture&quot;:&quot;0&quot;,&quot;credit&quot;:&quot;&quot;,&quot;camera&quot;:&quot;&quot;,&quot;caption&quot;:&quot;&quot;,&quot;created_timestamp&quot;:&quot;0&quot;,&quot;copyright&quot;:&quot;&quot;,&quot;focal_length&quot;:&quot;0&quot;,&quot;iso&quot;:&quot;0&quot;,&quot;shutter_speed&quot;:&quot;0&quot;,&quot;title&quot;:&quot;&quot;,&quot;orientation&quot;:&quot;0&quot;}\" data-image-title=\"Guri i Capit Hike\" data-image-description=\"&lt;p&gt;Wanderer beim Felsen Guri i Capit &lt;\/p&gt;\n\" data-image-caption=\"&lt;p&gt;Felsformation \u00bbGuri i Capit\u00ab&lt;\/p&gt;\n\" data-medium-file=\"https:\/\/i0.wp.com\/albanien.ch\/albanien_info\/wp-content\/uploads\/2023\/04\/Guri-i-Cjapit-Hike.jpg?fit=300%2C199&amp;ssl=1\" data-large-file=\"https:\/\/i0.wp.com\/albanien.ch\/albanien_info\/wp-content\/uploads\/2023\/04\/Guri-i-Cjapit-Hike.jpg?fit=525%2C349&amp;ssl=1\" src=\"https:\/\/i0.wp.com\/albanien.ch\/albanien_info\/wp-content\/uploads\/2023\/04\/Guri-i-Cjapit-Hike.jpg?resize=300%2C199&#038;ssl=1\" alt=\"Wanderer beim Felsen Guri i Capit\" class=\"wp-image-7252\" srcset=\"https:\/\/i0.wp.com\/albanien.ch\/albanien_info\/wp-content\/uploads\/2023\/04\/Guri-i-Cjapit-Hike.jpg?resize=300%2C199&amp;ssl=1 300w, https:\/\/i0.wp.com\/albanien.ch\/albanien_info\/wp-content\/uploads\/2023\/04\/Guri-i-Cjapit-Hike.jpg?resize=1024%2C680&amp;ssl=1 1024w, https:\/\/i0.wp.com\/albanien.ch\/albanien_info\/wp-content\/uploads\/2023\/04\/Guri-i-Cjapit-Hike.jpg?resize=768%2C510&amp;ssl=1 768w, https:\/\/i0.wp.com\/albanien.ch\/albanien_info\/wp-content\/uploads\/2023\/04\/Guri-i-Cjapit-Hike.jpg?resize=1536%2C1021&amp;ssl=1 1536w, https:\/\/i0.wp.com\/albanien.ch\/albanien_info\/wp-content\/uploads\/2023\/04\/Guri-i-Cjapit-Hike.jpg?w=2000&amp;ssl=1 2000w\" sizes=\"auto, (max-width: 300px) 100vw, 300px\" \/><\/a><figcaption class=\"wp-element-caption\">Felsformation \u00bbGuri i Capit\u00ab<\/figcaption><\/figure><\/div>\n\n\n<p>Hotel und Kreuz hoch \u00fcber Kor\u00e7a, auf asphaltierter Strasse erreichbar, sind auch Ziel und Ausgangspunkt diverser Wanderungen im <strong>Morava-Gebirge<\/strong>. Das Dorf <strong>Drenova<\/strong> s\u00fcdlich von Kor\u00e7a mit dem angrenzenden Nationalpark bietet weitere M\u00f6glichkeiten. Eine einfache Wanderung f\u00fchrt vorbei an ehemaligen Bergwerken und durch W\u00e4lder zum Felsen \u00bbGur i Capit\u00ab, einer markanten Sandsteinformation im Nationalpark. Anstrengendere Touren haben Kapellen und Berggipfel direkt \u00fcber dem Dorf als Ziel. Von Drenova l\u00e4sst sich auch bis Dardha wandern. L\u00e4ngere Touren in der Abgeschiedenheit des Morava-Gebirges ben\u00f6tigen guter Vorbereitung.<\/p>\n\n\n\n<p>Der Rother-Wanderf\u00fchrer beschreibt Touren in diesem Gebiet.<\/p>\n\n\n<div class=\"wp-block-image\">\n<figure class=\"alignright size-medium is-resized\"><a href=\"https:\/\/albanien.ch\/albanien_info\/dardha-hiking\/\"><img data-recalc-dims=\"1\" loading=\"lazy\" decoding=\"async\" width=\"300\" height=\"188\" data-attachment-id=\"7255\" data-permalink=\"https:\/\/albanien.ch\/albanien_info\/dardha-hiking\/\" data-orig-file=\"https:\/\/i0.wp.com\/albanien.ch\/albanien_info\/wp-content\/uploads\/2023\/04\/Dardha-Hiking.jpg?fit=2000%2C1253&amp;ssl=1\" data-orig-size=\"2000,1253\" data-comments-opened=\"1\" data-image-meta=\"{&quot;aperture&quot;:&quot;0&quot;,&quot;credit&quot;:&quot;&quot;,&quot;camera&quot;:&quot;&quot;,&quot;caption&quot;:&quot;&quot;,&quot;created_timestamp&quot;:&quot;0&quot;,&quot;copyright&quot;:&quot;&quot;,&quot;focal_length&quot;:&quot;0&quot;,&quot;iso&quot;:&quot;0&quot;,&quot;shutter_speed&quot;:&quot;0&quot;,&quot;title&quot;:&quot;&quot;,&quot;orientation&quot;:&quot;0&quot;}\" data-image-title=\"Dardha Scenic Trail\" data-image-description=\"&lt;p&gt;Schild \u00bbDardha Scenic Trail\u00ab&lt;\/p&gt;\n\" data-image-caption=\"&lt;p&gt;Schild \u00bbDardha Scenic Trail\u00ab&lt;\/p&gt;\n\" data-medium-file=\"https:\/\/i0.wp.com\/albanien.ch\/albanien_info\/wp-content\/uploads\/2023\/04\/Dardha-Hiking.jpg?fit=300%2C188&amp;ssl=1\" data-large-file=\"https:\/\/i0.wp.com\/albanien.ch\/albanien_info\/wp-content\/uploads\/2023\/04\/Dardha-Hiking.jpg?fit=525%2C329&amp;ssl=1\" src=\"https:\/\/i0.wp.com\/albanien.ch\/albanien_info\/wp-content\/uploads\/2023\/04\/Dardha-Hiking.jpg?resize=300%2C188&#038;ssl=1\" alt=\"Schild \u00bbDardha Scenic Trail\u00ab\" class=\"wp-image-7255\" style=\"width:300px;height:188px\" srcset=\"https:\/\/i0.wp.com\/albanien.ch\/albanien_info\/wp-content\/uploads\/2023\/04\/Dardha-Hiking.jpg?resize=300%2C188&amp;ssl=1 300w, https:\/\/i0.wp.com\/albanien.ch\/albanien_info\/wp-content\/uploads\/2023\/04\/Dardha-Hiking.jpg?resize=1024%2C642&amp;ssl=1 1024w, https:\/\/i0.wp.com\/albanien.ch\/albanien_info\/wp-content\/uploads\/2023\/04\/Dardha-Hiking.jpg?resize=768%2C481&amp;ssl=1 768w, https:\/\/i0.wp.com\/albanien.ch\/albanien_info\/wp-content\/uploads\/2023\/04\/Dardha-Hiking.jpg?resize=1536%2C962&amp;ssl=1 1536w, https:\/\/i0.wp.com\/albanien.ch\/albanien_info\/wp-content\/uploads\/2023\/04\/Dardha-Hiking.jpg?w=2000&amp;ssl=1 2000w\" sizes=\"auto, (max-width: 300px) 100vw, 300px\" \/><\/a><figcaption class=\"wp-element-caption\">Schild \u00bbDardha Scenic Trail\u00ab<\/figcaption><\/figure><\/div>\n\n\n<p>Das Gebirgsdorf Dardha liegt inmitten des Morava-Gebirges auf rund 1300 Metern H\u00f6he. Neben einer Erkundung des Dorfes gibt es auch zahlreiche Wanderrouten in den umliegenden, stark bewaldeten Bergen. Zum Teil sind sie markiert, zum Teil ist man auf eigene Navigation angewiesen.<\/p>\n\n\n\n<p>Weiter s\u00fcdlich liegen sehr abgeschiedenen noch weitere D\u00f6rfer, teilweise besser von Devoll auf der S\u00fcdseite des Gebirges erreichbar. W\u00e4hrend es in Dardha mehrere Hotels, G\u00e4steh\u00e4user und Skilift gibt, ist die Infrastruktur in Arr\u00ebz und Nikolica noch sehr bescheiden. <\/p>\n\n\n<div class=\"wp-block-image\">\n<figure class=\"alignright size-medium\"><a href=\"https:\/\/albanien.ch\/albanien_info\/voskopoa-kirche-berge\/\"><img data-recalc-dims=\"1\" loading=\"lazy\" decoding=\"async\" width=\"300\" height=\"167\" data-attachment-id=\"7256\" data-permalink=\"https:\/\/albanien.ch\/albanien_info\/voskopoa-kirche-berge\/\" data-orig-file=\"https:\/\/i0.wp.com\/albanien.ch\/albanien_info\/wp-content\/uploads\/2023\/04\/Voskopoa-Kirche-Berge-scaled.jpg?fit=2560%2C1425&amp;ssl=1\" data-orig-size=\"2560,1425\" data-comments-opened=\"1\" data-image-meta=\"{&quot;aperture&quot;:&quot;0&quot;,&quot;credit&quot;:&quot;&quot;,&quot;camera&quot;:&quot;&quot;,&quot;caption&quot;:&quot;&quot;,&quot;created_timestamp&quot;:&quot;0&quot;,&quot;copyright&quot;:&quot;&quot;,&quot;focal_length&quot;:&quot;0&quot;,&quot;iso&quot;:&quot;0&quot;,&quot;shutter_speed&quot;:&quot;0&quot;,&quot;title&quot;:&quot;&quot;,&quot;orientation&quot;:&quot;0&quot;}\" data-image-title=\"Voskopoa Kirche Berge\" data-image-description=\"&lt;p&gt;Kirche in den Bergen von Voskopoja&lt;\/p&gt;\n\" data-image-caption=\"&lt;p&gt;Kirche in den Bergen von Voskopoja&lt;\/p&gt;\n\" data-medium-file=\"https:\/\/i0.wp.com\/albanien.ch\/albanien_info\/wp-content\/uploads\/2023\/04\/Voskopoa-Kirche-Berge-scaled.jpg?fit=300%2C167&amp;ssl=1\" data-large-file=\"https:\/\/i0.wp.com\/albanien.ch\/albanien_info\/wp-content\/uploads\/2023\/04\/Voskopoa-Kirche-Berge-scaled.jpg?fit=525%2C292&amp;ssl=1\" src=\"https:\/\/i0.wp.com\/albanien.ch\/albanien_info\/wp-content\/uploads\/2023\/04\/Voskopoa-Kirche-Berge.jpg?resize=300%2C167&#038;ssl=1\" alt=\"Kirche in den Bergen von Voskopoja\" class=\"wp-image-7256\" srcset=\"https:\/\/i0.wp.com\/albanien.ch\/albanien_info\/wp-content\/uploads\/2023\/04\/Voskopoa-Kirche-Berge-scaled.jpg?resize=300%2C167&amp;ssl=1 300w, https:\/\/i0.wp.com\/albanien.ch\/albanien_info\/wp-content\/uploads\/2023\/04\/Voskopoa-Kirche-Berge-scaled.jpg?resize=1024%2C570&amp;ssl=1 1024w, https:\/\/i0.wp.com\/albanien.ch\/albanien_info\/wp-content\/uploads\/2023\/04\/Voskopoa-Kirche-Berge-scaled.jpg?resize=768%2C427&amp;ssl=1 768w, https:\/\/i0.wp.com\/albanien.ch\/albanien_info\/wp-content\/uploads\/2023\/04\/Voskopoa-Kirche-Berge-scaled.jpg?resize=1536%2C855&amp;ssl=1 1536w, https:\/\/i0.wp.com\/albanien.ch\/albanien_info\/wp-content\/uploads\/2023\/04\/Voskopoa-Kirche-Berge-scaled.jpg?resize=2048%2C1140&amp;ssl=1 2048w\" sizes=\"auto, (max-width: 300px) 100vw, 300px\" \/><\/a><figcaption class=\"wp-element-caption\">Kirche in den Bergen von Voskopoja<\/figcaption><\/figure><\/div>\n\n\n<p><strong>Voskopoja<\/strong> und <strong>Vithkuq<\/strong> werden vor allem wegen ihrem kulturellen Erbe besucht. Ein Besuch der Kirchen l\u00e4sst sich aber gut mit Wanderaktivit\u00e4ten kombinieren: Die Kirchen sind heutzutage weit in der Berglandschaft verstreut, die fr\u00fcher zu weiten Teilen urban Besiedelt war, als die Orte ihre Bl\u00fctezeit erlebten. In Vithkuq ist die Wanderung rund ums Dorf von Kirche zu Kirche sehr beliebt. Von Voskopoja wird oft auch ins Nachbardorf Shipske gewandert, wo sich eine weitere sehenswerte Kirche befindet. Voskopoja ist ein beliebtes Ausflugsziel mit zahlreichen Unterk\u00fcnften, in Vithkuq ist das Angebot noch sehr bescheiden.<\/p>\n\n\n\n<p>Rund eine Stunde s\u00fcdwestlich von Kor\u00e7a liegt die Region <strong>Kolonja<\/strong> mit dem Hauptort Erseka. Unter den vielen M\u00f6glichkeiten f\u00fcr Wanderungen seien hier drei herausgehoben. Das h\u00fcbsche Dorf <strong>Rehova<\/strong> liegt gleich \u00f6stlich von Erseka an den H\u00e4ngen des Gebirges, das die Grenze zu Griechenland bildet. Ein Wanderweg wurde markiert, ambitionierte Wanderer steigen noch weiter auf. Der h\u00f6chste Berg im Grenzkamm ist der <strong>Gramoz<\/strong> (Grammos) mit einer H\u00f6he von 2520 Metern. Der lange Aufstieg von Starja aus ist mit \u00fcber 1200 H\u00f6henmetern verbunden. Beim Dorf G\u00ebrmenj zwischen Erseka und Leskovik liegt die <strong>Farma Sotira<\/strong>, ein abgeschiedenes G\u00e4stehaus mitten im Wald. Von hier aus  gibt es diverse Touren in die Bergwelt an der griechischen Grenze.<\/p>\n\n\n\n<p>Das Internet bietet Details zu all diesen Touren. <\/p>\n\n\n\n<div style=\"height:25px\" aria-hidden=\"true\" class=\"wp-block-spacer\"><\/div>\n\n\n\n<h2 class=\"wp-block-heading\">S\u00fcdalbanien<\/h2>\n\n\n\n<h3 class=\"wp-block-heading\">Wandern in der Region P\u00ebrmet<\/h3>\n\n\n<div class=\"wp-block-image\">\n<figure class=\"alignright size-medium\"><a href=\"https:\/\/albanien.ch\/albanien_info\/wanderer-in-albanischem-dorf\/\"><img data-recalc-dims=\"1\" loading=\"lazy\" decoding=\"async\" width=\"199\" height=\"300\" data-attachment-id=\"7259\" data-permalink=\"https:\/\/albanien.ch\/albanien_info\/wanderer-in-albanischem-dorf\/\" data-orig-file=\"https:\/\/i0.wp.com\/albanien.ch\/albanien_info\/wp-content\/uploads\/2023\/04\/Wanderer-in-albanischem-Dorf.jpg?fit=1329%2C2000&amp;ssl=1\" data-orig-size=\"1329,2000\" data-comments-opened=\"1\" data-image-meta=\"{&quot;aperture&quot;:&quot;0&quot;,&quot;credit&quot;:&quot;&quot;,&quot;camera&quot;:&quot;&quot;,&quot;caption&quot;:&quot;&quot;,&quot;created_timestamp&quot;:&quot;0&quot;,&quot;copyright&quot;:&quot;&quot;,&quot;focal_length&quot;:&quot;0&quot;,&quot;iso&quot;:&quot;0&quot;,&quot;shutter_speed&quot;:&quot;0&quot;,&quot;title&quot;:&quot;&quot;,&quot;orientation&quot;:&quot;0&quot;}\" data-image-title=\"Wanderer in albanischem Dorf\" data-image-description=\"&lt;p&gt;Wanderer unterwegs in einem albanischen Bergdorf&lt;\/p&gt;\n\" data-image-caption=\"&lt;p&gt;Unterwegs in einem Bergdorf&lt;\/p&gt;\n\" data-medium-file=\"https:\/\/i0.wp.com\/albanien.ch\/albanien_info\/wp-content\/uploads\/2023\/04\/Wanderer-in-albanischem-Dorf.jpg?fit=199%2C300&amp;ssl=1\" data-large-file=\"https:\/\/i0.wp.com\/albanien.ch\/albanien_info\/wp-content\/uploads\/2023\/04\/Wanderer-in-albanischem-Dorf.jpg?fit=525%2C791&amp;ssl=1\" src=\"https:\/\/i0.wp.com\/albanien.ch\/albanien_info\/wp-content\/uploads\/2023\/04\/Wanderer-in-albanischem-Dorf.jpg?resize=199%2C300&#038;ssl=1\" alt=\"Wanderer in einem albanischen Dorf\" class=\"wp-image-7259\" srcset=\"https:\/\/i0.wp.com\/albanien.ch\/albanien_info\/wp-content\/uploads\/2023\/04\/Wanderer-in-albanischem-Dorf.jpg?resize=199%2C300&amp;ssl=1 199w, https:\/\/i0.wp.com\/albanien.ch\/albanien_info\/wp-content\/uploads\/2023\/04\/Wanderer-in-albanischem-Dorf.jpg?resize=680%2C1024&amp;ssl=1 680w, https:\/\/i0.wp.com\/albanien.ch\/albanien_info\/wp-content\/uploads\/2023\/04\/Wanderer-in-albanischem-Dorf.jpg?resize=768%2C1156&amp;ssl=1 768w, https:\/\/i0.wp.com\/albanien.ch\/albanien_info\/wp-content\/uploads\/2023\/04\/Wanderer-in-albanischem-Dorf.jpg?resize=1021%2C1536&amp;ssl=1 1021w, https:\/\/i0.wp.com\/albanien.ch\/albanien_info\/wp-content\/uploads\/2023\/04\/Wanderer-in-albanischem-Dorf.jpg?w=1329&amp;ssl=1 1329w\" sizes=\"auto, (max-width: 199px) 100vw, 199px\" \/><\/a><figcaption class=\"wp-element-caption\">Unterwegs in einem Bergdorf<\/figcaption><\/figure><\/div>\n\n\n<p>So vielf\u00e4ltig wie das obere <strong>Vjosa-Tal<\/strong> sind auch die Wanderm\u00f6glichkeiten in der Region. Viele lassen sich mit etwas Kultur verbinden. P\u00ebrmet ist ein vielf\u00e4ltiges Wandergebiet: Neben kurzen Ausfl\u00fcgen gibt es auch \u00bbwahnsinnige\u00ab&nbsp;Touren.<\/p>\n\n\n\n<p>P\u00ebrmet mit seinen Hotels, L\u00e4den und Restaurants eignet sich gut als Ausgangsort. <\/p>\n\n\n\n<p>Ganz im S\u00fcden dominieren die Steilen Felsw\u00e4nde der <strong>Nem\u00ebr\u00e7ka<\/strong> das Tal. Vom Dorf Biovizhda aus ist die Besteigung eines 1852 Meter hohen Vorgipfels direkt \u00fcber dem Dorf m\u00f6glich. Der Hauptgipfel der Nem\u00ebr\u00e7ka (2485 m) wird in der Regel von Westen erklommen. In Biovizhda lassen sich aber auch weniger anstrengende Rundtouren machen. Andere D\u00f6rfer am Fusse der Nem\u00ebr\u00e7ka-W\u00e4nde weiter n\u00f6rdlich bieten auch interessante Wanderungen. Ein attraktives Ziel ist der <strong>Sopot-Wasserfall<\/strong>, der vom Dorf Str\u00ebmbec aus erreicht werden kann.<\/p>\n\n\n\n<p>Im <strong>Nationalpark \u00bbBredhi i Hotov\u00ebs\u00ab<\/strong> sollten zwischenzeitlich sogar ein paar Wanderungen markiert sein. Sie sind aber abgeschieden und nur \u00fcber unasphaltierte Strassen erreichbar. <\/p>\n\n\n<div class=\"wp-block-image\">\n<figure class=\"alignright size-medium\"><a href=\"https:\/\/albanien.ch\/albanien_info\/hikers-ottoman-bridge-albania\/\"><img data-recalc-dims=\"1\" loading=\"lazy\" decoding=\"async\" width=\"300\" height=\"179\" data-attachment-id=\"7261\" data-permalink=\"https:\/\/albanien.ch\/albanien_info\/hikers-ottoman-bridge-albania\/\" data-orig-file=\"https:\/\/i0.wp.com\/albanien.ch\/albanien_info\/wp-content\/uploads\/2023\/04\/hikers-ottoman-bridge-albania.jpg?fit=2000%2C1194&amp;ssl=1\" data-orig-size=\"2000,1194\" data-comments-opened=\"1\" data-image-meta=\"{&quot;aperture&quot;:&quot;0&quot;,&quot;credit&quot;:&quot;&quot;,&quot;camera&quot;:&quot;&quot;,&quot;caption&quot;:&quot;&quot;,&quot;created_timestamp&quot;:&quot;0&quot;,&quot;copyright&quot;:&quot;&quot;,&quot;focal_length&quot;:&quot;0&quot;,&quot;iso&quot;:&quot;0&quot;,&quot;shutter_speed&quot;:&quot;0&quot;,&quot;title&quot;:&quot;&quot;,&quot;orientation&quot;:&quot;0&quot;}\" data-image-title=\"Hikers on Ottoman bridge in Albania\" data-image-description=\"&lt;p&gt;Wanderer auf osmanischer Steinbr\u00fccke \u00bbUra e Kadiut\u00ab bei B\u00ebnja&lt;\/p&gt;\n\" data-image-caption=\"&lt;p&gt;Osmanische Steinbr\u00fccke bei B\u00ebnja&lt;\/p&gt;\n\" data-medium-file=\"https:\/\/i0.wp.com\/albanien.ch\/albanien_info\/wp-content\/uploads\/2023\/04\/hikers-ottoman-bridge-albania.jpg?fit=300%2C179&amp;ssl=1\" data-large-file=\"https:\/\/i0.wp.com\/albanien.ch\/albanien_info\/wp-content\/uploads\/2023\/04\/hikers-ottoman-bridge-albania.jpg?fit=525%2C313&amp;ssl=1\" src=\"https:\/\/i0.wp.com\/albanien.ch\/albanien_info\/wp-content\/uploads\/2023\/04\/hikers-ottoman-bridge-albania.jpg?resize=300%2C179&#038;ssl=1\" alt=\"Wanderer auf historischer Steinbr\u00fccke bei B\u00ebnja\" class=\"wp-image-7261\" srcset=\"https:\/\/i0.wp.com\/albanien.ch\/albanien_info\/wp-content\/uploads\/2023\/04\/hikers-ottoman-bridge-albania.jpg?resize=300%2C179&amp;ssl=1 300w, https:\/\/i0.wp.com\/albanien.ch\/albanien_info\/wp-content\/uploads\/2023\/04\/hikers-ottoman-bridge-albania.jpg?resize=1024%2C611&amp;ssl=1 1024w, https:\/\/i0.wp.com\/albanien.ch\/albanien_info\/wp-content\/uploads\/2023\/04\/hikers-ottoman-bridge-albania.jpg?resize=768%2C458&amp;ssl=1 768w, https:\/\/i0.wp.com\/albanien.ch\/albanien_info\/wp-content\/uploads\/2023\/04\/hikers-ottoman-bridge-albania.jpg?resize=1536%2C917&amp;ssl=1 1536w, https:\/\/i0.wp.com\/albanien.ch\/albanien_info\/wp-content\/uploads\/2023\/04\/hikers-ottoman-bridge-albania.jpg?w=2000&amp;ssl=1 2000w\" sizes=\"auto, (max-width: 300px) 100vw, 300px\" \/><\/a><figcaption class=\"wp-element-caption\">Osmanische Steinbr\u00fccke bei B\u00ebnja<\/figcaption><\/figure><\/div>\n\n\n<p>Die warmen Quellen von <strong>B\u00ebnja<\/strong> am s\u00fcdlichen Ende des Nationalparks (etwas s\u00fcdlich von P\u00ebrmet) eignen sich als Campsite f\u00fcr Erkundigungen in der Gegend. Die hier beginnende Schlucht der Ll\u00ebngarica ist sehr eng, mit senkrechten Felsw\u00e4nden. Der untere Bereich kann durchwatet werden. F\u00fcr die Passage der ganzen Schlucht braucht es gute Erfahrung im Canyoning \u2013 und nat\u00fcrlich gutes Wesser. Abgesehen vom Hochsommer ist das Wasser meist sehr frisch. Zudem lassen sich von B\u00ebnja aus das gleichnamige Dorf am Berg mit alter Kirche und andere Berge in der Gegend erkunden.<\/p>\n\n\n\n<p>Gerade rund um P\u00ebrmet finden sich noch weitere besuchenswerte Kirchen. Ein nicht ganz einst\u00fcndiger Aufstieg f\u00fchrt von P\u00ebrmet ins Dorf <strong>Leusa<\/strong> mit kleiner Kirche aus dem Jahr 1812 und reicher Ausstattung. Wer sich etwas weiter die Beine vertreten m\u00f6chte, setzt die Wanderung fort ins Dorf Lipa i Vjet\u00ebr und zur dar\u00fcberliegenden Kapelle der Sh\u00ebn Elena. 1750 Meter \u00fcber P\u00ebrmet erhebt sich der <strong>Dh\u00ebmbel<\/strong> (2050 Meter) \u2013&nbsp;der Aufstieg \u00fcber Leusa oder Lipa ist steil und lang. Viele steigen nur bis zum Dh\u00ebmbel-Pass auf nicht ganz 1500 Meter auf. Von dort l\u00e4sst sich westw\u00e4rts auch in die Zagoria weiterwandern. Von K\u00eblcyra aus kann man auch auf asphaltierter Strasse zum Dh\u00ebmbel-Kamm hochfahren \u2013&nbsp;aber dann sind es immer noch \u00fcber zw\u00f6lf Kilometer bis zum Gipfel auf einem Weg, der auch mit Offroad-Fahrzeugen noch sehr lange befahrbar ist.<\/p>\n\n\n\n<p>Das Internet bietet weitere Details. <\/p>\n\n\n\n<div style=\"height:25px\" aria-hidden=\"true\" class=\"wp-block-spacer\"><\/div>\n\n\n\n<h3 class=\"wp-block-heading\">Wanderregion Kurvelesh<\/h3>\n\n\n<div class=\"wp-block-image\">\n<figure class=\"alignright size-medium\"><a href=\"https:\/\/albanien.ch\/albanien_info\/hiking-kurvelesh\/\"><img data-recalc-dims=\"1\" loading=\"lazy\" decoding=\"async\" width=\"300\" height=\"199\" data-attachment-id=\"7263\" data-permalink=\"https:\/\/albanien.ch\/albanien_info\/hiking-kurvelesh\/\" data-orig-file=\"https:\/\/i0.wp.com\/albanien.ch\/albanien_info\/wp-content\/uploads\/2023\/04\/hiking-kurvelesh.jpg?fit=2000%2C1329&amp;ssl=1\" data-orig-size=\"2000,1329\" data-comments-opened=\"1\" data-image-meta=\"{&quot;aperture&quot;:&quot;0&quot;,&quot;credit&quot;:&quot;&quot;,&quot;camera&quot;:&quot;&quot;,&quot;caption&quot;:&quot;&quot;,&quot;created_timestamp&quot;:&quot;0&quot;,&quot;copyright&quot;:&quot;&quot;,&quot;focal_length&quot;:&quot;0&quot;,&quot;iso&quot;:&quot;0&quot;,&quot;shutter_speed&quot;:&quot;0&quot;,&quot;title&quot;:&quot;&quot;,&quot;orientation&quot;:&quot;0&quot;}\" data-image-title=\"Hiking Kurvelesh\" data-image-description=\"&lt;p&gt;Schluchten von Kurvelesh, S\u00fcdalbanien&lt;\/p&gt;\n\" data-image-caption=\"&lt;p&gt;Schluchten von Kurvelesh&lt;\/p&gt;\n\" data-medium-file=\"https:\/\/i0.wp.com\/albanien.ch\/albanien_info\/wp-content\/uploads\/2023\/04\/hiking-kurvelesh.jpg?fit=300%2C199&amp;ssl=1\" data-large-file=\"https:\/\/i0.wp.com\/albanien.ch\/albanien_info\/wp-content\/uploads\/2023\/04\/hiking-kurvelesh.jpg?fit=525%2C349&amp;ssl=1\" src=\"https:\/\/i0.wp.com\/albanien.ch\/albanien_info\/wp-content\/uploads\/2023\/04\/hiking-kurvelesh.jpg?resize=300%2C199&#038;ssl=1\" alt=\"Schluchten von Kurvelesh\" class=\"wp-image-7263\" srcset=\"https:\/\/i0.wp.com\/albanien.ch\/albanien_info\/wp-content\/uploads\/2023\/04\/hiking-kurvelesh.jpg?resize=300%2C199&amp;ssl=1 300w, https:\/\/i0.wp.com\/albanien.ch\/albanien_info\/wp-content\/uploads\/2023\/04\/hiking-kurvelesh.jpg?resize=1024%2C680&amp;ssl=1 1024w, https:\/\/i0.wp.com\/albanien.ch\/albanien_info\/wp-content\/uploads\/2023\/04\/hiking-kurvelesh.jpg?resize=768%2C510&amp;ssl=1 768w, https:\/\/i0.wp.com\/albanien.ch\/albanien_info\/wp-content\/uploads\/2023\/04\/hiking-kurvelesh.jpg?resize=1536%2C1021&amp;ssl=1 1536w, https:\/\/i0.wp.com\/albanien.ch\/albanien_info\/wp-content\/uploads\/2023\/04\/hiking-kurvelesh.jpg?w=2000&amp;ssl=1 2000w\" sizes=\"auto, (max-width: 300px) 100vw, 300px\" \/><\/a><figcaption class=\"wp-element-caption\">Schluchten von Kurvelesh<\/figcaption><\/figure><\/div>\n\n\n<p>Der Kurvelesh ist eine noch recht unbekannte Region in S\u00fcdalbanien, die nicht nur landschaftlich reizvoll ist, sondern auch tolle Wanderungen bietet. Aufgrund der Topographie und der Distanzen ist es aber eher ein herausforderndes Gebiet. Es wurden zahlreiche Routen markiert \u2013&nbsp;die Wege sind aber wohl nicht besser unterhalten, als die nicht mehr erreichbare Website der Initiatoren.<\/p>\n\n\n\n<p>Die Region wartet mit tiefen Schluchten mit senkrechten W\u00e4nden auf, verf\u00fcgt \u00fcber viel unber\u00fchrte Berglandschaft, ist Heimat seltener Schmutzgeier und bietet diverse eindr\u00fcckliche <strong>Wasserf\u00e4lle<\/strong>, die in der zweiten Jahresh\u00e4lfte aber oft trocken fallen. Ein Besuch lohnt sich also besonders im Fr\u00fchjahr, wobei es dann auf der H\u00f6he noch recht frisch sein kann.<\/p>\n\n\n\n<p>Die D\u00f6rfer liegen auf 800 bis 1000 Metern H\u00f6he. Von dort kann man in die Schluchten absteigen, diese umwandern oder Berggipfel erklimmen. Ein paar Spazierg\u00e4nge rund um Nivica und bei anderen D\u00f6rfern sind auch schon spektakul\u00e4r. Aber auch kurze Abstecher zu Wasserf\u00e4llen k\u00f6nnen technisch recht anspruchsvoll sein.<\/p>\n\n\n\n<p>Ein gern besuchter Wasserfall, der \u00bbUjevara e Peshtur\u00ebs\u00ab, liegt bei <strong>Progonat<\/strong> (Schlucht am \u00f6stlichen Dorfrand). Der Abstieg in die Schlucht ist steil, ausgesetzt und teilweise rutschig, stellenweise ist etwas Klettern gefragt. Eine lange, sehr eindr\u00fcckliche Wanderung f\u00fchrt von B\u00ebn\u00e7a nach Nivica. Der Weg ist an mancher kritischer Stelle nur schlecht ausgeschildert, zwischendurch steil und mit gr\u00f6sseren Bachquerungen verbunden. Das Dorf <strong>Nivica<\/strong> ist am besten auf Touristen ausgerichtet mit Unterk\u00fcnften und herausgeputztem Ortszentrum. Neben der Besichtigung der Burg (\u00bbKalaja\u00ab) lohnt sich ein Abstieg in die <strong>Schlucht<\/strong>, am besten als Rundwanderung. Von hier aus kann auch die K\u00ebndrevica bestiegen werden (2122 m). <\/p>\n\n\n\n<p>L\u00e4ngere Routen, zum Teil wohl nur als Mehrtageswanderungen praktisch umsetzbar, f\u00fchren ins Untere Kurvelesh (Ku\u00e7) und nach S\u00fcden zu den D\u00f6rfern Golem, Kardhiq und Zhulat im Hinterland von Gjirokastra.<\/p>\n\n\n\n<figure class=\"wp-block-gallery has-nested-images columns-default is-cropped wp-block-gallery-3 is-layout-flex wp-block-gallery-is-layout-flex\">\n<figure class=\"wp-block-image size-large\"><a href=\"https:\/\/albanien.ch\/albanien_info\/canyon-progonat\/\"><img data-recalc-dims=\"1\" loading=\"lazy\" decoding=\"async\" width=\"525\" height=\"329\" data-attachment-id=\"7265\" data-permalink=\"https:\/\/albanien.ch\/albanien_info\/canyon-progonat\/\" data-orig-file=\"https:\/\/i0.wp.com\/albanien.ch\/albanien_info\/wp-content\/uploads\/2023\/04\/Canyon-Progonat.jpg?fit=2000%2C1252&amp;ssl=1\" data-orig-size=\"2000,1252\" data-comments-opened=\"1\" data-image-meta=\"{&quot;aperture&quot;:&quot;0&quot;,&quot;credit&quot;:&quot;&quot;,&quot;camera&quot;:&quot;&quot;,&quot;caption&quot;:&quot;&quot;,&quot;created_timestamp&quot;:&quot;0&quot;,&quot;copyright&quot;:&quot;&quot;,&quot;focal_length&quot;:&quot;0&quot;,&quot;iso&quot;:&quot;0&quot;,&quot;shutter_speed&quot;:&quot;0&quot;,&quot;title&quot;:&quot;&quot;,&quot;orientation&quot;:&quot;0&quot;}\" data-image-title=\"Canyon Progonat\" data-image-description=\"&lt;p&gt;Weg zum Wasserfall von Progonat, Kurvelesh&lt;\/p&gt;\n\" data-image-caption=\"&lt;p&gt;Weg zum Wasserfall von Progonat&lt;\/p&gt;\n\" data-medium-file=\"https:\/\/i0.wp.com\/albanien.ch\/albanien_info\/wp-content\/uploads\/2023\/04\/Canyon-Progonat.jpg?fit=300%2C188&amp;ssl=1\" data-large-file=\"https:\/\/i0.wp.com\/albanien.ch\/albanien_info\/wp-content\/uploads\/2023\/04\/Canyon-Progonat.jpg?fit=525%2C329&amp;ssl=1\" data-id=\"7265\" src=\"https:\/\/i0.wp.com\/albanien.ch\/albanien_info\/wp-content\/uploads\/2023\/04\/Canyon-Progonat.jpg?resize=525%2C329&#038;ssl=1\" alt=\"Wanderer in der Schlucht von Progonat\" class=\"wp-image-7265\" srcset=\"https:\/\/i0.wp.com\/albanien.ch\/albanien_info\/wp-content\/uploads\/2023\/04\/Canyon-Progonat.jpg?resize=1024%2C641&amp;ssl=1 1024w, https:\/\/i0.wp.com\/albanien.ch\/albanien_info\/wp-content\/uploads\/2023\/04\/Canyon-Progonat.jpg?resize=300%2C188&amp;ssl=1 300w, https:\/\/i0.wp.com\/albanien.ch\/albanien_info\/wp-content\/uploads\/2023\/04\/Canyon-Progonat.jpg?resize=768%2C481&amp;ssl=1 768w, https:\/\/i0.wp.com\/albanien.ch\/albanien_info\/wp-content\/uploads\/2023\/04\/Canyon-Progonat.jpg?resize=1536%2C962&amp;ssl=1 1536w, https:\/\/i0.wp.com\/albanien.ch\/albanien_info\/wp-content\/uploads\/2023\/04\/Canyon-Progonat.jpg?w=2000&amp;ssl=1 2000w\" sizes=\"auto, (max-width: 525px) 100vw, 525px\" \/><\/a><figcaption class=\"wp-element-caption\">Weg zum Wasserfall von Progonat<\/figcaption><\/figure>\n\n\n\n<figure class=\"wp-block-image size-large\"><img data-recalc-dims=\"1\" loading=\"lazy\" decoding=\"async\" width=\"525\" height=\"349\" data-attachment-id=\"7264\" data-permalink=\"https:\/\/albanien.ch\/albanien_info\/wanderwegweiser-kalaja-nivica\/\" data-orig-file=\"https:\/\/i0.wp.com\/albanien.ch\/albanien_info\/wp-content\/uploads\/2023\/04\/wanderwegweiser-kalaja-nivica.jpg?fit=2000%2C1329&amp;ssl=1\" data-orig-size=\"2000,1329\" data-comments-opened=\"1\" data-image-meta=\"{&quot;aperture&quot;:&quot;0&quot;,&quot;credit&quot;:&quot;&quot;,&quot;camera&quot;:&quot;&quot;,&quot;caption&quot;:&quot;&quot;,&quot;created_timestamp&quot;:&quot;0&quot;,&quot;copyright&quot;:&quot;&quot;,&quot;focal_length&quot;:&quot;0&quot;,&quot;iso&quot;:&quot;0&quot;,&quot;shutter_speed&quot;:&quot;0&quot;,&quot;title&quot;:&quot;&quot;,&quot;orientation&quot;:&quot;0&quot;}\" data-image-title=\"Wanderwegweiser Kalaja Nivica\" data-image-description=\"&lt;p&gt;Wanderwegweiser bei der Burg von Nivica mit Blick \u00fcber Kurvelesh in S\u00fcdalbanien&lt;\/p&gt;\n\" data-image-caption=\"&lt;p&gt;Burg von Nivica&lt;\/p&gt;\n\" data-medium-file=\"https:\/\/i0.wp.com\/albanien.ch\/albanien_info\/wp-content\/uploads\/2023\/04\/wanderwegweiser-kalaja-nivica.jpg?fit=300%2C199&amp;ssl=1\" data-large-file=\"https:\/\/i0.wp.com\/albanien.ch\/albanien_info\/wp-content\/uploads\/2023\/04\/wanderwegweiser-kalaja-nivica.jpg?fit=525%2C349&amp;ssl=1\" data-id=\"7264\" src=\"https:\/\/i0.wp.com\/albanien.ch\/albanien_info\/wp-content\/uploads\/2023\/04\/wanderwegweiser-kalaja-nivica.jpg?resize=525%2C349&#038;ssl=1\" alt=\"Wanderwegweiser bei der Burg von Nivica\" class=\"wp-image-7264\" srcset=\"https:\/\/i0.wp.com\/albanien.ch\/albanien_info\/wp-content\/uploads\/2023\/04\/wanderwegweiser-kalaja-nivica.jpg?resize=1024%2C680&amp;ssl=1 1024w, https:\/\/i0.wp.com\/albanien.ch\/albanien_info\/wp-content\/uploads\/2023\/04\/wanderwegweiser-kalaja-nivica.jpg?resize=300%2C199&amp;ssl=1 300w, https:\/\/i0.wp.com\/albanien.ch\/albanien_info\/wp-content\/uploads\/2023\/04\/wanderwegweiser-kalaja-nivica.jpg?resize=768%2C510&amp;ssl=1 768w, https:\/\/i0.wp.com\/albanien.ch\/albanien_info\/wp-content\/uploads\/2023\/04\/wanderwegweiser-kalaja-nivica.jpg?resize=1536%2C1021&amp;ssl=1 1536w, https:\/\/i0.wp.com\/albanien.ch\/albanien_info\/wp-content\/uploads\/2023\/04\/wanderwegweiser-kalaja-nivica.jpg?w=2000&amp;ssl=1 2000w\" sizes=\"auto, (max-width: 525px) 100vw, 525px\" \/><figcaption class=\"wp-element-caption\">Aussicht von der Burg von Nivica mit nicht ganz fehlerfreiem Wegweiser<\/figcaption><\/figure>\n\n\n\n<figure class=\"wp-block-image size-large\"><img data-recalc-dims=\"1\" loading=\"lazy\" decoding=\"async\" width=\"525\" height=\"349\" data-attachment-id=\"7262\" data-permalink=\"https:\/\/albanien.ch\/albanien_info\/kurvelesh-vogelscheuche\/\" data-orig-file=\"https:\/\/i0.wp.com\/albanien.ch\/albanien_info\/wp-content\/uploads\/2023\/04\/kurvelesh-vogelscheuche.jpg?fit=2000%2C1329&amp;ssl=1\" data-orig-size=\"2000,1329\" data-comments-opened=\"1\" data-image-meta=\"{&quot;aperture&quot;:&quot;0&quot;,&quot;credit&quot;:&quot;&quot;,&quot;camera&quot;:&quot;&quot;,&quot;caption&quot;:&quot;&quot;,&quot;created_timestamp&quot;:&quot;0&quot;,&quot;copyright&quot;:&quot;&quot;,&quot;focal_length&quot;:&quot;0&quot;,&quot;iso&quot;:&quot;0&quot;,&quot;shutter_speed&quot;:&quot;0&quot;,&quot;title&quot;:&quot;&quot;,&quot;orientation&quot;:&quot;0&quot;}\" data-image-title=\"Kurvelesh Vogelscheuche\" data-image-description=\"&lt;p&gt;Vogelscheuche in den Schluchten von Kurvelesh, S\u00fcdalbanien&lt;\/p&gt;\n\" data-image-caption=\"&lt;p&gt;Vogelscheuche in den Schluchten von Kurvelesh&lt;\/p&gt;\n\" data-medium-file=\"https:\/\/i0.wp.com\/albanien.ch\/albanien_info\/wp-content\/uploads\/2023\/04\/kurvelesh-vogelscheuche.jpg?fit=300%2C199&amp;ssl=1\" data-large-file=\"https:\/\/i0.wp.com\/albanien.ch\/albanien_info\/wp-content\/uploads\/2023\/04\/kurvelesh-vogelscheuche.jpg?fit=525%2C349&amp;ssl=1\" data-id=\"7262\" src=\"https:\/\/i0.wp.com\/albanien.ch\/albanien_info\/wp-content\/uploads\/2023\/04\/kurvelesh-vogelscheuche.jpg?resize=525%2C349&#038;ssl=1\" alt=\"Vogelscheuche am Wegrand im Kurvelesh\" class=\"wp-image-7262\" srcset=\"https:\/\/i0.wp.com\/albanien.ch\/albanien_info\/wp-content\/uploads\/2023\/04\/kurvelesh-vogelscheuche.jpg?resize=1024%2C680&amp;ssl=1 1024w, https:\/\/i0.wp.com\/albanien.ch\/albanien_info\/wp-content\/uploads\/2023\/04\/kurvelesh-vogelscheuche.jpg?resize=300%2C199&amp;ssl=1 300w, https:\/\/i0.wp.com\/albanien.ch\/albanien_info\/wp-content\/uploads\/2023\/04\/kurvelesh-vogelscheuche.jpg?resize=768%2C510&amp;ssl=1 768w, https:\/\/i0.wp.com\/albanien.ch\/albanien_info\/wp-content\/uploads\/2023\/04\/kurvelesh-vogelscheuche.jpg?resize=1536%2C1021&amp;ssl=1 1536w, https:\/\/i0.wp.com\/albanien.ch\/albanien_info\/wp-content\/uploads\/2023\/04\/kurvelesh-vogelscheuche.jpg?w=2000&amp;ssl=1 2000w\" sizes=\"auto, (max-width: 525px) 100vw, 525px\" \/><figcaption class=\"wp-element-caption\">Vogelscheuche in den Schluchten des Kurvelesh<\/figcaption><\/figure>\n<\/figure>\n\n\n\n<div style=\"height:25px\" aria-hidden=\"true\" class=\"wp-block-spacer\"><\/div>\n\n\n\n<h3 class=\"wp-block-heading\">Wandern in der Region Gjirokastra<\/h3>\n\n\n<div class=\"wp-block-image\">\n<figure class=\"alignright size-medium\"><a href=\"https:\/\/albanien.ch\/albanien_info\/ali-pasha-aquaeduct-gjirokaster\/\"><img data-recalc-dims=\"1\" loading=\"lazy\" decoding=\"async\" width=\"300\" height=\"179\" data-attachment-id=\"7267\" data-permalink=\"https:\/\/albanien.ch\/albanien_info\/ali-pasha-aquaeduct-gjirokaster\/\" data-orig-file=\"https:\/\/i0.wp.com\/albanien.ch\/albanien_info\/wp-content\/uploads\/2023\/04\/Ali-Pasha-Aquaeduct-Gjirokaster.jpg?fit=2000%2C1194&amp;ssl=1\" data-orig-size=\"2000,1194\" data-comments-opened=\"1\" data-image-meta=\"{&quot;aperture&quot;:&quot;0&quot;,&quot;credit&quot;:&quot;&quot;,&quot;camera&quot;:&quot;&quot;,&quot;caption&quot;:&quot;&quot;,&quot;created_timestamp&quot;:&quot;0&quot;,&quot;copyright&quot;:&quot;&quot;,&quot;focal_length&quot;:&quot;0&quot;,&quot;iso&quot;:&quot;0&quot;,&quot;shutter_speed&quot;:&quot;0&quot;,&quot;title&quot;:&quot;&quot;,&quot;orientation&quot;:&quot;0&quot;}\" data-image-title=\"Ali Pasha Aqu\u00e4dukt Gjirokaster\" data-image-description=\"&lt;p&gt;Ali-Pasha-Aqu\u00e4dukt bei Gjirokaster&lt;\/p&gt;\n\" data-image-caption=\"&lt;p&gt;Aqu\u00e4dukt bei Gjirokaster&lt;\/p&gt;\n\" data-medium-file=\"https:\/\/i0.wp.com\/albanien.ch\/albanien_info\/wp-content\/uploads\/2023\/04\/Ali-Pasha-Aquaeduct-Gjirokaster.jpg?fit=300%2C179&amp;ssl=1\" data-large-file=\"https:\/\/i0.wp.com\/albanien.ch\/albanien_info\/wp-content\/uploads\/2023\/04\/Ali-Pasha-Aquaeduct-Gjirokaster.jpg?fit=525%2C313&amp;ssl=1\" src=\"https:\/\/i0.wp.com\/albanien.ch\/albanien_info\/wp-content\/uploads\/2023\/04\/Ali-Pasha-Aquaeduct-Gjirokaster.jpg?resize=300%2C179&#038;ssl=1\" alt=\"Ali Pasha Aqu\u00e4dukt bei Gjirokaster\" class=\"wp-image-7267\" srcset=\"https:\/\/i0.wp.com\/albanien.ch\/albanien_info\/wp-content\/uploads\/2023\/04\/Ali-Pasha-Aquaeduct-Gjirokaster.jpg?resize=300%2C179&amp;ssl=1 300w, https:\/\/i0.wp.com\/albanien.ch\/albanien_info\/wp-content\/uploads\/2023\/04\/Ali-Pasha-Aquaeduct-Gjirokaster.jpg?resize=1024%2C611&amp;ssl=1 1024w, https:\/\/i0.wp.com\/albanien.ch\/albanien_info\/wp-content\/uploads\/2023\/04\/Ali-Pasha-Aquaeduct-Gjirokaster.jpg?resize=768%2C458&amp;ssl=1 768w, https:\/\/i0.wp.com\/albanien.ch\/albanien_info\/wp-content\/uploads\/2023\/04\/Ali-Pasha-Aquaeduct-Gjirokaster.jpg?resize=1536%2C917&amp;ssl=1 1536w, https:\/\/i0.wp.com\/albanien.ch\/albanien_info\/wp-content\/uploads\/2023\/04\/Ali-Pasha-Aquaeduct-Gjirokaster.jpg?w=2000&amp;ssl=1 2000w\" sizes=\"auto, (max-width: 300px) 100vw, 300px\" \/><\/a><figcaption class=\"wp-element-caption\">Aqu\u00e4dukt bei Gjirokaster<\/figcaption><\/figure><\/div>\n\n\n<p>Auch die Berglandschaft von Gjirokastra bietet reichlich M\u00f6glichkeiten zum Wandern. Sei es wegen der Abgeschiedenheit gewisser Regionen, der starken Hitze im  Sommer, der oft kahlen Berge oder der langen Distanzen oder der vielen H\u00f6henmetern: Die Region hat sich noch nicht zum Renner entwickelt. <\/p>\n\n\n\n<p>Eine kurze Wanderung beginnt im Stadtzentrum von Gjirokastra. Nach S\u00fcden geht es im Stadtteil Dunavat immer weiter hoch und dann in ein Tal hinein zum <strong>Ali-Pascha-Aqu\u00e4dukt<\/strong> aus dem 18. Jahrhundert. Das n\u00e4chste Dorf s\u00fcdlich, Lazarat, sollte man besser meiden.<\/p>\n\n\n\n<p>Viele Wanderm\u00f6glichkeiten gibt es auf der gegen\u00fcberliegenden Seite des Drinos-Tal. Zuerst erhebt sich da der lange Bergzug der <strong>Lunxh\u00ebria<\/strong>. Eine Gipfelbesteigung ist lange und anspruchsvoll im steilen Gel\u00e4nde. Rund um die D\u00f6rfer an den H\u00e4ngen gibt es aber zahlreicche Wanderm\u00f6glichkeiten, so zu kleinen Kirchen, ehemaligen Einsiedeleien oder den antiken Ausgrabungen von Antigonea. Diese D\u00f6rfer sind recht gut mit meist asphaltierten Strassen erschlossen, zum Teil gibt es auch G\u00e4steh\u00e4user.<\/p>\n\n\n<div class=\"wp-block-image\">\n<figure class=\"alignright size-medium\"><a href=\"https:\/\/albanien.ch\/albanien_info\/fusha-e-cajupit\/\"><img data-recalc-dims=\"1\" loading=\"lazy\" decoding=\"async\" width=\"300\" height=\"173\" data-attachment-id=\"7266\" data-permalink=\"https:\/\/albanien.ch\/albanien_info\/fusha-e-cajupit\/\" data-orig-file=\"https:\/\/i0.wp.com\/albanien.ch\/albanien_info\/wp-content\/uploads\/2023\/04\/Fusha-e-Cajupit.jpg?fit=2000%2C1154&amp;ssl=1\" data-orig-size=\"2000,1154\" data-comments-opened=\"1\" data-image-meta=\"{&quot;aperture&quot;:&quot;0&quot;,&quot;credit&quot;:&quot;&quot;,&quot;camera&quot;:&quot;&quot;,&quot;caption&quot;:&quot;&quot;,&quot;created_timestamp&quot;:&quot;0&quot;,&quot;copyright&quot;:&quot;&quot;,&quot;focal_length&quot;:&quot;0&quot;,&quot;iso&quot;:&quot;0&quot;,&quot;shutter_speed&quot;:&quot;0&quot;,&quot;title&quot;:&quot;&quot;,&quot;orientation&quot;:&quot;0&quot;}\" data-image-title=\"Fusha e C\u0327ajupit\" data-image-description=\"&lt;p&gt;Fusha e C\u0327ajupit hoch \u00fcber Gjirokastra und dem Drino-Tal an der Lunxh\u00ebria&lt;\/p&gt;\n\" data-image-caption=\"&lt;p&gt;Fusha e C\u0327ajupit&lt;\/p&gt;\n\" data-medium-file=\"https:\/\/i0.wp.com\/albanien.ch\/albanien_info\/wp-content\/uploads\/2023\/04\/Fusha-e-Cajupit.jpg?fit=300%2C173&amp;ssl=1\" data-large-file=\"https:\/\/i0.wp.com\/albanien.ch\/albanien_info\/wp-content\/uploads\/2023\/04\/Fusha-e-Cajupit.jpg?fit=525%2C303&amp;ssl=1\" src=\"https:\/\/i0.wp.com\/albanien.ch\/albanien_info\/wp-content\/uploads\/2023\/04\/Fusha-e-Cajupit.jpg?resize=300%2C173&#038;ssl=1\" alt=\"Fusha e C\u0327ajupit\" class=\"wp-image-7266\" srcset=\"https:\/\/i0.wp.com\/albanien.ch\/albanien_info\/wp-content\/uploads\/2023\/04\/Fusha-e-Cajupit.jpg?resize=300%2C173&amp;ssl=1 300w, https:\/\/i0.wp.com\/albanien.ch\/albanien_info\/wp-content\/uploads\/2023\/04\/Fusha-e-Cajupit.jpg?resize=1024%2C591&amp;ssl=1 1024w, https:\/\/i0.wp.com\/albanien.ch\/albanien_info\/wp-content\/uploads\/2023\/04\/Fusha-e-Cajupit.jpg?resize=768%2C443&amp;ssl=1 768w, https:\/\/i0.wp.com\/albanien.ch\/albanien_info\/wp-content\/uploads\/2023\/04\/Fusha-e-Cajupit.jpg?resize=1536%2C886&amp;ssl=1 1536w, https:\/\/i0.wp.com\/albanien.ch\/albanien_info\/wp-content\/uploads\/2023\/04\/Fusha-e-Cajupit.jpg?w=2000&amp;ssl=1 2000w\" sizes=\"auto, (max-width: 300px) 100vw, 300px\" \/><\/a><figcaption class=\"wp-element-caption\">Fusha e C\u0327ajupit<\/figcaption><\/figure><\/div>\n\n\n<p>Eine Asphaltstrasse windet sich auch im Norden der Lunxh\u00ebria hoch hinaus. Sie passiert den Grat auf 1312 Metern H\u00f6he und endet kurz darauf beim <strong>Fusha e \u00c7ajupit<\/strong>. Von hier aus lassen sich zahlreiche k\u00fcrzere und l\u00e4ngere Touren unternehmen.<\/p>\n\n\n\n<p>\u00d6stlich der Lunxh\u00ebria liegt das Tal von <strong>Zagoria<\/strong>. Eine Wanderroute f\u00fchrt nach Norden im Tal zur Vjosa. Andere Touren f\u00fchren auf die <strong>Nem\u00ebr\u00e7ka<\/strong> (2485 m), wo sich ein Tiefblick zur Vjosa mehr als 2000 Metern weiter unten er\u00f6ffnet. Die Zagoria ist leider nur schwerlich \u00fcber unasphaltierte Strassen erreichbar. Es gibt ein G\u00e4stehaus in Sheper und die M\u00f6glichkeit, in anderen D\u00f6rfern privat unterzukommen.<\/p>\n\n\n\n<p>Wer Abgeschiedenheit sucht und anstrengende Bergtouren nicht scheut, mag auch beim Dorf <strong>Sotira<\/strong> ganz im S\u00fcden Albaniens spannende Ziele finden. Die \u00dcberquerung des <strong>Mali i Gj\u00ebre<\/strong> westlich von Gjirokastra von\/nach Delvina ist eher eine sehr lange, wenig belohnende Tour.<\/p>\n\n\n\n<p>Spezialisierte Agenturen in Gjirokastra organisieren Ausfl\u00fcge in die Bergwelt der Region. Im Internet sind zahlreiche Touren dokumentiert.<\/p>\n\n\n\n<div style=\"height:25px\" aria-hidden=\"true\" class=\"wp-block-spacer\"><\/div>\n\n\n\n<h3 class=\"wp-block-heading\">Wandern ganz im S\u00fcden Albaniens \u2013&nbsp;Region Saranda und Delvina<\/h3>\n\n\n<div class=\"wp-block-image\">\n<figure class=\"alignright size-medium\"><a href=\"https:\/\/albanien.ch\/albanien_info\/saranda_kloster40h_weitblick\/\"><img data-recalc-dims=\"1\" loading=\"lazy\" decoding=\"async\" width=\"300\" height=\"199\" data-attachment-id=\"2061\" data-permalink=\"https:\/\/albanien.ch\/albanien_info\/saranda_kloster40h_weitblick\/\" data-orig-file=\"https:\/\/i0.wp.com\/albanien.ch\/albanien_info\/wp-content\/uploads\/2016\/02\/Saranda_Kloster40H_Weitblick.jpg?fit=1505%2C1000&amp;ssl=1\" data-orig-size=\"1505,1000\" data-comments-opened=\"1\" data-image-meta=\"{&quot;aperture&quot;:&quot;0&quot;,&quot;credit&quot;:&quot;&quot;,&quot;camera&quot;:&quot;&quot;,&quot;caption&quot;:&quot;&quot;,&quot;created_timestamp&quot;:&quot;0&quot;,&quot;copyright&quot;:&quot;&quot;,&quot;focal_length&quot;:&quot;0&quot;,&quot;iso&quot;:&quot;0&quot;,&quot;shutter_speed&quot;:&quot;0&quot;,&quot;title&quot;:&quot;&quot;,&quot;orientation&quot;:&quot;0&quot;}\" data-image-title=\"Saranda Kloster der 40 Heiligen\" data-image-description=\"&lt;p&gt;Blick nach S\u00fcden&lt;\/p&gt;\n\" data-image-caption=\"&lt;p&gt;Klosterruine&lt;\/p&gt;\n\" data-medium-file=\"https:\/\/i0.wp.com\/albanien.ch\/albanien_info\/wp-content\/uploads\/2016\/02\/Saranda_Kloster40H_Weitblick.jpg?fit=300%2C199&amp;ssl=1\" data-large-file=\"https:\/\/i0.wp.com\/albanien.ch\/albanien_info\/wp-content\/uploads\/2016\/02\/Saranda_Kloster40H_Weitblick.jpg?fit=525%2C349&amp;ssl=1\" src=\"https:\/\/i0.wp.com\/albanien.ch\/albanien_info\/wp-content\/uploads\/2016\/02\/Saranda_Kloster40H_Weitblick.jpg?resize=300%2C199&#038;ssl=1\" alt=\"Kloster der 40 M\u00e4rtyrer \u2013\u00a0in S\u00fcdalbanien lassen sich Kultur und Wandern verbinden\" class=\"wp-image-2061\" srcset=\"https:\/\/i0.wp.com\/albanien.ch\/albanien_info\/wp-content\/uploads\/2016\/02\/Saranda_Kloster40H_Weitblick.jpg?resize=300%2C199&amp;ssl=1 300w, https:\/\/i0.wp.com\/albanien.ch\/albanien_info\/wp-content\/uploads\/2016\/02\/Saranda_Kloster40H_Weitblick.jpg?resize=768%2C510&amp;ssl=1 768w, https:\/\/i0.wp.com\/albanien.ch\/albanien_info\/wp-content\/uploads\/2016\/02\/Saranda_Kloster40H_Weitblick.jpg?resize=1024%2C680&amp;ssl=1 1024w, https:\/\/i0.wp.com\/albanien.ch\/albanien_info\/wp-content\/uploads\/2016\/02\/Saranda_Kloster40H_Weitblick.jpg?w=1505&amp;ssl=1 1505w\" sizes=\"auto, (max-width: 300px) 100vw, 300px\" \/><\/a><figcaption class=\"wp-element-caption\">Kloster der 40 M\u00e4rtyrer \u2013&nbsp;in S\u00fcdalbanien lassen sich Kultur und Wandern verbinden<\/figcaption><\/figure><\/div>\n\n\n<p>Wer nach <a href=\"https:\/\/albanien.ch\/albanien_info\/saranda-butrint\/\">Saranda<\/a> kommt, f\u00e4hrt meistens wegen des Meers oder der antiken Ausgrabungen von Butrint hierher. Gerade im Winter, wenn die Temperaturen weniger zum Baden laden, sind Wanderungen hier nat\u00fcrlich eine gute Besch\u00e4ftigung mit Wandern. Das Bergland bietet fast endlose M\u00f6glichkeiten, dokumentiert ist nur wenig. Und auch mancher Strand ist nur per Boot oder zu Fuss erreichbar.<\/p>\n\n\n\n<p>In <strong>Saranda<\/strong> kann man zu Fuss zu den Ruinen des <strong>Klosters der 40 M\u00e4rtyrer<\/strong> hochsteigen. Eine Wanderung entlang der K\u00fcste oder in die H\u00fcgel \u00fcber Saranda lohnt sich nicht wirklich. Erst s\u00fcdlich von <strong>Ksamil<\/strong> gibt es sch\u00f6ne M\u00f6glichkeiten, die Halbinsel zu Fuss zu erkunden. N\u00f6rdlich von Ksamil f\u00fchren einige Abstecher zu kleinen Buchten und einem Kloster. Der Nationalpark von <strong>Butrint<\/strong> mit seiner weitl\u00e4ufigen Ebene mag allenfalls Vogelliebhaber locken, ist sonst aber eher eint\u00f6nig. Am interessantesten ist eine Tour am S\u00fcdufer des Butrintsees zu einigen arch\u00e4ologischen Fundpl\u00e4tzen.<\/p>\n\n\n\n<p>Weiter s\u00fcdlich gibt es eine eher schwierige Tour zum s\u00fcdlichsten Abschnitt der albanischen K\u00fcste beim Kap Stilo und der Insel Tongo. Man quert hierzu zuerst s\u00fcdlich von Vrina den Fluss Pavla, dann teilweise weglos den \u00bbKorafi-H\u00fcgelzug\u00ab und steigt auf der anderen Seite zur Bucht \u00bbGjiri i Fteliasit\u00ab ab. Eher schwierig, da vielerorts weglos, ist auch die Besteigung der <strong>\u00c7uka e Aitoit<\/strong> (273 m), einst eine illyrische Siedlung, bei \u00c7iflik oder die Wanderung zur H\u00f6hle von <strong>Konispol<\/strong> ganz im S\u00fcden Albaniens.<\/p>\n\n\n\n<p>Von <strong>Delvina<\/strong> aus f\u00fchrt eine kurze Wanderung zur <em>Marienkirche des Kameno-Klosters<\/em> nord\u00f6stlich der Stadt. Mit gel\u00e4ndeg\u00e4ngigen Fahrzeugen l\u00e4sst sich ins Bergland hineinfahren und zum Beispiel beim Dorf Lefterohor die Bergwelt zu Fuss erkunden. Wer richtig hoch hinaus m\u00f6chte, folgt aber besser noch l\u00e4nger dem Fahrweg.<\/p>\n\n\n\n<p>Wer zu Fuss einen abgeschiedenen Strand erkunden m\u00f6chte, wandert von Kakome (Bucht n\u00f6rdlich von Saranda) zum Strand von <strong>Kror\u00ebz<\/strong>. Auch Ausflugsboote landen hier an \u2013&nbsp;aber es gibt Platz f\u00fcr alle.<\/p>\n\n\n\n<div style=\"height:25px\" aria-hidden=\"true\" class=\"wp-block-spacer\"><\/div>\n\n\n\n<h3 class=\"wp-block-heading\">Wandern an der Albanischen Riviera<\/h3>\n\n\n<div class=\"wp-block-image\">\n<figure class=\"alignright size-medium\"><a href=\"https:\/\/albanien.ch\/albanien_info\/tiefblick-ionisches-meer\/\"><img data-recalc-dims=\"1\" loading=\"lazy\" decoding=\"async\" width=\"300\" height=\"169\" data-attachment-id=\"7275\" data-permalink=\"https:\/\/albanien.ch\/albanien_info\/tiefblick-ionisches-meer\/\" data-orig-file=\"https:\/\/i0.wp.com\/albanien.ch\/albanien_info\/wp-content\/uploads\/2023\/04\/Tiefblick-Ionisches-Meer.jpg?fit=2000%2C1124&amp;ssl=1\" data-orig-size=\"2000,1124\" data-comments-opened=\"1\" data-image-meta=\"{&quot;aperture&quot;:&quot;0&quot;,&quot;credit&quot;:&quot;&quot;,&quot;camera&quot;:&quot;&quot;,&quot;caption&quot;:&quot;&quot;,&quot;created_timestamp&quot;:&quot;0&quot;,&quot;copyright&quot;:&quot;&quot;,&quot;focal_length&quot;:&quot;0&quot;,&quot;iso&quot;:&quot;0&quot;,&quot;shutter_speed&quot;:&quot;0&quot;,&quot;title&quot;:&quot;&quot;,&quot;orientation&quot;:&quot;0&quot;}\" data-image-title=\"Tiefblick Ionisches Meer\" data-image-description=\"&lt;p&gt;Tiefblick zum Ionischen Meer \u2013\u00a0Llogara&lt;\/p&gt;\n\" data-image-caption=\"&lt;p&gt;Tiefblick zum Ionischen Meer \u2013\u00a0Llogara&lt;\/p&gt;\n\" data-medium-file=\"https:\/\/i0.wp.com\/albanien.ch\/albanien_info\/wp-content\/uploads\/2023\/04\/Tiefblick-Ionisches-Meer.jpg?fit=300%2C169&amp;ssl=1\" data-large-file=\"https:\/\/i0.wp.com\/albanien.ch\/albanien_info\/wp-content\/uploads\/2023\/04\/Tiefblick-Ionisches-Meer.jpg?fit=525%2C295&amp;ssl=1\" src=\"https:\/\/i0.wp.com\/albanien.ch\/albanien_info\/wp-content\/uploads\/2023\/04\/Tiefblick-Ionisches-Meer.jpg?resize=300%2C169&#038;ssl=1\" alt=\"Tiefblick zum Ionischen Meer\" class=\"wp-image-7275\" srcset=\"https:\/\/i0.wp.com\/albanien.ch\/albanien_info\/wp-content\/uploads\/2023\/04\/Tiefblick-Ionisches-Meer.jpg?resize=300%2C169&amp;ssl=1 300w, https:\/\/i0.wp.com\/albanien.ch\/albanien_info\/wp-content\/uploads\/2023\/04\/Tiefblick-Ionisches-Meer.jpg?resize=1024%2C575&amp;ssl=1 1024w, https:\/\/i0.wp.com\/albanien.ch\/albanien_info\/wp-content\/uploads\/2023\/04\/Tiefblick-Ionisches-Meer.jpg?resize=768%2C432&amp;ssl=1 768w, https:\/\/i0.wp.com\/albanien.ch\/albanien_info\/wp-content\/uploads\/2023\/04\/Tiefblick-Ionisches-Meer.jpg?resize=1536%2C863&amp;ssl=1 1536w, https:\/\/i0.wp.com\/albanien.ch\/albanien_info\/wp-content\/uploads\/2023\/04\/Tiefblick-Ionisches-Meer.jpg?w=2000&amp;ssl=1 2000w\" sizes=\"auto, (max-width: 300px) 100vw, 300px\" \/><\/a><figcaption class=\"wp-element-caption\">Tiefblick zum Ionischen Meer<\/figcaption><\/figure><\/div>\n\n\n<p>Als eine der meistbesuchten Regionen und sch\u00f6nsten Landschaften Albaniens wurde auch das Netz an Wanderwegen in der Region von verschiedenen Organisationen gut ausgebaut. Da das Gel\u00e4nde sehr steil ist und die Berge sehr hoch sind, sind viele Touren eher anspruchsvoll. Es gibt aber auch bequemere Pfade \u2013 wobei auch die in Ufern\u00e4he sicherlich nicht einfach nur flach sind.<\/p>\n\n\n\n<p>Meist strecken sich auch schon die Besichtigungstouren durch die alten D\u00f6rfer zu kleinen Wanderungen \u2013&nbsp;erst recht, wenn man nicht mit dem Auto anf\u00e4hrt. Alt-Himara, Burg von Borsh, Alt-Qeparo, untere Ortsteile von Lukova oder das Kloser hoch \u00fcber Piqeras: Zu Fuss sind das schon sch\u00f6ne Touren. <\/p>\n\n\n<div class=\"wp-block-image\">\n<figure class=\"alignright size-medium\"><a href=\"https:\/\/albanien.ch\/albanien_info\/hike-himara-jal\/\"><img data-recalc-dims=\"1\" loading=\"lazy\" decoding=\"async\" width=\"300\" height=\"164\" data-attachment-id=\"7274\" data-permalink=\"https:\/\/albanien.ch\/albanien_info\/hike-himara-jal\/\" data-orig-file=\"https:\/\/i0.wp.com\/albanien.ch\/albanien_info\/wp-content\/uploads\/2023\/04\/Hike-Himara-Jal.jpg?fit=1903%2C1038&amp;ssl=1\" data-orig-size=\"1903,1038\" data-comments-opened=\"1\" data-image-meta=\"{&quot;aperture&quot;:&quot;0&quot;,&quot;credit&quot;:&quot;&quot;,&quot;camera&quot;:&quot;&quot;,&quot;caption&quot;:&quot;&quot;,&quot;created_timestamp&quot;:&quot;0&quot;,&quot;copyright&quot;:&quot;&quot;,&quot;focal_length&quot;:&quot;0&quot;,&quot;iso&quot;:&quot;0&quot;,&quot;shutter_speed&quot;:&quot;0&quot;,&quot;title&quot;:&quot;&quot;,&quot;orientation&quot;:&quot;0&quot;}\" data-image-title=\"Hike Himara Jal\" data-image-description=\"&lt;p&gt;Wanderweg am Meer zwischen Jal und Himara\/Livadh&lt;\/p&gt;\n\" data-image-caption=\"&lt;p&gt;Wanderweg zwischen Jal und Himara\/Livadh&lt;\/p&gt;\n\" data-medium-file=\"https:\/\/i0.wp.com\/albanien.ch\/albanien_info\/wp-content\/uploads\/2023\/04\/Hike-Himara-Jal.jpg?fit=300%2C164&amp;ssl=1\" data-large-file=\"https:\/\/i0.wp.com\/albanien.ch\/albanien_info\/wp-content\/uploads\/2023\/04\/Hike-Himara-Jal.jpg?fit=525%2C287&amp;ssl=1\" src=\"https:\/\/i0.wp.com\/albanien.ch\/albanien_info\/wp-content\/uploads\/2023\/04\/Hike-Himara-Jal.jpg?resize=300%2C164&#038;ssl=1\" alt=\"Wanderweg am Meer zwischen Jal und Himara\/Livadh\" class=\"wp-image-7274\" srcset=\"https:\/\/i0.wp.com\/albanien.ch\/albanien_info\/wp-content\/uploads\/2023\/04\/Hike-Himara-Jal.jpg?resize=300%2C164&amp;ssl=1 300w, https:\/\/i0.wp.com\/albanien.ch\/albanien_info\/wp-content\/uploads\/2023\/04\/Hike-Himara-Jal.jpg?resize=1024%2C559&amp;ssl=1 1024w, https:\/\/i0.wp.com\/albanien.ch\/albanien_info\/wp-content\/uploads\/2023\/04\/Hike-Himara-Jal.jpg?resize=768%2C419&amp;ssl=1 768w, https:\/\/i0.wp.com\/albanien.ch\/albanien_info\/wp-content\/uploads\/2023\/04\/Hike-Himara-Jal.jpg?resize=1536%2C838&amp;ssl=1 1536w, https:\/\/i0.wp.com\/albanien.ch\/albanien_info\/wp-content\/uploads\/2023\/04\/Hike-Himara-Jal.jpg?w=1903&amp;ssl=1 1903w\" sizes=\"auto, (max-width: 300px) 100vw, 300px\" \/><\/a><figcaption class=\"wp-element-caption\">Wanderweg zwischen Jal und Himara\/Livadh<\/figcaption><\/figure><\/div>\n\n\n<p>Die Wanderung von Dh\u00ebrmi nach Himara \u00fcber Gjipe, Jal und Livadh ist eine sch\u00f6ne Tour am <strong>Meer<\/strong> entlang \u2013&nbsp;meist etwas in der H\u00f6he, manchmal auch direkt am Strand. <\/p>\n\n\n\n<p>Einige Str\u00e4nde sind nur zu Fuss oder per Boot erreichbar (allenfalls noch mit Offroad-Fahrzeugen). Besonders beliebt ist der Abstieg zum Strand von <strong>Gjipe<\/strong> (ca. eine halbe Stunde pro Weg), einem h\u00fcbschen, von hohen Felsw\u00e4nden umgebenen Strand unterhalb von Ilias. Ein etwas l\u00e4ngerer Weg verbindet die Nationalstrasse bei Ilias mit dem Strand (ca. eine Stunde). Die schmale Felsenbucht <strong>\u00bbAkuarium\u00ab<\/strong> liegt am Wanderweg zwischen Jal und Livadh (ca. 30 \u2013&nbsp;45 Minuten pro Weg).  Der Abstieg zur Bucht von <strong>Filikur<\/strong> (s\u00fcdlich von Himara) ist am Schluss mit einer kleinen Kletterpartie verbunden.<\/p>\n\n\n<div class=\"wp-block-image\">\n<figure class=\"alignright size-medium\"><a href=\"https:\/\/albanien.ch\/albanien_info\/panorama-pilur\/\"><img data-recalc-dims=\"1\" loading=\"lazy\" decoding=\"async\" width=\"300\" height=\"199\" data-attachment-id=\"7271\" data-permalink=\"https:\/\/albanien.ch\/albanien_info\/panorama-pilur\/\" data-orig-file=\"https:\/\/i0.wp.com\/albanien.ch\/albanien_info\/wp-content\/uploads\/2023\/04\/Panorama-Pilur.jpg?fit=2000%2C1329&amp;ssl=1\" data-orig-size=\"2000,1329\" data-comments-opened=\"1\" data-image-meta=\"{&quot;aperture&quot;:&quot;0&quot;,&quot;credit&quot;:&quot;&quot;,&quot;camera&quot;:&quot;&quot;,&quot;caption&quot;:&quot;&quot;,&quot;created_timestamp&quot;:&quot;0&quot;,&quot;copyright&quot;:&quot;&quot;,&quot;focal_length&quot;:&quot;0&quot;,&quot;iso&quot;:&quot;0&quot;,&quot;shutter_speed&quot;:&quot;0&quot;,&quot;title&quot;:&quot;&quot;,&quot;orientation&quot;:&quot;0&quot;}\" data-image-title=\"Panorama von Pilur\" data-image-description=\"&lt;p&gt;Wanderwegweiser in Pilur (Himara, S\u00fcdalbanien) vor Panorama&lt;\/p&gt;\n\" data-image-caption=\"&lt;p&gt;Wanderwegweiser in Pilur vor Panorama&lt;\/p&gt;\n\" data-medium-file=\"https:\/\/i0.wp.com\/albanien.ch\/albanien_info\/wp-content\/uploads\/2023\/04\/Panorama-Pilur.jpg?fit=300%2C199&amp;ssl=1\" data-large-file=\"https:\/\/i0.wp.com\/albanien.ch\/albanien_info\/wp-content\/uploads\/2023\/04\/Panorama-Pilur.jpg?fit=525%2C349&amp;ssl=1\" src=\"https:\/\/i0.wp.com\/albanien.ch\/albanien_info\/wp-content\/uploads\/2023\/04\/Panorama-Pilur.jpg?resize=300%2C199&#038;ssl=1\" alt=\"Wanderwegweiser in Pilur mit Bergpanorama\" class=\"wp-image-7271\" srcset=\"https:\/\/i0.wp.com\/albanien.ch\/albanien_info\/wp-content\/uploads\/2023\/04\/Panorama-Pilur.jpg?resize=300%2C199&amp;ssl=1 300w, https:\/\/i0.wp.com\/albanien.ch\/albanien_info\/wp-content\/uploads\/2023\/04\/Panorama-Pilur.jpg?resize=1024%2C680&amp;ssl=1 1024w, https:\/\/i0.wp.com\/albanien.ch\/albanien_info\/wp-content\/uploads\/2023\/04\/Panorama-Pilur.jpg?resize=768%2C510&amp;ssl=1 768w, https:\/\/i0.wp.com\/albanien.ch\/albanien_info\/wp-content\/uploads\/2023\/04\/Panorama-Pilur.jpg?resize=1536%2C1021&amp;ssl=1 1536w, https:\/\/i0.wp.com\/albanien.ch\/albanien_info\/wp-content\/uploads\/2023\/04\/Panorama-Pilur.jpg?w=2000&amp;ssl=1 2000w\" sizes=\"auto, (max-width: 300px) 100vw, 300px\" \/><\/a><figcaption class=\"wp-element-caption\">Wanderwegweiser in Pilur vor Panorama<\/figcaption><\/figure><\/div>\n\n\n<p>Anspruchsvoller wird es, wenn man zu den h\u00f6her gelegenen D\u00f6rfern aufsteigt. Wanderungen wie von <strong>Sasaj<\/strong> nach Lukova, von <strong>Pilur<\/strong> nach <strong>Himara<\/strong>, von Pilur nach <strong>Kudh\u00ebs<\/strong> oder von Kudh\u00ebs nach <strong>Qeparo<\/strong> bieten endlose Tiefblicke und traumhaftes Panorama, sind aber doch schon recht fordernd. Etwas weniger anstrengend ist es, wenn man nur einen Weg geht und diese Wanderungen nicht als Rundtouren macht.<\/p>\n\n\n\n<p>Richtig fordernd sind die Gipfeltouren.  Das Ceraunische Gebirge bietet richtig hohe Gipfel und eine Tour entlang des Grats. Die <strong>Maja e \u00c7ik\u00ebs<\/strong> ist mit 2045 Meter der h\u00f6chste Gipfel. Die Besteigung ist aber eine recht lange Tour. Der Nebengipfel <strong>Maja e Qor\u00ebs<\/strong> (2018 m) liegt drei Kilometer n\u00f6rdlicher und ist so deutlich einfacher zu erreichen. Bestiegen werden diese Berge in der Regel vom Llogara-Pass (1030 m). Von Pilur (705 m) aus lassen sich Wanderungen im s\u00fcdlicheren Bereich des Gebirgs machen und rasch auf \u00fcber 1200 Meter aufsteigen.<\/p>\n\n\n<div class=\"wp-block-image\">\n<figure class=\"alignright size-medium\"><a href=\"https:\/\/albanien.ch\/albanien_info\/llogara-pass-hike\/\"><img data-recalc-dims=\"1\" loading=\"lazy\" decoding=\"async\" width=\"300\" height=\"199\" data-attachment-id=\"7270\" data-permalink=\"https:\/\/albanien.ch\/albanien_info\/llogara-pass-hike\/\" data-orig-file=\"https:\/\/i0.wp.com\/albanien.ch\/albanien_info\/wp-content\/uploads\/2023\/04\/Llogara-Pass-Hike.jpg?fit=2000%2C1329&amp;ssl=1\" data-orig-size=\"2000,1329\" data-comments-opened=\"1\" data-image-meta=\"{&quot;aperture&quot;:&quot;0&quot;,&quot;credit&quot;:&quot;&quot;,&quot;camera&quot;:&quot;&quot;,&quot;caption&quot;:&quot;&quot;,&quot;created_timestamp&quot;:&quot;0&quot;,&quot;copyright&quot;:&quot;&quot;,&quot;focal_length&quot;:&quot;0&quot;,&quot;iso&quot;:&quot;0&quot;,&quot;shutter_speed&quot;:&quot;0&quot;,&quot;title&quot;:&quot;&quot;,&quot;orientation&quot;:&quot;0&quot;}\" data-image-title=\"Llogara Pass Hike\" data-image-description=\"&lt;p&gt;Hoch \u00fcber dem Meer: Llogara-Pass und Maja e \u00c7ik\u00ebs&lt;\/p&gt;\n\" data-image-caption=\"&lt;p&gt;Hoch \u00fcber dem Meer: Llogara-Pass und Maja e \u00c7ik\u00ebs&lt;\/p&gt;\n\" data-medium-file=\"https:\/\/i0.wp.com\/albanien.ch\/albanien_info\/wp-content\/uploads\/2023\/04\/Llogara-Pass-Hike.jpg?fit=300%2C199&amp;ssl=1\" data-large-file=\"https:\/\/i0.wp.com\/albanien.ch\/albanien_info\/wp-content\/uploads\/2023\/04\/Llogara-Pass-Hike.jpg?fit=525%2C349&amp;ssl=1\" src=\"https:\/\/i0.wp.com\/albanien.ch\/albanien_info\/wp-content\/uploads\/2023\/04\/Llogara-Pass-Hike.jpg?resize=300%2C199&#038;ssl=1\" alt=\"Llogara-Pass und Maja e \u00c7ik\u00ebs\" class=\"wp-image-7270\" srcset=\"https:\/\/i0.wp.com\/albanien.ch\/albanien_info\/wp-content\/uploads\/2023\/04\/Llogara-Pass-Hike.jpg?resize=300%2C199&amp;ssl=1 300w, https:\/\/i0.wp.com\/albanien.ch\/albanien_info\/wp-content\/uploads\/2023\/04\/Llogara-Pass-Hike.jpg?resize=1024%2C680&amp;ssl=1 1024w, https:\/\/i0.wp.com\/albanien.ch\/albanien_info\/wp-content\/uploads\/2023\/04\/Llogara-Pass-Hike.jpg?resize=768%2C510&amp;ssl=1 768w, https:\/\/i0.wp.com\/albanien.ch\/albanien_info\/wp-content\/uploads\/2023\/04\/Llogara-Pass-Hike.jpg?resize=1536%2C1021&amp;ssl=1 1536w, https:\/\/i0.wp.com\/albanien.ch\/albanien_info\/wp-content\/uploads\/2023\/04\/Llogara-Pass-Hike.jpg?w=2000&amp;ssl=1 2000w\" sizes=\"auto, (max-width: 300px) 100vw, 300px\" \/><\/a><figcaption class=\"wp-element-caption\">Hoch \u00fcber dem Meer: Llogara-Pass und Maja e \u00c7ik\u00ebs<\/figcaption><\/figure><\/div>\n\n\n<p>Erlebnisreich sind auch Touren \u00fcbers Ceraunische Gebirge ins Hinterland zu D\u00f6rfern wie <strong>T\u00ebrba\u00e7<\/strong>, <strong>Vranisht<\/strong> oder <strong>Ku\u00e7<\/strong> (Kurvelesh) im Tal der <strong>Shushica<\/strong>. Mit deutlich \u00fcber 20 Kilometern sind das aber fordernde Strecken. <\/p>\n\n\n\n<p>Ein weiteres Wandergebiet ist der <strong>Llogara-Nationalpark<\/strong>. Auf der Nordseite der Passh\u00f6he finden sich noch ausgedehnte W\u00e4lder mit h\u00fcbschen Wanderrouten. Hier ist Vorsicht geboten \u2013&nbsp;immer wieder verirren sich Wanderer im un\u00fcbersichtlichen Gel\u00e4nde. Deswegen bei Touren tief in den Wald hinein unbedingt sich gut vorbereiten und Navigationshilfen dabei haben! Vom Pass aus kann man entweder zu den h\u00f6chsten Gipfeln des Ceraunischen Gebirges erklimmen oder \u2013&nbsp;etwas bequemer \u2013&nbsp;am Nordwestgrat hochsteigen. Zu den Antennen ist es nicht allzu weit. Man wird mit einem pr\u00e4chtigen Panorama belohnt und hat 1400 Meter Tiefblick zum Meer.<\/p>\n\n\n<div class=\"wp-block-image\">\n<figure class=\"alignright size-medium\"><a href=\"https:\/\/albanien.ch\/albanien_info\/wanderweg-albanien-bunker-strand\/\"><img data-recalc-dims=\"1\" loading=\"lazy\" decoding=\"async\" width=\"199\" height=\"300\" data-attachment-id=\"7273\" data-permalink=\"https:\/\/albanien.ch\/albanien_info\/wanderweg-albanien-bunker-strand\/\" data-orig-file=\"https:\/\/i0.wp.com\/albanien.ch\/albanien_info\/wp-content\/uploads\/2023\/04\/Wanderweg-Albanien-Bunker-Strand.jpg?fit=1329%2C2000&amp;ssl=1\" data-orig-size=\"1329,2000\" data-comments-opened=\"1\" data-image-meta=\"{&quot;aperture&quot;:&quot;0&quot;,&quot;credit&quot;:&quot;&quot;,&quot;camera&quot;:&quot;&quot;,&quot;caption&quot;:&quot;&quot;,&quot;created_timestamp&quot;:&quot;0&quot;,&quot;copyright&quot;:&quot;&quot;,&quot;focal_length&quot;:&quot;0&quot;,&quot;iso&quot;:&quot;0&quot;,&quot;shutter_speed&quot;:&quot;0&quot;,&quot;title&quot;:&quot;&quot;,&quot;orientation&quot;:&quot;0&quot;}\" data-image-title=\"Wanderweg Albanien Bunker Strand\" data-image-description=\"&lt;p&gt;Strand von Livadh bei Himara in S\u00fcdalbanien mit Bunker und Wanderweg&lt;\/p&gt;\n\" data-image-caption=\"&lt;p&gt;Bunker und Strand und Wanderweg bei Himara&lt;\/p&gt;\n\" data-medium-file=\"https:\/\/i0.wp.com\/albanien.ch\/albanien_info\/wp-content\/uploads\/2023\/04\/Wanderweg-Albanien-Bunker-Strand.jpg?fit=199%2C300&amp;ssl=1\" data-large-file=\"https:\/\/i0.wp.com\/albanien.ch\/albanien_info\/wp-content\/uploads\/2023\/04\/Wanderweg-Albanien-Bunker-Strand.jpg?fit=525%2C791&amp;ssl=1\" src=\"https:\/\/i0.wp.com\/albanien.ch\/albanien_info\/wp-content\/uploads\/2023\/04\/Wanderweg-Albanien-Bunker-Strand.jpg?resize=199%2C300&#038;ssl=1\" alt=\"Strand von Livadh in S\u00fcdalbanien mit Bunker und Wanderweg\" class=\"wp-image-7273\" srcset=\"https:\/\/i0.wp.com\/albanien.ch\/albanien_info\/wp-content\/uploads\/2023\/04\/Wanderweg-Albanien-Bunker-Strand.jpg?resize=199%2C300&amp;ssl=1 199w, https:\/\/i0.wp.com\/albanien.ch\/albanien_info\/wp-content\/uploads\/2023\/04\/Wanderweg-Albanien-Bunker-Strand.jpg?resize=680%2C1024&amp;ssl=1 680w, https:\/\/i0.wp.com\/albanien.ch\/albanien_info\/wp-content\/uploads\/2023\/04\/Wanderweg-Albanien-Bunker-Strand.jpg?resize=768%2C1156&amp;ssl=1 768w, https:\/\/i0.wp.com\/albanien.ch\/albanien_info\/wp-content\/uploads\/2023\/04\/Wanderweg-Albanien-Bunker-Strand.jpg?resize=1021%2C1536&amp;ssl=1 1021w, https:\/\/i0.wp.com\/albanien.ch\/albanien_info\/wp-content\/uploads\/2023\/04\/Wanderweg-Albanien-Bunker-Strand.jpg?w=1329&amp;ssl=1 1329w\" sizes=\"auto, (max-width: 199px) 100vw, 199px\" \/><\/a><figcaption class=\"wp-element-caption\">Bunker und Strand und Wanderweg bei Himara<\/figcaption><\/figure><\/div>\n\n\n<p>Es gibt noch zahlreiche andere Wanderm\u00f6glichkeiten, ohne dabei auf die zahlreichen Aussichtsberge und Almweiden einzugehen. Hoch \u00fcber Ilias liegt eine kleine <strong>Kirche<\/strong> (\u00bbManastir\u00ab). Bei den Ruinen des Klosters \u00bbScoutariotisa\u00ab (von der Passh\u00f6he zwischen Vuno und Himara zwei Kilometer nach S\u00fcden) hat man eine hervorragende Aussicht. In <strong>Pilur<\/strong> startet man noch etwas h\u00f6her zu verschiedenen Touren rund ums Dorf. Rund zw\u00f6lf Kilometer sind es vom Strand von Palasa dem Meer entlang bis zur <strong>Grama-Bucht<\/strong> (ein Weg!). Einsam sollte auch der nur zu Fuss erreichbare Strand unterhalb von Lukova sein.<\/p>\n\n\n\n<p>In Dh\u00ebrmi verbindet der anderthalb Kilometer lange \u00bbShtegu i Mullinjve\u00ab, der \u00bbM\u00fchlenweg\u00ab, das Dorf mit dem Strand. Der Weg am Bach f\u00fchrt an einem kleinen Wasserfall vorbei. <\/p>\n\n\n\n<p>Unterk\u00fcnfte gibt es in der Region zahlreich. Der Hochsommer eignet sich f\u00fcr die langen und anstrengenden Touren eigentlich nicht.<\/p>\n\n\n\n<p>Diverse Wanderrouten entlang der Albanischen Riviera sind markiert. Im Internet finden sich auch sehr viele Informationen.<\/p>\n\n\n\n<p><a href=\"https:\/\/albanien.ch\/albanien_info\/albanische-riviera\/\"><i class=\"wp-svg-redo-2 redo-2\"><\/i> Ausf\u00fchrliche Informationen zur Albanischen Riviera<\/a><br><a href=\"https:\/\/issuu.com\/southcoastal\/docs\/hiking_trails\" target=\"_blank\" rel=\"noreferrer noopener\"><i class=\"wp-svg-book book\"><\/i> B\u00fcchlein mit Wanderrouten an der Albanischen Riviera<\/a><\/p>\n\n\n\n<div style=\"height:25px\" aria-hidden=\"true\" class=\"wp-block-spacer\"><\/div>\n\n\n\n<h3 class=\"wp-block-heading\">Wandern in der Region Vlora<\/h3>\n\n\n<div class=\"wp-block-image\">\n<figure class=\"alignright size-medium\"><a href=\"https:\/\/albanien.ch\/albanien_info\/orikum_lagune\/\"><img data-recalc-dims=\"1\" loading=\"lazy\" decoding=\"async\" width=\"300\" height=\"200\" data-attachment-id=\"1093\" data-permalink=\"https:\/\/albanien.ch\/albanien_info\/orikum_lagune\/\" data-orig-file=\"https:\/\/i0.wp.com\/albanien.ch\/albanien_info\/wp-content\/uploads\/2015\/07\/Orikum_Lagune.jpg?fit=1503%2C1000&amp;ssl=1\" data-orig-size=\"1503,1000\" data-comments-opened=\"1\" data-image-meta=\"{&quot;aperture&quot;:&quot;0&quot;,&quot;credit&quot;:&quot;&quot;,&quot;camera&quot;:&quot;&quot;,&quot;caption&quot;:&quot;&quot;,&quot;created_timestamp&quot;:&quot;0&quot;,&quot;copyright&quot;:&quot;&quot;,&quot;focal_length&quot;:&quot;0&quot;,&quot;iso&quot;:&quot;0&quot;,&quot;shutter_speed&quot;:&quot;0&quot;,&quot;title&quot;:&quot;&quot;,&quot;orientation&quot;:&quot;0&quot;}\" data-image-title=\"Orikum Lagune\" data-image-description=\"\" data-image-caption=\"&lt;p&gt;Lagune bei Orikum&lt;\/p&gt;\n\" data-medium-file=\"https:\/\/i0.wp.com\/albanien.ch\/albanien_info\/wp-content\/uploads\/2015\/07\/Orikum_Lagune.jpg?fit=300%2C200&amp;ssl=1\" data-large-file=\"https:\/\/i0.wp.com\/albanien.ch\/albanien_info\/wp-content\/uploads\/2015\/07\/Orikum_Lagune.jpg?fit=525%2C349&amp;ssl=1\" src=\"https:\/\/i0.wp.com\/albanien.ch\/albanien_info\/wp-content\/uploads\/2015\/07\/Orikum_Lagune.jpg?resize=300%2C200&#038;ssl=1\" alt=\"Lagune bei Orikum \" class=\"wp-image-1093\" srcset=\"https:\/\/i0.wp.com\/albanien.ch\/albanien_info\/wp-content\/uploads\/2015\/07\/Orikum_Lagune.jpg?resize=300%2C200&amp;ssl=1 300w, https:\/\/i0.wp.com\/albanien.ch\/albanien_info\/wp-content\/uploads\/2015\/07\/Orikum_Lagune.jpg?resize=1024%2C681&amp;ssl=1 1024w, https:\/\/i0.wp.com\/albanien.ch\/albanien_info\/wp-content\/uploads\/2015\/07\/Orikum_Lagune.jpg?w=1503&amp;ssl=1 1503w\" sizes=\"auto, (max-width: 300px) 100vw, 300px\" \/><\/a><figcaption class=\"wp-element-caption\">Lagune bei Orikum und H\u00e4nge des Karaburun<\/figcaption><\/figure><\/div>\n\n\n<p>Rund um <strong>Orikum<\/strong> gibt es diverse spannende Ziele. Die <strong>Karaburun-Halbinsel<\/strong> und die Buchten auf der Westseite sind nur etwas f\u00fcr erfahrene Weitwanderer. Es gibt in der Region kein Wasser! Man muss also Proviant f\u00fcr mehrere Tage dabei haben. Und weil man die Milit\u00e4rbasis umgehen muss, sind die Distanzen richtig weit. <\/p>\n\n\n\n<p>Erkundigungen rund um Orikum \u2013&nbsp;Vogelbeobachtung in der Lagune oder Besichtigung der Kirche von Marmiroi \u2013 fallen eher in die Kategorie Spaziergang. Vom Nachbardorf <strong>Tragjas<\/strong> l\u00e4sst sich in ruhiger Natur eine nette Wanderung zu einem verlassenen Dorf, Tragjas i vjet\u00ebr, unternehmen.<\/p>\n\n\n\n<p>Nordwestlich von Vlora gibt es die M\u00f6glichkeit, der K\u00fcste entlangzuwandern. Auf dem  schmale Streifen Land zwischen der <strong>Lagune von Narta<\/strong> und dem Meer gibt es zwischen den H\u00fcgeln versteckte Str\u00e4nde und Bunker zu entdecken.<\/p>\n\n\n\n<p>Das h\u00fcgelige bis gebirgige Hinterland von Vlora bietet nat\u00fcrlich noch zahlreiche weitere Alternativen f\u00fcr abgeschiedene Wanderungen. Besonders reizvoll ist das Shushica-Tal mit diversen Natursch\u00f6nheiten. Das Internet bietet Informationen.<\/p>\n\n\n\n<p><a href=\"https:\/\/albanien.ch\/albanien_info\/vlora\/\"><i class=\"wp-svg-redo-2 redo-2\"><\/i> Weitere Informationen zur Region Vlora<\/a><\/p>\n\n\n\n<div style=\"height:25px\" aria-hidden=\"true\" class=\"wp-block-spacer\"><\/div>\n\n\n\n<h3 class=\"wp-block-heading\">Wandern bei Berat<\/h3>\n\n\n<div class=\"wp-block-image\">\n<figure class=\"alignright size-medium\"><a href=\"https:\/\/albanien.ch\/albanien_info\/berat-gorica-berge\/\"><img data-recalc-dims=\"1\" loading=\"lazy\" decoding=\"async\" width=\"300\" height=\"200\" data-attachment-id=\"7281\" data-permalink=\"https:\/\/albanien.ch\/albanien_info\/berat-gorica-berge\/\" data-orig-file=\"https:\/\/i0.wp.com\/albanien.ch\/albanien_info\/wp-content\/uploads\/2023\/04\/Berat-Gorica-Berge.jpg?fit=2000%2C1333&amp;ssl=1\" data-orig-size=\"2000,1333\" data-comments-opened=\"1\" data-image-meta=\"{&quot;aperture&quot;:&quot;0&quot;,&quot;credit&quot;:&quot;&quot;,&quot;camera&quot;:&quot;&quot;,&quot;caption&quot;:&quot;&quot;,&quot;created_timestamp&quot;:&quot;0&quot;,&quot;copyright&quot;:&quot;&quot;,&quot;focal_length&quot;:&quot;0&quot;,&quot;iso&quot;:&quot;0&quot;,&quot;shutter_speed&quot;:&quot;0&quot;,&quot;title&quot;:&quot;&quot;,&quot;orientation&quot;:&quot;0&quot;}\" data-image-title=\"Berat-Gorica-Berge\" data-image-description=\"&lt;p&gt;Berat: Stadtteil Gorica s\u00fcdlich des Flusses und umgebende Berge&lt;\/p&gt;\n\" data-image-caption=\"&lt;p&gt;Berat: Stadtteil Gorica s\u00fcdlich des Flusses und umgebende Berge&lt;\/p&gt;\n\" data-medium-file=\"https:\/\/i0.wp.com\/albanien.ch\/albanien_info\/wp-content\/uploads\/2023\/04\/Berat-Gorica-Berge.jpg?fit=300%2C200&amp;ssl=1\" data-large-file=\"https:\/\/i0.wp.com\/albanien.ch\/albanien_info\/wp-content\/uploads\/2023\/04\/Berat-Gorica-Berge.jpg?fit=525%2C350&amp;ssl=1\" src=\"https:\/\/i0.wp.com\/albanien.ch\/albanien_info\/wp-content\/uploads\/2023\/04\/Berat-Gorica-Berge.jpg?resize=300%2C200&#038;ssl=1\" alt=\"Berat: Stadtteil Gorica s\u00fcdlich des Flusses und umgebende Berge\" class=\"wp-image-7281\" srcset=\"https:\/\/i0.wp.com\/albanien.ch\/albanien_info\/wp-content\/uploads\/2023\/04\/Berat-Gorica-Berge.jpg?resize=300%2C200&amp;ssl=1 300w, https:\/\/i0.wp.com\/albanien.ch\/albanien_info\/wp-content\/uploads\/2023\/04\/Berat-Gorica-Berge.jpg?resize=1024%2C682&amp;ssl=1 1024w, https:\/\/i0.wp.com\/albanien.ch\/albanien_info\/wp-content\/uploads\/2023\/04\/Berat-Gorica-Berge.jpg?resize=768%2C512&amp;ssl=1 768w, https:\/\/i0.wp.com\/albanien.ch\/albanien_info\/wp-content\/uploads\/2023\/04\/Berat-Gorica-Berge.jpg?resize=1536%2C1024&amp;ssl=1 1536w, https:\/\/i0.wp.com\/albanien.ch\/albanien_info\/wp-content\/uploads\/2023\/04\/Berat-Gorica-Berge.jpg?w=2000&amp;ssl=1 2000w\" sizes=\"auto, (max-width: 300px) 100vw, 300px\" \/><\/a><figcaption class=\"wp-element-caption\">Berat: H\u00fcgel s\u00fcdlich des Flusses, Shpirag dahinter<\/figcaption><\/figure><\/div>\n\n\n<p>In <a href=\"https:\/\/albanien.ch\/albanien_info\/berat\/\">Berat<\/a> ist schon die Stadtbesichtigung schweisstreibend: Der Burgh\u00fcgel erhebt sich fast 200 Meter \u00fcber der Stadt. Neben der Strasse gibt es verschiedene steile Pfade hoch. Die Ruinen auf dem H\u00fcgel s\u00fcdlich des Flusses sind noch etwas h\u00f6her gelegen \u2013&nbsp;hier ist man dann alleine unterwegs.<\/p>\n\n\n\n<p>Der <strong>Shpirag<\/strong> (1197 m) westlich von Berat gilt eher als anspruchsvoll. Ein Ausflug ins Dorf <strong>Roshnik<\/strong> \u00f6stlich von Berat, wo es Restaurants und Weinkellereien gibt, l\u00e4sst sich auch mit einem Spaziergang in der Umgebung verbinden.<\/p>\n\n\n\n<p>S\u00fcd\u00f6stlich von Berat erhebt sich der Berg <strong>Tomorr<\/strong> (2415 m).  Meist f\u00e4hrt man aber eher mit dem Auto hoch auf den Berg, als ihn zu Fuss zu erklimmen. Nat\u00fcrlich bietet der gleichnamige Nationalpark zahlreiche M\u00f6glichkeiten f\u00fcr Wanderungen. Markiert ist hier aber kaum was. Das Kloster an den S\u00fcdosth\u00e4ngen des Berges auf fast 1600 Metern H\u00f6he ist ein guter Ausgangspunkt (und bis auf die letzten Meter auf Asphalt zu erreichen, Abzweigung kurz vor Poli\u00e7an).  Eine Karte f\u00fcr den Tomorr mit Routenvorschl\u00e4gen von \u00bb1001 Albanian Adventures\u00ab war 2021 in Berat in Souvenirl\u00e4den erh\u00e4ltlich \u2013&nbsp;Massstab 1:55&#8217;000, aber nur schwer lesbar.<\/p>\n\n\n\n<div style=\"height:25px\" aria-hidden=\"true\" class=\"wp-block-spacer\"><\/div>\n\n\n\n<h3 class=\"wp-block-heading\">Wandern in Skrapar<\/h3>\n\n\n<div class=\"wp-block-image\">\n<figure class=\"alignright size-medium\"><a href=\"https:\/\/albanien.ch\/albanien_info\/osum-canon-ii\/\"><img data-recalc-dims=\"1\" loading=\"lazy\" decoding=\"async\" width=\"199\" height=\"300\" data-attachment-id=\"7282\" data-permalink=\"https:\/\/albanien.ch\/albanien_info\/osum-canon-ii\/\" data-orig-file=\"https:\/\/i0.wp.com\/albanien.ch\/albanien_info\/wp-content\/uploads\/2023\/04\/Osum-Canon-ii.jpg?fit=1329%2C2000&amp;ssl=1\" data-orig-size=\"1329,2000\" data-comments-opened=\"1\" data-image-meta=\"{&quot;aperture&quot;:&quot;0&quot;,&quot;credit&quot;:&quot;&quot;,&quot;camera&quot;:&quot;&quot;,&quot;caption&quot;:&quot;&quot;,&quot;created_timestamp&quot;:&quot;0&quot;,&quot;copyright&quot;:&quot;&quot;,&quot;focal_length&quot;:&quot;0&quot;,&quot;iso&quot;:&quot;0&quot;,&quot;shutter_speed&quot;:&quot;0&quot;,&quot;title&quot;:&quot;&quot;,&quot;orientation&quot;:&quot;0&quot;}\" data-image-title=\"Osum-Canon-ii\" data-image-description=\"&lt;p&gt;S\u00fcdlichere, kleine Osum-Schlucht mit Br\u00fccke&lt;\/p&gt;\n\" data-image-caption=\"&lt;p&gt;S\u00fcdlichere, kleine Osum-Schlucht mit Br\u00fccke&lt;\/p&gt;\n\" data-medium-file=\"https:\/\/i0.wp.com\/albanien.ch\/albanien_info\/wp-content\/uploads\/2023\/04\/Osum-Canon-ii.jpg?fit=199%2C300&amp;ssl=1\" data-large-file=\"https:\/\/i0.wp.com\/albanien.ch\/albanien_info\/wp-content\/uploads\/2023\/04\/Osum-Canon-ii.jpg?fit=525%2C791&amp;ssl=1\" src=\"https:\/\/i0.wp.com\/albanien.ch\/albanien_info\/wp-content\/uploads\/2023\/04\/Osum-Canon-ii.jpg?resize=199%2C300&#038;ssl=1\" alt=\"Kleine Osum-Schlucht mit Br\u00fccke\" class=\"wp-image-7282\" srcset=\"https:\/\/i0.wp.com\/albanien.ch\/albanien_info\/wp-content\/uploads\/2023\/04\/Osum-Canon-ii.jpg?resize=199%2C300&amp;ssl=1 199w, https:\/\/i0.wp.com\/albanien.ch\/albanien_info\/wp-content\/uploads\/2023\/04\/Osum-Canon-ii.jpg?resize=680%2C1024&amp;ssl=1 680w, https:\/\/i0.wp.com\/albanien.ch\/albanien_info\/wp-content\/uploads\/2023\/04\/Osum-Canon-ii.jpg?resize=768%2C1156&amp;ssl=1 768w, https:\/\/i0.wp.com\/albanien.ch\/albanien_info\/wp-content\/uploads\/2023\/04\/Osum-Canon-ii.jpg?resize=1021%2C1536&amp;ssl=1 1021w, https:\/\/i0.wp.com\/albanien.ch\/albanien_info\/wp-content\/uploads\/2023\/04\/Osum-Canon-ii.jpg?w=1329&amp;ssl=1 1329w\" sizes=\"auto, (max-width: 199px) 100vw, 199px\" \/><\/a><figcaption class=\"wp-element-caption\">Wacklige Br\u00fccke in der kleinen Osum-Schlucht etwas s\u00fcdlich<\/figcaption><\/figure><\/div>\n\n\n<p>Die Region Skrapar s\u00fcdlich von Berat ist bekannt f\u00fcr den tiefen <strong>Canyon des Osum<\/strong>. Die tiefe, von senkrechten W\u00e4nden umgebene Schlucht l\u00e4sst sich auf verschiedene Wege erkunden: Mit Schlauchboot oder im Sommer schwimmend und watend geht es durch die Schlucht. Wanderer k\u00f6nnen die Landschaft auf der Westseite in Ruhe geniessen. Auf der Ostseite gibt es leider keine Alternative zur Asphaltstrasse.<\/p>\n\n\n\n<p>S\u00fcdlich vom Osum-Canyon (ab der Br\u00fccke rund zweieinhalb Kilometer) schliesst sich noch eine weitere Schlucht an. Hier f\u00fchrt ein Weg in die Schlucht hinein, \u00fcber ein sehr wackliges Br\u00fccklein auf die andere Seite und dann in die H\u00f6he. Hier braucht man an der einen oder anderen absch\u00fcssigen Stelle schon etwas Mut. An den H\u00e4ngen \u00fcber dem Fluss geht es wieder nach Norden zur vorgenannten Br\u00fccke am s\u00fcdlichen Ende der Schlucht. Von dort sind es rund zehn Kilometer bis nach \u00c7orovoda. <\/p>\n\n\n\n<p>F\u00fcr die Routen rund um die Schlucht findet man Infos im Internet. Das \u00fcbliche Bergland von Skrapar ist kaum erschlossen und sehr abgeschieden.<\/p>\n\n\n\n<p><a href=\"https:\/\/albanien.ch\/albanien_info\/berat\/\"><i class=\"wp-svg-redo-2 redo-2\"><\/i> Weitere Informationen zu Skrapar in unserem Artikel \u00fcber Berat<\/a><\/p>\n\n\n\n<div style=\"height:25px\" aria-hidden=\"true\" class=\"wp-block-spacer\"><\/div>\n\n\n\n<h2 class=\"wp-block-heading\">Fernwanderwege<\/h2>\n\n\n\n<h3 class=\"wp-block-heading\">Peaks of the Balkans<\/h3>\n\n\n<div class=\"wp-block-image\">\n<figure class=\"alignright size-medium\"><a href=\"https:\/\/albanien.ch\/albanien_info\/peaks-of-the-balkans-sign-valbona\/\"><img data-recalc-dims=\"1\" loading=\"lazy\" decoding=\"async\" width=\"300\" height=\"177\" data-attachment-id=\"7283\" data-permalink=\"https:\/\/albanien.ch\/albanien_info\/peaks-of-the-balkans-sign-valbona\/\" data-orig-file=\"https:\/\/i0.wp.com\/albanien.ch\/albanien_info\/wp-content\/uploads\/2023\/04\/peaks-of-the-balkans-sign-valbona.jpg?fit=2400%2C1412&amp;ssl=1\" data-orig-size=\"2400,1412\" data-comments-opened=\"1\" data-image-meta=\"{&quot;aperture&quot;:&quot;0&quot;,&quot;credit&quot;:&quot;&quot;,&quot;camera&quot;:&quot;&quot;,&quot;caption&quot;:&quot;&quot;,&quot;created_timestamp&quot;:&quot;0&quot;,&quot;copyright&quot;:&quot;&quot;,&quot;focal_length&quot;:&quot;0&quot;,&quot;iso&quot;:&quot;0&quot;,&quot;shutter_speed&quot;:&quot;0&quot;,&quot;title&quot;:&quot;&quot;,&quot;orientation&quot;:&quot;0&quot;}\" data-image-title=\"Peaks of the Balkans Trail Sign in Valbona\" data-image-description=\"&lt;p&gt;Peaks of the Balkans Trail: Informationstafel in Valbona&lt;\/p&gt;\n\" data-image-caption=\"&lt;p&gt;Informationstafel in Valbona&lt;\/p&gt;\n\" data-medium-file=\"https:\/\/i0.wp.com\/albanien.ch\/albanien_info\/wp-content\/uploads\/2023\/04\/peaks-of-the-balkans-sign-valbona.jpg?fit=300%2C177&amp;ssl=1\" data-large-file=\"https:\/\/i0.wp.com\/albanien.ch\/albanien_info\/wp-content\/uploads\/2023\/04\/peaks-of-the-balkans-sign-valbona.jpg?fit=525%2C309&amp;ssl=1\" src=\"https:\/\/i0.wp.com\/albanien.ch\/albanien_info\/wp-content\/uploads\/2023\/04\/peaks-of-the-balkans-sign-valbona.jpg?resize=300%2C177&#038;ssl=1\" alt=\"Peaks of the Balkans Trail: Infotafel in Valbona\" class=\"wp-image-7283\" srcset=\"https:\/\/i0.wp.com\/albanien.ch\/albanien_info\/wp-content\/uploads\/2023\/04\/peaks-of-the-balkans-sign-valbona.jpg?resize=300%2C177&amp;ssl=1 300w, https:\/\/i0.wp.com\/albanien.ch\/albanien_info\/wp-content\/uploads\/2023\/04\/peaks-of-the-balkans-sign-valbona.jpg?resize=1024%2C602&amp;ssl=1 1024w, https:\/\/i0.wp.com\/albanien.ch\/albanien_info\/wp-content\/uploads\/2023\/04\/peaks-of-the-balkans-sign-valbona.jpg?resize=768%2C452&amp;ssl=1 768w, https:\/\/i0.wp.com\/albanien.ch\/albanien_info\/wp-content\/uploads\/2023\/04\/peaks-of-the-balkans-sign-valbona.jpg?resize=1536%2C904&amp;ssl=1 1536w, https:\/\/i0.wp.com\/albanien.ch\/albanien_info\/wp-content\/uploads\/2023\/04\/peaks-of-the-balkans-sign-valbona.jpg?resize=2048%2C1205&amp;ssl=1 2048w, https:\/\/i0.wp.com\/albanien.ch\/albanien_info\/wp-content\/uploads\/2023\/04\/peaks-of-the-balkans-sign-valbona.jpg?resize=365%2C215&amp;ssl=1 365w\" sizes=\"auto, (max-width: 300px) 100vw, 300px\" \/><\/a><figcaption class=\"wp-element-caption\">Informationstafel in Valbona<\/figcaption><\/figure><\/div>\n\n\n<p>Dieser grenz\u00fcberschreitende Fernwanderweg in den Albanischen Alpen (Prokletije) ist schon sehr popul\u00e4r. Er besteht aus einem Rundkurs in Nordalbanien, Kosova und Montenegro von ca. 10 Tagesetappen, die Theth, Valbona, das Rugova-Gebirge, die Hajla und Plav miteinander verbinden. Der Weg f\u00fchrt durchs Hochgebirge und ist entsprechend herausfordernd: recht lange Etappen mit reichlich H\u00f6henmetern. Insgesamt ist die Rundtour 192 Kilometer lang \u2013&nbsp;die zehn Etappen k\u00f6nnen auch auf 13 Tage aufgeteilt oder deutlich abgek\u00fcrzt werden. Unterwegs gibt es immer Unterk\u00fcnfte \u2013&nbsp;einfache auf Almen, ganz ordentliche in den Touristenzentren.  Der Einstieg kann \u00fcberall erfolgen: in Plav oder Vusanje in Montenegro, im Rugovatal in Kosova oder in Theth oder Valbona in Albanien. Vor Juni liegt meist noch zu viel Schnee, um die Passquerungen zu machen. <\/p>\n\n\n\n<p>F\u00fcr den \u00bbPeaks of the Balkans Trail\u00ab gibt es mehrere Wanderf\u00fchrer, eine eigene <a href=\"https:\/\/www.peaksofthebalkans.com\/\" target=\"_blank\" rel=\"noopener noreferrer\"><i class=\"wp-svg-link link\"><\/i> Website<\/a>, eine Facebook-Gruppe und auch sonst im Internet viele Berichte und Routenbeschreibungen.  <br><a href=\"https:\/\/albanien.ch\/albanien_info\/albanische-alpen\/\"><i class=\"wp-svg-redo-2 redo-2\"><\/i> Weitere Informationen zu den Albanischen Alpen<\/a><\/p>\n\n\n\t<div class=\"simple-alert-boxes sab_success sab_normal \">\r\n\t\t\n\n\n<div class=\"wp-block-image\">\n<figure class=\"alignright\"><a href=\"https:\/\/amzn.to\/2KkwXTw\" target=\"_blank\" rel=\"noreferrer noopener\"><img data-recalc-dims=\"1\" loading=\"lazy\" decoding=\"async\" width=\"77\" height=\"110\" data-attachment-id=\"455\" data-permalink=\"https:\/\/albanien.ch\/albanien_info\/reisefuehrer\/outdoor_peaksofbalkans\/\" data-orig-file=\"https:\/\/i0.wp.com\/albanien.ch\/albanien_info\/wp-content\/uploads\/2015\/04\/outdoor_peaksofbalkans.jpg?fit=77%2C110&amp;ssl=1\" data-orig-size=\"77,110\" data-comments-opened=\"1\" data-image-meta=\"{&quot;aperture&quot;:&quot;0&quot;,&quot;credit&quot;:&quot;&quot;,&quot;camera&quot;:&quot;&quot;,&quot;caption&quot;:&quot;&quot;,&quot;created_timestamp&quot;:&quot;0&quot;,&quot;copyright&quot;:&quot;&quot;,&quot;focal_length&quot;:&quot;0&quot;,&quot;iso&quot;:&quot;0&quot;,&quot;shutter_speed&quot;:&quot;0&quot;,&quot;title&quot;:&quot;&quot;,&quot;orientation&quot;:&quot;0&quot;}\" data-image-title=\"Outdoor Peaks of Balkans Wanderf\u00fchrer\" data-image-description=\"&lt;p&gt;&lt;strong&gt;Dieses Werk ist nicht unter einer Creative-Commons-Lizenz lizenziert!&lt;\/strong&gt;&lt;\/p&gt;\n\" data-image-caption=\"&lt;p&gt;Wanderf\u00fchrer Outdoor Peaks of Balkans, Jan Dohren&lt;\/p&gt;\n\" data-medium-file=\"https:\/\/i0.wp.com\/albanien.ch\/albanien_info\/wp-content\/uploads\/2015\/04\/outdoor_peaksofbalkans.jpg?fit=77%2C110&amp;ssl=1\" data-large-file=\"https:\/\/i0.wp.com\/albanien.ch\/albanien_info\/wp-content\/uploads\/2015\/04\/outdoor_peaksofbalkans.jpg?fit=77%2C110&amp;ssl=1\" src=\"https:\/\/i0.wp.com\/albanien.ch\/albanien_info\/wp-content\/uploads\/2015\/04\/outdoor_peaksofbalkans.jpg?resize=77%2C110&#038;ssl=1\" alt=\"Wanderf\u00fchrer Outdoor Peaks of Balkans, Jan Dohren\" class=\"wp-image-455\"\/><\/a><\/figure><\/div>\n\n\n<p>F\u00fcr den Fernwanderweg \u00bbPeaks of Balkans\u00ab durch Albanien, Kosova und Montenegro ist im Jahr 2015 ein erster deutschsprachiger Wanderf\u00fchrer erschienen: <strong><a href=\"https:\/\/amzn.to\/2KkwXTw\" target=\"_blank\" rel=\"noreferrer noopener\"><i class=\"wp-svg-book book\"><\/i> Outdoor-Handbuch Peaks of the Balkans<\/a><\/strong>. Das \u00fcbersichtliche und handliche Buch ist praktisch f\u00fcr alle, die auf dem Fernwanderweg unterwegs sind: Detaillierte Streckenbeschreibungen inklusive Koordinaten und H\u00f6henprofile. Aber auch Bergg\u00e4nger, die nur eine kleine Teilstrecke ablaufen oder einfach sonst in den Albanischen Alpen wandern wollen, finden viele hilfreiche Tipps und aktuelle Beschreibungen. Nur das Kartenmaterial ist etwas gar simpel, und der Sprachf\u00fchrer ist eher d\u00fcrftig.<\/p>\n\n\n\t<\/div>\r\n\t\n\n\n\t<div class=\"simple-alert-boxes sab_success sab_normal \">\r\n\t\t\n\n\n<div class=\"wp-block-image\">\n<figure class=\"alignright is-resized\"><a href=\"https:\/\/amzn.to\/2IaZQEN\" target=\"_blank\" rel=\"noreferrer noopener\"><img data-recalc-dims=\"1\" loading=\"lazy\" decoding=\"async\" width=\"210\" height=\"300\" data-attachment-id=\"2702\" data-permalink=\"https:\/\/albanien.ch\/albanien_info\/albanische-alpen\/rother_wanderfueherer_peaks_of_the_balkans\/\" data-orig-file=\"https:\/\/i0.wp.com\/albanien.ch\/albanien_info\/wp-content\/uploads\/2016\/10\/Rother_Wanderfueherer_Peaks_of_the_Balkans.jpg?fit=350%2C499&amp;ssl=1\" data-orig-size=\"350,499\" data-comments-opened=\"1\" data-image-meta=\"{&quot;aperture&quot;:&quot;0&quot;,&quot;credit&quot;:&quot;&quot;,&quot;camera&quot;:&quot;&quot;,&quot;caption&quot;:&quot;&quot;,&quot;created_timestamp&quot;:&quot;0&quot;,&quot;copyright&quot;:&quot;&quot;,&quot;focal_length&quot;:&quot;0&quot;,&quot;iso&quot;:&quot;0&quot;,&quot;shutter_speed&quot;:&quot;0&quot;,&quot;title&quot;:&quot;&quot;,&quot;orientation&quot;:&quot;0&quot;}\" data-image-title=\"Rother Peaks of the Balkans Wanderf\u00fcherer\" data-image-description=\"&lt;p&gt;&lt;strong&gt;Dieses Werk ist nicht unter einer Creative-Commons-Lizenz lizenziert!&lt;\/strong&gt;&lt;\/p&gt;\n\" data-image-caption=\"&lt;p&gt;Wanderf\u00fcherer Rother Verlag Peaks of the Balkans, Max Bosse &#038; Kathrin Steinweg&lt;\/p&gt;\n\" data-medium-file=\"https:\/\/i0.wp.com\/albanien.ch\/albanien_info\/wp-content\/uploads\/2016\/10\/Rother_Wanderfueherer_Peaks_of_the_Balkans.jpg?fit=210%2C300&amp;ssl=1\" data-large-file=\"https:\/\/i0.wp.com\/albanien.ch\/albanien_info\/wp-content\/uploads\/2016\/10\/Rother_Wanderfueherer_Peaks_of_the_Balkans.jpg?fit=350%2C499&amp;ssl=1\" src=\"https:\/\/i0.wp.com\/www.albanien.ch\/albanien_info\/wp-content\/uploads\/2016\/10\/Rother_Wanderfueherer_Peaks_of_the_Balkans-210x300.jpg?resize=210%2C300&#038;ssl=1\" alt=\"Wanderf\u00fcherer Rother Verlag Peaks of the Balkans, Max Bosse &amp; Kathrin Steinweg\" class=\"wp-image-2702\" style=\"width:100px;height:110px\" srcset=\"https:\/\/i0.wp.com\/albanien.ch\/albanien_info\/wp-content\/uploads\/2016\/10\/Rother_Wanderfueherer_Peaks_of_the_Balkans.jpg?resize=210%2C300&amp;ssl=1 210w, https:\/\/i0.wp.com\/albanien.ch\/albanien_info\/wp-content\/uploads\/2016\/10\/Rother_Wanderfueherer_Peaks_of_the_Balkans.jpg?w=350&amp;ssl=1 350w\" sizes=\"auto, (max-width: 210px) 100vw, 210px\" \/><\/a><\/figure><\/div>\n\n\n<p>Ein zweiter Wanderf\u00fchrer zum Fernwanderweg erschienen 2018 in einer Neuauflage bei einem Konkurrenz-Verlag: <strong><a href=\"https:\/\/amzn.to\/2IaZQEN\" target=\"_blank\" rel=\"noreferrer noopener\"><i class=\"wp-svg-book book\"><\/i> Rother Verlag: Peaks of the Balkans<\/a><\/strong>. Dieses B\u00fcchlein ist noch etwas umfangreicher und beschreibt nicht nur die Route des Fernwanderwegs ausf\u00fchrlich (detaillierte Streckenbeschreibungen inklusive Koordinaten und H\u00f6henprofile und ordentliche Karten), sondern bietet auch diverse Beschreibungen von Tagestouren, interessanten Abstechern und Gipfelbesteigungen insbesondere in den Regionen Theth, Plav, Gusinje und Rugova. Dami ist der F\u00fchrer auch sehr hilfreich f\u00fcr alle, die in den Alpen unterwegs sind, ohne dem Fernwanderweg folgen zu wollen.<\/p>\n\n\n\t<\/div>\r\n\t\n\n\n\t<div class=\"simple-alert-boxes sab_success sab_normal \">\r\n\t\t\n\n\n\n<p>Ein weiteres kleines B\u00fcchlein auf Englisch ist anfangs 2016 erschienen: <strong><a href=\"https:\/\/gum.co\/fOiM?wanted=true\" target=\"_blank\" rel=\"noreferrer noopener\"><i class=\"wp-svg-book book\"><\/i> Peak of the Balkans Beginner&#8217;s Guide<\/a><\/strong>. Es enth\u00e4lt Ratschl\u00e4ge basierend auf einer eigenen Tour der Autoren. Der <a href=\"https:\/\/uncorneredmarket.com\/peaks-of-the-balkans-trekking-highlights-day-by-day\/\" target=\"_blank\" rel=\"noreferrer noopener\"><i class=\"wp-svg-link link\"><\/i> Erfahrungsbericht<\/a> der Autoren und eine <a href=\"https:\/\/uncorneredmarket.com\/peaks-of-balkans-trek-beginners-guide\/\" target=\"_blank\" rel=\"noreferrer noopener\"><i class=\"wp-svg-link link\"><\/i> Kurzfassung<\/a> ihres Buchs sind kostenlos.<\/p>\n\n\n\t<\/div>\r\n\t\n\n\n\n<div style=\"height:20px\" aria-hidden=\"true\" class=\"wp-block-spacer\"><\/div>\n\n\n\n<h3 class=\"wp-block-heading\">High Scardus Trail<\/h3>\n\n\n<div class=\"wp-block-image\">\n<figure class=\"alignright size-medium\"><a href=\"https:\/\/albanien.ch\/albanien_info\/kallabak-high-scardus-trail\/\"><img data-recalc-dims=\"1\" loading=\"lazy\" decoding=\"async\" width=\"300\" height=\"159\" data-attachment-id=\"7284\" data-permalink=\"https:\/\/albanien.ch\/albanien_info\/kallabak-high-scardus-trail\/\" data-orig-file=\"https:\/\/i0.wp.com\/albanien.ch\/albanien_info\/wp-content\/uploads\/2023\/04\/Kallabak-High-Scardus-Trail.jpg?fit=2350%2C1249&amp;ssl=1\" data-orig-size=\"2350,1249\" data-comments-opened=\"1\" data-image-meta=\"{&quot;aperture&quot;:&quot;0&quot;,&quot;credit&quot;:&quot;&quot;,&quot;camera&quot;:&quot;&quot;,&quot;caption&quot;:&quot;&quot;,&quot;created_timestamp&quot;:&quot;0&quot;,&quot;copyright&quot;:&quot;&quot;,&quot;focal_length&quot;:&quot;0&quot;,&quot;iso&quot;:&quot;0&quot;,&quot;shutter_speed&quot;:&quot;0&quot;,&quot;title&quot;:&quot;&quot;,&quot;orientation&quot;:&quot;0&quot;}\" data-image-title=\"High Scardus Trail: Kallabak\" data-image-description=\"&lt;p&gt;Wanderer auf dem High Scardus Trail beim Kallabak \u2013\u00a0Grenze Albanien-Kosova in Gora, Shishtavec&lt;\/p&gt;\n\" data-image-caption=\"&lt;p&gt;Wanderer auf dem High Scardus Trail beim Kallabak \u2013\u00a0Grenze Albanien-Kosova in Gora, Shishtavec&lt;\/p&gt;\n\" data-medium-file=\"https:\/\/i0.wp.com\/albanien.ch\/albanien_info\/wp-content\/uploads\/2023\/04\/Kallabak-High-Scardus-Trail.jpg?fit=300%2C159&amp;ssl=1\" data-large-file=\"https:\/\/i0.wp.com\/albanien.ch\/albanien_info\/wp-content\/uploads\/2023\/04\/Kallabak-High-Scardus-Trail.jpg?fit=525%2C279&amp;ssl=1\" src=\"https:\/\/i0.wp.com\/albanien.ch\/albanien_info\/wp-content\/uploads\/2023\/04\/Kallabak-High-Scardus-Trail.jpg?resize=300%2C159&#038;ssl=1\" alt=\"Wanderer auf dem High Scardus Trail beim Kallabak in der Region Gora, Albanien\" class=\"wp-image-7284\" srcset=\"https:\/\/i0.wp.com\/albanien.ch\/albanien_info\/wp-content\/uploads\/2023\/04\/Kallabak-High-Scardus-Trail.jpg?resize=300%2C159&amp;ssl=1 300w, https:\/\/i0.wp.com\/albanien.ch\/albanien_info\/wp-content\/uploads\/2023\/04\/Kallabak-High-Scardus-Trail.jpg?resize=1024%2C544&amp;ssl=1 1024w, https:\/\/i0.wp.com\/albanien.ch\/albanien_info\/wp-content\/uploads\/2023\/04\/Kallabak-High-Scardus-Trail.jpg?resize=768%2C408&amp;ssl=1 768w, https:\/\/i0.wp.com\/albanien.ch\/albanien_info\/wp-content\/uploads\/2023\/04\/Kallabak-High-Scardus-Trail.jpg?resize=1536%2C816&amp;ssl=1 1536w, https:\/\/i0.wp.com\/albanien.ch\/albanien_info\/wp-content\/uploads\/2023\/04\/Kallabak-High-Scardus-Trail.jpg?resize=2048%2C1088&amp;ssl=1 2048w\" sizes=\"auto, (max-width: 300px) 100vw, 300px\" \/><\/a><figcaption class=\"wp-element-caption\">Wanderer auf dem High Scardus Trail beim Kallabak \u2013&nbsp;Grenze Albanien-Kosova in Gora, Shishtavec<\/figcaption><\/figure><\/div>\n\n\n<p>Mit dem \u00bbHigh Scardus Trail\u00ab soll der Erfolg des Fernwanderwegs in den Albanischen Alpen auf eine andere Region \u00fcbertragen werden. Er folgt zuerst durchs Sharr-Gebirge der kosovarisch-nordmazedonischen Grenze, dann durchs Korab-Gebirge der albanisch-nordmazedonischen Grenze. Das \u00f6stliche Ende liegt am Ostrand des Sharr-Gebirges zwischen Prishtina und Skopje, das s\u00fcdliche Ende bei Debar in Westmazedonien. Eine kleine Fortsetzung ist noch etwas weiter s\u00fcdlich an der Jablanice und der Gali\u010dica in der Region Ohridsee.  Insgesamt sind es 362 Kilometer auf 22 Etappen. Es sind aber nicht alle Etappen zusammenh\u00e4ngend\u2013&nbsp;man muss also nicht zwingend alle Etappen ablaufen. <\/p>\n\n\n\n<p>Die Landschaft ist vielf\u00e4ltig, meist abgeschieden im Hochgebirge, wenn auch nicht immer gleich ausgesetzt. Immer wieder muss man in D\u00f6rfer absteigen. In Nordmazedonien gibt es gewisse Wanderinfrastruktur wie H\u00fctten \u2013&nbsp;in Kosova und Albanien wird meist in G\u00e4steh\u00e4usern in abgelegenen D\u00f6rfern \u00fcbernachtet.<\/p>\n\n\n\n<p>Der Weg f\u00fchrt in Albanien durch die Regionen <a href=\"https:\/\/albanien.ch\/albanien_info\/nordostalbanien-und-kukes\/\">Kuk\u00ebs (Gora)<\/a>, <a href=\"https:\/\/albanien.ch\/albanien_info\/peshkopia-und-dibra\/\">Dibra<\/a> und den Shebenik-Jalbanica-Nationalpark. Viele Abschnitte sind online im Web beschrieben. Der Trail ist auch gut auf der eigenen Website beschrieben.<\/p>\n\n\n\n<div style=\"height:25px\" aria-hidden=\"true\" class=\"wp-block-spacer\"><\/div>\n\n\n\n<h3 class=\"wp-block-heading\">Via Egnatia <\/h3>\n\n\n<div class=\"wp-block-image\">\n<figure class=\"alignright size-medium\"><a href=\"https:\/\/albanien.ch\/albanien_info\/via-egnatia-hiking-trail\/\"><img data-recalc-dims=\"1\" loading=\"lazy\" decoding=\"async\" width=\"300\" height=\"202\" data-attachment-id=\"7285\" data-permalink=\"https:\/\/albanien.ch\/albanien_info\/via-egnatia-hiking-trail\/\" data-orig-file=\"https:\/\/i0.wp.com\/albanien.ch\/albanien_info\/wp-content\/uploads\/2023\/04\/via-egnatia-hiking-trail.jpg?fit=1799%2C1209&amp;ssl=1\" data-orig-size=\"1799,1209\" data-comments-opened=\"1\" data-image-meta=\"{&quot;aperture&quot;:&quot;0&quot;,&quot;credit&quot;:&quot;&quot;,&quot;camera&quot;:&quot;&quot;,&quot;caption&quot;:&quot;&quot;,&quot;created_timestamp&quot;:&quot;0&quot;,&quot;copyright&quot;:&quot;&quot;,&quot;focal_length&quot;:&quot;0&quot;,&quot;iso&quot;:&quot;0&quot;,&quot;shutter_speed&quot;:&quot;0&quot;,&quot;title&quot;:&quot;&quot;,&quot;orientation&quot;:&quot;0&quot;}\" data-image-title=\"Via Egnatia Hiking Trail\" data-image-description=\"&lt;p&gt;Via Egnatia Fernwanderweg \u2013\u00a0Schild \u00f6stlich von Elbasan&lt;\/p&gt;\n\" data-image-caption=\"&lt;p&gt;Via Egnatia Fernwanderweg \u2013\u00a0Schild \u00f6stlich von Elbasan&lt;\/p&gt;\n\" data-medium-file=\"https:\/\/i0.wp.com\/albanien.ch\/albanien_info\/wp-content\/uploads\/2023\/04\/via-egnatia-hiking-trail.jpg?fit=300%2C202&amp;ssl=1\" data-large-file=\"https:\/\/i0.wp.com\/albanien.ch\/albanien_info\/wp-content\/uploads\/2023\/04\/via-egnatia-hiking-trail.jpg?fit=525%2C353&amp;ssl=1\" src=\"https:\/\/i0.wp.com\/albanien.ch\/albanien_info\/wp-content\/uploads\/2023\/04\/via-egnatia-hiking-trail.jpg?resize=300%2C202&#038;ssl=1\" alt=\"Via Egnatia Fernwanderweg\" class=\"wp-image-7285\" srcset=\"https:\/\/i0.wp.com\/albanien.ch\/albanien_info\/wp-content\/uploads\/2023\/04\/via-egnatia-hiking-trail.jpg?resize=300%2C202&amp;ssl=1 300w, https:\/\/i0.wp.com\/albanien.ch\/albanien_info\/wp-content\/uploads\/2023\/04\/via-egnatia-hiking-trail.jpg?resize=1024%2C688&amp;ssl=1 1024w, https:\/\/i0.wp.com\/albanien.ch\/albanien_info\/wp-content\/uploads\/2023\/04\/via-egnatia-hiking-trail.jpg?resize=768%2C516&amp;ssl=1 768w, https:\/\/i0.wp.com\/albanien.ch\/albanien_info\/wp-content\/uploads\/2023\/04\/via-egnatia-hiking-trail.jpg?resize=1536%2C1032&amp;ssl=1 1536w, https:\/\/i0.wp.com\/albanien.ch\/albanien_info\/wp-content\/uploads\/2023\/04\/via-egnatia-hiking-trail.jpg?w=1799&amp;ssl=1 1799w\" sizes=\"auto, (max-width: 300px) 100vw, 300px\" \/><\/a><figcaption class=\"wp-element-caption\">Via Egnatia \u2013&nbsp;Schild \u00f6stlich von Elbasan<\/figcaption><\/figure><\/div>\n\n\n<p>Ein wenig bekannter Weitwanderweg ist die Via Egnatia. Die antike r\u00f6mische Strasse f\u00fchrte von Durr\u00ebs an der Adria bis Byzanz (Istanbul). Die dokumentierte Route f\u00fchrt \u00fcber die ersten 475 Kilometer von Durr\u00ebs durch Albanien, Nordmazedonien und Nordgriechenland bis Thessaloniki.<\/p>\n\n\n\n<p>Die Routen haben sehr unterschiedlichen Charakter: Die historische Route f\u00fchrt durch moderne Stadtzentren, Industriegebiete, flaches Land, H\u00fcgel und Gebirge. Insofern kann es sich lohnen, ein paar landschaftliche Highlights herauszusuchen, die weniger h\u00fcbschen Gegenden zu \u00fcberspringen und verpasste Sehensw\u00fcrdigkeiten anzufahren. Es gilt aber zu bedenken, dass die Wanderroute nicht immer dem historischen Strassenverlauf folgt, um den modernen Verkehrsachsen auszuweichen.<\/p>\n\n\n\n<p>Die Via Egnatia bietet in S\u00fcdostalbanien nicht nur sch\u00f6ne Berglandschaften. Oberhalb von Miraka gibt es auch noch ein St\u00fcck mit historischem Strassenpflaster (siehe oben). Unterwegs gibt es zudem alte Br\u00fccken, bei <a href=\"https:\/\/albanien.ch\/albanien_info\/durres\/\">Durr\u00ebs<\/a> sowie <a href=\"https:\/\/albanien.ch\/albanien_info\/elbasan\/\">Elbasan<\/a> reichlich r\u00f6mische Ruinen, hier und da auch ein paar alte Burgen und weiteres historisches Erbe. Ab dem Startpunkt in Durr\u00ebs geht es vor allem durch die Stadt, die endlosen Vororte und die Badeorte an der K\u00fcste. Erst in der Region von Kavaja in <a href=\"https:\/\/albanien.ch\/albanien_info\/zentralalbanien\/\">Mittelalbanien<\/a> verl\u00e4sst der Wanderweg die Ebene und zieht in die H\u00fcgel \u2013&nbsp;die antike Strasse verlief wohl dort, wo heute die Autobahn gebaut wurde. Ab Peqin geht es ins Shkumbintal hinein abseits der modernen Verkehrswege. Hinter Elbasan wird es dann gebirgig.<\/p>\n\n\n\n<p>Liebhaber haben die Route gut dokumentiert. teilweise ist sie auch ausgeschildert. \u00dcber die <a href=\"https:\/\/viaegnatiafoundation.eu\/the-trail\/\" target=\"_blank\" rel=\"noreferrer noopener\">Website<\/a> ist auch ein <a href=\"https:\/\/viaegnatiafoundation.eu\/the-trail\/\" target=\"_blank\" rel=\"noreferrer noopener\">Wanderf\u00fchrer<\/a> zu beziehen.<\/p>\n\n\n\n<div style=\"height:25px\" aria-hidden=\"true\" class=\"wp-block-spacer\"><\/div>\n\n\n\n<h3 class=\"wp-block-heading\">Links &amp; weiterf\u00fchrende Informationen<\/h3>\n\n\n\n<ul class=\"wp-block-list\">\n<li><a href=\"https:\/\/www.wikiloc.com\/trails\/outdoor\/albania\" target=\"_blank\" rel=\"noreferrer noopener\" aria-label=\"Wikiloc: Touren in Albanien (opens in a new tab)\">Wikiloc: Touren in Albanien<\/a><\/li>\n\n\n\n<li><a aria-label=\"EndritsTrail.com (opens in a new tab)\" href=\"http:\/\/endritstrail.com\/albania\/category\/hiking-climbing\/albania\/\" target=\"_blank\" rel=\"noreferrer noopener\">EndritsTrail.com<\/a><\/li>\n\n\n\n<li><a href=\"https:\/\/web.archive.org\/web\/20240624145735\/https:\/\/palmtreeproduction.com\/Hikes%20and%20Climbs\/Albania%20Climbs\/Albania%20Hikes%20and%20Climbs.html\">Palm Tree Productions<\/a><a href=\"https:\/\/web.archive.org\/web\/20240624145735\/https:\/\/palmtreeproduction.com\/Hikes%20and%20Climbs\/Albania%20Climbs\/Albania%20Hikes%20and%20Climbs.html\" target=\"_blank\" rel=\"noreferrer noopener\">http:\/\/palmtreeproduction.com\/Hikes%20and%20Climbs\/Albania%20Climbs\/Albania%20Hikes%20and%20Climbs.html<\/a><\/li>\n<\/ul>\n\n\n\t<div class=\"simple-alert-boxes sab_danger sab_normal \">\r\n\t\tForum:<br \/> <a href=\"http:\/\/www.albanien.ch\/forum\/p3\/viewtopic.php?f=3&amp;t=18304\" target=\"_blank\" rel=\"noopener noreferrer\">Wanderwege in Albanien<\/a><br \/> <a href=\"http:\/\/www.albanien.ch\/forum\/p3\/viewtopic.php?f=3&amp;t=15205\" target=\"_blank\" rel=\"noopener noreferrer\">Bergwanderungen \u00fcber Landesgrenzen<\/a>\t<\/div>\r\n\t\n\n\n\t<div class=\"simple-alert-boxes sab_success sab_hide-icon \">\r\n\t\t\n\n\n<div class=\"wp-block-image\">\n<figure class=\"alignleft\"><a href=\"https:\/\/www.amazon.de\/Albanien-K%C3%BCstenwanderungen-Hirtenpfade-Gipfeltouren-Wanderf%C3%BChrer\/dp\/3763345302\/ref=as_li_ss_il?__mk_de_DE=%C3%85M%C3%85%C5%BD%C3%95%C3%91&amp;keywords=rother+wanderf%C3%BChrer+albanien&amp;qid=1567247749&amp;s=gateway&amp;sr=8-1&amp;linkCode=li2&amp;tag=langweilige07-21&amp;linkId=6aedba4f495c105d4f9d230f72d569e3&amp;language=de_DE\" target=\"_blank\" rel=\"noreferrer noopener\"><img decoding=\"async\" src=\"\/\/ws-eu.amazon-adsystem.com\/widgets\/q?_encoding=UTF8&amp;ASIN=3763345302&amp;Format=_SL160_&amp;ID=AsinImage&amp;MarketPlace=DE&amp;ServiceVersion=20070822&amp;WS=1&amp;tag=langweilige07-21&amp;language=de_DE\" alt=\"\"\/><\/a><\/figure><\/div>\n\n\n<p><strong>Rother Wanderf\u00fchrer: Albanien<\/strong><\/p>\n\n\n\n<p>44 Routenbeschreibungen f\u00fcr die Riviera, das Vjosa-Tal, Dibra und die Albanischen Alpen \u2013 2019 erschienen<\/p>\n\n\n\n<p><a href=\"https:\/\/www.amazon.de\/Albanien-K%C3%BCstenwanderungen-Hirtenpfade-Gipfeltouren-Wanderf%C3%BChrer\/dp\/3763345302\/ref=as_li_ss_tl?__mk_de_DE=%C3%85M%C3%85%C5%BD%C3%95%C3%91&amp;keywords=rother+wanderf%C3%BChrer+albanien&amp;qid=1567247749&amp;s=gateway&amp;sr=8-1&amp;linkCode=ll1&amp;tag=langweilige07-21&amp;linkId=fbc91770807eb45e2593f007919fe765&amp;language=de_DE\" target=\"_blank\" rel=\"noreferrer noopener\"><i class=\"wp-svg-cart-3 cart-3\"><\/i> Buch kaufen<\/a><\/p>\n\n\n\t<\/div>\r\n\t\n\n\n\n<div style=\"height:50px\" aria-hidden=\"true\" class=\"wp-block-spacer\"><\/div>\n\n\n\n<div class=\"wp-block-columns is-layout-flex wp-container-core-columns-is-layout-9d6595d7 wp-block-columns-is-layout-flex\">\n<div class=\"wp-block-column simple-alert-boxes sab_plain sab_small is-layout-flow wp-block-column-is-layout-flow\">\n<p class=\"has-small-font-size\">Wir <a href=\"https:\/\/albanien.ch\/albanien_info\/ueber-uns\/\">Autoren<\/a> dieser Seite bereisen Albanien teilweise schon sei 30 Jahren. Wir teilen hier unser Wissen und unsere pers\u00f6nlichen Erfahrungen. <a href=\"https:\/\/albanien.ch\/albanien_info\/ueber-uns\/feedback\/\">Feedback<\/a> ist immer willkommen.<\/p>\n<\/div>\n\n\n\n<div class=\"wp-block-column simple-alert-boxes sab_plain sab_small is-layout-flow wp-block-column-is-layout-flow\">\n<p class=\"has-small-font-size\"><strong>Vollst\u00e4ndig \u00fcberpr\u00fcft und \u00fcberarbeitet:<\/strong><\/p>\n\n\n<div class=\"wp-block-post-date has-small-font-size\"><time datetime=\"2023-04-22T23:19:22+02:00\">22. April 2023<\/time><\/div><\/div>\n\n\n\n<div class=\"wp-block-column simple-alert-boxes sab_plain sab_small is-layout-flow wp-block-column-is-layout-flow\">\n<p class=\"has-small-font-size\"><strong>Verwandte Themen:<\/strong><\/p>\n\n\n<div class=\"taxonomy-post_tag wp-block-post-terms\"><a href=\"https:\/\/albanien.ch\/albanien_info\/tag\/albanien\/\" rel=\"tag\">Albanien<\/a><span class=\"wp-block-post-terms__separator\">, <\/span><a href=\"https:\/\/albanien.ch\/albanien_info\/tag\/berge\/\" rel=\"tag\">Berge<\/a><span class=\"wp-block-post-terms__separator\">, <\/span><a href=\"https:\/\/albanien.ch\/albanien_info\/tag\/canyoning\/\" rel=\"tag\">Canyoning<\/a><span class=\"wp-block-post-terms__separator\">, <\/span><a href=\"https:\/\/albanien.ch\/albanien_info\/tag\/mittelalbanien\/\" rel=\"tag\">Mittelalbanien<\/a><span class=\"wp-block-post-terms__separator\">, <\/span><a href=\"https:\/\/albanien.ch\/albanien_info\/tag\/nationalpark\/\" rel=\"tag\">Nationalpark<\/a><span class=\"wp-block-post-terms__separator\">, <\/span><a href=\"https:\/\/albanien.ch\/albanien_info\/tag\/nordalbanien\/\" rel=\"tag\">Nordalbanien<\/a><span class=\"wp-block-post-terms__separator\">, <\/span><a href=\"https:\/\/albanien.ch\/albanien_info\/tag\/ostalbanien\/\" rel=\"tag\">Ostalbanien<\/a><span class=\"wp-block-post-terms__separator\">, <\/span><a href=\"https:\/\/albanien.ch\/albanien_info\/tag\/suedalbanien\/\" rel=\"tag\">S\u00fcdalbanien<\/a><span class=\"wp-block-post-terms__separator\">, <\/span><a href=\"https:\/\/albanien.ch\/albanien_info\/tag\/suedostalbanien\/\" rel=\"tag\">S\u00fcdostalbanien<\/a><span class=\"wp-block-post-terms__separator\">, <\/span><a href=\"https:\/\/albanien.ch\/albanien_info\/tag\/wanderfuehrer\/\" rel=\"tag\">Wanderf\u00fchrer<\/a><span class=\"wp-block-post-terms__separator\">, <\/span><a href=\"https:\/\/albanien.ch\/albanien_info\/tag\/wandern\/\" rel=\"tag\">Wandern<\/a><\/div><\/div>\n<\/div>\n","protected":false},"excerpt":{"rendered":"<p>Albanien bietet viel mehr als nur Meer und Kultur. Das Land eignet sich hervorragend zum Wandern \u2013 und dabei kann Trekking auch mit Meer, Berg&hellip;<\/p>\n","protected":false},"author":1,"featured_media":7271,"parent":0,"menu_order":0,"comment_status":"open","ping_status":"open","template":"","meta":{"jetpack_post_was_ever_published":false,"footnotes":""},"categories":[11],"tags":[18,264,437,311,263,186,185,233,237,375,216],"class_list":["post-453","page","type-page","status-publish","has-post-thumbnail","hentry","category-travel-tips","tag-albanien","tag-berge","tag-canyoning","tag-mittelalbanien","tag-nationalpark","tag-nordalbanien","tag-ostalbanien","tag-suedalbanien","tag-suedostalbanien","tag-wanderfuehrer","tag-wandern"],"yoast_head":"<!-- This site is optimized with the Yoast SEO plugin v27.2 - https:\/\/yoast.com\/product\/yoast-seo-wordpress\/ -->\n<title>Wandern in Albanien &#8211; Online-Reisef\u00fchrer \u2013 albanien.ch<\/title>\n<meta name=\"description\" content=\"Tipps, Ziele und Ideen f\u00fcr Touren in allen Regionen Albaniens vom Meer bis zu den h\u00f6chsten Gipfeln der Albanischen Alpen\" \/>\n<meta name=\"robots\" content=\"index, follow, max-snippet:-1, max-image-preview:large, max-video-preview:-1\" \/>\n<link rel=\"canonical\" href=\"https:\/\/albanien.ch\/albanien_info\/wandern-in-albanien\/\" \/>\n<meta property=\"og:locale\" content=\"de_DE\" \/>\n<meta property=\"og:type\" content=\"article\" \/>\n<meta property=\"og:title\" content=\"Wandern in Albanien &#8211; Online-Reisef\u00fchrer \u2013 albanien.ch\" \/>\n<meta property=\"og:description\" content=\"Tipps, Ziele und Ideen f\u00fcr Touren in allen Regionen Albaniens vom Meer bis zu den h\u00f6chsten Gipfeln der Albanischen Alpen\" \/>\n<meta property=\"og:url\" content=\"https:\/\/albanien.ch\/albanien_info\/wandern-in-albanien\/\" \/>\n<meta property=\"og:site_name\" content=\"AlbINFO\" \/>\n<meta property=\"article:publisher\" content=\"https:\/\/www.facebook.com\/albaniench\/\" \/>\n<meta property=\"article:modified_time\" content=\"2025-07-05T10:36:05+00:00\" \/>\n<meta property=\"og:image\" content=\"https:\/\/albanien.ch\/albanien_info\/wp-content\/uploads\/2023\/04\/Panorama-Pilur.jpg\" \/>\n\t<meta property=\"og:image:width\" content=\"2000\" \/>\n\t<meta property=\"og:image:height\" content=\"1329\" \/>\n\t<meta property=\"og:image:type\" content=\"image\/jpeg\" \/>\n<meta name=\"twitter:card\" content=\"summary_large_image\" \/>\n<meta name=\"twitter:site\" content=\"@alb_info\" \/>\n<script type=\"application\/ld+json\" class=\"yoast-schema-graph\">{\"@context\":\"https:\/\/schema.org\",\"@graph\":[{\"@type\":\"WebPage\",\"@id\":\"https:\/\/albanien.ch\/albanien_info\/wandern-in-albanien\/\",\"url\":\"https:\/\/albanien.ch\/albanien_info\/wandern-in-albanien\/\",\"name\":\"Wandern in Albanien &#8211; Online-Reisef\u00fchrer \u2013 albanien.ch\",\"isPartOf\":{\"@id\":\"https:\/\/albanien.ch\/albanien_info\/#website\"},\"primaryImageOfPage\":{\"@id\":\"https:\/\/albanien.ch\/albanien_info\/wandern-in-albanien\/#primaryimage\"},\"image\":{\"@id\":\"https:\/\/albanien.ch\/albanien_info\/wandern-in-albanien\/#primaryimage\"},\"thumbnailUrl\":\"https:\/\/i0.wp.com\/albanien.ch\/albanien_info\/wp-content\/uploads\/2023\/04\/Panorama-Pilur.jpg?fit=2000%2C1329&ssl=1\",\"datePublished\":\"2023-04-22T21:19:22+00:00\",\"dateModified\":\"2025-07-05T10:36:05+00:00\",\"description\":\"Tipps, Ziele und Ideen f\u00fcr Touren in allen Regionen Albaniens vom Meer bis zu den h\u00f6chsten Gipfeln der Albanischen Alpen\",\"breadcrumb\":{\"@id\":\"https:\/\/albanien.ch\/albanien_info\/wandern-in-albanien\/#breadcrumb\"},\"inLanguage\":\"de\",\"potentialAction\":[{\"@type\":\"ReadAction\",\"target\":[\"https:\/\/albanien.ch\/albanien_info\/wandern-in-albanien\/\"]}]},{\"@type\":\"ImageObject\",\"inLanguage\":\"de\",\"@id\":\"https:\/\/albanien.ch\/albanien_info\/wandern-in-albanien\/#primaryimage\",\"url\":\"https:\/\/i0.wp.com\/albanien.ch\/albanien_info\/wp-content\/uploads\/2023\/04\/Panorama-Pilur.jpg?fit=2000%2C1329&ssl=1\",\"contentUrl\":\"https:\/\/i0.wp.com\/albanien.ch\/albanien_info\/wp-content\/uploads\/2023\/04\/Panorama-Pilur.jpg?fit=2000%2C1329&ssl=1\",\"width\":2000,\"height\":1329,\"caption\":\"Wanderwegweiser in Pilur vor Panorama\"},{\"@type\":\"BreadcrumbList\",\"@id\":\"https:\/\/albanien.ch\/albanien_info\/wandern-in-albanien\/#breadcrumb\",\"itemListElement\":[{\"@type\":\"ListItem\",\"position\":1,\"name\":\"Home\",\"item\":\"https:\/\/albanien.ch\/albanien_info\/\"},{\"@type\":\"ListItem\",\"position\":2,\"name\":\"Wandern in Albanien\"}]},{\"@type\":\"WebSite\",\"@id\":\"https:\/\/albanien.ch\/albanien_info\/#website\",\"url\":\"https:\/\/albanien.ch\/albanien_info\/\",\"name\":\"AlbINFO\",\"description\":\"Albanien Reiseinformationen von albanien.ch\",\"publisher\":{\"@id\":\"https:\/\/albanien.ch\/albanien_info\/#organization\"},\"potentialAction\":[{\"@type\":\"SearchAction\",\"target\":{\"@type\":\"EntryPoint\",\"urlTemplate\":\"https:\/\/albanien.ch\/albanien_info\/?s={search_term_string}\"},\"query-input\":{\"@type\":\"PropertyValueSpecification\",\"valueRequired\":true,\"valueName\":\"search_term_string\"}}],\"inLanguage\":\"de\"},{\"@type\":\"Organization\",\"@id\":\"https:\/\/albanien.ch\/albanien_info\/#organization\",\"name\":\"albanien.ch\",\"url\":\"https:\/\/albanien.ch\/albanien_info\/\",\"logo\":{\"@type\":\"ImageObject\",\"inLanguage\":\"de\",\"@id\":\"https:\/\/albanien.ch\/albanien_info\/#\/schema\/logo\/image\/\",\"url\":\"https:\/\/i0.wp.com\/albanien.ch\/albanien_info\/wp-content\/uploads\/2016\/11\/albaniench_square.png?fit=415%2C415&ssl=1\",\"contentUrl\":\"https:\/\/i0.wp.com\/albanien.ch\/albanien_info\/wp-content\/uploads\/2016\/11\/albaniench_square.png?fit=415%2C415&ssl=1\",\"width\":415,\"height\":415,\"caption\":\"albanien.ch\"},\"image\":{\"@id\":\"https:\/\/albanien.ch\/albanien_info\/#\/schema\/logo\/image\/\"},\"sameAs\":[\"https:\/\/www.facebook.com\/albaniench\/\",\"https:\/\/x.com\/alb_info\",\"https:\/\/www.instagram.com\/alb_info\/\"]}]}<\/script>\n<!-- \/ Yoast SEO plugin. -->","yoast_head_json":{"title":"Wandern in Albanien &#8211; Online-Reisef\u00fchrer \u2013 albanien.ch","description":"Tipps, Ziele und Ideen f\u00fcr Touren in allen Regionen Albaniens vom Meer bis zu den h\u00f6chsten Gipfeln der Albanischen Alpen","robots":{"index":"index","follow":"follow","max-snippet":"max-snippet:-1","max-image-preview":"max-image-preview:large","max-video-preview":"max-video-preview:-1"},"canonical":"https:\/\/albanien.ch\/albanien_info\/wandern-in-albanien\/","og_locale":"de_DE","og_type":"article","og_title":"Wandern in Albanien &#8211; Online-Reisef\u00fchrer \u2013 albanien.ch","og_description":"Tipps, Ziele und Ideen f\u00fcr Touren in allen Regionen Albaniens vom Meer bis zu den h\u00f6chsten Gipfeln der Albanischen Alpen","og_url":"https:\/\/albanien.ch\/albanien_info\/wandern-in-albanien\/","og_site_name":"AlbINFO","article_publisher":"https:\/\/www.facebook.com\/albaniench\/","article_modified_time":"2025-07-05T10:36:05+00:00","og_image":[{"width":2000,"height":1329,"url":"https:\/\/albanien.ch\/albanien_info\/wp-content\/uploads\/2023\/04\/Panorama-Pilur.jpg","type":"image\/jpeg"}],"twitter_card":"summary_large_image","twitter_site":"@alb_info","schema":{"@context":"https:\/\/schema.org","@graph":[{"@type":"WebPage","@id":"https:\/\/albanien.ch\/albanien_info\/wandern-in-albanien\/","url":"https:\/\/albanien.ch\/albanien_info\/wandern-in-albanien\/","name":"Wandern in Albanien &#8211; Online-Reisef\u00fchrer \u2013 albanien.ch","isPartOf":{"@id":"https:\/\/albanien.ch\/albanien_info\/#website"},"primaryImageOfPage":{"@id":"https:\/\/albanien.ch\/albanien_info\/wandern-in-albanien\/#primaryimage"},"image":{"@id":"https:\/\/albanien.ch\/albanien_info\/wandern-in-albanien\/#primaryimage"},"thumbnailUrl":"https:\/\/i0.wp.com\/albanien.ch\/albanien_info\/wp-content\/uploads\/2023\/04\/Panorama-Pilur.jpg?fit=2000%2C1329&ssl=1","datePublished":"2023-04-22T21:19:22+00:00","dateModified":"2025-07-05T10:36:05+00:00","description":"Tipps, Ziele und Ideen f\u00fcr Touren in allen Regionen Albaniens vom Meer bis zu den h\u00f6chsten Gipfeln der Albanischen Alpen","breadcrumb":{"@id":"https:\/\/albanien.ch\/albanien_info\/wandern-in-albanien\/#breadcrumb"},"inLanguage":"de","potentialAction":[{"@type":"ReadAction","target":["https:\/\/albanien.ch\/albanien_info\/wandern-in-albanien\/"]}]},{"@type":"ImageObject","inLanguage":"de","@id":"https:\/\/albanien.ch\/albanien_info\/wandern-in-albanien\/#primaryimage","url":"https:\/\/i0.wp.com\/albanien.ch\/albanien_info\/wp-content\/uploads\/2023\/04\/Panorama-Pilur.jpg?fit=2000%2C1329&ssl=1","contentUrl":"https:\/\/i0.wp.com\/albanien.ch\/albanien_info\/wp-content\/uploads\/2023\/04\/Panorama-Pilur.jpg?fit=2000%2C1329&ssl=1","width":2000,"height":1329,"caption":"Wanderwegweiser in Pilur vor Panorama"},{"@type":"BreadcrumbList","@id":"https:\/\/albanien.ch\/albanien_info\/wandern-in-albanien\/#breadcrumb","itemListElement":[{"@type":"ListItem","position":1,"name":"Home","item":"https:\/\/albanien.ch\/albanien_info\/"},{"@type":"ListItem","position":2,"name":"Wandern in Albanien"}]},{"@type":"WebSite","@id":"https:\/\/albanien.ch\/albanien_info\/#website","url":"https:\/\/albanien.ch\/albanien_info\/","name":"AlbINFO","description":"Albanien Reiseinformationen von albanien.ch","publisher":{"@id":"https:\/\/albanien.ch\/albanien_info\/#organization"},"potentialAction":[{"@type":"SearchAction","target":{"@type":"EntryPoint","urlTemplate":"https:\/\/albanien.ch\/albanien_info\/?s={search_term_string}"},"query-input":{"@type":"PropertyValueSpecification","valueRequired":true,"valueName":"search_term_string"}}],"inLanguage":"de"},{"@type":"Organization","@id":"https:\/\/albanien.ch\/albanien_info\/#organization","name":"albanien.ch","url":"https:\/\/albanien.ch\/albanien_info\/","logo":{"@type":"ImageObject","inLanguage":"de","@id":"https:\/\/albanien.ch\/albanien_info\/#\/schema\/logo\/image\/","url":"https:\/\/i0.wp.com\/albanien.ch\/albanien_info\/wp-content\/uploads\/2016\/11\/albaniench_square.png?fit=415%2C415&ssl=1","contentUrl":"https:\/\/i0.wp.com\/albanien.ch\/albanien_info\/wp-content\/uploads\/2016\/11\/albaniench_square.png?fit=415%2C415&ssl=1","width":415,"height":415,"caption":"albanien.ch"},"image":{"@id":"https:\/\/albanien.ch\/albanien_info\/#\/schema\/logo\/image\/"},"sameAs":["https:\/\/www.facebook.com\/albaniench\/","https:\/\/x.com\/alb_info","https:\/\/www.instagram.com\/alb_info\/"]}]}},"jetpack_sharing_enabled":true,"jetpack_shortlink":"https:\/\/wp.me\/P5VAQP-7j","_links":{"self":[{"href":"https:\/\/albanien.ch\/albanien_info\/wp-json\/wp\/v2\/pages\/453","targetHints":{"allow":["GET"]}}],"collection":[{"href":"https:\/\/albanien.ch\/albanien_info\/wp-json\/wp\/v2\/pages"}],"about":[{"href":"https:\/\/albanien.ch\/albanien_info\/wp-json\/wp\/v2\/types\/page"}],"author":[{"embeddable":true,"href":"https:\/\/albanien.ch\/albanien_info\/wp-json\/wp\/v2\/users\/1"}],"replies":[{"embeddable":true,"href":"https:\/\/albanien.ch\/albanien_info\/wp-json\/wp\/v2\/comments?post=453"}],"version-history":[{"count":60,"href":"https:\/\/albanien.ch\/albanien_info\/wp-json\/wp\/v2\/pages\/453\/revisions"}],"predecessor-version":[{"id":8165,"href":"https:\/\/albanien.ch\/albanien_info\/wp-json\/wp\/v2\/pages\/453\/revisions\/8165"}],"wp:featuredmedia":[{"embeddable":true,"href":"https:\/\/albanien.ch\/albanien_info\/wp-json\/wp\/v2\/media\/7271"}],"wp:attachment":[{"href":"https:\/\/albanien.ch\/albanien_info\/wp-json\/wp\/v2\/media?parent=453"}],"wp:term":[{"taxonomy":"category","embeddable":true,"href":"https:\/\/albanien.ch\/albanien_info\/wp-json\/wp\/v2\/categories?post=453"},{"taxonomy":"post_tag","embeddable":true,"href":"https:\/\/albanien.ch\/albanien_info\/wp-json\/wp\/v2\/tags?post=453"}],"curies":[{"name":"wp","href":"https:\/\/api.w.org\/{rel}","templated":true}]}}