{"id":4278,"date":"2022-05-05T19:55:00","date_gmt":"2022-05-05T17:55:00","guid":{"rendered":"https:\/\/albanien.ch\/albanien_info\/?p=4278"},"modified":"2022-08-29T00:05:55","modified_gmt":"2022-08-28T22:05:55","slug":"corona-massnahmen-was-ist-erlaubt-verboten-oder-pflicht-in-albanien","status":"publish","type":"page","link":"https:\/\/albanien.ch\/albanien_info\/corona-massnahmen-was-ist-erlaubt-verboten-oder-pflicht-in-albanien\/","title":{"rendered":"Corona-Massnahmen \u2013 was ist erlaubt, verboten oder Pflicht in Albanien?"},"content":{"rendered":"\n<p>Diese Seite bietet einen \u00dcberblick zu den geltenden Corona-Einschr\u00e4nkungen in Albanien und die Einreise nach Albanien.<\/p>\n\n\n\n<p><strong>Aktuell gelten in Albanien keine spezieleln Massnahmen mehr!<\/strong><\/p>\n\n\n\n<p>Diese Vorgaben k\u00f6nnen t\u00e4glich und ohne Vorank\u00fcndigungen \u00e4ndern! Wir bem\u00fchen uns, die Informationen m\u00f6glichst aktuell zu halten. Generell wurden in Albanien viele Vorgaben nicht eingehalten oder durchgesetzt: Im Alltag war von Corona oft kaum etwas zu sp\u00fcren.<\/p>\n\n\n\n<div class=\"wp-block-buttons is-layout-flex wp-block-buttons-is-layout-flex\">\n<div class=\"wp-block-button buttonsmall\"><a class=\"wp-block-button__link has-very-light-gray-color has-text-color has-background\" href=\"https:\/\/albanien.ch\/albanien_info\/covid-19-cases-in-albania-corona-virus\/\" style=\"border-radius:4px;background:linear-gradient(135deg,rgb(214,83,83) 0%,rgb(254,45,45) 33%,rgb(173,4,7) 100%)\"><i class=\"wp-svg-bars bars\"><\/i> Daten zum Coronavirus in Albanien<\/a><\/div>\n<\/div>\n\n\n\n<h2 class=\"wp-block-heading\">Einreise nach Albanien<\/h2>\n\n\n\n<p>Die Einreise nach Albanien ist seit dem 1. Mai 2022 an <strong>keine Auflagen<\/strong> bez\u00fcglich COVID-19 mehr gebunden. <\/p>\n\n\n\n<p>Aktuell sind alle <a href=\"https:\/\/albanien.ch\/albanien_info\/reisefuehrer-albanien\/reisetipps\/grenzuebergaenge-albanien\/\">Grenz\u00fcberg\u00e4nge<\/a> zu den Nachbarstaaten wieder ge\u00f6ffnet f\u00fcr die Einreise. Die Ausreise in die Nachbarstaaten ist teilweise erschwert, an Auflagen gebunden oder unterbunden. <\/p>\n\n\n\n<h2 class=\"wp-block-heading\">R\u00fcckreise nach dem Urlaub in Albanien<\/h2>\n\n\n\n<p><strong>Unbedingt beachten!<\/strong> Bei der R\u00fcckreise sind je nach Land verschiedene Regeln zu beachten. <\/p>\n\n\n\n<h2 class=\"wp-block-heading\">Corona-Massnahmen in Albanien<\/h2>\n\n\n\n<p>Die Corona-Massnahmen in Albanien sind zwischenzeitlich ausgelaufen.<\/p>\n\n\n\n<h3 class=\"wp-block-heading\">Maskenpflicht<\/h3>\n\n\n<div class=\"wp-block-image\">\n<figure class=\"alignright size-medium\"><img data-recalc-dims=\"1\" loading=\"lazy\" decoding=\"async\" width=\"300\" height=\"300\" data-attachment-id=\"4365\" data-permalink=\"https:\/\/albanien.ch\/albanien_info\/corona-massnahmen-was-ist-erlaubt-verboten-oder-pflicht-in-albanien\/man-withmask-cc0-j4p4n-openclipart\/\" data-orig-file=\"https:\/\/i0.wp.com\/albanien.ch\/albanien_info\/wp-content\/uploads\/2020\/05\/man-withmask-cc0-j4p4n-openclipart.png?fit=733%2C733&amp;ssl=1\" data-orig-size=\"733,733\" data-comments-opened=\"1\" data-image-meta=\"{&quot;aperture&quot;:&quot;0&quot;,&quot;credit&quot;:&quot;&quot;,&quot;camera&quot;:&quot;&quot;,&quot;caption&quot;:&quot;&quot;,&quot;created_timestamp&quot;:&quot;0&quot;,&quot;copyright&quot;:&quot;&quot;,&quot;focal_length&quot;:&quot;0&quot;,&quot;iso&quot;:&quot;0&quot;,&quot;shutter_speed&quot;:&quot;0&quot;,&quot;title&quot;:&quot;&quot;,&quot;orientation&quot;:&quot;0&quot;}\" data-image-title=\"Mann mit Maske\" data-image-description=\"&lt;p&gt;Urheber: j4p4n&lt;br \/&gt;\nQuelle: Openclipart.org \u2013 https:\/\/openclipart.org\/detail\/320240\/man-with-a-face-mask&lt;br \/&gt;\nLizenz: &lt;a href=&quot;https:\/\/creativecommons.org\/publicdomain\/zero\/1.0\/&quot; rel=&quot;noopener noreferrer&quot; target=&quot;_blank&quot;&gt;CC0&lt;\/a&gt;&lt;\/p&gt;\n\" data-image-caption=\"&lt;p&gt;Corona: Maske tragen!&lt;\/p&gt;\n\" data-medium-file=\"https:\/\/i0.wp.com\/albanien.ch\/albanien_info\/wp-content\/uploads\/2020\/05\/man-withmask-cc0-j4p4n-openclipart.png?fit=300%2C300&amp;ssl=1\" data-large-file=\"https:\/\/i0.wp.com\/albanien.ch\/albanien_info\/wp-content\/uploads\/2020\/05\/man-withmask-cc0-j4p4n-openclipart.png?fit=525%2C525&amp;ssl=1\" src=\"https:\/\/i0.wp.com\/albanien.ch\/albanien_info\/wp-content\/uploads\/2020\/05\/man-withmask-cc0-j4p4n-openclipart.png?resize=300%2C300&#038;ssl=1\" alt=\"Maskenpflicht in Innenr\u00e4umen: Eine der Einschr\u00e4nkungen durch Massnahmen wegen Corona in Albanien\" class=\"wp-image-4365\" srcset=\"https:\/\/i0.wp.com\/albanien.ch\/albanien_info\/wp-content\/uploads\/2020\/05\/man-withmask-cc0-j4p4n-openclipart.png?resize=300%2C300&amp;ssl=1 300w, https:\/\/i0.wp.com\/albanien.ch\/albanien_info\/wp-content\/uploads\/2020\/05\/man-withmask-cc0-j4p4n-openclipart.png?resize=150%2C150&amp;ssl=1 150w, https:\/\/i0.wp.com\/albanien.ch\/albanien_info\/wp-content\/uploads\/2020\/05\/man-withmask-cc0-j4p4n-openclipart.png?resize=350%2C350&amp;ssl=1 350w, https:\/\/i0.wp.com\/albanien.ch\/albanien_info\/wp-content\/uploads\/2020\/05\/man-withmask-cc0-j4p4n-openclipart.png?w=733&amp;ssl=1 733w\" sizes=\"auto, (max-width: 300px) 100vw, 300px\" \/><figcaption>Corona: Maske tragen!<\/figcaption><\/figure><\/div>\n\n\n<p>Das Tragen von Masken ist in allen Situationen empfohlen, wenn die Einhaltung des Abstands nicht m\u00f6glich ist.<\/p>\n\n\n\n<div style=\"height:20px\" aria-hidden=\"true\" class=\"wp-block-spacer\"><\/div>\n\n\n\n<h3 class=\"wp-block-heading\">Wieder ge\u00f6ffnet und zugelassen<\/h3>\n\n\n\n<p>Unter Vorbehalt der Einhaltung der notwendigen Hygienevorschrifte und Sicherheitsabst\u00e4nde!<\/p>\n\n\n\n<ul class=\"wp-block-list\"><li>Lebensmittell\u00e4den, M\u00e4rkte und Apotheken<\/li><li>alle anderen L\u00e4den<\/li><li>Taxifahrten<\/li><li>Flugverkehr <\/li><li>F\u00e4hrverkehr <\/li><li>\u00d6ffentlicher Verkehr<\/li><li>Restaurants und Caf\u00e9s, Nachtclubs, Discos sowie Lounge-Bars<\/li><li>Str\u00e4nde<\/li><li>Sehensw\u00fcrdigkeiten<\/li><li>Theater und Kino und andere kulturelle Aktivit\u00e4ten<\/li><li>Religi\u00f6se Einrichtungen<\/li><li>Friseure<\/li><li>Zahn\u00e4rzte <\/li><li>Konferenzen<\/li><li>Sport-Events<\/li><li>Fitnessstudios<\/li><li>Kurse<\/li><li>Schulen &amp; Universit\u00e4ten<\/li><li>Kinderbetreuungseinrichtungen und Spielpl\u00e4tze<\/li><\/ul>\n\n\n\n<h2 class=\"wp-block-heading\">Vorbehalte<\/h2>\n\n\n\n<p>Die Fallzahlen sind in Albanien im Moment noch immer betr\u00e4chtlich (<a href=\"https:\/\/albanien.ch\/albanien_info\/covid-19-cases-in-albania-corona-virus\/\">Zahlen in der \u00dcbersicht<\/a>). Wir appellieren an die Eigenverantwortung aller Reisenden, sich sich r\u00fccksichtsvoll zu verhalten und sich um die Hygiene zu k\u00fcmmern.<\/p>\n\n\n\n<h2 class=\"wp-block-heading\">Feedback<\/h2>\n\n\n\n<p>Feedback und Hinweise gerne \u00fcber das <a href=\"https:\/\/albanien.ch\/albanien_info\/ueber-uns\/\">Kontaktformular<\/a> oder \u00fcber unser  <a href=\"https:\/\/albanien.ch\/forum\/p3\/viewtopic.php?f=1&amp;t=18555&amp;start=5000\" target=\"_blank\" rel=\"noreferrer noopener\">Forum<\/a>.<\/p>\n\n\n\n<div style=\"height:60px\" aria-hidden=\"true\" class=\"wp-block-spacer\"><\/div>\n\n\n\n<div class=\"wp-block-columns is-layout-flex wp-container-core-columns-is-layout-9d6595d7 wp-block-columns-is-layout-flex\">\n<div class=\"wp-block-column simple-alert-boxes sab_plain sab_small is-layout-flow wp-block-column-is-layout-flow\">\n<p class=\"has-small-font-size\">Wir <a href=\"https:\/\/albanien.ch\/albanien_info\/ueber-uns\/\">Autoren<\/a> dieser Seite bereisen Albanien teilweise schon sei 30 Jahren. Wir teilen hier unser Wissen und unsere pers\u00f6nlichen Erfahrungen. <a href=\"https:\/\/albanien.ch\/albanien_info\/ueber-uns\/feedback\/\">Feedback<\/a> ist immer willkommen.<\/p>\n<\/div>\n\n\n\n<div class=\"wp-block-column simple-alert-boxes sab_plain sab_small is-layout-flow wp-block-column-is-layout-flow\">\n<p class=\"has-small-font-size\"><strong>Vollst\u00e4ndig \u00fcberpr\u00fcft und \u00fcberarbeitet:<\/strong><\/p>\n\n\n<div class=\"wp-block-post-date has-small-font-size\"><time datetime=\"2022-05-05T19:55:00+02:00\">5. Mai 2022<\/time><\/div><\/div>\n\n\n\n<div class=\"wp-block-column simple-alert-boxes sab_plain sab_small is-layout-flow wp-block-column-is-layout-flow\">\n<p class=\"has-small-font-size\"><strong>Verwandte Themen:<\/strong><\/p>\n\n\n<div class=\"taxonomy-post_tag wp-block-post-terms\"><a href=\"https:\/\/albanien.ch\/albanien_info\/tag\/corona\/\" rel=\"tag\">Corona<\/a><span class=\"wp-block-post-terms__separator\">, <\/span><a href=\"https:\/\/albanien.ch\/albanien_info\/tag\/covid-19\/\" rel=\"tag\">COVID-19<\/a><span class=\"wp-block-post-terms__separator\">, <\/span><a href=\"https:\/\/albanien.ch\/albanien_info\/tag\/gesundheit\/\" rel=\"tag\">Gesundheit<\/a><span class=\"wp-block-post-terms__separator\">, <\/span><a href=\"https:\/\/albanien.ch\/albanien_info\/tag\/reisen\/\" rel=\"tag\">Reisen<\/a><span class=\"wp-block-post-terms__separator\">, <\/span><a href=\"https:\/\/albanien.ch\/albanien_info\/tag\/sicherheit\/\" rel=\"tag\">Sicherheit<\/a><\/div><\/div>\n<\/div>\n\n\n\n<div style=\"height:30px\" aria-hidden=\"true\" class=\"wp-block-spacer\"><\/div>\n\n\n\n<figure class=\"wp-block-embed is-type-wp-embed is-provider-news-by-newsletter-albanien wp-block-embed-news-by-newsletter-albanien\"><div class=\"wp-block-embed__wrapper\">\n<blockquote class=\"wp-embedded-content\" data-secret=\"UcM8bXwWGQ\"><a href=\"https:\/\/www.albanien.ch\/bb\/2021\/03\/1-jahr-corona-in-albanien-wahlkampf-hat-vorrang\/\">1 Jahr Corona in Albanien \u2013\u00a0Wahlkampf hat Vorrang<\/a><\/blockquote><iframe loading=\"lazy\" class=\"wp-embedded-content\" sandbox=\"allow-scripts\" security=\"restricted\" style=\"position: absolute; visibility: hidden;\" title=\"&#8222;1 Jahr Corona in Albanien \u2013\u00a0Wahlkampf hat Vorrang&#8220; &#8212; News by newsletter Albanien\" src=\"https:\/\/www.albanien.ch\/bb\/2021\/03\/1-jahr-corona-in-albanien-wahlkampf-hat-vorrang\/embed\/#?secret=oqqre3h1HU#?secret=UcM8bXwWGQ\" data-secret=\"UcM8bXwWGQ\" width=\"525\" height=\"296\" frameborder=\"0\" marginwidth=\"0\" marginheight=\"0\" scrolling=\"no\"><\/iframe>\n<\/div><\/figure>\n\n\n\n<figure class=\"wp-block-embed is-type-wp-embed is-provider-s-039-ka-problem wp-block-embed-s-039-ka-problem\"><div class=\"wp-block-embed__wrapper\">\n<blockquote class=\"wp-embedded-content\" data-secret=\"y3Y1tDOvUO\"><a href=\"https:\/\/www.albanien.ch\/une\/blog\/2180\">Von Faustschl\u00e4gen und Masken auf Halbmast: Corona-Alltag in Albanien<\/a><\/blockquote><iframe loading=\"lazy\" class=\"wp-embedded-content\" sandbox=\"allow-scripts\" security=\"restricted\" style=\"position: absolute; visibility: hidden;\" title=\"&#8222;Von Faustschl\u00e4gen und Masken auf Halbmast: Corona-Alltag in Albanien&#8220; &#8212; S&#039;ka problem!\" src=\"https:\/\/www.albanien.ch\/une\/blog\/2180\/embed#?secret=fvwgHGwWIC#?secret=y3Y1tDOvUO\" data-secret=\"y3Y1tDOvUO\" width=\"525\" height=\"296\" frameborder=\"0\" marginwidth=\"0\" marginheight=\"0\" scrolling=\"no\"><\/iframe>\n<\/div><\/figure>\n","protected":false},"excerpt":{"rendered":"<p>Diese Seite bietet einen \u00dcberblick zu den geltenden Corona-Einschr\u00e4nkungen in Albanien und die Einreise nach Albanien. Aktuell gelten in Albanien keine spezieleln Massnahmen mehr! Diese&hellip;<\/p>\n","protected":false},"author":1,"featured_media":4365,"parent":0,"menu_order":0,"comment_status":"open","ping_status":"open","template":"","meta":{"jetpack_post_was_ever_published":false,"footnotes":""},"categories":[3],"tags":[418,419,37,26,27],"class_list":["post-4278","page","type-page","status-publish","has-post-thumbnail","hentry","category-faq","tag-corona","tag-covid-19","tag-gesundheit","tag-reisen","tag-sicherheit"],"yoast_head":"<!-- This site is optimized with the Yoast SEO plugin v27.2 - https:\/\/yoast.com\/product\/yoast-seo-wordpress\/ -->\n<title>Corona-Massnahmen und Einreise nach Albanien \u2013\u00a0was ist erlaubt und ge\u00f6ffnet?<\/title>\n<meta name=\"description\" content=\"Einreise nach Albanien und praktische Infos zum Aufenthalt in Corona-Zeiten. Reisetipps f\u00fcr Albanien im Online-Reisef\u00fchrer\" \/>\n<meta name=\"robots\" content=\"index, follow, max-snippet:-1, max-image-preview:large, max-video-preview:-1\" \/>\n<link rel=\"canonical\" href=\"https:\/\/albanien.ch\/albanien_info\/corona-massnahmen-was-ist-erlaubt-verboten-oder-pflicht-in-albanien\/\" \/>\n<meta property=\"og:locale\" content=\"de_DE\" \/>\n<meta property=\"og:type\" content=\"article\" \/>\n<meta property=\"og:title\" content=\"Corona-Massnahmen und Einreise nach Albanien \u2013\u00a0was ist erlaubt und ge\u00f6ffnet?\" \/>\n<meta property=\"og:description\" content=\"Einreise nach Albanien und praktische Infos zum Aufenthalt in Corona-Zeiten. Reisetipps f\u00fcr Albanien im Online-Reisef\u00fchrer\" \/>\n<meta property=\"og:url\" content=\"https:\/\/albanien.ch\/albanien_info\/corona-massnahmen-was-ist-erlaubt-verboten-oder-pflicht-in-albanien\/\" \/>\n<meta property=\"og:site_name\" content=\"AlbINFO\" \/>\n<meta property=\"article:publisher\" content=\"https:\/\/www.facebook.com\/albaniench\/\" \/>\n<meta property=\"article:modified_time\" content=\"2022-08-28T22:05:55+00:00\" \/>\n<meta property=\"og:image\" content=\"https:\/\/albanien.ch\/albanien_info\/wp-content\/uploads\/2020\/05\/man-withmask-cc0-j4p4n-openclipart.png\" \/>\n\t<meta property=\"og:image:width\" content=\"733\" \/>\n\t<meta property=\"og:image:height\" content=\"733\" \/>\n\t<meta property=\"og:image:type\" content=\"image\/png\" \/>\n<meta name=\"twitter:card\" content=\"summary_large_image\" \/>\n<meta name=\"twitter:site\" content=\"@alb_info\" \/>\n<script type=\"application\/ld+json\" class=\"yoast-schema-graph\">{\"@context\":\"https:\/\/schema.org\",\"@graph\":[{\"@type\":\"WebPage\",\"@id\":\"https:\/\/albanien.ch\/albanien_info\/corona-massnahmen-was-ist-erlaubt-verboten-oder-pflicht-in-albanien\/\",\"url\":\"https:\/\/albanien.ch\/albanien_info\/corona-massnahmen-was-ist-erlaubt-verboten-oder-pflicht-in-albanien\/\",\"name\":\"Corona-Massnahmen und Einreise nach Albanien \u2013\u00a0was ist erlaubt und ge\u00f6ffnet?\",\"isPartOf\":{\"@id\":\"https:\/\/albanien.ch\/albanien_info\/#website\"},\"primaryImageOfPage\":{\"@id\":\"https:\/\/albanien.ch\/albanien_info\/corona-massnahmen-was-ist-erlaubt-verboten-oder-pflicht-in-albanien\/#primaryimage\"},\"image\":{\"@id\":\"https:\/\/albanien.ch\/albanien_info\/corona-massnahmen-was-ist-erlaubt-verboten-oder-pflicht-in-albanien\/#primaryimage\"},\"thumbnailUrl\":\"https:\/\/i0.wp.com\/albanien.ch\/albanien_info\/wp-content\/uploads\/2020\/05\/man-withmask-cc0-j4p4n-openclipart.png?fit=733%2C733&ssl=1\",\"datePublished\":\"2022-05-05T17:55:00+00:00\",\"dateModified\":\"2022-08-28T22:05:55+00:00\",\"description\":\"Einreise nach Albanien und praktische Infos zum Aufenthalt in Corona-Zeiten. Reisetipps f\u00fcr Albanien im Online-Reisef\u00fchrer\",\"breadcrumb\":{\"@id\":\"https:\/\/albanien.ch\/albanien_info\/corona-massnahmen-was-ist-erlaubt-verboten-oder-pflicht-in-albanien\/#breadcrumb\"},\"inLanguage\":\"de\",\"potentialAction\":[{\"@type\":\"ReadAction\",\"target\":[\"https:\/\/albanien.ch\/albanien_info\/corona-massnahmen-was-ist-erlaubt-verboten-oder-pflicht-in-albanien\/\"]}]},{\"@type\":\"ImageObject\",\"inLanguage\":\"de\",\"@id\":\"https:\/\/albanien.ch\/albanien_info\/corona-massnahmen-was-ist-erlaubt-verboten-oder-pflicht-in-albanien\/#primaryimage\",\"url\":\"https:\/\/i0.wp.com\/albanien.ch\/albanien_info\/wp-content\/uploads\/2020\/05\/man-withmask-cc0-j4p4n-openclipart.png?fit=733%2C733&ssl=1\",\"contentUrl\":\"https:\/\/i0.wp.com\/albanien.ch\/albanien_info\/wp-content\/uploads\/2020\/05\/man-withmask-cc0-j4p4n-openclipart.png?fit=733%2C733&ssl=1\",\"width\":733,\"height\":733,\"caption\":\"Corona: Maske tragen!\"},{\"@type\":\"BreadcrumbList\",\"@id\":\"https:\/\/albanien.ch\/albanien_info\/corona-massnahmen-was-ist-erlaubt-verboten-oder-pflicht-in-albanien\/#breadcrumb\",\"itemListElement\":[{\"@type\":\"ListItem\",\"position\":1,\"name\":\"Home\",\"item\":\"https:\/\/albanien.ch\/albanien_info\/\"},{\"@type\":\"ListItem\",\"position\":2,\"name\":\"Corona-Massnahmen \u2013 was ist erlaubt, verboten oder Pflicht in Albanien?\"}]},{\"@type\":\"WebSite\",\"@id\":\"https:\/\/albanien.ch\/albanien_info\/#website\",\"url\":\"https:\/\/albanien.ch\/albanien_info\/\",\"name\":\"AlbINFO\",\"description\":\"Albanien Reiseinformationen von albanien.ch\",\"publisher\":{\"@id\":\"https:\/\/albanien.ch\/albanien_info\/#organization\"},\"potentialAction\":[{\"@type\":\"SearchAction\",\"target\":{\"@type\":\"EntryPoint\",\"urlTemplate\":\"https:\/\/albanien.ch\/albanien_info\/?s={search_term_string}\"},\"query-input\":{\"@type\":\"PropertyValueSpecification\",\"valueRequired\":true,\"valueName\":\"search_term_string\"}}],\"inLanguage\":\"de\"},{\"@type\":\"Organization\",\"@id\":\"https:\/\/albanien.ch\/albanien_info\/#organization\",\"name\":\"albanien.ch\",\"url\":\"https:\/\/albanien.ch\/albanien_info\/\",\"logo\":{\"@type\":\"ImageObject\",\"inLanguage\":\"de\",\"@id\":\"https:\/\/albanien.ch\/albanien_info\/#\/schema\/logo\/image\/\",\"url\":\"https:\/\/i0.wp.com\/albanien.ch\/albanien_info\/wp-content\/uploads\/2016\/11\/albaniench_square.png?fit=415%2C415&ssl=1\",\"contentUrl\":\"https:\/\/i0.wp.com\/albanien.ch\/albanien_info\/wp-content\/uploads\/2016\/11\/albaniench_square.png?fit=415%2C415&ssl=1\",\"width\":415,\"height\":415,\"caption\":\"albanien.ch\"},\"image\":{\"@id\":\"https:\/\/albanien.ch\/albanien_info\/#\/schema\/logo\/image\/\"},\"sameAs\":[\"https:\/\/www.facebook.com\/albaniench\/\",\"https:\/\/x.com\/alb_info\",\"https:\/\/www.instagram.com\/alb_info\/\"]}]}<\/script>\n<!-- \/ Yoast SEO plugin. -->","yoast_head_json":{"title":"Corona-Massnahmen und Einreise nach Albanien \u2013\u00a0was ist erlaubt und ge\u00f6ffnet?","description":"Einreise nach Albanien und praktische Infos zum Aufenthalt in Corona-Zeiten. Reisetipps f\u00fcr Albanien im Online-Reisef\u00fchrer","robots":{"index":"index","follow":"follow","max-snippet":"max-snippet:-1","max-image-preview":"max-image-preview:large","max-video-preview":"max-video-preview:-1"},"canonical":"https:\/\/albanien.ch\/albanien_info\/corona-massnahmen-was-ist-erlaubt-verboten-oder-pflicht-in-albanien\/","og_locale":"de_DE","og_type":"article","og_title":"Corona-Massnahmen und Einreise nach Albanien \u2013\u00a0was ist erlaubt und ge\u00f6ffnet?","og_description":"Einreise nach Albanien und praktische Infos zum Aufenthalt in Corona-Zeiten. Reisetipps f\u00fcr Albanien im Online-Reisef\u00fchrer","og_url":"https:\/\/albanien.ch\/albanien_info\/corona-massnahmen-was-ist-erlaubt-verboten-oder-pflicht-in-albanien\/","og_site_name":"AlbINFO","article_publisher":"https:\/\/www.facebook.com\/albaniench\/","article_modified_time":"2022-08-28T22:05:55+00:00","og_image":[{"width":733,"height":733,"url":"https:\/\/albanien.ch\/albanien_info\/wp-content\/uploads\/2020\/05\/man-withmask-cc0-j4p4n-openclipart.png","type":"image\/png"}],"twitter_card":"summary_large_image","twitter_site":"@alb_info","schema":{"@context":"https:\/\/schema.org","@graph":[{"@type":"WebPage","@id":"https:\/\/albanien.ch\/albanien_info\/corona-massnahmen-was-ist-erlaubt-verboten-oder-pflicht-in-albanien\/","url":"https:\/\/albanien.ch\/albanien_info\/corona-massnahmen-was-ist-erlaubt-verboten-oder-pflicht-in-albanien\/","name":"Corona-Massnahmen und Einreise nach Albanien \u2013\u00a0was ist erlaubt und ge\u00f6ffnet?","isPartOf":{"@id":"https:\/\/albanien.ch\/albanien_info\/#website"},"primaryImageOfPage":{"@id":"https:\/\/albanien.ch\/albanien_info\/corona-massnahmen-was-ist-erlaubt-verboten-oder-pflicht-in-albanien\/#primaryimage"},"image":{"@id":"https:\/\/albanien.ch\/albanien_info\/corona-massnahmen-was-ist-erlaubt-verboten-oder-pflicht-in-albanien\/#primaryimage"},"thumbnailUrl":"https:\/\/i0.wp.com\/albanien.ch\/albanien_info\/wp-content\/uploads\/2020\/05\/man-withmask-cc0-j4p4n-openclipart.png?fit=733%2C733&ssl=1","datePublished":"2022-05-05T17:55:00+00:00","dateModified":"2022-08-28T22:05:55+00:00","description":"Einreise nach Albanien und praktische Infos zum Aufenthalt in Corona-Zeiten. Reisetipps f\u00fcr Albanien im Online-Reisef\u00fchrer","breadcrumb":{"@id":"https:\/\/albanien.ch\/albanien_info\/corona-massnahmen-was-ist-erlaubt-verboten-oder-pflicht-in-albanien\/#breadcrumb"},"inLanguage":"de","potentialAction":[{"@type":"ReadAction","target":["https:\/\/albanien.ch\/albanien_info\/corona-massnahmen-was-ist-erlaubt-verboten-oder-pflicht-in-albanien\/"]}]},{"@type":"ImageObject","inLanguage":"de","@id":"https:\/\/albanien.ch\/albanien_info\/corona-massnahmen-was-ist-erlaubt-verboten-oder-pflicht-in-albanien\/#primaryimage","url":"https:\/\/i0.wp.com\/albanien.ch\/albanien_info\/wp-content\/uploads\/2020\/05\/man-withmask-cc0-j4p4n-openclipart.png?fit=733%2C733&ssl=1","contentUrl":"https:\/\/i0.wp.com\/albanien.ch\/albanien_info\/wp-content\/uploads\/2020\/05\/man-withmask-cc0-j4p4n-openclipart.png?fit=733%2C733&ssl=1","width":733,"height":733,"caption":"Corona: Maske tragen!"},{"@type":"BreadcrumbList","@id":"https:\/\/albanien.ch\/albanien_info\/corona-massnahmen-was-ist-erlaubt-verboten-oder-pflicht-in-albanien\/#breadcrumb","itemListElement":[{"@type":"ListItem","position":1,"name":"Home","item":"https:\/\/albanien.ch\/albanien_info\/"},{"@type":"ListItem","position":2,"name":"Corona-Massnahmen \u2013 was ist erlaubt, verboten oder Pflicht in Albanien?"}]},{"@type":"WebSite","@id":"https:\/\/albanien.ch\/albanien_info\/#website","url":"https:\/\/albanien.ch\/albanien_info\/","name":"AlbINFO","description":"Albanien Reiseinformationen von albanien.ch","publisher":{"@id":"https:\/\/albanien.ch\/albanien_info\/#organization"},"potentialAction":[{"@type":"SearchAction","target":{"@type":"EntryPoint","urlTemplate":"https:\/\/albanien.ch\/albanien_info\/?s={search_term_string}"},"query-input":{"@type":"PropertyValueSpecification","valueRequired":true,"valueName":"search_term_string"}}],"inLanguage":"de"},{"@type":"Organization","@id":"https:\/\/albanien.ch\/albanien_info\/#organization","name":"albanien.ch","url":"https:\/\/albanien.ch\/albanien_info\/","logo":{"@type":"ImageObject","inLanguage":"de","@id":"https:\/\/albanien.ch\/albanien_info\/#\/schema\/logo\/image\/","url":"https:\/\/i0.wp.com\/albanien.ch\/albanien_info\/wp-content\/uploads\/2016\/11\/albaniench_square.png?fit=415%2C415&ssl=1","contentUrl":"https:\/\/i0.wp.com\/albanien.ch\/albanien_info\/wp-content\/uploads\/2016\/11\/albaniench_square.png?fit=415%2C415&ssl=1","width":415,"height":415,"caption":"albanien.ch"},"image":{"@id":"https:\/\/albanien.ch\/albanien_info\/#\/schema\/logo\/image\/"},"sameAs":["https:\/\/www.facebook.com\/albaniench\/","https:\/\/x.com\/alb_info","https:\/\/www.instagram.com\/alb_info\/"]}]}},"jetpack_sharing_enabled":true,"jetpack_shortlink":"https:\/\/wp.me\/P5VAQP-170","_links":{"self":[{"href":"https:\/\/albanien.ch\/albanien_info\/wp-json\/wp\/v2\/pages\/4278","targetHints":{"allow":["GET"]}}],"collection":[{"href":"https:\/\/albanien.ch\/albanien_info\/wp-json\/wp\/v2\/pages"}],"about":[{"href":"https:\/\/albanien.ch\/albanien_info\/wp-json\/wp\/v2\/types\/page"}],"author":[{"embeddable":true,"href":"https:\/\/albanien.ch\/albanien_info\/wp-json\/wp\/v2\/users\/1"}],"replies":[{"embeddable":true,"href":"https:\/\/albanien.ch\/albanien_info\/wp-json\/wp\/v2\/comments?post=4278"}],"version-history":[{"count":77,"href":"https:\/\/albanien.ch\/albanien_info\/wp-json\/wp\/v2\/pages\/4278\/revisions"}],"predecessor-version":[{"id":6926,"href":"https:\/\/albanien.ch\/albanien_info\/wp-json\/wp\/v2\/pages\/4278\/revisions\/6926"}],"wp:featuredmedia":[{"embeddable":true,"href":"https:\/\/albanien.ch\/albanien_info\/wp-json\/wp\/v2\/media\/4365"}],"wp:attachment":[{"href":"https:\/\/albanien.ch\/albanien_info\/wp-json\/wp\/v2\/media?parent=4278"}],"wp:term":[{"taxonomy":"category","embeddable":true,"href":"https:\/\/albanien.ch\/albanien_info\/wp-json\/wp\/v2\/categories?post=4278"},{"taxonomy":"post_tag","embeddable":true,"href":"https:\/\/albanien.ch\/albanien_info\/wp-json\/wp\/v2\/tags?post=4278"}],"curies":[{"name":"wp","href":"https:\/\/api.w.org\/{rel}","templated":true}]}}