{"id":3667,"date":"2022-12-05T12:12:00","date_gmt":"2022-12-05T11:12:00","guid":{"rendered":"https:\/\/albanien.ch\/albanien_info\/?page_id=3667"},"modified":"2023-07-25T15:52:22","modified_gmt":"2023-07-25T13:52:22","slug":"albinfo-landesinfos-reiseinformationen-albanien","status":"publish","type":"page","link":"https:\/\/albanien.ch\/albanien_info\/","title":{"rendered":"AlbINFO"},"content":{"rendered":"\n<h2 class=\"wp-block-heading\">Landes- &amp; Reiseinformationen f\u00fcr Albanien<\/h2>\n\n\n\n<h3 class=\"wp-block-heading\">\u00dcber Albanien \u2013&nbsp;Hintergrundsinformationen<\/h3>\n\n\n\n<div class=\"wp-block-columns has-3-columns is-layout-flex wp-container-core-columns-is-layout-9d6595d7 wp-block-columns-is-layout-flex\">\n<div class=\"wp-block-column is-layout-flow wp-block-column-is-layout-flow\">\n<figure class=\"wp-block-image\"><a href=\"https:\/\/albanien.ch\/albanien_info\/ueber-albanien\/\"><img data-recalc-dims=\"1\" loading=\"lazy\" decoding=\"async\" width=\"525\" height=\"315\" data-attachment-id=\"3685\" data-permalink=\"https:\/\/albanien.ch\/albanien_info\/albinfo-landesinfos-reiseinformationen-albanien\/ueber-albanien-albinfo\/\" data-orig-file=\"https:\/\/i0.wp.com\/albanien.ch\/albanien_info\/wp-content\/uploads\/2019\/09\/ueber-albanien-albinfo.jpg?fit=1000%2C600&amp;ssl=1\" data-orig-size=\"1000,600\" data-comments-opened=\"1\" data-image-meta=\"{&quot;aperture&quot;:&quot;0&quot;,&quot;credit&quot;:&quot;&quot;,&quot;camera&quot;:&quot;&quot;,&quot;caption&quot;:&quot;&quot;,&quot;created_timestamp&quot;:&quot;0&quot;,&quot;copyright&quot;:&quot;&quot;,&quot;focal_length&quot;:&quot;0&quot;,&quot;iso&quot;:&quot;0&quot;,&quot;shutter_speed&quot;:&quot;0&quot;,&quot;title&quot;:&quot;&quot;,&quot;orientation&quot;:&quot;0&quot;}\" data-image-title=\"ueber-albanien-albinfo\" data-image-description=\"&lt;p&gt;Strassenszen im Zentrum von Tirana mit Bunker &lt;\/p&gt;\n\" data-image-caption=\"&lt;p&gt;Boulevard in Tirana&lt;\/p&gt;\n\" data-medium-file=\"https:\/\/i0.wp.com\/albanien.ch\/albanien_info\/wp-content\/uploads\/2019\/09\/ueber-albanien-albinfo.jpg?fit=300%2C180&amp;ssl=1\" data-large-file=\"https:\/\/i0.wp.com\/albanien.ch\/albanien_info\/wp-content\/uploads\/2019\/09\/ueber-albanien-albinfo.jpg?fit=525%2C315&amp;ssl=1\" src=\"https:\/\/i0.wp.com\/albanien.ch\/albanien_info\/wp-content\/uploads\/2019\/09\/ueber-albanien-albinfo.jpg?resize=525%2C315&#038;ssl=1\" alt=\"\u00dcber Albanien\" class=\"wp-image-3685\" srcset=\"https:\/\/i0.wp.com\/albanien.ch\/albanien_info\/wp-content\/uploads\/2019\/09\/ueber-albanien-albinfo.jpg?w=1000&amp;ssl=1 1000w, https:\/\/i0.wp.com\/albanien.ch\/albanien_info\/wp-content\/uploads\/2019\/09\/ueber-albanien-albinfo.jpg?resize=300%2C180&amp;ssl=1 300w, https:\/\/i0.wp.com\/albanien.ch\/albanien_info\/wp-content\/uploads\/2019\/09\/ueber-albanien-albinfo.jpg?resize=768%2C461&amp;ssl=1 768w\" sizes=\"auto, (max-width: 525px) 100vw, 525px\" \/><\/a><\/figure>\n\n\n\n<p><a href=\"https:\/\/albanien.ch\/albanien_info\/ueber-albanien\/\">\u00dcber Albanien<\/a><\/p>\n<\/div>\n\n\n\n<div class=\"wp-block-column is-layout-flow wp-block-column-is-layout-flow\">\n<figure class=\"wp-block-image\"><a href=\"https:\/\/albanien.ch\/albanien_info\/ueber-albanien\/geschichte\/\"><img data-recalc-dims=\"1\" loading=\"lazy\" decoding=\"async\" width=\"525\" height=\"315\" data-attachment-id=\"3683\" data-permalink=\"https:\/\/albanien.ch\/albanien_info\/albinfo-landesinfos-reiseinformationen-albanien\/geschichte-albanien-albinfo\/\" data-orig-file=\"https:\/\/i0.wp.com\/albanien.ch\/albanien_info\/wp-content\/uploads\/2019\/09\/geschichte-albanien-albinfo.jpg?fit=1000%2C600&amp;ssl=1\" data-orig-size=\"1000,600\" data-comments-opened=\"1\" data-image-meta=\"{&quot;aperture&quot;:&quot;0&quot;,&quot;credit&quot;:&quot;&quot;,&quot;camera&quot;:&quot;&quot;,&quot;caption&quot;:&quot;&quot;,&quot;created_timestamp&quot;:&quot;0&quot;,&quot;copyright&quot;:&quot;&quot;,&quot;focal_length&quot;:&quot;0&quot;,&quot;iso&quot;:&quot;0&quot;,&quot;shutter_speed&quot;:&quot;0&quot;,&quot;title&quot;:&quot;&quot;,&quot;orientation&quot;:&quot;0&quot;}\" data-image-title=\"geschichte-albanien-albinfo\" data-image-description=\"&lt;p&gt;Antiker Tempel in Apollonia&lt;\/p&gt;\n\" data-image-caption=\"&lt;p&gt;Antiker Tempel in Apollonia&lt;\/p&gt;\n\" data-medium-file=\"https:\/\/i0.wp.com\/albanien.ch\/albanien_info\/wp-content\/uploads\/2019\/09\/geschichte-albanien-albinfo.jpg?fit=300%2C180&amp;ssl=1\" data-large-file=\"https:\/\/i0.wp.com\/albanien.ch\/albanien_info\/wp-content\/uploads\/2019\/09\/geschichte-albanien-albinfo.jpg?fit=525%2C315&amp;ssl=1\" src=\"https:\/\/i0.wp.com\/albanien.ch\/albanien_info\/wp-content\/uploads\/2019\/09\/geschichte-albanien-albinfo.jpg?resize=525%2C315&#038;ssl=1\" alt=\"Geschichte Albaniens AlbINFO\" class=\"wp-image-3683\" srcset=\"https:\/\/i0.wp.com\/albanien.ch\/albanien_info\/wp-content\/uploads\/2019\/09\/geschichte-albanien-albinfo.jpg?w=1000&amp;ssl=1 1000w, https:\/\/i0.wp.com\/albanien.ch\/albanien_info\/wp-content\/uploads\/2019\/09\/geschichte-albanien-albinfo.jpg?resize=300%2C180&amp;ssl=1 300w, https:\/\/i0.wp.com\/albanien.ch\/albanien_info\/wp-content\/uploads\/2019\/09\/geschichte-albanien-albinfo.jpg?resize=768%2C461&amp;ssl=1 768w\" sizes=\"auto, (max-width: 525px) 100vw, 525px\" \/><\/a><\/figure>\n\n\n\n<p><a href=\"https:\/\/albanien.ch\/albanien_info\/ueber-albanien\/geschichte\/\">Geschichte<\/a><\/p>\n<\/div>\n\n\n\n<div class=\"wp-block-column is-layout-flow wp-block-column-is-layout-flow\">\n<figure class=\"wp-block-image\"><a href=\"https:\/\/albanien.ch\/albanien_info\/category\/about\/country\/\"><img data-recalc-dims=\"1\" loading=\"lazy\" decoding=\"async\" width=\"525\" height=\"315\" data-attachment-id=\"3684\" data-permalink=\"https:\/\/albanien.ch\/albanien_info\/albinfo-landesinfos-reiseinformationen-albanien\/junge-albanerinnen-albinfo\/\" data-orig-file=\"https:\/\/i0.wp.com\/albanien.ch\/albanien_info\/wp-content\/uploads\/2019\/09\/junge-albanerinnen-albinfo.jpg?fit=1000%2C600&amp;ssl=1\" data-orig-size=\"1000,600\" data-comments-opened=\"1\" data-image-meta=\"{&quot;aperture&quot;:&quot;0&quot;,&quot;credit&quot;:&quot;&quot;,&quot;camera&quot;:&quot;&quot;,&quot;caption&quot;:&quot;&quot;,&quot;created_timestamp&quot;:&quot;0&quot;,&quot;copyright&quot;:&quot;&quot;,&quot;focal_length&quot;:&quot;0&quot;,&quot;iso&quot;:&quot;0&quot;,&quot;shutter_speed&quot;:&quot;0&quot;,&quot;title&quot;:&quot;&quot;,&quot;orientation&quot;:&quot;0&quot;}\" data-image-title=\"junge-albanerinnen-albinfo\" data-image-description=\"&lt;p&gt;Junge Albanerinnen am Meer in Durr\u00ebs&lt;\/p&gt;\n\" data-image-caption=\"&lt;p&gt;Land und Leute&lt;\/p&gt;\n\" data-medium-file=\"https:\/\/i0.wp.com\/albanien.ch\/albanien_info\/wp-content\/uploads\/2019\/09\/junge-albanerinnen-albinfo.jpg?fit=300%2C180&amp;ssl=1\" data-large-file=\"https:\/\/i0.wp.com\/albanien.ch\/albanien_info\/wp-content\/uploads\/2019\/09\/junge-albanerinnen-albinfo.jpg?fit=525%2C315&amp;ssl=1\" src=\"https:\/\/i0.wp.com\/albanien.ch\/albanien_info\/wp-content\/uploads\/2019\/09\/junge-albanerinnen-albinfo.jpg?resize=525%2C315&#038;ssl=1\" alt=\"Albanerinnen AlbINFO\" class=\"wp-image-3684\" srcset=\"https:\/\/i0.wp.com\/albanien.ch\/albanien_info\/wp-content\/uploads\/2019\/09\/junge-albanerinnen-albinfo.jpg?w=1000&amp;ssl=1 1000w, https:\/\/i0.wp.com\/albanien.ch\/albanien_info\/wp-content\/uploads\/2019\/09\/junge-albanerinnen-albinfo.jpg?resize=300%2C180&amp;ssl=1 300w, https:\/\/i0.wp.com\/albanien.ch\/albanien_info\/wp-content\/uploads\/2019\/09\/junge-albanerinnen-albinfo.jpg?resize=768%2C461&amp;ssl=1 768w\" sizes=\"auto, (max-width: 525px) 100vw, 525px\" \/><\/a><\/figure>\n\n\n\n<p><a href=\"https:\/\/albanien.ch\/albanien_info\/category\/about\/country\/\">Land und Leute<\/a><\/p>\n<\/div>\n<\/div>\n\n\n\n<h3 class=\"wp-block-heading\">Online-Reisef\u00fchrer<\/h3>\n\n\n\n<div class=\"wp-block-columns has-3-columns is-layout-flex wp-container-core-columns-is-layout-9d6595d7 wp-block-columns-is-layout-flex\">\n<div class=\"wp-block-column is-layout-flow wp-block-column-is-layout-flow\">\n<figure class=\"wp-block-image\"><a href=\"https:\/\/albanien.ch\/albanien_info\/reisefuehrer-albanien\/\"><img data-recalc-dims=\"1\" loading=\"lazy\" decoding=\"async\" width=\"525\" height=\"315\" data-attachment-id=\"3689\" data-permalink=\"https:\/\/albanien.ch\/albanien_info\/urlaub-in-albanien-albinfo\/\" data-orig-file=\"https:\/\/i0.wp.com\/albanien.ch\/albanien_info\/wp-content\/uploads\/2019\/09\/urlaub-in-albanien-albinfo.jpg?fit=1000%2C600&amp;ssl=1\" data-orig-size=\"1000,600\" data-comments-opened=\"1\" data-image-meta=\"{&quot;aperture&quot;:&quot;0&quot;,&quot;credit&quot;:&quot;&quot;,&quot;camera&quot;:&quot;&quot;,&quot;caption&quot;:&quot;&quot;,&quot;created_timestamp&quot;:&quot;0&quot;,&quot;copyright&quot;:&quot;&quot;,&quot;focal_length&quot;:&quot;0&quot;,&quot;iso&quot;:&quot;0&quot;,&quot;shutter_speed&quot;:&quot;0&quot;,&quot;title&quot;:&quot;&quot;,&quot;orientation&quot;:&quot;0&quot;}\" data-image-title=\"Urlaub in Albanien AlbINFO\" data-image-description=\"&lt;p&gt;Aussicht von der Burg \u00fcber Saranda auf die Strasse von Korfu&lt;\/p&gt;\n\" data-image-caption=\"&lt;p&gt;Urlaub in Albanien: Aussicht von der Burg \u00fcber Saranda&lt;\/p&gt;\n\" data-medium-file=\"https:\/\/i0.wp.com\/albanien.ch\/albanien_info\/wp-content\/uploads\/2019\/09\/urlaub-in-albanien-albinfo.jpg?fit=300%2C180&amp;ssl=1\" data-large-file=\"https:\/\/i0.wp.com\/albanien.ch\/albanien_info\/wp-content\/uploads\/2019\/09\/urlaub-in-albanien-albinfo.jpg?fit=525%2C315&amp;ssl=1\" src=\"https:\/\/i0.wp.com\/albanien.ch\/albanien_info\/wp-content\/uploads\/2019\/09\/urlaub-in-albanien-albinfo.jpg?resize=525%2C315&#038;ssl=1\" alt=\"Ferien Urlaub in Albanien\" class=\"wp-image-3689\" srcset=\"https:\/\/i0.wp.com\/albanien.ch\/albanien_info\/wp-content\/uploads\/2019\/09\/urlaub-in-albanien-albinfo.jpg?w=1000&amp;ssl=1 1000w, https:\/\/i0.wp.com\/albanien.ch\/albanien_info\/wp-content\/uploads\/2019\/09\/urlaub-in-albanien-albinfo.jpg?resize=300%2C180&amp;ssl=1 300w, https:\/\/i0.wp.com\/albanien.ch\/albanien_info\/wp-content\/uploads\/2019\/09\/urlaub-in-albanien-albinfo.jpg?resize=768%2C461&amp;ssl=1 768w\" sizes=\"auto, (max-width: 525px) 100vw, 525px\" \/><\/a><\/figure>\n\n\n\n<p><a href=\"https:\/\/albanien.ch\/albanien_info\/reisefuehrer-albanien\/\">Urlaub in Albanien<\/a><\/p>\n<\/div>\n\n\n\n<div class=\"wp-block-column is-layout-flow wp-block-column-is-layout-flow\">\n<figure class=\"wp-block-image\"><a href=\"https:\/\/albanien.ch\/albanien_info\/karte-ortsbeschreibungen-albanien\/\"><img data-recalc-dims=\"1\" loading=\"lazy\" decoding=\"async\" width=\"525\" height=\"315\" data-attachment-id=\"3690\" data-permalink=\"https:\/\/albanien.ch\/albanien_info\/reiseziele-albanien-albinfo\/\" data-orig-file=\"https:\/\/i0.wp.com\/albanien.ch\/albanien_info\/wp-content\/uploads\/2019\/09\/reiseziele-albanien-albinfo.jpg?fit=1000%2C600&amp;ssl=1\" data-orig-size=\"1000,600\" data-comments-opened=\"1\" data-image-meta=\"{&quot;aperture&quot;:&quot;0&quot;,&quot;credit&quot;:&quot;&quot;,&quot;camera&quot;:&quot;&quot;,&quot;caption&quot;:&quot;&quot;,&quot;created_timestamp&quot;:&quot;0&quot;,&quot;copyright&quot;:&quot;&quot;,&quot;focal_length&quot;:&quot;0&quot;,&quot;iso&quot;:&quot;0&quot;,&quot;shutter_speed&quot;:&quot;0&quot;,&quot;title&quot;:&quot;&quot;,&quot;orientation&quot;:&quot;0&quot;}\" data-image-title=\"Karte Reiseziele Albanien AlbINFO\" data-image-description=\"&lt;p&gt;Karte von Reisezielen und Sehensw\u00fcrdigkeiten in Albanien&lt;\/p&gt;\n\" data-image-caption=\"&lt;p&gt;Karte von Reisezielen und Sehensw\u00fcrdigkeiten in Albanien&lt;\/p&gt;\n\" data-medium-file=\"https:\/\/i0.wp.com\/albanien.ch\/albanien_info\/wp-content\/uploads\/2019\/09\/reiseziele-albanien-albinfo.jpg?fit=300%2C180&amp;ssl=1\" data-large-file=\"https:\/\/i0.wp.com\/albanien.ch\/albanien_info\/wp-content\/uploads\/2019\/09\/reiseziele-albanien-albinfo.jpg?fit=525%2C315&amp;ssl=1\" src=\"https:\/\/i0.wp.com\/albanien.ch\/albanien_info\/wp-content\/uploads\/2019\/09\/reiseziele-albanien-albinfo.jpg?resize=525%2C315&#038;ssl=1\" alt=\"Karte von Reisezielen und Sehensw\u00fcrdigkeiten in Albanien\" class=\"wp-image-3690\" srcset=\"https:\/\/i0.wp.com\/albanien.ch\/albanien_info\/wp-content\/uploads\/2019\/09\/reiseziele-albanien-albinfo.jpg?w=1000&amp;ssl=1 1000w, https:\/\/i0.wp.com\/albanien.ch\/albanien_info\/wp-content\/uploads\/2019\/09\/reiseziele-albanien-albinfo.jpg?resize=300%2C180&amp;ssl=1 300w, https:\/\/i0.wp.com\/albanien.ch\/albanien_info\/wp-content\/uploads\/2019\/09\/reiseziele-albanien-albinfo.jpg?resize=768%2C461&amp;ssl=1 768w\" sizes=\"auto, (max-width: 525px) 100vw, 525px\" \/><\/a><\/figure>\n\n\n\n<p><a href=\"https:\/\/albanien.ch\/albanien_info\/karte-ortsbeschreibungen-albanien\/\">\u00dcbersichtskarte Sehensw\u00fcrdigkeiten<\/a><\/p>\n<\/div>\n\n\n\n<div class=\"wp-block-column is-layout-flow wp-block-column-is-layout-flow\">\n<figure class=\"wp-block-image\"><a href=\"https:\/\/albanien.ch\/albanien_info\/reisefuehrer-albanien\/reisetipps\/\"><img data-recalc-dims=\"1\" loading=\"lazy\" decoding=\"async\" width=\"525\" height=\"315\" data-attachment-id=\"3691\" data-permalink=\"https:\/\/albanien.ch\/albanien_info\/reisetipps-albanien-albinfo\/\" data-orig-file=\"https:\/\/i0.wp.com\/albanien.ch\/albanien_info\/wp-content\/uploads\/2019\/09\/reisetipps-albanien-albinfo.jpg?fit=1000%2C600&amp;ssl=1\" data-orig-size=\"1000,600\" data-comments-opened=\"1\" data-image-meta=\"{&quot;aperture&quot;:&quot;0&quot;,&quot;credit&quot;:&quot;&quot;,&quot;camera&quot;:&quot;&quot;,&quot;caption&quot;:&quot;&quot;,&quot;created_timestamp&quot;:&quot;0&quot;,&quot;copyright&quot;:&quot;&quot;,&quot;focal_length&quot;:&quot;0&quot;,&quot;iso&quot;:&quot;0&quot;,&quot;shutter_speed&quot;:&quot;0&quot;,&quot;title&quot;:&quot;&quot;,&quot;orientation&quot;:&quot;0&quot;}\" data-image-title=\"Reisetipps Albanien AlbINFO\" data-image-description=\"&lt;p&gt;Bunker am Strand von Durr\u00ebs&lt;\/p&gt;\n\" data-image-caption=\"&lt;p&gt;Bunker am Strand von Durr\u00ebs&lt;\/p&gt;\n\" data-medium-file=\"https:\/\/i0.wp.com\/albanien.ch\/albanien_info\/wp-content\/uploads\/2019\/09\/reisetipps-albanien-albinfo.jpg?fit=300%2C180&amp;ssl=1\" data-large-file=\"https:\/\/i0.wp.com\/albanien.ch\/albanien_info\/wp-content\/uploads\/2019\/09\/reisetipps-albanien-albinfo.jpg?fit=525%2C315&amp;ssl=1\" src=\"https:\/\/i0.wp.com\/albanien.ch\/albanien_info\/wp-content\/uploads\/2019\/09\/reisetipps-albanien-albinfo.jpg?resize=525%2C315&#038;ssl=1\" alt=\"Reisetipps Albanien\" class=\"wp-image-3691\" srcset=\"https:\/\/i0.wp.com\/albanien.ch\/albanien_info\/wp-content\/uploads\/2019\/09\/reisetipps-albanien-albinfo.jpg?w=1000&amp;ssl=1 1000w, https:\/\/i0.wp.com\/albanien.ch\/albanien_info\/wp-content\/uploads\/2019\/09\/reisetipps-albanien-albinfo.jpg?resize=300%2C180&amp;ssl=1 300w, https:\/\/i0.wp.com\/albanien.ch\/albanien_info\/wp-content\/uploads\/2019\/09\/reisetipps-albanien-albinfo.jpg?resize=768%2C461&amp;ssl=1 768w\" sizes=\"auto, (max-width: 525px) 100vw, 525px\" \/><\/a><\/figure>\n\n\n\n<p><a href=\"https:\/\/albanien.ch\/albanien_info\/reisefuehrer-albanien\/reisetipps\/\">Reisetipps<\/a><\/p>\n<\/div>\n<\/div>\n\n\n\n<h3 class=\"wp-block-heading\">Sehensw\u00fcrdigkeiten, Regionen &amp; Orte<\/h3>\n\n\n\n<div class=\"wp-block-columns has-3-columns is-layout-flex wp-container-core-columns-is-layout-9d6595d7 wp-block-columns-is-layout-flex\">\n<div class=\"wp-block-column is-layout-flow wp-block-column-is-layout-flow\">\n<figure class=\"wp-block-image\"><a href=\"https:\/\/albanien.ch\/albanien_info\/tirana\/\"><img data-recalc-dims=\"1\" loading=\"lazy\" decoding=\"async\" width=\"525\" height=\"315\" data-attachment-id=\"3693\" data-permalink=\"https:\/\/albanien.ch\/albanien_info\/tirana-albinfo\/\" data-orig-file=\"https:\/\/i0.wp.com\/albanien.ch\/albanien_info\/wp-content\/uploads\/2019\/09\/tirana-albinfo.jpg?fit=1000%2C600&amp;ssl=1\" data-orig-size=\"1000,600\" data-comments-opened=\"1\" data-image-meta=\"{&quot;aperture&quot;:&quot;0&quot;,&quot;credit&quot;:&quot;&quot;,&quot;camera&quot;:&quot;&quot;,&quot;caption&quot;:&quot;&quot;,&quot;created_timestamp&quot;:&quot;0&quot;,&quot;copyright&quot;:&quot;&quot;,&quot;focal_length&quot;:&quot;0&quot;,&quot;iso&quot;:&quot;0&quot;,&quot;shutter_speed&quot;:&quot;0&quot;,&quot;title&quot;:&quot;&quot;,&quot;orientation&quot;:&quot;0&quot;}\" data-image-title=\"Tirana AlbINFO\" data-image-description=\"&lt;p&gt;Tirana Skanderbegplatz&lt;\/p&gt;\n\" data-image-caption=\"&lt;p&gt;Tirana Skanderbegplatz&lt;\/p&gt;\n\" data-medium-file=\"https:\/\/i0.wp.com\/albanien.ch\/albanien_info\/wp-content\/uploads\/2019\/09\/tirana-albinfo.jpg?fit=300%2C180&amp;ssl=1\" data-large-file=\"https:\/\/i0.wp.com\/albanien.ch\/albanien_info\/wp-content\/uploads\/2019\/09\/tirana-albinfo.jpg?fit=525%2C315&amp;ssl=1\" src=\"https:\/\/i0.wp.com\/albanien.ch\/albanien_info\/wp-content\/uploads\/2019\/09\/tirana-albinfo.jpg?resize=525%2C315&#038;ssl=1\" alt=\"Tirana Reisetipps\" class=\"wp-image-3693\" srcset=\"https:\/\/i0.wp.com\/albanien.ch\/albanien_info\/wp-content\/uploads\/2019\/09\/tirana-albinfo.jpg?w=1000&amp;ssl=1 1000w, https:\/\/i0.wp.com\/albanien.ch\/albanien_info\/wp-content\/uploads\/2019\/09\/tirana-albinfo.jpg?resize=300%2C180&amp;ssl=1 300w, https:\/\/i0.wp.com\/albanien.ch\/albanien_info\/wp-content\/uploads\/2019\/09\/tirana-albinfo.jpg?resize=768%2C461&amp;ssl=1 768w\" sizes=\"auto, (max-width: 525px) 100vw, 525px\" \/><\/a><\/figure>\n\n\n\n<p><a href=\"https:\/\/albanien.ch\/albanien_info\/tirana\/\">Tirana<\/a><\/p>\n<\/div>\n\n\n\n<div class=\"wp-block-column is-layout-flow wp-block-column-is-layout-flow\">\n<figure class=\"wp-block-image\"><a href=\"https:\/\/albanien.ch\/albanien_info\/albanische-alpen\/\"><img data-recalc-dims=\"1\" loading=\"lazy\" decoding=\"async\" width=\"525\" height=\"315\" data-attachment-id=\"3700\" data-permalink=\"https:\/\/albanien.ch\/albanien_info\/albanische-alpen-albinfo\/\" data-orig-file=\"https:\/\/i0.wp.com\/albanien.ch\/albanien_info\/wp-content\/uploads\/2019\/09\/albanische-alpen-albinfo.jpg?fit=1000%2C600&amp;ssl=1\" data-orig-size=\"1000,600\" data-comments-opened=\"1\" data-image-meta=\"{&quot;aperture&quot;:&quot;0&quot;,&quot;credit&quot;:&quot;&quot;,&quot;camera&quot;:&quot;&quot;,&quot;caption&quot;:&quot;&quot;,&quot;created_timestamp&quot;:&quot;0&quot;,&quot;copyright&quot;:&quot;&quot;,&quot;focal_length&quot;:&quot;0&quot;,&quot;iso&quot;:&quot;0&quot;,&quot;shutter_speed&quot;:&quot;0&quot;,&quot;title&quot;:&quot;&quot;,&quot;orientation&quot;:&quot;0&quot;}\" data-image-title=\"Albanische Alpen AlbINFO\" data-image-description=\"&lt;p&gt;Theth in den Albanischen Alpen&lt;\/p&gt;\n\" data-image-caption=\"&lt;p&gt;Theth in den Albanischen Alpen&lt;\/p&gt;\n\" data-medium-file=\"https:\/\/i0.wp.com\/albanien.ch\/albanien_info\/wp-content\/uploads\/2019\/09\/albanische-alpen-albinfo.jpg?fit=300%2C180&amp;ssl=1\" data-large-file=\"https:\/\/i0.wp.com\/albanien.ch\/albanien_info\/wp-content\/uploads\/2019\/09\/albanische-alpen-albinfo.jpg?fit=525%2C315&amp;ssl=1\" src=\"https:\/\/i0.wp.com\/albanien.ch\/albanien_info\/wp-content\/uploads\/2019\/09\/albanische-alpen-albinfo.jpg?resize=525%2C315&#038;ssl=1\" alt=\"Albanische Alpen Reiseinformationen\" class=\"wp-image-3700\" srcset=\"https:\/\/i0.wp.com\/albanien.ch\/albanien_info\/wp-content\/uploads\/2019\/09\/albanische-alpen-albinfo.jpg?w=1000&amp;ssl=1 1000w, https:\/\/i0.wp.com\/albanien.ch\/albanien_info\/wp-content\/uploads\/2019\/09\/albanische-alpen-albinfo.jpg?resize=300%2C180&amp;ssl=1 300w, https:\/\/i0.wp.com\/albanien.ch\/albanien_info\/wp-content\/uploads\/2019\/09\/albanische-alpen-albinfo.jpg?resize=768%2C461&amp;ssl=1 768w\" sizes=\"auto, (max-width: 525px) 100vw, 525px\" \/><\/a><\/figure>\n\n\n\n<p><a href=\"https:\/\/albanien.ch\/albanien_info\/albanische-alpen\/\">Albanische Alpen<\/a><\/p>\n<\/div>\n\n\n\n<div class=\"wp-block-column is-layout-flow wp-block-column-is-layout-flow\">\n<figure class=\"wp-block-image\"><a href=\"https:\/\/albanien.ch\/albanien_info\/straende\/\"><img data-recalc-dims=\"1\" loading=\"lazy\" decoding=\"async\" width=\"525\" height=\"315\" data-attachment-id=\"3699\" data-permalink=\"https:\/\/albanien.ch\/albanien_info\/strand-guide-albanien-albinfo\/\" data-orig-file=\"https:\/\/i0.wp.com\/albanien.ch\/albanien_info\/wp-content\/uploads\/2019\/09\/strand-guide-albanien-albinfo.jpg?fit=1000%2C600&amp;ssl=1\" data-orig-size=\"1000,600\" data-comments-opened=\"1\" data-image-meta=\"{&quot;aperture&quot;:&quot;0&quot;,&quot;credit&quot;:&quot;&quot;,&quot;camera&quot;:&quot;&quot;,&quot;caption&quot;:&quot;&quot;,&quot;created_timestamp&quot;:&quot;0&quot;,&quot;copyright&quot;:&quot;&quot;,&quot;focal_length&quot;:&quot;0&quot;,&quot;iso&quot;:&quot;0&quot;,&quot;shutter_speed&quot;:&quot;0&quot;,&quot;title&quot;:&quot;&quot;,&quot;orientation&quot;:&quot;0&quot;}\" data-image-title=\"Strand Guide Albanien AlbINFO\" data-image-description=\"&lt;p&gt;Strand in Dh\u00ebrmi&lt;\/p&gt;\n\" data-image-caption=\"&lt;p&gt;Strand in Dh\u00ebrmi, Albanien&lt;\/p&gt;\n\" data-medium-file=\"https:\/\/i0.wp.com\/albanien.ch\/albanien_info\/wp-content\/uploads\/2019\/09\/strand-guide-albanien-albinfo.jpg?fit=300%2C180&amp;ssl=1\" data-large-file=\"https:\/\/i0.wp.com\/albanien.ch\/albanien_info\/wp-content\/uploads\/2019\/09\/strand-guide-albanien-albinfo.jpg?fit=525%2C315&amp;ssl=1\" src=\"https:\/\/i0.wp.com\/albanien.ch\/albanien_info\/wp-content\/uploads\/2019\/09\/strand-guide-albanien-albinfo.jpg?resize=525%2C315&#038;ssl=1\" alt=\"Die sch\u00f6nsten Str\u00e4nde von Albanien\" class=\"wp-image-3699\" srcset=\"https:\/\/i0.wp.com\/albanien.ch\/albanien_info\/wp-content\/uploads\/2019\/09\/strand-guide-albanien-albinfo.jpg?w=1000&amp;ssl=1 1000w, https:\/\/i0.wp.com\/albanien.ch\/albanien_info\/wp-content\/uploads\/2019\/09\/strand-guide-albanien-albinfo.jpg?resize=300%2C180&amp;ssl=1 300w, https:\/\/i0.wp.com\/albanien.ch\/albanien_info\/wp-content\/uploads\/2019\/09\/strand-guide-albanien-albinfo.jpg?resize=768%2C461&amp;ssl=1 768w\" sizes=\"auto, (max-width: 525px) 100vw, 525px\" \/><\/a><\/figure>\n\n\n\n<p><a href=\"https:\/\/albanien.ch\/albanien_info\/straende\/\">Strand-Guide<\/a><\/p>\n<\/div>\n<\/div>\n\n\n\n<div class=\"wp-block-columns has-3-columns is-layout-flex wp-container-core-columns-is-layout-9d6595d7 wp-block-columns-is-layout-flex\">\n<div class=\"wp-block-column is-layout-flow wp-block-column-is-layout-flow\">\n<figure class=\"wp-block-image\"><a href=\"https:\/\/albanien.ch\/albanien_info\/albanische-riviera\/\"><img data-recalc-dims=\"1\" loading=\"lazy\" decoding=\"async\" width=\"525\" height=\"315\" data-attachment-id=\"3698\" data-permalink=\"https:\/\/albanien.ch\/albanien_info\/albanische-riviera-albinfo\/\" data-orig-file=\"https:\/\/i0.wp.com\/albanien.ch\/albanien_info\/wp-content\/uploads\/2019\/09\/albanische-riviera-albinfo.jpg?fit=1000%2C600&amp;ssl=1\" data-orig-size=\"1000,600\" data-comments-opened=\"1\" data-image-meta=\"{&quot;aperture&quot;:&quot;0&quot;,&quot;credit&quot;:&quot;&quot;,&quot;camera&quot;:&quot;&quot;,&quot;caption&quot;:&quot;&quot;,&quot;created_timestamp&quot;:&quot;0&quot;,&quot;copyright&quot;:&quot;&quot;,&quot;focal_length&quot;:&quot;0&quot;,&quot;iso&quot;:&quot;0&quot;,&quot;shutter_speed&quot;:&quot;0&quot;,&quot;title&quot;:&quot;&quot;,&quot;orientation&quot;:&quot;0&quot;}\" data-image-title=\"Albanische Riviera AlbINFO\" data-image-description=\"&lt;p&gt;Blick \u00fcber die Albanische Riviera&lt;\/p&gt;\n\" data-image-caption=\"&lt;p&gt;Blick \u00fcber die Albanische Riviera&lt;\/p&gt;\n\" data-medium-file=\"https:\/\/i0.wp.com\/albanien.ch\/albanien_info\/wp-content\/uploads\/2019\/09\/albanische-riviera-albinfo.jpg?fit=300%2C180&amp;ssl=1\" data-large-file=\"https:\/\/i0.wp.com\/albanien.ch\/albanien_info\/wp-content\/uploads\/2019\/09\/albanische-riviera-albinfo.jpg?fit=525%2C315&amp;ssl=1\" src=\"https:\/\/i0.wp.com\/albanien.ch\/albanien_info\/wp-content\/uploads\/2019\/09\/albanische-riviera-albinfo.jpg?resize=525%2C315&#038;ssl=1\" alt=\"Albanische Riviera Reisetipps\" class=\"wp-image-3698\" srcset=\"https:\/\/i0.wp.com\/albanien.ch\/albanien_info\/wp-content\/uploads\/2019\/09\/albanische-riviera-albinfo.jpg?w=1000&amp;ssl=1 1000w, https:\/\/i0.wp.com\/albanien.ch\/albanien_info\/wp-content\/uploads\/2019\/09\/albanische-riviera-albinfo.jpg?resize=300%2C180&amp;ssl=1 300w, https:\/\/i0.wp.com\/albanien.ch\/albanien_info\/wp-content\/uploads\/2019\/09\/albanische-riviera-albinfo.jpg?resize=768%2C461&amp;ssl=1 768w\" sizes=\"auto, (max-width: 525px) 100vw, 525px\" \/><\/a><\/figure>\n\n\n\n<p><a href=\"https:\/\/albanien.ch\/albanien_info\/albanische-riviera\/\">Albanische Riviera<\/a><\/p>\n<\/div>\n\n\n\n<div class=\"wp-block-column is-layout-flow wp-block-column-is-layout-flow\">\n<figure class=\"wp-block-image\"><a href=\"https:\/\/albanien.ch\/albanien_info\/saranda-butrint\/\"><img data-recalc-dims=\"1\" loading=\"lazy\" decoding=\"async\" width=\"525\" height=\"315\" data-attachment-id=\"3697\" data-permalink=\"https:\/\/albanien.ch\/albanien_info\/saranda-albinfo\/\" data-orig-file=\"https:\/\/i0.wp.com\/albanien.ch\/albanien_info\/wp-content\/uploads\/2019\/09\/saranda-albinfo.jpg?fit=1000%2C600&amp;ssl=1\" data-orig-size=\"1000,600\" data-comments-opened=\"1\" data-image-meta=\"{&quot;aperture&quot;:&quot;0&quot;,&quot;credit&quot;:&quot;&quot;,&quot;camera&quot;:&quot;&quot;,&quot;caption&quot;:&quot;&quot;,&quot;created_timestamp&quot;:&quot;0&quot;,&quot;copyright&quot;:&quot;&quot;,&quot;focal_length&quot;:&quot;0&quot;,&quot;iso&quot;:&quot;0&quot;,&quot;shutter_speed&quot;:&quot;0&quot;,&quot;title&quot;:&quot;&quot;,&quot;orientation&quot;:&quot;0&quot;}\" data-image-title=\"Saranda AlbINFO\" data-image-description=\"&lt;p&gt;Saranda im Abendlicht&lt;\/p&gt;\n\" data-image-caption=\"&lt;p&gt;Saranda im Abendlicht&lt;\/p&gt;\n\" data-medium-file=\"https:\/\/i0.wp.com\/albanien.ch\/albanien_info\/wp-content\/uploads\/2019\/09\/saranda-albinfo.jpg?fit=300%2C180&amp;ssl=1\" data-large-file=\"https:\/\/i0.wp.com\/albanien.ch\/albanien_info\/wp-content\/uploads\/2019\/09\/saranda-albinfo.jpg?fit=525%2C315&amp;ssl=1\" src=\"https:\/\/i0.wp.com\/albanien.ch\/albanien_info\/wp-content\/uploads\/2019\/09\/saranda-albinfo.jpg?resize=525%2C315&#038;ssl=1\" alt=\"Urlaub Saranda Reisetipps\" class=\"wp-image-3697\" srcset=\"https:\/\/i0.wp.com\/albanien.ch\/albanien_info\/wp-content\/uploads\/2019\/09\/saranda-albinfo.jpg?w=1000&amp;ssl=1 1000w, https:\/\/i0.wp.com\/albanien.ch\/albanien_info\/wp-content\/uploads\/2019\/09\/saranda-albinfo.jpg?resize=300%2C180&amp;ssl=1 300w, https:\/\/i0.wp.com\/albanien.ch\/albanien_info\/wp-content\/uploads\/2019\/09\/saranda-albinfo.jpg?resize=768%2C461&amp;ssl=1 768w\" sizes=\"auto, (max-width: 525px) 100vw, 525px\" \/><\/a><\/figure>\n\n\n\n<p><a href=\"https:\/\/albanien.ch\/albanien_info\/saranda-butrint\/\">Saranda &amp; Butrint<\/a><\/p>\n<\/div>\n\n\n\n<div class=\"wp-block-column is-layout-flow wp-block-column-is-layout-flow\">\n<figure class=\"wp-block-image\"><a href=\"https:\/\/albanien.ch\/albanien_info\/berat\/\"><img data-recalc-dims=\"1\" loading=\"lazy\" decoding=\"async\" width=\"525\" height=\"315\" data-attachment-id=\"3696\" data-permalink=\"https:\/\/albanien.ch\/albanien_info\/berat-albinfo\/\" data-orig-file=\"https:\/\/i0.wp.com\/albanien.ch\/albanien_info\/wp-content\/uploads\/2019\/09\/berat-albinfo.jpg?fit=1000%2C600&amp;ssl=1\" data-orig-size=\"1000,600\" data-comments-opened=\"1\" data-image-meta=\"{&quot;aperture&quot;:&quot;0&quot;,&quot;credit&quot;:&quot;&quot;,&quot;camera&quot;:&quot;&quot;,&quot;caption&quot;:&quot;&quot;,&quot;created_timestamp&quot;:&quot;0&quot;,&quot;copyright&quot;:&quot;&quot;,&quot;focal_length&quot;:&quot;0&quot;,&quot;iso&quot;:&quot;0&quot;,&quot;shutter_speed&quot;:&quot;0&quot;,&quot;title&quot;:&quot;&quot;,&quot;orientation&quot;:&quot;0&quot;}\" data-image-title=\"Berat AlbINFO\" data-image-description=\"&lt;p&gt;Berat &#8211; Stadt der Tausend Fenster&lt;\/p&gt;\n\" data-image-caption=\"&lt;p&gt;Berat &#8211; Stadt der Tausend Fenster&lt;\/p&gt;\n\" data-medium-file=\"https:\/\/i0.wp.com\/albanien.ch\/albanien_info\/wp-content\/uploads\/2019\/09\/berat-albinfo.jpg?fit=300%2C180&amp;ssl=1\" data-large-file=\"https:\/\/i0.wp.com\/albanien.ch\/albanien_info\/wp-content\/uploads\/2019\/09\/berat-albinfo.jpg?fit=525%2C315&amp;ssl=1\" src=\"https:\/\/i0.wp.com\/albanien.ch\/albanien_info\/wp-content\/uploads\/2019\/09\/berat-albinfo.jpg?resize=525%2C315&#038;ssl=1\" alt=\"Berat Albanien Reisetipps\" class=\"wp-image-3696\" srcset=\"https:\/\/i0.wp.com\/albanien.ch\/albanien_info\/wp-content\/uploads\/2019\/09\/berat-albinfo.jpg?w=1000&amp;ssl=1 1000w, https:\/\/i0.wp.com\/albanien.ch\/albanien_info\/wp-content\/uploads\/2019\/09\/berat-albinfo.jpg?resize=300%2C180&amp;ssl=1 300w, https:\/\/i0.wp.com\/albanien.ch\/albanien_info\/wp-content\/uploads\/2019\/09\/berat-albinfo.jpg?resize=768%2C461&amp;ssl=1 768w\" sizes=\"auto, (max-width: 525px) 100vw, 525px\" \/><\/a><\/figure>\n\n\n\n<p><a href=\"https:\/\/albanien.ch\/albanien_info\/berat\/\">Berat<\/a><\/p>\n<\/div>\n<\/div>\n\n\n\n<div class=\"wp-block-columns has-3-columns is-layout-flex wp-container-core-columns-is-layout-9d6595d7 wp-block-columns-is-layout-flex\">\n<div class=\"wp-block-column is-layout-flow wp-block-column-is-layout-flow\">\n<figure class=\"wp-block-image\"><a href=\"https:\/\/albanien.ch\/albanien_info\/category\/travel\/places\/\"><img data-recalc-dims=\"1\" loading=\"lazy\" decoding=\"async\" width=\"525\" height=\"315\" data-attachment-id=\"3695\" data-permalink=\"https:\/\/albanien.ch\/albanien_info\/albanien-sehenswuerdigkeiten-albinfo\/\" data-orig-file=\"https:\/\/i0.wp.com\/albanien.ch\/albanien_info\/wp-content\/uploads\/2019\/09\/albanien-sehenswuerdigkeiten-albinfo.jpg?fit=1000%2C600&amp;ssl=1\" data-orig-size=\"1000,600\" data-comments-opened=\"1\" data-image-meta=\"{&quot;aperture&quot;:&quot;0&quot;,&quot;credit&quot;:&quot;&quot;,&quot;camera&quot;:&quot;&quot;,&quot;caption&quot;:&quot;&quot;,&quot;created_timestamp&quot;:&quot;0&quot;,&quot;copyright&quot;:&quot;&quot;,&quot;focal_length&quot;:&quot;0&quot;,&quot;iso&quot;:&quot;0&quot;,&quot;shutter_speed&quot;:&quot;0&quot;,&quot;title&quot;:&quot;&quot;,&quot;orientation&quot;:&quot;0&quot;}\" data-image-title=\"Albanien Sehenswuerdigkeiten AlbINFO\" data-image-description=\"&lt;p&gt;Bazar von Kor\u00e7a&lt;\/p&gt;\n\" data-image-caption=\"&lt;p&gt;Bazar von Kor\u00e7a&lt;\/p&gt;\n\" data-medium-file=\"https:\/\/i0.wp.com\/albanien.ch\/albanien_info\/wp-content\/uploads\/2019\/09\/albanien-sehenswuerdigkeiten-albinfo.jpg?fit=300%2C180&amp;ssl=1\" data-large-file=\"https:\/\/i0.wp.com\/albanien.ch\/albanien_info\/wp-content\/uploads\/2019\/09\/albanien-sehenswuerdigkeiten-albinfo.jpg?fit=525%2C315&amp;ssl=1\" src=\"https:\/\/i0.wp.com\/albanien.ch\/albanien_info\/wp-content\/uploads\/2019\/09\/albanien-sehenswuerdigkeiten-albinfo.jpg?resize=525%2C315&#038;ssl=1\" alt=\"Alle Sehensw\u00fcrdigkeiten Albanien\" class=\"wp-image-3695\" srcset=\"https:\/\/i0.wp.com\/albanien.ch\/albanien_info\/wp-content\/uploads\/2019\/09\/albanien-sehenswuerdigkeiten-albinfo.jpg?w=1000&amp;ssl=1 1000w, https:\/\/i0.wp.com\/albanien.ch\/albanien_info\/wp-content\/uploads\/2019\/09\/albanien-sehenswuerdigkeiten-albinfo.jpg?resize=300%2C180&amp;ssl=1 300w, https:\/\/i0.wp.com\/albanien.ch\/albanien_info\/wp-content\/uploads\/2019\/09\/albanien-sehenswuerdigkeiten-albinfo.jpg?resize=768%2C461&amp;ssl=1 768w\" sizes=\"auto, (max-width: 525px) 100vw, 525px\" \/><\/a><\/figure>\n\n\n\n<p><a href=\"https:\/\/albanien.ch\/albanien_info\/category\/travel\/places\/\">Weitere Orte &amp; Sehensw\u00fcrdigkeiten<\/a><\/p>\n<\/div>\n\n\n\n<div class=\"wp-block-column is-layout-flow wp-block-column-is-layout-flow\">\n<figure class=\"wp-block-image\"><a href=\"https:\/\/albanien.ch\/albanien_info\/highlights-albanien\/\"><img data-recalc-dims=\"1\" loading=\"lazy\" decoding=\"async\" width=\"525\" height=\"315\" data-attachment-id=\"3694\" data-permalink=\"https:\/\/albanien.ch\/albanien_info\/albanien-highlights-albinfo\/\" data-orig-file=\"https:\/\/i0.wp.com\/albanien.ch\/albanien_info\/wp-content\/uploads\/2019\/09\/albanien-highlights-albinfo.jpg?fit=1000%2C600&amp;ssl=1\" data-orig-size=\"1000,600\" data-comments-opened=\"1\" data-image-meta=\"{&quot;aperture&quot;:&quot;0&quot;,&quot;credit&quot;:&quot;&quot;,&quot;camera&quot;:&quot;&quot;,&quot;caption&quot;:&quot;&quot;,&quot;created_timestamp&quot;:&quot;0&quot;,&quot;copyright&quot;:&quot;&quot;,&quot;focal_length&quot;:&quot;0&quot;,&quot;iso&quot;:&quot;0&quot;,&quot;shutter_speed&quot;:&quot;0&quot;,&quot;title&quot;:&quot;&quot;,&quot;orientation&quot;:&quot;0&quot;}\" data-image-title=\"Albanien Highlights AlbINFO\" data-image-description=\"&lt;p&gt;\u00dcber den D\u00e4chern von Gjirokastra&lt;\/p&gt;\n\" data-image-caption=\"&lt;p&gt;\u00dcber den D\u00e4chern von Gjirokastra&lt;\/p&gt;\n\" data-medium-file=\"https:\/\/i0.wp.com\/albanien.ch\/albanien_info\/wp-content\/uploads\/2019\/09\/albanien-highlights-albinfo.jpg?fit=300%2C180&amp;ssl=1\" data-large-file=\"https:\/\/i0.wp.com\/albanien.ch\/albanien_info\/wp-content\/uploads\/2019\/09\/albanien-highlights-albinfo.jpg?fit=525%2C315&amp;ssl=1\" src=\"https:\/\/i0.wp.com\/albanien.ch\/albanien_info\/wp-content\/uploads\/2019\/09\/albanien-highlights-albinfo.jpg?resize=525%2C315&#038;ssl=1\" alt=\"Touristische Highlights Albanien\" class=\"wp-image-3694\" srcset=\"https:\/\/i0.wp.com\/albanien.ch\/albanien_info\/wp-content\/uploads\/2019\/09\/albanien-highlights-albinfo.jpg?w=1000&amp;ssl=1 1000w, https:\/\/i0.wp.com\/albanien.ch\/albanien_info\/wp-content\/uploads\/2019\/09\/albanien-highlights-albinfo.jpg?resize=300%2C180&amp;ssl=1 300w, https:\/\/i0.wp.com\/albanien.ch\/albanien_info\/wp-content\/uploads\/2019\/09\/albanien-highlights-albinfo.jpg?resize=768%2C461&amp;ssl=1 768w\" sizes=\"auto, (max-width: 525px) 100vw, 525px\" \/><\/a><\/figure>\n\n\n\n<p><a href=\"https:\/\/albanien.ch\/albanien_info\/highlights-albanien\/\">Beste Sehensw\u00fcrdigkeiten<\/a><\/p>\n<\/div>\n\n\n\n<div class=\"wp-block-column is-layout-flow wp-block-column-is-layout-flow\">\n<p><\/p>\n<\/div>\n<\/div>\n\n\n\n<h3 class=\"wp-block-heading\">Unterwegs<\/h3>\n\n\n\n<div class=\"wp-block-columns has-3-columns is-layout-flex wp-container-core-columns-is-layout-9d6595d7 wp-block-columns-is-layout-flex\">\n<div class=\"wp-block-column is-layout-flow wp-block-column-is-layout-flow\">\n<figure class=\"wp-block-image\"><a href=\"https:\/\/albanien.ch\/albanien_info\/albania-backpacker-guide\/\"><img data-recalc-dims=\"1\" loading=\"lazy\" decoding=\"async\" width=\"525\" height=\"315\" data-attachment-id=\"3707\" data-permalink=\"https:\/\/albanien.ch\/albanien_info\/backpacker-guide-albania-albinfo\/\" data-orig-file=\"https:\/\/i0.wp.com\/albanien.ch\/albanien_info\/wp-content\/uploads\/2019\/09\/backpacker-guide-albania-albinfo.jpg?fit=1000%2C600&amp;ssl=1\" data-orig-size=\"1000,600\" data-comments-opened=\"1\" data-image-meta=\"{&quot;aperture&quot;:&quot;0&quot;,&quot;credit&quot;:&quot;&quot;,&quot;camera&quot;:&quot;&quot;,&quot;caption&quot;:&quot;&quot;,&quot;created_timestamp&quot;:&quot;0&quot;,&quot;copyright&quot;:&quot;&quot;,&quot;focal_length&quot;:&quot;0&quot;,&quot;iso&quot;:&quot;0&quot;,&quot;shutter_speed&quot;:&quot;0&quot;,&quot;title&quot;:&quot;&quot;,&quot;orientation&quot;:&quot;0&quot;}\" data-image-title=\"Backpacker Guide Albania AlbINFO\" data-image-description=\"&lt;p&gt;Backpackerin in Qeparo&lt;\/p&gt;\n\" data-image-caption=\"&lt;p&gt;Backpackerin in Qeparo&lt;\/p&gt;\n\" data-medium-file=\"https:\/\/i0.wp.com\/albanien.ch\/albanien_info\/wp-content\/uploads\/2019\/09\/backpacker-guide-albania-albinfo.jpg?fit=300%2C180&amp;ssl=1\" data-large-file=\"https:\/\/i0.wp.com\/albanien.ch\/albanien_info\/wp-content\/uploads\/2019\/09\/backpacker-guide-albania-albinfo.jpg?fit=525%2C315&amp;ssl=1\" src=\"https:\/\/i0.wp.com\/albanien.ch\/albanien_info\/wp-content\/uploads\/2019\/09\/backpacker-guide-albania-albinfo.jpg?resize=525%2C315&#038;ssl=1\" alt=\"Backpacker Guide Albania\" class=\"wp-image-3707\" srcset=\"https:\/\/i0.wp.com\/albanien.ch\/albanien_info\/wp-content\/uploads\/2019\/09\/backpacker-guide-albania-albinfo.jpg?w=1000&amp;ssl=1 1000w, https:\/\/i0.wp.com\/albanien.ch\/albanien_info\/wp-content\/uploads\/2019\/09\/backpacker-guide-albania-albinfo.jpg?resize=300%2C180&amp;ssl=1 300w, https:\/\/i0.wp.com\/albanien.ch\/albanien_info\/wp-content\/uploads\/2019\/09\/backpacker-guide-albania-albinfo.jpg?resize=768%2C461&amp;ssl=1 768w\" sizes=\"auto, (max-width: 525px) 100vw, 525px\" \/><\/a><\/figure>\n\n\n\n<p><a href=\"https:\/\/albanien.ch\/albanien_info\/albania-backpacker-guide\/\">Back Packer Guide<\/a><\/p>\n<\/div>\n\n\n\n<div class=\"wp-block-column is-layout-flow wp-block-column-is-layout-flow\">\n<figure class=\"wp-block-image\"><a href=\"https:\/\/albanien.ch\/albanien_info\/autofahren-albaniens-eigene-strassenregeln\/\"><img data-recalc-dims=\"1\" loading=\"lazy\" decoding=\"async\" width=\"525\" height=\"315\" data-attachment-id=\"3706\" data-permalink=\"https:\/\/albanien.ch\/albanien_info\/autofahren-albanien-albinfo\/\" data-orig-file=\"https:\/\/i0.wp.com\/albanien.ch\/albanien_info\/wp-content\/uploads\/2019\/09\/autofahren-albanien-albinfo.jpg?fit=1000%2C600&amp;ssl=1\" data-orig-size=\"1000,600\" data-comments-opened=\"1\" data-image-meta=\"{&quot;aperture&quot;:&quot;0&quot;,&quot;credit&quot;:&quot;&quot;,&quot;camera&quot;:&quot;&quot;,&quot;caption&quot;:&quot;&quot;,&quot;created_timestamp&quot;:&quot;0&quot;,&quot;copyright&quot;:&quot;&quot;,&quot;focal_length&quot;:&quot;0&quot;,&quot;iso&quot;:&quot;0&quot;,&quot;shutter_speed&quot;:&quot;0&quot;,&quot;title&quot;:&quot;&quot;,&quot;orientation&quot;:&quot;0&quot;}\" data-image-title=\"Autofahren in Albanien AlbINFO\" data-image-description=\"&lt;p&gt;Auf einer Strasse in S\u00fcdostalbanien&lt;\/p&gt;\n\" data-image-caption=\"&lt;p&gt;Auf einer Strasse in S\u00fcdostalbanien&lt;\/p&gt;\n\" data-medium-file=\"https:\/\/i0.wp.com\/albanien.ch\/albanien_info\/wp-content\/uploads\/2019\/09\/autofahren-albanien-albinfo.jpg?fit=300%2C180&amp;ssl=1\" data-large-file=\"https:\/\/i0.wp.com\/albanien.ch\/albanien_info\/wp-content\/uploads\/2019\/09\/autofahren-albanien-albinfo.jpg?fit=525%2C315&amp;ssl=1\" src=\"https:\/\/i0.wp.com\/albanien.ch\/albanien_info\/wp-content\/uploads\/2019\/09\/autofahren-albanien-albinfo.jpg?resize=525%2C315&#038;ssl=1\" alt=\"Autofahren in Albanien\" class=\"wp-image-3706\" srcset=\"https:\/\/i0.wp.com\/albanien.ch\/albanien_info\/wp-content\/uploads\/2019\/09\/autofahren-albanien-albinfo.jpg?w=1000&amp;ssl=1 1000w, https:\/\/i0.wp.com\/albanien.ch\/albanien_info\/wp-content\/uploads\/2019\/09\/autofahren-albanien-albinfo.jpg?resize=300%2C180&amp;ssl=1 300w, https:\/\/i0.wp.com\/albanien.ch\/albanien_info\/wp-content\/uploads\/2019\/09\/autofahren-albanien-albinfo.jpg?resize=768%2C461&amp;ssl=1 768w\" sizes=\"auto, (max-width: 525px) 100vw, 525px\" \/><\/a><\/figure>\n\n\n\n<p><a href=\"https:\/\/albanien.ch\/albanien_info\/autofahren-albaniens-eigene-strassenregeln\/\">Mit dem Auto durch Albanien<\/a><\/p>\n<\/div>\n\n\n\n<div class=\"wp-block-column is-layout-flow wp-block-column-is-layout-flow\">\n<figure class=\"wp-block-image size-full\"><a href=\"https:\/\/albanien.ch\/albanien_info\/radreisen-albanien\/\"><img data-recalc-dims=\"1\" loading=\"lazy\" decoding=\"async\" width=\"525\" height=\"315\" data-attachment-id=\"7036\" data-permalink=\"https:\/\/albanien.ch\/albanien_info\/albanien-fahhrad-velo-albinfo\/\" data-orig-file=\"https:\/\/i0.wp.com\/albanien.ch\/albanien_info\/wp-content\/uploads\/2022\/12\/albanien-fahhrad-velo-albinfo.jpg?fit=1000%2C600&amp;ssl=1\" data-orig-size=\"1000,600\" data-comments-opened=\"1\" data-image-meta=\"{&quot;aperture&quot;:&quot;0&quot;,&quot;credit&quot;:&quot;&quot;,&quot;camera&quot;:&quot;&quot;,&quot;caption&quot;:&quot;&quot;,&quot;created_timestamp&quot;:&quot;0&quot;,&quot;copyright&quot;:&quot;&quot;,&quot;focal_length&quot;:&quot;0&quot;,&quot;iso&quot;:&quot;0&quot;,&quot;shutter_speed&quot;:&quot;0&quot;,&quot;title&quot;:&quot;&quot;,&quot;orientation&quot;:&quot;0&quot;}\" data-image-title=\"Fahrradfahren in Albanien AlbINFO\" data-image-description=\"&lt;p&gt;Mit dem Fahrrad durch Albanien&lt;\/p&gt;\n\" data-image-caption=\"&lt;p&gt;Mit dem Fahrrad durch Albanien&lt;\/p&gt;\n\" data-medium-file=\"https:\/\/i0.wp.com\/albanien.ch\/albanien_info\/wp-content\/uploads\/2022\/12\/albanien-fahhrad-velo-albinfo.jpg?fit=300%2C180&amp;ssl=1\" data-large-file=\"https:\/\/i0.wp.com\/albanien.ch\/albanien_info\/wp-content\/uploads\/2022\/12\/albanien-fahhrad-velo-albinfo.jpg?fit=525%2C315&amp;ssl=1\" src=\"https:\/\/i0.wp.com\/albanien.ch\/albanien_info\/wp-content\/uploads\/2022\/12\/albanien-fahhrad-velo-albinfo.jpg?resize=525%2C315&#038;ssl=1\" alt=\"Fahrrad-Urlaub Velo-Reisen Albanien\" class=\"wp-image-7036\" srcset=\"https:\/\/i0.wp.com\/albanien.ch\/albanien_info\/wp-content\/uploads\/2022\/12\/albanien-fahhrad-velo-albinfo.jpg?w=1000&amp;ssl=1 1000w, https:\/\/i0.wp.com\/albanien.ch\/albanien_info\/wp-content\/uploads\/2022\/12\/albanien-fahhrad-velo-albinfo.jpg?resize=300%2C180&amp;ssl=1 300w, https:\/\/i0.wp.com\/albanien.ch\/albanien_info\/wp-content\/uploads\/2022\/12\/albanien-fahhrad-velo-albinfo.jpg?resize=768%2C461&amp;ssl=1 768w\" sizes=\"auto, (max-width: 525px) 100vw, 525px\" \/><\/a><\/figure>\n\n\n\n<p><a href=\"https:\/\/albanien.ch\/albanien_info\/radreisen-albanien\/\">Fahrradfahren<\/a><\/p>\n<\/div>\n<\/div>\n\n\n\n<div class=\"wp-block-columns has-3-columns is-layout-flex wp-container-core-columns-is-layout-9d6595d7 wp-block-columns-is-layout-flex\">\n<div class=\"wp-block-column is-layout-flow wp-block-column-is-layout-flow\">\n<figure class=\"wp-block-image size-full\"><a href=\"https:\/\/albanien.ch\/albanien_info\/wandern-in-albanien\/\"><img data-recalc-dims=\"1\" loading=\"lazy\" decoding=\"async\" width=\"525\" height=\"315\" data-attachment-id=\"7296\" data-permalink=\"https:\/\/albanien.ch\/albanien_info\/wandern-albanien-albinfo\/\" data-orig-file=\"https:\/\/i0.wp.com\/albanien.ch\/albanien_info\/wp-content\/uploads\/2023\/04\/wandern-albanien-albinfo.jpg?fit=1000%2C600&amp;ssl=1\" data-orig-size=\"1000,600\" data-comments-opened=\"1\" data-image-meta=\"{&quot;aperture&quot;:&quot;0&quot;,&quot;credit&quot;:&quot;&quot;,&quot;camera&quot;:&quot;&quot;,&quot;caption&quot;:&quot;&quot;,&quot;created_timestamp&quot;:&quot;0&quot;,&quot;copyright&quot;:&quot;&quot;,&quot;focal_length&quot;:&quot;0&quot;,&quot;iso&quot;:&quot;0&quot;,&quot;shutter_speed&quot;:&quot;0&quot;,&quot;title&quot;:&quot;&quot;,&quot;orientation&quot;:&quot;0&quot;}\" data-image-title=\"Wandern in Albanien AlbINFO\" data-image-description=\"&lt;p&gt;Wandern in Albanien&lt;\/p&gt;\n\" data-image-caption=\"&lt;p&gt;Wandern in Albanien&lt;\/p&gt;\n\" data-medium-file=\"https:\/\/i0.wp.com\/albanien.ch\/albanien_info\/wp-content\/uploads\/2023\/04\/wandern-albanien-albinfo.jpg?fit=300%2C180&amp;ssl=1\" data-large-file=\"https:\/\/i0.wp.com\/albanien.ch\/albanien_info\/wp-content\/uploads\/2023\/04\/wandern-albanien-albinfo.jpg?fit=525%2C315&amp;ssl=1\" src=\"https:\/\/i0.wp.com\/albanien.ch\/albanien_info\/wp-content\/uploads\/2023\/04\/wandern-albanien-albinfo.jpg?resize=525%2C315&#038;ssl=1\" alt=\"Wandern in Albanien\" class=\"wp-image-7296\" srcset=\"https:\/\/i0.wp.com\/albanien.ch\/albanien_info\/wp-content\/uploads\/2023\/04\/wandern-albanien-albinfo.jpg?w=1000&amp;ssl=1 1000w, https:\/\/i0.wp.com\/albanien.ch\/albanien_info\/wp-content\/uploads\/2023\/04\/wandern-albanien-albinfo.jpg?resize=300%2C180&amp;ssl=1 300w, https:\/\/i0.wp.com\/albanien.ch\/albanien_info\/wp-content\/uploads\/2023\/04\/wandern-albanien-albinfo.jpg?resize=768%2C461&amp;ssl=1 768w\" sizes=\"auto, (max-width: 525px) 100vw, 525px\" \/><\/a><\/figure>\n\n\n\n<p><a href=\"https:\/\/albanien.ch\/albanien_info\/wandern-in-albanien\/\">Wandern in Albanien<\/a><\/p>\n<\/div>\n\n\n\n<div class=\"wp-block-column is-layout-flow wp-block-column-is-layout-flow\">\n<figure class=\"wp-block-image\"><a href=\"https:\/\/albanien.ch\/albanien_info\/reisen-innerhalb-des-landes\/\"><img data-recalc-dims=\"1\" loading=\"lazy\" decoding=\"async\" width=\"525\" height=\"315\" data-attachment-id=\"3704\" data-permalink=\"https:\/\/albanien.ch\/albanien_info\/reisen-durch-albanien-albinfo\/\" data-orig-file=\"https:\/\/i0.wp.com\/albanien.ch\/albanien_info\/wp-content\/uploads\/2019\/09\/reisen-durch-albanien-albinfo.jpg?fit=1000%2C600&amp;ssl=1\" data-orig-size=\"1000,600\" data-comments-opened=\"1\" data-image-meta=\"{&quot;aperture&quot;:&quot;0&quot;,&quot;credit&quot;:&quot;&quot;,&quot;camera&quot;:&quot;&quot;,&quot;caption&quot;:&quot;&quot;,&quot;created_timestamp&quot;:&quot;0&quot;,&quot;copyright&quot;:&quot;&quot;,&quot;focal_length&quot;:&quot;0&quot;,&quot;iso&quot;:&quot;0&quot;,&quot;shutter_speed&quot;:&quot;0&quot;,&quot;title&quot;:&quot;&quot;,&quot;orientation&quot;:&quot;0&quot;}\" data-image-title=\"Reisen durch Albanien AlbINFO\" data-image-description=\"&lt;p&gt;Unterwegs in Nordalbanien&lt;\/p&gt;\n\" data-image-caption=\"&lt;p&gt;Unterwegs in Albanien&lt;\/p&gt;\n\" data-medium-file=\"https:\/\/i0.wp.com\/albanien.ch\/albanien_info\/wp-content\/uploads\/2019\/09\/reisen-durch-albanien-albinfo.jpg?fit=300%2C180&amp;ssl=1\" data-large-file=\"https:\/\/i0.wp.com\/albanien.ch\/albanien_info\/wp-content\/uploads\/2019\/09\/reisen-durch-albanien-albinfo.jpg?fit=525%2C315&amp;ssl=1\" src=\"https:\/\/i0.wp.com\/albanien.ch\/albanien_info\/wp-content\/uploads\/2019\/09\/reisen-durch-albanien-albinfo.jpg?resize=525%2C315&#038;ssl=1\" alt=\"\u00d6V, Zug und Bus in Albanien\" class=\"wp-image-3704\" srcset=\"https:\/\/i0.wp.com\/albanien.ch\/albanien_info\/wp-content\/uploads\/2019\/09\/reisen-durch-albanien-albinfo.jpg?w=1000&amp;ssl=1 1000w, https:\/\/i0.wp.com\/albanien.ch\/albanien_info\/wp-content\/uploads\/2019\/09\/reisen-durch-albanien-albinfo.jpg?resize=300%2C180&amp;ssl=1 300w, https:\/\/i0.wp.com\/albanien.ch\/albanien_info\/wp-content\/uploads\/2019\/09\/reisen-durch-albanien-albinfo.jpg?resize=768%2C461&amp;ssl=1 768w\" sizes=\"auto, (max-width: 525px) 100vw, 525px\" \/><\/a><\/figure>\n\n\n\n<p><a href=\"https:\/\/albanien.ch\/albanien_info\/reisen-innerhalb-des-landes\/\">Bus &amp; Co. \u2013 Unterwegs mit \u00d6V<\/a><\/p>\n<\/div>\n\n\n\n<div class=\"wp-block-column is-layout-flow wp-block-column-is-layout-flow\">\n<figure class=\"wp-block-image\"><a href=\"https:\/\/albanien.ch\/albanien_info\/durchreise\/\"><img data-recalc-dims=\"1\" loading=\"lazy\" decoding=\"async\" width=\"525\" height=\"315\" data-attachment-id=\"3703\" data-permalink=\"https:\/\/albanien.ch\/albanien_info\/reise-durch-albanien-albinfo\/\" data-orig-file=\"https:\/\/i0.wp.com\/albanien.ch\/albanien_info\/wp-content\/uploads\/2019\/09\/reise-durch-albanien-albinfo.jpg?fit=1000%2C600&amp;ssl=1\" data-orig-size=\"1000,600\" data-comments-opened=\"1\" data-image-meta=\"{&quot;aperture&quot;:&quot;0&quot;,&quot;credit&quot;:&quot;&quot;,&quot;camera&quot;:&quot;&quot;,&quot;caption&quot;:&quot;&quot;,&quot;created_timestamp&quot;:&quot;0&quot;,&quot;copyright&quot;:&quot;&quot;,&quot;focal_length&quot;:&quot;0&quot;,&quot;iso&quot;:&quot;0&quot;,&quot;shutter_speed&quot;:&quot;0&quot;,&quot;title&quot;:&quot;&quot;,&quot;orientation&quot;:&quot;0&quot;}\" data-image-title=\"Durchreise Albanien AlbINFO\" data-image-description=\"&lt;p&gt;Autobahn  in Nordalbanien&lt;\/p&gt;\n\" data-image-caption=\"&lt;p&gt;Autobahn  in Nordalbanien&lt;\/p&gt;\n\" data-medium-file=\"https:\/\/i0.wp.com\/albanien.ch\/albanien_info\/wp-content\/uploads\/2019\/09\/reise-durch-albanien-albinfo.jpg?fit=300%2C180&amp;ssl=1\" data-large-file=\"https:\/\/i0.wp.com\/albanien.ch\/albanien_info\/wp-content\/uploads\/2019\/09\/reise-durch-albanien-albinfo.jpg?fit=525%2C315&amp;ssl=1\" src=\"https:\/\/i0.wp.com\/albanien.ch\/albanien_info\/wp-content\/uploads\/2019\/09\/reise-durch-albanien-albinfo.jpg?resize=525%2C315&#038;ssl=1\" alt=\"Durchreise quer durch Albanien\" class=\"wp-image-3703\" srcset=\"https:\/\/i0.wp.com\/albanien.ch\/albanien_info\/wp-content\/uploads\/2019\/09\/reise-durch-albanien-albinfo.jpg?w=1000&amp;ssl=1 1000w, https:\/\/i0.wp.com\/albanien.ch\/albanien_info\/wp-content\/uploads\/2019\/09\/reise-durch-albanien-albinfo.jpg?resize=300%2C180&amp;ssl=1 300w, https:\/\/i0.wp.com\/albanien.ch\/albanien_info\/wp-content\/uploads\/2019\/09\/reise-durch-albanien-albinfo.jpg?resize=768%2C461&amp;ssl=1 768w\" sizes=\"auto, (max-width: 525px) 100vw, 525px\" \/><\/a><\/figure>\n\n\n\n<p><a href=\"https:\/\/albanien.ch\/albanien_info\/durchreise\/\">Durchreise<\/a><\/p>\n<\/div>\n<\/div>\n\n\n\n<h3 class=\"wp-block-heading\">Praktische Informationen<\/h3>\n\n\n\n<div class=\"wp-block-columns has-3-columns is-layout-flex wp-container-core-columns-is-layout-9d6595d7 wp-block-columns-is-layout-flex\">\n<div class=\"wp-block-column is-layout-flow wp-block-column-is-layout-flow\">\n<figure class=\"wp-block-image\"><a href=\"https:\/\/albanien.ch\/albanien_info\/anreise\/\"><img data-recalc-dims=\"1\" loading=\"lazy\" decoding=\"async\" width=\"525\" height=\"315\" data-attachment-id=\"3722\" data-permalink=\"https:\/\/albanien.ch\/albanien_info\/anreise-albanien-albinfo\/\" data-orig-file=\"https:\/\/i0.wp.com\/albanien.ch\/albanien_info\/wp-content\/uploads\/2019\/09\/anreise-albanien-albinfo.jpg?fit=1000%2C600&amp;ssl=1\" data-orig-size=\"1000,600\" data-comments-opened=\"1\" data-image-meta=\"{&quot;aperture&quot;:&quot;0&quot;,&quot;credit&quot;:&quot;&quot;,&quot;camera&quot;:&quot;&quot;,&quot;caption&quot;:&quot;&quot;,&quot;created_timestamp&quot;:&quot;0&quot;,&quot;copyright&quot;:&quot;&quot;,&quot;focal_length&quot;:&quot;0&quot;,&quot;iso&quot;:&quot;0&quot;,&quot;shutter_speed&quot;:&quot;0&quot;,&quot;title&quot;:&quot;&quot;,&quot;orientation&quot;:&quot;0&quot;}\" data-image-title=\"Anreise Albanien AlbINFO\" data-image-description=\"&lt;p&gt;Durr\u00ebs im Gegenlicht&lt;\/p&gt;\n\" data-image-caption=\"&lt;p&gt;Durr\u00ebs im Gegenlicht&lt;\/p&gt;\n\" data-medium-file=\"https:\/\/i0.wp.com\/albanien.ch\/albanien_info\/wp-content\/uploads\/2019\/09\/anreise-albanien-albinfo.jpg?fit=300%2C180&amp;ssl=1\" data-large-file=\"https:\/\/i0.wp.com\/albanien.ch\/albanien_info\/wp-content\/uploads\/2019\/09\/anreise-albanien-albinfo.jpg?fit=525%2C315&amp;ssl=1\" src=\"https:\/\/i0.wp.com\/albanien.ch\/albanien_info\/wp-content\/uploads\/2019\/09\/anreise-albanien-albinfo.jpg?resize=525%2C315&#038;ssl=1\" alt=\"Anreise nach Albanien\" class=\"wp-image-3722\" srcset=\"https:\/\/i0.wp.com\/albanien.ch\/albanien_info\/wp-content\/uploads\/2019\/09\/anreise-albanien-albinfo.jpg?w=1000&amp;ssl=1 1000w, https:\/\/i0.wp.com\/albanien.ch\/albanien_info\/wp-content\/uploads\/2019\/09\/anreise-albanien-albinfo.jpg?resize=300%2C180&amp;ssl=1 300w, https:\/\/i0.wp.com\/albanien.ch\/albanien_info\/wp-content\/uploads\/2019\/09\/anreise-albanien-albinfo.jpg?resize=768%2C461&amp;ssl=1 768w\" sizes=\"auto, (max-width: 525px) 100vw, 525px\" \/><\/a><\/figure>\n\n\n\n<p><a href=\"https:\/\/albanien.ch\/albanien_info\/anreise\/\">Anreise<\/a><\/p>\n<\/div>\n\n\n\n<div class=\"wp-block-column is-layout-flow wp-block-column-is-layout-flow\">\n<figure class=\"wp-block-image\"><a href=\"https:\/\/albanien.ch\/albanien_info\/flughafen-tirana\/\"><img data-recalc-dims=\"1\" loading=\"lazy\" decoding=\"async\" width=\"525\" height=\"315\" data-attachment-id=\"3721\" data-permalink=\"https:\/\/albanien.ch\/albanien_info\/flughafen-tirana-tipps-albinfo\/\" data-orig-file=\"https:\/\/i0.wp.com\/albanien.ch\/albanien_info\/wp-content\/uploads\/2019\/09\/flughafen-tirana-tipps-albinfo.jpg?fit=1000%2C600&amp;ssl=1\" data-orig-size=\"1000,600\" data-comments-opened=\"1\" data-image-meta=\"{&quot;aperture&quot;:&quot;0&quot;,&quot;credit&quot;:&quot;&quot;,&quot;camera&quot;:&quot;&quot;,&quot;caption&quot;:&quot;&quot;,&quot;created_timestamp&quot;:&quot;0&quot;,&quot;copyright&quot;:&quot;&quot;,&quot;focal_length&quot;:&quot;0&quot;,&quot;iso&quot;:&quot;0&quot;,&quot;shutter_speed&quot;:&quot;0&quot;,&quot;title&quot;:&quot;&quot;,&quot;orientation&quot;:&quot;0&quot;}\" data-image-title=\"Flughafen Tirana Tipps AlbINFO\" data-image-description=\"&lt;p&gt;Flughafen Tirana&lt;\/p&gt;\n\" data-image-caption=\"&lt;p&gt;Flughafen Tirana&lt;\/p&gt;\n\" data-medium-file=\"https:\/\/i0.wp.com\/albanien.ch\/albanien_info\/wp-content\/uploads\/2019\/09\/flughafen-tirana-tipps-albinfo.jpg?fit=300%2C180&amp;ssl=1\" data-large-file=\"https:\/\/i0.wp.com\/albanien.ch\/albanien_info\/wp-content\/uploads\/2019\/09\/flughafen-tirana-tipps-albinfo.jpg?fit=525%2C315&amp;ssl=1\" src=\"https:\/\/i0.wp.com\/albanien.ch\/albanien_info\/wp-content\/uploads\/2019\/09\/flughafen-tirana-tipps-albinfo.jpg?resize=525%2C315&#038;ssl=1\" alt=\"Flughafen Tirana Informationen\" class=\"wp-image-3721\" srcset=\"https:\/\/i0.wp.com\/albanien.ch\/albanien_info\/wp-content\/uploads\/2019\/09\/flughafen-tirana-tipps-albinfo.jpg?w=1000&amp;ssl=1 1000w, https:\/\/i0.wp.com\/albanien.ch\/albanien_info\/wp-content\/uploads\/2019\/09\/flughafen-tirana-tipps-albinfo.jpg?resize=300%2C180&amp;ssl=1 300w, https:\/\/i0.wp.com\/albanien.ch\/albanien_info\/wp-content\/uploads\/2019\/09\/flughafen-tirana-tipps-albinfo.jpg?resize=768%2C461&amp;ssl=1 768w\" sizes=\"auto, (max-width: 525px) 100vw, 525px\" \/><\/a><\/figure>\n\n\n\n<p><a href=\"https:\/\/albanien.ch\/albanien_info\/flughafen-tirana\/\">Flughafen Tirana<\/a><\/p>\n<\/div>\n\n\n\n<div class=\"wp-block-column is-layout-flow wp-block-column-is-layout-flow\">\n<figure class=\"wp-block-image\"><a href=\"https:\/\/albanien.ch\/albanien_info\/geld-bezahlen\/\"><img data-recalc-dims=\"1\" loading=\"lazy\" decoding=\"async\" width=\"525\" height=\"315\" data-attachment-id=\"3720\" data-permalink=\"https:\/\/albanien.ch\/albanien_info\/geld-albanien-reise-albinfo\/\" data-orig-file=\"https:\/\/i0.wp.com\/albanien.ch\/albanien_info\/wp-content\/uploads\/2019\/09\/geld-albanien-reise-albinfo.jpg?fit=1000%2C600&amp;ssl=1\" data-orig-size=\"1000,600\" data-comments-opened=\"1\" data-image-meta=\"{&quot;aperture&quot;:&quot;0&quot;,&quot;credit&quot;:&quot;&quot;,&quot;camera&quot;:&quot;&quot;,&quot;caption&quot;:&quot;&quot;,&quot;created_timestamp&quot;:&quot;0&quot;,&quot;copyright&quot;:&quot;&quot;,&quot;focal_length&quot;:&quot;0&quot;,&quot;iso&quot;:&quot;0&quot;,&quot;shutter_speed&quot;:&quot;0&quot;,&quot;title&quot;:&quot;&quot;,&quot;orientation&quot;:&quot;0&quot;}\" data-image-title=\"Geld Albanien AlbINFO\" data-image-description=\"&lt;p&gt;Albanischer Lek &#8211; diverse Noten&lt;\/p&gt;\n\" data-image-caption=\"&lt;p&gt;Albanischer Lek &#8211; diverse Noten&lt;\/p&gt;\n\" data-medium-file=\"https:\/\/i0.wp.com\/albanien.ch\/albanien_info\/wp-content\/uploads\/2019\/09\/geld-albanien-reise-albinfo.jpg?fit=300%2C180&amp;ssl=1\" data-large-file=\"https:\/\/i0.wp.com\/albanien.ch\/albanien_info\/wp-content\/uploads\/2019\/09\/geld-albanien-reise-albinfo.jpg?fit=525%2C315&amp;ssl=1\" src=\"https:\/\/i0.wp.com\/albanien.ch\/albanien_info\/wp-content\/uploads\/2019\/09\/geld-albanien-reise-albinfo.jpg?resize=525%2C315&#038;ssl=1\" alt=\"Bezahlen und Geld in Albanien\" class=\"wp-image-3720\" srcset=\"https:\/\/i0.wp.com\/albanien.ch\/albanien_info\/wp-content\/uploads\/2019\/09\/geld-albanien-reise-albinfo.jpg?w=1000&amp;ssl=1 1000w, https:\/\/i0.wp.com\/albanien.ch\/albanien_info\/wp-content\/uploads\/2019\/09\/geld-albanien-reise-albinfo.jpg?resize=300%2C180&amp;ssl=1 300w, https:\/\/i0.wp.com\/albanien.ch\/albanien_info\/wp-content\/uploads\/2019\/09\/geld-albanien-reise-albinfo.jpg?resize=768%2C461&amp;ssl=1 768w\" sizes=\"auto, (max-width: 525px) 100vw, 525px\" \/><\/a><\/figure>\n\n\n\n<p><a href=\"https:\/\/albanien.ch\/albanien_info\/geld-bezahlen\/\">Geld &amp; Bezahlen<\/a><\/p>\n<\/div>\n<\/div>\n\n\n\n<div class=\"wp-block-columns has-3-columns is-layout-flex wp-container-core-columns-is-layout-9d6595d7 wp-block-columns-is-layout-flex\">\n<div class=\"wp-block-column is-layout-flow wp-block-column-is-layout-flow\">\n<figure class=\"wp-block-image\"><a href=\"https:\/\/albanien.ch\/albanien_info\/unterkuenfte\/\"><img data-recalc-dims=\"1\" loading=\"lazy\" decoding=\"async\" width=\"525\" height=\"315\" data-attachment-id=\"3719\" data-permalink=\"https:\/\/albanien.ch\/albanien_info\/hotelzimmer-albanien-albinfo\/\" data-orig-file=\"https:\/\/i0.wp.com\/albanien.ch\/albanien_info\/wp-content\/uploads\/2019\/09\/hotelzimmer-albanien-albinfo.jpg?fit=1000%2C600&amp;ssl=1\" data-orig-size=\"1000,600\" data-comments-opened=\"1\" data-image-meta=\"{&quot;aperture&quot;:&quot;0&quot;,&quot;credit&quot;:&quot;&quot;,&quot;camera&quot;:&quot;&quot;,&quot;caption&quot;:&quot;&quot;,&quot;created_timestamp&quot;:&quot;0&quot;,&quot;copyright&quot;:&quot;&quot;,&quot;focal_length&quot;:&quot;0&quot;,&quot;iso&quot;:&quot;0&quot;,&quot;shutter_speed&quot;:&quot;0&quot;,&quot;title&quot;:&quot;&quot;,&quot;orientation&quot;:&quot;0&quot;}\" data-image-title=\"Hhotelzimmer AlbINFO\" data-image-description=\"&lt;p&gt;Hotelzimmer in Tirana&lt;\/p&gt;\n\" data-image-caption=\"&lt;p&gt;Hotelzimmer in Tirana&lt;\/p&gt;\n\" data-medium-file=\"https:\/\/i0.wp.com\/albanien.ch\/albanien_info\/wp-content\/uploads\/2019\/09\/hotelzimmer-albanien-albinfo.jpg?fit=300%2C180&amp;ssl=1\" data-large-file=\"https:\/\/i0.wp.com\/albanien.ch\/albanien_info\/wp-content\/uploads\/2019\/09\/hotelzimmer-albanien-albinfo.jpg?fit=525%2C315&amp;ssl=1\" src=\"https:\/\/i0.wp.com\/albanien.ch\/albanien_info\/wp-content\/uploads\/2019\/09\/hotelzimmer-albanien-albinfo.jpg?resize=525%2C315&#038;ssl=1\" alt=\"Unterk\u00fcnfte in Albanien\" class=\"wp-image-3719\" srcset=\"https:\/\/i0.wp.com\/albanien.ch\/albanien_info\/wp-content\/uploads\/2019\/09\/hotelzimmer-albanien-albinfo.jpg?w=1000&amp;ssl=1 1000w, https:\/\/i0.wp.com\/albanien.ch\/albanien_info\/wp-content\/uploads\/2019\/09\/hotelzimmer-albanien-albinfo.jpg?resize=300%2C180&amp;ssl=1 300w, https:\/\/i0.wp.com\/albanien.ch\/albanien_info\/wp-content\/uploads\/2019\/09\/hotelzimmer-albanien-albinfo.jpg?resize=768%2C461&amp;ssl=1 768w\" sizes=\"auto, (max-width: 525px) 100vw, 525px\" \/><\/a><\/figure>\n\n\n\n<p><a href=\"https:\/\/albanien.ch\/albanien_info\/unterkuenfte\/\">Unterk\u00fcnfte<\/a><\/p>\n<\/div>\n\n\n\n<div class=\"wp-block-column is-layout-flow wp-block-column-is-layout-flow\">\n<figure class=\"wp-block-image\"><a href=\"https:\/\/albanien.ch\/albanien_info\/sicherheit\/\"><img data-recalc-dims=\"1\" loading=\"lazy\" decoding=\"async\" width=\"525\" height=\"315\" data-attachment-id=\"3718\" data-permalink=\"https:\/\/albanien.ch\/albanien_info\/sicherheit-albanien-albinfo\/\" data-orig-file=\"https:\/\/i0.wp.com\/albanien.ch\/albanien_info\/wp-content\/uploads\/2019\/09\/sicherheit-albanien-albinfo.jpg?fit=1000%2C600&amp;ssl=1\" data-orig-size=\"1000,600\" data-comments-opened=\"1\" data-image-meta=\"{&quot;aperture&quot;:&quot;0&quot;,&quot;credit&quot;:&quot;&quot;,&quot;camera&quot;:&quot;&quot;,&quot;caption&quot;:&quot;&quot;,&quot;created_timestamp&quot;:&quot;0&quot;,&quot;copyright&quot;:&quot;&quot;,&quot;focal_length&quot;:&quot;0&quot;,&quot;iso&quot;:&quot;0&quot;,&quot;shutter_speed&quot;:&quot;0&quot;,&quot;title&quot;:&quot;&quot;,&quot;orientation&quot;:&quot;0&quot;}\" data-image-title=\"Sicherheit AlbINFO\" data-image-description=\"&lt;p&gt;H\u00e4ngebr\u00fccke in Mat \u2013 Shkopet-Stausee&lt;\/p&gt;\n\" data-image-caption=\"&lt;p&gt;H\u00e4ngebr\u00fccke in Mat&lt;\/p&gt;\n\" data-medium-file=\"https:\/\/i0.wp.com\/albanien.ch\/albanien_info\/wp-content\/uploads\/2019\/09\/sicherheit-albanien-albinfo.jpg?fit=300%2C180&amp;ssl=1\" data-large-file=\"https:\/\/i0.wp.com\/albanien.ch\/albanien_info\/wp-content\/uploads\/2019\/09\/sicherheit-albanien-albinfo.jpg?fit=525%2C315&amp;ssl=1\" src=\"https:\/\/i0.wp.com\/albanien.ch\/albanien_info\/wp-content\/uploads\/2019\/09\/sicherheit-albanien-albinfo.jpg?resize=525%2C315&#038;ssl=1\" alt=\"Sicherheitshinweise f\u00fcr Albanien\" class=\"wp-image-3718\" srcset=\"https:\/\/i0.wp.com\/albanien.ch\/albanien_info\/wp-content\/uploads\/2019\/09\/sicherheit-albanien-albinfo.jpg?w=1000&amp;ssl=1 1000w, https:\/\/i0.wp.com\/albanien.ch\/albanien_info\/wp-content\/uploads\/2019\/09\/sicherheit-albanien-albinfo.jpg?resize=300%2C180&amp;ssl=1 300w, https:\/\/i0.wp.com\/albanien.ch\/albanien_info\/wp-content\/uploads\/2019\/09\/sicherheit-albanien-albinfo.jpg?resize=768%2C461&amp;ssl=1 768w\" sizes=\"auto, (max-width: 525px) 100vw, 525px\" \/><\/a><\/figure>\n\n\n\n<p><a href=\"https:\/\/albanien.ch\/albanien_info\/sicherheit\/\">Sicherheit<\/a><\/p>\n<\/div>\n\n\n\n<div class=\"wp-block-column is-layout-flow wp-block-column-is-layout-flow\">\n<figure class=\"wp-block-image\"><a href=\"https:\/\/albanien.ch\/albanien_info\/reisefuehrer-albanien\/reisetipps\/\"><img data-recalc-dims=\"1\" loading=\"lazy\" decoding=\"async\" width=\"525\" height=\"315\" data-attachment-id=\"3717\" data-permalink=\"https:\/\/albanien.ch\/albanien_info\/reisetinformationen-albanien-albinfo\/\" data-orig-file=\"https:\/\/i0.wp.com\/albanien.ch\/albanien_info\/wp-content\/uploads\/2019\/09\/reisetinformationen-albanien-albinfo.jpg?fit=1000%2C600&amp;ssl=1\" data-orig-size=\"1000,600\" data-comments-opened=\"1\" data-image-meta=\"{&quot;aperture&quot;:&quot;0&quot;,&quot;credit&quot;:&quot;&quot;,&quot;camera&quot;:&quot;&quot;,&quot;caption&quot;:&quot;&quot;,&quot;created_timestamp&quot;:&quot;0&quot;,&quot;copyright&quot;:&quot;&quot;,&quot;focal_length&quot;:&quot;0&quot;,&quot;iso&quot;:&quot;0&quot;,&quot;shutter_speed&quot;:&quot;0&quot;,&quot;title&quot;:&quot;&quot;,&quot;orientation&quot;:&quot;0&quot;}\" data-image-title=\"Reiseinformationen Albanien AlbINFO\" data-image-description=\"&lt;p&gt;Ein Zug unterwegs in Mittelalbanien zwischen Peqin und Elbasan&lt;\/p&gt;\n\" data-image-caption=\"&lt;p&gt;Ein Zug unterwegs in Mittelalbanien&lt;\/p&gt;\n\" data-medium-file=\"https:\/\/i0.wp.com\/albanien.ch\/albanien_info\/wp-content\/uploads\/2019\/09\/reisetinformationen-albanien-albinfo.jpg?fit=300%2C180&amp;ssl=1\" data-large-file=\"https:\/\/i0.wp.com\/albanien.ch\/albanien_info\/wp-content\/uploads\/2019\/09\/reisetinformationen-albanien-albinfo.jpg?fit=525%2C315&amp;ssl=1\" src=\"https:\/\/i0.wp.com\/albanien.ch\/albanien_info\/wp-content\/uploads\/2019\/09\/reisetinformationen-albanien-albinfo.jpg?resize=525%2C315&#038;ssl=1\" alt=\"Alle Reiseinformationen zu Albanien\" class=\"wp-image-3717\" srcset=\"https:\/\/i0.wp.com\/albanien.ch\/albanien_info\/wp-content\/uploads\/2019\/09\/reisetinformationen-albanien-albinfo.jpg?w=1000&amp;ssl=1 1000w, https:\/\/i0.wp.com\/albanien.ch\/albanien_info\/wp-content\/uploads\/2019\/09\/reisetinformationen-albanien-albinfo.jpg?resize=300%2C180&amp;ssl=1 300w, https:\/\/i0.wp.com\/albanien.ch\/albanien_info\/wp-content\/uploads\/2019\/09\/reisetinformationen-albanien-albinfo.jpg?resize=768%2C461&amp;ssl=1 768w\" sizes=\"auto, (max-width: 525px) 100vw, 525px\" \/><\/a><\/figure>\n\n\n\n<p><a href=\"https:\/\/albanien.ch\/albanien_info\/reisefuehrer-albanien\/reisetipps\/\">Weitere Reisetipps<\/a><\/p>\n<\/div>\n<\/div>\n\n\n\n<h3 class=\"wp-block-heading\">Aktivit\u00e4ten<\/h3>\n\n\n\n<div class=\"wp-block-columns has-3-columns is-layout-flex wp-container-core-columns-is-layout-9d6595d7 wp-block-columns-is-layout-flex\">\n<div class=\"wp-block-column is-layout-flow wp-block-column-is-layout-flow\">\n<figure class=\"wp-block-image\"><a href=\"https:\/\/albanien.ch\/albanien_info\/essen-und-trinken\/\"><img data-recalc-dims=\"1\" loading=\"lazy\" decoding=\"async\" width=\"525\" height=\"315\" data-attachment-id=\"3714\" data-permalink=\"https:\/\/albanien.ch\/albanien_info\/essen-albanien-fisch-albinfo\/\" data-orig-file=\"https:\/\/i0.wp.com\/albanien.ch\/albanien_info\/wp-content\/uploads\/2019\/09\/essen-albanien-fisch-albinfo.jpg?fit=1000%2C600&amp;ssl=1\" data-orig-size=\"1000,600\" data-comments-opened=\"1\" data-image-meta=\"{&quot;aperture&quot;:&quot;0&quot;,&quot;credit&quot;:&quot;&quot;,&quot;camera&quot;:&quot;&quot;,&quot;caption&quot;:&quot;&quot;,&quot;created_timestamp&quot;:&quot;0&quot;,&quot;copyright&quot;:&quot;&quot;,&quot;focal_length&quot;:&quot;0&quot;,&quot;iso&quot;:&quot;0&quot;,&quot;shutter_speed&quot;:&quot;0&quot;,&quot;title&quot;:&quot;&quot;,&quot;orientation&quot;:&quot;0&quot;}\" data-image-title=\"Frischer Fisch AlbINFO\" data-image-description=\"&lt;p&gt;Frischer Fisch&lt;\/p&gt;\n\" data-image-caption=\"&lt;p&gt;Frischer Fisch&lt;\/p&gt;\n\" data-medium-file=\"https:\/\/i0.wp.com\/albanien.ch\/albanien_info\/wp-content\/uploads\/2019\/09\/essen-albanien-fisch-albinfo.jpg?fit=300%2C180&amp;ssl=1\" data-large-file=\"https:\/\/i0.wp.com\/albanien.ch\/albanien_info\/wp-content\/uploads\/2019\/09\/essen-albanien-fisch-albinfo.jpg?fit=525%2C315&amp;ssl=1\" src=\"https:\/\/i0.wp.com\/albanien.ch\/albanien_info\/wp-content\/uploads\/2019\/09\/essen-albanien-fisch-albinfo.jpg?resize=525%2C315&#038;ssl=1\" alt=\"Essen und K\u00fcche in Albanien\" class=\"wp-image-3714\" srcset=\"https:\/\/i0.wp.com\/albanien.ch\/albanien_info\/wp-content\/uploads\/2019\/09\/essen-albanien-fisch-albinfo.jpg?w=1000&amp;ssl=1 1000w, https:\/\/i0.wp.com\/albanien.ch\/albanien_info\/wp-content\/uploads\/2019\/09\/essen-albanien-fisch-albinfo.jpg?resize=300%2C180&amp;ssl=1 300w, https:\/\/i0.wp.com\/albanien.ch\/albanien_info\/wp-content\/uploads\/2019\/09\/essen-albanien-fisch-albinfo.jpg?resize=768%2C461&amp;ssl=1 768w\" sizes=\"auto, (max-width: 525px) 100vw, 525px\" \/><\/a><\/figure>\n\n\n\n<p><a href=\"https:\/\/albanien.ch\/albanien_info\/essen-und-trinken\/\">Essen &amp; Trinken<\/a><\/p>\n<\/div>\n\n\n\n<div class=\"wp-block-column is-layout-flow wp-block-column-is-layout-flow\">\n<figure class=\"wp-block-image\"><a href=\"https:\/\/albanien.ch\/albanien_info\/einkaufen\/\"><img data-recalc-dims=\"1\" loading=\"lazy\" decoding=\"async\" width=\"525\" height=\"315\" data-attachment-id=\"3716\" data-permalink=\"https:\/\/albanien.ch\/albanien_info\/shopping-albanien-albinfo\/\" data-orig-file=\"https:\/\/i0.wp.com\/albanien.ch\/albanien_info\/wp-content\/uploads\/2019\/09\/shopping-albanien-albinfo.jpg?fit=1000%2C600&amp;ssl=1\" data-orig-size=\"1000,600\" data-comments-opened=\"1\" data-image-meta=\"{&quot;aperture&quot;:&quot;0&quot;,&quot;credit&quot;:&quot;&quot;,&quot;camera&quot;:&quot;&quot;,&quot;caption&quot;:&quot;&quot;,&quot;created_timestamp&quot;:&quot;0&quot;,&quot;copyright&quot;:&quot;&quot;,&quot;focal_length&quot;:&quot;0&quot;,&quot;iso&quot;:&quot;0&quot;,&quot;shutter_speed&quot;:&quot;0&quot;,&quot;title&quot;:&quot;&quot;,&quot;orientation&quot;:&quot;0&quot;}\" data-image-title=\"Shopping AlbINFO\" data-image-description=\"&lt;p&gt;Einkaufen auf dem Markt in Tirana&lt;\/p&gt;\n\" data-image-caption=\"&lt;p&gt;Einkaufen auf dem Markt in Tirana&lt;\/p&gt;\n\" data-medium-file=\"https:\/\/i0.wp.com\/albanien.ch\/albanien_info\/wp-content\/uploads\/2019\/09\/shopping-albanien-albinfo.jpg?fit=300%2C180&amp;ssl=1\" data-large-file=\"https:\/\/i0.wp.com\/albanien.ch\/albanien_info\/wp-content\/uploads\/2019\/09\/shopping-albanien-albinfo.jpg?fit=525%2C315&amp;ssl=1\" src=\"https:\/\/i0.wp.com\/albanien.ch\/albanien_info\/wp-content\/uploads\/2019\/09\/shopping-albanien-albinfo.jpg?resize=525%2C315&#038;ssl=1\" alt=\"Einkaufen in Albanien\" class=\"wp-image-3716\" srcset=\"https:\/\/i0.wp.com\/albanien.ch\/albanien_info\/wp-content\/uploads\/2019\/09\/shopping-albanien-albinfo.jpg?w=1000&amp;ssl=1 1000w, https:\/\/i0.wp.com\/albanien.ch\/albanien_info\/wp-content\/uploads\/2019\/09\/shopping-albanien-albinfo.jpg?resize=300%2C180&amp;ssl=1 300w, https:\/\/i0.wp.com\/albanien.ch\/albanien_info\/wp-content\/uploads\/2019\/09\/shopping-albanien-albinfo.jpg?resize=768%2C461&amp;ssl=1 768w\" sizes=\"auto, (max-width: 525px) 100vw, 525px\" \/><\/a><\/figure>\n\n\n\n<p><a href=\"https:\/\/albanien.ch\/albanien_info\/einkaufen\/\">Einkaufen<\/a><\/p>\n<\/div>\n\n\n\n<div class=\"wp-block-column is-layout-flow wp-block-column-is-layout-flow\">\n<figure class=\"wp-block-image\"><a href=\"https:\/\/albanien.ch\/albanien_info\/kultur\/\"><img data-recalc-dims=\"1\" loading=\"lazy\" decoding=\"async\" width=\"525\" height=\"315\" data-attachment-id=\"3712\" data-permalink=\"https:\/\/albanien.ch\/albanien_info\/volkstanz-albanien-albinfo\/\" data-orig-file=\"https:\/\/i0.wp.com\/albanien.ch\/albanien_info\/wp-content\/uploads\/2019\/09\/volkstanz-albanien-albinfo.jpg?fit=1000%2C600&amp;ssl=1\" data-orig-size=\"1000,600\" data-comments-opened=\"1\" data-image-meta=\"{&quot;aperture&quot;:&quot;0&quot;,&quot;credit&quot;:&quot;&quot;,&quot;camera&quot;:&quot;&quot;,&quot;caption&quot;:&quot;&quot;,&quot;created_timestamp&quot;:&quot;0&quot;,&quot;copyright&quot;:&quot;&quot;,&quot;focal_length&quot;:&quot;0&quot;,&quot;iso&quot;:&quot;0&quot;,&quot;shutter_speed&quot;:&quot;0&quot;,&quot;title&quot;:&quot;&quot;,&quot;orientation&quot;:&quot;0&quot;}\" data-image-title=\"Albanischer Tanz und Musik AlbINFO\" data-image-description=\"&lt;p&gt;Volkstanzgruppe aus Tirana&lt;\/p&gt;\n&lt;p&gt;&lt;strong&gt;Dieses Werk ist nicht unter einer Creative-Commons-Lizenz lizenziert!&lt;\/strong&gt;&lt;\/p&gt;\n\" data-image-caption=\"&lt;p&gt;Volkstanzgruppe aus Tirana&lt;\/p&gt;\n\" data-medium-file=\"https:\/\/i0.wp.com\/albanien.ch\/albanien_info\/wp-content\/uploads\/2019\/09\/volkstanz-albanien-albinfo.jpg?fit=300%2C180&amp;ssl=1\" data-large-file=\"https:\/\/i0.wp.com\/albanien.ch\/albanien_info\/wp-content\/uploads\/2019\/09\/volkstanz-albanien-albinfo.jpg?fit=525%2C315&amp;ssl=1\" src=\"https:\/\/i0.wp.com\/albanien.ch\/albanien_info\/wp-content\/uploads\/2019\/09\/volkstanz-albanien-albinfo.jpg?resize=525%2C315&#038;ssl=1\" alt=\"Volkstanz &amp; Kultur in Albanien\" class=\"wp-image-3712\" srcset=\"https:\/\/i0.wp.com\/albanien.ch\/albanien_info\/wp-content\/uploads\/2019\/09\/volkstanz-albanien-albinfo.jpg?w=1000&amp;ssl=1 1000w, https:\/\/i0.wp.com\/albanien.ch\/albanien_info\/wp-content\/uploads\/2019\/09\/volkstanz-albanien-albinfo.jpg?resize=300%2C180&amp;ssl=1 300w, https:\/\/i0.wp.com\/albanien.ch\/albanien_info\/wp-content\/uploads\/2019\/09\/volkstanz-albanien-albinfo.jpg?resize=768%2C461&amp;ssl=1 768w\" sizes=\"auto, (max-width: 525px) 100vw, 525px\" \/><\/a><\/figure>\n\n\n\n<p><a href=\"https:\/\/albanien.ch\/albanien_info\/kultur\/\">Kultur<\/a><\/p>\n<\/div>\n<\/div>\n\n\n\n<h3 class=\"wp-block-heading\">Weitere Fragen<\/h3>\n\n\n\n<div class=\"wp-block-columns has-3-columns is-layout-flex wp-container-core-columns-is-layout-9d6595d7 wp-block-columns-is-layout-flex\">\n<div class=\"wp-block-column is-layout-flow wp-block-column-is-layout-flow\">\n<figure class=\"wp-block-image\"><a href=\"https:\/\/albanien.ch\/albanien_info\/category\/service\/faq\/\"><img data-recalc-dims=\"1\" loading=\"lazy\" decoding=\"async\" width=\"525\" height=\"315\" data-attachment-id=\"3730\" data-permalink=\"https:\/\/albanien.ch\/albanien_info\/albinfo-landesinfos-reiseinformationen-albanien\/faq-albanien-albinfo\/\" data-orig-file=\"https:\/\/i0.wp.com\/albanien.ch\/albanien_info\/wp-content\/uploads\/2019\/09\/faq-albanien-albinfo.jpg?fit=1000%2C600&amp;ssl=1\" data-orig-size=\"1000,600\" data-comments-opened=\"1\" data-image-meta=\"{&quot;aperture&quot;:&quot;0&quot;,&quot;credit&quot;:&quot;&quot;,&quot;camera&quot;:&quot;&quot;,&quot;caption&quot;:&quot;&quot;,&quot;created_timestamp&quot;:&quot;0&quot;,&quot;copyright&quot;:&quot;&quot;,&quot;focal_length&quot;:&quot;0&quot;,&quot;iso&quot;:&quot;0&quot;,&quot;shutter_speed&quot;:&quot;0&quot;,&quot;title&quot;:&quot;&quot;,&quot;orientation&quot;:&quot;0&quot;}\" data-image-title=\"FAQ Albanien AlbINFO\" data-image-description=\"&lt;p&gt;Telefonierende in Lezha&lt;\/p&gt;\n\" data-image-caption=\"&lt;p&gt;Telefonierende in Lezha&lt;\/p&gt;\n\" data-medium-file=\"https:\/\/i0.wp.com\/albanien.ch\/albanien_info\/wp-content\/uploads\/2019\/09\/faq-albanien-albinfo.jpg?fit=300%2C180&amp;ssl=1\" data-large-file=\"https:\/\/i0.wp.com\/albanien.ch\/albanien_info\/wp-content\/uploads\/2019\/09\/faq-albanien-albinfo.jpg?fit=525%2C315&amp;ssl=1\" src=\"https:\/\/i0.wp.com\/albanien.ch\/albanien_info\/wp-content\/uploads\/2019\/09\/faq-albanien-albinfo.jpg?resize=525%2C315&#038;ssl=1\" alt=\"H\u00e4ufig gestellte Fragen zu Albanien\" class=\"wp-image-3730\" srcset=\"https:\/\/i0.wp.com\/albanien.ch\/albanien_info\/wp-content\/uploads\/2019\/09\/faq-albanien-albinfo.jpg?w=1000&amp;ssl=1 1000w, https:\/\/i0.wp.com\/albanien.ch\/albanien_info\/wp-content\/uploads\/2019\/09\/faq-albanien-albinfo.jpg?resize=300%2C180&amp;ssl=1 300w, https:\/\/i0.wp.com\/albanien.ch\/albanien_info\/wp-content\/uploads\/2019\/09\/faq-albanien-albinfo.jpg?resize=768%2C461&amp;ssl=1 768w\" sizes=\"auto, (max-width: 525px) 100vw, 525px\" \/><\/a><\/figure>\n\n\n\n<p><a href=\"https:\/\/albanien.ch\/albanien_info\/category\/service\/faq\/\">FAQ<\/a><\/p>\n<\/div>\n\n\n\n<div class=\"wp-block-column is-layout-flow wp-block-column-is-layout-flow\">\n<figure class=\"wp-block-image\"><a href=\"https:\/\/albanien.ch\/albanien_info\/service\/helpdesk\/\"><img data-recalc-dims=\"1\" loading=\"lazy\" decoding=\"async\" width=\"525\" height=\"315\" data-attachment-id=\"3729\" data-permalink=\"https:\/\/albanien.ch\/albanien_info\/albinfo-landesinfos-reiseinformationen-albanien\/helpdesk-albanien-albinfo\/\" data-orig-file=\"https:\/\/i0.wp.com\/albanien.ch\/albanien_info\/wp-content\/uploads\/2019\/09\/helpdesk-albanien-albinfo.jpg?fit=1000%2C600&amp;ssl=1\" data-orig-size=\"1000,600\" data-comments-opened=\"1\" data-image-meta=\"{&quot;aperture&quot;:&quot;0&quot;,&quot;credit&quot;:&quot;&quot;,&quot;camera&quot;:&quot;&quot;,&quot;caption&quot;:&quot;&quot;,&quot;created_timestamp&quot;:&quot;0&quot;,&quot;copyright&quot;:&quot;&quot;,&quot;focal_length&quot;:&quot;0&quot;,&quot;iso&quot;:&quot;0&quot;,&quot;shutter_speed&quot;:&quot;0&quot;,&quot;title&quot;:&quot;&quot;,&quot;orientation&quot;:&quot;0&quot;}\" data-image-title=\"Helpdesk Albanien AlbINFO\" data-image-description=\"&lt;p&gt;Hirte in den Albansichen Alpen weist den Weg&lt;\/p&gt;\n\" data-image-caption=\"&lt;p&gt;Hirte in den albanischen Bergen&lt;\/p&gt;\n\" data-medium-file=\"https:\/\/i0.wp.com\/albanien.ch\/albanien_info\/wp-content\/uploads\/2019\/09\/helpdesk-albanien-albinfo.jpg?fit=300%2C180&amp;ssl=1\" data-large-file=\"https:\/\/i0.wp.com\/albanien.ch\/albanien_info\/wp-content\/uploads\/2019\/09\/helpdesk-albanien-albinfo.jpg?fit=525%2C315&amp;ssl=1\" src=\"https:\/\/i0.wp.com\/albanien.ch\/albanien_info\/wp-content\/uploads\/2019\/09\/helpdesk-albanien-albinfo.jpg?resize=525%2C315&#038;ssl=1\" alt=\"Helpdesk f\u00fcr weitere Fragen\" class=\"wp-image-3729\" srcset=\"https:\/\/i0.wp.com\/albanien.ch\/albanien_info\/wp-content\/uploads\/2019\/09\/helpdesk-albanien-albinfo.jpg?w=1000&amp;ssl=1 1000w, https:\/\/i0.wp.com\/albanien.ch\/albanien_info\/wp-content\/uploads\/2019\/09\/helpdesk-albanien-albinfo.jpg?resize=300%2C180&amp;ssl=1 300w, https:\/\/i0.wp.com\/albanien.ch\/albanien_info\/wp-content\/uploads\/2019\/09\/helpdesk-albanien-albinfo.jpg?resize=768%2C461&amp;ssl=1 768w\" sizes=\"auto, (max-width: 525px) 100vw, 525px\" \/><\/a><\/figure>\n\n\n\n<p><a href=\"https:\/\/albanien.ch\/albanien_info\/service\/helpdesk\/\">Helpdesk<\/a><\/p>\n<\/div>\n\n\n\n<div class=\"wp-block-column is-layout-flow wp-block-column-is-layout-flow\">\n<figure class=\"wp-block-image\"><a href=\"https:\/\/albanien.ch\/forum\/p3\/\"><img data-recalc-dims=\"1\" loading=\"lazy\" decoding=\"async\" width=\"525\" height=\"315\" data-attachment-id=\"3728\" data-permalink=\"https:\/\/albanien.ch\/albanien_info\/albinfo-landesinfos-reiseinformationen-albanien\/forum-albanien-albinfo\/\" data-orig-file=\"https:\/\/i0.wp.com\/albanien.ch\/albanien_info\/wp-content\/uploads\/2019\/09\/forum-albanien-albinfo.jpg?fit=1000%2C600&amp;ssl=1\" data-orig-size=\"1000,600\" data-comments-opened=\"1\" data-image-meta=\"{&quot;aperture&quot;:&quot;0&quot;,&quot;credit&quot;:&quot;&quot;,&quot;camera&quot;:&quot;&quot;,&quot;caption&quot;:&quot;&quot;,&quot;created_timestamp&quot;:&quot;0&quot;,&quot;copyright&quot;:&quot;&quot;,&quot;focal_length&quot;:&quot;0&quot;,&quot;iso&quot;:&quot;0&quot;,&quot;shutter_speed&quot;:&quot;0&quot;,&quot;title&quot;:&quot;&quot;,&quot;orientation&quot;:&quot;0&quot;}\" data-image-title=\"Forum Albanien AlbINFO\" data-image-description=\"&lt;p&gt;Pelikan in Divjaka&lt;\/p&gt;\n\" data-image-caption=\"&lt;p&gt;Pelikan in Divjaka&lt;\/p&gt;\n\" data-medium-file=\"https:\/\/i0.wp.com\/albanien.ch\/albanien_info\/wp-content\/uploads\/2019\/09\/forum-albanien-albinfo.jpg?fit=300%2C180&amp;ssl=1\" data-large-file=\"https:\/\/i0.wp.com\/albanien.ch\/albanien_info\/wp-content\/uploads\/2019\/09\/forum-albanien-albinfo.jpg?fit=525%2C315&amp;ssl=1\" src=\"https:\/\/i0.wp.com\/albanien.ch\/albanien_info\/wp-content\/uploads\/2019\/09\/forum-albanien-albinfo.jpg?resize=525%2C315&#038;ssl=1\" alt=\"Albanien-Forum\" class=\"wp-image-3728\" srcset=\"https:\/\/i0.wp.com\/albanien.ch\/albanien_info\/wp-content\/uploads\/2019\/09\/forum-albanien-albinfo.jpg?w=1000&amp;ssl=1 1000w, https:\/\/i0.wp.com\/albanien.ch\/albanien_info\/wp-content\/uploads\/2019\/09\/forum-albanien-albinfo.jpg?resize=300%2C180&amp;ssl=1 300w, https:\/\/i0.wp.com\/albanien.ch\/albanien_info\/wp-content\/uploads\/2019\/09\/forum-albanien-albinfo.jpg?resize=768%2C461&amp;ssl=1 768w\" sizes=\"auto, (max-width: 525px) 100vw, 525px\" \/><\/a><\/figure>\n\n\n\n<p><a href=\"https:\/\/albanien.ch\/forum\/p3\/\" target=\"_blank\" rel=\"noreferrer noopener\" aria-label=\"Forum (opens in a new tab)\">Forum<\/a><\/p>\n<\/div>\n<\/div>\n\n\n\n<h3 class=\"wp-block-heading\">N\u00fctzlich<\/h3>\n\n\n\n<div class=\"wp-block-columns has-3-columns is-layout-flex wp-container-core-columns-is-layout-9d6595d7 wp-block-columns-is-layout-flex\">\n<div class=\"wp-block-column is-layout-flow wp-block-column-is-layout-flow\">\n<figure class=\"wp-block-image\"><a href=\"https:\/\/albanien.ch\/albanien_info\/service\/buecher-tipps\/\"><img data-recalc-dims=\"1\" loading=\"lazy\" decoding=\"async\" width=\"525\" height=\"315\" data-attachment-id=\"3726\" data-permalink=\"https:\/\/albanien.ch\/albanien_info\/albinfo-landesinfos-reiseinformationen-albanien\/buechertipps-albanien-albinfo\/\" data-orig-file=\"https:\/\/i0.wp.com\/albanien.ch\/albanien_info\/wp-content\/uploads\/2019\/09\/buechertipps-albanien-albinfo.jpg?fit=1000%2C600&amp;ssl=1\" data-orig-size=\"1000,600\" data-comments-opened=\"1\" data-image-meta=\"{&quot;aperture&quot;:&quot;0&quot;,&quot;credit&quot;:&quot;&quot;,&quot;camera&quot;:&quot;&quot;,&quot;caption&quot;:&quot;&quot;,&quot;created_timestamp&quot;:&quot;0&quot;,&quot;copyright&quot;:&quot;&quot;,&quot;focal_length&quot;:&quot;0&quot;,&quot;iso&quot;:&quot;0&quot;,&quot;shutter_speed&quot;:&quot;0&quot;,&quot;title&quot;:&quot;&quot;,&quot;orientation&quot;:&quot;0&quot;}\" data-image-title=\"B\u00fcchertipps Albanien AlbINFO\" data-image-description=\"&lt;p&gt;B\u00fccher aus und \u00fcber Albanien&lt;\/p&gt;\n\" data-image-caption=\"&lt;p&gt;B\u00fccher aus und \u00fcber Albanien&lt;\/p&gt;\n\" data-medium-file=\"https:\/\/i0.wp.com\/albanien.ch\/albanien_info\/wp-content\/uploads\/2019\/09\/buechertipps-albanien-albinfo.jpg?fit=300%2C180&amp;ssl=1\" data-large-file=\"https:\/\/i0.wp.com\/albanien.ch\/albanien_info\/wp-content\/uploads\/2019\/09\/buechertipps-albanien-albinfo.jpg?fit=525%2C315&amp;ssl=1\" src=\"https:\/\/i0.wp.com\/albanien.ch\/albanien_info\/wp-content\/uploads\/2019\/09\/buechertipps-albanien-albinfo.jpg?resize=525%2C315&#038;ssl=1\" alt=\"B\u00fcchertipps Albanien\" class=\"wp-image-3726\" srcset=\"https:\/\/i0.wp.com\/albanien.ch\/albanien_info\/wp-content\/uploads\/2019\/09\/buechertipps-albanien-albinfo.jpg?w=1000&amp;ssl=1 1000w, https:\/\/i0.wp.com\/albanien.ch\/albanien_info\/wp-content\/uploads\/2019\/09\/buechertipps-albanien-albinfo.jpg?resize=300%2C180&amp;ssl=1 300w, https:\/\/i0.wp.com\/albanien.ch\/albanien_info\/wp-content\/uploads\/2019\/09\/buechertipps-albanien-albinfo.jpg?resize=768%2C461&amp;ssl=1 768w\" sizes=\"auto, (max-width: 525px) 100vw, 525px\" \/><\/a><\/figure>\n\n\n\n<p><a href=\"https:\/\/albanien.ch\/albanien_info\/category\/service\/faq\/\">Buch-Empfehlungen<\/a><\/p>\n<\/div>\n\n\n\n<div class=\"wp-block-column is-layout-flow wp-block-column-is-layout-flow\">\n<figure class=\"wp-block-image\"><a href=\"https:\/\/albanien.ch\/albanien_info\/category\/service\/bilder\/\"><img data-recalc-dims=\"1\" loading=\"lazy\" decoding=\"async\" width=\"525\" height=\"315\" data-attachment-id=\"3725\" data-permalink=\"https:\/\/albanien.ch\/albanien_info\/albinfo-landesinfos-reiseinformationen-albanien\/albanien-bilder-albinfo\/\" data-orig-file=\"https:\/\/i0.wp.com\/albanien.ch\/albanien_info\/wp-content\/uploads\/2019\/09\/albanien-bilder-albinfo.jpg?fit=1000%2C600&amp;ssl=1\" data-orig-size=\"1000,600\" data-comments-opened=\"1\" data-image-meta=\"{&quot;aperture&quot;:&quot;0&quot;,&quot;credit&quot;:&quot;&quot;,&quot;camera&quot;:&quot;&quot;,&quot;caption&quot;:&quot;&quot;,&quot;created_timestamp&quot;:&quot;0&quot;,&quot;copyright&quot;:&quot;&quot;,&quot;focal_length&quot;:&quot;0&quot;,&quot;iso&quot;:&quot;0&quot;,&quot;shutter_speed&quot;:&quot;0&quot;,&quot;title&quot;:&quot;&quot;,&quot;orientation&quot;:&quot;0&quot;}\" data-image-title=\"Bilder Albanien AlbINFO\" data-image-description=\"&lt;p&gt;Osmanische Br\u00fccke am Shkumbin in Mittelalbanien&lt;\/p&gt;\n\" data-image-caption=\"&lt;p&gt;Osmanische Br\u00fccke am Shkumbin in Mittelalbanien&lt;\/p&gt;\n\" data-medium-file=\"https:\/\/i0.wp.com\/albanien.ch\/albanien_info\/wp-content\/uploads\/2019\/09\/albanien-bilder-albinfo.jpg?fit=300%2C180&amp;ssl=1\" data-large-file=\"https:\/\/i0.wp.com\/albanien.ch\/albanien_info\/wp-content\/uploads\/2019\/09\/albanien-bilder-albinfo.jpg?fit=525%2C315&amp;ssl=1\" src=\"https:\/\/i0.wp.com\/albanien.ch\/albanien_info\/wp-content\/uploads\/2019\/09\/albanien-bilder-albinfo.jpg?resize=525%2C315&#038;ssl=1\" alt=\"Bilder aus Albanien\" class=\"wp-image-3725\" srcset=\"https:\/\/i0.wp.com\/albanien.ch\/albanien_info\/wp-content\/uploads\/2019\/09\/albanien-bilder-albinfo.jpg?w=1000&amp;ssl=1 1000w, https:\/\/i0.wp.com\/albanien.ch\/albanien_info\/wp-content\/uploads\/2019\/09\/albanien-bilder-albinfo.jpg?resize=300%2C180&amp;ssl=1 300w, https:\/\/i0.wp.com\/albanien.ch\/albanien_info\/wp-content\/uploads\/2019\/09\/albanien-bilder-albinfo.jpg?resize=768%2C461&amp;ssl=1 768w\" sizes=\"auto, (max-width: 525px) 100vw, 525px\" \/><\/a><\/figure>\n\n\n\n<p><a href=\"https:\/\/albanien.ch\/albanien_info\/category\/service\/bilder\/\">Bilder<\/a><\/p>\n<\/div>\n\n\n\n<div class=\"wp-block-column is-layout-flow wp-block-column-is-layout-flow\">\n<figure class=\"wp-block-image\"><a href=\"https:\/\/albanien.ch\/bb\/\"><img data-recalc-dims=\"1\" loading=\"lazy\" decoding=\"async\" width=\"525\" height=\"315\" data-attachment-id=\"3724\" data-permalink=\"https:\/\/albanien.ch\/albanien_info\/albinfo-landesinfos-reiseinformationen-albanien\/albanien-nachrichten-albinfo\/\" data-orig-file=\"https:\/\/i0.wp.com\/albanien.ch\/albanien_info\/wp-content\/uploads\/2019\/09\/albanien-nachrichten-albinfo.jpg?fit=1000%2C600&amp;ssl=1\" data-orig-size=\"1000,600\" data-comments-opened=\"1\" data-image-meta=\"{&quot;aperture&quot;:&quot;0&quot;,&quot;credit&quot;:&quot;&quot;,&quot;camera&quot;:&quot;&quot;,&quot;caption&quot;:&quot;&quot;,&quot;created_timestamp&quot;:&quot;0&quot;,&quot;copyright&quot;:&quot;&quot;,&quot;focal_length&quot;:&quot;0&quot;,&quot;iso&quot;:&quot;0&quot;,&quot;shutter_speed&quot;:&quot;0&quot;,&quot;title&quot;:&quot;&quot;,&quot;orientation&quot;:&quot;0&quot;}\" data-image-title=\"Albanien Nachrichten AlbINFO\" data-image-description=\"&lt;p&gt;Abends am Skanderbegplatz&lt;\/p&gt;\n\" data-image-caption=\"&lt;p&gt;Abends am Skanderbegplatz&lt;\/p&gt;\n\" data-medium-file=\"https:\/\/i0.wp.com\/albanien.ch\/albanien_info\/wp-content\/uploads\/2019\/09\/albanien-nachrichten-albinfo.jpg?fit=300%2C180&amp;ssl=1\" data-large-file=\"https:\/\/i0.wp.com\/albanien.ch\/albanien_info\/wp-content\/uploads\/2019\/09\/albanien-nachrichten-albinfo.jpg?fit=525%2C315&amp;ssl=1\" src=\"https:\/\/i0.wp.com\/albanien.ch\/albanien_info\/wp-content\/uploads\/2019\/09\/albanien-nachrichten-albinfo.jpg?resize=525%2C315&#038;ssl=1\" alt=\"Nachrichten \u00fcber Albanien\" class=\"wp-image-3724\" srcset=\"https:\/\/i0.wp.com\/albanien.ch\/albanien_info\/wp-content\/uploads\/2019\/09\/albanien-nachrichten-albinfo.jpg?w=1000&amp;ssl=1 1000w, https:\/\/i0.wp.com\/albanien.ch\/albanien_info\/wp-content\/uploads\/2019\/09\/albanien-nachrichten-albinfo.jpg?resize=300%2C180&amp;ssl=1 300w, https:\/\/i0.wp.com\/albanien.ch\/albanien_info\/wp-content\/uploads\/2019\/09\/albanien-nachrichten-albinfo.jpg?resize=768%2C461&amp;ssl=1 768w\" sizes=\"auto, (max-width: 525px) 100vw, 525px\" \/><\/a><\/figure>\n\n\n\n<p><a href=\"https:\/\/albanien.ch\/bb\/\" target=\"_blank\" rel=\"noreferrer noopener\" aria-label=\"Nachrichten  (opens in a new tab)\">Nachrichten <\/a><\/p>\n<\/div>\n<\/div>\n\n\n\n<p>Albanien-Informationen f\u00fcr die Touristen, Manager und andere Neugierige von der Redaktion von albanien.ch<\/p>\n","protected":false},"excerpt":{"rendered":"<p>Landes- &amp; Reiseinformationen f\u00fcr Albanien \u00dcber Albanien \u2013&nbsp;Hintergrundsinformationen \u00dcber Albanien Geschichte Land und Leute Online-Reisef\u00fchrer Urlaub in Albanien \u00dcbersichtskarte Sehensw\u00fcrdigkeiten Reisetipps Sehensw\u00fcrdigkeiten, Regionen &amp; Orte&hellip;<\/p>\n","protected":false},"author":1,"featured_media":118,"parent":0,"menu_order":0,"comment_status":"closed","ping_status":"closed","template":"","meta":{"jetpack_post_was_ever_published":false,"footnotes":""},"categories":[1],"tags":[18,286,411,410,70,408,409],"class_list":["post-3667","page","type-page","status-publish","has-post-thumbnail","hentry","category-allgemein","tag-albanien","tag-albanien-ch","tag-albinfo","tag-informationen","tag-reise","tag-reiseinformationen","tag-urlaub"],"yoast_head":"<!-- This site is optimized with the Yoast SEO plugin v27.2 - https:\/\/yoast.com\/product\/yoast-seo-wordpress\/ -->\n<title>AlbINFO &#8211; Online-Reisef\u00fchrer Albanien von albanien.ch<\/title>\n<meta name=\"description\" content=\"Online-Reisef\u00fchrer und weitere Landesinformationen zu Albanien: zahlreiche Reiseinfos aus erster Hand: Sehensw\u00fcrdigkeiten und Hintergr\u00fcnde\" \/>\n<meta name=\"robots\" content=\"index, follow, max-snippet:-1, max-image-preview:large, max-video-preview:-1\" \/>\n<link rel=\"canonical\" href=\"https:\/\/albanien.ch\/albanien_info\/\" \/>\n<meta property=\"og:locale\" content=\"de_DE\" \/>\n<meta property=\"og:type\" content=\"article\" \/>\n<meta property=\"og:title\" content=\"AlbINFO &#8211; Online-Reisef\u00fchrer Albanien von albanien.ch\" \/>\n<meta property=\"og:description\" content=\"Online-Reisef\u00fchrer und weitere Landesinformationen zu Albanien: zahlreiche Reiseinfos aus erster Hand: Sehensw\u00fcrdigkeiten und Hintergr\u00fcnde\" \/>\n<meta property=\"og:url\" content=\"https:\/\/albanien.ch\/albanien_info\/\" \/>\n<meta property=\"og:site_name\" content=\"AlbINFO\" \/>\n<meta property=\"article:publisher\" content=\"https:\/\/www.facebook.com\/albaniench\/\" \/>\n<meta property=\"article:modified_time\" content=\"2023-07-25T13:52:22+00:00\" \/>\n<meta property=\"og:image\" content=\"https:\/\/albanien.ch\/albanien_info\/wp-content\/uploads\/2015\/03\/Slider_Saranda.jpg\" \/>\n\t<meta property=\"og:image:width\" content=\"2500\" \/>\n\t<meta property=\"og:image:height\" content=\"1265\" \/>\n\t<meta property=\"og:image:type\" content=\"image\/jpeg\" \/>\n<meta name=\"twitter:card\" content=\"summary_large_image\" \/>\n<meta name=\"twitter:site\" content=\"@alb_info\" \/>\n<script type=\"application\/ld+json\" class=\"yoast-schema-graph\">{\"@context\":\"https:\/\/schema.org\",\"@graph\":[{\"@type\":\"WebPage\",\"@id\":\"https:\/\/albanien.ch\/albanien_info\/\",\"url\":\"https:\/\/albanien.ch\/albanien_info\/\",\"name\":\"AlbINFO &#8211; Online-Reisef\u00fchrer Albanien von albanien.ch\",\"isPartOf\":{\"@id\":\"https:\/\/albanien.ch\/albanien_info\/#website\"},\"primaryImageOfPage\":{\"@id\":\"https:\/\/albanien.ch\/albanien_info\/#primaryimage\"},\"image\":{\"@id\":\"https:\/\/albanien.ch\/albanien_info\/#primaryimage\"},\"thumbnailUrl\":\"https:\/\/i0.wp.com\/albanien.ch\/albanien_info\/wp-content\/uploads\/2015\/03\/Slider_Saranda.jpg?fit=2500%2C1265&ssl=1\",\"datePublished\":\"2022-12-05T11:12:00+00:00\",\"dateModified\":\"2023-07-25T13:52:22+00:00\",\"description\":\"Online-Reisef\u00fchrer und weitere Landesinformationen zu Albanien: zahlreiche Reiseinfos aus erster Hand: Sehensw\u00fcrdigkeiten und Hintergr\u00fcnde\",\"breadcrumb\":{\"@id\":\"https:\/\/albanien.ch\/albanien_info\/#breadcrumb\"},\"inLanguage\":\"de\",\"potentialAction\":[{\"@type\":\"ReadAction\",\"target\":[\"https:\/\/albanien.ch\/albanien_info\/\"]}]},{\"@type\":\"ImageObject\",\"inLanguage\":\"de\",\"@id\":\"https:\/\/albanien.ch\/albanien_info\/#primaryimage\",\"url\":\"https:\/\/i0.wp.com\/albanien.ch\/albanien_info\/wp-content\/uploads\/2015\/03\/Slider_Saranda.jpg?fit=2500%2C1265&ssl=1\",\"contentUrl\":\"https:\/\/i0.wp.com\/albanien.ch\/albanien_info\/wp-content\/uploads\/2015\/03\/Slider_Saranda.jpg?fit=2500%2C1265&ssl=1\",\"width\":2500,\"height\":1265,\"caption\":\"Saranda Aussicht\"},{\"@type\":\"BreadcrumbList\",\"@id\":\"https:\/\/albanien.ch\/albanien_info\/#breadcrumb\",\"itemListElement\":[{\"@type\":\"ListItem\",\"position\":1,\"name\":\"Home\",\"item\":\"https:\/\/albanien.ch\/albanien_info\/\"},{\"@type\":\"ListItem\",\"position\":2,\"name\":\"AlbINFO\"}]},{\"@type\":\"WebSite\",\"@id\":\"https:\/\/albanien.ch\/albanien_info\/#website\",\"url\":\"https:\/\/albanien.ch\/albanien_info\/\",\"name\":\"AlbINFO\",\"description\":\"Albanien Reiseinformationen von albanien.ch\",\"publisher\":{\"@id\":\"https:\/\/albanien.ch\/albanien_info\/#organization\"},\"potentialAction\":[{\"@type\":\"SearchAction\",\"target\":{\"@type\":\"EntryPoint\",\"urlTemplate\":\"https:\/\/albanien.ch\/albanien_info\/?s={search_term_string}\"},\"query-input\":{\"@type\":\"PropertyValueSpecification\",\"valueRequired\":true,\"valueName\":\"search_term_string\"}}],\"inLanguage\":\"de\"},{\"@type\":\"Organization\",\"@id\":\"https:\/\/albanien.ch\/albanien_info\/#organization\",\"name\":\"albanien.ch\",\"url\":\"https:\/\/albanien.ch\/albanien_info\/\",\"logo\":{\"@type\":\"ImageObject\",\"inLanguage\":\"de\",\"@id\":\"https:\/\/albanien.ch\/albanien_info\/#\/schema\/logo\/image\/\",\"url\":\"https:\/\/i0.wp.com\/albanien.ch\/albanien_info\/wp-content\/uploads\/2016\/11\/albaniench_square.png?fit=415%2C415&ssl=1\",\"contentUrl\":\"https:\/\/i0.wp.com\/albanien.ch\/albanien_info\/wp-content\/uploads\/2016\/11\/albaniench_square.png?fit=415%2C415&ssl=1\",\"width\":415,\"height\":415,\"caption\":\"albanien.ch\"},\"image\":{\"@id\":\"https:\/\/albanien.ch\/albanien_info\/#\/schema\/logo\/image\/\"},\"sameAs\":[\"https:\/\/www.facebook.com\/albaniench\/\",\"https:\/\/x.com\/alb_info\",\"https:\/\/www.instagram.com\/alb_info\/\"]}]}<\/script>\n<!-- \/ Yoast SEO plugin. -->","yoast_head_json":{"title":"AlbINFO &#8211; Online-Reisef\u00fchrer Albanien von albanien.ch","description":"Online-Reisef\u00fchrer und weitere Landesinformationen zu Albanien: zahlreiche Reiseinfos aus erster Hand: Sehensw\u00fcrdigkeiten und Hintergr\u00fcnde","robots":{"index":"index","follow":"follow","max-snippet":"max-snippet:-1","max-image-preview":"max-image-preview:large","max-video-preview":"max-video-preview:-1"},"canonical":"https:\/\/albanien.ch\/albanien_info\/","og_locale":"de_DE","og_type":"article","og_title":"AlbINFO &#8211; Online-Reisef\u00fchrer Albanien von albanien.ch","og_description":"Online-Reisef\u00fchrer und weitere Landesinformationen zu Albanien: zahlreiche Reiseinfos aus erster Hand: Sehensw\u00fcrdigkeiten und Hintergr\u00fcnde","og_url":"https:\/\/albanien.ch\/albanien_info\/","og_site_name":"AlbINFO","article_publisher":"https:\/\/www.facebook.com\/albaniench\/","article_modified_time":"2023-07-25T13:52:22+00:00","og_image":[{"width":2500,"height":1265,"url":"https:\/\/albanien.ch\/albanien_info\/wp-content\/uploads\/2015\/03\/Slider_Saranda.jpg","type":"image\/jpeg"}],"twitter_card":"summary_large_image","twitter_site":"@alb_info","schema":{"@context":"https:\/\/schema.org","@graph":[{"@type":"WebPage","@id":"https:\/\/albanien.ch\/albanien_info\/","url":"https:\/\/albanien.ch\/albanien_info\/","name":"AlbINFO &#8211; Online-Reisef\u00fchrer Albanien von albanien.ch","isPartOf":{"@id":"https:\/\/albanien.ch\/albanien_info\/#website"},"primaryImageOfPage":{"@id":"https:\/\/albanien.ch\/albanien_info\/#primaryimage"},"image":{"@id":"https:\/\/albanien.ch\/albanien_info\/#primaryimage"},"thumbnailUrl":"https:\/\/i0.wp.com\/albanien.ch\/albanien_info\/wp-content\/uploads\/2015\/03\/Slider_Saranda.jpg?fit=2500%2C1265&ssl=1","datePublished":"2022-12-05T11:12:00+00:00","dateModified":"2023-07-25T13:52:22+00:00","description":"Online-Reisef\u00fchrer und weitere Landesinformationen zu Albanien: zahlreiche Reiseinfos aus erster Hand: Sehensw\u00fcrdigkeiten und Hintergr\u00fcnde","breadcrumb":{"@id":"https:\/\/albanien.ch\/albanien_info\/#breadcrumb"},"inLanguage":"de","potentialAction":[{"@type":"ReadAction","target":["https:\/\/albanien.ch\/albanien_info\/"]}]},{"@type":"ImageObject","inLanguage":"de","@id":"https:\/\/albanien.ch\/albanien_info\/#primaryimage","url":"https:\/\/i0.wp.com\/albanien.ch\/albanien_info\/wp-content\/uploads\/2015\/03\/Slider_Saranda.jpg?fit=2500%2C1265&ssl=1","contentUrl":"https:\/\/i0.wp.com\/albanien.ch\/albanien_info\/wp-content\/uploads\/2015\/03\/Slider_Saranda.jpg?fit=2500%2C1265&ssl=1","width":2500,"height":1265,"caption":"Saranda Aussicht"},{"@type":"BreadcrumbList","@id":"https:\/\/albanien.ch\/albanien_info\/#breadcrumb","itemListElement":[{"@type":"ListItem","position":1,"name":"Home","item":"https:\/\/albanien.ch\/albanien_info\/"},{"@type":"ListItem","position":2,"name":"AlbINFO"}]},{"@type":"WebSite","@id":"https:\/\/albanien.ch\/albanien_info\/#website","url":"https:\/\/albanien.ch\/albanien_info\/","name":"AlbINFO","description":"Albanien Reiseinformationen von albanien.ch","publisher":{"@id":"https:\/\/albanien.ch\/albanien_info\/#organization"},"potentialAction":[{"@type":"SearchAction","target":{"@type":"EntryPoint","urlTemplate":"https:\/\/albanien.ch\/albanien_info\/?s={search_term_string}"},"query-input":{"@type":"PropertyValueSpecification","valueRequired":true,"valueName":"search_term_string"}}],"inLanguage":"de"},{"@type":"Organization","@id":"https:\/\/albanien.ch\/albanien_info\/#organization","name":"albanien.ch","url":"https:\/\/albanien.ch\/albanien_info\/","logo":{"@type":"ImageObject","inLanguage":"de","@id":"https:\/\/albanien.ch\/albanien_info\/#\/schema\/logo\/image\/","url":"https:\/\/i0.wp.com\/albanien.ch\/albanien_info\/wp-content\/uploads\/2016\/11\/albaniench_square.png?fit=415%2C415&ssl=1","contentUrl":"https:\/\/i0.wp.com\/albanien.ch\/albanien_info\/wp-content\/uploads\/2016\/11\/albaniench_square.png?fit=415%2C415&ssl=1","width":415,"height":415,"caption":"albanien.ch"},"image":{"@id":"https:\/\/albanien.ch\/albanien_info\/#\/schema\/logo\/image\/"},"sameAs":["https:\/\/www.facebook.com\/albaniench\/","https:\/\/x.com\/alb_info","https:\/\/www.instagram.com\/alb_info\/"]}]}},"jetpack_sharing_enabled":true,"jetpack_shortlink":"https:\/\/wp.me\/P5VAQP-X9","_links":{"self":[{"href":"https:\/\/albanien.ch\/albanien_info\/wp-json\/wp\/v2\/pages\/3667","targetHints":{"allow":["GET"]}}],"collection":[{"href":"https:\/\/albanien.ch\/albanien_info\/wp-json\/wp\/v2\/pages"}],"about":[{"href":"https:\/\/albanien.ch\/albanien_info\/wp-json\/wp\/v2\/types\/page"}],"author":[{"embeddable":true,"href":"https:\/\/albanien.ch\/albanien_info\/wp-json\/wp\/v2\/users\/1"}],"replies":[{"embeddable":true,"href":"https:\/\/albanien.ch\/albanien_info\/wp-json\/wp\/v2\/comments?post=3667"}],"version-history":[{"count":50,"href":"https:\/\/albanien.ch\/albanien_info\/wp-json\/wp\/v2\/pages\/3667\/revisions"}],"predecessor-version":[{"id":7407,"href":"https:\/\/albanien.ch\/albanien_info\/wp-json\/wp\/v2\/pages\/3667\/revisions\/7407"}],"wp:featuredmedia":[{"embeddable":true,"href":"https:\/\/albanien.ch\/albanien_info\/wp-json\/wp\/v2\/media\/118"}],"wp:attachment":[{"href":"https:\/\/albanien.ch\/albanien_info\/wp-json\/wp\/v2\/media?parent=3667"}],"wp:term":[{"taxonomy":"category","embeddable":true,"href":"https:\/\/albanien.ch\/albanien_info\/wp-json\/wp\/v2\/categories?post=3667"},{"taxonomy":"post_tag","embeddable":true,"href":"https:\/\/albanien.ch\/albanien_info\/wp-json\/wp\/v2\/tags?post=3667"}],"curies":[{"name":"wp","href":"https:\/\/api.w.org\/{rel}","templated":true}]}}