{"id":232,"date":"2025-08-07T22:45:41","date_gmt":"2025-08-07T20:45:41","guid":{"rendered":"https:\/\/albanien.ch\/albanien_info\/?p=232"},"modified":"2025-08-07T22:45:43","modified_gmt":"2025-08-07T20:45:43","slug":"kultur","status":"publish","type":"page","link":"https:\/\/albanien.ch\/albanien_info\/kultur\/","title":{"rendered":"Kultur"},"content":{"rendered":"\n<p>Das kulturelle Angebot f\u00fcr Touristen ist in Albanien noch recht klein, w\u00e4chst aber allm\u00e4hlich. So gibt es zahlreiche M\u00f6glichkeiten, albanische Kultur zu erfahren, die hier und dort noch Teil des Alltags ist. Zahlreiche Restaurants bieten nicht nur inl\u00e4ndische K\u00fcche, sondern auch ein traditionelles Ambiente und teilweise auch folkloristische Unterhaltung.<\/p>\n\n\n\n<div style=\"height:30px\" aria-hidden=\"true\" class=\"wp-block-spacer\"><\/div>\n\n\n\n<h2 class=\"wp-block-heading\">Volkskultur<\/h2>\n\n\n\n<div class=\"wp-block-jetpack-slideshow\" data-autoplay=\"true\" data-delay=\"3\" data-effect=\"slide\"><div class=\"wp-block-jetpack-slideshow_container swiper-container\"><ul class=\"wp-block-jetpack-slideshow_swiper-wrapper swiper-wrapper\"><li class=\"wp-block-jetpack-slideshow_slide swiper-slide\"><figure><img data-recalc-dims=\"1\" loading=\"lazy\" decoding=\"async\" width=\"525\" height=\"269\" alt=\"\" class=\"wp-block-jetpack-slideshow_image wp-image-236\" data-id=\"236\" src=\"https:\/\/i0.wp.com\/albanien.ch\/albanien_info\/wp-content\/uploads\/2015\/03\/Taenzer_Panorama.jpg?resize=525%2C269&#038;ssl=1\" srcset=\"https:\/\/i0.wp.com\/albanien.ch\/albanien_info\/wp-content\/uploads\/2015\/03\/Taenzer_Panorama.jpg?resize=1024%2C524&amp;ssl=1 1024w, https:\/\/i0.wp.com\/albanien.ch\/albanien_info\/wp-content\/uploads\/2015\/03\/Taenzer_Panorama.jpg?resize=300%2C154&amp;ssl=1 300w, https:\/\/i0.wp.com\/albanien.ch\/albanien_info\/wp-content\/uploads\/2015\/03\/Taenzer_Panorama.jpg?resize=900%2C461&amp;ssl=1 900w, https:\/\/i0.wp.com\/albanien.ch\/albanien_info\/wp-content\/uploads\/2015\/03\/Taenzer_Panorama.jpg?w=1562&amp;ssl=1 1562w\" sizes=\"(max-width: 525px) 100vw, 525px\" \/><\/figure><\/li><li class=\"wp-block-jetpack-slideshow_slide swiper-slide\"><figure><img data-recalc-dims=\"1\" loading=\"lazy\" decoding=\"async\" width=\"525\" height=\"525\" alt=\"\" class=\"wp-block-jetpack-slideshow_image wp-image-237\" data-id=\"237\" src=\"https:\/\/i0.wp.com\/albanien.ch\/albanien_info\/wp-content\/uploads\/2015\/03\/Taenzer_in.jpg?resize=525%2C525&#038;ssl=1\" srcset=\"https:\/\/i0.wp.com\/albanien.ch\/albanien_info\/wp-content\/uploads\/2015\/03\/Taenzer_in.jpg?w=1000&amp;ssl=1 1000w, https:\/\/i0.wp.com\/albanien.ch\/albanien_info\/wp-content\/uploads\/2015\/03\/Taenzer_in.jpg?resize=150%2C150&amp;ssl=1 150w, https:\/\/i0.wp.com\/albanien.ch\/albanien_info\/wp-content\/uploads\/2015\/03\/Taenzer_in.jpg?resize=300%2C300&amp;ssl=1 300w, https:\/\/i0.wp.com\/albanien.ch\/albanien_info\/wp-content\/uploads\/2015\/03\/Taenzer_in.jpg?resize=144%2C144&amp;ssl=1 144w, https:\/\/i0.wp.com\/albanien.ch\/albanien_info\/wp-content\/uploads\/2015\/03\/Taenzer_in.jpg?resize=350%2C350&amp;ssl=1 350w, https:\/\/i0.wp.com\/albanien.ch\/albanien_info\/wp-content\/uploads\/2015\/03\/Taenzer_in.jpg?resize=900%2C900&amp;ssl=1 900w\" sizes=\"(max-width: 525px) 100vw, 525px\" \/><\/figure><\/li><li class=\"wp-block-jetpack-slideshow_slide swiper-slide\"><figure><img data-recalc-dims=\"1\" loading=\"lazy\" decoding=\"async\" width=\"525\" height=\"657\" alt=\"\" class=\"wp-block-jetpack-slideshow_image wp-image-238\" data-id=\"238\" src=\"https:\/\/i0.wp.com\/albanien.ch\/albanien_info\/wp-content\/uploads\/2015\/03\/Taenzer_Trommel.jpg?resize=525%2C657&#038;ssl=1\" srcset=\"https:\/\/i0.wp.com\/albanien.ch\/albanien_info\/wp-content\/uploads\/2015\/03\/Taenzer_Trommel.jpg?resize=818%2C1024&amp;ssl=1 818w, https:\/\/i0.wp.com\/albanien.ch\/albanien_info\/wp-content\/uploads\/2015\/03\/Taenzer_Trommel.jpg?resize=240%2C300&amp;ssl=1 240w, https:\/\/i0.wp.com\/albanien.ch\/albanien_info\/wp-content\/uploads\/2015\/03\/Taenzer_Trommel.jpg?resize=900%2C1126&amp;ssl=1 900w, https:\/\/i0.wp.com\/albanien.ch\/albanien_info\/wp-content\/uploads\/2015\/03\/Taenzer_Trommel.jpg?w=999&amp;ssl=1 999w\" sizes=\"(max-width: 525px) 100vw, 525px\" \/><\/figure><\/li><li class=\"wp-block-jetpack-slideshow_slide swiper-slide\"><figure><img data-recalc-dims=\"1\" loading=\"lazy\" decoding=\"async\" width=\"525\" height=\"598\" alt=\"\" class=\"wp-block-jetpack-slideshow_image wp-image-239\" data-id=\"239\" src=\"https:\/\/i0.wp.com\/albanien.ch\/albanien_info\/wp-content\/uploads\/2015\/03\/Taenzer_Floete.jpg?resize=525%2C598&#038;ssl=1\" srcset=\"https:\/\/i0.wp.com\/albanien.ch\/albanien_info\/wp-content\/uploads\/2015\/03\/Taenzer_Floete.jpg?resize=899%2C1024&amp;ssl=1 899w, https:\/\/i0.wp.com\/albanien.ch\/albanien_info\/wp-content\/uploads\/2015\/03\/Taenzer_Floete.jpg?resize=263%2C300&amp;ssl=1 263w, https:\/\/i0.wp.com\/albanien.ch\/albanien_info\/wp-content\/uploads\/2015\/03\/Taenzer_Floete.jpg?resize=900%2C1026&amp;ssl=1 900w, https:\/\/i0.wp.com\/albanien.ch\/albanien_info\/wp-content\/uploads\/2015\/03\/Taenzer_Floete.jpg?w=1097&amp;ssl=1 1097w\" sizes=\"(max-width: 525px) 100vw, 525px\" \/><\/figure><\/li><li class=\"wp-block-jetpack-slideshow_slide swiper-slide\"><figure><img data-recalc-dims=\"1\" loading=\"lazy\" decoding=\"async\" width=\"525\" height=\"451\" alt=\"\" class=\"wp-block-jetpack-slideshow_image wp-image-240\" data-id=\"240\" src=\"https:\/\/i0.wp.com\/albanien.ch\/albanien_info\/wp-content\/uploads\/2015\/03\/Taenzer_Kreis_Square.jpg?resize=525%2C451&#038;ssl=1\" srcset=\"https:\/\/i0.wp.com\/albanien.ch\/albanien_info\/wp-content\/uploads\/2015\/03\/Taenzer_Kreis_Square.jpg?resize=1024%2C879&amp;ssl=1 1024w, https:\/\/i0.wp.com\/albanien.ch\/albanien_info\/wp-content\/uploads\/2015\/03\/Taenzer_Kreis_Square.jpg?resize=300%2C258&amp;ssl=1 300w, https:\/\/i0.wp.com\/albanien.ch\/albanien_info\/wp-content\/uploads\/2015\/03\/Taenzer_Kreis_Square.jpg?resize=900%2C773&amp;ssl=1 900w, https:\/\/i0.wp.com\/albanien.ch\/albanien_info\/wp-content\/uploads\/2015\/03\/Taenzer_Kreis_Square.jpg?w=1165&amp;ssl=1 1165w\" sizes=\"(max-width: 525px) 100vw, 525px\" \/><\/figure><\/li><li class=\"wp-block-jetpack-slideshow_slide swiper-slide\"><figure><img data-recalc-dims=\"1\" loading=\"lazy\" decoding=\"async\" width=\"525\" height=\"299\" alt=\"\" class=\"wp-block-jetpack-slideshow_image wp-image-241\" data-id=\"241\" src=\"https:\/\/i0.wp.com\/albanien.ch\/albanien_info\/wp-content\/uploads\/2015\/03\/Taenzer_Kreis.jpg?resize=525%2C299&#038;ssl=1\" srcset=\"https:\/\/i0.wp.com\/albanien.ch\/albanien_info\/wp-content\/uploads\/2015\/03\/Taenzer_Kreis.jpg?resize=1024%2C583&amp;ssl=1 1024w, https:\/\/i0.wp.com\/albanien.ch\/albanien_info\/wp-content\/uploads\/2015\/03\/Taenzer_Kreis.jpg?resize=300%2C171&amp;ssl=1 300w, https:\/\/i0.wp.com\/albanien.ch\/albanien_info\/wp-content\/uploads\/2015\/03\/Taenzer_Kreis.jpg?resize=900%2C512&amp;ssl=1 900w, https:\/\/i0.wp.com\/albanien.ch\/albanien_info\/wp-content\/uploads\/2015\/03\/Taenzer_Kreis.jpg?w=1500&amp;ssl=1 1500w\" sizes=\"(max-width: 525px) 100vw, 525px\" \/><\/figure><\/li><li class=\"wp-block-jetpack-slideshow_slide swiper-slide\"><figure><img data-recalc-dims=\"1\" loading=\"lazy\" decoding=\"async\" width=\"525\" height=\"306\" alt=\"\" class=\"wp-block-jetpack-slideshow_image wp-image-242\" data-id=\"242\" src=\"https:\/\/i0.wp.com\/albanien.ch\/albanien_info\/wp-content\/uploads\/2015\/03\/Taenzer_Panorama_2.jpg?resize=525%2C306&#038;ssl=1\" srcset=\"https:\/\/i0.wp.com\/albanien.ch\/albanien_info\/wp-content\/uploads\/2015\/03\/Taenzer_Panorama_2.jpg?resize=1024%2C596&amp;ssl=1 1024w, https:\/\/i0.wp.com\/albanien.ch\/albanien_info\/wp-content\/uploads\/2015\/03\/Taenzer_Panorama_2.jpg?resize=300%2C175&amp;ssl=1 300w, https:\/\/i0.wp.com\/albanien.ch\/albanien_info\/wp-content\/uploads\/2015\/03\/Taenzer_Panorama_2.jpg?resize=900%2C524&amp;ssl=1 900w, https:\/\/i0.wp.com\/albanien.ch\/albanien_info\/wp-content\/uploads\/2015\/03\/Taenzer_Panorama_2.jpg?w=1500&amp;ssl=1 1500w\" sizes=\"(max-width: 525px) 100vw, 525px\" \/><\/figure><\/li><li class=\"wp-block-jetpack-slideshow_slide swiper-slide\"><figure><img data-recalc-dims=\"1\" loading=\"lazy\" decoding=\"async\" width=\"525\" height=\"421\" alt=\"\" class=\"wp-block-jetpack-slideshow_image wp-image-243\" data-id=\"243\" src=\"https:\/\/i0.wp.com\/albanien.ch\/albanien_info\/wp-content\/uploads\/2015\/03\/Taenzer_Square_Trommel.jpg?resize=525%2C421&#038;ssl=1\" srcset=\"https:\/\/i0.wp.com\/albanien.ch\/albanien_info\/wp-content\/uploads\/2015\/03\/Taenzer_Square_Trommel.jpg?resize=1024%2C822&amp;ssl=1 1024w, https:\/\/i0.wp.com\/albanien.ch\/albanien_info\/wp-content\/uploads\/2015\/03\/Taenzer_Square_Trommel.jpg?resize=300%2C241&amp;ssl=1 300w, https:\/\/i0.wp.com\/albanien.ch\/albanien_info\/wp-content\/uploads\/2015\/03\/Taenzer_Square_Trommel.jpg?resize=900%2C722&amp;ssl=1 900w, https:\/\/i0.wp.com\/albanien.ch\/albanien_info\/wp-content\/uploads\/2015\/03\/Taenzer_Square_Trommel.jpg?w=1200&amp;ssl=1 1200w\" sizes=\"(max-width: 525px) 100vw, 525px\" \/><\/figure><\/li><li class=\"wp-block-jetpack-slideshow_slide swiper-slide\"><figure><img data-recalc-dims=\"1\" loading=\"lazy\" decoding=\"async\" width=\"525\" height=\"497\" alt=\"\" class=\"wp-block-jetpack-slideshow_image wp-image-244\" data-id=\"244\" src=\"https:\/\/i0.wp.com\/albanien.ch\/albanien_info\/wp-content\/uploads\/2015\/03\/Taenzer_Square_2.jpg?resize=525%2C497&#038;ssl=1\" srcset=\"https:\/\/i0.wp.com\/albanien.ch\/albanien_info\/wp-content\/uploads\/2015\/03\/Taenzer_Square_2.jpg?resize=1024%2C970&amp;ssl=1 1024w, https:\/\/i0.wp.com\/albanien.ch\/albanien_info\/wp-content\/uploads\/2015\/03\/Taenzer_Square_2.jpg?resize=300%2C284&amp;ssl=1 300w, https:\/\/i0.wp.com\/albanien.ch\/albanien_info\/wp-content\/uploads\/2015\/03\/Taenzer_Square_2.jpg?resize=900%2C852&amp;ssl=1 900w, https:\/\/i0.wp.com\/albanien.ch\/albanien_info\/wp-content\/uploads\/2015\/03\/Taenzer_Square_2.jpg?w=1056&amp;ssl=1 1056w\" sizes=\"(max-width: 525px) 100vw, 525px\" \/><\/figure><\/li><li class=\"wp-block-jetpack-slideshow_slide swiper-slide\"><figure><img data-recalc-dims=\"1\" loading=\"lazy\" decoding=\"async\" width=\"525\" height=\"457\" alt=\"\" class=\"wp-block-jetpack-slideshow_image wp-image-245\" data-id=\"245\" src=\"https:\/\/i0.wp.com\/albanien.ch\/albanien_info\/wp-content\/uploads\/2015\/03\/Taenzer_Square.jpg?resize=525%2C457&#038;ssl=1\" srcset=\"https:\/\/i0.wp.com\/albanien.ch\/albanien_info\/wp-content\/uploads\/2015\/03\/Taenzer_Square.jpg?resize=1024%2C892&amp;ssl=1 1024w, https:\/\/i0.wp.com\/albanien.ch\/albanien_info\/wp-content\/uploads\/2015\/03\/Taenzer_Square.jpg?resize=300%2C261&amp;ssl=1 300w, https:\/\/i0.wp.com\/albanien.ch\/albanien_info\/wp-content\/uploads\/2015\/03\/Taenzer_Square.jpg?resize=900%2C784&amp;ssl=1 900w, https:\/\/i0.wp.com\/albanien.ch\/albanien_info\/wp-content\/uploads\/2015\/03\/Taenzer_Square.jpg?w=1200&amp;ssl=1 1200w\" sizes=\"(max-width: 525px) 100vw, 525px\" \/><\/figure><\/li><\/ul><a class=\"wp-block-jetpack-slideshow_button-prev swiper-button-prev swiper-button-white\" role=\"button\"><\/a><a class=\"wp-block-jetpack-slideshow_button-next swiper-button-next swiper-button-white\" role=\"button\"><\/a><a aria-label=\"Pause Slideshow\" class=\"wp-block-jetpack-slideshow_button-pause\" role=\"button\"><\/a><div class=\"wp-block-jetpack-slideshow_pagination swiper-pagination swiper-pagination-white\"><\/div><\/div><\/div>\n\n\n\n<p>Traditionelle Volkskultur ist in Albanien noch immer fest verankert. Bei Hochzeiten wird besonders viel getanzt \u2013 zu allen m\u00f6glichen Musikrichtungen. Aber auch sonst wird gerne jede M\u00f6glichkeit zum Tanz genutzt.<\/p>\n\n\n\n<p>Es gibt in allen Regionen lokale Feste und auch kleinere Festivals. Der bedeutendste Anlass ist das Nationale Folklorefestival von Gjirokastra, das alle vier bis sechs Jahre stattfindet. Es treten dabei zahlreiche Volksmusik- und Volkstanz-Gruppen aus allen Regionen Albaniens und dem benachbarten Ausland auf. Das Festival ist ein grosses Ereignis, das alle Hotelbetten in der Umgebung zu f\u00fcllen vermag.<\/p>\n\n\n\n<p>Interessant sind auch die Ethnographischen Museen, die es in vielen St\u00e4dten gibt. Hier erh\u00e4lt der Besucher meist guten Einblick in das Brauchtum der Region.<\/p>\n\n\n\n<p>In Tirana bietet zum Beispiel <a href=\"https:\/\/albaniannight.com\/de\/?th-reseller-ref=INFOALB\" target=\"_blank\" rel=\"noreferrer noopener\">\u00bbAlbanian Night\u00ab<\/a>\u00a0sch\u00f6ne Einblicke in die albanische Volkskultur: Besucher k\u00f6nnen w\u00e4hlen zwischen einer Tanz- und Musik-Show, der Show begleitet mit traditionellem Essen und zahlreichen weiteren Workshops und Touren zu folkloristischen Themen.<\/p>\n\n\n\n<div class=\"wp-block-columns is-layout-flex wp-container-core-columns-is-layout-9d6595d7 wp-block-columns-is-layout-flex\">\n<div class=\"wp-block-column boxgap has-background is-layout-flow wp-block-column-is-layout-flow\" style=\"background-color:#a0030c\">\n<h3 class=\"wp-block-heading has-text-align-center has-text-color\" style=\"color:#f4d4ae\"><strong>Albanian Night \u2013 Dinner-Folklore-Show in Tirana<\/strong><\/h3>\n\n\n<div class=\"wp-block-image\">\n<figure class=\"aligncenter size-full\"><a href=\"https:\/\/albaniannight.com\/de\/events\/dinner-show\/?th-reseller-ref=INFOALB\" target=\"_blank\" rel=\"noreferrer noopener\"><img data-recalc-dims=\"1\" loading=\"lazy\" decoding=\"async\" width=\"500\" height=\"500\" data-attachment-id=\"8230\" data-permalink=\"https:\/\/albanien.ch\/albanien_info\/set-1-500x500\/\" data-orig-file=\"https:\/\/i0.wp.com\/albanien.ch\/albanien_info\/wp-content\/uploads\/2025\/08\/Set-1-500x500-1.png?fit=500%2C500&amp;ssl=1\" data-orig-size=\"500,500\" data-comments-opened=\"1\" data-image-meta=\"{&quot;aperture&quot;:&quot;0&quot;,&quot;credit&quot;:&quot;&quot;,&quot;camera&quot;:&quot;&quot;,&quot;caption&quot;:&quot;&quot;,&quot;created_timestamp&quot;:&quot;0&quot;,&quot;copyright&quot;:&quot;&quot;,&quot;focal_length&quot;:&quot;0&quot;,&quot;iso&quot;:&quot;0&quot;,&quot;shutter_speed&quot;:&quot;0&quot;,&quot;title&quot;:&quot;&quot;,&quot;orientation&quot;:&quot;0&quot;}\" data-image-title=\"Albanian Night Set_1  500&#215;500 SquareBig\" data-image-description=\"&lt;p&gt;Folklore-Abend Albanian Night in Tirana&lt;\/p&gt;\n&lt;p&gt;&lt;strong&gt;Dieses Werk ist nicht unter der Standard-Creative-Commons-Lizenz f\u00fcr diese Website lizenziert!&lt;\/strong&gt;&lt;\/p&gt;\n\" data-image-caption=\"&lt;p&gt;Folklore-Abend Albanian Night in Tirana&lt;\/p&gt;\n\" data-medium-file=\"https:\/\/i0.wp.com\/albanien.ch\/albanien_info\/wp-content\/uploads\/2025\/08\/Set-1-500x500-1.png?fit=300%2C300&amp;ssl=1\" data-large-file=\"https:\/\/i0.wp.com\/albanien.ch\/albanien_info\/wp-content\/uploads\/2025\/08\/Set-1-500x500-1.png?fit=500%2C500&amp;ssl=1\" src=\"https:\/\/i0.wp.com\/albanien.ch\/albanien_info\/wp-content\/uploads\/2025\/08\/Set-1-500x500-1.png?resize=500%2C500&#038;ssl=1\" alt=\"Folklore-Abend Albanian Night in Tirana buchen\" class=\"wp-image-8230\" srcset=\"https:\/\/i0.wp.com\/albanien.ch\/albanien_info\/wp-content\/uploads\/2025\/08\/Set-1-500x500-1.png?w=500&amp;ssl=1 500w, https:\/\/i0.wp.com\/albanien.ch\/albanien_info\/wp-content\/uploads\/2025\/08\/Set-1-500x500-1.png?resize=300%2C300&amp;ssl=1 300w, https:\/\/i0.wp.com\/albanien.ch\/albanien_info\/wp-content\/uploads\/2025\/08\/Set-1-500x500-1.png?resize=150%2C150&amp;ssl=1 150w\" sizes=\"auto, (max-width: 500px) 100vw, 500px\" \/><\/a><\/figure><\/div>\n\n\n<p class=\"has-text-align-center has-text-color\" style=\"color:#f4e4cc\"><strong>G\u00f6nnen Sie sich eine sinnliche Dosis<\/strong> <strong>albanischer Kultur mit einem<\/strong> <strong>traditionellen Tanz- und<\/strong> <strong>Musikprogramm in Tirana<\/strong><\/p>\n\n\n\n<div class=\"wp-block-buttons nogap is-content-justification-center is-layout-flex wp-container-core-buttons-is-layout-16018d1d wp-block-buttons-is-layout-flex\">\n<div class=\"wp-block-button is-style-outline is-style-outline--2\"><a class=\"wp-block-button__link has-text-color wp-element-button\" href=\"https:\/\/albaniannight.com\/de\/events\/dinner-show\/?th-reseller-ref=INFOALB\" style=\"color:#f4d4ae\" target=\"_blank\" rel=\"noreferrer noopener\">Jetzt Platz buchen<\/a><\/div>\n<\/div>\n\n\n\n<p class=\"has-text-align-right nogap has-small-font-size\">WERBUNG<\/p>\n<\/div>\n<\/div>\n\n\n\n<div style=\"height:30px\" aria-hidden=\"true\" class=\"wp-block-spacer\"><\/div>\n\n\n\n<h2 class=\"wp-block-heading\">Theater &amp; Oper<\/h2>\n\n\n\n<p>Das B\u00fchnenangebot ist nicht allzu gross. Die meisten St\u00e4dte haben zwar ein Kulturhaus, aber nur gelegentlich B\u00fchnenauff\u00fchrungen.<\/p>\n\n\n\n<p>Tiranas Oper am Skanderbegplatz spielt regelm\u00e4ssig und in guter Qualit\u00e4t. Daneben gibt es auch noch einige weitere B\u00fchnen in Tirana mit durchaus sehbaren St\u00fccken.  Auch Durr\u00ebs und Shkodra haben bekannte Theaterh\u00e4user. Der Spielplan wird meist eher kurzfristig publiziert. Die aktuellen Veranstaltungsprogramme sind am einfachsten auf Facebook zu finden oder als Aush\u00e4nge vor Ort.<\/p>\n\n\n\n<p>In Butrint werden zum Teil w\u00e4hrend des Sommers im Rahmen eines internationalen Festivals Vorf\u00fchrungen im antiken Theater durchgef\u00fchrt. <\/p>\n\n\n\n<div style=\"height:30px\" aria-hidden=\"true\" class=\"wp-block-spacer\"><\/div>\n\n\n\n<h2 class=\"wp-block-heading\">Kino<\/h2>\n\n\n\n<p>Die meisten grosse St\u00e4dte in Albanien verf\u00fcgen \u00fcber Kinos\u00e4le, die aktuelle internationale Filme zeigen, oft in Originalsprache.<\/p>\n\n\n\n<div style=\"height:30px\" aria-hidden=\"true\" class=\"wp-block-spacer\"><\/div>\n\n\n\n<h2 class=\"wp-block-heading\">Ausstellungen &amp; Messen<\/h2>\n\n\n<div class=\"wp-block-image\">\n<figure class=\"alignright\"><a href=\"https:\/\/www.albanien.ch\/albanien_info\/kultur\/bild_kommunismus\/\" rel=\"attachment wp-att-233\"><img data-recalc-dims=\"1\" loading=\"lazy\" decoding=\"async\" width=\"300\" height=\"300\" data-attachment-id=\"233\" data-permalink=\"https:\/\/albanien.ch\/albanien_info\/kultur\/bild_kommunismus\/\" data-orig-file=\"https:\/\/i0.wp.com\/albanien.ch\/albanien_info\/wp-content\/uploads\/2015\/03\/Bild_Kommunismus.jpg?fit=1500%2C1500&amp;ssl=1\" data-orig-size=\"1500,1500\" data-comments-opened=\"1\" data-image-meta=\"{&quot;aperture&quot;:&quot;0&quot;,&quot;credit&quot;:&quot;&quot;,&quot;camera&quot;:&quot;&quot;,&quot;caption&quot;:&quot;&quot;,&quot;created_timestamp&quot;:&quot;0&quot;,&quot;copyright&quot;:&quot;&quot;,&quot;focal_length&quot;:&quot;0&quot;,&quot;iso&quot;:&quot;0&quot;,&quot;shutter_speed&quot;:&quot;0&quot;,&quot;title&quot;:&quot;&quot;,&quot;orientation&quot;:&quot;0&quot;}\" data-image-title=\"Realsozialistische Malerei\" data-image-description=\"&lt;p&gt;&lt;strong&gt;Dieses Werk ist nicht unter einer Creative-Commons-Lizenz lizenziert!&lt;\/strong&gt;&lt;\/p&gt;\n\" data-image-caption=\"&lt;p&gt;Gem\u00e4lde in der Nationalgalerie in Tirana \u2013 Werk des Realsozialimus&lt;\/p&gt;\n\" data-medium-file=\"https:\/\/i0.wp.com\/albanien.ch\/albanien_info\/wp-content\/uploads\/2015\/03\/Bild_Kommunismus.jpg?fit=300%2C300&amp;ssl=1\" data-large-file=\"https:\/\/i0.wp.com\/albanien.ch\/albanien_info\/wp-content\/uploads\/2015\/03\/Bild_Kommunismus.jpg?fit=525%2C525&amp;ssl=1\" src=\"https:\/\/i0.wp.com\/www.albanien.ch\/albanien_info\/wp-content\/uploads\/2015\/03\/Bild_Kommunismus-300x300.jpg?resize=300%2C300&#038;ssl=1\" alt=\"Gem\u00e4lde in der Nationalgalerie in Tirana \u2013 Werk des Realsozialimus\" class=\"wp-image-233\" srcset=\"https:\/\/i0.wp.com\/albanien.ch\/albanien_info\/wp-content\/uploads\/2015\/03\/Bild_Kommunismus.jpg?resize=300%2C300&amp;ssl=1 300w, https:\/\/i0.wp.com\/albanien.ch\/albanien_info\/wp-content\/uploads\/2015\/03\/Bild_Kommunismus.jpg?resize=150%2C150&amp;ssl=1 150w, https:\/\/i0.wp.com\/albanien.ch\/albanien_info\/wp-content\/uploads\/2015\/03\/Bild_Kommunismus.jpg?resize=1024%2C1024&amp;ssl=1 1024w, https:\/\/i0.wp.com\/albanien.ch\/albanien_info\/wp-content\/uploads\/2015\/03\/Bild_Kommunismus.jpg?resize=144%2C144&amp;ssl=1 144w, https:\/\/i0.wp.com\/albanien.ch\/albanien_info\/wp-content\/uploads\/2015\/03\/Bild_Kommunismus.jpg?resize=350%2C350&amp;ssl=1 350w, https:\/\/i0.wp.com\/albanien.ch\/albanien_info\/wp-content\/uploads\/2015\/03\/Bild_Kommunismus.jpg?resize=900%2C900&amp;ssl=1 900w, https:\/\/i0.wp.com\/albanien.ch\/albanien_info\/wp-content\/uploads\/2015\/03\/Bild_Kommunismus.jpg?w=1500&amp;ssl=1 1500w\" sizes=\"auto, (max-width: 300px) 100vw, 300px\" \/><\/a><figcaption class=\"wp-element-caption\">Gem\u00e4lde in der Nationalgalerie in Tirana \u2013 Werk des Realsozialimus<\/figcaption><\/figure><\/div>\n\n\n<p>Recht weit verbreitet ist auch das bildnerische Kunstschaffen. Neben der Nationalgalerie in Tirana gibt es noch zahlreiche kleinere Ausstellungsr\u00e4ume in der Stadt mit \u00e4lteren und aktuellen Gem\u00e4lden, Malerei oder Fotografie. Dies sind zum Teil auch nur vor\u00fcbergehend genutzte R\u00e4umlichkeiten.<\/p>\n\n\n\n<p>Ausserhalb von Tirana bieten vor allem die St\u00e4dte Kor\u00e7a und Shkodra interessante Galerien.<\/p>\n\n\n\n<p>Ein Einblick in verschiedene Aspekte des kulturellen, gesellschaftlichen und wirtschaftlichen Alltags bieten Messen und Feiern, die an vielen Orten immer wieder stattfinden.<\/p>\n\n\n\n<div style=\"height:30px\" aria-hidden=\"true\" class=\"wp-block-spacer\"><\/div>\n\n\n\n<h2 class=\"wp-block-heading\">Alternativ, Architektur &amp; kommunistische \u00dcberbleibsel<\/h2>\n\n\n\n<p>Wie vorab erw\u00e4hnt, gibt es immer wieder vor\u00fcbergehend genutzte Ausstellungsr\u00e4ume, die vor allem von jungen albanischen K\u00fcnstlern genutzt werden. Spannende alternative Kulturr\u00e4ume in Tirana, die Platz f\u00fcr Konzerte, Auff\u00fchrungen und Ausstellungen bieten, sind <a href=\"https:\/\/www.facebook.com\/Tirana.Ekspres?fref=ts\" target=\"_blank\" rel=\"noopener\">\u00bbTirana Ekspres\u00ab<\/a>, <a href=\"https:\/\/www.tulla.tv\/\">\u00bbTulla Center\u00ab<\/a> und <a href=\"https:\/\/www.tulla.tv\/\" target=\"_blank\" rel=\"noreferrer noopener\">\u00bbVila 31\u00ab<\/a>.<\/p>\n\n\n\n<p>Interessant ist auch die vielf\u00e4ltige, moderne Architektur, die sich vor allem in Tirana findet. Dazu geh\u00f6ren diverse Bauten international ber\u00fchmter Architekten.<\/p>\n\n\n\n<p>Monumente aus kommunistischer Zeit finden sich ebenfalls noch im ganzen Land. Zum Teil handelt es sich um Denkm\u00e4ler oder Bauten verschiedener Epochen. Typisch sind auch sogenannte \u00bbLapidare\u00ab: kubische Betondenkm\u00e4ler aus Beton, die an den Befreiungskampf im Zweiten Weltkrieg oder andere historische Ereignisse erinnern. Diese finden sich im ganzen Land \u2013 mal auf dem Heldenfriedhof, mal im Stadtzentrum, mal am Strassenrand oder mitten in der Landschaft.<\/p>\n\n\n\n<p>Der Reisende tut also gut daran, ein Auge offen zu halten.<\/p>\n\n\n\n<div style=\"height:30px\" aria-hidden=\"true\" class=\"wp-block-spacer\"><\/div>\n\n\n\n<div class=\"wp-block-columns is-layout-flex wp-container-core-columns-is-layout-9d6595d7 wp-block-columns-is-layout-flex\">\n<div class=\"wp-block-column simple-alert-boxes sab_plain sab_small is-layout-flow wp-block-column-is-layout-flow\">\n<p class=\"has-small-font-size\">Wir <a href=\"https:\/\/albanien.ch\/albanien_info\/ueber-uns\/\">Autoren<\/a> dieser Seite bereisen Albanien teilweise schon sei 30 Jahren. Wir teilen hier unser Wissen und unsere pers\u00f6nlichen Erfahrungen. <a href=\"https:\/\/albanien.ch\/albanien_info\/ueber-uns\/feedback\/\">Feedback<\/a> ist immer willkommen.<\/p>\n<\/div>\n\n\n\n<div class=\"wp-block-column simple-alert-boxes sab_plain sab_small is-layout-flow wp-block-column-is-layout-flow\">\n<p class=\"has-small-font-size\"><strong>Vollst\u00e4ndig \u00fcberpr\u00fcft und \u00fcberarbeitet:<\/strong><\/p>\n\n\n<div class=\"wp-block-post-date has-small-font-size\"><time datetime=\"2025-08-07T22:45:41+02:00\">7. August 2025<\/time><\/div><\/div>\n\n\n\n<div class=\"wp-block-column simple-alert-boxes sab_plain sab_small is-layout-flow wp-block-column-is-layout-flow\">\n<p class=\"has-small-font-size\"><strong>Verwandte Themen:<\/strong><\/p>\n\n\n<div class=\"taxonomy-post_tag wp-block-post-terms\"><a href=\"https:\/\/albanien.ch\/albanien_info\/tag\/auffuehrung\/\" rel=\"tag\">Auff\u00fchrung<\/a><span class=\"wp-block-post-terms__separator\">, <\/span><a href=\"https:\/\/albanien.ch\/albanien_info\/tag\/ausstellung\/\" rel=\"tag\">Ausstellung<\/a><span class=\"wp-block-post-terms__separator\">, <\/span><a href=\"https:\/\/albanien.ch\/albanien_info\/tag\/geschichte\/\" rel=\"tag\">Geschichte<\/a><span class=\"wp-block-post-terms__separator\">, <\/span><a href=\"https:\/\/albanien.ch\/albanien_info\/tag\/kultur\/\" rel=\"tag\">Kultur<\/a><span class=\"wp-block-post-terms__separator\">, <\/span><a href=\"https:\/\/albanien.ch\/albanien_info\/tag\/museum\/\" rel=\"tag\">Museum<\/a><span class=\"wp-block-post-terms__separator\">, <\/span><a href=\"https:\/\/albanien.ch\/albanien_info\/tag\/musik\/\" rel=\"tag\">Musik<\/a><span class=\"wp-block-post-terms__separator\">, <\/span><a href=\"https:\/\/albanien.ch\/albanien_info\/tag\/oper\/\" rel=\"tag\">Oper<\/a><span class=\"wp-block-post-terms__separator\">, <\/span><a href=\"https:\/\/albanien.ch\/albanien_info\/tag\/tanz\/\" rel=\"tag\">Tanz<\/a><span class=\"wp-block-post-terms__separator\">, <\/span><a href=\"https:\/\/albanien.ch\/albanien_info\/tag\/theater\/\" rel=\"tag\">Theater<\/a><span class=\"wp-block-post-terms__separator\">, <\/span><a href=\"https:\/\/albanien.ch\/albanien_info\/tag\/veranstaltung\/\" rel=\"tag\">Veranstaltung<\/a><span class=\"wp-block-post-terms__separator\">, <\/span><a href=\"https:\/\/albanien.ch\/albanien_info\/tag\/volkskultur\/\" rel=\"tag\">Volkskultur<\/a><span class=\"wp-block-post-terms__separator\">, <\/span><a href=\"https:\/\/albanien.ch\/albanien_info\/tag\/vorfuehrung\/\" rel=\"tag\">Vorf\u00fchrung<\/a><\/div><\/div>\n<\/div>\n","protected":false},"excerpt":{"rendered":"<p>Das kulturelle Angebot f\u00fcr Touristen ist in Albanien noch recht klein, w\u00e4chst aber allm\u00e4hlich. So gibt es zahlreiche M\u00f6glichkeiten, albanische Kultur zu erfahren, die hier&hellip;<\/p>\n","protected":false},"author":1,"featured_media":230,"parent":0,"menu_order":0,"comment_status":"open","ping_status":"open","template":"","meta":{"jetpack_post_was_ever_published":false,"footnotes":""},"categories":[196,11],"tags":[133,124,126,131,125,135,129,134,128,130,132,127],"class_list":["post-232","page","type-page","status-publish","has-post-thumbnail","hentry","category-bilder","category-travel-tips","tag-auffuehrung","tag-ausstellung","tag-geschichte","tag-kultur","tag-museum","tag-musik","tag-oper","tag-tanz","tag-theater","tag-veranstaltung","tag-volkskultur","tag-vorfuehrung"],"yoast_head":"<!-- This site is optimized with the Yoast SEO plugin v27.2 - https:\/\/yoast.com\/product\/yoast-seo-wordpress\/ -->\n<title>Kultur &#8211; albanien.ch<\/title>\n<meta name=\"description\" content=\"Online-Reisef\u00fchrer und weitere Landesinformationen zu Albanien: zahlreiche Reiseinfos und Sehensw\u00fcrdigkeiten aus erster Hand\" \/>\n<meta name=\"robots\" content=\"index, follow, max-snippet:-1, max-image-preview:large, max-video-preview:-1\" \/>\n<link rel=\"canonical\" href=\"https:\/\/albanien.ch\/albanien_info\/kultur\/\" \/>\n<meta property=\"og:locale\" content=\"de_DE\" \/>\n<meta property=\"og:type\" content=\"article\" \/>\n<meta property=\"og:title\" content=\"Kultur &#8211; albanien.ch\" \/>\n<meta property=\"og:description\" content=\"Online-Reisef\u00fchrer und weitere Landesinformationen zu Albanien: zahlreiche Reiseinfos und Sehensw\u00fcrdigkeiten aus erster Hand\" \/>\n<meta property=\"og:url\" content=\"https:\/\/albanien.ch\/albanien_info\/kultur\/\" \/>\n<meta property=\"og:site_name\" content=\"AlbINFO\" \/>\n<meta property=\"article:publisher\" content=\"https:\/\/www.facebook.com\/albaniench\/\" \/>\n<meta property=\"article:published_time\" content=\"2025-08-07T20:45:41+00:00\" \/>\n<meta property=\"article:modified_time\" content=\"2025-08-07T20:45:43+00:00\" \/>\n<meta property=\"og:image\" content=\"https:\/\/albanien.ch\/albanien_info\/wp-content\/uploads\/2015\/03\/Volkstanz.jpg\" \/>\n\t<meta property=\"og:image:width\" content=\"666\" \/>\n\t<meta property=\"og:image:height\" content=\"666\" \/>\n\t<meta property=\"og:image:type\" content=\"image\/jpeg\" \/>\n<meta name=\"author\" content=\"lhadmin\" \/>\n<meta name=\"twitter:card\" content=\"summary_large_image\" \/>\n<meta name=\"twitter:creator\" content=\"@alb_info\" \/>\n<meta name=\"twitter:site\" content=\"@alb_info\" \/>\n<script type=\"application\/ld+json\" class=\"yoast-schema-graph\">{\"@context\":\"https:\/\/schema.org\",\"@graph\":[{\"@type\":\"Article\",\"@id\":\"https:\/\/albanien.ch\/albanien_info\/kultur\/#article\",\"isPartOf\":{\"@id\":\"https:\/\/albanien.ch\/albanien_info\/kultur\/\"},\"author\":{\"name\":\"lhadmin\",\"@id\":\"https:\/\/albanien.ch\/albanien_info\/#\/schema\/person\/488c5e9f7a4cd41d1077699508b24e09\"},\"headline\":\"Kultur\",\"datePublished\":\"2025-08-07T20:45:41+00:00\",\"dateModified\":\"2025-08-07T20:45:43+00:00\",\"mainEntityOfPage\":{\"@id\":\"https:\/\/albanien.ch\/albanien_info\/kultur\/\"},\"wordCount\":609,\"commentCount\":0,\"publisher\":{\"@id\":\"https:\/\/albanien.ch\/albanien_info\/#organization\"},\"image\":{\"@id\":\"https:\/\/albanien.ch\/albanien_info\/kultur\/#primaryimage\"},\"thumbnailUrl\":\"https:\/\/i0.wp.com\/albanien.ch\/albanien_info\/wp-content\/uploads\/2015\/03\/Volkstanz.jpg?fit=666%2C666&ssl=1\",\"keywords\":[\"Auff\u00fchrung\",\"Ausstellung\",\"Geschichte\",\"Kultur\",\"Museum\",\"Musik\",\"Oper\",\"Tanz\",\"Theater\",\"Veranstaltung\",\"Volkskultur\",\"Vorf\u00fchrung\"],\"articleSection\":[\"Bilder\",\"Reisetipps\"],\"inLanguage\":\"de\",\"potentialAction\":[{\"@type\":\"CommentAction\",\"name\":\"Comment\",\"target\":[\"https:\/\/albanien.ch\/albanien_info\/kultur\/#respond\"]}]},{\"@type\":\"WebPage\",\"@id\":\"https:\/\/albanien.ch\/albanien_info\/kultur\/\",\"url\":\"https:\/\/albanien.ch\/albanien_info\/kultur\/\",\"name\":\"Kultur &#8211; albanien.ch\",\"isPartOf\":{\"@id\":\"https:\/\/albanien.ch\/albanien_info\/#website\"},\"primaryImageOfPage\":{\"@id\":\"https:\/\/albanien.ch\/albanien_info\/kultur\/#primaryimage\"},\"image\":{\"@id\":\"https:\/\/albanien.ch\/albanien_info\/kultur\/#primaryimage\"},\"thumbnailUrl\":\"https:\/\/i0.wp.com\/albanien.ch\/albanien_info\/wp-content\/uploads\/2015\/03\/Volkstanz.jpg?fit=666%2C666&ssl=1\",\"datePublished\":\"2025-08-07T20:45:41+00:00\",\"dateModified\":\"2025-08-07T20:45:43+00:00\",\"description\":\"Online-Reisef\u00fchrer und weitere Landesinformationen zu Albanien: zahlreiche Reiseinfos und Sehensw\u00fcrdigkeiten aus erster Hand\",\"breadcrumb\":{\"@id\":\"https:\/\/albanien.ch\/albanien_info\/kultur\/#breadcrumb\"},\"inLanguage\":\"de\",\"potentialAction\":[{\"@type\":\"ReadAction\",\"target\":[\"https:\/\/albanien.ch\/albanien_info\/kultur\/\"]}]},{\"@type\":\"ImageObject\",\"inLanguage\":\"de\",\"@id\":\"https:\/\/albanien.ch\/albanien_info\/kultur\/#primaryimage\",\"url\":\"https:\/\/i0.wp.com\/albanien.ch\/albanien_info\/wp-content\/uploads\/2015\/03\/Volkstanz.jpg?fit=666%2C666&ssl=1\",\"contentUrl\":\"https:\/\/i0.wp.com\/albanien.ch\/albanien_info\/wp-content\/uploads\/2015\/03\/Volkstanz.jpg?fit=666%2C666&ssl=1\",\"width\":666,\"height\":666},{\"@type\":\"BreadcrumbList\",\"@id\":\"https:\/\/albanien.ch\/albanien_info\/kultur\/#breadcrumb\",\"itemListElement\":[{\"@type\":\"ListItem\",\"position\":1,\"name\":\"Home\",\"item\":\"https:\/\/albanien.ch\/albanien_info\/\"},{\"@type\":\"ListItem\",\"position\":2,\"name\":\"Kultur\"}]},{\"@type\":\"WebSite\",\"@id\":\"https:\/\/albanien.ch\/albanien_info\/#website\",\"url\":\"https:\/\/albanien.ch\/albanien_info\/\",\"name\":\"AlbINFO\",\"description\":\"Albanien Reiseinformationen von albanien.ch\",\"publisher\":{\"@id\":\"https:\/\/albanien.ch\/albanien_info\/#organization\"},\"potentialAction\":[{\"@type\":\"SearchAction\",\"target\":{\"@type\":\"EntryPoint\",\"urlTemplate\":\"https:\/\/albanien.ch\/albanien_info\/?s={search_term_string}\"},\"query-input\":{\"@type\":\"PropertyValueSpecification\",\"valueRequired\":true,\"valueName\":\"search_term_string\"}}],\"inLanguage\":\"de\"},{\"@type\":\"Organization\",\"@id\":\"https:\/\/albanien.ch\/albanien_info\/#organization\",\"name\":\"albanien.ch\",\"url\":\"https:\/\/albanien.ch\/albanien_info\/\",\"logo\":{\"@type\":\"ImageObject\",\"inLanguage\":\"de\",\"@id\":\"https:\/\/albanien.ch\/albanien_info\/#\/schema\/logo\/image\/\",\"url\":\"https:\/\/i0.wp.com\/albanien.ch\/albanien_info\/wp-content\/uploads\/2016\/11\/albaniench_square.png?fit=415%2C415&ssl=1\",\"contentUrl\":\"https:\/\/i0.wp.com\/albanien.ch\/albanien_info\/wp-content\/uploads\/2016\/11\/albaniench_square.png?fit=415%2C415&ssl=1\",\"width\":415,\"height\":415,\"caption\":\"albanien.ch\"},\"image\":{\"@id\":\"https:\/\/albanien.ch\/albanien_info\/#\/schema\/logo\/image\/\"},\"sameAs\":[\"https:\/\/www.facebook.com\/albaniench\/\",\"https:\/\/x.com\/alb_info\",\"https:\/\/www.instagram.com\/alb_info\/\"]},{\"@type\":\"Person\",\"@id\":\"https:\/\/albanien.ch\/albanien_info\/#\/schema\/person\/488c5e9f7a4cd41d1077699508b24e09\",\"name\":\"lhadmin\",\"image\":{\"@type\":\"ImageObject\",\"inLanguage\":\"de\",\"@id\":\"https:\/\/secure.gravatar.com\/avatar\/a2a57a6389b498165b641697cc70cfe9b4677cb5f0c8bfaad91a901c4f1945e8?s=96&d=mm&r=g\",\"url\":\"https:\/\/secure.gravatar.com\/avatar\/a2a57a6389b498165b641697cc70cfe9b4677cb5f0c8bfaad91a901c4f1945e8?s=96&d=mm&r=g\",\"contentUrl\":\"https:\/\/secure.gravatar.com\/avatar\/a2a57a6389b498165b641697cc70cfe9b4677cb5f0c8bfaad91a901c4f1945e8?s=96&d=mm&r=g\",\"caption\":\"lhadmin\"}}]}<\/script>\n<!-- \/ Yoast SEO plugin. -->","yoast_head_json":{"title":"Kultur &#8211; albanien.ch","description":"Online-Reisef\u00fchrer und weitere Landesinformationen zu Albanien: zahlreiche Reiseinfos und Sehensw\u00fcrdigkeiten aus erster Hand","robots":{"index":"index","follow":"follow","max-snippet":"max-snippet:-1","max-image-preview":"max-image-preview:large","max-video-preview":"max-video-preview:-1"},"canonical":"https:\/\/albanien.ch\/albanien_info\/kultur\/","og_locale":"de_DE","og_type":"article","og_title":"Kultur &#8211; albanien.ch","og_description":"Online-Reisef\u00fchrer und weitere Landesinformationen zu Albanien: zahlreiche Reiseinfos und Sehensw\u00fcrdigkeiten aus erster Hand","og_url":"https:\/\/albanien.ch\/albanien_info\/kultur\/","og_site_name":"AlbINFO","article_publisher":"https:\/\/www.facebook.com\/albaniench\/","article_published_time":"2025-08-07T20:45:41+00:00","article_modified_time":"2025-08-07T20:45:43+00:00","og_image":[{"width":666,"height":666,"url":"https:\/\/albanien.ch\/albanien_info\/wp-content\/uploads\/2015\/03\/Volkstanz.jpg","type":"image\/jpeg"}],"author":"lhadmin","twitter_card":"summary_large_image","twitter_creator":"@alb_info","twitter_site":"@alb_info","schema":{"@context":"https:\/\/schema.org","@graph":[{"@type":"Article","@id":"https:\/\/albanien.ch\/albanien_info\/kultur\/#article","isPartOf":{"@id":"https:\/\/albanien.ch\/albanien_info\/kultur\/"},"author":{"name":"lhadmin","@id":"https:\/\/albanien.ch\/albanien_info\/#\/schema\/person\/488c5e9f7a4cd41d1077699508b24e09"},"headline":"Kultur","datePublished":"2025-08-07T20:45:41+00:00","dateModified":"2025-08-07T20:45:43+00:00","mainEntityOfPage":{"@id":"https:\/\/albanien.ch\/albanien_info\/kultur\/"},"wordCount":609,"commentCount":0,"publisher":{"@id":"https:\/\/albanien.ch\/albanien_info\/#organization"},"image":{"@id":"https:\/\/albanien.ch\/albanien_info\/kultur\/#primaryimage"},"thumbnailUrl":"https:\/\/i0.wp.com\/albanien.ch\/albanien_info\/wp-content\/uploads\/2015\/03\/Volkstanz.jpg?fit=666%2C666&ssl=1","keywords":["Auff\u00fchrung","Ausstellung","Geschichte","Kultur","Museum","Musik","Oper","Tanz","Theater","Veranstaltung","Volkskultur","Vorf\u00fchrung"],"articleSection":["Bilder","Reisetipps"],"inLanguage":"de","potentialAction":[{"@type":"CommentAction","name":"Comment","target":["https:\/\/albanien.ch\/albanien_info\/kultur\/#respond"]}]},{"@type":"WebPage","@id":"https:\/\/albanien.ch\/albanien_info\/kultur\/","url":"https:\/\/albanien.ch\/albanien_info\/kultur\/","name":"Kultur &#8211; albanien.ch","isPartOf":{"@id":"https:\/\/albanien.ch\/albanien_info\/#website"},"primaryImageOfPage":{"@id":"https:\/\/albanien.ch\/albanien_info\/kultur\/#primaryimage"},"image":{"@id":"https:\/\/albanien.ch\/albanien_info\/kultur\/#primaryimage"},"thumbnailUrl":"https:\/\/i0.wp.com\/albanien.ch\/albanien_info\/wp-content\/uploads\/2015\/03\/Volkstanz.jpg?fit=666%2C666&ssl=1","datePublished":"2025-08-07T20:45:41+00:00","dateModified":"2025-08-07T20:45:43+00:00","description":"Online-Reisef\u00fchrer und weitere Landesinformationen zu Albanien: zahlreiche Reiseinfos und Sehensw\u00fcrdigkeiten aus erster Hand","breadcrumb":{"@id":"https:\/\/albanien.ch\/albanien_info\/kultur\/#breadcrumb"},"inLanguage":"de","potentialAction":[{"@type":"ReadAction","target":["https:\/\/albanien.ch\/albanien_info\/kultur\/"]}]},{"@type":"ImageObject","inLanguage":"de","@id":"https:\/\/albanien.ch\/albanien_info\/kultur\/#primaryimage","url":"https:\/\/i0.wp.com\/albanien.ch\/albanien_info\/wp-content\/uploads\/2015\/03\/Volkstanz.jpg?fit=666%2C666&ssl=1","contentUrl":"https:\/\/i0.wp.com\/albanien.ch\/albanien_info\/wp-content\/uploads\/2015\/03\/Volkstanz.jpg?fit=666%2C666&ssl=1","width":666,"height":666},{"@type":"BreadcrumbList","@id":"https:\/\/albanien.ch\/albanien_info\/kultur\/#breadcrumb","itemListElement":[{"@type":"ListItem","position":1,"name":"Home","item":"https:\/\/albanien.ch\/albanien_info\/"},{"@type":"ListItem","position":2,"name":"Kultur"}]},{"@type":"WebSite","@id":"https:\/\/albanien.ch\/albanien_info\/#website","url":"https:\/\/albanien.ch\/albanien_info\/","name":"AlbINFO","description":"Albanien Reiseinformationen von albanien.ch","publisher":{"@id":"https:\/\/albanien.ch\/albanien_info\/#organization"},"potentialAction":[{"@type":"SearchAction","target":{"@type":"EntryPoint","urlTemplate":"https:\/\/albanien.ch\/albanien_info\/?s={search_term_string}"},"query-input":{"@type":"PropertyValueSpecification","valueRequired":true,"valueName":"search_term_string"}}],"inLanguage":"de"},{"@type":"Organization","@id":"https:\/\/albanien.ch\/albanien_info\/#organization","name":"albanien.ch","url":"https:\/\/albanien.ch\/albanien_info\/","logo":{"@type":"ImageObject","inLanguage":"de","@id":"https:\/\/albanien.ch\/albanien_info\/#\/schema\/logo\/image\/","url":"https:\/\/i0.wp.com\/albanien.ch\/albanien_info\/wp-content\/uploads\/2016\/11\/albaniench_square.png?fit=415%2C415&ssl=1","contentUrl":"https:\/\/i0.wp.com\/albanien.ch\/albanien_info\/wp-content\/uploads\/2016\/11\/albaniench_square.png?fit=415%2C415&ssl=1","width":415,"height":415,"caption":"albanien.ch"},"image":{"@id":"https:\/\/albanien.ch\/albanien_info\/#\/schema\/logo\/image\/"},"sameAs":["https:\/\/www.facebook.com\/albaniench\/","https:\/\/x.com\/alb_info","https:\/\/www.instagram.com\/alb_info\/"]},{"@type":"Person","@id":"https:\/\/albanien.ch\/albanien_info\/#\/schema\/person\/488c5e9f7a4cd41d1077699508b24e09","name":"lhadmin","image":{"@type":"ImageObject","inLanguage":"de","@id":"https:\/\/secure.gravatar.com\/avatar\/a2a57a6389b498165b641697cc70cfe9b4677cb5f0c8bfaad91a901c4f1945e8?s=96&d=mm&r=g","url":"https:\/\/secure.gravatar.com\/avatar\/a2a57a6389b498165b641697cc70cfe9b4677cb5f0c8bfaad91a901c4f1945e8?s=96&d=mm&r=g","contentUrl":"https:\/\/secure.gravatar.com\/avatar\/a2a57a6389b498165b641697cc70cfe9b4677cb5f0c8bfaad91a901c4f1945e8?s=96&d=mm&r=g","caption":"lhadmin"}}]}},"jetpack_sharing_enabled":true,"jetpack_shortlink":"https:\/\/wp.me\/P5VAQP-3K","_links":{"self":[{"href":"https:\/\/albanien.ch\/albanien_info\/wp-json\/wp\/v2\/pages\/232","targetHints":{"allow":["GET"]}}],"collection":[{"href":"https:\/\/albanien.ch\/albanien_info\/wp-json\/wp\/v2\/pages"}],"about":[{"href":"https:\/\/albanien.ch\/albanien_info\/wp-json\/wp\/v2\/types\/page"}],"author":[{"embeddable":true,"href":"https:\/\/albanien.ch\/albanien_info\/wp-json\/wp\/v2\/users\/1"}],"replies":[{"embeddable":true,"href":"https:\/\/albanien.ch\/albanien_info\/wp-json\/wp\/v2\/comments?post=232"}],"version-history":[{"count":8,"href":"https:\/\/albanien.ch\/albanien_info\/wp-json\/wp\/v2\/pages\/232\/revisions"}],"predecessor-version":[{"id":8246,"href":"https:\/\/albanien.ch\/albanien_info\/wp-json\/wp\/v2\/pages\/232\/revisions\/8246"}],"wp:featuredmedia":[{"embeddable":true,"href":"https:\/\/albanien.ch\/albanien_info\/wp-json\/wp\/v2\/media\/230"}],"wp:attachment":[{"href":"https:\/\/albanien.ch\/albanien_info\/wp-json\/wp\/v2\/media?parent=232"}],"wp:term":[{"taxonomy":"category","embeddable":true,"href":"https:\/\/albanien.ch\/albanien_info\/wp-json\/wp\/v2\/categories?post=232"},{"taxonomy":"post_tag","embeddable":true,"href":"https:\/\/albanien.ch\/albanien_info\/wp-json\/wp\/v2\/tags?post=232"}],"curies":[{"name":"wp","href":"https:\/\/api.w.org\/{rel}","templated":true}]}}