{"id":224,"date":"2023-05-15T13:41:00","date_gmt":"2023-05-15T11:41:00","guid":{"rendered":"https:\/\/albanien.ch\/albanien_info\/?p=224"},"modified":"2023-05-15T13:57:20","modified_gmt":"2023-05-15T11:57:20","slug":"einreise-papierkram","status":"publish","type":"page","link":"https:\/\/albanien.ch\/albanien_info\/einreise-papierkram\/","title":{"rendered":"Einreise \u2013 Papierkram"},"content":{"rendered":"\n<p>Mitteleurop\u00e4er ben\u00f6tigen f\u00fcr die Einreise nach Albanien einen noch drei Monate \u00fcber die Ausreise g\u00fcltigen Reisepass* oder einen Personalausweis* resp. eine Identit\u00e4tskarte*.<\/p>\n\n\n<div class=\"wp-block-image\">\n<figure class=\"alignright\"><a href=\"https:\/\/www.albanien.ch\/albanien_info\/einreise-papierkram\/grenze_bashkimi\/\" rel=\"attachment wp-att-226\"><img data-recalc-dims=\"1\" loading=\"lazy\" decoding=\"async\" width=\"300\" height=\"209\" data-attachment-id=\"226\" data-permalink=\"https:\/\/albanien.ch\/albanien_info\/einreise-papierkram\/grenze_bashkimi\/\" data-orig-file=\"https:\/\/i0.wp.com\/albanien.ch\/albanien_info\/wp-content\/uploads\/2015\/03\/Grenze_Bashkimi.jpg?fit=1000%2C698&amp;ssl=1\" data-orig-size=\"1000,698\" data-comments-opened=\"1\" data-image-meta=\"{&quot;aperture&quot;:&quot;0&quot;,&quot;credit&quot;:&quot;&quot;,&quot;camera&quot;:&quot;&quot;,&quot;caption&quot;:&quot;&quot;,&quot;created_timestamp&quot;:&quot;0&quot;,&quot;copyright&quot;:&quot;&quot;,&quot;focal_length&quot;:&quot;0&quot;,&quot;iso&quot;:&quot;0&quot;,&quot;shutter_speed&quot;:&quot;0&quot;,&quot;title&quot;:&quot;&quot;,&quot;orientation&quot;:&quot;0&quot;}\" data-image-title=\"Grenz\u00fcbergang Vermosh\" data-image-description=\"\" data-image-caption=\"&lt;p&gt;Kleiner Grenz\u00fcbergang in den Bergen: Vermosh&lt;\/p&gt;\n\" data-medium-file=\"https:\/\/i0.wp.com\/albanien.ch\/albanien_info\/wp-content\/uploads\/2015\/03\/Grenze_Bashkimi.jpg?fit=300%2C209&amp;ssl=1\" data-large-file=\"https:\/\/i0.wp.com\/albanien.ch\/albanien_info\/wp-content\/uploads\/2015\/03\/Grenze_Bashkimi.jpg?fit=525%2C366&amp;ssl=1\" src=\"https:\/\/i0.wp.com\/www.albanien.ch\/albanien_info\/wp-content\/uploads\/2015\/03\/Grenze_Bashkimi-300x209.jpg?resize=300%2C209&#038;ssl=1\" alt=\"Grenz\u00fcbergang Vermosh: Einreise nach Albanien ohne Visum\" class=\"wp-image-226\" srcset=\"https:\/\/i0.wp.com\/albanien.ch\/albanien_info\/wp-content\/uploads\/2015\/03\/Grenze_Bashkimi.jpg?resize=300%2C209&amp;ssl=1 300w, https:\/\/i0.wp.com\/albanien.ch\/albanien_info\/wp-content\/uploads\/2015\/03\/Grenze_Bashkimi.jpg?resize=900%2C628&amp;ssl=1 900w, https:\/\/i0.wp.com\/albanien.ch\/albanien_info\/wp-content\/uploads\/2015\/03\/Grenze_Bashkimi.jpg?w=1000&amp;ssl=1 1000w\" sizes=\"auto, (max-width: 300px) 100vw, 300px\" \/><\/a><figcaption class=\"wp-element-caption\">Kleiner Grenz\u00fcbergang in den Bergen: Vermosh<\/figcaption><\/figure><\/div>\n\n\n<p>F\u00fcr l\u00e4ngere Aufenthalte (mehr als 90 Tage) sind Visa\/Aufenthaltsbewilligungen n\u00f6tig. Bei Aufenthalten von \u00fcber 30 Tagen sollte die Einreise mit dem Pass erfolgen, und eine Anmeldung bei den Beh\u00f6rden ist n\u00f6tig. F\u00fcr die aktuellen Details bitte die <a href=\"https:\/\/punetejashtme.gov.al\/en\/regjimi-i-vizave-per-te-huajt\/\" target=\"_blank\" rel=\"noreferrer noopener\">Website des albanischen Aussenministeriums<\/a> konsultieren oder bei der n\u00e4chsten albanischen Botschaft nachfragen.<\/p>\n\n\n\n<p>Langzeit- und Kurzzeit-Visa k\u00f6nnen online beantragt werden:<br><a href=\"https:\/\/e-visa.al\/\" target=\"_blank\" rel=\"noopener noreferrer\"><i class=\"wp-svg-earth earth\"><\/i> e-visa.al<\/a><\/p>\n\n\n\n<p>Beim Grenz\u00fcbertritt gelten die \u00fcblichen Zollbestimmungen. Gr\u00f6ssere Geldbetr\u00e4ge m\u00fcssen angemeldet werden. Fahrzeuge m\u00fcssen \u00fcber die Gr\u00fcne Versicherungskarte verf\u00fcgen.<\/p>\n\n\n\n<p>Weitere Hinweise finden sich auf der <a href=\"http:\/\/albania.al\/visa-procedures\/\" target=\"_blank\" rel=\"nofollow noopener noreferrer\">Homepage der albanischen Tourismus-Agentur<\/a> sowie \u00fcber unsere <a href=\"https:\/\/www.albanien.ch\/albanien_info\/sicherheit\/#staatlichereisehinweise\">\u00dcbersicht staatlicher Reisehinweise<\/a>.<\/p>\n\n\n\n<div style=\"height:25px\" aria-hidden=\"true\" class=\"wp-block-spacer\"><\/div>\n\n\n\n<h6 class=\"wp-block-heading\"><em>* Gewisse Airlines behaupten, dass der Reisepass bei Einreise noch mindestens sechs Monate g\u00fcltig sein muss oder Personalausweise nicht akzeptiert werden \u2013 bei Zweifel mit der Airline abkl\u00e4ren. <\/em><\/h6>\n\n\n\n<div style=\"height:25px\" aria-hidden=\"true\" class=\"wp-block-spacer\"><\/div>\n\n\n\t<div class=\"simple-alert-boxes sab_info sab_normal \">\r\n\t\t<a href=\"https:\/\/albanien.ch\/albanien_info\/reisefuehrer-albanien\/reisetipps\/grenzuebergaenge-albanien\/\">\u00dcbersicht der Grenz\u00fcberg\u00e4nge<\/a>\t<\/div>\r\n\t\n\n\n\t<div class=\"simple-alert-boxes sab_warning sab_big \">\r\n\t\t<strong>Disclaimer<\/strong><br \/>\nWir bem\u00fchen uns um aktuelle und korrekte Angaben. Das Angebot dient aber lediglich der allgemeinen Information und beabsichtigt nicht, inhaltlich umfassend oder t\u00e4glich aktuell zu sein. Auf diese Angaben gest\u00fctzte Dispositionen erfolgen auf eigenen Verantwortung. Jede Haftung aufgrund falscher Angaben wird ausgeschlossen.\t<\/div>\r\n\t\n\n\n\n<div style=\"height:100px\" aria-hidden=\"true\" class=\"wp-block-spacer\"><\/div>\n\n\n\n<div class=\"wp-block-columns is-layout-flex wp-container-core-columns-is-layout-9d6595d7 wp-block-columns-is-layout-flex\">\n<div class=\"wp-block-column simple-alert-boxes sab_plain sab_small is-layout-flow wp-block-column-is-layout-flow\">\n<p class=\"has-small-font-size\">Wir <a href=\"https:\/\/albanien.ch\/albanien_info\/ueber-uns\/\">Autoren<\/a> dieser Seite bereisen Albanien teilweise schon sei 30 Jahren. Wir teilen hier unser Wissen und unsere pers\u00f6nlichen Erfahrungen. <a href=\"https:\/\/albanien.ch\/albanien_info\/ueber-uns\/feedback\/\">Feedback<\/a> ist immer willkommen.<\/p>\n<\/div>\n\n\n\n<div class=\"wp-block-column simple-alert-boxes sab_plain sab_small is-layout-flow wp-block-column-is-layout-flow\">\n<p class=\"has-small-font-size\"><strong>Vollst\u00e4ndig \u00fcberpr\u00fcft und \u00fcberarbeitet:<\/strong><\/p>\n\n\n<div class=\"wp-block-post-date has-small-font-size\"><time datetime=\"2023-05-15T13:41:00+02:00\">15. Mai 2023<\/time><\/div><\/div>\n\n\n\n<div class=\"wp-block-column simple-alert-boxes sab_plain sab_small is-layout-flow wp-block-column-is-layout-flow\">\n<p class=\"has-small-font-size\"><strong>Verwandte Themen:<\/strong><\/p>\n\n\n<div class=\"taxonomy-post_tag wp-block-post-terms\"><a href=\"https:\/\/albanien.ch\/albanien_info\/tag\/anreise\/\" rel=\"tag\">Anreise<\/a><span class=\"wp-block-post-terms__separator\">, <\/span><a href=\"https:\/\/albanien.ch\/albanien_info\/tag\/einreise\/\" rel=\"tag\">Einreise<\/a><span class=\"wp-block-post-terms__separator\">, <\/span><a href=\"https:\/\/albanien.ch\/albanien_info\/tag\/grenze\/\" rel=\"tag\">Grenze<\/a><span class=\"wp-block-post-terms__separator\">, <\/span><a href=\"https:\/\/albanien.ch\/albanien_info\/tag\/id\/\" rel=\"tag\">ID<\/a><span class=\"wp-block-post-terms__separator\">, <\/span><a href=\"https:\/\/albanien.ch\/albanien_info\/tag\/identitaetskarte\/\" rel=\"tag\">Identit\u00e4tskarte<\/a><span class=\"wp-block-post-terms__separator\">, <\/span><a href=\"https:\/\/albanien.ch\/albanien_info\/tag\/pass\/\" rel=\"tag\">Pass<\/a><span class=\"wp-block-post-terms__separator\">, <\/span><a href=\"https:\/\/albanien.ch\/albanien_info\/tag\/personalausweis\/\" rel=\"tag\">Personalausweis<\/a><span class=\"wp-block-post-terms__separator\">, <\/span><a href=\"https:\/\/albanien.ch\/albanien_info\/tag\/reisepass\/\" rel=\"tag\">Reisepass<\/a><span class=\"wp-block-post-terms__separator\">, <\/span><a href=\"https:\/\/albanien.ch\/albanien_info\/tag\/visa\/\" rel=\"tag\">Visa<\/a><span class=\"wp-block-post-terms__separator\">, <\/span><a href=\"https:\/\/albanien.ch\/albanien_info\/tag\/visum\/\" rel=\"tag\">Visum<\/a><span class=\"wp-block-post-terms__separator\">, <\/span><a href=\"https:\/\/albanien.ch\/albanien_info\/tag\/zoll\/\" rel=\"tag\">Zoll<\/a><\/div><\/div>\n<\/div>\n","protected":false},"excerpt":{"rendered":"<p>Mitteleurop\u00e4er ben\u00f6tigen f\u00fcr die Einreise nach Albanien einen noch drei Monate \u00fcber die Ausreise g\u00fcltigen Reisepass* oder einen Personalausweis* resp. eine Identit\u00e4tskarte*. F\u00fcr l\u00e4ngere Aufenthalte&hellip;<\/p>\n","protected":false},"author":1,"featured_media":2294,"parent":0,"menu_order":0,"comment_status":"open","ping_status":"open","template":"","meta":{"jetpack_post_was_ever_published":false,"footnotes":""},"categories":[11],"tags":[168,116,123,120,121,118,122,119,115,114,117],"class_list":["post-224","page","type-page","status-publish","has-post-thumbnail","hentry","category-travel-tips","tag-anreise","tag-einreise","tag-grenze","tag-id","tag-identitaetskarte","tag-pass","tag-personalausweis","tag-reisepass","tag-visa","tag-visum","tag-zoll"],"yoast_head":"<!-- This site is optimized with the Yoast SEO plugin v27.2 - https:\/\/yoast.com\/product\/yoast-seo-wordpress\/ -->\n<title>Einreise Albanien \u2013\u00a0Papierkram| albanien.ch<\/title>\n<meta name=\"description\" content=\"Online-Reisef\u00fchrer und weitere Landesinformationen zu Albanien: zahlreiche Reiseinfos und Sehensw\u00fcrdigkeiten aus erster Hand\" \/>\n<meta name=\"robots\" content=\"index, follow, max-snippet:-1, max-image-preview:large, max-video-preview:-1\" \/>\n<link rel=\"canonical\" href=\"https:\/\/albanien.ch\/albanien_info\/einreise-papierkram\/\" \/>\n<meta property=\"og:locale\" content=\"de_DE\" \/>\n<meta property=\"og:type\" content=\"article\" \/>\n<meta property=\"og:title\" content=\"Einreise Albanien \u2013\u00a0Papierkram| albanien.ch\" \/>\n<meta property=\"og:description\" content=\"Online-Reisef\u00fchrer und weitere Landesinformationen zu Albanien: zahlreiche Reiseinfos und Sehensw\u00fcrdigkeiten aus erster Hand\" \/>\n<meta property=\"og:url\" content=\"https:\/\/albanien.ch\/albanien_info\/einreise-papierkram\/\" \/>\n<meta property=\"og:site_name\" content=\"AlbINFO\" \/>\n<meta property=\"article:publisher\" content=\"https:\/\/www.facebook.com\/albaniench\/\" \/>\n<meta property=\"article:modified_time\" content=\"2023-05-15T11:57:20+00:00\" \/>\n<meta property=\"og:image\" content=\"https:\/\/albanien.ch\/albanien_info\/wp-content\/uploads\/2015\/03\/Durres_Welcome_to_Albania_square-uneven.jpg\" \/>\n\t<meta property=\"og:image:width\" content=\"1250\" \/>\n\t<meta property=\"og:image:height\" content=\"1250\" \/>\n\t<meta property=\"og:image:type\" content=\"image\/jpeg\" \/>\n<meta name=\"twitter:card\" content=\"summary_large_image\" \/>\n<meta name=\"twitter:site\" content=\"@alb_info\" \/>\n<script type=\"application\/ld+json\" class=\"yoast-schema-graph\">{\"@context\":\"https:\/\/schema.org\",\"@graph\":[{\"@type\":\"WebPage\",\"@id\":\"https:\/\/albanien.ch\/albanien_info\/einreise-papierkram\/\",\"url\":\"https:\/\/albanien.ch\/albanien_info\/einreise-papierkram\/\",\"name\":\"Einreise Albanien \u2013\u00a0Papierkram| albanien.ch\",\"isPartOf\":{\"@id\":\"https:\/\/albanien.ch\/albanien_info\/#website\"},\"primaryImageOfPage\":{\"@id\":\"https:\/\/albanien.ch\/albanien_info\/einreise-papierkram\/#primaryimage\"},\"image\":{\"@id\":\"https:\/\/albanien.ch\/albanien_info\/einreise-papierkram\/#primaryimage\"},\"thumbnailUrl\":\"https:\/\/i0.wp.com\/albanien.ch\/albanien_info\/wp-content\/uploads\/2015\/03\/Durres_Welcome_to_Albania_square-uneven.jpg?fit=1250%2C1250&ssl=1\",\"datePublished\":\"2023-05-15T11:41:00+00:00\",\"dateModified\":\"2023-05-15T11:57:20+00:00\",\"description\":\"Online-Reisef\u00fchrer und weitere Landesinformationen zu Albanien: zahlreiche Reiseinfos und Sehensw\u00fcrdigkeiten aus erster Hand\",\"breadcrumb\":{\"@id\":\"https:\/\/albanien.ch\/albanien_info\/einreise-papierkram\/#breadcrumb\"},\"inLanguage\":\"de\",\"potentialAction\":[{\"@type\":\"ReadAction\",\"target\":[\"https:\/\/albanien.ch\/albanien_info\/einreise-papierkram\/\"]}]},{\"@type\":\"ImageObject\",\"inLanguage\":\"de\",\"@id\":\"https:\/\/albanien.ch\/albanien_info\/einreise-papierkram\/#primaryimage\",\"url\":\"https:\/\/i0.wp.com\/albanien.ch\/albanien_info\/wp-content\/uploads\/2015\/03\/Durres_Welcome_to_Albania_square-uneven.jpg?fit=1250%2C1250&ssl=1\",\"contentUrl\":\"https:\/\/i0.wp.com\/albanien.ch\/albanien_info\/wp-content\/uploads\/2015\/03\/Durres_Welcome_to_Albania_square-uneven.jpg?fit=1250%2C1250&ssl=1\",\"width\":1250,\"height\":1250,\"caption\":\"Durr\u00ebs F\u00e4hrterminal\"},{\"@type\":\"BreadcrumbList\",\"@id\":\"https:\/\/albanien.ch\/albanien_info\/einreise-papierkram\/#breadcrumb\",\"itemListElement\":[{\"@type\":\"ListItem\",\"position\":1,\"name\":\"Home\",\"item\":\"https:\/\/albanien.ch\/albanien_info\/\"},{\"@type\":\"ListItem\",\"position\":2,\"name\":\"Einreise \u2013 Papierkram\"}]},{\"@type\":\"WebSite\",\"@id\":\"https:\/\/albanien.ch\/albanien_info\/#website\",\"url\":\"https:\/\/albanien.ch\/albanien_info\/\",\"name\":\"AlbINFO\",\"description\":\"Albanien Reiseinformationen von albanien.ch\",\"publisher\":{\"@id\":\"https:\/\/albanien.ch\/albanien_info\/#organization\"},\"potentialAction\":[{\"@type\":\"SearchAction\",\"target\":{\"@type\":\"EntryPoint\",\"urlTemplate\":\"https:\/\/albanien.ch\/albanien_info\/?s={search_term_string}\"},\"query-input\":{\"@type\":\"PropertyValueSpecification\",\"valueRequired\":true,\"valueName\":\"search_term_string\"}}],\"inLanguage\":\"de\"},{\"@type\":\"Organization\",\"@id\":\"https:\/\/albanien.ch\/albanien_info\/#organization\",\"name\":\"albanien.ch\",\"url\":\"https:\/\/albanien.ch\/albanien_info\/\",\"logo\":{\"@type\":\"ImageObject\",\"inLanguage\":\"de\",\"@id\":\"https:\/\/albanien.ch\/albanien_info\/#\/schema\/logo\/image\/\",\"url\":\"https:\/\/i0.wp.com\/albanien.ch\/albanien_info\/wp-content\/uploads\/2016\/11\/albaniench_square.png?fit=415%2C415&ssl=1\",\"contentUrl\":\"https:\/\/i0.wp.com\/albanien.ch\/albanien_info\/wp-content\/uploads\/2016\/11\/albaniench_square.png?fit=415%2C415&ssl=1\",\"width\":415,\"height\":415,\"caption\":\"albanien.ch\"},\"image\":{\"@id\":\"https:\/\/albanien.ch\/albanien_info\/#\/schema\/logo\/image\/\"},\"sameAs\":[\"https:\/\/www.facebook.com\/albaniench\/\",\"https:\/\/x.com\/alb_info\",\"https:\/\/www.instagram.com\/alb_info\/\"]}]}<\/script>\n<!-- \/ Yoast SEO plugin. -->","yoast_head_json":{"title":"Einreise Albanien \u2013\u00a0Papierkram| albanien.ch","description":"Online-Reisef\u00fchrer und weitere Landesinformationen zu Albanien: zahlreiche Reiseinfos und Sehensw\u00fcrdigkeiten aus erster Hand","robots":{"index":"index","follow":"follow","max-snippet":"max-snippet:-1","max-image-preview":"max-image-preview:large","max-video-preview":"max-video-preview:-1"},"canonical":"https:\/\/albanien.ch\/albanien_info\/einreise-papierkram\/","og_locale":"de_DE","og_type":"article","og_title":"Einreise Albanien \u2013\u00a0Papierkram| albanien.ch","og_description":"Online-Reisef\u00fchrer und weitere Landesinformationen zu Albanien: zahlreiche Reiseinfos und Sehensw\u00fcrdigkeiten aus erster Hand","og_url":"https:\/\/albanien.ch\/albanien_info\/einreise-papierkram\/","og_site_name":"AlbINFO","article_publisher":"https:\/\/www.facebook.com\/albaniench\/","article_modified_time":"2023-05-15T11:57:20+00:00","og_image":[{"width":1250,"height":1250,"url":"https:\/\/albanien.ch\/albanien_info\/wp-content\/uploads\/2015\/03\/Durres_Welcome_to_Albania_square-uneven.jpg","type":"image\/jpeg"}],"twitter_card":"summary_large_image","twitter_site":"@alb_info","schema":{"@context":"https:\/\/schema.org","@graph":[{"@type":"WebPage","@id":"https:\/\/albanien.ch\/albanien_info\/einreise-papierkram\/","url":"https:\/\/albanien.ch\/albanien_info\/einreise-papierkram\/","name":"Einreise Albanien \u2013\u00a0Papierkram| albanien.ch","isPartOf":{"@id":"https:\/\/albanien.ch\/albanien_info\/#website"},"primaryImageOfPage":{"@id":"https:\/\/albanien.ch\/albanien_info\/einreise-papierkram\/#primaryimage"},"image":{"@id":"https:\/\/albanien.ch\/albanien_info\/einreise-papierkram\/#primaryimage"},"thumbnailUrl":"https:\/\/i0.wp.com\/albanien.ch\/albanien_info\/wp-content\/uploads\/2015\/03\/Durres_Welcome_to_Albania_square-uneven.jpg?fit=1250%2C1250&ssl=1","datePublished":"2023-05-15T11:41:00+00:00","dateModified":"2023-05-15T11:57:20+00:00","description":"Online-Reisef\u00fchrer und weitere Landesinformationen zu Albanien: zahlreiche Reiseinfos und Sehensw\u00fcrdigkeiten aus erster Hand","breadcrumb":{"@id":"https:\/\/albanien.ch\/albanien_info\/einreise-papierkram\/#breadcrumb"},"inLanguage":"de","potentialAction":[{"@type":"ReadAction","target":["https:\/\/albanien.ch\/albanien_info\/einreise-papierkram\/"]}]},{"@type":"ImageObject","inLanguage":"de","@id":"https:\/\/albanien.ch\/albanien_info\/einreise-papierkram\/#primaryimage","url":"https:\/\/i0.wp.com\/albanien.ch\/albanien_info\/wp-content\/uploads\/2015\/03\/Durres_Welcome_to_Albania_square-uneven.jpg?fit=1250%2C1250&ssl=1","contentUrl":"https:\/\/i0.wp.com\/albanien.ch\/albanien_info\/wp-content\/uploads\/2015\/03\/Durres_Welcome_to_Albania_square-uneven.jpg?fit=1250%2C1250&ssl=1","width":1250,"height":1250,"caption":"Durr\u00ebs F\u00e4hrterminal"},{"@type":"BreadcrumbList","@id":"https:\/\/albanien.ch\/albanien_info\/einreise-papierkram\/#breadcrumb","itemListElement":[{"@type":"ListItem","position":1,"name":"Home","item":"https:\/\/albanien.ch\/albanien_info\/"},{"@type":"ListItem","position":2,"name":"Einreise \u2013 Papierkram"}]},{"@type":"WebSite","@id":"https:\/\/albanien.ch\/albanien_info\/#website","url":"https:\/\/albanien.ch\/albanien_info\/","name":"AlbINFO","description":"Albanien Reiseinformationen von albanien.ch","publisher":{"@id":"https:\/\/albanien.ch\/albanien_info\/#organization"},"potentialAction":[{"@type":"SearchAction","target":{"@type":"EntryPoint","urlTemplate":"https:\/\/albanien.ch\/albanien_info\/?s={search_term_string}"},"query-input":{"@type":"PropertyValueSpecification","valueRequired":true,"valueName":"search_term_string"}}],"inLanguage":"de"},{"@type":"Organization","@id":"https:\/\/albanien.ch\/albanien_info\/#organization","name":"albanien.ch","url":"https:\/\/albanien.ch\/albanien_info\/","logo":{"@type":"ImageObject","inLanguage":"de","@id":"https:\/\/albanien.ch\/albanien_info\/#\/schema\/logo\/image\/","url":"https:\/\/i0.wp.com\/albanien.ch\/albanien_info\/wp-content\/uploads\/2016\/11\/albaniench_square.png?fit=415%2C415&ssl=1","contentUrl":"https:\/\/i0.wp.com\/albanien.ch\/albanien_info\/wp-content\/uploads\/2016\/11\/albaniench_square.png?fit=415%2C415&ssl=1","width":415,"height":415,"caption":"albanien.ch"},"image":{"@id":"https:\/\/albanien.ch\/albanien_info\/#\/schema\/logo\/image\/"},"sameAs":["https:\/\/www.facebook.com\/albaniench\/","https:\/\/x.com\/alb_info","https:\/\/www.instagram.com\/alb_info\/"]}]}},"jetpack_sharing_enabled":true,"jetpack_shortlink":"https:\/\/wp.me\/P5VAQP-3C","_links":{"self":[{"href":"https:\/\/albanien.ch\/albanien_info\/wp-json\/wp\/v2\/pages\/224","targetHints":{"allow":["GET"]}}],"collection":[{"href":"https:\/\/albanien.ch\/albanien_info\/wp-json\/wp\/v2\/pages"}],"about":[{"href":"https:\/\/albanien.ch\/albanien_info\/wp-json\/wp\/v2\/types\/page"}],"author":[{"embeddable":true,"href":"https:\/\/albanien.ch\/albanien_info\/wp-json\/wp\/v2\/users\/1"}],"replies":[{"embeddable":true,"href":"https:\/\/albanien.ch\/albanien_info\/wp-json\/wp\/v2\/comments?post=224"}],"version-history":[{"count":13,"href":"https:\/\/albanien.ch\/albanien_info\/wp-json\/wp\/v2\/pages\/224\/revisions"}],"predecessor-version":[{"id":7335,"href":"https:\/\/albanien.ch\/albanien_info\/wp-json\/wp\/v2\/pages\/224\/revisions\/7335"}],"wp:featuredmedia":[{"embeddable":true,"href":"https:\/\/albanien.ch\/albanien_info\/wp-json\/wp\/v2\/media\/2294"}],"wp:attachment":[{"href":"https:\/\/albanien.ch\/albanien_info\/wp-json\/wp\/v2\/media?parent=224"}],"wp:term":[{"taxonomy":"category","embeddable":true,"href":"https:\/\/albanien.ch\/albanien_info\/wp-json\/wp\/v2\/categories?post=224"},{"taxonomy":"post_tag","embeddable":true,"href":"https:\/\/albanien.ch\/albanien_info\/wp-json\/wp\/v2\/tags?post=224"}],"curies":[{"name":"wp","href":"https:\/\/api.w.org\/{rel}","templated":true}]}}