{"id":220,"date":"2023-01-24T22:50:58","date_gmt":"2023-01-24T21:50:58","guid":{"rendered":"https:\/\/albanien.ch\/albanien_info\/?p=220"},"modified":"2023-01-24T22:51:00","modified_gmt":"2023-01-24T21:51:00","slug":"feiertage","status":"publish","type":"page","link":"https:\/\/albanien.ch\/albanien_info\/feiertage\/","title":{"rendered":"Feiertage"},"content":{"rendered":"<div class=\"wp-block-image\">\n<figure class=\"alignright size-medium\"><img data-recalc-dims=\"1\" loading=\"lazy\" decoding=\"async\" width=\"300\" height=\"209\" data-attachment-id=\"1231\" data-permalink=\"https:\/\/albanien.ch\/albanien_info\/ramadan\/lushnja_ramadan\/\" data-orig-file=\"https:\/\/i0.wp.com\/albanien.ch\/albanien_info\/wp-content\/uploads\/2015\/07\/Lushnja_Ramadan.jpg?fit=1437%2C1000&amp;ssl=1\" data-orig-size=\"1437,1000\" data-comments-opened=\"1\" data-image-meta=\"{&quot;aperture&quot;:&quot;0&quot;,&quot;credit&quot;:&quot;&quot;,&quot;camera&quot;:&quot;&quot;,&quot;caption&quot;:&quot;&quot;,&quot;created_timestamp&quot;:&quot;0&quot;,&quot;copyright&quot;:&quot;&quot;,&quot;focal_length&quot;:&quot;0&quot;,&quot;iso&quot;:&quot;0&quot;,&quot;shutter_speed&quot;:&quot;0&quot;,&quot;title&quot;:&quot;&quot;,&quot;orientation&quot;:&quot;0&quot;}\" data-image-title=\"Lushnja Ramadan\" data-image-description=\"&lt;p&gt;Trommler feiern den Ramadan&lt;\/p&gt;\n\" data-image-caption=\"&lt;p&gt;Typisch f\u00fcr den Ramadan: Trommler auf den Strassen&lt;\/p&gt;\n\" data-medium-file=\"https:\/\/i0.wp.com\/albanien.ch\/albanien_info\/wp-content\/uploads\/2015\/07\/Lushnja_Ramadan.jpg?fit=300%2C209&amp;ssl=1\" data-large-file=\"https:\/\/i0.wp.com\/albanien.ch\/albanien_info\/wp-content\/uploads\/2015\/07\/Lushnja_Ramadan.jpg?fit=525%2C366&amp;ssl=1\" src=\"https:\/\/i0.wp.com\/albanien.ch\/albanien_info\/wp-content\/uploads\/2015\/07\/Lushnja_Ramadan.jpg?resize=300%2C209&#038;ssl=1\" alt=\"Feiertag in Albanien \u2013\u00a0zum Beispiel rund um den Ramadan\" class=\"wp-image-1231\" srcset=\"https:\/\/i0.wp.com\/albanien.ch\/albanien_info\/wp-content\/uploads\/2015\/07\/Lushnja_Ramadan.jpg?resize=300%2C209&amp;ssl=1 300w, https:\/\/i0.wp.com\/albanien.ch\/albanien_info\/wp-content\/uploads\/2015\/07\/Lushnja_Ramadan.jpg?resize=1024%2C713&amp;ssl=1 1024w, https:\/\/i0.wp.com\/albanien.ch\/albanien_info\/wp-content\/uploads\/2015\/07\/Lushnja_Ramadan.jpg?w=1437&amp;ssl=1 1437w\" sizes=\"auto, (max-width: 300px) 100vw, 300px\" \/><figcaption class=\"wp-element-caption\">Typisch f\u00fcr den Ramadan: Trommler auf den Strassen<\/figcaption><\/figure><\/div>\n\n\n<p>Albanien hat viele <strong>Feiertage<\/strong>, da alle wichtigen Religionen ber\u00fccksichtigt werden. Diese Feste werden oft \u2013 unabh\u00e4ngig von der Religionsangeh\u00f6rigkeit \u2013\u00a0gemeinsam gefeiert.  Weihnachtsdeko kann neben Ramadan-Spr\u00fcchen h\u00e4ngen. Auch sonst werden  gerne Strassen festlich geschm\u00fcckt.<\/p>\n\n\n\n<p>Feiertage unterscheiden sich im Strassenbild kaum von anderen Tagen, da die Caf\u00e9s, Restaurants, L\u00e4den und Sehensw\u00fcrdigkeiten in der Regel <strong>ge\u00f6ffnet<\/strong> sind, und oft auch Bauarbeiter (wie an Sonntagen) am Arbeiten sind. B\u00fcros und Schulen sind hingegen <strong>geschlossen<\/strong>. F\u00e4llt der Feiertag auf ein Wochenende, wird er oft am folgenden Montag nachgeholt, so dass B\u00fcros und Schulen am Folgetag zu sind.<\/p>\n\n\n\n<p>Die orthodoxen und die katholischen <strong>Ostern<\/strong> fallen selten auf den gleichen Tag, werden also meist doppelt gefeiert. Das katholische und orthodoxe <strong>Weihnachtsfest<\/strong> am 25. Dezember wird nicht nur von Christen begangen. Wichtige muslimische Feiertage sind das <strong>Opferfest<\/strong> <em>(Bajram i madh)<\/em> und das <strong>Fastenbrechen<\/strong> am Ende des <a href=\"https:\/\/albanien.ch\/albanien_info\/ramadan\/\">Ramadan<\/a> <em>(Bajram i vog\u00ebl)<\/em>. Die Bektashi feiern am 22. M\u00e4rz <em>Nevruz<\/em>.<\/p>\n\n\n\n<p>Die Nationalfeiertage sind der <strong>28.<\/strong> und <strong>29. November<\/strong>, an denen die Ausrufung der Nation und die Befreiung von den Nazionalsozialisten gefeiert wird.<\/p>\n\n\n\n<p>Weitere Feiertage sind die weltweit \u00fcblichen <strong>Neujahrstag<\/strong> und der <strong>1. Mai<\/strong>. Zudem wird in Albanien auch der\u00a0 der <strong>14. M\u00e4rz<\/strong> als <strong>Dita e ver\u00ebs<\/strong> (Beginn des Sommers respektive Fr\u00fchlingsfest) und der <strong>19. Oktober<\/strong> als <strong>Mutter-Teresa-Tag<\/strong> (Datum ihrer Seligsprechung) gefeiert.<\/p>\n\n\n\n<p>Es gibt noch weitere Festtage, die aber keine offizieleln Feiertage sind. An Feiern wie dem <strong>Tag des Lehrers<\/strong> (7. M\u00e4rz) werden gerne kleine Geschenke verteilt.<\/p>\n\n\n\n<div style=\"height:40px\" aria-hidden=\"true\" class=\"wp-block-spacer\"><\/div>\n\n\n\n<h3 class=\"wp-block-heading\">Daten beweglicher Feiertage (ohne Gew\u00e4hr*)<\/h3>\n\n\n\n<figure class=\"wp-block-table\"><table><tbody><tr><td><strong>Jahr<\/strong><\/td><td><strong>Ostern kath.<\/strong><\/td><td><strong>Ostern orth.<\/strong><\/td><td><strong>Opferfest*<\/strong><\/td><td><strong>Fastenbrechen*<\/strong><\/td><\/tr><tr><td><strong>2022<\/strong><\/td><td>17.4.<\/td><td>24.4.<\/td><td>9.7.<\/td><td>2.\/3.5.<\/td><\/tr><tr><td><strong>2023<\/strong><\/td><td>9.4.<\/td><td>16.4.<\/td><td>28.6.<\/td><td>21.\/22.4.<\/td><\/tr><tr><td><strong>2024<\/strong><\/td><td>31.3.<\/td><td>5.5.<\/td><td>16.6.<\/td><td>9.\/10.4.<\/td><\/tr><tr><td><strong>2025<\/strong><\/td><td>20.4.<\/td><td>20.4<\/td><td>6.6.<\/td><td>30.\/31.3.<\/td><\/tr><tr><td><strong>2026<\/strong><\/td><td>5.4.<\/td><td>12.4.<\/td><td>26.5.<\/td><td>19.\/20.3.<\/td><\/tr><tr><td><strong>2027<\/strong><\/td><td>28.3.<\/td><td>2.5.<\/td><td>16.5.<\/td><td>9.\/10.3.<\/td><\/tr><tr><td><strong>2028<\/strong><\/td><td>16.4.<\/td><td>16.4<\/td><td>4.5.<\/td><td>26.\/27.2.<\/td><\/tr><\/tbody><\/table><\/figure>\n\n\n\n<p>(*) mehrt\u00e4gige Feste: +\/- ein Tag; Daten zum Teil vom Ort abh\u00e4ngig <br>Quelle: Islamische Feiertage: <a href=\"https:\/\/www.feiertagskalender.ch\/islamic.php?geo=0&amp;jahr=2023\" target=\"_blank\" rel=\"noreferrer noopener\">feiertagskalender.ch<\/a>, Ostern: <a href=\"https:\/\/de.wikipedia.org\/wiki\/Osterdatum\" target=\"_blank\" rel=\"noreferrer noopener\">Wikipedia<\/a><\/p>\n\n\n\n<div style=\"height:100px\" aria-hidden=\"true\" class=\"wp-block-spacer\"><\/div>\n\n\n\n<div class=\"wp-block-columns is-layout-flex wp-container-core-columns-is-layout-9d6595d7 wp-block-columns-is-layout-flex\">\n<div class=\"wp-block-column simple-alert-boxes sab_plain sab_small is-layout-flow wp-block-column-is-layout-flow\">\n<p class=\"has-small-font-size\">Wir <a href=\"https:\/\/albanien.ch\/albanien_info\/ueber-uns\/\">Autoren<\/a> dieser Seite bereisen Albanien teilweise schon sei 30 Jahren. Wir teilen hier unser Wissen und unsere pers\u00f6nlichen Erfahrungen. <a href=\"https:\/\/albanien.ch\/albanien_info\/ueber-uns\/feedback\/\">Feedback<\/a> ist immer willkommen.<\/p>\n<\/div>\n\n\n\n<div class=\"wp-block-column simple-alert-boxes sab_plain sab_small is-layout-flow wp-block-column-is-layout-flow\">\n<p class=\"has-small-font-size\"><strong>Vollst\u00e4ndig \u00fcberpr\u00fcft und \u00fcberarbeitet:<\/strong><\/p>\n\n\n<div class=\"wp-block-post-date has-small-font-size\"><time datetime=\"2023-01-24T22:50:58+01:00\">24. Januar 2023<\/time><\/div><\/div>\n\n\n\n<div class=\"wp-block-column simple-alert-boxes sab_plain sab_small is-layout-flow wp-block-column-is-layout-flow\">\n<p class=\"has-small-font-size\"><strong>Verwandte Themen:<\/strong><\/p>\n\n\n<div class=\"taxonomy-post_tag wp-block-post-terms\"><a href=\"https:\/\/albanien.ch\/albanien_info\/tag\/bajram\/\" rel=\"tag\">Bajram<\/a><span class=\"wp-block-post-terms__separator\">, <\/span><a href=\"https:\/\/albanien.ch\/albanien_info\/tag\/fastenbrechen\/\" rel=\"tag\">Fastenbrechen<\/a><span class=\"wp-block-post-terms__separator\">, <\/span><a href=\"https:\/\/albanien.ch\/albanien_info\/tag\/feiertag\/\" rel=\"tag\">Feiertag<\/a><span class=\"wp-block-post-terms__separator\">, <\/span><a href=\"https:\/\/albanien.ch\/albanien_info\/tag\/islam\/\" rel=\"tag\">Islam<\/a><span class=\"wp-block-post-terms__separator\">, <\/span><a href=\"https:\/\/albanien.ch\/albanien_info\/tag\/nationalfeiertag\/\" rel=\"tag\">Nationalfeiertag<\/a><span class=\"wp-block-post-terms__separator\">, <\/span><a href=\"https:\/\/albanien.ch\/albanien_info\/tag\/neujahr\/\" rel=\"tag\">Neujahr<\/a><span class=\"wp-block-post-terms__separator\">, <\/span><a href=\"https:\/\/albanien.ch\/albanien_info\/tag\/opferfest\/\" rel=\"tag\">Opferfest<\/a><span class=\"wp-block-post-terms__separator\">, <\/span><a href=\"https:\/\/albanien.ch\/albanien_info\/tag\/ostern\/\" rel=\"tag\">Ostern<\/a><span class=\"wp-block-post-terms__separator\">, <\/span><a href=\"https:\/\/albanien.ch\/albanien_info\/tag\/ramadan\/\" rel=\"tag\">Ramadan<\/a><span class=\"wp-block-post-terms__separator\">, <\/span><a href=\"https:\/\/albanien.ch\/albanien_info\/tag\/religion\/\" rel=\"tag\">Religion<\/a><span class=\"wp-block-post-terms__separator\">, <\/span><a href=\"https:\/\/albanien.ch\/albanien_info\/tag\/weihnachten\/\" rel=\"tag\">Weihnachten<\/a><\/div><\/div>\n<\/div>\n","protected":false},"excerpt":{"rendered":"<p>Albanien hat viele Feiertage, da alle wichtigen Religionen ber\u00fccksichtigt werden. Diese Feste werden oft \u2013 unabh\u00e4ngig von der Religionsangeh\u00f6rigkeit \u2013\u00a0gemeinsam gefeiert. Weihnachtsdeko kann neben Ramadan-Spr\u00fcchen&hellip;<\/p>\n","protected":false},"author":1,"featured_media":221,"parent":0,"menu_order":0,"comment_status":"open","ping_status":"open","template":"","meta":{"jetpack_post_was_ever_published":false,"footnotes":""},"categories":[11],"tags":[109,110,106,313,113,112,108,111,105,319,107],"class_list":["post-220","page","type-page","status-publish","has-post-thumbnail","hentry","category-travel-tips","tag-bajram","tag-fastenbrechen","tag-feiertag","tag-islam","tag-nationalfeiertag","tag-neujahr","tag-opferfest","tag-ostern","tag-ramadan","tag-religion","tag-weihnachten"],"yoast_head":"<!-- This site is optimized with the Yoast SEO plugin v27.2 - https:\/\/yoast.com\/product\/yoast-seo-wordpress\/ -->\n<title>Feiertage | Reiseinfos &#8211; albanien.ch<\/title>\n<meta name=\"description\" content=\"Termine der nationalen Feiertage in Albanien. Was bedeutet Feiertage f\u00fcr Reisende? Online-Reisef\u00fchrer mit Tipps und Tricks\" \/>\n<meta name=\"robots\" content=\"index, follow, max-snippet:-1, max-image-preview:large, max-video-preview:-1\" \/>\n<link rel=\"canonical\" href=\"https:\/\/albanien.ch\/albanien_info\/feiertage\/\" \/>\n<meta property=\"og:locale\" content=\"de_DE\" \/>\n<meta property=\"og:type\" content=\"article\" \/>\n<meta property=\"og:title\" content=\"Feiertage | Reiseinfos &#8211; albanien.ch\" \/>\n<meta property=\"og:description\" content=\"Termine der nationalen Feiertage in Albanien. Was bedeutet Feiertage f\u00fcr Reisende? Online-Reisef\u00fchrer mit Tipps und Tricks\" \/>\n<meta property=\"og:url\" content=\"https:\/\/albanien.ch\/albanien_info\/feiertage\/\" \/>\n<meta property=\"og:site_name\" content=\"AlbINFO\" \/>\n<meta property=\"article:publisher\" content=\"https:\/\/www.facebook.com\/albaniench\/\" \/>\n<meta property=\"article:modified_time\" content=\"2023-01-24T21:51:00+00:00\" \/>\n<meta property=\"og:image\" content=\"https:\/\/albanien.ch\/albanien_info\/wp-content\/uploads\/2015\/03\/Lapidari_Pogradec.jpg\" \/>\n\t<meta property=\"og:image:width\" content=\"2000\" \/>\n\t<meta property=\"og:image:height\" content=\"2000\" \/>\n\t<meta property=\"og:image:type\" content=\"image\/jpeg\" \/>\n<meta name=\"twitter:card\" content=\"summary_large_image\" \/>\n<meta name=\"twitter:site\" content=\"@alb_info\" \/>\n<script type=\"application\/ld+json\" class=\"yoast-schema-graph\">{\"@context\":\"https:\/\/schema.org\",\"@graph\":[{\"@type\":\"WebPage\",\"@id\":\"https:\/\/albanien.ch\/albanien_info\/feiertage\/\",\"url\":\"https:\/\/albanien.ch\/albanien_info\/feiertage\/\",\"name\":\"Feiertage | Reiseinfos &#8211; albanien.ch\",\"isPartOf\":{\"@id\":\"https:\/\/albanien.ch\/albanien_info\/#website\"},\"primaryImageOfPage\":{\"@id\":\"https:\/\/albanien.ch\/albanien_info\/feiertage\/#primaryimage\"},\"image\":{\"@id\":\"https:\/\/albanien.ch\/albanien_info\/feiertage\/#primaryimage\"},\"thumbnailUrl\":\"https:\/\/i0.wp.com\/albanien.ch\/albanien_info\/wp-content\/uploads\/2015\/03\/Lapidari_Pogradec.jpg?fit=2000%2C2000&ssl=1\",\"datePublished\":\"2023-01-24T21:50:58+00:00\",\"dateModified\":\"2023-01-24T21:51:00+00:00\",\"description\":\"Termine der nationalen Feiertage in Albanien. Was bedeutet Feiertage f\u00fcr Reisende? Online-Reisef\u00fchrer mit Tipps und Tricks\",\"breadcrumb\":{\"@id\":\"https:\/\/albanien.ch\/albanien_info\/feiertage\/#breadcrumb\"},\"inLanguage\":\"de\",\"potentialAction\":[{\"@type\":\"ReadAction\",\"target\":[\"https:\/\/albanien.ch\/albanien_info\/feiertage\/\"]}]},{\"@type\":\"ImageObject\",\"inLanguage\":\"de\",\"@id\":\"https:\/\/albanien.ch\/albanien_info\/feiertage\/#primaryimage\",\"url\":\"https:\/\/i0.wp.com\/albanien.ch\/albanien_info\/wp-content\/uploads\/2015\/03\/Lapidari_Pogradec.jpg?fit=2000%2C2000&ssl=1\",\"contentUrl\":\"https:\/\/i0.wp.com\/albanien.ch\/albanien_info\/wp-content\/uploads\/2015\/03\/Lapidari_Pogradec.jpg?fit=2000%2C2000&ssl=1\",\"width\":2000,\"height\":2000,\"caption\":\"Denkmal in Pogradec\"},{\"@type\":\"BreadcrumbList\",\"@id\":\"https:\/\/albanien.ch\/albanien_info\/feiertage\/#breadcrumb\",\"itemListElement\":[{\"@type\":\"ListItem\",\"position\":1,\"name\":\"Home\",\"item\":\"https:\/\/albanien.ch\/albanien_info\/\"},{\"@type\":\"ListItem\",\"position\":2,\"name\":\"Feiertage\"}]},{\"@type\":\"WebSite\",\"@id\":\"https:\/\/albanien.ch\/albanien_info\/#website\",\"url\":\"https:\/\/albanien.ch\/albanien_info\/\",\"name\":\"AlbINFO\",\"description\":\"Albanien Reiseinformationen von albanien.ch\",\"publisher\":{\"@id\":\"https:\/\/albanien.ch\/albanien_info\/#organization\"},\"potentialAction\":[{\"@type\":\"SearchAction\",\"target\":{\"@type\":\"EntryPoint\",\"urlTemplate\":\"https:\/\/albanien.ch\/albanien_info\/?s={search_term_string}\"},\"query-input\":{\"@type\":\"PropertyValueSpecification\",\"valueRequired\":true,\"valueName\":\"search_term_string\"}}],\"inLanguage\":\"de\"},{\"@type\":\"Organization\",\"@id\":\"https:\/\/albanien.ch\/albanien_info\/#organization\",\"name\":\"albanien.ch\",\"url\":\"https:\/\/albanien.ch\/albanien_info\/\",\"logo\":{\"@type\":\"ImageObject\",\"inLanguage\":\"de\",\"@id\":\"https:\/\/albanien.ch\/albanien_info\/#\/schema\/logo\/image\/\",\"url\":\"https:\/\/i0.wp.com\/albanien.ch\/albanien_info\/wp-content\/uploads\/2016\/11\/albaniench_square.png?fit=415%2C415&ssl=1\",\"contentUrl\":\"https:\/\/i0.wp.com\/albanien.ch\/albanien_info\/wp-content\/uploads\/2016\/11\/albaniench_square.png?fit=415%2C415&ssl=1\",\"width\":415,\"height\":415,\"caption\":\"albanien.ch\"},\"image\":{\"@id\":\"https:\/\/albanien.ch\/albanien_info\/#\/schema\/logo\/image\/\"},\"sameAs\":[\"https:\/\/www.facebook.com\/albaniench\/\",\"https:\/\/x.com\/alb_info\",\"https:\/\/www.instagram.com\/alb_info\/\"]}]}<\/script>\n<!-- \/ Yoast SEO plugin. -->","yoast_head_json":{"title":"Feiertage | Reiseinfos &#8211; albanien.ch","description":"Termine der nationalen Feiertage in Albanien. Was bedeutet Feiertage f\u00fcr Reisende? Online-Reisef\u00fchrer mit Tipps und Tricks","robots":{"index":"index","follow":"follow","max-snippet":"max-snippet:-1","max-image-preview":"max-image-preview:large","max-video-preview":"max-video-preview:-1"},"canonical":"https:\/\/albanien.ch\/albanien_info\/feiertage\/","og_locale":"de_DE","og_type":"article","og_title":"Feiertage | Reiseinfos &#8211; albanien.ch","og_description":"Termine der nationalen Feiertage in Albanien. Was bedeutet Feiertage f\u00fcr Reisende? Online-Reisef\u00fchrer mit Tipps und Tricks","og_url":"https:\/\/albanien.ch\/albanien_info\/feiertage\/","og_site_name":"AlbINFO","article_publisher":"https:\/\/www.facebook.com\/albaniench\/","article_modified_time":"2023-01-24T21:51:00+00:00","og_image":[{"width":2000,"height":2000,"url":"https:\/\/albanien.ch\/albanien_info\/wp-content\/uploads\/2015\/03\/Lapidari_Pogradec.jpg","type":"image\/jpeg"}],"twitter_card":"summary_large_image","twitter_site":"@alb_info","schema":{"@context":"https:\/\/schema.org","@graph":[{"@type":"WebPage","@id":"https:\/\/albanien.ch\/albanien_info\/feiertage\/","url":"https:\/\/albanien.ch\/albanien_info\/feiertage\/","name":"Feiertage | Reiseinfos &#8211; albanien.ch","isPartOf":{"@id":"https:\/\/albanien.ch\/albanien_info\/#website"},"primaryImageOfPage":{"@id":"https:\/\/albanien.ch\/albanien_info\/feiertage\/#primaryimage"},"image":{"@id":"https:\/\/albanien.ch\/albanien_info\/feiertage\/#primaryimage"},"thumbnailUrl":"https:\/\/i0.wp.com\/albanien.ch\/albanien_info\/wp-content\/uploads\/2015\/03\/Lapidari_Pogradec.jpg?fit=2000%2C2000&ssl=1","datePublished":"2023-01-24T21:50:58+00:00","dateModified":"2023-01-24T21:51:00+00:00","description":"Termine der nationalen Feiertage in Albanien. Was bedeutet Feiertage f\u00fcr Reisende? Online-Reisef\u00fchrer mit Tipps und Tricks","breadcrumb":{"@id":"https:\/\/albanien.ch\/albanien_info\/feiertage\/#breadcrumb"},"inLanguage":"de","potentialAction":[{"@type":"ReadAction","target":["https:\/\/albanien.ch\/albanien_info\/feiertage\/"]}]},{"@type":"ImageObject","inLanguage":"de","@id":"https:\/\/albanien.ch\/albanien_info\/feiertage\/#primaryimage","url":"https:\/\/i0.wp.com\/albanien.ch\/albanien_info\/wp-content\/uploads\/2015\/03\/Lapidari_Pogradec.jpg?fit=2000%2C2000&ssl=1","contentUrl":"https:\/\/i0.wp.com\/albanien.ch\/albanien_info\/wp-content\/uploads\/2015\/03\/Lapidari_Pogradec.jpg?fit=2000%2C2000&ssl=1","width":2000,"height":2000,"caption":"Denkmal in Pogradec"},{"@type":"BreadcrumbList","@id":"https:\/\/albanien.ch\/albanien_info\/feiertage\/#breadcrumb","itemListElement":[{"@type":"ListItem","position":1,"name":"Home","item":"https:\/\/albanien.ch\/albanien_info\/"},{"@type":"ListItem","position":2,"name":"Feiertage"}]},{"@type":"WebSite","@id":"https:\/\/albanien.ch\/albanien_info\/#website","url":"https:\/\/albanien.ch\/albanien_info\/","name":"AlbINFO","description":"Albanien Reiseinformationen von albanien.ch","publisher":{"@id":"https:\/\/albanien.ch\/albanien_info\/#organization"},"potentialAction":[{"@type":"SearchAction","target":{"@type":"EntryPoint","urlTemplate":"https:\/\/albanien.ch\/albanien_info\/?s={search_term_string}"},"query-input":{"@type":"PropertyValueSpecification","valueRequired":true,"valueName":"search_term_string"}}],"inLanguage":"de"},{"@type":"Organization","@id":"https:\/\/albanien.ch\/albanien_info\/#organization","name":"albanien.ch","url":"https:\/\/albanien.ch\/albanien_info\/","logo":{"@type":"ImageObject","inLanguage":"de","@id":"https:\/\/albanien.ch\/albanien_info\/#\/schema\/logo\/image\/","url":"https:\/\/i0.wp.com\/albanien.ch\/albanien_info\/wp-content\/uploads\/2016\/11\/albaniench_square.png?fit=415%2C415&ssl=1","contentUrl":"https:\/\/i0.wp.com\/albanien.ch\/albanien_info\/wp-content\/uploads\/2016\/11\/albaniench_square.png?fit=415%2C415&ssl=1","width":415,"height":415,"caption":"albanien.ch"},"image":{"@id":"https:\/\/albanien.ch\/albanien_info\/#\/schema\/logo\/image\/"},"sameAs":["https:\/\/www.facebook.com\/albaniench\/","https:\/\/x.com\/alb_info","https:\/\/www.instagram.com\/alb_info\/"]}]}},"jetpack_sharing_enabled":true,"jetpack_shortlink":"https:\/\/wp.me\/P5VAQP-3y","_links":{"self":[{"href":"https:\/\/albanien.ch\/albanien_info\/wp-json\/wp\/v2\/pages\/220","targetHints":{"allow":["GET"]}}],"collection":[{"href":"https:\/\/albanien.ch\/albanien_info\/wp-json\/wp\/v2\/pages"}],"about":[{"href":"https:\/\/albanien.ch\/albanien_info\/wp-json\/wp\/v2\/types\/page"}],"author":[{"embeddable":true,"href":"https:\/\/albanien.ch\/albanien_info\/wp-json\/wp\/v2\/users\/1"}],"replies":[{"embeddable":true,"href":"https:\/\/albanien.ch\/albanien_info\/wp-json\/wp\/v2\/comments?post=220"}],"version-history":[{"count":10,"href":"https:\/\/albanien.ch\/albanien_info\/wp-json\/wp\/v2\/pages\/220\/revisions"}],"predecessor-version":[{"id":7148,"href":"https:\/\/albanien.ch\/albanien_info\/wp-json\/wp\/v2\/pages\/220\/revisions\/7148"}],"wp:featuredmedia":[{"embeddable":true,"href":"https:\/\/albanien.ch\/albanien_info\/wp-json\/wp\/v2\/media\/221"}],"wp:attachment":[{"href":"https:\/\/albanien.ch\/albanien_info\/wp-json\/wp\/v2\/media?parent=220"}],"wp:term":[{"taxonomy":"category","embeddable":true,"href":"https:\/\/albanien.ch\/albanien_info\/wp-json\/wp\/v2\/categories?post=220"},{"taxonomy":"post_tag","embeddable":true,"href":"https:\/\/albanien.ch\/albanien_info\/wp-json\/wp\/v2\/tags?post=220"}],"curies":[{"name":"wp","href":"https:\/\/api.w.org\/{rel}","templated":true}]}}