{"id":1472,"date":"2025-07-15T01:12:14","date_gmt":"2025-07-14T23:12:14","guid":{"rendered":"https:\/\/albanien.ch\/albanien_info\/?p=1472"},"modified":"2025-10-08T22:21:09","modified_gmt":"2025-10-08T20:21:09","slug":"kruja","status":"publish","type":"page","link":"https:\/\/albanien.ch\/albanien_info\/kruja\/","title":{"rendered":"Kruja"},"content":{"rendered":"\n<div class=\"wp-block-cover\" style=\"min-height:200px;aspect-ratio:unset;\"><img data-recalc-dims=\"1\" loading=\"lazy\" decoding=\"async\" width=\"525\" height=\"131\" data-attachment-id=\"1459\" data-permalink=\"https:\/\/albanien.ch\/albanien_info\/kruja\/kruja_panorama_berge\/\" data-orig-file=\"https:\/\/i0.wp.com\/albanien.ch\/albanien_info\/wp-content\/uploads\/2015\/08\/Kruja_Panorama_Berge.jpg?fit=2000%2C500&amp;ssl=1\" data-orig-size=\"2000,500\" data-comments-opened=\"1\" data-image-meta=\"{&quot;aperture&quot;:&quot;0&quot;,&quot;credit&quot;:&quot;&quot;,&quot;camera&quot;:&quot;&quot;,&quot;caption&quot;:&quot;&quot;,&quot;created_timestamp&quot;:&quot;0&quot;,&quot;copyright&quot;:&quot;&quot;,&quot;focal_length&quot;:&quot;0&quot;,&quot;iso&quot;:&quot;0&quot;,&quot;shutter_speed&quot;:&quot;0&quot;,&quot;title&quot;:&quot;&quot;,&quot;orientation&quot;:&quot;0&quot;}\" data-image-title=\"Kruja Panorama\" data-image-description=\"&lt;p&gt;Skanderbeg-Berge mit Kruja&lt;\/p&gt;\n\" data-image-caption=\"&lt;p&gt;Skanderbeg-Berge mit Kruja&lt;\/p&gt;\n\" data-medium-file=\"https:\/\/i0.wp.com\/albanien.ch\/albanien_info\/wp-content\/uploads\/2015\/08\/Kruja_Panorama_Berge.jpg?fit=300%2C75&amp;ssl=1\" data-large-file=\"https:\/\/i0.wp.com\/albanien.ch\/albanien_info\/wp-content\/uploads\/2015\/08\/Kruja_Panorama_Berge.jpg?fit=525%2C131&amp;ssl=1\" class=\"wp-block-cover__image-background wp-image-1459\" alt=\"\" src=\"https:\/\/i0.wp.com\/albanien.ch\/albanien_info\/wp-content\/uploads\/2015\/08\/Kruja_Panorama_Berge.jpg?resize=525%2C131&#038;ssl=1\" data-object-fit=\"cover\" srcset=\"https:\/\/i0.wp.com\/albanien.ch\/albanien_info\/wp-content\/uploads\/2015\/08\/Kruja_Panorama_Berge.jpg?w=2000&amp;ssl=1 2000w, https:\/\/i0.wp.com\/albanien.ch\/albanien_info\/wp-content\/uploads\/2015\/08\/Kruja_Panorama_Berge.jpg?resize=300%2C75&amp;ssl=1 300w, https:\/\/i0.wp.com\/albanien.ch\/albanien_info\/wp-content\/uploads\/2015\/08\/Kruja_Panorama_Berge.jpg?resize=1024%2C256&amp;ssl=1 1024w, https:\/\/i0.wp.com\/albanien.ch\/albanien_info\/wp-content\/uploads\/2015\/08\/Kruja_Panorama_Berge.jpg?w=1575&amp;ssl=1 1575w\" sizes=\"auto, (max-width: 525px) 100vw, 525px\" \/><span aria-hidden=\"true\" class=\"wp-block-cover__background has-background-dim-30 has-background-dim\"><\/span><div class=\"wp-block-cover__inner-container is-layout-flow wp-block-cover-is-layout-flow\">\n<p class=\"has-text-align-center has-large-font-size\">Skanderbegs Festung<\/p>\n<\/div><\/div>\n\n\n\n\n\n<p>Kruja ist ein historisch bedeutsames St\u00e4dtchen in Mittelalbanien. Der albanische Nationalheld Skanderbeg hatte hier seine Festung. Die mittelalterliche Burg und die Stadt kleben malerisch am steilen Berg hoch \u00fcber der Ebene.<\/p>\n\n\n\n<p>Die kleine Stadt geh\u00f6rt zum Pflichtprogramm aller Albanien-Reisenden. Dank der N\u00e4he zu Tirana, der eindr\u00fccklichen Lage und der guten touristischen Infrastruktur ist ein Besuch der historischen St\u00e4tte lohnenswert. Und die Umgebung bietet noch so manches Juwel.<\/p>\n\n\n\n<p>Leider hat das auch zur Folge, dass es in Kruja sehr viele Besucher haben kann \u2013&nbsp;oft auch Schulklassen und Ausfl\u00fcgler aus Albanien und Kosovo. Gerade an Wochenenden kann der Besucheranstrom zu gewissen Zeiten unangenehm werden \u2013&nbsp;es lohnt sich, dann vielleicht erst ein Restaurant aufzusuchen. Der Boom l\u00e4sst sich auch an den vielgeschossigen Neubauten im Stadtzentrum erkennen.<\/p>\n\n\n\n<div style=\"height:35px\" aria-hidden=\"true\" class=\"wp-block-spacer\"><\/div>\n\n\n\n<h2 class=\"wp-block-heading\">Lage<\/h2>\n\n\n\n<figure class=\"wp-block-image size-full\"><a href=\"https:\/\/www.albanien.ch\/albanien_info\/kruja\/kruja_stadt\/\" rel=\"attachment wp-att-1467\"><img data-recalc-dims=\"1\" loading=\"lazy\" decoding=\"async\" width=\"525\" height=\"266\" data-attachment-id=\"1467\" data-permalink=\"https:\/\/albanien.ch\/albanien_info\/kruja\/kruja_stadt\/\" data-orig-file=\"https:\/\/i0.wp.com\/albanien.ch\/albanien_info\/wp-content\/uploads\/2015\/08\/Kruja_Stadt.jpg?fit=1600%2C812&amp;ssl=1\" data-orig-size=\"1600,812\" data-comments-opened=\"1\" data-image-meta=\"{&quot;aperture&quot;:&quot;0&quot;,&quot;credit&quot;:&quot;&quot;,&quot;camera&quot;:&quot;&quot;,&quot;caption&quot;:&quot;&quot;,&quot;created_timestamp&quot;:&quot;0&quot;,&quot;copyright&quot;:&quot;&quot;,&quot;focal_length&quot;:&quot;0&quot;,&quot;iso&quot;:&quot;0&quot;,&quot;shutter_speed&quot;:&quot;0&quot;,&quot;title&quot;:&quot;&quot;,&quot;orientation&quot;:&quot;0&quot;}\" data-image-title=\"Kruja\" data-image-description=\"\" data-image-caption=\"&lt;p&gt;Kruja: Stadt am Berghang&lt;\/p&gt;\n\" data-medium-file=\"https:\/\/i0.wp.com\/albanien.ch\/albanien_info\/wp-content\/uploads\/2015\/08\/Kruja_Stadt.jpg?fit=300%2C152&amp;ssl=1\" data-large-file=\"https:\/\/i0.wp.com\/albanien.ch\/albanien_info\/wp-content\/uploads\/2015\/08\/Kruja_Stadt.jpg?fit=525%2C267&amp;ssl=1\" src=\"https:\/\/i0.wp.com\/albanien.ch\/albanien_info\/wp-content\/uploads\/2015\/08\/Kruja_Stadt.jpg?resize=525%2C266&#038;ssl=1\" alt=\"Kruja: Stadt am Berghang\" class=\"wp-image-1467\" srcset=\"https:\/\/i0.wp.com\/albanien.ch\/albanien_info\/wp-content\/uploads\/2015\/08\/Kruja_Stadt.jpg?w=1600&amp;ssl=1 1600w, https:\/\/i0.wp.com\/albanien.ch\/albanien_info\/wp-content\/uploads\/2015\/08\/Kruja_Stadt.jpg?resize=300%2C152&amp;ssl=1 300w, https:\/\/i0.wp.com\/albanien.ch\/albanien_info\/wp-content\/uploads\/2015\/08\/Kruja_Stadt.jpg?resize=1024%2C520&amp;ssl=1 1024w\" sizes=\"auto, (max-width: 525px) 100vw, 525px\" \/><\/a><figcaption class=\"wp-element-caption\">Kruja: Stadt am Berghang<\/figcaption><\/figure>\n\n\n\n<p>Kruja liegt so steil an der Westflanke des Skanderbeg-Gebirges, dass es kaum ebene Fl\u00e4chen gibt. Auf halber H\u00f6he zwischen Ebene und Bergspitzen bieten sich sch\u00f6ne Aussichten in Richtung Meer und auf die steilen Felsw\u00e4nde oberhalb. Der Berg \u00fcber der Stadt heisst <strong>\u00bbKruja-Berg\u00ab<\/strong>, die Anh\u00f6he wird aber meist auch \u00bbSari Salltik\u00ab genannt.<\/p>\n\n\n\n<p>Das historisch bedeutsame Kruja ist heute kleiner als das schnell Wachsende St\u00e4dtchen <strong>Fush\u00eb-Kruja<\/strong> in der Ebene. Von diesem Ort geht es durch Pinienw\u00e4lder und an einer Bektaschi-Tekke vorbei in vielen Kurven nach oben.<\/p>\n\n\n\n<p>Die Bergwelt \u00fcber und \u00bbhinter\u00ab Kruja bietet gute Ausflugsm\u00f6glichkeiten, so auch den <strong>Nationalpark Qaf\u00eb-Shtama<\/strong>.<\/p>\n\n\n\n<div style=\"height:35px\" aria-hidden=\"true\" class=\"wp-block-spacer\"><\/div>\n\n\n\n<h2 class=\"wp-block-heading\">Stadtbesichtigung<\/h2>\n\n\n\n<p>Im Mittelpunkt des Interesses stehen die Burg und der Basar. Man kann die Besichtigung beim <strong>Skanderbeg-Denkmal<\/strong> starten (gibt hier oft Parkpl\u00e4tze\/Parkaus) oder bis zur Burg vorfahren (Parkplatz gleich \u00bb\u00fcber\u00ab dem Burgfelsen). Das Skanderbeg-Denkmal steht etwa im Zentrum des Orts, die Hauptstrasse f\u00fchrt von hier den Berg hinunter. Beim Denkmal nimmt man die Treppen runter zur Fussg\u00e4ngerpassage, die zum Basar f\u00fchrt.<\/p>\n\n\n\n<div style=\"height:35px\" aria-hidden=\"true\" class=\"wp-block-spacer\"><\/div>\n\n\n\n<h3 class=\"wp-block-heading\">Sehensw\u00fcrdigkeiten<\/h3>\n\n\n<div class=\"wp-block-image\">\n<figure class=\"alignright\"><a href=\"https:\/\/www.albanien.ch\/albanien_info\/kruja\/kruja_bazar\/\" rel=\"attachment wp-att-1468\"><img data-recalc-dims=\"1\" loading=\"lazy\" decoding=\"async\" width=\"225\" height=\"300\" data-attachment-id=\"1468\" data-permalink=\"https:\/\/albanien.ch\/albanien_info\/kruja\/kruja_bazar\/\" data-orig-file=\"https:\/\/i0.wp.com\/albanien.ch\/albanien_info\/wp-content\/uploads\/2015\/08\/Kruja_Bazar.jpg?fit=1000%2C1333&amp;ssl=1\" data-orig-size=\"1000,1333\" data-comments-opened=\"1\" data-image-meta=\"{&quot;aperture&quot;:&quot;0&quot;,&quot;credit&quot;:&quot;&quot;,&quot;camera&quot;:&quot;&quot;,&quot;caption&quot;:&quot;&quot;,&quot;created_timestamp&quot;:&quot;0&quot;,&quot;copyright&quot;:&quot;&quot;,&quot;focal_length&quot;:&quot;0&quot;,&quot;iso&quot;:&quot;0&quot;,&quot;shutter_speed&quot;:&quot;0&quot;,&quot;title&quot;:&quot;&quot;,&quot;orientation&quot;:&quot;0&quot;}\" data-image-title=\"Kruja Basar\" data-image-description=\"&lt;p&gt;Basar-Strasse und -Moschee&lt;\/p&gt;\n\" data-image-caption=\"&lt;p&gt;Basar-Strasse und -Moschee&lt;\/p&gt;\n\" data-medium-file=\"https:\/\/i0.wp.com\/albanien.ch\/albanien_info\/wp-content\/uploads\/2015\/08\/Kruja_Bazar.jpg?fit=225%2C300&amp;ssl=1\" data-large-file=\"https:\/\/i0.wp.com\/albanien.ch\/albanien_info\/wp-content\/uploads\/2015\/08\/Kruja_Bazar.jpg?fit=525%2C700&amp;ssl=1\" src=\"https:\/\/i0.wp.com\/www.albanien.ch\/albanien_info\/wp-content\/uploads\/2015\/08\/Kruja_Bazar-225x300.jpg?resize=225%2C300&#038;ssl=1\" alt=\"Basar von Kruja mit Moschee\" class=\"wp-image-1468\" srcset=\"https:\/\/i0.wp.com\/albanien.ch\/albanien_info\/wp-content\/uploads\/2015\/08\/Kruja_Bazar.jpg?resize=225%2C300&amp;ssl=1 225w, https:\/\/i0.wp.com\/albanien.ch\/albanien_info\/wp-content\/uploads\/2015\/08\/Kruja_Bazar.jpg?resize=768%2C1024&amp;ssl=1 768w, https:\/\/i0.wp.com\/albanien.ch\/albanien_info\/wp-content\/uploads\/2015\/08\/Kruja_Bazar.jpg?w=1000&amp;ssl=1 1000w\" sizes=\"auto, (max-width: 225px) 100vw, 225px\" \/><\/a><figcaption class=\"wp-element-caption\">Basar-Strasse und -Moschee<\/figcaption><\/figure><\/div>\n\n\n<p>Die Ladenstrasse des <strong>Basars<\/strong> mit einer langen Reihe restaurierter Verkaufsh\u00e4uschen versetzt einen zur\u00fcck in alte Zeiten. Auch wenn hier einzig Souvenirs f\u00fcr Touristen angeboten werden, hat die Gasse doch einen ganz besonderen Flair. Kruja ist eine der besten M\u00f6glichkeiten in Albanien, sich mit Souvenirs einzudecken: Neben billigem Ramsch werden auch echte Antiquit\u00e4ten und sch\u00f6nes Handwerk feil geboten.<\/p>\n\n\n\n<p>Der historisch anmutende Basar ist weniger alt, als er wirkt. Die meisten H\u00e4user sind wohl weniger alt, als sie aussehen. Aber die enge Gasse hat doch das Aussehen bewahrt, wie wir es von alten Fotografien kennen. In den letzten Jahren sind aber noch weitere Verkaufsst\u00e4nde hinzugekommen, die nur noch entfernt an den alten Basar erinnern.<\/p>\n\n\n\n<p>Aus dem 16. Jahrhundert stammt die <strong>Basar-Moschee<\/strong>, die aber nach dem Ende des Kommunismus grundlegend restauriert werden musste; das Kulturdenkmal wurde zwischendurch als Lagerhaus verwendet.<\/p>\n\n\n\n<p>Vom Basar geht es an weiteren L\u00e4den vorbei hoch zum Burgeingang.<\/p>\n\n\n<div class=\"wp-block-image\">\n<figure class=\"alignright is-resized\"><a href=\"https:\/\/www.albanien.ch\/albanien_info\/kruja\/kruja_burg\/\" rel=\"attachment wp-att-1465\"><img data-recalc-dims=\"1\" loading=\"lazy\" decoding=\"async\" width=\"300\" height=\"215\" data-attachment-id=\"1465\" data-permalink=\"https:\/\/albanien.ch\/albanien_info\/kruja\/kruja_burg\/\" data-orig-file=\"https:\/\/i0.wp.com\/albanien.ch\/albanien_info\/wp-content\/uploads\/2015\/08\/Kruja_Burg.jpg?fit=1393%2C1000&amp;ssl=1\" data-orig-size=\"1393,1000\" data-comments-opened=\"1\" data-image-meta=\"{&quot;aperture&quot;:&quot;0&quot;,&quot;credit&quot;:&quot;&quot;,&quot;camera&quot;:&quot;&quot;,&quot;caption&quot;:&quot;&quot;,&quot;created_timestamp&quot;:&quot;0&quot;,&quot;copyright&quot;:&quot;&quot;,&quot;focal_length&quot;:&quot;0&quot;,&quot;iso&quot;:&quot;0&quot;,&quot;shutter_speed&quot;:&quot;0&quot;,&quot;title&quot;:&quot;&quot;,&quot;orientation&quot;:&quot;0&quot;}\" data-image-title=\"Kruja Burg\" data-image-description=\"&lt;p&gt;Burg mit Wehrturm und Museum&lt;\/p&gt;\n\" data-image-caption=\"&lt;p&gt;Burg mit Wehrturm und Museum&lt;\/p&gt;\n\" data-medium-file=\"https:\/\/i0.wp.com\/albanien.ch\/albanien_info\/wp-content\/uploads\/2015\/08\/Kruja_Burg.jpg?fit=300%2C215&amp;ssl=1\" data-large-file=\"https:\/\/i0.wp.com\/albanien.ch\/albanien_info\/wp-content\/uploads\/2015\/08\/Kruja_Burg.jpg?fit=525%2C377&amp;ssl=1\" src=\"https:\/\/i0.wp.com\/www.albanien.ch\/albanien_info\/wp-content\/uploads\/2015\/08\/Kruja_Burg-300x215.jpg?resize=300%2C215&#038;ssl=1\" alt=\"Burg Kruja mit Wehrturm und Museum\" class=\"wp-image-1465\" style=\"width:300px\" srcset=\"https:\/\/i0.wp.com\/albanien.ch\/albanien_info\/wp-content\/uploads\/2015\/08\/Kruja_Burg.jpg?resize=300%2C215&amp;ssl=1 300w, https:\/\/i0.wp.com\/albanien.ch\/albanien_info\/wp-content\/uploads\/2015\/08\/Kruja_Burg.jpg?resize=1024%2C735&amp;ssl=1 1024w, https:\/\/i0.wp.com\/albanien.ch\/albanien_info\/wp-content\/uploads\/2015\/08\/Kruja_Burg.jpg?w=1393&amp;ssl=1 1393w\" sizes=\"auto, (max-width: 300px) 100vw, 300px\" \/><\/a><figcaption class=\"wp-element-caption\">Burg mit Wehrturm und Skanderbeg-Museum<\/figcaption><\/figure><\/div>\n\n\n<p>Die <strong>Burg<\/strong> wird durch ein grosses Tor betreten. Noch vor 20 Jahren war die Anlage bewohnt \u2013&nbsp;heute werden mehr und mehr H\u00e4user in G\u00e4steunterk\u00fcnfte verwandelt. Seit der Antike ein Siedlungsort, wurde der Felsen im 12. Jahrhundert mit Mauern befestigt. In den folgenden Jahrhunderten k\u00e4mpften T\u00fcrken und Albaner immer wieder um die Vorherrschaft \u2013 Skanderbeg und seine Truppen mussten mehrere lange Belagerungen abwehren. Erst bei der vierten Belagerung im Jahr 1478, zehn Jahre nach Skanderbegs Tod, war die Osmanische Armee erfolgreich. Mit den wechselnden Herrschern gab es auch stets Ver\u00e4nderung: Kirchen und Moscheen wurden gebaut und verschwanden wieder. Immer wieder f\u00fchrten Erdbeben zu Sch\u00e4den an den Mauern und Bauwerken. Im 19. Jahrhundert verloren auch die Mauern allm\u00e4hlich an Bedeutung.<\/p>\n\n\n\n<figure class=\"wp-block-image size-large\"><a href=\"https:\/\/albanien.ch\/albanien_info\/kruja-festung-banner-2025\/\"><img data-recalc-dims=\"1\" loading=\"lazy\" decoding=\"async\" width=\"525\" height=\"253\" data-attachment-id=\"8190\" data-permalink=\"https:\/\/albanien.ch\/albanien_info\/kruja-festung-banner-2025\/\" data-orig-file=\"https:\/\/i0.wp.com\/albanien.ch\/albanien_info\/wp-content\/uploads\/2025\/07\/Kruja-Festung-Banner-2025.jpg?fit=2076%2C1000&amp;ssl=1\" data-orig-size=\"2076,1000\" data-comments-opened=\"1\" data-image-meta=\"{&quot;aperture&quot;:&quot;0&quot;,&quot;credit&quot;:&quot;&quot;,&quot;camera&quot;:&quot;&quot;,&quot;caption&quot;:&quot;&quot;,&quot;created_timestamp&quot;:&quot;0&quot;,&quot;copyright&quot;:&quot;&quot;,&quot;focal_length&quot;:&quot;0&quot;,&quot;iso&quot;:&quot;0&quot;,&quot;shutter_speed&quot;:&quot;0&quot;,&quot;title&quot;:&quot;&quot;,&quot;orientation&quot;:&quot;0&quot;}\" data-image-title=\"Kruja \u2013 Festung\" data-image-description=\"&lt;p&gt;Skanderbeg-Museum in der Burg von Kruja abends&lt;\/p&gt;\n\" data-image-caption=\"&lt;p&gt;Skanderbeg-Museum&lt;\/p&gt;\n\" data-medium-file=\"https:\/\/i0.wp.com\/albanien.ch\/albanien_info\/wp-content\/uploads\/2025\/07\/Kruja-Festung-Banner-2025.jpg?fit=300%2C145&amp;ssl=1\" data-large-file=\"https:\/\/i0.wp.com\/albanien.ch\/albanien_info\/wp-content\/uploads\/2025\/07\/Kruja-Festung-Banner-2025.jpg?fit=525%2C253&amp;ssl=1\" src=\"https:\/\/i0.wp.com\/albanien.ch\/albanien_info\/wp-content\/uploads\/2025\/07\/Kruja-Festung-Banner-2025.jpg?resize=525%2C253&#038;ssl=1\" alt=\"Skanderbeg-Museum in der Burg von Kruja\" class=\"wp-image-8190\" srcset=\"https:\/\/i0.wp.com\/albanien.ch\/albanien_info\/wp-content\/uploads\/2025\/07\/Kruja-Festung-Banner-2025.jpg?resize=1024%2C493&amp;ssl=1 1024w, https:\/\/i0.wp.com\/albanien.ch\/albanien_info\/wp-content\/uploads\/2025\/07\/Kruja-Festung-Banner-2025.jpg?resize=300%2C145&amp;ssl=1 300w, https:\/\/i0.wp.com\/albanien.ch\/albanien_info\/wp-content\/uploads\/2025\/07\/Kruja-Festung-Banner-2025.jpg?resize=768%2C370&amp;ssl=1 768w, https:\/\/i0.wp.com\/albanien.ch\/albanien_info\/wp-content\/uploads\/2025\/07\/Kruja-Festung-Banner-2025.jpg?resize=1536%2C740&amp;ssl=1 1536w, https:\/\/i0.wp.com\/albanien.ch\/albanien_info\/wp-content\/uploads\/2025\/07\/Kruja-Festung-Banner-2025.jpg?resize=2048%2C987&amp;ssl=1 2048w\" sizes=\"auto, (max-width: 525px) 100vw, 525px\" \/><\/a><figcaption class=\"wp-element-caption\">Skanderbeg-Museum<\/figcaption><\/figure>\n\n\n\n<p>Die Festung bietet heute eine Mischung von historischen und alt aussehenden Sehensw\u00fcrdigkeiten. Der markante Bau des <strong>Skanderbeg-Museums<\/strong>, in dem umfassend \u00fcber den Nationalhelden informiert wird, stammt aus den 1980er Jahren. Der Rest ist aber alt. Gleich nach dem Eingangstor unterhalb des Museums liegen Ruinen von einer Moschee und anderen Geb\u00e4uden. Sehr spannend ist das <strong>Ethnologische Museum<\/strong>, das in einem historischen B\u00fcrgerhaus gegen\u00fcber vom Eingangstor untergebracht ist.<\/p>\n\n\n\n<p>Am obersten Punkt des Felsens befindet sich ein <strong>Wehrturm<\/strong>, der beim Erdbeben 2019 besch\u00e4digt wurde. Dieser historische Turm der Festungsmauer wurde ab dem 19. Jahrhundert als Uhrturm genutzt. Der Aufstieg lohnt sich. Denn einerseits liegen daneben die Reste einer kleinen <strong>Kirche<\/strong>, andererseits ist es hier deutlich ruhiger. Die Kirche stammte wohl aus dem 15. Jahrhundert. Im oberen Bereich der Festung gibt es auch mehrere Restaurants und Caf\u00e9s.<\/p>\n\n\n\n<p>Ein kleiner Spaziergang durch die Gassen zum unteren Ende der Burg f\u00fchrt zum t\u00fcrkischen Bad (<strong>Hamam<\/strong>) und zur <strong>Bektaschi-Tekke<\/strong>. Die kleine \u00bbKultst\u00e4tte\u00ab des muslimischen Glaubensordens stammt aus dem Ende des 18. Jahrhunderts und zeigt einen Einblick in die unbekannteste der vier Hauptreligionen Albaniens. Besucher sollten R\u00fccksicht nehmen auf die Konvention der Bektaschi. Tekke und Grabst\u00e4tte sind religi\u00f6se Orte, die noch heute von Gl\u00e4ubigen besucht weden. Bei der Tekke f\u00fchrt ein enger Durchgang durch die Mauer \u2013 sobald man die Festung hier verlassen hat, ist man f\u00fcr sich allein. Treppen f\u00fchren zu einer Quelle und einer grossen Platane.<\/p>\n\n\n\n<p>Hier am unteren Ende bietet sich wie auch am oberen Ende bei den Restaurants eine sch\u00f6ne Aussicht auf die Ebene von Tirana und nach Nordwesten zur Adria.<\/p>\n\n\n\n<figure class=\"wp-block-gallery has-nested-images columns-4 is-cropped wp-block-gallery-2 is-layout-flex wp-block-gallery-is-layout-flex\">\n<figure class=\"wp-block-image size-large\"><a href=\"https:\/\/albanien.ch\/albanien_info\/kruja_bazar_brautpaar\/\"><img data-recalc-dims=\"1\" loading=\"lazy\" decoding=\"async\" width=\"525\" height=\"349\" data-attachment-id=\"1462\" data-permalink=\"https:\/\/albanien.ch\/albanien_info\/kruja_bazar_brautpaar\/\" data-orig-file=\"https:\/\/i0.wp.com\/albanien.ch\/albanien_info\/wp-content\/uploads\/2015\/08\/Kruja_Bazar_Brautpaar.jpg?fit=1503%2C1000&amp;ssl=1\" data-orig-size=\"1503,1000\" data-comments-opened=\"1\" data-image-meta=\"{&quot;aperture&quot;:&quot;0&quot;,&quot;credit&quot;:&quot;&quot;,&quot;camera&quot;:&quot;&quot;,&quot;caption&quot;:&quot;&quot;,&quot;created_timestamp&quot;:&quot;0&quot;,&quot;copyright&quot;:&quot;&quot;,&quot;focal_length&quot;:&quot;0&quot;,&quot;iso&quot;:&quot;0&quot;,&quot;shutter_speed&quot;:&quot;0&quot;,&quot;title&quot;:&quot;&quot;,&quot;orientation&quot;:&quot;0&quot;}\" data-image-title=\"Kruja Basar\" data-image-description=\"\" data-image-caption=\"&lt;p&gt;In der Basarstrasse&lt;\/p&gt;\n\" data-medium-file=\"https:\/\/i0.wp.com\/albanien.ch\/albanien_info\/wp-content\/uploads\/2015\/08\/Kruja_Bazar_Brautpaar.jpg?fit=300%2C200&amp;ssl=1\" data-large-file=\"https:\/\/i0.wp.com\/albanien.ch\/albanien_info\/wp-content\/uploads\/2015\/08\/Kruja_Bazar_Brautpaar.jpg?fit=525%2C349&amp;ssl=1\" data-id=\"1462\" src=\"https:\/\/i0.wp.com\/albanien.ch\/albanien_info\/wp-content\/uploads\/2015\/08\/Kruja_Bazar_Brautpaar.jpg?resize=525%2C349&#038;ssl=1\" alt=\"Kruja Albanien Basar\" class=\"wp-image-1462\" srcset=\"https:\/\/i0.wp.com\/albanien.ch\/albanien_info\/wp-content\/uploads\/2015\/08\/Kruja_Bazar_Brautpaar.jpg?resize=1024%2C681&amp;ssl=1 1024w, https:\/\/i0.wp.com\/albanien.ch\/albanien_info\/wp-content\/uploads\/2015\/08\/Kruja_Bazar_Brautpaar.jpg?resize=300%2C200&amp;ssl=1 300w, https:\/\/i0.wp.com\/albanien.ch\/albanien_info\/wp-content\/uploads\/2015\/08\/Kruja_Bazar_Brautpaar.jpg?w=1503&amp;ssl=1 1503w\" sizes=\"auto, (max-width: 525px) 100vw, 525px\" \/><\/a><figcaption class=\"wp-element-caption\">In der Basarstrasse<\/figcaption><\/figure>\n\n\n\n<figure class=\"wp-block-image size-large\"><a href=\"https:\/\/albanien.ch\/albanien_info\/kruja-uhrturm-2025\/\"><img data-recalc-dims=\"1\" loading=\"lazy\" decoding=\"async\" width=\"525\" height=\"350\" data-attachment-id=\"8192\" data-permalink=\"https:\/\/albanien.ch\/albanien_info\/kruja-uhrturm-2025\/\" data-orig-file=\"https:\/\/i0.wp.com\/albanien.ch\/albanien_info\/wp-content\/uploads\/2025\/07\/Kruja-Uhrturm-2025.jpg?fit=2100%2C1400&amp;ssl=1\" data-orig-size=\"2100,1400\" data-comments-opened=\"1\" data-image-meta=\"{&quot;aperture&quot;:&quot;0&quot;,&quot;credit&quot;:&quot;&quot;,&quot;camera&quot;:&quot;&quot;,&quot;caption&quot;:&quot;&quot;,&quot;created_timestamp&quot;:&quot;0&quot;,&quot;copyright&quot;:&quot;&quot;,&quot;focal_length&quot;:&quot;0&quot;,&quot;iso&quot;:&quot;0&quot;,&quot;shutter_speed&quot;:&quot;0&quot;,&quot;title&quot;:&quot;&quot;,&quot;orientation&quot;:&quot;0&quot;}\" data-image-title=\"Kruja-Uhrturm 2025\" data-image-description=\"&lt;p&gt;Blick herunter vom h\u00f6chsten Punkt der Burg von Kruja: Wehrturm und Museum&lt;\/p&gt;\n\" data-image-caption=\"&lt;p&gt;Wehrturm&lt;\/p&gt;\n\" data-medium-file=\"https:\/\/i0.wp.com\/albanien.ch\/albanien_info\/wp-content\/uploads\/2025\/07\/Kruja-Uhrturm-2025.jpg?fit=300%2C200&amp;ssl=1\" data-large-file=\"https:\/\/i0.wp.com\/albanien.ch\/albanien_info\/wp-content\/uploads\/2025\/07\/Kruja-Uhrturm-2025.jpg?fit=525%2C350&amp;ssl=1\" data-id=\"8192\" src=\"https:\/\/i0.wp.com\/albanien.ch\/albanien_info\/wp-content\/uploads\/2025\/07\/Kruja-Uhrturm-2025.jpg?resize=525%2C350&#038;ssl=1\" alt=\"Blick herunter vom h\u00f6chsten Punkt der Burg von Kruja: Wehrturm und Museum\" class=\"wp-image-8192\" srcset=\"https:\/\/i0.wp.com\/albanien.ch\/albanien_info\/wp-content\/uploads\/2025\/07\/Kruja-Uhrturm-2025.jpg?resize=1024%2C683&amp;ssl=1 1024w, https:\/\/i0.wp.com\/albanien.ch\/albanien_info\/wp-content\/uploads\/2025\/07\/Kruja-Uhrturm-2025.jpg?resize=300%2C200&amp;ssl=1 300w, https:\/\/i0.wp.com\/albanien.ch\/albanien_info\/wp-content\/uploads\/2025\/07\/Kruja-Uhrturm-2025.jpg?resize=768%2C512&amp;ssl=1 768w, https:\/\/i0.wp.com\/albanien.ch\/albanien_info\/wp-content\/uploads\/2025\/07\/Kruja-Uhrturm-2025.jpg?resize=1536%2C1024&amp;ssl=1 1536w, https:\/\/i0.wp.com\/albanien.ch\/albanien_info\/wp-content\/uploads\/2025\/07\/Kruja-Uhrturm-2025.jpg?resize=2048%2C1365&amp;ssl=1 2048w\" sizes=\"auto, (max-width: 525px) 100vw, 525px\" \/><\/a><figcaption class=\"wp-element-caption\">Wehrturm<\/figcaption><\/figure>\n\n\n\n<figure class=\"wp-block-image size-large\"><a href=\"https:\/\/albanien.ch\/albanien_info\/kruja_tekke\/\"><img data-recalc-dims=\"1\" loading=\"lazy\" decoding=\"async\" width=\"525\" height=\"350\" data-attachment-id=\"1460\" data-permalink=\"https:\/\/albanien.ch\/albanien_info\/kruja_tekke\/\" data-orig-file=\"https:\/\/i0.wp.com\/albanien.ch\/albanien_info\/wp-content\/uploads\/2015\/08\/Kruja_Tekke.jpg?fit=1502%2C1000&amp;ssl=1\" data-orig-size=\"1502,1000\" data-comments-opened=\"1\" data-image-meta=\"{&quot;aperture&quot;:&quot;0&quot;,&quot;credit&quot;:&quot;&quot;,&quot;camera&quot;:&quot;&quot;,&quot;caption&quot;:&quot;&quot;,&quot;created_timestamp&quot;:&quot;0&quot;,&quot;copyright&quot;:&quot;&quot;,&quot;focal_length&quot;:&quot;0&quot;,&quot;iso&quot;:&quot;0&quot;,&quot;shutter_speed&quot;:&quot;0&quot;,&quot;title&quot;:&quot;&quot;,&quot;orientation&quot;:&quot;0&quot;}\" data-image-title=\"Kruja Tekke\" data-image-description=\"&lt;p&gt;Bektaschi-Tekke&lt;\/p&gt;\n\" data-image-caption=\"&lt;p&gt;Bektaschi-Tekke&lt;\/p&gt;\n\" data-medium-file=\"https:\/\/i0.wp.com\/albanien.ch\/albanien_info\/wp-content\/uploads\/2015\/08\/Kruja_Tekke.jpg?fit=300%2C200&amp;ssl=1\" data-large-file=\"https:\/\/i0.wp.com\/albanien.ch\/albanien_info\/wp-content\/uploads\/2015\/08\/Kruja_Tekke.jpg?fit=525%2C350&amp;ssl=1\" data-id=\"1460\" src=\"https:\/\/i0.wp.com\/albanien.ch\/albanien_info\/wp-content\/uploads\/2015\/08\/Kruja_Tekke.jpg?resize=525%2C350&#038;ssl=1\" alt=\"Kruja Tekke der Bektaschi\" class=\"wp-image-1460\" srcset=\"https:\/\/i0.wp.com\/albanien.ch\/albanien_info\/wp-content\/uploads\/2015\/08\/Kruja_Tekke.jpg?resize=1024%2C682&amp;ssl=1 1024w, https:\/\/i0.wp.com\/albanien.ch\/albanien_info\/wp-content\/uploads\/2015\/08\/Kruja_Tekke.jpg?resize=300%2C200&amp;ssl=1 300w, https:\/\/i0.wp.com\/albanien.ch\/albanien_info\/wp-content\/uploads\/2015\/08\/Kruja_Tekke.jpg?w=1502&amp;ssl=1 1502w\" sizes=\"auto, (max-width: 525px) 100vw, 525px\" \/><\/a><figcaption class=\"wp-element-caption\">Bektaschi-Tekke<\/figcaption><\/figure>\n<\/figure>\n\n\n\n<div style=\"height:35px\" aria-hidden=\"true\" class=\"wp-block-spacer\"><\/div>\n\n\n\n<h3 class=\"wp-block-heading\">Unsere Tipps: besondere Orte<\/h3>\n\n\n\n<div class=\"wp-block-columns has-background is-layout-flex wp-container-core-columns-is-layout-9d6595d7 wp-block-columns-is-layout-flex\" style=\"background-color:#da1212\">\n<div class=\"wp-block-column is-layout-flow wp-block-column-is-layout-flow\">\n<h4 class=\"wp-block-heading\">Ethnographisches Museum<\/h4>\n\n\n\n<p class=\"has-text-color\" style=\"color:#f3f0f0\">Von den vielen ethnographischen Museen in Albanien ist dies besonders sehenswert \u2013&nbsp;und deutlich informativer als das protzige Propaganda-Museum f\u00fcr Skanderbeg. Das Museumsgeb\u00e4ude ist schon f\u00fcr sich sehr sehenswert mit kunstvoll ausgestatteten R\u00e4umen. Man kann eintauchen ins alte Kruja. Das Ethnographische Museum  ist frisch renoviert und meist nicht stark besucht. Mehr dazu unten.<\/p>\n<\/div>\n\n\n\n<div class=\"wp-block-column is-layout-flow wp-block-column-is-layout-flow\">\n<figure class=\"wp-block-image size-large\"><a href=\"https:\/\/albanien.ch\/albanien_info\/kruja_ethongraphisches-museum_empfangsraum\/\"><img data-recalc-dims=\"1\" loading=\"lazy\" decoding=\"async\" width=\"525\" height=\"295\" data-attachment-id=\"8193\" data-permalink=\"https:\/\/albanien.ch\/albanien_info\/kruja_ethongraphisches-museum_empfangsraum\/\" data-orig-file=\"https:\/\/i0.wp.com\/albanien.ch\/albanien_info\/wp-content\/uploads\/2025\/07\/Kruja_Ethongraphisches-Museum_Empfangsraum.jpg?fit=1778%2C1000&amp;ssl=1\" data-orig-size=\"1778,1000\" data-comments-opened=\"1\" data-image-meta=\"{&quot;aperture&quot;:&quot;0&quot;,&quot;credit&quot;:&quot;&quot;,&quot;camera&quot;:&quot;&quot;,&quot;caption&quot;:&quot;&quot;,&quot;created_timestamp&quot;:&quot;0&quot;,&quot;copyright&quot;:&quot;&quot;,&quot;focal_length&quot;:&quot;0&quot;,&quot;iso&quot;:&quot;0&quot;,&quot;shutter_speed&quot;:&quot;0&quot;,&quot;title&quot;:&quot;&quot;,&quot;orientation&quot;:&quot;0&quot;}\" data-image-title=\"Kruja Ethongraphisches Museum: Empfangsraum\" data-image-description=\"&lt;p&gt;Kruja \u2013 Ethongraphisches Museum: Empfangsraum&lt;\/p&gt;\n\" data-image-caption=\"&lt;p&gt;Ethongraphisches Museum: Empfangsraum&lt;\/p&gt;\n\" data-medium-file=\"https:\/\/i0.wp.com\/albanien.ch\/albanien_info\/wp-content\/uploads\/2025\/07\/Kruja_Ethongraphisches-Museum_Empfangsraum.jpg?fit=300%2C169&amp;ssl=1\" data-large-file=\"https:\/\/i0.wp.com\/albanien.ch\/albanien_info\/wp-content\/uploads\/2025\/07\/Kruja_Ethongraphisches-Museum_Empfangsraum.jpg?fit=525%2C295&amp;ssl=1\" src=\"https:\/\/i0.wp.com\/albanien.ch\/albanien_info\/wp-content\/uploads\/2025\/07\/Kruja_Ethongraphisches-Museum_Empfangsraum.jpg?resize=525%2C295&#038;ssl=1\" alt=\"Reich dekorierter Empfangsraum im Ethnographischen Museum von Kruja\" class=\"wp-image-8193\" srcset=\"https:\/\/i0.wp.com\/albanien.ch\/albanien_info\/wp-content\/uploads\/2025\/07\/Kruja_Ethongraphisches-Museum_Empfangsraum.jpg?resize=1024%2C576&amp;ssl=1 1024w, https:\/\/i0.wp.com\/albanien.ch\/albanien_info\/wp-content\/uploads\/2025\/07\/Kruja_Ethongraphisches-Museum_Empfangsraum.jpg?resize=300%2C169&amp;ssl=1 300w, https:\/\/i0.wp.com\/albanien.ch\/albanien_info\/wp-content\/uploads\/2025\/07\/Kruja_Ethongraphisches-Museum_Empfangsraum.jpg?resize=768%2C432&amp;ssl=1 768w, https:\/\/i0.wp.com\/albanien.ch\/albanien_info\/wp-content\/uploads\/2025\/07\/Kruja_Ethongraphisches-Museum_Empfangsraum.jpg?resize=1536%2C864&amp;ssl=1 1536w, https:\/\/i0.wp.com\/albanien.ch\/albanien_info\/wp-content\/uploads\/2025\/07\/Kruja_Ethongraphisches-Museum_Empfangsraum.jpg?w=1778&amp;ssl=1 1778w\" sizes=\"auto, (max-width: 525px) 100vw, 525px\" \/><\/a><figcaption class=\"wp-element-caption\">Reich dekorierter Empfangsraum f\u00fcr G\u00e4ste<\/figcaption><\/figure>\n<\/div>\n<\/div>\n\n\n\n<div class=\"wp-block-columns has-background is-layout-flex wp-container-core-columns-is-layout-9d6595d7 wp-block-columns-is-layout-flex\" style=\"background-color:#6c7583\">\n<div class=\"wp-block-column is-layout-flow wp-block-column-is-layout-flow\">\n<h4 class=\"wp-block-heading\">Besuch zu Randstunden<\/h4>\n\n\n\n<p class=\"has-text-color\" style=\"color:#f3f0f0\">Basar und Festung sind Teil der Stadt \u2013&nbsp;es gibt keine \u00d6ffnungszeiten. Es lohnt sich deshalb, die Sehensw\u00fcrdigkeiten zu besuchen, wenn man sie praktisch f\u00fcr sich alleine hat: fr\u00fch morgens oder abends. Die Museen und meisten L\u00e4den sind dann zwar zu, aber die Stimmung ist schon fast magisch.  Besonders ist beispielsweise die \u00dcbernachtung in einem Gasthaus auf der Burg.<\/p>\n<\/div>\n\n\n\n<div class=\"wp-block-column is-layout-flow wp-block-column-is-layout-flow\">\n<figure class=\"wp-block-image size-large\"><a href=\"https:\/\/albanien.ch\/albanien_info\/kruja-nachts\/\"><img data-recalc-dims=\"1\" loading=\"lazy\" decoding=\"async\" width=\"525\" height=\"297\" data-attachment-id=\"8191\" data-permalink=\"https:\/\/albanien.ch\/albanien_info\/kruja-nachts\/\" data-orig-file=\"https:\/\/i0.wp.com\/albanien.ch\/albanien_info\/wp-content\/uploads\/2025\/07\/Kruja-nachts.jpg?fit=1766%2C1000&amp;ssl=1\" data-orig-size=\"1766,1000\" data-comments-opened=\"1\" data-image-meta=\"{&quot;aperture&quot;:&quot;0&quot;,&quot;credit&quot;:&quot;&quot;,&quot;camera&quot;:&quot;&quot;,&quot;caption&quot;:&quot;&quot;,&quot;created_timestamp&quot;:&quot;0&quot;,&quot;copyright&quot;:&quot;&quot;,&quot;focal_length&quot;:&quot;0&quot;,&quot;iso&quot;:&quot;0&quot;,&quot;shutter_speed&quot;:&quot;0&quot;,&quot;title&quot;:&quot;&quot;,&quot;orientation&quot;:&quot;0&quot;}\" data-image-title=\"Kruja nachts\" data-image-description=\"&lt;p&gt;Der alte Basar von Kruja in der Nacht&lt;\/p&gt;\n\" data-image-caption=\"&lt;p&gt;Alter Basar nachts&lt;\/p&gt;\n\" data-medium-file=\"https:\/\/i0.wp.com\/albanien.ch\/albanien_info\/wp-content\/uploads\/2025\/07\/Kruja-nachts.jpg?fit=300%2C170&amp;ssl=1\" data-large-file=\"https:\/\/i0.wp.com\/albanien.ch\/albanien_info\/wp-content\/uploads\/2025\/07\/Kruja-nachts.jpg?fit=525%2C297&amp;ssl=1\" src=\"https:\/\/i0.wp.com\/albanien.ch\/albanien_info\/wp-content\/uploads\/2025\/07\/Kruja-nachts.jpg?resize=525%2C297&#038;ssl=1\" alt=\"Alter Basar von Kruja in der Nacht\" class=\"wp-image-8191\" srcset=\"https:\/\/i0.wp.com\/albanien.ch\/albanien_info\/wp-content\/uploads\/2025\/07\/Kruja-nachts.jpg?resize=1024%2C580&amp;ssl=1 1024w, https:\/\/i0.wp.com\/albanien.ch\/albanien_info\/wp-content\/uploads\/2025\/07\/Kruja-nachts.jpg?resize=300%2C170&amp;ssl=1 300w, https:\/\/i0.wp.com\/albanien.ch\/albanien_info\/wp-content\/uploads\/2025\/07\/Kruja-nachts.jpg?resize=768%2C435&amp;ssl=1 768w, https:\/\/i0.wp.com\/albanien.ch\/albanien_info\/wp-content\/uploads\/2025\/07\/Kruja-nachts.jpg?resize=1536%2C870&amp;ssl=1 1536w, https:\/\/i0.wp.com\/albanien.ch\/albanien_info\/wp-content\/uploads\/2025\/07\/Kruja-nachts.jpg?w=1766&amp;ssl=1 1766w\" sizes=\"auto, (max-width: 525px) 100vw, 525px\" \/><\/a><figcaption class=\"wp-element-caption\">Alter Basar nachts<\/figcaption><\/figure>\n<\/div>\n<\/div>\n\n\n\n<div class=\"wp-block-columns has-background is-layout-flex wp-container-core-columns-is-layout-9d6595d7 wp-block-columns-is-layout-flex\" style=\"background-color:#2b8f4b\">\n<div class=\"wp-block-column is-layout-flow wp-block-column-is-layout-flow\">\n<h4 class=\"wp-block-heading\">Kruja von oben<\/h4>\n\n\n\n<p class=\"has-text-color\" style=\"color:#f3f0f0\">Kruja ist mehr als nur alte Mauern und Shopping. Eine enge Strasse f\u00fchrt hoch auf den Berg \u00fcber der Stadt, von wo aus man endlose Aussicht geniesst. Auf 1100 Metern ist es etwas frischer, und Restaurants gibt es auch hier. Zudem kann man die H\u00f6hle von Sari Salltik besuchen \u2013 ein Heiligtum der Bektaschi. Sportlich Ambitionierte steigen zu Fuss hoch. Mehr dazu unten.<\/p>\n<\/div>\n\n\n\n<div class=\"wp-block-column is-layout-flow wp-block-column-is-layout-flow\">\n<figure class=\"wp-block-image size-large\"><a href=\"https:\/\/albanien.ch\/albanien_info\/kruja\/kruja_ausblick_sarisalltik\/\"><img data-recalc-dims=\"1\" loading=\"lazy\" decoding=\"async\" width=\"525\" height=\"394\" data-attachment-id=\"1480\" data-permalink=\"https:\/\/albanien.ch\/albanien_info\/kruja\/kruja_ausblick_sarisalltik\/\" data-orig-file=\"https:\/\/i0.wp.com\/albanien.ch\/albanien_info\/wp-content\/uploads\/2015\/08\/Kruja_Ausblick_SariSalltik.jpg?fit=1333%2C1000&amp;ssl=1\" data-orig-size=\"1333,1000\" data-comments-opened=\"1\" data-image-meta=\"{&quot;aperture&quot;:&quot;0&quot;,&quot;credit&quot;:&quot;&quot;,&quot;camera&quot;:&quot;&quot;,&quot;caption&quot;:&quot;&quot;,&quot;created_timestamp&quot;:&quot;0&quot;,&quot;copyright&quot;:&quot;&quot;,&quot;focal_length&quot;:&quot;0&quot;,&quot;iso&quot;:&quot;0&quot;,&quot;shutter_speed&quot;:&quot;0&quot;,&quot;title&quot;:&quot;&quot;,&quot;orientation&quot;:&quot;0&quot;}\" data-image-title=\"Kruja Ausblick Sari Salltik\" data-image-description=\"&lt;p&gt;Ausblick von Sari Salltik \u00fcber Kruja \u00fcber die K\u00fcstenebene&lt;\/p&gt;\n\" data-image-caption=\"&lt;p&gt;Ausblick bis zum Meer&lt;\/p&gt;\n\" data-medium-file=\"https:\/\/i0.wp.com\/albanien.ch\/albanien_info\/wp-content\/uploads\/2015\/08\/Kruja_Ausblick_SariSalltik.jpg?fit=300%2C225&amp;ssl=1\" data-large-file=\"https:\/\/i0.wp.com\/albanien.ch\/albanien_info\/wp-content\/uploads\/2015\/08\/Kruja_Ausblick_SariSalltik.jpg?fit=525%2C394&amp;ssl=1\" src=\"https:\/\/i0.wp.com\/albanien.ch\/albanien_info\/wp-content\/uploads\/2015\/08\/Kruja_Ausblick_SariSalltik.jpg?resize=525%2C394&#038;ssl=1\" alt=\"\" class=\"wp-image-1480\" style=\"aspect-ratio:3\/2;object-fit:cover\" srcset=\"https:\/\/i0.wp.com\/albanien.ch\/albanien_info\/wp-content\/uploads\/2015\/08\/Kruja_Ausblick_SariSalltik.jpg?resize=1024%2C768&amp;ssl=1 1024w, https:\/\/i0.wp.com\/albanien.ch\/albanien_info\/wp-content\/uploads\/2015\/08\/Kruja_Ausblick_SariSalltik.jpg?resize=300%2C225&amp;ssl=1 300w, https:\/\/i0.wp.com\/albanien.ch\/albanien_info\/wp-content\/uploads\/2015\/08\/Kruja_Ausblick_SariSalltik.jpg?w=1333&amp;ssl=1 1333w\" sizes=\"auto, (max-width: 525px) 100vw, 525px\" \/><\/a><figcaption class=\"wp-element-caption\">Ausblick bis zum Meer vom Heiligen Berg<\/figcaption><\/figure>\n<\/div>\n<\/div>\n\n\n\n<div style=\"height:25px\" aria-hidden=\"true\" class=\"wp-block-spacer\"><\/div>\n\n\n\n<h3 class=\"wp-block-heading\">Museen<\/h3>\n\n\n<div class=\"wp-block-image\">\n<figure class=\"alignright size-medium is-resized\"><a href=\"https:\/\/www.albanien.ch\/albanien_info\/kruja\/kruja_ethnographischesmuseum\/\" rel=\"attachment wp-att-1471\"><img data-recalc-dims=\"1\" loading=\"lazy\" decoding=\"async\" width=\"225\" height=\"300\" data-attachment-id=\"1471\" data-permalink=\"https:\/\/albanien.ch\/albanien_info\/kruja\/kruja_ethnographischesmuseum\/\" data-orig-file=\"https:\/\/i0.wp.com\/albanien.ch\/albanien_info\/wp-content\/uploads\/2015\/08\/Kruja_EthnographischesMuseum.jpg?fit=1000%2C1333&amp;ssl=1\" data-orig-size=\"1000,1333\" data-comments-opened=\"1\" data-image-meta=\"{&quot;aperture&quot;:&quot;0&quot;,&quot;credit&quot;:&quot;&quot;,&quot;camera&quot;:&quot;&quot;,&quot;caption&quot;:&quot;&quot;,&quot;created_timestamp&quot;:&quot;0&quot;,&quot;copyright&quot;:&quot;&quot;,&quot;focal_length&quot;:&quot;0&quot;,&quot;iso&quot;:&quot;0&quot;,&quot;shutter_speed&quot;:&quot;0&quot;,&quot;title&quot;:&quot;&quot;,&quot;orientation&quot;:&quot;0&quot;}\" data-image-title=\"Kruja Ethnographisches Museum\" data-image-description=\"&lt;p&gt;Empfangsraum im historischen Geb\u00e4ude&lt;\/p&gt;\n\" data-image-caption=\"&lt;p&gt;Raum im Ethnographischen Museum&lt;\/p&gt;\n\" data-medium-file=\"https:\/\/i0.wp.com\/albanien.ch\/albanien_info\/wp-content\/uploads\/2015\/08\/Kruja_EthnographischesMuseum.jpg?fit=225%2C300&amp;ssl=1\" data-large-file=\"https:\/\/i0.wp.com\/albanien.ch\/albanien_info\/wp-content\/uploads\/2015\/08\/Kruja_EthnographischesMuseum.jpg?fit=525%2C700&amp;ssl=1\" src=\"https:\/\/i0.wp.com\/albanien.ch\/albanien_info\/wp-content\/uploads\/2015\/08\/Kruja_EthnographischesMuseum.jpg?resize=225%2C300&#038;ssl=1\" alt=\"Raum im Ethnographischen Museum\" class=\"wp-image-1471\" style=\"width:300px\" srcset=\"https:\/\/i0.wp.com\/albanien.ch\/albanien_info\/wp-content\/uploads\/2015\/08\/Kruja_EthnographischesMuseum.jpg?resize=225%2C300&amp;ssl=1 225w, https:\/\/i0.wp.com\/albanien.ch\/albanien_info\/wp-content\/uploads\/2015\/08\/Kruja_EthnographischesMuseum.jpg?resize=768%2C1024&amp;ssl=1 768w, https:\/\/i0.wp.com\/albanien.ch\/albanien_info\/wp-content\/uploads\/2015\/08\/Kruja_EthnographischesMuseum.jpg?w=1000&amp;ssl=1 1000w\" sizes=\"auto, (max-width: 225px) 100vw, 225px\" \/><\/a><figcaption class=\"wp-element-caption\">Raum im Ethnographischen Museum<\/figcaption><\/figure><\/div>\n\n\n<p><strong>Skanderbeg-Museum<\/strong> \u2013 Der pseudo-historische Neubau auf der Burg f\u00fchrt die Besucher durch das Leben des albanischen Nationalhelden und den Kampf gegen die Osmanen. Die Ausstellung ist nach unserem Geschmack stellenweise etwas gar nationalistisch geraten \u2013 im isolierten kommunistischen Regime war der T\u00fcrkenk\u00e4mpfer eine wichtige nationale Identifikationsfigur. Sie gibt aber einen guten \u00dcberblick \u00fcber diese wichtige Pers\u00f6nlichkeit der albanischen Geschichte: der T\u00fcrkenk\u00e4mpfer Skanderbeg wurde vom Papst als \u00bbAthleta Christi\u00ab, Verteidiger der Christenheit, bezeichnet. Leider sind viele Ausstellungsst\u00fccke Replika. Ein Highlight des Museums ist die sch\u00f6ne Aussicht von der Terrasse.<\/p>\n\n\n\n<p><strong><b class=\"wp-svg-thumbs-up thumbs-up\"><\/b> Ethnographisches-Museum<\/strong> \u2013 Das weniger besuchte Ethnographische Museum auf der Burg ist unseres Erachtens ein sehenswertes Highlight. Es gibt Einblick in den Alltag der Albaner in der Region Kruja vor der Industrialisierung. Bei knapp bemessener Zeit empfehlen wir, dieses Museum vorzuziehen. Schon allein das alte Wohnhaus mit Garten, in dem die Exponate ausgestellt sind, ist ein Besuch wert. Der F\u00fchrer erkl\u00e4rt gerne die Funktionen der verschiedenen R\u00e4umlichkeiten und Einrichtungsgegenst\u00e4nde, die Trachten sowie im Erdgeschoss die historischen Handwerkst\u00e4tigkeiten.<\/p>\n\n\n\n<div style=\"height:35px\" aria-hidden=\"true\" class=\"wp-block-spacer\"><\/div>\n\n\n\n<h2 class=\"wp-block-heading\">Umgebung<\/h2>\n\n\n\n<h3 class=\"wp-block-heading\">Sari Salltik<\/h3>\n\n\n\n<p>Die Bergspitze des Kruja-Berges (\u00bbMali i Kruj\u00ebs\u00ab) hoch \u00fcber der Stadt ist ein Wallfahrtsort der Bektaschi, die neben ihrem Heiligtum in einer kleinen H\u00f6hle auch ein von weitem sichtbares Gasthaus errichtet haben. Der Aufstieg erfolgt entweder auf einem erstaunlich guten Pfad quer durch die Felswand oder etwas weniger steil in einem weiten Bogen \u00fcber die R\u00fcckseite des Berges auf einem asphaltierten Str\u00e4sschen.<\/p>\n\n\n\n<p>Der Besucher kann also auch locker den Berg hochfahren. Es bietet sich aber auch eine sch\u00f6ne Tour f\u00fcr Wanderer (Strasse hoch, Felswand runter \u2013 ca. drei Stunden), der hier schnell in die Bergwelt eintauchen kann und mit sch\u00f6ner Natur, eindr\u00fccklicher Bergwelt und wunderbaren Aussichten belohnt wird. Auf dem Berg befindet sich ein kleines Plateau mit mehreren Ausflugsrestaurants, die auf Besucher warten.<\/p>\n\n\n\n<p>Die Strasse zum Berg f\u00fchrt ab \u00bbHotel Panorama\u00ab nordw\u00e4rts immer nach oben. F\u00fcr den Pfad durch die Felswand nach 500 Metern rechts halten.<\/p>\n\n\n\n<div class=\"wp-block-jetpack-tiled-gallery aligncenter is-style-rectangular\"><div class=\"tiled-gallery__gallery\"><div class=\"tiled-gallery__row\"><div class=\"tiled-gallery__col\" style=\"flex-basis:65.18506%\"><figure class=\"tiled-gallery__item\"><a href=\"https:\/\/albanien.ch\/albanien_info\/kruja_von_oben\/\"><img decoding=\"async\" data-attachment-id=\"1470\" data-permalink=\"https:\/\/albanien.ch\/albanien_info\/kruja_von_oben\/\" data-orig-file=\"https:\/\/i0.wp.com\/albanien.ch\/albanien_info\/wp-content\/uploads\/2015\/08\/Kruja_von_oben.jpg?fit=1406%2C1000&amp;ssl=1\" data-orig-size=\"1406,1000\" data-comments-opened=\"1\" data-image-meta=\"{&quot;aperture&quot;:&quot;0&quot;,&quot;credit&quot;:&quot;&quot;,&quot;camera&quot;:&quot;&quot;,&quot;caption&quot;:&quot;&quot;,&quot;created_timestamp&quot;:&quot;0&quot;,&quot;copyright&quot;:&quot;&quot;,&quot;focal_length&quot;:&quot;0&quot;,&quot;iso&quot;:&quot;0&quot;,&quot;shutter_speed&quot;:&quot;0&quot;,&quot;title&quot;:&quot;&quot;,&quot;orientation&quot;:&quot;0&quot;}\" data-image-title=\"Kruja von oben\" data-image-description=\"&lt;p&gt;Blick vom Berg Sari Salltik auf die Burg&lt;\/p&gt;\n\" data-image-caption=\"&lt;p&gt;Blick vom Berg Sari Salltik auf die Burg&lt;\/p&gt;\n\" data-medium-file=\"https:\/\/i0.wp.com\/albanien.ch\/albanien_info\/wp-content\/uploads\/2015\/08\/Kruja_von_oben.jpg?fit=300%2C213&amp;ssl=1\" data-large-file=\"https:\/\/i0.wp.com\/albanien.ch\/albanien_info\/wp-content\/uploads\/2015\/08\/Kruja_von_oben.jpg?fit=525%2C373&amp;ssl=1\" data-attachment-id=\"1470\" data-permalink=\"https:\/\/albanien.ch\/albanien_info\/kruja_von_oben\/\" data-orig-file=\"https:\/\/i0.wp.com\/albanien.ch\/albanien_info\/wp-content\/uploads\/2015\/08\/Kruja_von_oben.jpg?fit=1406%2C1000&amp;ssl=1\" data-orig-size=\"1406,1000\" data-comments-opened=\"1\" data-image-meta=\"{&quot;aperture&quot;:&quot;0&quot;,&quot;credit&quot;:&quot;&quot;,&quot;camera&quot;:&quot;&quot;,&quot;caption&quot;:&quot;&quot;,&quot;created_timestamp&quot;:&quot;0&quot;,&quot;copyright&quot;:&quot;&quot;,&quot;focal_length&quot;:&quot;0&quot;,&quot;iso&quot;:&quot;0&quot;,&quot;shutter_speed&quot;:&quot;0&quot;,&quot;title&quot;:&quot;&quot;,&quot;orientation&quot;:&quot;0&quot;}\" data-image-title=\"Kruja von oben\" data-image-description=\"&lt;p&gt;Blick vom Berg Sari Salltik auf die Burg&lt;\/p&gt;\n\" data-image-caption=\"&lt;p&gt;Blick vom Berg Sari Salltik auf die Burg&lt;\/p&gt;\n\" data-medium-file=\"https:\/\/i0.wp.com\/albanien.ch\/albanien_info\/wp-content\/uploads\/2015\/08\/Kruja_von_oben.jpg?fit=300%2C213&amp;ssl=1\" data-large-file=\"https:\/\/i0.wp.com\/albanien.ch\/albanien_info\/wp-content\/uploads\/2015\/08\/Kruja_von_oben.jpg?fit=525%2C373&amp;ssl=1\" role=\"button\" tabindex=\"0\" aria-label=\"Bild\u00a01 von 2 im Vollbildmodus \u00f6ffnen\"srcset=\"https:\/\/i1.wp.com\/albanien.ch\/albanien_info\/wp-content\/uploads\/2015\/08\/Kruja_von_oben.jpg?strip=info&#038;w=600&#038;ssl=1 600w,https:\/\/i1.wp.com\/albanien.ch\/albanien_info\/wp-content\/uploads\/2015\/08\/Kruja_von_oben.jpg?strip=info&#038;w=900&#038;ssl=1 900w,https:\/\/i1.wp.com\/albanien.ch\/albanien_info\/wp-content\/uploads\/2015\/08\/Kruja_von_oben.jpg?strip=info&#038;w=1200&#038;ssl=1 1200w,https:\/\/i1.wp.com\/albanien.ch\/albanien_info\/wp-content\/uploads\/2015\/08\/Kruja_von_oben.jpg?strip=info&#038;w=1406&#038;ssl=1 1406w\" alt=\"\" data-height=\"1000\" data-id=\"1470\" data-link=\"https:\/\/albanien.ch\/albanien_info\/kruja_von_oben\/\" data-url=\"https:\/\/albanien.ch\/albanien_info\/wp-content\/uploads\/2015\/08\/Kruja_von_oben.jpg\" data-width=\"1406\" src=\"https:\/\/i1.wp.com\/albanien.ch\/albanien_info\/wp-content\/uploads\/2015\/08\/Kruja_von_oben.jpg?ssl=1\" data-amp-layout=\"responsive\"\/><\/a><\/figure><\/div><div class=\"tiled-gallery__col\" style=\"flex-basis:34.81494%\"><figure class=\"tiled-gallery__item\"><a href=\"https:\/\/albanien.ch\/albanien_info\/kruja_sarisalltek\/\"><img decoding=\"async\" data-attachment-id=\"1469\" data-permalink=\"https:\/\/albanien.ch\/albanien_info\/kruja_sarisalltek\/\" data-orig-file=\"https:\/\/i0.wp.com\/albanien.ch\/albanien_info\/wp-content\/uploads\/2015\/08\/Kruja_SariSalltek.jpg?fit=1000%2C1334&amp;ssl=1\" data-orig-size=\"1000,1334\" data-comments-opened=\"1\" data-image-meta=\"{&quot;aperture&quot;:&quot;0&quot;,&quot;credit&quot;:&quot;&quot;,&quot;camera&quot;:&quot;&quot;,&quot;caption&quot;:&quot;&quot;,&quot;created_timestamp&quot;:&quot;0&quot;,&quot;copyright&quot;:&quot;&quot;,&quot;focal_length&quot;:&quot;0&quot;,&quot;iso&quot;:&quot;0&quot;,&quot;shutter_speed&quot;:&quot;0&quot;,&quot;title&quot;:&quot;&quot;,&quot;orientation&quot;:&quot;0&quot;}\" data-image-title=\"Kruja Sari Salltik\" data-image-description=\"&lt;p&gt;Grab in der H\u00f6hle \u2013 Bektaschi-Heiligtum&lt;\/p&gt;\n\" data-image-caption=\"&lt;p&gt;Sari Salltik. H\u00f6hle mit Bektaschi-Heiligtum&lt;\/p&gt;\n\" data-medium-file=\"https:\/\/i0.wp.com\/albanien.ch\/albanien_info\/wp-content\/uploads\/2015\/08\/Kruja_SariSalltek.jpg?fit=225%2C300&amp;ssl=1\" data-large-file=\"https:\/\/i0.wp.com\/albanien.ch\/albanien_info\/wp-content\/uploads\/2015\/08\/Kruja_SariSalltek.jpg?fit=525%2C700&amp;ssl=1\" data-attachment-id=\"1469\" data-permalink=\"https:\/\/albanien.ch\/albanien_info\/kruja_sarisalltek\/\" data-orig-file=\"https:\/\/i0.wp.com\/albanien.ch\/albanien_info\/wp-content\/uploads\/2015\/08\/Kruja_SariSalltek.jpg?fit=1000%2C1334&amp;ssl=1\" data-orig-size=\"1000,1334\" data-comments-opened=\"1\" data-image-meta=\"{&quot;aperture&quot;:&quot;0&quot;,&quot;credit&quot;:&quot;&quot;,&quot;camera&quot;:&quot;&quot;,&quot;caption&quot;:&quot;&quot;,&quot;created_timestamp&quot;:&quot;0&quot;,&quot;copyright&quot;:&quot;&quot;,&quot;focal_length&quot;:&quot;0&quot;,&quot;iso&quot;:&quot;0&quot;,&quot;shutter_speed&quot;:&quot;0&quot;,&quot;title&quot;:&quot;&quot;,&quot;orientation&quot;:&quot;0&quot;}\" data-image-title=\"Kruja Sari Salltik\" data-image-description=\"&lt;p&gt;Grab in der H\u00f6hle \u2013 Bektaschi-Heiligtum&lt;\/p&gt;\n\" data-image-caption=\"&lt;p&gt;Sari Salltik. H\u00f6hle mit Bektaschi-Heiligtum&lt;\/p&gt;\n\" data-medium-file=\"https:\/\/i0.wp.com\/albanien.ch\/albanien_info\/wp-content\/uploads\/2015\/08\/Kruja_SariSalltek.jpg?fit=225%2C300&amp;ssl=1\" data-large-file=\"https:\/\/i0.wp.com\/albanien.ch\/albanien_info\/wp-content\/uploads\/2015\/08\/Kruja_SariSalltek.jpg?fit=525%2C700&amp;ssl=1\" role=\"button\" tabindex=\"0\" aria-label=\"Bild\u00a02 von 2 im Vollbildmodus \u00f6ffnen\"srcset=\"https:\/\/i1.wp.com\/albanien.ch\/albanien_info\/wp-content\/uploads\/2015\/08\/Kruja_SariSalltek.jpg?strip=info&#038;w=600&#038;ssl=1 600w,https:\/\/i1.wp.com\/albanien.ch\/albanien_info\/wp-content\/uploads\/2015\/08\/Kruja_SariSalltek.jpg?strip=info&#038;w=900&#038;ssl=1 900w,https:\/\/i1.wp.com\/albanien.ch\/albanien_info\/wp-content\/uploads\/2015\/08\/Kruja_SariSalltek.jpg?strip=info&#038;w=1000&#038;ssl=1 1000w\" alt=\"\" data-height=\"1334\" data-id=\"1469\" data-link=\"https:\/\/albanien.ch\/albanien_info\/kruja_sarisalltek\/\" data-url=\"https:\/\/albanien.ch\/albanien_info\/wp-content\/uploads\/2015\/08\/Kruja_SariSalltek.jpg\" data-width=\"1000\" src=\"https:\/\/i1.wp.com\/albanien.ch\/albanien_info\/wp-content\/uploads\/2015\/08\/Kruja_SariSalltek.jpg?ssl=1\" data-amp-layout=\"responsive\"\/><\/a><\/figure><\/div><\/div><\/div><\/div>\n\n\n\n<div style=\"height:35px\" aria-hidden=\"true\" class=\"wp-block-spacer\"><\/div>\n\n\n\n<h3 class=\"wp-block-heading\">Nationalpark: Qaf\u00eb Shtama<\/h3>\n\n\n<div class=\"wp-block-image\">\n<figure class=\"alignright is-resized\"><a href=\"https:\/\/www.albanien.ch\/albanien_info\/kruja\/qafe_shtame\/\" rel=\"attachment wp-att-1682\"><img data-recalc-dims=\"1\" loading=\"lazy\" decoding=\"async\" width=\"300\" height=\"199\" data-attachment-id=\"1682\" data-permalink=\"https:\/\/albanien.ch\/albanien_info\/kruja\/qafe_shtame\/\" data-orig-file=\"https:\/\/i0.wp.com\/albanien.ch\/albanien_info\/wp-content\/uploads\/2015\/09\/Qafe_Shtame.jpg?fit=1505%2C1000&amp;ssl=1\" data-orig-size=\"1505,1000\" data-comments-opened=\"1\" data-image-meta=\"{&quot;aperture&quot;:&quot;0&quot;,&quot;credit&quot;:&quot;&quot;,&quot;camera&quot;:&quot;&quot;,&quot;caption&quot;:&quot;&quot;,&quot;created_timestamp&quot;:&quot;0&quot;,&quot;copyright&quot;:&quot;&quot;,&quot;focal_length&quot;:&quot;0&quot;,&quot;iso&quot;:&quot;0&quot;,&quot;shutter_speed&quot;:&quot;0&quot;,&quot;title&quot;:&quot;&quot;,&quot;orientation&quot;:&quot;0&quot;}\" data-image-title=\"Qaf\u00eb Shtam\u00eb\" data-image-description=\"&lt;p&gt;Lauschiges Restaurant im Nationalpark&lt;\/p&gt;\n\" data-image-caption=\"&lt;p&gt;Lauschiges Restaurant im Nationalpark&lt;\/p&gt;\n\" data-medium-file=\"https:\/\/i0.wp.com\/albanien.ch\/albanien_info\/wp-content\/uploads\/2015\/09\/Qafe_Shtame.jpg?fit=300%2C199&amp;ssl=1\" data-large-file=\"https:\/\/i0.wp.com\/albanien.ch\/albanien_info\/wp-content\/uploads\/2015\/09\/Qafe_Shtame.jpg?fit=525%2C349&amp;ssl=1\" src=\"https:\/\/i0.wp.com\/www.albanien.ch\/albanien_info\/wp-content\/uploads\/2015\/09\/Qafe_Shtame-300x199.jpg?resize=300%2C199&#038;ssl=1\" alt=\"Lauschiges Restaurant im Naturpark Qaf\u00eb Shtama\" class=\"wp-image-1682\" style=\"width:300px\" srcset=\"https:\/\/i0.wp.com\/albanien.ch\/albanien_info\/wp-content\/uploads\/2015\/09\/Qafe_Shtame.jpg?resize=300%2C199&amp;ssl=1 300w, https:\/\/i0.wp.com\/albanien.ch\/albanien_info\/wp-content\/uploads\/2015\/09\/Qafe_Shtame.jpg?resize=1024%2C680&amp;ssl=1 1024w, https:\/\/i0.wp.com\/albanien.ch\/albanien_info\/wp-content\/uploads\/2015\/09\/Qafe_Shtame.jpg?w=1505&amp;ssl=1 1505w\" sizes=\"auto, (max-width: 300px) 100vw, 300px\" \/><\/a><figcaption class=\"wp-element-caption\">Lauschiges Restaurant im Nationalpark<\/figcaption><\/figure><\/div>\n\n\n<p>Auf dem Bergr\u00fccken, der hinter dem Kruja-Berg folgt, liegt der Pass \u00bbQaf\u00eb Shtama\u00ab. Lange war dies ein Nationalpark, heute ein Naturpark. Das Waldgebiet an der S\u00fcdflanke des h\u00f6chsten Berges der Region (<em>Maja e Liqenit<\/em>, 1724m) kann heute \u00fcber eine asphaltierte Strasse bequem besucht werden. Es bietet sich hier auf rund 1250m etwas Frische im Hochsommer sowie die M\u00f6glichkeit f\u00fcr diverse Wanderungen. Ber\u00fchmt ist die \u00bbQuelle der K\u00f6niginmutter\u00ab, deren Wasser in den 1930er Jahren t\u00e4glich nach Tirana an den K\u00f6nigshof gebracht wurde. Ein paar Restaurants am Ende der asphaltierten Strasse bieten unter B\u00e4umen rustikale Verpflegung.<\/p>\n\n\n\n<p>Die Abzweigung nach Qaf\u00eb Shtama befindet sich in Kruja etwas oberhalb des Stadions (in Rechtskurve nach links weg, zuerst noch etwas hinunter). Die 20&nbsp;Kilometer lange Strecke umwindet den Kruja-Berg n\u00f6rdlich in einer tief eingeschnittenen Schlucht. Es folgte eine gem\u00fctliche Fahrt auf schmaler Strasse und mit unz\u00e4hligen Kurven durch die Bergwelt. Nur ab und zu kommen Lastwagen entgegen: Kurz vor dem Park befindet sich eine Mineralwasserabf\u00fcllanlage.<\/p>\n\n\n\n<p>Der Asphalt endet noch vor der Passh\u00f6he. Die Strasse nach Osten (Burrel) ist schlecht und nur f\u00fcr 4&#215;4-Fahrzeuge passierbar.<\/p>\n\n\n\n<div style=\"height:35px\" aria-hidden=\"true\" class=\"wp-block-spacer\"><\/div>\n\n\n\n<h3 class=\"wp-block-heading\">Zg\u00ebrdhesh: antikes Albanopolis<\/h3>\n\n\n<div class=\"wp-block-image\">\n<figure class=\"alignright is-resized\"><a href=\"https:\/\/www.albanien.ch\/albanien_info\/kruja\/zgerdhesh_huegel\/\" rel=\"attachment wp-att-1686\"><img data-recalc-dims=\"1\" loading=\"lazy\" decoding=\"async\" width=\"300\" height=\"199\" data-attachment-id=\"1686\" data-permalink=\"https:\/\/albanien.ch\/albanien_info\/kruja\/zgerdhesh_huegel\/\" data-orig-file=\"https:\/\/i0.wp.com\/albanien.ch\/albanien_info\/wp-content\/uploads\/2015\/09\/Zgerdhesh_Huegel.jpg?fit=1505%2C1000&amp;ssl=1\" data-orig-size=\"1505,1000\" data-comments-opened=\"1\" data-image-meta=\"{&quot;aperture&quot;:&quot;0&quot;,&quot;credit&quot;:&quot;&quot;,&quot;camera&quot;:&quot;&quot;,&quot;caption&quot;:&quot;&quot;,&quot;created_timestamp&quot;:&quot;0&quot;,&quot;copyright&quot;:&quot;&quot;,&quot;focal_length&quot;:&quot;0&quot;,&quot;iso&quot;:&quot;0&quot;,&quot;shutter_speed&quot;:&quot;0&quot;,&quot;title&quot;:&quot;&quot;,&quot;orientation&quot;:&quot;0&quot;}\" data-image-title=\"Zg\u00ebrdhesh H\u00fcgel\" data-image-description=\"&lt;p&gt;Zg\u00ebrdhesh: Ruinen von Albanopolis&lt;\/p&gt;\n\" data-image-caption=\"&lt;p&gt;Ruinen Albanopolis&lt;\/p&gt;\n\" data-medium-file=\"https:\/\/i0.wp.com\/albanien.ch\/albanien_info\/wp-content\/uploads\/2015\/09\/Zgerdhesh_Huegel.jpg?fit=300%2C199&amp;ssl=1\" data-large-file=\"https:\/\/i0.wp.com\/albanien.ch\/albanien_info\/wp-content\/uploads\/2015\/09\/Zgerdhesh_Huegel.jpg?fit=525%2C349&amp;ssl=1\" src=\"https:\/\/i0.wp.com\/www.albanien.ch\/albanien_info\/wp-content\/uploads\/2015\/09\/Zgerdhesh_Huegel-300x199.jpg?resize=300%2C199&#038;ssl=1\" alt=\"Antike Ruinen von Albanopolis\" class=\"wp-image-1686\" style=\"width:300px\" srcset=\"https:\/\/i0.wp.com\/albanien.ch\/albanien_info\/wp-content\/uploads\/2015\/09\/Zgerdhesh_Huegel.jpg?resize=300%2C199&amp;ssl=1 300w, https:\/\/i0.wp.com\/albanien.ch\/albanien_info\/wp-content\/uploads\/2015\/09\/Zgerdhesh_Huegel.jpg?resize=1024%2C680&amp;ssl=1 1024w, https:\/\/i0.wp.com\/albanien.ch\/albanien_info\/wp-content\/uploads\/2015\/09\/Zgerdhesh_Huegel.jpg?w=1505&amp;ssl=1 1505w\" sizes=\"auto, (max-width: 300px) 100vw, 300px\" \/><\/a><figcaption class=\"wp-element-caption\">Ruinen Albanopolis<\/figcaption><\/figure><\/div>\n\n\n<p>Bei den antiken Funden beim Dorf Zg\u00ebrdhesh handelt es sich vermutlich um die Illyrer-Stadt \u00bbAlbanopolis\u00ab. Die Ausgrabungen ziehen sich einen weiten H\u00fcgel am Fuss des Kruja-Berges hoch \u2013 weit unterhalb der Stadt Kruja. Zuunterst sind Reste der Stadtmauer zu sehen, weiter oben folgen unter anderem noch die Mauerreste der Akropolis und die Ruinen einer kleinen, fr\u00fchchristlichen Kirche.<\/p>\n\n\n\n<p>Das Gel\u00e4nde wurde bis heute nicht touristisch erschlossen, und auch Ausgrabungen wurden erst sp\u00e4rlich durchgef\u00fchrt. Es gibt keine Wege und Tafeln. Der Ausflug ist also nicht nur wegen den historischen Resten interessant, sondern bietet auch eine M\u00f6glichkeit, in unber\u00fchrte Landschaft einzutauchen und eine grossartige Aussicht \u00fcber die Ebene zu geniessen. Die Aussicht muss man sich aber erst noch verdienen, ist der H\u00fcgel ja recht steil und der Pfad f\u00fchrt hin und wieder durch Gestr\u00fcpp.<\/p>\n\n\n<div class=\"wp-block-image\">\n<figure class=\"alignright is-resized\"><a href=\"https:\/\/www.albanien.ch\/albanien_info\/kruja\/zgerdhesh_aussicht\/\" rel=\"attachment wp-att-1685\"><img data-recalc-dims=\"1\" loading=\"lazy\" decoding=\"async\" width=\"300\" height=\"199\" data-attachment-id=\"1685\" data-permalink=\"https:\/\/albanien.ch\/albanien_info\/kruja\/zgerdhesh_aussicht\/\" data-orig-file=\"https:\/\/i0.wp.com\/albanien.ch\/albanien_info\/wp-content\/uploads\/2015\/09\/Zgerdhesh_Aussicht.jpg?fit=1505%2C1000&amp;ssl=1\" data-orig-size=\"1505,1000\" data-comments-opened=\"1\" data-image-meta=\"{&quot;aperture&quot;:&quot;0&quot;,&quot;credit&quot;:&quot;&quot;,&quot;camera&quot;:&quot;&quot;,&quot;caption&quot;:&quot;&quot;,&quot;created_timestamp&quot;:&quot;0&quot;,&quot;copyright&quot;:&quot;&quot;,&quot;focal_length&quot;:&quot;0&quot;,&quot;iso&quot;:&quot;0&quot;,&quot;shutter_speed&quot;:&quot;0&quot;,&quot;title&quot;:&quot;&quot;,&quot;orientation&quot;:&quot;0&quot;}\" data-image-title=\"Zg\u00ebrdhesh\" data-image-description=\"&lt;p&gt;Zg\u00ebrdhesh: Aussicht von der Akropolis&lt;\/p&gt;\n\" data-image-caption=\"&lt;p&gt;Aussicht in die Ebene&lt;\/p&gt;\n\" data-medium-file=\"https:\/\/i0.wp.com\/albanien.ch\/albanien_info\/wp-content\/uploads\/2015\/09\/Zgerdhesh_Aussicht.jpg?fit=300%2C199&amp;ssl=1\" data-large-file=\"https:\/\/i0.wp.com\/albanien.ch\/albanien_info\/wp-content\/uploads\/2015\/09\/Zgerdhesh_Aussicht.jpg?fit=525%2C349&amp;ssl=1\" src=\"https:\/\/i0.wp.com\/www.albanien.ch\/albanien_info\/wp-content\/uploads\/2015\/09\/Zgerdhesh_Aussicht-300x199.jpg?resize=300%2C199&#038;ssl=1\" alt=\"Aussicht in die Ebene von Albanopolis\" class=\"wp-image-1685\" style=\"width:300px\" srcset=\"https:\/\/i0.wp.com\/albanien.ch\/albanien_info\/wp-content\/uploads\/2015\/09\/Zgerdhesh_Aussicht.jpg?resize=300%2C199&amp;ssl=1 300w, https:\/\/i0.wp.com\/albanien.ch\/albanien_info\/wp-content\/uploads\/2015\/09\/Zgerdhesh_Aussicht.jpg?resize=1024%2C680&amp;ssl=1 1024w, https:\/\/i0.wp.com\/albanien.ch\/albanien_info\/wp-content\/uploads\/2015\/09\/Zgerdhesh_Aussicht.jpg?w=1505&amp;ssl=1 1505w\" sizes=\"auto, (max-width: 300px) 100vw, 300px\" \/><\/a><figcaption class=\"wp-element-caption\">Aussicht in die Ebene<\/figcaption><\/figure><\/div>\n\n\n<p>Zg\u00ebrdhesh ist erreichbar \u00fcber eine Abzweigung nach S\u00fcden kurz bevor die Strasse nach Kruja aus der Ebene hochsteigt, rund dreieinhalb Kilometer nach dem Zentrum von Fush\u00eb-Kruja. Nach rund einem Kilometer endet der Asphalt bei einer Br\u00fccke, nach der es erst etwas holprig rechts hoch geht,&nbsp; dann auf ordentlichem Feldweg, der immer schmaler wird, bis zu den h\u00f6chsten H\u00e4usern, wo man parken kann, sobald man die antiken Mauern sieht (der Fahrweg endet hier auch). Die Anlage ist zum Teil eingez\u00e4umt, kann aber problemlos besichtigt werden.<\/p>\n\n\n\n<p><a href=\"https:\/\/www.albanien.ch\/albanien_info\/wp-content\/uploads\/2015\/09\/Zgerdhesh.pdf\" target=\"_blank\" rel=\"noreferrer noopener\"><i class=\"wp-svg-map-2 map-2\"><\/i> Zg\u00ebrdhesh\/Albanopolis: Plan Anfahrt<\/a> (PDF, 6MB)<\/p>\n\n\n\n<div style=\"height:35px\" aria-hidden=\"true\" class=\"wp-block-spacer\"><\/div>\n\n\n\n<h3 class=\"wp-block-heading\">Fush\u00eb-Kruja<\/h3>\n\n\n<div class=\"wp-block-image\">\n<figure class=\"alignright size-medium is-resized\"><a href=\"https:\/\/albanien.ch\/albanien_info\/kruja\/georgewbush_fush-kruje\/\"><img data-recalc-dims=\"1\" loading=\"lazy\" decoding=\"async\" width=\"243\" height=\"300\" data-attachment-id=\"7435\" data-permalink=\"https:\/\/albanien.ch\/albanien_info\/kruja\/georgewbush_fush-kruje\/\" data-orig-file=\"https:\/\/i0.wp.com\/albanien.ch\/albanien_info\/wp-content\/uploads\/2023\/08\/GeorgeWBush_Fush-Kruje.jpg?fit=810%2C1000&amp;ssl=1\" data-orig-size=\"810,1000\" data-comments-opened=\"1\" data-image-meta=\"{&quot;aperture&quot;:&quot;0&quot;,&quot;credit&quot;:&quot;&quot;,&quot;camera&quot;:&quot;&quot;,&quot;caption&quot;:&quot;&quot;,&quot;created_timestamp&quot;:&quot;0&quot;,&quot;copyright&quot;:&quot;&quot;,&quot;focal_length&quot;:&quot;0&quot;,&quot;iso&quot;:&quot;0&quot;,&quot;shutter_speed&quot;:&quot;0&quot;,&quot;title&quot;:&quot;&quot;,&quot;orientation&quot;:&quot;0&quot;}\" data-image-title=\"George W. Bush \u2013 Statue in Fush-Kruja\" data-image-description=\"&lt;p&gt;Statue des ehemaligen amerikanischen Pr\u00e4sidenten George W. Bush auf dem Hauptplatz  von Fush-Kruja&lt;\/p&gt;\n\" data-image-caption=\"&lt;p&gt;Statue von George W. Bush&lt;\/p&gt;\n\" data-medium-file=\"https:\/\/i0.wp.com\/albanien.ch\/albanien_info\/wp-content\/uploads\/2023\/08\/GeorgeWBush_Fush-Kruje.jpg?fit=243%2C300&amp;ssl=1\" data-large-file=\"https:\/\/i0.wp.com\/albanien.ch\/albanien_info\/wp-content\/uploads\/2023\/08\/GeorgeWBush_Fush-Kruje.jpg?fit=525%2C648&amp;ssl=1\" src=\"https:\/\/i0.wp.com\/albanien.ch\/albanien_info\/wp-content\/uploads\/2023\/08\/GeorgeWBush_Fush-Kruje.jpg?resize=243%2C300&#038;ssl=1\" alt=\"Fush\u00eb-Kruja in Albanien: Statue von George W. Bush\" class=\"wp-image-7435\" style=\"width:300px\" srcset=\"https:\/\/i0.wp.com\/albanien.ch\/albanien_info\/wp-content\/uploads\/2023\/08\/GeorgeWBush_Fush-Kruje.jpg?resize=243%2C300&amp;ssl=1 243w, https:\/\/i0.wp.com\/albanien.ch\/albanien_info\/wp-content\/uploads\/2023\/08\/GeorgeWBush_Fush-Kruje.jpg?resize=768%2C948&amp;ssl=1 768w, https:\/\/i0.wp.com\/albanien.ch\/albanien_info\/wp-content\/uploads\/2023\/08\/GeorgeWBush_Fush-Kruje.jpg?w=810&amp;ssl=1 810w\" sizes=\"auto, (max-width: 243px) 100vw, 243px\" \/><\/a><figcaption class=\"wp-element-caption\">Statue von George W. Bush<\/figcaption><\/figure><\/div>\n\n\n<p>Fush\u00eb-Kruja ist gepr\u00e4gt von alten kommunistischen Wohnbl\u00f6cken, Zementindustrie und viel Verkehr. Noch ist die Stadt ein Engpass im albanischen Nationalstrassennetz, wo die Verbindungen aus Tirana und Durr\u00ebs zusammenkommen \u2013&nbsp;die folgenden Kilometer nach Norden bis zum Autobahnende sind notorisch bekannt f\u00fcr Stau.<\/p>\n\n\n\n<p>Meist m\u00f6chte man einfach schnell weiterkommen. F\u00fcr schnelle Besorgungen (Bank, B\u00e4cker, Supermarkt etc.) kann sich ein Abstecher ins Ortszentrum (von der Kreuzung der Nationalstrassen \u00fcber die Br\u00fccke nach Osten) lohnen. Man wandelt hier auf den Spuren des amerikanischen Pr\u00e4sidenten George W. Bush, der bei seinem Besuch in Albanien 2007 kurz f\u00fcr die Besichtigung eines Hilfsprojekts Halt machte. Das St\u00e4dtchen erfuhr f\u00fcr kurze Zeit internationale Aufmerksamkeit. Zu Ehren des Besuchers wurde auf dem Hauptplatz eine Statue errichtet.<\/p>\n\n\n\n<p>Westlich von Fush\u00eb-Kruja befindet sich ein Hotel mit Pool und Standpl\u00e4tzen f\u00fcr Wohnmobile. Zwei Kilometer nordwestlich sprudelt warmes Thermalwasser aus dem flachen Boden der Ebene. Die \u00bbBadeanlagen\u00ab, wie fast \u00fcberall in Albanien \u00bbLlixhat\u00ab genannt, sind aber sehr rustikal und einfach.<\/p>\n\n\n\n<div style=\"height:35px\" aria-hidden=\"true\" class=\"wp-block-spacer\"><\/div>\n\n\n\n<h2 class=\"wp-block-heading\">Verkehr<\/h2>\n\n\n\n<h3 class=\"wp-block-heading\">Anreise<\/h3>\n\n\n\n<p><strong>Auto<\/strong> \u2013 Kruja ist von Fush\u00eb-Kruja in der Ebene durch eine gut ausgebaute Strasse erschlossen: in Fush\u00eb-Kruja beim Hauptplatz geradeaus, zehn Kilometer in vielen Kurven den Berg hoch. Die Fahrt hierher dauert von Tirana oder Durr\u00ebs weniger als eine Stunde. <br>Zu beachten ist, dass Fush\u00eb-Kruja \u00fcber keinen Autobahnanschluss verf\u00fcgt. Von Norden kommend muss man die Autobahn schon kurz nach Thumana verlassen (Wegweiser beachten!). Von S\u00fcden ist der Flughafen die n\u00e4chste Autobahnausfahrt. Von Tirana kommend lohnt es sich deswegen nur bei starkem Verkehr, die Autobahn zu nutzen. <br>Wohnmobile sollten beachten, dass es im Stadtzentrum sehr eng wird. Besser etwas unterhalb parken!<\/p>\n\n\n\n<p><strong>Busse<\/strong> \u2013 Busse ab Tirana verkehren st\u00fcndlich vom <a href=\"https:\/\/albanien.ch\/albanien_info\/wo-fahren-in-tirana-busse\/\">Busterminal Nord\/S\u00fcd<\/a> nach  Kruja und jede halbe Stunde nach Fush\u00eb-Kruja. Zudem verkehren st\u00fcndlich Busse von Durr\u00ebs nach Fush\u00eb-Kruja. Regelm\u00e4ssig fahren auch Busse und Minibusse zwischen Fush\u00eb-Kruja und Kruja.<\/p>\n\n\n\n<p><strong>Flugzeug<\/strong> \u2013 Der Flughafen von Tirana liegt in Sichtweite. Die Fahrt dauert ca. 30 Minuten.<\/p>\n\n\n\n<div style=\"height:35px\" aria-hidden=\"true\" class=\"wp-block-spacer\"><\/div>\n\n\n\n<h3 class=\"wp-block-heading\">Weiterreise<\/h3>\n\n\n\n<p><strong>Auto<\/strong> \u2013 Die von Kruja nach Osten (Burrel) f\u00fchrende Strasse verl\u00e4uft quer durchs Gebirge. Sie ist nicht durchgehend asphaltiert und in sehr schlechtem Zustand. Sie empfiehlt sich nur f\u00fcr Mountain-Bikes und gel\u00e4ndeg\u00e4ngige 4&#215;4-Fahrzeuge mit Gebirgs-erprobten Fahrern. Nicht-Offroader kehren auf der gleichen Strasse wieder nach Fush\u00eb-Kruja zur\u00fcck.<\/p>\n\n\n\n<p><strong>Busse &amp; Sammeltaxis<\/strong> \u2013 Vom Ortszentrum nach Fush\u00eb-Kruja oder Tirana. An beiden Orten bestehen Verbindungen nach fast \u00fcberall.<\/p>\n\n\n\n<div style=\"height:35px\" aria-hidden=\"true\" class=\"wp-block-spacer\"><\/div>\n\n\n\n<h2 class=\"wp-block-heading\">Essen &amp; Trinken &amp; Schlafen<\/h2>\n\n\n<div class=\"wp-block-image\">\n<figure class=\"alignright is-resized\"><a href=\"https:\/\/www.albanien.ch\/albanien_info\/kruja\/kruja_denkmal\/\" rel=\"attachment wp-att-1464\"><img data-recalc-dims=\"1\" loading=\"lazy\" decoding=\"async\" width=\"300\" height=\"225\" data-attachment-id=\"1464\" data-permalink=\"https:\/\/albanien.ch\/albanien_info\/kruja\/kruja_denkmal\/\" data-orig-file=\"https:\/\/i0.wp.com\/albanien.ch\/albanien_info\/wp-content\/uploads\/2015\/08\/Kruja_Denkmal.jpg?fit=1333%2C1000&amp;ssl=1\" data-orig-size=\"1333,1000\" data-comments-opened=\"1\" data-image-meta=\"{&quot;aperture&quot;:&quot;0&quot;,&quot;credit&quot;:&quot;&quot;,&quot;camera&quot;:&quot;&quot;,&quot;caption&quot;:&quot;&quot;,&quot;created_timestamp&quot;:&quot;0&quot;,&quot;copyright&quot;:&quot;&quot;,&quot;focal_length&quot;:&quot;0&quot;,&quot;iso&quot;:&quot;0&quot;,&quot;shutter_speed&quot;:&quot;0&quot;,&quot;title&quot;:&quot;&quot;,&quot;orientation&quot;:&quot;0&quot;}\" data-image-title=\"Kruja Denkmal\" data-image-description=\"&lt;p&gt;Skanderbegdenkmal&lt;\/p&gt;\n\" data-image-caption=\"&lt;p&gt;Skanderbegdenkmal&lt;\/p&gt;\n\" data-medium-file=\"https:\/\/i0.wp.com\/albanien.ch\/albanien_info\/wp-content\/uploads\/2015\/08\/Kruja_Denkmal.jpg?fit=300%2C225&amp;ssl=1\" data-large-file=\"https:\/\/i0.wp.com\/albanien.ch\/albanien_info\/wp-content\/uploads\/2015\/08\/Kruja_Denkmal.jpg?fit=525%2C394&amp;ssl=1\" src=\"https:\/\/i0.wp.com\/www.albanien.ch\/albanien_info\/wp-content\/uploads\/2015\/08\/Kruja_Denkmal-300x225.jpg?resize=300%2C225&#038;ssl=1\" alt=\"Skanderbegdenkmal\" class=\"wp-image-1464\" style=\"width:300px\" srcset=\"https:\/\/i0.wp.com\/albanien.ch\/albanien_info\/wp-content\/uploads\/2015\/08\/Kruja_Denkmal.jpg?resize=300%2C225&amp;ssl=1 300w, https:\/\/i0.wp.com\/albanien.ch\/albanien_info\/wp-content\/uploads\/2015\/08\/Kruja_Denkmal.jpg?resize=1024%2C768&amp;ssl=1 1024w, https:\/\/i0.wp.com\/albanien.ch\/albanien_info\/wp-content\/uploads\/2015\/08\/Kruja_Denkmal.jpg?w=1333&amp;ssl=1 1333w\" sizes=\"auto, (max-width: 300px) 100vw, 300px\" \/><\/a><figcaption class=\"wp-element-caption\">Skanderbegdenkmal<\/figcaption><\/figure><\/div>\n\n\n<p>In Kruja gibt es diverse Restaurants, die auch auf Touristen ausgerichtet sind \u2013 so das \u00bbHotel Panorama\u00ab vor dem Basar oder die Ausflugsrestaurants um und auf der Burg.<\/p>\n\n\n\n<p>Es gibt in der Stadt auch zahlreiche Hotels. Die meisten Besucher \u00fcbernachten zwar nicht in Kruja \u2013&nbsp;es lohnt sich aber, weil es abends schnell ruhig wird im St\u00e4dtchen. So ist die Bergstadt eine gute Alternative zu anderen, meist recht hektischen St\u00e4dten Mittelalbaniens.<\/p>\n\n\n\n<p>Wie in alten Zeiten kann man auch heute innerhalb der Burg \u00fcbernachten. Etliche historische Geb\u00e4ude wurden restauriert oder komplett neu errichtet. Es ist aber zu beachten, dass diese Gasth\u00e4user nicht angefahren werden k\u00f6nnen. Man muss sein Gep\u00e4ck \u00fcbers Kopfsteinpflaster tragen.<\/p>\n\n\n\n<div style=\"height:35px\" aria-hidden=\"true\" class=\"wp-block-spacer\"><\/div>\n\n\n\n<h2 class=\"wp-block-heading\">Einkaufen<\/h2>\n\n\n<div class=\"wp-block-image\">\n<figure class=\"alignright is-resized\"><a href=\"https:\/\/www.albanien.ch\/albanien_info\/kruja\/kruja_teppich\/\" rel=\"attachment wp-att-1463\"><img data-recalc-dims=\"1\" loading=\"lazy\" decoding=\"async\" width=\"300\" height=\"200\" data-attachment-id=\"1463\" data-permalink=\"https:\/\/albanien.ch\/albanien_info\/kruja\/kruja_teppich\/\" data-orig-file=\"https:\/\/i0.wp.com\/albanien.ch\/albanien_info\/wp-content\/uploads\/2015\/08\/Kruja_Teppich.jpg?fit=1394%2C928&amp;ssl=1\" data-orig-size=\"1394,928\" data-comments-opened=\"1\" data-image-meta=\"{&quot;aperture&quot;:&quot;0&quot;,&quot;credit&quot;:&quot;&quot;,&quot;camera&quot;:&quot;&quot;,&quot;caption&quot;:&quot;&quot;,&quot;created_timestamp&quot;:&quot;0&quot;,&quot;copyright&quot;:&quot;&quot;,&quot;focal_length&quot;:&quot;0&quot;,&quot;iso&quot;:&quot;0&quot;,&quot;shutter_speed&quot;:&quot;0&quot;,&quot;title&quot;:&quot;&quot;,&quot;orientation&quot;:&quot;0&quot;}\" data-image-title=\"Kruja Teppichkn\u00fcpferin\" data-image-description=\"&lt;p&gt;Teppichkn\u00fcpferin im Bazar&lt;\/p&gt;\n\" data-image-caption=\"&lt;p&gt;Teppichkn\u00fcpferin im Bazar&lt;\/p&gt;\n\" data-medium-file=\"https:\/\/i0.wp.com\/albanien.ch\/albanien_info\/wp-content\/uploads\/2015\/08\/Kruja_Teppich.jpg?fit=300%2C200&amp;ssl=1\" data-large-file=\"https:\/\/i0.wp.com\/albanien.ch\/albanien_info\/wp-content\/uploads\/2015\/08\/Kruja_Teppich.jpg?fit=525%2C350&amp;ssl=1\" src=\"https:\/\/i0.wp.com\/www.albanien.ch\/albanien_info\/wp-content\/uploads\/2015\/08\/Kruja_Teppich-300x200.jpg?resize=300%2C200&#038;ssl=1\" alt=\"Teppichkn\u00fcpferin im Bazar\" class=\"wp-image-1463\" style=\"width:300px\" srcset=\"https:\/\/i0.wp.com\/albanien.ch\/albanien_info\/wp-content\/uploads\/2015\/08\/Kruja_Teppich.jpg?resize=300%2C200&amp;ssl=1 300w, https:\/\/i0.wp.com\/albanien.ch\/albanien_info\/wp-content\/uploads\/2015\/08\/Kruja_Teppich.jpg?resize=1024%2C682&amp;ssl=1 1024w, https:\/\/i0.wp.com\/albanien.ch\/albanien_info\/wp-content\/uploads\/2015\/08\/Kruja_Teppich.jpg?w=1394&amp;ssl=1 1394w\" sizes=\"auto, (max-width: 300px) 100vw, 300px\" \/><\/a><figcaption class=\"wp-element-caption\">Teppichkn\u00fcpferin im Bazar<\/figcaption><\/figure><\/div>\n\n\n<p>Im Basar und beim Eingangstor der Burg gibt es reichlich Gelegenheit, sich mit Souvenirs einzudecken. Lebensmittelgesch\u00e4fte und andere kleine L\u00e4den finden sich entlang der Hauptstrasse in den 400 Metern vor dem \u00bbHotel Panorama\u00ab.<\/p>\n\n\n\n<p>Weitere Einkaufsm\u00f6glichkeiten gibt es in Fush\u00eb-Kruja.<\/p>\n\n\n\n<div style=\"height:100px\" aria-hidden=\"true\" class=\"wp-block-spacer\"><\/div>\n\n\n\n<div class=\"wp-block-columns is-layout-flex wp-container-core-columns-is-layout-9d6595d7 wp-block-columns-is-layout-flex\">\n<div class=\"wp-block-column simple-alert-boxes sab_plain sab_small is-layout-flow wp-block-column-is-layout-flow\">\n<p class=\"has-small-font-size\">Wir <a href=\"https:\/\/albanien.ch\/albanien_info\/ueber-uns\/\">Autoren<\/a> dieser Seite bereisen Albanien teilweise schon sei 30 Jahren. Wir teilen hier unser Wissen und unsere pers\u00f6nlichen Erfahrungen. <a href=\"https:\/\/albanien.ch\/albanien_info\/ueber-uns\/feedback\/\">Feedback<\/a> ist immer willkommen.<\/p>\n<\/div>\n\n\n\n<div class=\"wp-block-column simple-alert-boxes sab_plain sab_small is-layout-flow wp-block-column-is-layout-flow\">\n<p class=\"has-small-font-size\"><strong>Vollst\u00e4ndig \u00fcberpr\u00fcft und \u00fcberarbeitet:<\/strong><\/p>\n\n\n<div class=\"wp-block-post-date has-small-font-size\"><time datetime=\"2025-07-15T01:12:14+02:00\">15. Juli 2025<\/time><\/div><\/div>\n\n\n\n<div class=\"wp-block-column simple-alert-boxes sab_plain sab_small is-layout-flow wp-block-column-is-layout-flow\">\n<p class=\"has-small-font-size\"><strong>Verwandte Themen:<\/strong><\/p>\n\n\n<div class=\"taxonomy-post_tag wp-block-post-terms\"><a href=\"https:\/\/albanien.ch\/albanien_info\/tag\/basar\/\" rel=\"tag\">Basar<\/a><span class=\"wp-block-post-terms__separator\">, <\/span><a href=\"https:\/\/albanien.ch\/albanien_info\/tag\/berge\/\" rel=\"tag\">Berge<\/a><span class=\"wp-block-post-terms__separator\">, <\/span><a href=\"https:\/\/albanien.ch\/albanien_info\/tag\/burg\/\" rel=\"tag\">Burg<\/a><span class=\"wp-block-post-terms__separator\">, <\/span><a href=\"https:\/\/albanien.ch\/albanien_info\/tag\/kruja\/\" rel=\"tag\">Kruja<\/a><span class=\"wp-block-post-terms__separator\">, <\/span><a href=\"https:\/\/albanien.ch\/albanien_info\/tag\/mittelalbanien\/\" rel=\"tag\">Mittelalbanien<\/a><span class=\"wp-block-post-terms__separator\">, <\/span><a href=\"https:\/\/albanien.ch\/albanien_info\/tag\/museum\/\" rel=\"tag\">Museum<\/a><span class=\"wp-block-post-terms__separator\">, <\/span><a href=\"https:\/\/albanien.ch\/albanien_info\/tag\/nationalpark\/\" rel=\"tag\">Nationalpark<\/a><span class=\"wp-block-post-terms__separator\">, <\/span><a href=\"https:\/\/albanien.ch\/albanien_info\/tag\/skanderbeg\/\" rel=\"tag\">Skanderbeg<\/a><span class=\"wp-block-post-terms__separator\">, <\/span><a href=\"https:\/\/albanien.ch\/albanien_info\/tag\/stadt\/\" rel=\"tag\">Stadt<\/a><\/div><\/div>\n<\/div>\n","protected":false},"excerpt":{"rendered":"<p>Kruja ist ein historisch bedeutsames St\u00e4dtchen in Mittelalbanien. Der albanische Nationalheld Skanderbeg hatte hier seine Festung. Die mittelalterliche Burg und die Stadt kleben malerisch am&hellip;<\/p>\n","protected":false},"author":1,"featured_media":1489,"parent":0,"menu_order":0,"comment_status":"open","ping_status":"open","template":"","meta":{"jetpack_post_was_ever_published":false,"footnotes":""},"categories":[10],"tags":[381,264,278,200,311,125,263,383,266],"class_list":["post-1472","page","type-page","status-publish","has-post-thumbnail","hentry","category-places","tag-basar","tag-berge","tag-burg","tag-kruja","tag-mittelalbanien","tag-museum","tag-nationalpark","tag-skanderbeg","tag-stadt"],"yoast_head":"<!-- This site is optimized with the Yoast SEO plugin v27.2 - https:\/\/yoast.com\/product\/yoast-seo-wordpress\/ -->\n<title>Kruja &#8211; albanien.ch<\/title>\n<meta name=\"description\" content=\"Online-Reisef\u00fchrer und weitere Landesinformationen zu Albanien: zahlreiche Reiseinfos und Sehensw\u00fcrdigkeiten aus erster Hand\" \/>\n<meta name=\"robots\" content=\"index, follow, max-snippet:-1, max-image-preview:large, max-video-preview:-1\" \/>\n<link rel=\"canonical\" href=\"https:\/\/albanien.ch\/albanien_info\/kruja\/\" \/>\n<meta property=\"og:locale\" content=\"de_DE\" \/>\n<meta property=\"og:type\" content=\"article\" \/>\n<meta property=\"og:title\" content=\"Kruja &#8211; albanien.ch\" \/>\n<meta property=\"og:description\" content=\"Online-Reisef\u00fchrer und weitere Landesinformationen zu Albanien: zahlreiche Reiseinfos und Sehensw\u00fcrdigkeiten aus erster Hand\" \/>\n<meta property=\"og:url\" content=\"https:\/\/albanien.ch\/albanien_info\/kruja\/\" \/>\n<meta property=\"og:site_name\" content=\"AlbINFO\" \/>\n<meta property=\"article:publisher\" content=\"https:\/\/www.facebook.com\/albaniench\/\" \/>\n<meta property=\"article:modified_time\" content=\"2025-10-08T20:21:09+00:00\" \/>\n<meta property=\"og:image\" content=\"https:\/\/albanien.ch\/albanien_info\/wp-content\/uploads\/2015\/08\/Kruja_Basar_quadratisch.jpg\" \/>\n\t<meta property=\"og:image:width\" content=\"1250\" \/>\n\t<meta property=\"og:image:height\" content=\"1250\" \/>\n\t<meta property=\"og:image:type\" content=\"image\/jpeg\" \/>\n<meta name=\"twitter:card\" content=\"summary_large_image\" \/>\n<meta name=\"twitter:site\" content=\"@alb_info\" \/>\n<script type=\"application\/ld+json\" class=\"yoast-schema-graph\">{\"@context\":\"https:\/\/schema.org\",\"@graph\":[{\"@type\":\"WebPage\",\"@id\":\"https:\/\/albanien.ch\/albanien_info\/kruja\/\",\"url\":\"https:\/\/albanien.ch\/albanien_info\/kruja\/\",\"name\":\"Kruja &#8211; albanien.ch\",\"isPartOf\":{\"@id\":\"https:\/\/albanien.ch\/albanien_info\/#website\"},\"primaryImageOfPage\":{\"@id\":\"https:\/\/albanien.ch\/albanien_info\/kruja\/#primaryimage\"},\"image\":{\"@id\":\"https:\/\/albanien.ch\/albanien_info\/kruja\/#primaryimage\"},\"thumbnailUrl\":\"https:\/\/i0.wp.com\/albanien.ch\/albanien_info\/wp-content\/uploads\/2015\/08\/Kruja_Basar_quadratisch.jpg?fit=1250%2C1250&ssl=1\",\"datePublished\":\"2025-07-14T23:12:14+00:00\",\"dateModified\":\"2025-10-08T20:21:09+00:00\",\"description\":\"Online-Reisef\u00fchrer und weitere Landesinformationen zu Albanien: zahlreiche Reiseinfos und Sehensw\u00fcrdigkeiten aus erster Hand\",\"breadcrumb\":{\"@id\":\"https:\/\/albanien.ch\/albanien_info\/kruja\/#breadcrumb\"},\"inLanguage\":\"de\",\"potentialAction\":[{\"@type\":\"ReadAction\",\"target\":[\"https:\/\/albanien.ch\/albanien_info\/kruja\/\"]}]},{\"@type\":\"ImageObject\",\"inLanguage\":\"de\",\"@id\":\"https:\/\/albanien.ch\/albanien_info\/kruja\/#primaryimage\",\"url\":\"https:\/\/i0.wp.com\/albanien.ch\/albanien_info\/wp-content\/uploads\/2015\/08\/Kruja_Basar_quadratisch.jpg?fit=1250%2C1250&ssl=1\",\"contentUrl\":\"https:\/\/i0.wp.com\/albanien.ch\/albanien_info\/wp-content\/uploads\/2015\/08\/Kruja_Basar_quadratisch.jpg?fit=1250%2C1250&ssl=1\",\"width\":1250,\"height\":1250,\"caption\":\"Basar\"},{\"@type\":\"BreadcrumbList\",\"@id\":\"https:\/\/albanien.ch\/albanien_info\/kruja\/#breadcrumb\",\"itemListElement\":[{\"@type\":\"ListItem\",\"position\":1,\"name\":\"Home\",\"item\":\"https:\/\/albanien.ch\/albanien_info\/\"},{\"@type\":\"ListItem\",\"position\":2,\"name\":\"Kruja\"}]},{\"@type\":\"WebSite\",\"@id\":\"https:\/\/albanien.ch\/albanien_info\/#website\",\"url\":\"https:\/\/albanien.ch\/albanien_info\/\",\"name\":\"AlbINFO\",\"description\":\"Albanien Reiseinformationen von albanien.ch\",\"publisher\":{\"@id\":\"https:\/\/albanien.ch\/albanien_info\/#organization\"},\"potentialAction\":[{\"@type\":\"SearchAction\",\"target\":{\"@type\":\"EntryPoint\",\"urlTemplate\":\"https:\/\/albanien.ch\/albanien_info\/?s={search_term_string}\"},\"query-input\":{\"@type\":\"PropertyValueSpecification\",\"valueRequired\":true,\"valueName\":\"search_term_string\"}}],\"inLanguage\":\"de\"},{\"@type\":\"Organization\",\"@id\":\"https:\/\/albanien.ch\/albanien_info\/#organization\",\"name\":\"albanien.ch\",\"url\":\"https:\/\/albanien.ch\/albanien_info\/\",\"logo\":{\"@type\":\"ImageObject\",\"inLanguage\":\"de\",\"@id\":\"https:\/\/albanien.ch\/albanien_info\/#\/schema\/logo\/image\/\",\"url\":\"https:\/\/i0.wp.com\/albanien.ch\/albanien_info\/wp-content\/uploads\/2016\/11\/albaniench_square.png?fit=415%2C415&ssl=1\",\"contentUrl\":\"https:\/\/i0.wp.com\/albanien.ch\/albanien_info\/wp-content\/uploads\/2016\/11\/albaniench_square.png?fit=415%2C415&ssl=1\",\"width\":415,\"height\":415,\"caption\":\"albanien.ch\"},\"image\":{\"@id\":\"https:\/\/albanien.ch\/albanien_info\/#\/schema\/logo\/image\/\"},\"sameAs\":[\"https:\/\/www.facebook.com\/albaniench\/\",\"https:\/\/x.com\/alb_info\",\"https:\/\/www.instagram.com\/alb_info\/\"]}]}<\/script>\n<!-- \/ Yoast SEO plugin. -->","yoast_head_json":{"title":"Kruja &#8211; albanien.ch","description":"Online-Reisef\u00fchrer und weitere Landesinformationen zu Albanien: zahlreiche Reiseinfos und Sehensw\u00fcrdigkeiten aus erster Hand","robots":{"index":"index","follow":"follow","max-snippet":"max-snippet:-1","max-image-preview":"max-image-preview:large","max-video-preview":"max-video-preview:-1"},"canonical":"https:\/\/albanien.ch\/albanien_info\/kruja\/","og_locale":"de_DE","og_type":"article","og_title":"Kruja &#8211; albanien.ch","og_description":"Online-Reisef\u00fchrer und weitere Landesinformationen zu Albanien: zahlreiche Reiseinfos und Sehensw\u00fcrdigkeiten aus erster Hand","og_url":"https:\/\/albanien.ch\/albanien_info\/kruja\/","og_site_name":"AlbINFO","article_publisher":"https:\/\/www.facebook.com\/albaniench\/","article_modified_time":"2025-10-08T20:21:09+00:00","og_image":[{"width":1250,"height":1250,"url":"https:\/\/albanien.ch\/albanien_info\/wp-content\/uploads\/2015\/08\/Kruja_Basar_quadratisch.jpg","type":"image\/jpeg"}],"twitter_card":"summary_large_image","twitter_site":"@alb_info","schema":{"@context":"https:\/\/schema.org","@graph":[{"@type":"WebPage","@id":"https:\/\/albanien.ch\/albanien_info\/kruja\/","url":"https:\/\/albanien.ch\/albanien_info\/kruja\/","name":"Kruja &#8211; albanien.ch","isPartOf":{"@id":"https:\/\/albanien.ch\/albanien_info\/#website"},"primaryImageOfPage":{"@id":"https:\/\/albanien.ch\/albanien_info\/kruja\/#primaryimage"},"image":{"@id":"https:\/\/albanien.ch\/albanien_info\/kruja\/#primaryimage"},"thumbnailUrl":"https:\/\/i0.wp.com\/albanien.ch\/albanien_info\/wp-content\/uploads\/2015\/08\/Kruja_Basar_quadratisch.jpg?fit=1250%2C1250&ssl=1","datePublished":"2025-07-14T23:12:14+00:00","dateModified":"2025-10-08T20:21:09+00:00","description":"Online-Reisef\u00fchrer und weitere Landesinformationen zu Albanien: zahlreiche Reiseinfos und Sehensw\u00fcrdigkeiten aus erster Hand","breadcrumb":{"@id":"https:\/\/albanien.ch\/albanien_info\/kruja\/#breadcrumb"},"inLanguage":"de","potentialAction":[{"@type":"ReadAction","target":["https:\/\/albanien.ch\/albanien_info\/kruja\/"]}]},{"@type":"ImageObject","inLanguage":"de","@id":"https:\/\/albanien.ch\/albanien_info\/kruja\/#primaryimage","url":"https:\/\/i0.wp.com\/albanien.ch\/albanien_info\/wp-content\/uploads\/2015\/08\/Kruja_Basar_quadratisch.jpg?fit=1250%2C1250&ssl=1","contentUrl":"https:\/\/i0.wp.com\/albanien.ch\/albanien_info\/wp-content\/uploads\/2015\/08\/Kruja_Basar_quadratisch.jpg?fit=1250%2C1250&ssl=1","width":1250,"height":1250,"caption":"Basar"},{"@type":"BreadcrumbList","@id":"https:\/\/albanien.ch\/albanien_info\/kruja\/#breadcrumb","itemListElement":[{"@type":"ListItem","position":1,"name":"Home","item":"https:\/\/albanien.ch\/albanien_info\/"},{"@type":"ListItem","position":2,"name":"Kruja"}]},{"@type":"WebSite","@id":"https:\/\/albanien.ch\/albanien_info\/#website","url":"https:\/\/albanien.ch\/albanien_info\/","name":"AlbINFO","description":"Albanien Reiseinformationen von albanien.ch","publisher":{"@id":"https:\/\/albanien.ch\/albanien_info\/#organization"},"potentialAction":[{"@type":"SearchAction","target":{"@type":"EntryPoint","urlTemplate":"https:\/\/albanien.ch\/albanien_info\/?s={search_term_string}"},"query-input":{"@type":"PropertyValueSpecification","valueRequired":true,"valueName":"search_term_string"}}],"inLanguage":"de"},{"@type":"Organization","@id":"https:\/\/albanien.ch\/albanien_info\/#organization","name":"albanien.ch","url":"https:\/\/albanien.ch\/albanien_info\/","logo":{"@type":"ImageObject","inLanguage":"de","@id":"https:\/\/albanien.ch\/albanien_info\/#\/schema\/logo\/image\/","url":"https:\/\/i0.wp.com\/albanien.ch\/albanien_info\/wp-content\/uploads\/2016\/11\/albaniench_square.png?fit=415%2C415&ssl=1","contentUrl":"https:\/\/i0.wp.com\/albanien.ch\/albanien_info\/wp-content\/uploads\/2016\/11\/albaniench_square.png?fit=415%2C415&ssl=1","width":415,"height":415,"caption":"albanien.ch"},"image":{"@id":"https:\/\/albanien.ch\/albanien_info\/#\/schema\/logo\/image\/"},"sameAs":["https:\/\/www.facebook.com\/albaniench\/","https:\/\/x.com\/alb_info","https:\/\/www.instagram.com\/alb_info\/"]}]}},"jetpack_sharing_enabled":true,"jetpack_shortlink":"https:\/\/wp.me\/P5VAQP-nK","_links":{"self":[{"href":"https:\/\/albanien.ch\/albanien_info\/wp-json\/wp\/v2\/pages\/1472","targetHints":{"allow":["GET"]}}],"collection":[{"href":"https:\/\/albanien.ch\/albanien_info\/wp-json\/wp\/v2\/pages"}],"about":[{"href":"https:\/\/albanien.ch\/albanien_info\/wp-json\/wp\/v2\/types\/page"}],"author":[{"embeddable":true,"href":"https:\/\/albanien.ch\/albanien_info\/wp-json\/wp\/v2\/users\/1"}],"replies":[{"embeddable":true,"href":"https:\/\/albanien.ch\/albanien_info\/wp-json\/wp\/v2\/comments?post=1472"}],"version-history":[{"count":26,"href":"https:\/\/albanien.ch\/albanien_info\/wp-json\/wp\/v2\/pages\/1472\/revisions"}],"predecessor-version":[{"id":8319,"href":"https:\/\/albanien.ch\/albanien_info\/wp-json\/wp\/v2\/pages\/1472\/revisions\/8319"}],"wp:featuredmedia":[{"embeddable":true,"href":"https:\/\/albanien.ch\/albanien_info\/wp-json\/wp\/v2\/media\/1489"}],"wp:attachment":[{"href":"https:\/\/albanien.ch\/albanien_info\/wp-json\/wp\/v2\/media?parent=1472"}],"wp:term":[{"taxonomy":"category","embeddable":true,"href":"https:\/\/albanien.ch\/albanien_info\/wp-json\/wp\/v2\/categories?post=1472"},{"taxonomy":"post_tag","embeddable":true,"href":"https:\/\/albanien.ch\/albanien_info\/wp-json\/wp\/v2\/tags?post=1472"}],"curies":[{"name":"wp","href":"https:\/\/api.w.org\/{rel}","templated":true}]}}