{"id":14,"date":"2021-03-21T23:54:00","date_gmt":"2021-03-21T22:54:00","guid":{"rendered":"https:\/\/albanien.ch\/albanien_info\/?page_id=14"},"modified":"2023-05-15T14:03:16","modified_gmt":"2023-05-15T12:03:16","slug":"reisetipps","status":"publish","type":"page","link":"https:\/\/albanien.ch\/albanien_info\/reisefuehrer-albanien\/reisetipps\/","title":{"rendered":"AlbINFO: Alle Reisetipps"},"content":{"rendered":"\n<h2 class=\"wp-block-heading\">Landes- &amp; Reiseinformationen f\u00fcr Albanien<\/h2>\n\n\n\n<h3 class=\"wp-block-heading\">Sehensw\u00fcrdigkeiten<\/h3>\n\n\n\n<div class=\"wp-block-columns has-3-columns is-layout-flex wp-container-core-columns-is-layout-9d6595d7 wp-block-columns-is-layout-flex\">\n<div class=\"wp-block-column is-layout-flow wp-block-column-is-layout-flow\">\n<figure class=\"wp-block-image\"><a href=\"https:\/\/albanien.ch\/albanien_info\/highlights-albanien\/\"><img data-recalc-dims=\"1\" loading=\"lazy\" decoding=\"async\" width=\"525\" height=\"315\" data-attachment-id=\"3694\" data-permalink=\"https:\/\/albanien.ch\/albanien_info\/albanien-highlights-albinfo\/\" data-orig-file=\"https:\/\/i0.wp.com\/albanien.ch\/albanien_info\/wp-content\/uploads\/2019\/09\/albanien-highlights-albinfo.jpg?fit=1000%2C600&amp;ssl=1\" data-orig-size=\"1000,600\" data-comments-opened=\"1\" data-image-meta=\"{&quot;aperture&quot;:&quot;0&quot;,&quot;credit&quot;:&quot;&quot;,&quot;camera&quot;:&quot;&quot;,&quot;caption&quot;:&quot;&quot;,&quot;created_timestamp&quot;:&quot;0&quot;,&quot;copyright&quot;:&quot;&quot;,&quot;focal_length&quot;:&quot;0&quot;,&quot;iso&quot;:&quot;0&quot;,&quot;shutter_speed&quot;:&quot;0&quot;,&quot;title&quot;:&quot;&quot;,&quot;orientation&quot;:&quot;0&quot;}\" data-image-title=\"Albanien Highlights AlbINFO\" data-image-description=\"&lt;p&gt;\u00dcber den D\u00e4chern von Gjirokastra&lt;\/p&gt;\n\" data-image-caption=\"&lt;p&gt;\u00dcber den D\u00e4chern von Gjirokastra&lt;\/p&gt;\n\" data-medium-file=\"https:\/\/i0.wp.com\/albanien.ch\/albanien_info\/wp-content\/uploads\/2019\/09\/albanien-highlights-albinfo.jpg?fit=300%2C180&amp;ssl=1\" data-large-file=\"https:\/\/i0.wp.com\/albanien.ch\/albanien_info\/wp-content\/uploads\/2019\/09\/albanien-highlights-albinfo.jpg?fit=525%2C315&amp;ssl=1\" src=\"https:\/\/i0.wp.com\/albanien.ch\/albanien_info\/wp-content\/uploads\/2019\/09\/albanien-highlights-albinfo.jpg?resize=525%2C315&#038;ssl=1\" alt=\"Touristische Highlights Albanien\" class=\"wp-image-3694\" srcset=\"https:\/\/i0.wp.com\/albanien.ch\/albanien_info\/wp-content\/uploads\/2019\/09\/albanien-highlights-albinfo.jpg?w=1000&amp;ssl=1 1000w, https:\/\/i0.wp.com\/albanien.ch\/albanien_info\/wp-content\/uploads\/2019\/09\/albanien-highlights-albinfo.jpg?resize=300%2C180&amp;ssl=1 300w, https:\/\/i0.wp.com\/albanien.ch\/albanien_info\/wp-content\/uploads\/2019\/09\/albanien-highlights-albinfo.jpg?resize=768%2C461&amp;ssl=1 768w\" sizes=\"auto, (max-width: 525px) 100vw, 525px\" \/><\/a><\/figure>\n\n\n\n<p><a href=\"https:\/\/albanien.ch\/albanien_info\/highlights-albanien\/\">Highlights Albanien<\/a><\/p>\n<\/div>\n\n\n\n<div class=\"wp-block-column is-layout-flow wp-block-column-is-layout-flow\">\n<figure class=\"wp-block-image\"><a href=\"https:\/\/albanien.ch\/albanien_info\/unbekannte-sehenswuerdigkeiten\/\"><img data-recalc-dims=\"1\" loading=\"lazy\" decoding=\"async\" width=\"525\" height=\"315\" data-attachment-id=\"3941\" data-permalink=\"https:\/\/albanien.ch\/albanien_info\/albanien-kleine-sehenswuerdigkeiten-albinfo\/\" data-orig-file=\"https:\/\/i0.wp.com\/albanien.ch\/albanien_info\/wp-content\/uploads\/2020\/02\/albanien-kleine-sehenswuerdigkeiten-albinfo.jpg?fit=1000%2C600&amp;ssl=1\" data-orig-size=\"1000,600\" data-comments-opened=\"1\" data-image-meta=\"{&quot;aperture&quot;:&quot;0&quot;,&quot;credit&quot;:&quot;&quot;,&quot;camera&quot;:&quot;&quot;,&quot;caption&quot;:&quot;&quot;,&quot;created_timestamp&quot;:&quot;0&quot;,&quot;copyright&quot;:&quot;&quot;,&quot;focal_length&quot;:&quot;0&quot;,&quot;iso&quot;:&quot;0&quot;,&quot;shutter_speed&quot;:&quot;0&quot;,&quot;title&quot;:&quot;&quot;,&quot;orientation&quot;:&quot;0&quot;}\" data-image-title=\"Albanien Kleine Sehensw\u00fcrdigkeiten AlbINFO\" data-image-description=\"&lt;p&gt;T\u00fcrbe der Braut s\u00fcdlich von Tirana&lt;\/p&gt;\n\" data-image-caption=\"&lt;p&gt;T\u00fcrbe der Braut bei Tirana&lt;\/p&gt;\n\" data-medium-file=\"https:\/\/i0.wp.com\/albanien.ch\/albanien_info\/wp-content\/uploads\/2020\/02\/albanien-kleine-sehenswuerdigkeiten-albinfo.jpg?fit=300%2C180&amp;ssl=1\" data-large-file=\"https:\/\/i0.wp.com\/albanien.ch\/albanien_info\/wp-content\/uploads\/2020\/02\/albanien-kleine-sehenswuerdigkeiten-albinfo.jpg?fit=525%2C315&amp;ssl=1\" src=\"https:\/\/i0.wp.com\/albanien.ch\/albanien_info\/wp-content\/uploads\/2020\/02\/albanien-kleine-sehenswuerdigkeiten-albinfo.jpg?resize=525%2C315&#038;ssl=1\" alt=\"Verzeichnis kleiner Sehensw\u00fcrdigkeiten in Albanien\" class=\"wp-image-3941\" srcset=\"https:\/\/i0.wp.com\/albanien.ch\/albanien_info\/wp-content\/uploads\/2020\/02\/albanien-kleine-sehenswuerdigkeiten-albinfo.jpg?w=1000&amp;ssl=1 1000w, https:\/\/i0.wp.com\/albanien.ch\/albanien_info\/wp-content\/uploads\/2020\/02\/albanien-kleine-sehenswuerdigkeiten-albinfo.jpg?resize=300%2C180&amp;ssl=1 300w, https:\/\/i0.wp.com\/albanien.ch\/albanien_info\/wp-content\/uploads\/2020\/02\/albanien-kleine-sehenswuerdigkeiten-albinfo.jpg?resize=768%2C461&amp;ssl=1 768w\" sizes=\"auto, (max-width: 525px) 100vw, 525px\" \/><\/a><\/figure>\n\n\n\n<p><a href=\"https:\/\/albanien.ch\/albanien_info\/unbekannte-sehenswuerdigkeiten\/\">Wenig bekannte Sehensw\u00fcrdigkeiten<\/a><\/p>\n<\/div>\n\n\n\n<div class=\"wp-block-column is-layout-flow wp-block-column-is-layout-flow\">\n<figure class=\"wp-block-image\"><a href=\"https:\/\/albanien.ch\/albanien_info\/karte-ortsbeschreibungen-albanien\/\"><img data-recalc-dims=\"1\" loading=\"lazy\" decoding=\"async\" width=\"525\" height=\"315\" data-attachment-id=\"3695\" data-permalink=\"https:\/\/albanien.ch\/albanien_info\/albanien-sehenswuerdigkeiten-albinfo\/\" data-orig-file=\"https:\/\/i0.wp.com\/albanien.ch\/albanien_info\/wp-content\/uploads\/2019\/09\/albanien-sehenswuerdigkeiten-albinfo.jpg?fit=1000%2C600&amp;ssl=1\" data-orig-size=\"1000,600\" data-comments-opened=\"1\" data-image-meta=\"{&quot;aperture&quot;:&quot;0&quot;,&quot;credit&quot;:&quot;&quot;,&quot;camera&quot;:&quot;&quot;,&quot;caption&quot;:&quot;&quot;,&quot;created_timestamp&quot;:&quot;0&quot;,&quot;copyright&quot;:&quot;&quot;,&quot;focal_length&quot;:&quot;0&quot;,&quot;iso&quot;:&quot;0&quot;,&quot;shutter_speed&quot;:&quot;0&quot;,&quot;title&quot;:&quot;&quot;,&quot;orientation&quot;:&quot;0&quot;}\" data-image-title=\"Albanien Sehenswuerdigkeiten AlbINFO\" data-image-description=\"&lt;p&gt;Bazar von Kor\u00e7a&lt;\/p&gt;\n\" data-image-caption=\"&lt;p&gt;Bazar von Kor\u00e7a&lt;\/p&gt;\n\" data-medium-file=\"https:\/\/i0.wp.com\/albanien.ch\/albanien_info\/wp-content\/uploads\/2019\/09\/albanien-sehenswuerdigkeiten-albinfo.jpg?fit=300%2C180&amp;ssl=1\" data-large-file=\"https:\/\/i0.wp.com\/albanien.ch\/albanien_info\/wp-content\/uploads\/2019\/09\/albanien-sehenswuerdigkeiten-albinfo.jpg?fit=525%2C315&amp;ssl=1\" src=\"https:\/\/i0.wp.com\/albanien.ch\/albanien_info\/wp-content\/uploads\/2019\/09\/albanien-sehenswuerdigkeiten-albinfo.jpg?resize=525%2C315&#038;ssl=1\" alt=\"Alle Sehensw\u00fcrdigkeiten Albanien\" class=\"wp-image-3695\" srcset=\"https:\/\/i0.wp.com\/albanien.ch\/albanien_info\/wp-content\/uploads\/2019\/09\/albanien-sehenswuerdigkeiten-albinfo.jpg?w=1000&amp;ssl=1 1000w, https:\/\/i0.wp.com\/albanien.ch\/albanien_info\/wp-content\/uploads\/2019\/09\/albanien-sehenswuerdigkeiten-albinfo.jpg?resize=300%2C180&amp;ssl=1 300w, https:\/\/i0.wp.com\/albanien.ch\/albanien_info\/wp-content\/uploads\/2019\/09\/albanien-sehenswuerdigkeiten-albinfo.jpg?resize=768%2C461&amp;ssl=1 768w\" sizes=\"auto, (max-width: 525px) 100vw, 525px\" \/><\/a><\/figure>\n\n\n\n<p><a href=\"https:\/\/albanien.ch\/albanien_info\/karte-ortsbeschreibungen-albanien\/\">Orte &amp; Sehensw\u00fcrdigkeiten<\/a><\/p>\n<\/div>\n<\/div>\n\n\n\n<h3 class=\"wp-block-heading\">Guides<\/h3>\n\n\n\n<div class=\"wp-block-columns has-3-columns is-layout-flex wp-container-core-columns-is-layout-9d6595d7 wp-block-columns-is-layout-flex\">\n<div class=\"wp-block-column is-layout-flow wp-block-column-is-layout-flow\">\n<figure class=\"wp-block-image\"><a href=\"https:\/\/albanien.ch\/albanien_info\/straende\/\"><img data-recalc-dims=\"1\" loading=\"lazy\" decoding=\"async\" width=\"525\" height=\"315\" data-attachment-id=\"3699\" data-permalink=\"https:\/\/albanien.ch\/albanien_info\/strand-guide-albanien-albinfo\/\" data-orig-file=\"https:\/\/i0.wp.com\/albanien.ch\/albanien_info\/wp-content\/uploads\/2019\/09\/strand-guide-albanien-albinfo.jpg?fit=1000%2C600&amp;ssl=1\" data-orig-size=\"1000,600\" data-comments-opened=\"1\" data-image-meta=\"{&quot;aperture&quot;:&quot;0&quot;,&quot;credit&quot;:&quot;&quot;,&quot;camera&quot;:&quot;&quot;,&quot;caption&quot;:&quot;&quot;,&quot;created_timestamp&quot;:&quot;0&quot;,&quot;copyright&quot;:&quot;&quot;,&quot;focal_length&quot;:&quot;0&quot;,&quot;iso&quot;:&quot;0&quot;,&quot;shutter_speed&quot;:&quot;0&quot;,&quot;title&quot;:&quot;&quot;,&quot;orientation&quot;:&quot;0&quot;}\" data-image-title=\"Strand Guide Albanien AlbINFO\" data-image-description=\"&lt;p&gt;Strand in Dh\u00ebrmi&lt;\/p&gt;\n\" data-image-caption=\"&lt;p&gt;Strand in Dh\u00ebrmi, Albanien&lt;\/p&gt;\n\" data-medium-file=\"https:\/\/i0.wp.com\/albanien.ch\/albanien_info\/wp-content\/uploads\/2019\/09\/strand-guide-albanien-albinfo.jpg?fit=300%2C180&amp;ssl=1\" data-large-file=\"https:\/\/i0.wp.com\/albanien.ch\/albanien_info\/wp-content\/uploads\/2019\/09\/strand-guide-albanien-albinfo.jpg?fit=525%2C315&amp;ssl=1\" src=\"https:\/\/i0.wp.com\/albanien.ch\/albanien_info\/wp-content\/uploads\/2019\/09\/strand-guide-albanien-albinfo.jpg?resize=525%2C315&#038;ssl=1\" alt=\"Sch\u00f6nste Str\u00e4nde von Albanien\" class=\"wp-image-3699\" srcset=\"https:\/\/i0.wp.com\/albanien.ch\/albanien_info\/wp-content\/uploads\/2019\/09\/strand-guide-albanien-albinfo.jpg?w=1000&amp;ssl=1 1000w, https:\/\/i0.wp.com\/albanien.ch\/albanien_info\/wp-content\/uploads\/2019\/09\/strand-guide-albanien-albinfo.jpg?resize=300%2C180&amp;ssl=1 300w, https:\/\/i0.wp.com\/albanien.ch\/albanien_info\/wp-content\/uploads\/2019\/09\/strand-guide-albanien-albinfo.jpg?resize=768%2C461&amp;ssl=1 768w\" sizes=\"auto, (max-width: 525px) 100vw, 525px\" \/><\/a><\/figure>\n\n\n\n<p><a href=\"https:\/\/albanien.ch\/albanien_info\/straende\/\">Strand-Guide<\/a><\/p>\n<\/div>\n\n\n\n<div class=\"wp-block-column is-layout-flow wp-block-column-is-layout-flow\">\n<figure class=\"wp-block-image\"><a href=\"https:\/\/albanien.ch\/albanien_info\/albania-backpacker-guide\/\"><img data-recalc-dims=\"1\" loading=\"lazy\" decoding=\"async\" width=\"525\" height=\"315\" data-attachment-id=\"3707\" data-permalink=\"https:\/\/albanien.ch\/albanien_info\/backpacker-guide-albania-albinfo\/\" data-orig-file=\"https:\/\/i0.wp.com\/albanien.ch\/albanien_info\/wp-content\/uploads\/2019\/09\/backpacker-guide-albania-albinfo.jpg?fit=1000%2C600&amp;ssl=1\" data-orig-size=\"1000,600\" data-comments-opened=\"1\" data-image-meta=\"{&quot;aperture&quot;:&quot;0&quot;,&quot;credit&quot;:&quot;&quot;,&quot;camera&quot;:&quot;&quot;,&quot;caption&quot;:&quot;&quot;,&quot;created_timestamp&quot;:&quot;0&quot;,&quot;copyright&quot;:&quot;&quot;,&quot;focal_length&quot;:&quot;0&quot;,&quot;iso&quot;:&quot;0&quot;,&quot;shutter_speed&quot;:&quot;0&quot;,&quot;title&quot;:&quot;&quot;,&quot;orientation&quot;:&quot;0&quot;}\" data-image-title=\"Backpacker Guide Albania AlbINFO\" data-image-description=\"&lt;p&gt;Backpackerin in Qeparo&lt;\/p&gt;\n\" data-image-caption=\"&lt;p&gt;Backpackerin in Qeparo&lt;\/p&gt;\n\" data-medium-file=\"https:\/\/i0.wp.com\/albanien.ch\/albanien_info\/wp-content\/uploads\/2019\/09\/backpacker-guide-albania-albinfo.jpg?fit=300%2C180&amp;ssl=1\" data-large-file=\"https:\/\/i0.wp.com\/albanien.ch\/albanien_info\/wp-content\/uploads\/2019\/09\/backpacker-guide-albania-albinfo.jpg?fit=525%2C315&amp;ssl=1\" src=\"https:\/\/i0.wp.com\/albanien.ch\/albanien_info\/wp-content\/uploads\/2019\/09\/backpacker-guide-albania-albinfo.jpg?resize=525%2C315&#038;ssl=1\" alt=\"Backpacker Guide Albanien\" class=\"wp-image-3707\" srcset=\"https:\/\/i0.wp.com\/albanien.ch\/albanien_info\/wp-content\/uploads\/2019\/09\/backpacker-guide-albania-albinfo.jpg?w=1000&amp;ssl=1 1000w, https:\/\/i0.wp.com\/albanien.ch\/albanien_info\/wp-content\/uploads\/2019\/09\/backpacker-guide-albania-albinfo.jpg?resize=300%2C180&amp;ssl=1 300w, https:\/\/i0.wp.com\/albanien.ch\/albanien_info\/wp-content\/uploads\/2019\/09\/backpacker-guide-albania-albinfo.jpg?resize=768%2C461&amp;ssl=1 768w\" sizes=\"auto, (max-width: 525px) 100vw, 525px\" \/><\/a><\/figure>\n\n\n\n<p><a href=\"https:\/\/albanien.ch\/albanien_info\/albania-backpacker-guide\/\">Back Packer Guide<\/a><\/p>\n<\/div>\n\n\n\n<div class=\"wp-block-column is-layout-flow wp-block-column-is-layout-flow\"><\/div>\n<\/div>\n\n\n\n<h3 class=\"wp-block-heading\">Reiseplanung: Nach Albanien<\/h3>\n\n\n\n<div class=\"wp-block-columns has-3-columns is-layout-flex wp-container-core-columns-is-layout-9d6595d7 wp-block-columns-is-layout-flex\">\n<div class=\"wp-block-column is-layout-flow wp-block-column-is-layout-flow\">\n<figure class=\"wp-block-image\"><a href=\"https:\/\/albanien.ch\/albanien_info\/anreise\/\"><img data-recalc-dims=\"1\" loading=\"lazy\" decoding=\"async\" width=\"525\" height=\"315\" data-attachment-id=\"3722\" data-permalink=\"https:\/\/albanien.ch\/albanien_info\/anreise-albanien-albinfo\/\" data-orig-file=\"https:\/\/i0.wp.com\/albanien.ch\/albanien_info\/wp-content\/uploads\/2019\/09\/anreise-albanien-albinfo.jpg?fit=1000%2C600&amp;ssl=1\" data-orig-size=\"1000,600\" data-comments-opened=\"1\" data-image-meta=\"{&quot;aperture&quot;:&quot;0&quot;,&quot;credit&quot;:&quot;&quot;,&quot;camera&quot;:&quot;&quot;,&quot;caption&quot;:&quot;&quot;,&quot;created_timestamp&quot;:&quot;0&quot;,&quot;copyright&quot;:&quot;&quot;,&quot;focal_length&quot;:&quot;0&quot;,&quot;iso&quot;:&quot;0&quot;,&quot;shutter_speed&quot;:&quot;0&quot;,&quot;title&quot;:&quot;&quot;,&quot;orientation&quot;:&quot;0&quot;}\" data-image-title=\"Anreise Albanien AlbINFO\" data-image-description=\"&lt;p&gt;Durr\u00ebs im Gegenlicht&lt;\/p&gt;\n\" data-image-caption=\"&lt;p&gt;Durr\u00ebs im Gegenlicht&lt;\/p&gt;\n\" data-medium-file=\"https:\/\/i0.wp.com\/albanien.ch\/albanien_info\/wp-content\/uploads\/2019\/09\/anreise-albanien-albinfo.jpg?fit=300%2C180&amp;ssl=1\" data-large-file=\"https:\/\/i0.wp.com\/albanien.ch\/albanien_info\/wp-content\/uploads\/2019\/09\/anreise-albanien-albinfo.jpg?fit=525%2C315&amp;ssl=1\" src=\"https:\/\/i0.wp.com\/albanien.ch\/albanien_info\/wp-content\/uploads\/2019\/09\/anreise-albanien-albinfo.jpg?resize=525%2C315&#038;ssl=1\" alt=\"Anreise Albanien \" class=\"wp-image-3722\" srcset=\"https:\/\/i0.wp.com\/albanien.ch\/albanien_info\/wp-content\/uploads\/2019\/09\/anreise-albanien-albinfo.jpg?w=1000&amp;ssl=1 1000w, https:\/\/i0.wp.com\/albanien.ch\/albanien_info\/wp-content\/uploads\/2019\/09\/anreise-albanien-albinfo.jpg?resize=300%2C180&amp;ssl=1 300w, https:\/\/i0.wp.com\/albanien.ch\/albanien_info\/wp-content\/uploads\/2019\/09\/anreise-albanien-albinfo.jpg?resize=768%2C461&amp;ssl=1 768w\" sizes=\"auto, (max-width: 525px) 100vw, 525px\" \/><\/a><\/figure>\n\n\n\n<p><a href=\"https:\/\/albanien.ch\/albanien_info\/anreise\/\">Anreise<\/a><\/p>\n<\/div>\n\n\n\n<div class=\"wp-block-column is-layout-flow wp-block-column-is-layout-flow\">\n<figure class=\"wp-block-image\"><a href=\"https:\/\/albanien.ch\/albanien_info\/flughafen-tirana\/\"><img data-recalc-dims=\"1\" loading=\"lazy\" decoding=\"async\" width=\"525\" height=\"315\" data-attachment-id=\"3721\" data-permalink=\"https:\/\/albanien.ch\/albanien_info\/flughafen-tirana-tipps-albinfo\/\" data-orig-file=\"https:\/\/i0.wp.com\/albanien.ch\/albanien_info\/wp-content\/uploads\/2019\/09\/flughafen-tirana-tipps-albinfo.jpg?fit=1000%2C600&amp;ssl=1\" data-orig-size=\"1000,600\" data-comments-opened=\"1\" data-image-meta=\"{&quot;aperture&quot;:&quot;0&quot;,&quot;credit&quot;:&quot;&quot;,&quot;camera&quot;:&quot;&quot;,&quot;caption&quot;:&quot;&quot;,&quot;created_timestamp&quot;:&quot;0&quot;,&quot;copyright&quot;:&quot;&quot;,&quot;focal_length&quot;:&quot;0&quot;,&quot;iso&quot;:&quot;0&quot;,&quot;shutter_speed&quot;:&quot;0&quot;,&quot;title&quot;:&quot;&quot;,&quot;orientation&quot;:&quot;0&quot;}\" data-image-title=\"Flughafen Tirana Tipps AlbINFO\" data-image-description=\"&lt;p&gt;Flughafen Tirana&lt;\/p&gt;\n\" data-image-caption=\"&lt;p&gt;Flughafen Tirana&lt;\/p&gt;\n\" data-medium-file=\"https:\/\/i0.wp.com\/albanien.ch\/albanien_info\/wp-content\/uploads\/2019\/09\/flughafen-tirana-tipps-albinfo.jpg?fit=300%2C180&amp;ssl=1\" data-large-file=\"https:\/\/i0.wp.com\/albanien.ch\/albanien_info\/wp-content\/uploads\/2019\/09\/flughafen-tirana-tipps-albinfo.jpg?fit=525%2C315&amp;ssl=1\" src=\"https:\/\/i0.wp.com\/albanien.ch\/albanien_info\/wp-content\/uploads\/2019\/09\/flughafen-tirana-tipps-albinfo.jpg?resize=525%2C315&#038;ssl=1\" alt=\"Flughafen Tirana Informationen\" class=\"wp-image-3721\" srcset=\"https:\/\/i0.wp.com\/albanien.ch\/albanien_info\/wp-content\/uploads\/2019\/09\/flughafen-tirana-tipps-albinfo.jpg?w=1000&amp;ssl=1 1000w, https:\/\/i0.wp.com\/albanien.ch\/albanien_info\/wp-content\/uploads\/2019\/09\/flughafen-tirana-tipps-albinfo.jpg?resize=300%2C180&amp;ssl=1 300w, https:\/\/i0.wp.com\/albanien.ch\/albanien_info\/wp-content\/uploads\/2019\/09\/flughafen-tirana-tipps-albinfo.jpg?resize=768%2C461&amp;ssl=1 768w\" sizes=\"auto, (max-width: 525px) 100vw, 525px\" \/><\/a><\/figure>\n\n\n\n<p><a href=\"https:\/\/albanien.ch\/albanien_info\/flughafen-tirana\/\">Flughafen Tirana<\/a><\/p>\n<\/div>\n\n\n\n<div class=\"wp-block-column is-layout-flow wp-block-column-is-layout-flow\">\n<figure class=\"wp-block-image\"><a href=\"https:\/\/albanien.ch\/albanien_info\/reiseveranstalter\/\"><img data-recalc-dims=\"1\" loading=\"lazy\" decoding=\"async\" width=\"525\" height=\"315\" data-attachment-id=\"3940\" data-permalink=\"https:\/\/albanien.ch\/albanien_info\/reiseveranstalter-albanien-albinfo\/\" data-orig-file=\"https:\/\/i0.wp.com\/albanien.ch\/albanien_info\/wp-content\/uploads\/2020\/02\/reiseveranstalter-albanien-albinfo.jpg?fit=1000%2C600&amp;ssl=1\" data-orig-size=\"1000,600\" data-comments-opened=\"1\" data-image-meta=\"{&quot;aperture&quot;:&quot;0&quot;,&quot;credit&quot;:&quot;&quot;,&quot;camera&quot;:&quot;&quot;,&quot;caption&quot;:&quot;&quot;,&quot;created_timestamp&quot;:&quot;0&quot;,&quot;copyright&quot;:&quot;&quot;,&quot;focal_length&quot;:&quot;0&quot;,&quot;iso&quot;:&quot;0&quot;,&quot;shutter_speed&quot;:&quot;0&quot;,&quot;title&quot;:&quot;&quot;,&quot;orientation&quot;:&quot;0&quot;}\" data-image-title=\"Reiseveranstalter Albanien AlbINFO\" data-image-description=\"&lt;p&gt;Asiatische Touristen  in Tirana (Post-Bllok)&lt;\/p&gt;\n\" data-image-caption=\"&lt;p&gt;Touristen in Tirana&lt;\/p&gt;\n\" data-medium-file=\"https:\/\/i0.wp.com\/albanien.ch\/albanien_info\/wp-content\/uploads\/2020\/02\/reiseveranstalter-albanien-albinfo.jpg?fit=300%2C180&amp;ssl=1\" data-large-file=\"https:\/\/i0.wp.com\/albanien.ch\/albanien_info\/wp-content\/uploads\/2020\/02\/reiseveranstalter-albanien-albinfo.jpg?fit=525%2C315&amp;ssl=1\" src=\"https:\/\/i0.wp.com\/albanien.ch\/albanien_info\/wp-content\/uploads\/2020\/02\/reiseveranstalter-albanien-albinfo.jpg?resize=525%2C315&#038;ssl=1\" alt=\"Empfohlene Reiseveranstalter f\u00fcr Albanien\" class=\"wp-image-3940\" srcset=\"https:\/\/i0.wp.com\/albanien.ch\/albanien_info\/wp-content\/uploads\/2020\/02\/reiseveranstalter-albanien-albinfo.jpg?w=1000&amp;ssl=1 1000w, https:\/\/i0.wp.com\/albanien.ch\/albanien_info\/wp-content\/uploads\/2020\/02\/reiseveranstalter-albanien-albinfo.jpg?resize=300%2C180&amp;ssl=1 300w, https:\/\/i0.wp.com\/albanien.ch\/albanien_info\/wp-content\/uploads\/2020\/02\/reiseveranstalter-albanien-albinfo.jpg?resize=768%2C461&amp;ssl=1 768w\" sizes=\"auto, (max-width: 525px) 100vw, 525px\" \/><\/a><\/figure>\n\n\n\n<p><a href=\"https:\/\/albanien.ch\/albanien_info\/reiseveranstalter\/\">Reiseveranstalter<\/a><\/p>\n<\/div>\n<\/div>\n\n\n\n<div class=\"wp-block-columns has-3-columns is-layout-flex wp-container-core-columns-is-layout-9d6595d7 wp-block-columns-is-layout-flex\">\n<div class=\"wp-block-column is-layout-flow wp-block-column-is-layout-flow\">\n<figure class=\"wp-block-image size-large\"><a href=\"https:\/\/albanien.ch\/albanien_info\/einreise-papierkram\/\"><img data-recalc-dims=\"1\" loading=\"lazy\" decoding=\"async\" width=\"525\" height=\"315\" data-attachment-id=\"5038\" data-permalink=\"https:\/\/albanien.ch\/albanien_info\/albanien-visum-albinfo\/\" data-orig-file=\"https:\/\/i0.wp.com\/albanien.ch\/albanien_info\/wp-content\/uploads\/2020\/11\/albanien-visum-albinfo.jpg?fit=1000%2C600&amp;ssl=1\" data-orig-size=\"1000,600\" data-comments-opened=\"1\" data-image-meta=\"{&quot;aperture&quot;:&quot;0&quot;,&quot;credit&quot;:&quot;&quot;,&quot;camera&quot;:&quot;&quot;,&quot;caption&quot;:&quot;&quot;,&quot;created_timestamp&quot;:&quot;0&quot;,&quot;copyright&quot;:&quot;&quot;,&quot;focal_length&quot;:&quot;0&quot;,&quot;iso&quot;:&quot;0&quot;,&quot;shutter_speed&quot;:&quot;0&quot;,&quot;title&quot;:&quot;&quot;,&quot;orientation&quot;:&quot;0&quot;}\" data-image-title=\"albanien-visum-albinfo\" data-image-description=\"\" data-image-caption=\"\" data-medium-file=\"https:\/\/i0.wp.com\/albanien.ch\/albanien_info\/wp-content\/uploads\/2020\/11\/albanien-visum-albinfo.jpg?fit=300%2C180&amp;ssl=1\" data-large-file=\"https:\/\/i0.wp.com\/albanien.ch\/albanien_info\/wp-content\/uploads\/2020\/11\/albanien-visum-albinfo.jpg?fit=525%2C315&amp;ssl=1\" src=\"https:\/\/i0.wp.com\/albanien.ch\/albanien_info\/wp-content\/uploads\/2020\/11\/albanien-visum-albinfo.jpg?resize=525%2C315&#038;ssl=1\" alt=\"Einreisevorschriften f\u00fcr Albanien\" class=\"wp-image-5038\" srcset=\"https:\/\/i0.wp.com\/albanien.ch\/albanien_info\/wp-content\/uploads\/2020\/11\/albanien-visum-albinfo.jpg?w=1000&amp;ssl=1 1000w, https:\/\/i0.wp.com\/albanien.ch\/albanien_info\/wp-content\/uploads\/2020\/11\/albanien-visum-albinfo.jpg?resize=300%2C180&amp;ssl=1 300w, https:\/\/i0.wp.com\/albanien.ch\/albanien_info\/wp-content\/uploads\/2020\/11\/albanien-visum-albinfo.jpg?resize=768%2C461&amp;ssl=1 768w\" sizes=\"auto, (max-width: 525px) 100vw, 525px\" \/><\/a><\/figure>\n\n\n\n<p><a href=\"https:\/\/albanien.ch\/albanien_info\/einreise-papierkram\/\">Einreise \/ Pass, Visum &amp; Papierkram<\/a><\/p>\n<\/div>\n\n\n\n<div class=\"wp-block-column is-layout-flow wp-block-column-is-layout-flow\">\n<figure class=\"wp-block-image\"><a href=\"https:\/\/albanien.ch\/albanien_info\/reisefuehrer-albanien\/reisetipps\/grenzuebergaenge-albanien\/\"><img data-recalc-dims=\"1\" loading=\"lazy\" decoding=\"async\" width=\"525\" height=\"315\" data-attachment-id=\"3939\" data-permalink=\"https:\/\/albanien.ch\/albanien_info\/grenze-albanien-albinfo\/\" data-orig-file=\"https:\/\/i0.wp.com\/albanien.ch\/albanien_info\/wp-content\/uploads\/2020\/02\/grenze-albanien-albinfo.jpg?fit=1000%2C600&amp;ssl=1\" data-orig-size=\"1000,600\" data-comments-opened=\"1\" data-image-meta=\"{&quot;aperture&quot;:&quot;0&quot;,&quot;credit&quot;:&quot;&quot;,&quot;camera&quot;:&quot;&quot;,&quot;caption&quot;:&quot;&quot;,&quot;created_timestamp&quot;:&quot;0&quot;,&quot;copyright&quot;:&quot;&quot;,&quot;focal_length&quot;:&quot;0&quot;,&quot;iso&quot;:&quot;0&quot;,&quot;shutter_speed&quot;:&quot;0&quot;,&quot;title&quot;:&quot;&quot;,&quot;orientation&quot;:&quot;0&quot;}\" data-image-title=\"Grenze Albanien AlbINFO\" data-image-description=\"&lt;p&gt;Albanische Stempel im Reisepass&lt;\/p&gt;\n\" data-image-caption=\"&lt;p&gt;Albanische Stempel im Reisepass&lt;\/p&gt;\n\" data-medium-file=\"https:\/\/i0.wp.com\/albanien.ch\/albanien_info\/wp-content\/uploads\/2020\/02\/grenze-albanien-albinfo.jpg?fit=300%2C180&amp;ssl=1\" data-large-file=\"https:\/\/i0.wp.com\/albanien.ch\/albanien_info\/wp-content\/uploads\/2020\/02\/grenze-albanien-albinfo.jpg?fit=525%2C315&amp;ssl=1\" src=\"https:\/\/i0.wp.com\/albanien.ch\/albanien_info\/wp-content\/uploads\/2020\/02\/grenze-albanien-albinfo.jpg?resize=525%2C315&#038;ssl=1\" alt=\"Albanische Grenz\u00fcberg\u00e4nge\" class=\"wp-image-3939\" srcset=\"https:\/\/i0.wp.com\/albanien.ch\/albanien_info\/wp-content\/uploads\/2020\/02\/grenze-albanien-albinfo.jpg?w=1000&amp;ssl=1 1000w, https:\/\/i0.wp.com\/albanien.ch\/albanien_info\/wp-content\/uploads\/2020\/02\/grenze-albanien-albinfo.jpg?resize=300%2C180&amp;ssl=1 300w, https:\/\/i0.wp.com\/albanien.ch\/albanien_info\/wp-content\/uploads\/2020\/02\/grenze-albanien-albinfo.jpg?resize=768%2C461&amp;ssl=1 768w\" sizes=\"auto, (max-width: 525px) 100vw, 525px\" \/><\/a><\/figure>\n\n\n\n<p><a href=\"https:\/\/albanien.ch\/albanien_info\/reisefuehrer-albanien\/reisetipps\/grenzuebergaenge-albanien\/\">Grenz\u00fcberg\u00e4nge<\/a><\/p>\n<\/div>\n\n\n\n<div class=\"wp-block-column is-layout-flow wp-block-column-is-layout-flow\">\n<figure class=\"wp-block-image\"><a href=\"https:\/\/albanien.ch\/albanien_info\/reisefuehrer-albanien\/reisetipps\/flugverbindungen-albanien\/\"><img data-recalc-dims=\"1\" loading=\"lazy\" decoding=\"async\" width=\"525\" height=\"315\" data-attachment-id=\"3937\" data-permalink=\"https:\/\/albanien.ch\/albanien_info\/fluege-nach-albanien-albinfo\/\" data-orig-file=\"https:\/\/i0.wp.com\/albanien.ch\/albanien_info\/wp-content\/uploads\/2020\/02\/fluege-nach-albanien-albinfo.jpg?fit=1000%2C600&amp;ssl=1\" data-orig-size=\"1000,600\" data-comments-opened=\"1\" data-image-meta=\"{&quot;aperture&quot;:&quot;0&quot;,&quot;credit&quot;:&quot;&quot;,&quot;camera&quot;:&quot;&quot;,&quot;caption&quot;:&quot;&quot;,&quot;created_timestamp&quot;:&quot;0&quot;,&quot;copyright&quot;:&quot;&quot;,&quot;focal_length&quot;:&quot;0&quot;,&quot;iso&quot;:&quot;0&quot;,&quot;shutter_speed&quot;:&quot;0&quot;,&quot;title&quot;:&quot;&quot;,&quot;orientation&quot;:&quot;0&quot;}\" data-image-title=\"Fl\u00fcge nach Albanien AlbINFO\" data-image-description=\"&lt;p&gt;Flugzeuge auf dem Flughafen Tirana&lt;\/p&gt;\n\" data-image-caption=\"&lt;p&gt;Flugzeuge in Tirana&lt;\/p&gt;\n\" data-medium-file=\"https:\/\/i0.wp.com\/albanien.ch\/albanien_info\/wp-content\/uploads\/2020\/02\/fluege-nach-albanien-albinfo.jpg?fit=300%2C180&amp;ssl=1\" data-large-file=\"https:\/\/i0.wp.com\/albanien.ch\/albanien_info\/wp-content\/uploads\/2020\/02\/fluege-nach-albanien-albinfo.jpg?fit=525%2C315&amp;ssl=1\" src=\"https:\/\/i0.wp.com\/albanien.ch\/albanien_info\/wp-content\/uploads\/2020\/02\/fluege-nach-albanien-albinfo.jpg?resize=525%2C315&#038;ssl=1\" alt=\"Flugverbindungen nach Albanien\" class=\"wp-image-3937\" srcset=\"https:\/\/i0.wp.com\/albanien.ch\/albanien_info\/wp-content\/uploads\/2020\/02\/fluege-nach-albanien-albinfo.jpg?w=1000&amp;ssl=1 1000w, https:\/\/i0.wp.com\/albanien.ch\/albanien_info\/wp-content\/uploads\/2020\/02\/fluege-nach-albanien-albinfo.jpg?resize=300%2C180&amp;ssl=1 300w, https:\/\/i0.wp.com\/albanien.ch\/albanien_info\/wp-content\/uploads\/2020\/02\/fluege-nach-albanien-albinfo.jpg?resize=768%2C461&amp;ssl=1 768w\" sizes=\"auto, (max-width: 525px) 100vw, 525px\" \/><\/a><\/figure>\n\n\n\n<p><a href=\"https:\/\/albanien.ch\/albanien_info\/reisefuehrer-albanien\/reisetipps\/flugverbindungen-albanien\/\">Flugverbindungen<\/a><\/p>\n<\/div>\n<\/div>\n\n\n\n<div class=\"wp-block-columns has-3-columns is-layout-flex wp-container-core-columns-is-layout-9d6595d7 wp-block-columns-is-layout-flex\">\n<div class=\"wp-block-column is-layout-flow wp-block-column-is-layout-flow\">\n<figure class=\"wp-block-image\"><a href=\"https:\/\/albanien.ch\/albanien_info\/reisezeit\/\"><img data-recalc-dims=\"1\" loading=\"lazy\" decoding=\"async\" width=\"525\" height=\"315\" data-attachment-id=\"3936\" data-permalink=\"https:\/\/albanien.ch\/albanien_info\/reisewetter-albanien-albinfo\/\" data-orig-file=\"https:\/\/i0.wp.com\/albanien.ch\/albanien_info\/wp-content\/uploads\/2020\/02\/reisewetter-albanien-albinfo.jpg?fit=1000%2C600&amp;ssl=1\" data-orig-size=\"1000,600\" data-comments-opened=\"1\" data-image-meta=\"{&quot;aperture&quot;:&quot;0&quot;,&quot;credit&quot;:&quot;&quot;,&quot;camera&quot;:&quot;&quot;,&quot;caption&quot;:&quot;&quot;,&quot;created_timestamp&quot;:&quot;0&quot;,&quot;copyright&quot;:&quot;&quot;,&quot;focal_length&quot;:&quot;0&quot;,&quot;iso&quot;:&quot;0&quot;,&quot;shutter_speed&quot;:&quot;0&quot;,&quot;title&quot;:&quot;&quot;,&quot;orientation&quot;:&quot;0&quot;}\" data-image-title=\"Reisewetter Albanien AlbINFO\" data-image-description=\"&lt;p&gt;Baum auf \u00fcberschwemmter Insel in S\u00fcdostalbanien&lt;\/p&gt;\n\" data-image-caption=\"&lt;p&gt;Baum auf \u00fcberschwemmter Insel&lt;\/p&gt;\n\" data-medium-file=\"https:\/\/i0.wp.com\/albanien.ch\/albanien_info\/wp-content\/uploads\/2020\/02\/reisewetter-albanien-albinfo.jpg?fit=300%2C180&amp;ssl=1\" data-large-file=\"https:\/\/i0.wp.com\/albanien.ch\/albanien_info\/wp-content\/uploads\/2020\/02\/reisewetter-albanien-albinfo.jpg?fit=525%2C315&amp;ssl=1\" src=\"https:\/\/i0.wp.com\/albanien.ch\/albanien_info\/wp-content\/uploads\/2020\/02\/reisewetter-albanien-albinfo.jpg?resize=525%2C315&#038;ssl=1\" alt=\"Reisewetter Albanien\" class=\"wp-image-3936\" srcset=\"https:\/\/i0.wp.com\/albanien.ch\/albanien_info\/wp-content\/uploads\/2020\/02\/reisewetter-albanien-albinfo.jpg?w=1000&amp;ssl=1 1000w, https:\/\/i0.wp.com\/albanien.ch\/albanien_info\/wp-content\/uploads\/2020\/02\/reisewetter-albanien-albinfo.jpg?resize=300%2C180&amp;ssl=1 300w, https:\/\/i0.wp.com\/albanien.ch\/albanien_info\/wp-content\/uploads\/2020\/02\/reisewetter-albanien-albinfo.jpg?resize=768%2C461&amp;ssl=1 768w\" sizes=\"auto, (max-width: 525px) 100vw, 525px\" \/><\/a><\/figure>\n\n\n\n<p><a href=\"https:\/\/albanien.ch\/albanien_info\/reisezeit\/\">Reisezeit<\/a><\/p>\n<\/div>\n\n\n\n<div class=\"wp-block-column is-layout-flow wp-block-column-is-layout-flow\">\n<p><\/p>\n<\/div>\n\n\n\n<div class=\"wp-block-column is-layout-flow wp-block-column-is-layout-flow\">\n<p><\/p>\n<\/div>\n<\/div>\n\n\n\n<h3 class=\"wp-block-heading\">Unterwegs in Albanien<\/h3>\n\n\n\n<div class=\"wp-block-columns has-3-columns is-layout-flex wp-container-core-columns-is-layout-9d6595d7 wp-block-columns-is-layout-flex\">\n<div class=\"wp-block-column is-layout-flow wp-block-column-is-layout-flow\">\n<figure class=\"wp-block-image\"><a href=\"https:\/\/albanien.ch\/albanien_info\/reisen-innerhalb-des-landes\/\"><img data-recalc-dims=\"1\" loading=\"lazy\" decoding=\"async\" width=\"525\" height=\"315\" data-attachment-id=\"3704\" data-permalink=\"https:\/\/albanien.ch\/albanien_info\/reisen-durch-albanien-albinfo\/\" data-orig-file=\"https:\/\/i0.wp.com\/albanien.ch\/albanien_info\/wp-content\/uploads\/2019\/09\/reisen-durch-albanien-albinfo.jpg?fit=1000%2C600&amp;ssl=1\" data-orig-size=\"1000,600\" data-comments-opened=\"1\" data-image-meta=\"{&quot;aperture&quot;:&quot;0&quot;,&quot;credit&quot;:&quot;&quot;,&quot;camera&quot;:&quot;&quot;,&quot;caption&quot;:&quot;&quot;,&quot;created_timestamp&quot;:&quot;0&quot;,&quot;copyright&quot;:&quot;&quot;,&quot;focal_length&quot;:&quot;0&quot;,&quot;iso&quot;:&quot;0&quot;,&quot;shutter_speed&quot;:&quot;0&quot;,&quot;title&quot;:&quot;&quot;,&quot;orientation&quot;:&quot;0&quot;}\" data-image-title=\"Reisen durch Albanien AlbINFO\" data-image-description=\"&lt;p&gt;Unterwegs in Nordalbanien&lt;\/p&gt;\n\" data-image-caption=\"&lt;p&gt;Unterwegs in Albanien&lt;\/p&gt;\n\" data-medium-file=\"https:\/\/i0.wp.com\/albanien.ch\/albanien_info\/wp-content\/uploads\/2019\/09\/reisen-durch-albanien-albinfo.jpg?fit=300%2C180&amp;ssl=1\" data-large-file=\"https:\/\/i0.wp.com\/albanien.ch\/albanien_info\/wp-content\/uploads\/2019\/09\/reisen-durch-albanien-albinfo.jpg?fit=525%2C315&amp;ssl=1\" src=\"https:\/\/i0.wp.com\/albanien.ch\/albanien_info\/wp-content\/uploads\/2019\/09\/reisen-durch-albanien-albinfo.jpg?resize=525%2C315&#038;ssl=1\" alt=\"\u00d6V, Zug und Bus in Albanien\" class=\"wp-image-3704\" srcset=\"https:\/\/i0.wp.com\/albanien.ch\/albanien_info\/wp-content\/uploads\/2019\/09\/reisen-durch-albanien-albinfo.jpg?w=1000&amp;ssl=1 1000w, https:\/\/i0.wp.com\/albanien.ch\/albanien_info\/wp-content\/uploads\/2019\/09\/reisen-durch-albanien-albinfo.jpg?resize=300%2C180&amp;ssl=1 300w, https:\/\/i0.wp.com\/albanien.ch\/albanien_info\/wp-content\/uploads\/2019\/09\/reisen-durch-albanien-albinfo.jpg?resize=768%2C461&amp;ssl=1 768w\" sizes=\"auto, (max-width: 525px) 100vw, 525px\" \/><\/a><\/figure>\n\n\n\n<p><a href=\"https:\/\/albanien.ch\/albanien_info\/reisen-innerhalb-des-landes\/\">Unterwegs in Albanien<\/a><\/p>\n<\/div>\n\n\n\n<div class=\"wp-block-column is-layout-flow wp-block-column-is-layout-flow\">\n<figure class=\"wp-block-image\"><a href=\"https:\/\/albanien.ch\/albanien_info\/autofahren-albaniens-eigene-strassenregeln\/\"><img data-recalc-dims=\"1\" loading=\"lazy\" decoding=\"async\" width=\"525\" height=\"315\" data-attachment-id=\"3706\" data-permalink=\"https:\/\/albanien.ch\/albanien_info\/autofahren-albanien-albinfo\/\" data-orig-file=\"https:\/\/i0.wp.com\/albanien.ch\/albanien_info\/wp-content\/uploads\/2019\/09\/autofahren-albanien-albinfo.jpg?fit=1000%2C600&amp;ssl=1\" data-orig-size=\"1000,600\" data-comments-opened=\"1\" data-image-meta=\"{&quot;aperture&quot;:&quot;0&quot;,&quot;credit&quot;:&quot;&quot;,&quot;camera&quot;:&quot;&quot;,&quot;caption&quot;:&quot;&quot;,&quot;created_timestamp&quot;:&quot;0&quot;,&quot;copyright&quot;:&quot;&quot;,&quot;focal_length&quot;:&quot;0&quot;,&quot;iso&quot;:&quot;0&quot;,&quot;shutter_speed&quot;:&quot;0&quot;,&quot;title&quot;:&quot;&quot;,&quot;orientation&quot;:&quot;0&quot;}\" data-image-title=\"Autofahren in Albanien AlbINFO\" data-image-description=\"&lt;p&gt;Auf einer Strasse in S\u00fcdostalbanien&lt;\/p&gt;\n\" data-image-caption=\"&lt;p&gt;Auf einer Strasse in S\u00fcdostalbanien&lt;\/p&gt;\n\" data-medium-file=\"https:\/\/i0.wp.com\/albanien.ch\/albanien_info\/wp-content\/uploads\/2019\/09\/autofahren-albanien-albinfo.jpg?fit=300%2C180&amp;ssl=1\" data-large-file=\"https:\/\/i0.wp.com\/albanien.ch\/albanien_info\/wp-content\/uploads\/2019\/09\/autofahren-albanien-albinfo.jpg?fit=525%2C315&amp;ssl=1\" src=\"https:\/\/i0.wp.com\/albanien.ch\/albanien_info\/wp-content\/uploads\/2019\/09\/autofahren-albanien-albinfo.jpg?resize=525%2C315&#038;ssl=1\" alt=\"Autofahren in Albanien\" class=\"wp-image-3706\" srcset=\"https:\/\/i0.wp.com\/albanien.ch\/albanien_info\/wp-content\/uploads\/2019\/09\/autofahren-albanien-albinfo.jpg?w=1000&amp;ssl=1 1000w, https:\/\/i0.wp.com\/albanien.ch\/albanien_info\/wp-content\/uploads\/2019\/09\/autofahren-albanien-albinfo.jpg?resize=300%2C180&amp;ssl=1 300w, https:\/\/i0.wp.com\/albanien.ch\/albanien_info\/wp-content\/uploads\/2019\/09\/autofahren-albanien-albinfo.jpg?resize=768%2C461&amp;ssl=1 768w\" sizes=\"auto, (max-width: 525px) 100vw, 525px\" \/><\/a><\/figure>\n\n\n\n<p><a href=\"https:\/\/albanien.ch\/albanien_info\/autofahren-albaniens-eigene-strassenregeln\/\">Mit dem Auto unterwegs in Albanien<\/a><\/p>\n<\/div>\n\n\n\n<div class=\"wp-block-column is-layout-flow wp-block-column-is-layout-flow\">\n<figure class=\"wp-block-image size-full\"><a href=\"https:\/\/albanien.ch\/albanien_info\/radreisen-albanien\/\"><img data-recalc-dims=\"1\" loading=\"lazy\" decoding=\"async\" width=\"525\" height=\"315\" data-attachment-id=\"7036\" data-permalink=\"https:\/\/albanien.ch\/albanien_info\/albanien-fahhrad-velo-albinfo\/\" data-orig-file=\"https:\/\/i0.wp.com\/albanien.ch\/albanien_info\/wp-content\/uploads\/2022\/12\/albanien-fahhrad-velo-albinfo.jpg?fit=1000%2C600&amp;ssl=1\" data-orig-size=\"1000,600\" data-comments-opened=\"1\" data-image-meta=\"{&quot;aperture&quot;:&quot;0&quot;,&quot;credit&quot;:&quot;&quot;,&quot;camera&quot;:&quot;&quot;,&quot;caption&quot;:&quot;&quot;,&quot;created_timestamp&quot;:&quot;0&quot;,&quot;copyright&quot;:&quot;&quot;,&quot;focal_length&quot;:&quot;0&quot;,&quot;iso&quot;:&quot;0&quot;,&quot;shutter_speed&quot;:&quot;0&quot;,&quot;title&quot;:&quot;&quot;,&quot;orientation&quot;:&quot;0&quot;}\" data-image-title=\"Fahrradfahren in Albanien AlbINFO\" data-image-description=\"&lt;p&gt;Mit dem Fahrrad durch Albanien&lt;\/p&gt;\n\" data-image-caption=\"&lt;p&gt;Mit dem Fahrrad durch Albanien&lt;\/p&gt;\n\" data-medium-file=\"https:\/\/i0.wp.com\/albanien.ch\/albanien_info\/wp-content\/uploads\/2022\/12\/albanien-fahhrad-velo-albinfo.jpg?fit=300%2C180&amp;ssl=1\" data-large-file=\"https:\/\/i0.wp.com\/albanien.ch\/albanien_info\/wp-content\/uploads\/2022\/12\/albanien-fahhrad-velo-albinfo.jpg?fit=525%2C315&amp;ssl=1\" src=\"https:\/\/i0.wp.com\/albanien.ch\/albanien_info\/wp-content\/uploads\/2022\/12\/albanien-fahhrad-velo-albinfo.jpg?resize=525%2C315&#038;ssl=1\" alt=\"Fahrrad-Urlaub Velo-Reisen Albanien\" class=\"wp-image-7036\" srcset=\"https:\/\/i0.wp.com\/albanien.ch\/albanien_info\/wp-content\/uploads\/2022\/12\/albanien-fahhrad-velo-albinfo.jpg?w=1000&amp;ssl=1 1000w, https:\/\/i0.wp.com\/albanien.ch\/albanien_info\/wp-content\/uploads\/2022\/12\/albanien-fahhrad-velo-albinfo.jpg?resize=300%2C180&amp;ssl=1 300w, https:\/\/i0.wp.com\/albanien.ch\/albanien_info\/wp-content\/uploads\/2022\/12\/albanien-fahhrad-velo-albinfo.jpg?resize=768%2C461&amp;ssl=1 768w\" sizes=\"auto, (max-width: 525px) 100vw, 525px\" \/><\/a><\/figure>\n\n\n\n<p><a href=\"https:\/\/albanien.ch\/albanien_info\/radreisen-albanien\/\">Fahrradfahren<\/a><\/p>\n<\/div>\n<\/div>\n\n\n\n<div class=\"wp-block-columns has-3-columns is-layout-flex wp-container-core-columns-is-layout-9d6595d7 wp-block-columns-is-layout-flex\">\n<div class=\"wp-block-column is-layout-flow wp-block-column-is-layout-flow\">\n<figure class=\"wp-block-image\"><a href=\"https:\/\/albanien.ch\/albanien_info\/durchreise\/\"><img data-recalc-dims=\"1\" loading=\"lazy\" decoding=\"async\" width=\"525\" height=\"315\" data-attachment-id=\"3703\" data-permalink=\"https:\/\/albanien.ch\/albanien_info\/reise-durch-albanien-albinfo\/\" data-orig-file=\"https:\/\/i0.wp.com\/albanien.ch\/albanien_info\/wp-content\/uploads\/2019\/09\/reise-durch-albanien-albinfo.jpg?fit=1000%2C600&amp;ssl=1\" data-orig-size=\"1000,600\" data-comments-opened=\"1\" data-image-meta=\"{&quot;aperture&quot;:&quot;0&quot;,&quot;credit&quot;:&quot;&quot;,&quot;camera&quot;:&quot;&quot;,&quot;caption&quot;:&quot;&quot;,&quot;created_timestamp&quot;:&quot;0&quot;,&quot;copyright&quot;:&quot;&quot;,&quot;focal_length&quot;:&quot;0&quot;,&quot;iso&quot;:&quot;0&quot;,&quot;shutter_speed&quot;:&quot;0&quot;,&quot;title&quot;:&quot;&quot;,&quot;orientation&quot;:&quot;0&quot;}\" data-image-title=\"Durchreise Albanien AlbINFO\" data-image-description=\"&lt;p&gt;Autobahn  in Nordalbanien&lt;\/p&gt;\n\" data-image-caption=\"&lt;p&gt;Autobahn  in Nordalbanien&lt;\/p&gt;\n\" data-medium-file=\"https:\/\/i0.wp.com\/albanien.ch\/albanien_info\/wp-content\/uploads\/2019\/09\/reise-durch-albanien-albinfo.jpg?fit=300%2C180&amp;ssl=1\" data-large-file=\"https:\/\/i0.wp.com\/albanien.ch\/albanien_info\/wp-content\/uploads\/2019\/09\/reise-durch-albanien-albinfo.jpg?fit=525%2C315&amp;ssl=1\" src=\"https:\/\/i0.wp.com\/albanien.ch\/albanien_info\/wp-content\/uploads\/2019\/09\/reise-durch-albanien-albinfo.jpg?resize=525%2C315&#038;ssl=1\" alt=\"Durchreise Albanien\" class=\"wp-image-3703\" srcset=\"https:\/\/i0.wp.com\/albanien.ch\/albanien_info\/wp-content\/uploads\/2019\/09\/reise-durch-albanien-albinfo.jpg?w=1000&amp;ssl=1 1000w, https:\/\/i0.wp.com\/albanien.ch\/albanien_info\/wp-content\/uploads\/2019\/09\/reise-durch-albanien-albinfo.jpg?resize=300%2C180&amp;ssl=1 300w, https:\/\/i0.wp.com\/albanien.ch\/albanien_info\/wp-content\/uploads\/2019\/09\/reise-durch-albanien-albinfo.jpg?resize=768%2C461&amp;ssl=1 768w\" sizes=\"auto, (max-width: 525px) 100vw, 525px\" \/><\/a><\/figure>\n\n\n\n<p><a href=\"https:\/\/albanien.ch\/albanien_info\/durchreise\/\">Durchreise<\/a><\/p>\n<\/div>\n\n\n\n<div class=\"wp-block-column is-layout-flow wp-block-column-is-layout-flow\">\n<figure class=\"wp-block-image\"><a href=\"https:\/\/albanien.ch\/albanien_info\/route-montenegro-griechenland-nordwest\/\"><img data-recalc-dims=\"1\" loading=\"lazy\" decoding=\"async\" width=\"525\" height=\"315\" data-attachment-id=\"3935\" data-permalink=\"https:\/\/albanien.ch\/albanien_info\/route-montenegro-albanien-nordwestgriechenland\/\" data-orig-file=\"https:\/\/i0.wp.com\/albanien.ch\/albanien_info\/wp-content\/uploads\/2020\/02\/route-montenegro-albanien-nordwestgriechenland.jpg?fit=1000%2C600&amp;ssl=1\" data-orig-size=\"1000,600\" data-comments-opened=\"1\" data-image-meta=\"{&quot;aperture&quot;:&quot;0&quot;,&quot;credit&quot;:&quot;&quot;,&quot;camera&quot;:&quot;&quot;,&quot;caption&quot;:&quot;&quot;,&quot;created_timestamp&quot;:&quot;0&quot;,&quot;copyright&quot;:&quot;&quot;,&quot;focal_length&quot;:&quot;0&quot;,&quot;iso&quot;:&quot;0&quot;,&quot;shutter_speed&quot;:&quot;0&quot;,&quot;title&quot;:&quot;&quot;,&quot;orientation&quot;:&quot;0&quot;}\" data-image-title=\"Route Montenegro &gt; Albanien &gt; Nordwestgriechenland AlbINFO\" data-image-description=\"&lt;p&gt;Hauptstrasse in S\u00fcdalbanien n\u00f6rdlich von Tepelena&lt;\/p&gt;\n\" data-image-caption=\"&lt;p&gt;Strasse in S\u00fcdalbanien&lt;\/p&gt;\n\" data-medium-file=\"https:\/\/i0.wp.com\/albanien.ch\/albanien_info\/wp-content\/uploads\/2020\/02\/route-montenegro-albanien-nordwestgriechenland.jpg?fit=300%2C180&amp;ssl=1\" data-large-file=\"https:\/\/i0.wp.com\/albanien.ch\/albanien_info\/wp-content\/uploads\/2020\/02\/route-montenegro-albanien-nordwestgriechenland.jpg?fit=525%2C315&amp;ssl=1\" src=\"https:\/\/i0.wp.com\/albanien.ch\/albanien_info\/wp-content\/uploads\/2020\/02\/route-montenegro-albanien-nordwestgriechenland.jpg?resize=525%2C315&#038;ssl=1\" alt=\"Durchreise durch Albanien von Montenegro nach Nordwestgriechenland\" class=\"wp-image-3935\" srcset=\"https:\/\/i0.wp.com\/albanien.ch\/albanien_info\/wp-content\/uploads\/2020\/02\/route-montenegro-albanien-nordwestgriechenland.jpg?w=1000&amp;ssl=1 1000w, https:\/\/i0.wp.com\/albanien.ch\/albanien_info\/wp-content\/uploads\/2020\/02\/route-montenegro-albanien-nordwestgriechenland.jpg?resize=300%2C180&amp;ssl=1 300w, https:\/\/i0.wp.com\/albanien.ch\/albanien_info\/wp-content\/uploads\/2020\/02\/route-montenegro-albanien-nordwestgriechenland.jpg?resize=768%2C461&amp;ssl=1 768w\" sizes=\"auto, (max-width: 525px) 100vw, 525px\" \/><\/a><\/figure>\n\n\n\n<p><a href=\"https:\/\/albanien.ch\/albanien_info\/route-montenegro-griechenland-nordwest\/\">Durchreise Route Montenegro\u2013Nordwestgriechenland<\/a><\/p>\n<\/div>\n\n\n\n<div class=\"wp-block-column is-layout-flow wp-block-column-is-layout-flow\">\n<figure class=\"wp-block-image\"><a href=\"https:\/\/albanien.ch\/albanien_info\/route-albanien-kosovo-durchreise\/\"><img data-recalc-dims=\"1\" loading=\"lazy\" decoding=\"async\" width=\"525\" height=\"315\" data-attachment-id=\"3934\" data-permalink=\"https:\/\/albanien.ch\/albanien_info\/route-durres-albanien-kosovo\/\" data-orig-file=\"https:\/\/i0.wp.com\/albanien.ch\/albanien_info\/wp-content\/uploads\/2020\/02\/route-durres-albanien-kosovo.jpg?fit=1000%2C600&amp;ssl=1\" data-orig-size=\"1000,600\" data-comments-opened=\"1\" data-image-meta=\"{&quot;aperture&quot;:&quot;0&quot;,&quot;credit&quot;:&quot;&quot;,&quot;camera&quot;:&quot;&quot;,&quot;caption&quot;:&quot;&quot;,&quot;created_timestamp&quot;:&quot;0&quot;,&quot;copyright&quot;:&quot;&quot;,&quot;focal_length&quot;:&quot;0&quot;,&quot;iso&quot;:&quot;0&quot;,&quot;shutter_speed&quot;:&quot;0&quot;,&quot;title&quot;:&quot;&quot;,&quot;orientation&quot;:&quot;0&quot;}\" data-image-title=\"Route Durr\u00ebs &gt; Albanien &gt; Kosova AlbINFO\" data-image-description=\"&lt;p&gt;Autobahntunnel Thirra\u2013Kalimash&lt;\/p&gt;\n\" data-image-caption=\"&lt;p&gt;Autobahntunnel Thirra\u2013Kalimash&lt;\/p&gt;\n\" data-medium-file=\"https:\/\/i0.wp.com\/albanien.ch\/albanien_info\/wp-content\/uploads\/2020\/02\/route-durres-albanien-kosovo.jpg?fit=300%2C180&amp;ssl=1\" data-large-file=\"https:\/\/i0.wp.com\/albanien.ch\/albanien_info\/wp-content\/uploads\/2020\/02\/route-durres-albanien-kosovo.jpg?fit=525%2C315&amp;ssl=1\" src=\"https:\/\/i0.wp.com\/albanien.ch\/albanien_info\/wp-content\/uploads\/2020\/02\/route-durres-albanien-kosovo.jpg?resize=525%2C315&#038;ssl=1\" alt=\"Durchreise Albanien von Durr\u00ebs nach Kosova\" class=\"wp-image-3934\" srcset=\"https:\/\/i0.wp.com\/albanien.ch\/albanien_info\/wp-content\/uploads\/2020\/02\/route-durres-albanien-kosovo.jpg?w=1000&amp;ssl=1 1000w, https:\/\/i0.wp.com\/albanien.ch\/albanien_info\/wp-content\/uploads\/2020\/02\/route-durres-albanien-kosovo.jpg?resize=300%2C180&amp;ssl=1 300w, https:\/\/i0.wp.com\/albanien.ch\/albanien_info\/wp-content\/uploads\/2020\/02\/route-durres-albanien-kosovo.jpg?resize=768%2C461&amp;ssl=1 768w\" sizes=\"auto, (max-width: 525px) 100vw, 525px\" \/><\/a><\/figure>\n\n\n\n<p><a href=\"https:\/\/albanien.ch\/albanien_info\/route-albanien-kosovo-durchreise\/\">Durchreise Route Durr\u00ebs-Kosovo<\/a><\/p>\n<\/div>\n<\/div>\n\n\n\n<div class=\"wp-block-columns has-3-columns is-layout-flex wp-container-core-columns-is-layout-9d6595d7 wp-block-columns-is-layout-flex\">\n<div class=\"wp-block-column is-layout-flow wp-block-column-is-layout-flow\">\n<figure class=\"wp-block-image\"><a href=\"https:\/\/albanien.ch\/albanien_info\/route-montenegro-griechenland-nordost\/\"><img data-recalc-dims=\"1\" loading=\"lazy\" decoding=\"async\" width=\"525\" height=\"315\" data-attachment-id=\"3933\" data-permalink=\"https:\/\/albanien.ch\/albanien_info\/route-montenegro-albanien-nordostgriechenland\/\" data-orig-file=\"https:\/\/i0.wp.com\/albanien.ch\/albanien_info\/wp-content\/uploads\/2020\/02\/route-montenegro-albanien-nordostgriechenland.jpg?fit=1000%2C600&amp;ssl=1\" data-orig-size=\"1000,600\" data-comments-opened=\"1\" data-image-meta=\"{&quot;aperture&quot;:&quot;0&quot;,&quot;credit&quot;:&quot;&quot;,&quot;camera&quot;:&quot;&quot;,&quot;caption&quot;:&quot;&quot;,&quot;created_timestamp&quot;:&quot;0&quot;,&quot;copyright&quot;:&quot;&quot;,&quot;focal_length&quot;:&quot;0&quot;,&quot;iso&quot;:&quot;0&quot;,&quot;shutter_speed&quot;:&quot;0&quot;,&quot;title&quot;:&quot;&quot;,&quot;orientation&quot;:&quot;0&quot;}\" data-image-title=\"Route Montenegro &gt; Albanien &gt; Nordostgriechenland AlbINFO\" data-image-description=\"&lt;p&gt;Pferdekarren auf Strasse in Zentralalbanien (Peqin)&lt;\/p&gt;\n\" data-image-caption=\"&lt;p&gt;Pferdekarren auf Strasse&lt;\/p&gt;\n\" data-medium-file=\"https:\/\/i0.wp.com\/albanien.ch\/albanien_info\/wp-content\/uploads\/2020\/02\/route-montenegro-albanien-nordostgriechenland.jpg?fit=300%2C180&amp;ssl=1\" data-large-file=\"https:\/\/i0.wp.com\/albanien.ch\/albanien_info\/wp-content\/uploads\/2020\/02\/route-montenegro-albanien-nordostgriechenland.jpg?fit=525%2C315&amp;ssl=1\" src=\"https:\/\/i0.wp.com\/albanien.ch\/albanien_info\/wp-content\/uploads\/2020\/02\/route-montenegro-albanien-nordostgriechenland.jpg?resize=525%2C315&#038;ssl=1\" alt=\"Durchreise durch Albanien von Montenegro nach Nordostgriechenland\" class=\"wp-image-3933\" srcset=\"https:\/\/i0.wp.com\/albanien.ch\/albanien_info\/wp-content\/uploads\/2020\/02\/route-montenegro-albanien-nordostgriechenland.jpg?w=1000&amp;ssl=1 1000w, https:\/\/i0.wp.com\/albanien.ch\/albanien_info\/wp-content\/uploads\/2020\/02\/route-montenegro-albanien-nordostgriechenland.jpg?resize=300%2C180&amp;ssl=1 300w, https:\/\/i0.wp.com\/albanien.ch\/albanien_info\/wp-content\/uploads\/2020\/02\/route-montenegro-albanien-nordostgriechenland.jpg?resize=768%2C461&amp;ssl=1 768w\" sizes=\"auto, (max-width: 525px) 100vw, 525px\" \/><\/a><\/figure>\n\n\n\n<p><a href=\"https:\/\/albanien.ch\/albanien_info\/route-montenegro-griechenland-nordost\/\">Durchreise Route Montenegro\u2013Nordostgriechenland<\/a><\/p>\n<\/div>\n\n\n\n<div class=\"wp-block-column is-layout-flow wp-block-column-is-layout-flow\">\n<figure class=\"wp-block-image size-full\"><a href=\"https:\/\/albanien.ch\/albanien_info\/wandern-in-albanien\/\"><img data-recalc-dims=\"1\" loading=\"lazy\" decoding=\"async\" width=\"525\" height=\"315\" data-attachment-id=\"7296\" data-permalink=\"https:\/\/albanien.ch\/albanien_info\/wandern-albanien-albinfo\/\" data-orig-file=\"https:\/\/i0.wp.com\/albanien.ch\/albanien_info\/wp-content\/uploads\/2023\/04\/wandern-albanien-albinfo.jpg?fit=1000%2C600&amp;ssl=1\" data-orig-size=\"1000,600\" data-comments-opened=\"1\" data-image-meta=\"{&quot;aperture&quot;:&quot;0&quot;,&quot;credit&quot;:&quot;&quot;,&quot;camera&quot;:&quot;&quot;,&quot;caption&quot;:&quot;&quot;,&quot;created_timestamp&quot;:&quot;0&quot;,&quot;copyright&quot;:&quot;&quot;,&quot;focal_length&quot;:&quot;0&quot;,&quot;iso&quot;:&quot;0&quot;,&quot;shutter_speed&quot;:&quot;0&quot;,&quot;title&quot;:&quot;&quot;,&quot;orientation&quot;:&quot;0&quot;}\" data-image-title=\"Wandern in Albanien AlbINFO\" data-image-description=\"&lt;p&gt;Wandern in Albanien&lt;\/p&gt;\n\" data-image-caption=\"&lt;p&gt;Wandern in Albanien&lt;\/p&gt;\n\" data-medium-file=\"https:\/\/i0.wp.com\/albanien.ch\/albanien_info\/wp-content\/uploads\/2023\/04\/wandern-albanien-albinfo.jpg?fit=300%2C180&amp;ssl=1\" data-large-file=\"https:\/\/i0.wp.com\/albanien.ch\/albanien_info\/wp-content\/uploads\/2023\/04\/wandern-albanien-albinfo.jpg?fit=525%2C315&amp;ssl=1\" src=\"https:\/\/i0.wp.com\/albanien.ch\/albanien_info\/wp-content\/uploads\/2023\/04\/wandern-albanien-albinfo.jpg?resize=525%2C315&#038;ssl=1\" alt=\"Wandern in Albanien\" class=\"wp-image-7296\" srcset=\"https:\/\/i0.wp.com\/albanien.ch\/albanien_info\/wp-content\/uploads\/2023\/04\/wandern-albanien-albinfo.jpg?w=1000&amp;ssl=1 1000w, https:\/\/i0.wp.com\/albanien.ch\/albanien_info\/wp-content\/uploads\/2023\/04\/wandern-albanien-albinfo.jpg?resize=300%2C180&amp;ssl=1 300w, https:\/\/i0.wp.com\/albanien.ch\/albanien_info\/wp-content\/uploads\/2023\/04\/wandern-albanien-albinfo.jpg?resize=768%2C461&amp;ssl=1 768w\" sizes=\"auto, (max-width: 525px) 100vw, 525px\" \/><\/a><\/figure>\n\n\n\n<p><a href=\"https:\/\/albanien.ch\/albanien_info\/wandern-in-albanien\/\">Wandern in Albanien<\/a><\/p>\n<\/div>\n\n\n\n<div class=\"wp-block-column is-layout-flow wp-block-column-is-layout-flow\">\n<p><\/p>\n<\/div>\n<\/div>\n\n\n\n<h3 class=\"wp-block-heading\">Unterkunft und Verpflegung<\/h3>\n\n\n\n<div class=\"wp-block-columns has-3-columns is-layout-flex wp-container-core-columns-is-layout-9d6595d7 wp-block-columns-is-layout-flex\">\n<div class=\"wp-block-column is-layout-flow wp-block-column-is-layout-flow\">\n<figure class=\"wp-block-image\"><a href=\"https:\/\/albanien.ch\/albanien_info\/unterkuenfte\/\"><img data-recalc-dims=\"1\" loading=\"lazy\" decoding=\"async\" width=\"525\" height=\"315\" data-attachment-id=\"3719\" data-permalink=\"https:\/\/albanien.ch\/albanien_info\/hotelzimmer-albanien-albinfo\/\" data-orig-file=\"https:\/\/i0.wp.com\/albanien.ch\/albanien_info\/wp-content\/uploads\/2019\/09\/hotelzimmer-albanien-albinfo.jpg?fit=1000%2C600&amp;ssl=1\" data-orig-size=\"1000,600\" data-comments-opened=\"1\" data-image-meta=\"{&quot;aperture&quot;:&quot;0&quot;,&quot;credit&quot;:&quot;&quot;,&quot;camera&quot;:&quot;&quot;,&quot;caption&quot;:&quot;&quot;,&quot;created_timestamp&quot;:&quot;0&quot;,&quot;copyright&quot;:&quot;&quot;,&quot;focal_length&quot;:&quot;0&quot;,&quot;iso&quot;:&quot;0&quot;,&quot;shutter_speed&quot;:&quot;0&quot;,&quot;title&quot;:&quot;&quot;,&quot;orientation&quot;:&quot;0&quot;}\" data-image-title=\"Hhotelzimmer AlbINFO\" data-image-description=\"&lt;p&gt;Hotelzimmer in Tirana&lt;\/p&gt;\n\" data-image-caption=\"&lt;p&gt;Hotelzimmer in Tirana&lt;\/p&gt;\n\" data-medium-file=\"https:\/\/i0.wp.com\/albanien.ch\/albanien_info\/wp-content\/uploads\/2019\/09\/hotelzimmer-albanien-albinfo.jpg?fit=300%2C180&amp;ssl=1\" data-large-file=\"https:\/\/i0.wp.com\/albanien.ch\/albanien_info\/wp-content\/uploads\/2019\/09\/hotelzimmer-albanien-albinfo.jpg?fit=525%2C315&amp;ssl=1\" src=\"https:\/\/i0.wp.com\/albanien.ch\/albanien_info\/wp-content\/uploads\/2019\/09\/hotelzimmer-albanien-albinfo.jpg?resize=525%2C315&#038;ssl=1\" alt=\"Unterk\u00fcnfte in Albanien\" class=\"wp-image-3719\" srcset=\"https:\/\/i0.wp.com\/albanien.ch\/albanien_info\/wp-content\/uploads\/2019\/09\/hotelzimmer-albanien-albinfo.jpg?w=1000&amp;ssl=1 1000w, https:\/\/i0.wp.com\/albanien.ch\/albanien_info\/wp-content\/uploads\/2019\/09\/hotelzimmer-albanien-albinfo.jpg?resize=300%2C180&amp;ssl=1 300w, https:\/\/i0.wp.com\/albanien.ch\/albanien_info\/wp-content\/uploads\/2019\/09\/hotelzimmer-albanien-albinfo.jpg?resize=768%2C461&amp;ssl=1 768w\" sizes=\"auto, (max-width: 525px) 100vw, 525px\" \/><\/a><\/figure>\n\n\n\n<p><a href=\"https:\/\/albanien.ch\/albanien_info\/unterkuenfte\/\">Unterk\u00fcnfte \u2013 allgemeine Hinweise<\/a><\/p>\n<\/div>\n\n\n\n<div class=\"wp-block-column is-layout-flow wp-block-column-is-layout-flow\">\n<figure class=\"wp-block-image size-large\"><a href=\"https:\/\/albanien.ch\/albanien_info\/unterkunft-auf-dem-land\/\"><img data-recalc-dims=\"1\" loading=\"lazy\" decoding=\"async\" width=\"525\" height=\"315\" data-attachment-id=\"3719\" data-permalink=\"https:\/\/albanien.ch\/albanien_info\/hotelzimmer-albanien-albinfo\/\" data-orig-file=\"https:\/\/i0.wp.com\/albanien.ch\/albanien_info\/wp-content\/uploads\/2019\/09\/hotelzimmer-albanien-albinfo.jpg?fit=1000%2C600&amp;ssl=1\" data-orig-size=\"1000,600\" data-comments-opened=\"1\" data-image-meta=\"{&quot;aperture&quot;:&quot;0&quot;,&quot;credit&quot;:&quot;&quot;,&quot;camera&quot;:&quot;&quot;,&quot;caption&quot;:&quot;&quot;,&quot;created_timestamp&quot;:&quot;0&quot;,&quot;copyright&quot;:&quot;&quot;,&quot;focal_length&quot;:&quot;0&quot;,&quot;iso&quot;:&quot;0&quot;,&quot;shutter_speed&quot;:&quot;0&quot;,&quot;title&quot;:&quot;&quot;,&quot;orientation&quot;:&quot;0&quot;}\" data-image-title=\"Hhotelzimmer AlbINFO\" data-image-description=\"&lt;p&gt;Hotelzimmer in Tirana&lt;\/p&gt;\n\" data-image-caption=\"&lt;p&gt;Hotelzimmer in Tirana&lt;\/p&gt;\n\" data-medium-file=\"https:\/\/i0.wp.com\/albanien.ch\/albanien_info\/wp-content\/uploads\/2019\/09\/hotelzimmer-albanien-albinfo.jpg?fit=300%2C180&amp;ssl=1\" data-large-file=\"https:\/\/i0.wp.com\/albanien.ch\/albanien_info\/wp-content\/uploads\/2019\/09\/hotelzimmer-albanien-albinfo.jpg?fit=525%2C315&amp;ssl=1\" src=\"https:\/\/i0.wp.com\/albanien.ch\/albanien_info\/wp-content\/uploads\/2019\/09\/hotelzimmer-albanien-albinfo.jpg?resize=525%2C315&#038;ssl=1\" alt=\"L\u00e4ndliche Unterk\u00fcnfte in Albanien\" class=\"wp-image-3719\" srcset=\"https:\/\/i0.wp.com\/albanien.ch\/albanien_info\/wp-content\/uploads\/2019\/09\/hotelzimmer-albanien-albinfo.jpg?w=1000&amp;ssl=1 1000w, https:\/\/i0.wp.com\/albanien.ch\/albanien_info\/wp-content\/uploads\/2019\/09\/hotelzimmer-albanien-albinfo.jpg?resize=300%2C180&amp;ssl=1 300w, https:\/\/i0.wp.com\/albanien.ch\/albanien_info\/wp-content\/uploads\/2019\/09\/hotelzimmer-albanien-albinfo.jpg?resize=768%2C461&amp;ssl=1 768w\" sizes=\"auto, (max-width: 525px) 100vw, 525px\" \/><\/a><\/figure>\n\n\n\n<p><a href=\"https:\/\/albanien.ch\/albanien_info\/unterkunft-auf-dem-land\/\">Karte: Unterk\u00fcnfte auf dem Land<\/a><\/p>\n<\/div>\n\n\n\n<div class=\"wp-block-column is-layout-flow wp-block-column-is-layout-flow\">\n<figure class=\"wp-block-image size-large\"><a href=\"https:\/\/albanien.ch\/albanien_info\/essen-und-trinken\/\"><img data-recalc-dims=\"1\" loading=\"lazy\" decoding=\"async\" width=\"525\" height=\"315\" data-attachment-id=\"3714\" data-permalink=\"https:\/\/albanien.ch\/albanien_info\/essen-albanien-fisch-albinfo\/\" data-orig-file=\"https:\/\/i0.wp.com\/albanien.ch\/albanien_info\/wp-content\/uploads\/2019\/09\/essen-albanien-fisch-albinfo.jpg?fit=1000%2C600&amp;ssl=1\" data-orig-size=\"1000,600\" data-comments-opened=\"1\" data-image-meta=\"{&quot;aperture&quot;:&quot;0&quot;,&quot;credit&quot;:&quot;&quot;,&quot;camera&quot;:&quot;&quot;,&quot;caption&quot;:&quot;&quot;,&quot;created_timestamp&quot;:&quot;0&quot;,&quot;copyright&quot;:&quot;&quot;,&quot;focal_length&quot;:&quot;0&quot;,&quot;iso&quot;:&quot;0&quot;,&quot;shutter_speed&quot;:&quot;0&quot;,&quot;title&quot;:&quot;&quot;,&quot;orientation&quot;:&quot;0&quot;}\" data-image-title=\"Frischer Fisch AlbINFO\" data-image-description=\"&lt;p&gt;Frischer Fisch&lt;\/p&gt;\n\" data-image-caption=\"&lt;p&gt;Frischer Fisch&lt;\/p&gt;\n\" data-medium-file=\"https:\/\/i0.wp.com\/albanien.ch\/albanien_info\/wp-content\/uploads\/2019\/09\/essen-albanien-fisch-albinfo.jpg?fit=300%2C180&amp;ssl=1\" data-large-file=\"https:\/\/i0.wp.com\/albanien.ch\/albanien_info\/wp-content\/uploads\/2019\/09\/essen-albanien-fisch-albinfo.jpg?fit=525%2C315&amp;ssl=1\" src=\"https:\/\/i0.wp.com\/albanien.ch\/albanien_info\/wp-content\/uploads\/2019\/09\/essen-albanien-fisch-albinfo.jpg?resize=525%2C315&#038;ssl=1\" alt=\"Albanisches Essen und albanische K\u00fcche\" class=\"wp-image-3714\" srcset=\"https:\/\/i0.wp.com\/albanien.ch\/albanien_info\/wp-content\/uploads\/2019\/09\/essen-albanien-fisch-albinfo.jpg?w=1000&amp;ssl=1 1000w, https:\/\/i0.wp.com\/albanien.ch\/albanien_info\/wp-content\/uploads\/2019\/09\/essen-albanien-fisch-albinfo.jpg?resize=300%2C180&amp;ssl=1 300w, https:\/\/i0.wp.com\/albanien.ch\/albanien_info\/wp-content\/uploads\/2019\/09\/essen-albanien-fisch-albinfo.jpg?resize=768%2C461&amp;ssl=1 768w\" sizes=\"auto, (max-width: 525px) 100vw, 525px\" \/><\/a><\/figure>\n\n\n\n<p><a href=\"https:\/\/albanien.ch\/albanien_info\/essen-und-trinken\/\">Essen &amp; Trinken<\/a><\/p>\n<\/div>\n<\/div>\n\n\n\n<h3 class=\"wp-block-heading\">Vor Ort<\/h3>\n\n\n\n<div class=\"wp-block-columns has-3-columns is-layout-flex wp-container-core-columns-is-layout-9d6595d7 wp-block-columns-is-layout-flex\">\n<div class=\"wp-block-column is-layout-flow wp-block-column-is-layout-flow\">\n<figure class=\"wp-block-image\"><a href=\"https:\/\/albanien.ch\/albanien_info\/sicherheit\/\"><img data-recalc-dims=\"1\" loading=\"lazy\" decoding=\"async\" width=\"525\" height=\"315\" data-attachment-id=\"3718\" data-permalink=\"https:\/\/albanien.ch\/albanien_info\/sicherheit-albanien-albinfo\/\" data-orig-file=\"https:\/\/i0.wp.com\/albanien.ch\/albanien_info\/wp-content\/uploads\/2019\/09\/sicherheit-albanien-albinfo.jpg?fit=1000%2C600&amp;ssl=1\" data-orig-size=\"1000,600\" data-comments-opened=\"1\" data-image-meta=\"{&quot;aperture&quot;:&quot;0&quot;,&quot;credit&quot;:&quot;&quot;,&quot;camera&quot;:&quot;&quot;,&quot;caption&quot;:&quot;&quot;,&quot;created_timestamp&quot;:&quot;0&quot;,&quot;copyright&quot;:&quot;&quot;,&quot;focal_length&quot;:&quot;0&quot;,&quot;iso&quot;:&quot;0&quot;,&quot;shutter_speed&quot;:&quot;0&quot;,&quot;title&quot;:&quot;&quot;,&quot;orientation&quot;:&quot;0&quot;}\" data-image-title=\"Sicherheit AlbINFO\" data-image-description=\"&lt;p&gt;H\u00e4ngebr\u00fccke in Mat \u2013 Shkopet-Stausee&lt;\/p&gt;\n\" data-image-caption=\"&lt;p&gt;H\u00e4ngebr\u00fccke in Mat&lt;\/p&gt;\n\" data-medium-file=\"https:\/\/i0.wp.com\/albanien.ch\/albanien_info\/wp-content\/uploads\/2019\/09\/sicherheit-albanien-albinfo.jpg?fit=300%2C180&amp;ssl=1\" data-large-file=\"https:\/\/i0.wp.com\/albanien.ch\/albanien_info\/wp-content\/uploads\/2019\/09\/sicherheit-albanien-albinfo.jpg?fit=525%2C315&amp;ssl=1\" src=\"https:\/\/i0.wp.com\/albanien.ch\/albanien_info\/wp-content\/uploads\/2019\/09\/sicherheit-albanien-albinfo.jpg?resize=525%2C315&#038;ssl=1\" alt=\"Sicherheitshinweise f\u00fcr Albanien\" class=\"wp-image-3718\" srcset=\"https:\/\/i0.wp.com\/albanien.ch\/albanien_info\/wp-content\/uploads\/2019\/09\/sicherheit-albanien-albinfo.jpg?w=1000&amp;ssl=1 1000w, https:\/\/i0.wp.com\/albanien.ch\/albanien_info\/wp-content\/uploads\/2019\/09\/sicherheit-albanien-albinfo.jpg?resize=300%2C180&amp;ssl=1 300w, https:\/\/i0.wp.com\/albanien.ch\/albanien_info\/wp-content\/uploads\/2019\/09\/sicherheit-albanien-albinfo.jpg?resize=768%2C461&amp;ssl=1 768w\" sizes=\"auto, (max-width: 525px) 100vw, 525px\" \/><\/a><\/figure>\n\n\n\n<p><a href=\"https:\/\/albanien.ch\/albanien_info\/sicherheit\/\">Sicherheit<\/a><\/p>\n<\/div>\n\n\n\n<div class=\"wp-block-column is-layout-flow wp-block-column-is-layout-flow\">\n<figure class=\"wp-block-image\"><a href=\"https:\/\/albanien.ch\/albanien_info\/reisen_gesundheit\/\"><img data-recalc-dims=\"1\" loading=\"lazy\" decoding=\"async\" width=\"525\" height=\"315\" data-attachment-id=\"3932\" data-permalink=\"https:\/\/albanien.ch\/albanien_info\/gesundheit-auf-reise-albanien-albinfo\/\" data-orig-file=\"https:\/\/i0.wp.com\/albanien.ch\/albanien_info\/wp-content\/uploads\/2020\/02\/gesundheit-auf-reise-albanien-albinfo.jpg?fit=1000%2C600&amp;ssl=1\" data-orig-size=\"1000,600\" data-comments-opened=\"1\" data-image-meta=\"{&quot;aperture&quot;:&quot;0&quot;,&quot;credit&quot;:&quot;&quot;,&quot;camera&quot;:&quot;&quot;,&quot;caption&quot;:&quot;&quot;,&quot;created_timestamp&quot;:&quot;0&quot;,&quot;copyright&quot;:&quot;&quot;,&quot;focal_length&quot;:&quot;0&quot;,&quot;iso&quot;:&quot;0&quot;,&quot;shutter_speed&quot;:&quot;0&quot;,&quot;title&quot;:&quot;&quot;,&quot;orientation&quot;:&quot;0&quot;}\" data-image-title=\"Gesundheit auf Reise in Albanien AlbINFO\" data-image-description=\"&lt;p&gt;Schild mit Notfallnummern am Strand in Saranda&lt;\/p&gt;\n\" data-image-caption=\"&lt;p&gt;Notfallnummern in Saranda&lt;\/p&gt;\n\" data-medium-file=\"https:\/\/i0.wp.com\/albanien.ch\/albanien_info\/wp-content\/uploads\/2020\/02\/gesundheit-auf-reise-albanien-albinfo.jpg?fit=300%2C180&amp;ssl=1\" data-large-file=\"https:\/\/i0.wp.com\/albanien.ch\/albanien_info\/wp-content\/uploads\/2020\/02\/gesundheit-auf-reise-albanien-albinfo.jpg?fit=525%2C315&amp;ssl=1\" src=\"https:\/\/i0.wp.com\/albanien.ch\/albanien_info\/wp-content\/uploads\/2020\/02\/gesundheit-auf-reise-albanien-albinfo.jpg?resize=525%2C315&#038;ssl=1\" alt=\"Gesundheit auf Reise\" class=\"wp-image-3932\" srcset=\"https:\/\/i0.wp.com\/albanien.ch\/albanien_info\/wp-content\/uploads\/2020\/02\/gesundheit-auf-reise-albanien-albinfo.jpg?w=1000&amp;ssl=1 1000w, https:\/\/i0.wp.com\/albanien.ch\/albanien_info\/wp-content\/uploads\/2020\/02\/gesundheit-auf-reise-albanien-albinfo.jpg?resize=300%2C180&amp;ssl=1 300w, https:\/\/i0.wp.com\/albanien.ch\/albanien_info\/wp-content\/uploads\/2020\/02\/gesundheit-auf-reise-albanien-albinfo.jpg?resize=768%2C461&amp;ssl=1 768w\" sizes=\"auto, (max-width: 525px) 100vw, 525px\" \/><\/a><\/figure>\n\n\n\n<p><a href=\"https:\/\/albanien.ch\/albanien_info\/reisen_gesundheit\/\">Gesundheit<\/a><\/p>\n<\/div>\n\n\n\n<div class=\"wp-block-column is-layout-flow wp-block-column-is-layout-flow\">\n<figure class=\"wp-block-image\"><a href=\"https:\/\/albanien.ch\/albanien_info\/verstaendigung-sprache\/\"><img data-recalc-dims=\"1\" loading=\"lazy\" decoding=\"async\" width=\"525\" height=\"315\" data-attachment-id=\"3931\" data-permalink=\"https:\/\/albanien.ch\/albanien_info\/albanisch-auf-reise-albinfo\/\" data-orig-file=\"https:\/\/i0.wp.com\/albanien.ch\/albanien_info\/wp-content\/uploads\/2020\/02\/albanisch-auf-reise-albinfo.jpg?fit=1000%2C600&amp;ssl=1\" data-orig-size=\"1000,600\" data-comments-opened=\"1\" data-image-meta=\"{&quot;aperture&quot;:&quot;0&quot;,&quot;credit&quot;:&quot;&quot;,&quot;camera&quot;:&quot;&quot;,&quot;caption&quot;:&quot;&quot;,&quot;created_timestamp&quot;:&quot;0&quot;,&quot;copyright&quot;:&quot;&quot;,&quot;focal_length&quot;:&quot;0&quot;,&quot;iso&quot;:&quot;0&quot;,&quot;shutter_speed&quot;:&quot;0&quot;,&quot;title&quot;:&quot;&quot;,&quot;orientation&quot;:&quot;0&quot;}\" data-image-title=\"Albanisch auf Reise Albanien AlbINFO\" data-image-description=\"&lt;p&gt;Fernsehstudio Top Channel: Pas dit\u00eb&lt;\/p&gt;\n\" data-image-caption=\"&lt;p&gt;Fernsehstudio Top Channel&lt;\/p&gt;\n\" data-medium-file=\"https:\/\/i0.wp.com\/albanien.ch\/albanien_info\/wp-content\/uploads\/2020\/02\/albanisch-auf-reise-albinfo.jpg?fit=300%2C180&amp;ssl=1\" data-large-file=\"https:\/\/i0.wp.com\/albanien.ch\/albanien_info\/wp-content\/uploads\/2020\/02\/albanisch-auf-reise-albinfo.jpg?fit=525%2C315&amp;ssl=1\" src=\"https:\/\/i0.wp.com\/albanien.ch\/albanien_info\/wp-content\/uploads\/2020\/02\/albanisch-auf-reise-albinfo.jpg?resize=525%2C315&#038;ssl=1\" alt=\"Albanische Sprache und Verst\u00e4ndigung auf Reisen in Albanien\" class=\"wp-image-3931\" srcset=\"https:\/\/i0.wp.com\/albanien.ch\/albanien_info\/wp-content\/uploads\/2020\/02\/albanisch-auf-reise-albinfo.jpg?w=1000&amp;ssl=1 1000w, https:\/\/i0.wp.com\/albanien.ch\/albanien_info\/wp-content\/uploads\/2020\/02\/albanisch-auf-reise-albinfo.jpg?resize=300%2C180&amp;ssl=1 300w, https:\/\/i0.wp.com\/albanien.ch\/albanien_info\/wp-content\/uploads\/2020\/02\/albanisch-auf-reise-albinfo.jpg?resize=768%2C461&amp;ssl=1 768w\" sizes=\"auto, (max-width: 525px) 100vw, 525px\" \/><\/a><\/figure>\n\n\n\n<p><a href=\"https:\/\/albanien.ch\/albanien_info\/verstaendigung-sprache\/\">Verst\u00e4ndigung und Sprache<\/a><\/p>\n<\/div>\n<\/div>\n\n\n\n<div class=\"wp-block-columns has-3-columns is-layout-flex wp-container-core-columns-is-layout-9d6595d7 wp-block-columns-is-layout-flex\">\n<div class=\"wp-block-column is-layout-flow wp-block-column-is-layout-flow\">\n<figure class=\"wp-block-image\"><a href=\"https:\/\/albanien.ch\/albanien_info\/geld-bezahlen\/\"><img data-recalc-dims=\"1\" loading=\"lazy\" decoding=\"async\" width=\"525\" height=\"315\" data-attachment-id=\"3720\" data-permalink=\"https:\/\/albanien.ch\/albanien_info\/geld-albanien-reise-albinfo\/\" data-orig-file=\"https:\/\/i0.wp.com\/albanien.ch\/albanien_info\/wp-content\/uploads\/2019\/09\/geld-albanien-reise-albinfo.jpg?fit=1000%2C600&amp;ssl=1\" data-orig-size=\"1000,600\" data-comments-opened=\"1\" data-image-meta=\"{&quot;aperture&quot;:&quot;0&quot;,&quot;credit&quot;:&quot;&quot;,&quot;camera&quot;:&quot;&quot;,&quot;caption&quot;:&quot;&quot;,&quot;created_timestamp&quot;:&quot;0&quot;,&quot;copyright&quot;:&quot;&quot;,&quot;focal_length&quot;:&quot;0&quot;,&quot;iso&quot;:&quot;0&quot;,&quot;shutter_speed&quot;:&quot;0&quot;,&quot;title&quot;:&quot;&quot;,&quot;orientation&quot;:&quot;0&quot;}\" data-image-title=\"Geld Albanien AlbINFO\" data-image-description=\"&lt;p&gt;Albanischer Lek &#8211; diverse Noten&lt;\/p&gt;\n\" data-image-caption=\"&lt;p&gt;Albanischer Lek &#8211; diverse Noten&lt;\/p&gt;\n\" data-medium-file=\"https:\/\/i0.wp.com\/albanien.ch\/albanien_info\/wp-content\/uploads\/2019\/09\/geld-albanien-reise-albinfo.jpg?fit=300%2C180&amp;ssl=1\" data-large-file=\"https:\/\/i0.wp.com\/albanien.ch\/albanien_info\/wp-content\/uploads\/2019\/09\/geld-albanien-reise-albinfo.jpg?fit=525%2C315&amp;ssl=1\" src=\"https:\/\/i0.wp.com\/albanien.ch\/albanien_info\/wp-content\/uploads\/2019\/09\/geld-albanien-reise-albinfo.jpg?resize=525%2C315&#038;ssl=1\" alt=\"Albanisches Geld und Bezahlen in Albanien\" class=\"wp-image-3720\" srcset=\"https:\/\/i0.wp.com\/albanien.ch\/albanien_info\/wp-content\/uploads\/2019\/09\/geld-albanien-reise-albinfo.jpg?w=1000&amp;ssl=1 1000w, https:\/\/i0.wp.com\/albanien.ch\/albanien_info\/wp-content\/uploads\/2019\/09\/geld-albanien-reise-albinfo.jpg?resize=300%2C180&amp;ssl=1 300w, https:\/\/i0.wp.com\/albanien.ch\/albanien_info\/wp-content\/uploads\/2019\/09\/geld-albanien-reise-albinfo.jpg?resize=768%2C461&amp;ssl=1 768w\" sizes=\"auto, (max-width: 525px) 100vw, 525px\" \/><\/a><\/figure>\n\n\n\n<p><a href=\"https:\/\/albanien.ch\/albanien_info\/geld-bezahlen\/\">Albanisches Geld und Bezahlen<\/a><\/p>\n<\/div>\n\n\n\n<div class=\"wp-block-column is-layout-flow wp-block-column-is-layout-flow\">\n<figure class=\"wp-block-image\"><a href=\"https:\/\/albanien.ch\/albanien_info\/einkaufen\/\"><img data-recalc-dims=\"1\" loading=\"lazy\" decoding=\"async\" width=\"525\" height=\"315\" data-attachment-id=\"3716\" data-permalink=\"https:\/\/albanien.ch\/albanien_info\/shopping-albanien-albinfo\/\" data-orig-file=\"https:\/\/i0.wp.com\/albanien.ch\/albanien_info\/wp-content\/uploads\/2019\/09\/shopping-albanien-albinfo.jpg?fit=1000%2C600&amp;ssl=1\" data-orig-size=\"1000,600\" data-comments-opened=\"1\" data-image-meta=\"{&quot;aperture&quot;:&quot;0&quot;,&quot;credit&quot;:&quot;&quot;,&quot;camera&quot;:&quot;&quot;,&quot;caption&quot;:&quot;&quot;,&quot;created_timestamp&quot;:&quot;0&quot;,&quot;copyright&quot;:&quot;&quot;,&quot;focal_length&quot;:&quot;0&quot;,&quot;iso&quot;:&quot;0&quot;,&quot;shutter_speed&quot;:&quot;0&quot;,&quot;title&quot;:&quot;&quot;,&quot;orientation&quot;:&quot;0&quot;}\" data-image-title=\"Shopping AlbINFO\" data-image-description=\"&lt;p&gt;Einkaufen auf dem Markt in Tirana&lt;\/p&gt;\n\" data-image-caption=\"&lt;p&gt;Einkaufen auf dem Markt in Tirana&lt;\/p&gt;\n\" data-medium-file=\"https:\/\/i0.wp.com\/albanien.ch\/albanien_info\/wp-content\/uploads\/2019\/09\/shopping-albanien-albinfo.jpg?fit=300%2C180&amp;ssl=1\" data-large-file=\"https:\/\/i0.wp.com\/albanien.ch\/albanien_info\/wp-content\/uploads\/2019\/09\/shopping-albanien-albinfo.jpg?fit=525%2C315&amp;ssl=1\" src=\"https:\/\/i0.wp.com\/albanien.ch\/albanien_info\/wp-content\/uploads\/2019\/09\/shopping-albanien-albinfo.jpg?resize=525%2C315&#038;ssl=1\" alt=\"Einkaufen in Albanien\" class=\"wp-image-3716\" srcset=\"https:\/\/i0.wp.com\/albanien.ch\/albanien_info\/wp-content\/uploads\/2019\/09\/shopping-albanien-albinfo.jpg?w=1000&amp;ssl=1 1000w, https:\/\/i0.wp.com\/albanien.ch\/albanien_info\/wp-content\/uploads\/2019\/09\/shopping-albanien-albinfo.jpg?resize=300%2C180&amp;ssl=1 300w, https:\/\/i0.wp.com\/albanien.ch\/albanien_info\/wp-content\/uploads\/2019\/09\/shopping-albanien-albinfo.jpg?resize=768%2C461&amp;ssl=1 768w\" sizes=\"auto, (max-width: 525px) 100vw, 525px\" \/><\/a><\/figure>\n\n\n\n<p><a href=\"https:\/\/albanien.ch\/albanien_info\/einkaufen\/\">Einkaufen<\/a><\/p>\n<\/div>\n\n\n\n<div class=\"wp-block-column is-layout-flow wp-block-column-is-layout-flow\">\n<figure class=\"wp-block-image\"><a href=\"https:\/\/albanien.ch\/albanien_info\/feiertage\/\"><img data-recalc-dims=\"1\" loading=\"lazy\" decoding=\"async\" width=\"525\" height=\"315\" data-attachment-id=\"3930\" data-permalink=\"https:\/\/albanien.ch\/albanien_info\/feiertage-albanien-albinfo\/\" data-orig-file=\"https:\/\/i0.wp.com\/albanien.ch\/albanien_info\/wp-content\/uploads\/2020\/02\/feiertage-albanien-albinfo.jpg?fit=1000%2C600&amp;ssl=1\" data-orig-size=\"1000,600\" data-comments-opened=\"1\" data-image-meta=\"{&quot;aperture&quot;:&quot;0&quot;,&quot;credit&quot;:&quot;&quot;,&quot;camera&quot;:&quot;&quot;,&quot;caption&quot;:&quot;&quot;,&quot;created_timestamp&quot;:&quot;0&quot;,&quot;copyright&quot;:&quot;&quot;,&quot;focal_length&quot;:&quot;0&quot;,&quot;iso&quot;:&quot;0&quot;,&quot;shutter_speed&quot;:&quot;0&quot;,&quot;title&quot;:&quot;&quot;,&quot;orientation&quot;:&quot;0&quot;}\" data-image-title=\"Feiertage Albanien AlbINFO\" data-image-description=\"&lt;p&gt;Denkmal in Pogradec&lt;\/p&gt;\n\" data-image-caption=\"&lt;p&gt;Denkmal in Pogradec&lt;\/p&gt;\n\" data-medium-file=\"https:\/\/i0.wp.com\/albanien.ch\/albanien_info\/wp-content\/uploads\/2020\/02\/feiertage-albanien-albinfo.jpg?fit=300%2C180&amp;ssl=1\" data-large-file=\"https:\/\/i0.wp.com\/albanien.ch\/albanien_info\/wp-content\/uploads\/2020\/02\/feiertage-albanien-albinfo.jpg?fit=525%2C315&amp;ssl=1\" src=\"https:\/\/i0.wp.com\/albanien.ch\/albanien_info\/wp-content\/uploads\/2020\/02\/feiertage-albanien-albinfo.jpg?resize=525%2C315&#038;ssl=1\" alt=\"Feiertage in Albanien\" class=\"wp-image-3930\" srcset=\"https:\/\/i0.wp.com\/albanien.ch\/albanien_info\/wp-content\/uploads\/2020\/02\/feiertage-albanien-albinfo.jpg?w=1000&amp;ssl=1 1000w, https:\/\/i0.wp.com\/albanien.ch\/albanien_info\/wp-content\/uploads\/2020\/02\/feiertage-albanien-albinfo.jpg?resize=300%2C180&amp;ssl=1 300w, https:\/\/i0.wp.com\/albanien.ch\/albanien_info\/wp-content\/uploads\/2020\/02\/feiertage-albanien-albinfo.jpg?resize=768%2C461&amp;ssl=1 768w\" sizes=\"auto, (max-width: 525px) 100vw, 525px\" \/><\/a><\/figure>\n\n\n\n<p><a href=\"https:\/\/albanien.ch\/albanien_info\/feiertage\/\">Feiertage<\/a><\/p>\n<\/div>\n<\/div>\n\n\n\n<div class=\"wp-block-columns has-3-columns is-layout-flex wp-container-core-columns-is-layout-9d6595d7 wp-block-columns-is-layout-flex\">\n<div class=\"wp-block-column is-layout-flow wp-block-column-is-layout-flow\">\n<figure class=\"wp-block-image\"><a href=\"https:\/\/albanien.ch\/albanien_info\/telefon-internet\/\"><img data-recalc-dims=\"1\" loading=\"lazy\" decoding=\"async\" width=\"525\" height=\"315\" data-attachment-id=\"3929\" data-permalink=\"https:\/\/albanien.ch\/albanien_info\/telefon-internet-albanien-albinfo\/\" data-orig-file=\"https:\/\/i0.wp.com\/albanien.ch\/albanien_info\/wp-content\/uploads\/2020\/02\/telefon-internet-albanien-albinfo.jpg?fit=1000%2C600&amp;ssl=1\" data-orig-size=\"1000,600\" data-comments-opened=\"1\" data-image-meta=\"{&quot;aperture&quot;:&quot;0&quot;,&quot;credit&quot;:&quot;&quot;,&quot;camera&quot;:&quot;&quot;,&quot;caption&quot;:&quot;&quot;,&quot;created_timestamp&quot;:&quot;0&quot;,&quot;copyright&quot;:&quot;&quot;,&quot;focal_length&quot;:&quot;0&quot;,&quot;iso&quot;:&quot;0&quot;,&quot;shutter_speed&quot;:&quot;0&quot;,&quot;title&quot;:&quot;&quot;,&quot;orientation&quot;:&quot;0&quot;}\" data-image-title=\"Telefon und Internet Albanien AlbINFO\" data-image-description=\"&lt;p&gt;Telefonkabine am Strand bei Durr\u00ebs&lt;\/p&gt;\n\" data-image-caption=\"&lt;p&gt;Telefonkabine am Strand bei Durr\u00ebs&lt;\/p&gt;\n\" data-medium-file=\"https:\/\/i0.wp.com\/albanien.ch\/albanien_info\/wp-content\/uploads\/2020\/02\/telefon-internet-albanien-albinfo.jpg?fit=300%2C180&amp;ssl=1\" data-large-file=\"https:\/\/i0.wp.com\/albanien.ch\/albanien_info\/wp-content\/uploads\/2020\/02\/telefon-internet-albanien-albinfo.jpg?fit=525%2C315&amp;ssl=1\" src=\"https:\/\/i0.wp.com\/albanien.ch\/albanien_info\/wp-content\/uploads\/2020\/02\/telefon-internet-albanien-albinfo.jpg?resize=525%2C315&#038;ssl=1\" alt=\"Telefonieren und Internet in Albanien\" class=\"wp-image-3929\" srcset=\"https:\/\/i0.wp.com\/albanien.ch\/albanien_info\/wp-content\/uploads\/2020\/02\/telefon-internet-albanien-albinfo.jpg?w=1000&amp;ssl=1 1000w, https:\/\/i0.wp.com\/albanien.ch\/albanien_info\/wp-content\/uploads\/2020\/02\/telefon-internet-albanien-albinfo.jpg?resize=300%2C180&amp;ssl=1 300w, https:\/\/i0.wp.com\/albanien.ch\/albanien_info\/wp-content\/uploads\/2020\/02\/telefon-internet-albanien-albinfo.jpg?resize=768%2C461&amp;ssl=1 768w\" sizes=\"auto, (max-width: 525px) 100vw, 525px\" \/><\/a><\/figure>\n\n\n\n<p><a href=\"https:\/\/albanien.ch\/albanien_info\/telefon-internet\/\">Telefon und Internet<\/a><\/p>\n<\/div>\n\n\n\n<div class=\"wp-block-column is-layout-flow wp-block-column-is-layout-flow\">\n<figure class=\"wp-block-image\"><a href=\"https:\/\/albanien.ch\/albanien_info\/kultur\/\"><img data-recalc-dims=\"1\" loading=\"lazy\" decoding=\"async\" width=\"525\" height=\"315\" data-attachment-id=\"3712\" data-permalink=\"https:\/\/albanien.ch\/albanien_info\/volkstanz-albanien-albinfo\/\" data-orig-file=\"https:\/\/i0.wp.com\/albanien.ch\/albanien_info\/wp-content\/uploads\/2019\/09\/volkstanz-albanien-albinfo.jpg?fit=1000%2C600&amp;ssl=1\" data-orig-size=\"1000,600\" data-comments-opened=\"1\" data-image-meta=\"{&quot;aperture&quot;:&quot;0&quot;,&quot;credit&quot;:&quot;&quot;,&quot;camera&quot;:&quot;&quot;,&quot;caption&quot;:&quot;&quot;,&quot;created_timestamp&quot;:&quot;0&quot;,&quot;copyright&quot;:&quot;&quot;,&quot;focal_length&quot;:&quot;0&quot;,&quot;iso&quot;:&quot;0&quot;,&quot;shutter_speed&quot;:&quot;0&quot;,&quot;title&quot;:&quot;&quot;,&quot;orientation&quot;:&quot;0&quot;}\" data-image-title=\"Albanischer Tanz und Musik AlbINFO\" data-image-description=\"&lt;p&gt;Volkstanzgruppe aus Tirana&lt;\/p&gt;\n&lt;p&gt;&lt;strong&gt;Dieses Werk ist nicht unter einer Creative-Commons-Lizenz lizenziert!&lt;\/strong&gt;&lt;\/p&gt;\n\" data-image-caption=\"&lt;p&gt;Volkstanzgruppe aus Tirana&lt;\/p&gt;\n\" data-medium-file=\"https:\/\/i0.wp.com\/albanien.ch\/albanien_info\/wp-content\/uploads\/2019\/09\/volkstanz-albanien-albinfo.jpg?fit=300%2C180&amp;ssl=1\" data-large-file=\"https:\/\/i0.wp.com\/albanien.ch\/albanien_info\/wp-content\/uploads\/2019\/09\/volkstanz-albanien-albinfo.jpg?fit=525%2C315&amp;ssl=1\" src=\"https:\/\/i0.wp.com\/albanien.ch\/albanien_info\/wp-content\/uploads\/2019\/09\/volkstanz-albanien-albinfo.jpg?resize=525%2C315&#038;ssl=1\" alt=\"Volkstanz &amp; Kultur in Albanien\" class=\"wp-image-3712\" srcset=\"https:\/\/i0.wp.com\/albanien.ch\/albanien_info\/wp-content\/uploads\/2019\/09\/volkstanz-albanien-albinfo.jpg?w=1000&amp;ssl=1 1000w, https:\/\/i0.wp.com\/albanien.ch\/albanien_info\/wp-content\/uploads\/2019\/09\/volkstanz-albanien-albinfo.jpg?resize=300%2C180&amp;ssl=1 300w, https:\/\/i0.wp.com\/albanien.ch\/albanien_info\/wp-content\/uploads\/2019\/09\/volkstanz-albanien-albinfo.jpg?resize=768%2C461&amp;ssl=1 768w\" sizes=\"auto, (max-width: 525px) 100vw, 525px\" \/><\/a><\/figure>\n\n\n\n<p><a href=\"https:\/\/albanien.ch\/albanien_info\/kultur\/\">Kultur<\/a><\/p>\n<\/div>\n\n\n\n<div class=\"wp-block-column is-layout-flow wp-block-column-is-layout-flow\"><\/div>\n<\/div>\n\n\n\n<h3 class=\"wp-block-heading\">Lesestoff<\/h3>\n\n\n\n<div class=\"wp-block-columns has-3-columns is-layout-flex wp-container-core-columns-is-layout-9d6595d7 wp-block-columns-is-layout-flex\">\n<div class=\"wp-block-column is-layout-flow wp-block-column-is-layout-flow\">\n<figure class=\"wp-block-image\"><a href=\"https:\/\/albanien.ch\/albanien_info\/reisefuehrer\/\"><img data-recalc-dims=\"1\" loading=\"lazy\" decoding=\"async\" width=\"525\" height=\"315\" data-attachment-id=\"3928\" data-permalink=\"https:\/\/albanien.ch\/albanien_info\/reisefuehrer-albanien-albinfo\/\" data-orig-file=\"https:\/\/i0.wp.com\/albanien.ch\/albanien_info\/wp-content\/uploads\/2020\/02\/reisefuehrer-albanien-albinfo.jpg?fit=1000%2C600&amp;ssl=1\" data-orig-size=\"1000,600\" data-comments-opened=\"1\" data-image-meta=\"{&quot;aperture&quot;:&quot;0&quot;,&quot;credit&quot;:&quot;&quot;,&quot;camera&quot;:&quot;&quot;,&quot;caption&quot;:&quot;&quot;,&quot;created_timestamp&quot;:&quot;0&quot;,&quot;copyright&quot;:&quot;&quot;,&quot;focal_length&quot;:&quot;0&quot;,&quot;iso&quot;:&quot;0&quot;,&quot;shutter_speed&quot;:&quot;0&quot;,&quot;title&quot;:&quot;&quot;,&quot;orientation&quot;:&quot;0&quot;}\" data-image-title=\"Reisef\u00fchrer Albanien AlbINFO\" data-image-description=\"&lt;p&gt;Albanien-Reisef\u00fchrer&lt;\/p&gt;\n\" data-image-caption=\"&lt;p&gt;Albanien-Reisef\u00fchrer&lt;\/p&gt;\n\" data-medium-file=\"https:\/\/i0.wp.com\/albanien.ch\/albanien_info\/wp-content\/uploads\/2020\/02\/reisefuehrer-albanien-albinfo.jpg?fit=300%2C180&amp;ssl=1\" data-large-file=\"https:\/\/i0.wp.com\/albanien.ch\/albanien_info\/wp-content\/uploads\/2020\/02\/reisefuehrer-albanien-albinfo.jpg?fit=525%2C315&amp;ssl=1\" src=\"https:\/\/i0.wp.com\/albanien.ch\/albanien_info\/wp-content\/uploads\/2020\/02\/reisefuehrer-albanien-albinfo.jpg?resize=525%2C315&#038;ssl=1\" alt=\"Empfohlene Reisef\u00fchrer Albanien\" class=\"wp-image-3928\" srcset=\"https:\/\/i0.wp.com\/albanien.ch\/albanien_info\/wp-content\/uploads\/2020\/02\/reisefuehrer-albanien-albinfo.jpg?w=1000&amp;ssl=1 1000w, https:\/\/i0.wp.com\/albanien.ch\/albanien_info\/wp-content\/uploads\/2020\/02\/reisefuehrer-albanien-albinfo.jpg?resize=300%2C180&amp;ssl=1 300w, https:\/\/i0.wp.com\/albanien.ch\/albanien_info\/wp-content\/uploads\/2020\/02\/reisefuehrer-albanien-albinfo.jpg?resize=768%2C461&amp;ssl=1 768w\" sizes=\"auto, (max-width: 525px) 100vw, 525px\" \/><\/a><\/figure>\n\n\n\n<p><a href=\"https:\/\/albanien.ch\/albanien_info\/reisefuehrer\/\">Reisef\u00fchrer<\/a><\/p>\n<\/div>\n\n\n\n<div class=\"wp-block-column is-layout-flow wp-block-column-is-layout-flow\">\n<figure class=\"wp-block-image\"><a href=\"https:\/\/albanien.ch\/albanien_info\/service\/buecher-tipps\/\"><img data-recalc-dims=\"1\" loading=\"lazy\" decoding=\"async\" width=\"525\" height=\"315\" data-attachment-id=\"3726\" data-permalink=\"https:\/\/albanien.ch\/albanien_info\/albinfo-landesinfos-reiseinformationen-albanien\/buechertipps-albanien-albinfo\/\" data-orig-file=\"https:\/\/i0.wp.com\/albanien.ch\/albanien_info\/wp-content\/uploads\/2019\/09\/buechertipps-albanien-albinfo.jpg?fit=1000%2C600&amp;ssl=1\" data-orig-size=\"1000,600\" data-comments-opened=\"1\" data-image-meta=\"{&quot;aperture&quot;:&quot;0&quot;,&quot;credit&quot;:&quot;&quot;,&quot;camera&quot;:&quot;&quot;,&quot;caption&quot;:&quot;&quot;,&quot;created_timestamp&quot;:&quot;0&quot;,&quot;copyright&quot;:&quot;&quot;,&quot;focal_length&quot;:&quot;0&quot;,&quot;iso&quot;:&quot;0&quot;,&quot;shutter_speed&quot;:&quot;0&quot;,&quot;title&quot;:&quot;&quot;,&quot;orientation&quot;:&quot;0&quot;}\" data-image-title=\"B\u00fcchertipps Albanien AlbINFO\" data-image-description=\"&lt;p&gt;B\u00fccher aus und \u00fcber Albanien&lt;\/p&gt;\n\" data-image-caption=\"&lt;p&gt;B\u00fccher aus und \u00fcber Albanien&lt;\/p&gt;\n\" data-medium-file=\"https:\/\/i0.wp.com\/albanien.ch\/albanien_info\/wp-content\/uploads\/2019\/09\/buechertipps-albanien-albinfo.jpg?fit=300%2C180&amp;ssl=1\" data-large-file=\"https:\/\/i0.wp.com\/albanien.ch\/albanien_info\/wp-content\/uploads\/2019\/09\/buechertipps-albanien-albinfo.jpg?fit=525%2C315&amp;ssl=1\" src=\"https:\/\/i0.wp.com\/albanien.ch\/albanien_info\/wp-content\/uploads\/2019\/09\/buechertipps-albanien-albinfo.jpg?resize=525%2C315&#038;ssl=1\" alt=\"B\u00fcchertipps Albanien\" class=\"wp-image-3726\" srcset=\"https:\/\/i0.wp.com\/albanien.ch\/albanien_info\/wp-content\/uploads\/2019\/09\/buechertipps-albanien-albinfo.jpg?w=1000&amp;ssl=1 1000w, https:\/\/i0.wp.com\/albanien.ch\/albanien_info\/wp-content\/uploads\/2019\/09\/buechertipps-albanien-albinfo.jpg?resize=300%2C180&amp;ssl=1 300w, https:\/\/i0.wp.com\/albanien.ch\/albanien_info\/wp-content\/uploads\/2019\/09\/buechertipps-albanien-albinfo.jpg?resize=768%2C461&amp;ssl=1 768w\" sizes=\"auto, (max-width: 525px) 100vw, 525px\" \/><\/a><\/figure>\n\n\n\n<p><a href=\"https:\/\/albanien.ch\/albanien_info\/category\/service\/faq\/\">Buch-Empfehlungen<\/a><\/p>\n<\/div>\n\n\n\n<div class=\"wp-block-column is-layout-flow wp-block-column-is-layout-flow\"><\/div>\n<\/div>\n\n\n\n<h3 class=\"wp-block-heading\">Weitere Fragen<\/h3>\n\n\n\n<div class=\"wp-block-columns has-3-columns is-layout-flex wp-container-core-columns-is-layout-9d6595d7 wp-block-columns-is-layout-flex\">\n<div class=\"wp-block-column is-layout-flow wp-block-column-is-layout-flow\">\n<figure class=\"wp-block-image\"><a href=\"https:\/\/albanien.ch\/albanien_info\/category\/service\/faq\/\"><img data-recalc-dims=\"1\" loading=\"lazy\" decoding=\"async\" width=\"525\" height=\"315\" data-attachment-id=\"3730\" data-permalink=\"https:\/\/albanien.ch\/albanien_info\/albinfo-landesinfos-reiseinformationen-albanien\/faq-albanien-albinfo\/\" data-orig-file=\"https:\/\/i0.wp.com\/albanien.ch\/albanien_info\/wp-content\/uploads\/2019\/09\/faq-albanien-albinfo.jpg?fit=1000%2C600&amp;ssl=1\" data-orig-size=\"1000,600\" data-comments-opened=\"1\" data-image-meta=\"{&quot;aperture&quot;:&quot;0&quot;,&quot;credit&quot;:&quot;&quot;,&quot;camera&quot;:&quot;&quot;,&quot;caption&quot;:&quot;&quot;,&quot;created_timestamp&quot;:&quot;0&quot;,&quot;copyright&quot;:&quot;&quot;,&quot;focal_length&quot;:&quot;0&quot;,&quot;iso&quot;:&quot;0&quot;,&quot;shutter_speed&quot;:&quot;0&quot;,&quot;title&quot;:&quot;&quot;,&quot;orientation&quot;:&quot;0&quot;}\" data-image-title=\"FAQ Albanien AlbINFO\" data-image-description=\"&lt;p&gt;Telefonierende in Lezha&lt;\/p&gt;\n\" data-image-caption=\"&lt;p&gt;Telefonierende in Lezha&lt;\/p&gt;\n\" data-medium-file=\"https:\/\/i0.wp.com\/albanien.ch\/albanien_info\/wp-content\/uploads\/2019\/09\/faq-albanien-albinfo.jpg?fit=300%2C180&amp;ssl=1\" data-large-file=\"https:\/\/i0.wp.com\/albanien.ch\/albanien_info\/wp-content\/uploads\/2019\/09\/faq-albanien-albinfo.jpg?fit=525%2C315&amp;ssl=1\" src=\"https:\/\/i0.wp.com\/albanien.ch\/albanien_info\/wp-content\/uploads\/2019\/09\/faq-albanien-albinfo.jpg?resize=525%2C315&#038;ssl=1\" alt=\"FAQ: H\u00e4ufig gestellte Fragen\" class=\"wp-image-3730\" srcset=\"https:\/\/i0.wp.com\/albanien.ch\/albanien_info\/wp-content\/uploads\/2019\/09\/faq-albanien-albinfo.jpg?w=1000&amp;ssl=1 1000w, https:\/\/i0.wp.com\/albanien.ch\/albanien_info\/wp-content\/uploads\/2019\/09\/faq-albanien-albinfo.jpg?resize=300%2C180&amp;ssl=1 300w, https:\/\/i0.wp.com\/albanien.ch\/albanien_info\/wp-content\/uploads\/2019\/09\/faq-albanien-albinfo.jpg?resize=768%2C461&amp;ssl=1 768w\" sizes=\"auto, (max-width: 525px) 100vw, 525px\" \/><\/a><\/figure>\n\n\n\n<p><a href=\"https:\/\/albanien.ch\/albanien_info\/category\/service\/faq\/\">FAQ<\/a><\/p>\n<\/div>\n\n\n\n<div class=\"wp-block-column is-layout-flow wp-block-column-is-layout-flow\">\n<figure class=\"wp-block-image\"><a href=\"https:\/\/albanien.ch\/albanien_info\/service\/helpdesk\/\"><img data-recalc-dims=\"1\" loading=\"lazy\" decoding=\"async\" width=\"525\" height=\"315\" data-attachment-id=\"3729\" data-permalink=\"https:\/\/albanien.ch\/albanien_info\/albinfo-landesinfos-reiseinformationen-albanien\/helpdesk-albanien-albinfo\/\" data-orig-file=\"https:\/\/i0.wp.com\/albanien.ch\/albanien_info\/wp-content\/uploads\/2019\/09\/helpdesk-albanien-albinfo.jpg?fit=1000%2C600&amp;ssl=1\" data-orig-size=\"1000,600\" data-comments-opened=\"1\" data-image-meta=\"{&quot;aperture&quot;:&quot;0&quot;,&quot;credit&quot;:&quot;&quot;,&quot;camera&quot;:&quot;&quot;,&quot;caption&quot;:&quot;&quot;,&quot;created_timestamp&quot;:&quot;0&quot;,&quot;copyright&quot;:&quot;&quot;,&quot;focal_length&quot;:&quot;0&quot;,&quot;iso&quot;:&quot;0&quot;,&quot;shutter_speed&quot;:&quot;0&quot;,&quot;title&quot;:&quot;&quot;,&quot;orientation&quot;:&quot;0&quot;}\" data-image-title=\"Helpdesk Albanien AlbINFO\" data-image-description=\"&lt;p&gt;Hirte in den Albansichen Alpen weist den Weg&lt;\/p&gt;\n\" data-image-caption=\"&lt;p&gt;Hirte in den albanischen Bergen&lt;\/p&gt;\n\" data-medium-file=\"https:\/\/i0.wp.com\/albanien.ch\/albanien_info\/wp-content\/uploads\/2019\/09\/helpdesk-albanien-albinfo.jpg?fit=300%2C180&amp;ssl=1\" data-large-file=\"https:\/\/i0.wp.com\/albanien.ch\/albanien_info\/wp-content\/uploads\/2019\/09\/helpdesk-albanien-albinfo.jpg?fit=525%2C315&amp;ssl=1\" src=\"https:\/\/i0.wp.com\/albanien.ch\/albanien_info\/wp-content\/uploads\/2019\/09\/helpdesk-albanien-albinfo.jpg?resize=525%2C315&#038;ssl=1\" alt=\"Helpdesk f\u00fcr Fragen zu Albanien\" class=\"wp-image-3729\" srcset=\"https:\/\/i0.wp.com\/albanien.ch\/albanien_info\/wp-content\/uploads\/2019\/09\/helpdesk-albanien-albinfo.jpg?w=1000&amp;ssl=1 1000w, https:\/\/i0.wp.com\/albanien.ch\/albanien_info\/wp-content\/uploads\/2019\/09\/helpdesk-albanien-albinfo.jpg?resize=300%2C180&amp;ssl=1 300w, https:\/\/i0.wp.com\/albanien.ch\/albanien_info\/wp-content\/uploads\/2019\/09\/helpdesk-albanien-albinfo.jpg?resize=768%2C461&amp;ssl=1 768w\" sizes=\"auto, (max-width: 525px) 100vw, 525px\" \/><\/a><\/figure>\n\n\n\n<p><a href=\"https:\/\/albanien.ch\/albanien_info\/service\/helpdesk\/\">Helpdesk<\/a><\/p>\n<\/div>\n\n\n\n<div class=\"wp-block-column is-layout-flow wp-block-column-is-layout-flow\">\n<figure class=\"wp-block-image\"><a href=\"https:\/\/albanien.ch\/forum\/p3\/\"><img data-recalc-dims=\"1\" loading=\"lazy\" decoding=\"async\" width=\"525\" height=\"315\" data-attachment-id=\"3728\" data-permalink=\"https:\/\/albanien.ch\/albanien_info\/albinfo-landesinfos-reiseinformationen-albanien\/forum-albanien-albinfo\/\" data-orig-file=\"https:\/\/i0.wp.com\/albanien.ch\/albanien_info\/wp-content\/uploads\/2019\/09\/forum-albanien-albinfo.jpg?fit=1000%2C600&amp;ssl=1\" data-orig-size=\"1000,600\" data-comments-opened=\"1\" data-image-meta=\"{&quot;aperture&quot;:&quot;0&quot;,&quot;credit&quot;:&quot;&quot;,&quot;camera&quot;:&quot;&quot;,&quot;caption&quot;:&quot;&quot;,&quot;created_timestamp&quot;:&quot;0&quot;,&quot;copyright&quot;:&quot;&quot;,&quot;focal_length&quot;:&quot;0&quot;,&quot;iso&quot;:&quot;0&quot;,&quot;shutter_speed&quot;:&quot;0&quot;,&quot;title&quot;:&quot;&quot;,&quot;orientation&quot;:&quot;0&quot;}\" data-image-title=\"Forum Albanien AlbINFO\" data-image-description=\"&lt;p&gt;Pelikan in Divjaka&lt;\/p&gt;\n\" data-image-caption=\"&lt;p&gt;Pelikan in Divjaka&lt;\/p&gt;\n\" data-medium-file=\"https:\/\/i0.wp.com\/albanien.ch\/albanien_info\/wp-content\/uploads\/2019\/09\/forum-albanien-albinfo.jpg?fit=300%2C180&amp;ssl=1\" data-large-file=\"https:\/\/i0.wp.com\/albanien.ch\/albanien_info\/wp-content\/uploads\/2019\/09\/forum-albanien-albinfo.jpg?fit=525%2C315&amp;ssl=1\" src=\"https:\/\/i0.wp.com\/albanien.ch\/albanien_info\/wp-content\/uploads\/2019\/09\/forum-albanien-albinfo.jpg?resize=525%2C315&#038;ssl=1\" alt=\"Albanien-Forum\" class=\"wp-image-3728\" srcset=\"https:\/\/i0.wp.com\/albanien.ch\/albanien_info\/wp-content\/uploads\/2019\/09\/forum-albanien-albinfo.jpg?w=1000&amp;ssl=1 1000w, https:\/\/i0.wp.com\/albanien.ch\/albanien_info\/wp-content\/uploads\/2019\/09\/forum-albanien-albinfo.jpg?resize=300%2C180&amp;ssl=1 300w, https:\/\/i0.wp.com\/albanien.ch\/albanien_info\/wp-content\/uploads\/2019\/09\/forum-albanien-albinfo.jpg?resize=768%2C461&amp;ssl=1 768w\" sizes=\"auto, (max-width: 525px) 100vw, 525px\" \/><\/a><\/figure>\n\n\n\n<p><a href=\"https:\/\/albanien.ch\/forum\/p3\/\" target=\"_blank\" rel=\"noreferrer noopener\" aria-label=\"Forum (opens in a new tab)\">Forum<\/a><\/p>\n<\/div>\n<\/div>\n\n\n\n<h3 class=\"wp-block-heading\">N\u00fctzlich<\/h3>\n\n\n\n<div class=\"wp-block-columns has-3-columns is-layout-flex wp-container-core-columns-is-layout-9d6595d7 wp-block-columns-is-layout-flex\">\n<div class=\"wp-block-column is-layout-flow wp-block-column-is-layout-flow\">\n<figure class=\"wp-block-image\"><a href=\"https:\/\/albanien.ch\/albanien_info\/service\/buecher-tipps\/\"><img data-recalc-dims=\"1\" loading=\"lazy\" decoding=\"async\" width=\"525\" height=\"315\" data-attachment-id=\"3726\" data-permalink=\"https:\/\/albanien.ch\/albanien_info\/albinfo-landesinfos-reiseinformationen-albanien\/buechertipps-albanien-albinfo\/\" data-orig-file=\"https:\/\/i0.wp.com\/albanien.ch\/albanien_info\/wp-content\/uploads\/2019\/09\/buechertipps-albanien-albinfo.jpg?fit=1000%2C600&amp;ssl=1\" data-orig-size=\"1000,600\" data-comments-opened=\"1\" data-image-meta=\"{&quot;aperture&quot;:&quot;0&quot;,&quot;credit&quot;:&quot;&quot;,&quot;camera&quot;:&quot;&quot;,&quot;caption&quot;:&quot;&quot;,&quot;created_timestamp&quot;:&quot;0&quot;,&quot;copyright&quot;:&quot;&quot;,&quot;focal_length&quot;:&quot;0&quot;,&quot;iso&quot;:&quot;0&quot;,&quot;shutter_speed&quot;:&quot;0&quot;,&quot;title&quot;:&quot;&quot;,&quot;orientation&quot;:&quot;0&quot;}\" data-image-title=\"B\u00fcchertipps Albanien AlbINFO\" data-image-description=\"&lt;p&gt;B\u00fccher aus und \u00fcber Albanien&lt;\/p&gt;\n\" data-image-caption=\"&lt;p&gt;B\u00fccher aus und \u00fcber Albanien&lt;\/p&gt;\n\" data-medium-file=\"https:\/\/i0.wp.com\/albanien.ch\/albanien_info\/wp-content\/uploads\/2019\/09\/buechertipps-albanien-albinfo.jpg?fit=300%2C180&amp;ssl=1\" data-large-file=\"https:\/\/i0.wp.com\/albanien.ch\/albanien_info\/wp-content\/uploads\/2019\/09\/buechertipps-albanien-albinfo.jpg?fit=525%2C315&amp;ssl=1\" src=\"https:\/\/i0.wp.com\/albanien.ch\/albanien_info\/wp-content\/uploads\/2019\/09\/buechertipps-albanien-albinfo.jpg?resize=525%2C315&#038;ssl=1\" alt=\"B\u00fccherempfehlungen f\u00fcr Albanien\" class=\"wp-image-3726\" srcset=\"https:\/\/i0.wp.com\/albanien.ch\/albanien_info\/wp-content\/uploads\/2019\/09\/buechertipps-albanien-albinfo.jpg?w=1000&amp;ssl=1 1000w, https:\/\/i0.wp.com\/albanien.ch\/albanien_info\/wp-content\/uploads\/2019\/09\/buechertipps-albanien-albinfo.jpg?resize=300%2C180&amp;ssl=1 300w, https:\/\/i0.wp.com\/albanien.ch\/albanien_info\/wp-content\/uploads\/2019\/09\/buechertipps-albanien-albinfo.jpg?resize=768%2C461&amp;ssl=1 768w\" sizes=\"auto, (max-width: 525px) 100vw, 525px\" \/><\/a><\/figure>\n\n\n\n<p><a href=\"https:\/\/albanien.ch\/albanien_info\/category\/service\/faq\/\">Buch-Empfehlungen<\/a><\/p>\n<\/div>\n\n\n\n<div class=\"wp-block-column is-layout-flow wp-block-column-is-layout-flow\">\n<figure class=\"wp-block-image\"><a href=\"https:\/\/albanien.ch\/albanien_info\/category\/service\/bilder\/\"><img data-recalc-dims=\"1\" loading=\"lazy\" decoding=\"async\" width=\"525\" height=\"315\" data-attachment-id=\"3725\" data-permalink=\"https:\/\/albanien.ch\/albanien_info\/albinfo-landesinfos-reiseinformationen-albanien\/albanien-bilder-albinfo\/\" data-orig-file=\"https:\/\/i0.wp.com\/albanien.ch\/albanien_info\/wp-content\/uploads\/2019\/09\/albanien-bilder-albinfo.jpg?fit=1000%2C600&amp;ssl=1\" data-orig-size=\"1000,600\" data-comments-opened=\"1\" data-image-meta=\"{&quot;aperture&quot;:&quot;0&quot;,&quot;credit&quot;:&quot;&quot;,&quot;camera&quot;:&quot;&quot;,&quot;caption&quot;:&quot;&quot;,&quot;created_timestamp&quot;:&quot;0&quot;,&quot;copyright&quot;:&quot;&quot;,&quot;focal_length&quot;:&quot;0&quot;,&quot;iso&quot;:&quot;0&quot;,&quot;shutter_speed&quot;:&quot;0&quot;,&quot;title&quot;:&quot;&quot;,&quot;orientation&quot;:&quot;0&quot;}\" data-image-title=\"Bilder Albanien AlbINFO\" data-image-description=\"&lt;p&gt;Osmanische Br\u00fccke am Shkumbin in Mittelalbanien&lt;\/p&gt;\n\" data-image-caption=\"&lt;p&gt;Osmanische Br\u00fccke am Shkumbin in Mittelalbanien&lt;\/p&gt;\n\" data-medium-file=\"https:\/\/i0.wp.com\/albanien.ch\/albanien_info\/wp-content\/uploads\/2019\/09\/albanien-bilder-albinfo.jpg?fit=300%2C180&amp;ssl=1\" data-large-file=\"https:\/\/i0.wp.com\/albanien.ch\/albanien_info\/wp-content\/uploads\/2019\/09\/albanien-bilder-albinfo.jpg?fit=525%2C315&amp;ssl=1\" src=\"https:\/\/i0.wp.com\/albanien.ch\/albanien_info\/wp-content\/uploads\/2019\/09\/albanien-bilder-albinfo.jpg?resize=525%2C315&#038;ssl=1\" alt=\"Bilder Albanien\" class=\"wp-image-3725\" srcset=\"https:\/\/i0.wp.com\/albanien.ch\/albanien_info\/wp-content\/uploads\/2019\/09\/albanien-bilder-albinfo.jpg?w=1000&amp;ssl=1 1000w, https:\/\/i0.wp.com\/albanien.ch\/albanien_info\/wp-content\/uploads\/2019\/09\/albanien-bilder-albinfo.jpg?resize=300%2C180&amp;ssl=1 300w, https:\/\/i0.wp.com\/albanien.ch\/albanien_info\/wp-content\/uploads\/2019\/09\/albanien-bilder-albinfo.jpg?resize=768%2C461&amp;ssl=1 768w\" sizes=\"auto, (max-width: 525px) 100vw, 525px\" \/><\/a><\/figure>\n\n\n\n<p><a href=\"https:\/\/albanien.ch\/albanien_info\/category\/service\/bilder\/\">Bilder<\/a><\/p>\n<\/div>\n\n\n\n<div class=\"wp-block-column is-layout-flow wp-block-column-is-layout-flow\">\n<figure class=\"wp-block-image\"><a href=\"https:\/\/albanien.ch\/bb\/\"><img data-recalc-dims=\"1\" loading=\"lazy\" decoding=\"async\" width=\"525\" height=\"315\" data-attachment-id=\"3724\" data-permalink=\"https:\/\/albanien.ch\/albanien_info\/albinfo-landesinfos-reiseinformationen-albanien\/albanien-nachrichten-albinfo\/\" data-orig-file=\"https:\/\/i0.wp.com\/albanien.ch\/albanien_info\/wp-content\/uploads\/2019\/09\/albanien-nachrichten-albinfo.jpg?fit=1000%2C600&amp;ssl=1\" data-orig-size=\"1000,600\" data-comments-opened=\"1\" data-image-meta=\"{&quot;aperture&quot;:&quot;0&quot;,&quot;credit&quot;:&quot;&quot;,&quot;camera&quot;:&quot;&quot;,&quot;caption&quot;:&quot;&quot;,&quot;created_timestamp&quot;:&quot;0&quot;,&quot;copyright&quot;:&quot;&quot;,&quot;focal_length&quot;:&quot;0&quot;,&quot;iso&quot;:&quot;0&quot;,&quot;shutter_speed&quot;:&quot;0&quot;,&quot;title&quot;:&quot;&quot;,&quot;orientation&quot;:&quot;0&quot;}\" data-image-title=\"Albanien Nachrichten AlbINFO\" data-image-description=\"&lt;p&gt;Abends am Skanderbegplatz&lt;\/p&gt;\n\" data-image-caption=\"&lt;p&gt;Abends am Skanderbegplatz&lt;\/p&gt;\n\" data-medium-file=\"https:\/\/i0.wp.com\/albanien.ch\/albanien_info\/wp-content\/uploads\/2019\/09\/albanien-nachrichten-albinfo.jpg?fit=300%2C180&amp;ssl=1\" data-large-file=\"https:\/\/i0.wp.com\/albanien.ch\/albanien_info\/wp-content\/uploads\/2019\/09\/albanien-nachrichten-albinfo.jpg?fit=525%2C315&amp;ssl=1\" src=\"https:\/\/i0.wp.com\/albanien.ch\/albanien_info\/wp-content\/uploads\/2019\/09\/albanien-nachrichten-albinfo.jpg?resize=525%2C315&#038;ssl=1\" alt=\"Nachrichten Albanien\" class=\"wp-image-3724\" srcset=\"https:\/\/i0.wp.com\/albanien.ch\/albanien_info\/wp-content\/uploads\/2019\/09\/albanien-nachrichten-albinfo.jpg?w=1000&amp;ssl=1 1000w, https:\/\/i0.wp.com\/albanien.ch\/albanien_info\/wp-content\/uploads\/2019\/09\/albanien-nachrichten-albinfo.jpg?resize=300%2C180&amp;ssl=1 300w, https:\/\/i0.wp.com\/albanien.ch\/albanien_info\/wp-content\/uploads\/2019\/09\/albanien-nachrichten-albinfo.jpg?resize=768%2C461&amp;ssl=1 768w\" sizes=\"auto, (max-width: 525px) 100vw, 525px\" \/><\/a><\/figure>\n\n\n\n<p><a href=\"https:\/\/albanien.ch\/bb\/\" target=\"_blank\" rel=\"noreferrer noopener\" aria-label=\"Nachrichten  (opens in a new tab)\">Nachrichten <\/a><\/p>\n<\/div>\n<\/div>\n\n\n\n<p><\/p>\n","protected":false},"excerpt":{"rendered":"<p>Landes- &amp; Reiseinformationen f\u00fcr Albanien Sehensw\u00fcrdigkeiten Highlights Albanien Wenig bekannte Sehensw\u00fcrdigkeiten Orte &amp; Sehensw\u00fcrdigkeiten Guides Strand-Guide Back Packer Guide Reiseplanung: Nach Albanien Anreise Flughafen Tirana&hellip;<\/p>\n","protected":false},"author":1,"featured_media":4919,"parent":9,"menu_order":0,"comment_status":"closed","ping_status":"open","template":"","meta":{"jetpack_post_was_ever_published":false,"footnotes":""},"categories":[],"tags":[83,408,331],"class_list":["post-14","page","type-page","status-publish","has-post-thumbnail","hentry","tag-reisefuehrer","tag-reiseinformationen","tag-reisetipps"],"yoast_head":"<!-- This site is optimized with the Yoast SEO plugin v27.2 - https:\/\/yoast.com\/product\/yoast-seo-wordpress\/ -->\n<title>AlbINFO &#8211; Online-Reisef\u00fchrer Albanien &#8211; albanien.ch<\/title>\n<meta name=\"description\" content=\"Tipps f\u00fcr Reisen nach und durch Albanien: Online-Reisef\u00fchrer mit Guides, Tipps f\u00fcr Reiseplanung, Unterkunft, Routen, Gep\u00e4ck etc.\" \/>\n<meta name=\"robots\" content=\"index, follow, max-snippet:-1, max-image-preview:large, max-video-preview:-1\" \/>\n<link rel=\"canonical\" href=\"https:\/\/albanien.ch\/albanien_info\/reisefuehrer-albanien\/reisetipps\/\" \/>\n<meta property=\"og:locale\" content=\"de_DE\" \/>\n<meta property=\"og:type\" content=\"article\" \/>\n<meta property=\"og:title\" content=\"AlbINFO &#8211; Online-Reisef\u00fchrer Albanien &#8211; albanien.ch\" \/>\n<meta property=\"og:description\" content=\"Tipps f\u00fcr Reisen nach und durch Albanien: Online-Reisef\u00fchrer mit Guides, Tipps f\u00fcr Reiseplanung, Unterkunft, Routen, Gep\u00e4ck etc.\" \/>\n<meta property=\"og:url\" content=\"https:\/\/albanien.ch\/albanien_info\/reisefuehrer-albanien\/reisetipps\/\" \/>\n<meta property=\"og:site_name\" content=\"AlbINFO\" \/>\n<meta property=\"article:publisher\" content=\"https:\/\/www.facebook.com\/albaniench\/\" \/>\n<meta property=\"article:modified_time\" content=\"2023-05-15T12:03:16+00:00\" \/>\n<meta property=\"og:image\" content=\"https:\/\/albanien.ch\/albanien_info\/wp-content\/uploads\/2020\/09\/zug-auf-bruecke.jpg\" \/>\n\t<meta property=\"og:image:width\" content=\"1000\" \/>\n\t<meta property=\"og:image:height\" content=\"600\" \/>\n\t<meta property=\"og:image:type\" content=\"image\/jpeg\" \/>\n<meta name=\"twitter:card\" content=\"summary_large_image\" \/>\n<meta name=\"twitter:site\" content=\"@alb_info\" \/>\n<script type=\"application\/ld+json\" class=\"yoast-schema-graph\">{\"@context\":\"https:\/\/schema.org\",\"@graph\":[{\"@type\":\"WebPage\",\"@id\":\"https:\/\/albanien.ch\/albanien_info\/reisefuehrer-albanien\/reisetipps\/\",\"url\":\"https:\/\/albanien.ch\/albanien_info\/reisefuehrer-albanien\/reisetipps\/\",\"name\":\"AlbINFO &#8211; Online-Reisef\u00fchrer Albanien &#8211; albanien.ch\",\"isPartOf\":{\"@id\":\"https:\/\/albanien.ch\/albanien_info\/#website\"},\"primaryImageOfPage\":{\"@id\":\"https:\/\/albanien.ch\/albanien_info\/reisefuehrer-albanien\/reisetipps\/#primaryimage\"},\"image\":{\"@id\":\"https:\/\/albanien.ch\/albanien_info\/reisefuehrer-albanien\/reisetipps\/#primaryimage\"},\"thumbnailUrl\":\"https:\/\/i0.wp.com\/albanien.ch\/albanien_info\/wp-content\/uploads\/2020\/09\/zug-auf-bruecke.jpg?fit=1000%2C600&ssl=1\",\"datePublished\":\"2021-03-21T22:54:00+00:00\",\"dateModified\":\"2023-05-15T12:03:16+00:00\",\"description\":\"Tipps f\u00fcr Reisen nach und durch Albanien: Online-Reisef\u00fchrer mit Guides, Tipps f\u00fcr Reiseplanung, Unterkunft, Routen, Gep\u00e4ck etc.\",\"breadcrumb\":{\"@id\":\"https:\/\/albanien.ch\/albanien_info\/reisefuehrer-albanien\/reisetipps\/#breadcrumb\"},\"inLanguage\":\"de\",\"potentialAction\":[{\"@type\":\"ReadAction\",\"target\":[\"https:\/\/albanien.ch\/albanien_info\/reisefuehrer-albanien\/reisetipps\/\"]}]},{\"@type\":\"ImageObject\",\"inLanguage\":\"de\",\"@id\":\"https:\/\/albanien.ch\/albanien_info\/reisefuehrer-albanien\/reisetipps\/#primaryimage\",\"url\":\"https:\/\/i0.wp.com\/albanien.ch\/albanien_info\/wp-content\/uploads\/2020\/09\/zug-auf-bruecke.jpg?fit=1000%2C600&ssl=1\",\"contentUrl\":\"https:\/\/i0.wp.com\/albanien.ch\/albanien_info\/wp-content\/uploads\/2020\/09\/zug-auf-bruecke.jpg?fit=1000%2C600&ssl=1\",\"width\":1000,\"height\":600,\"caption\":\"Zug der HSH unterwegs nach Elbasan\"},{\"@type\":\"BreadcrumbList\",\"@id\":\"https:\/\/albanien.ch\/albanien_info\/reisefuehrer-albanien\/reisetipps\/#breadcrumb\",\"itemListElement\":[{\"@type\":\"ListItem\",\"position\":1,\"name\":\"Home\",\"item\":\"https:\/\/albanien.ch\/albanien_info\/\"},{\"@type\":\"ListItem\",\"position\":2,\"name\":\"Reisef\u00fchrer\",\"item\":\"https:\/\/albanien.ch\/albanien_info\/reisefuehrer-albanien\/\"},{\"@type\":\"ListItem\",\"position\":3,\"name\":\"AlbINFO: Alle Reisetipps\"}]},{\"@type\":\"WebSite\",\"@id\":\"https:\/\/albanien.ch\/albanien_info\/#website\",\"url\":\"https:\/\/albanien.ch\/albanien_info\/\",\"name\":\"AlbINFO\",\"description\":\"Albanien Reiseinformationen von albanien.ch\",\"publisher\":{\"@id\":\"https:\/\/albanien.ch\/albanien_info\/#organization\"},\"potentialAction\":[{\"@type\":\"SearchAction\",\"target\":{\"@type\":\"EntryPoint\",\"urlTemplate\":\"https:\/\/albanien.ch\/albanien_info\/?s={search_term_string}\"},\"query-input\":{\"@type\":\"PropertyValueSpecification\",\"valueRequired\":true,\"valueName\":\"search_term_string\"}}],\"inLanguage\":\"de\"},{\"@type\":\"Organization\",\"@id\":\"https:\/\/albanien.ch\/albanien_info\/#organization\",\"name\":\"albanien.ch\",\"url\":\"https:\/\/albanien.ch\/albanien_info\/\",\"logo\":{\"@type\":\"ImageObject\",\"inLanguage\":\"de\",\"@id\":\"https:\/\/albanien.ch\/albanien_info\/#\/schema\/logo\/image\/\",\"url\":\"https:\/\/i0.wp.com\/albanien.ch\/albanien_info\/wp-content\/uploads\/2016\/11\/albaniench_square.png?fit=415%2C415&ssl=1\",\"contentUrl\":\"https:\/\/i0.wp.com\/albanien.ch\/albanien_info\/wp-content\/uploads\/2016\/11\/albaniench_square.png?fit=415%2C415&ssl=1\",\"width\":415,\"height\":415,\"caption\":\"albanien.ch\"},\"image\":{\"@id\":\"https:\/\/albanien.ch\/albanien_info\/#\/schema\/logo\/image\/\"},\"sameAs\":[\"https:\/\/www.facebook.com\/albaniench\/\",\"https:\/\/x.com\/alb_info\",\"https:\/\/www.instagram.com\/alb_info\/\"]}]}<\/script>\n<!-- \/ Yoast SEO plugin. -->","yoast_head_json":{"title":"AlbINFO &#8211; Online-Reisef\u00fchrer Albanien &#8211; albanien.ch","description":"Tipps f\u00fcr Reisen nach und durch Albanien: Online-Reisef\u00fchrer mit Guides, Tipps f\u00fcr Reiseplanung, Unterkunft, Routen, Gep\u00e4ck etc.","robots":{"index":"index","follow":"follow","max-snippet":"max-snippet:-1","max-image-preview":"max-image-preview:large","max-video-preview":"max-video-preview:-1"},"canonical":"https:\/\/albanien.ch\/albanien_info\/reisefuehrer-albanien\/reisetipps\/","og_locale":"de_DE","og_type":"article","og_title":"AlbINFO &#8211; Online-Reisef\u00fchrer Albanien &#8211; albanien.ch","og_description":"Tipps f\u00fcr Reisen nach und durch Albanien: Online-Reisef\u00fchrer mit Guides, Tipps f\u00fcr Reiseplanung, Unterkunft, Routen, Gep\u00e4ck etc.","og_url":"https:\/\/albanien.ch\/albanien_info\/reisefuehrer-albanien\/reisetipps\/","og_site_name":"AlbINFO","article_publisher":"https:\/\/www.facebook.com\/albaniench\/","article_modified_time":"2023-05-15T12:03:16+00:00","og_image":[{"width":1000,"height":600,"url":"https:\/\/albanien.ch\/albanien_info\/wp-content\/uploads\/2020\/09\/zug-auf-bruecke.jpg","type":"image\/jpeg"}],"twitter_card":"summary_large_image","twitter_site":"@alb_info","schema":{"@context":"https:\/\/schema.org","@graph":[{"@type":"WebPage","@id":"https:\/\/albanien.ch\/albanien_info\/reisefuehrer-albanien\/reisetipps\/","url":"https:\/\/albanien.ch\/albanien_info\/reisefuehrer-albanien\/reisetipps\/","name":"AlbINFO &#8211; Online-Reisef\u00fchrer Albanien &#8211; albanien.ch","isPartOf":{"@id":"https:\/\/albanien.ch\/albanien_info\/#website"},"primaryImageOfPage":{"@id":"https:\/\/albanien.ch\/albanien_info\/reisefuehrer-albanien\/reisetipps\/#primaryimage"},"image":{"@id":"https:\/\/albanien.ch\/albanien_info\/reisefuehrer-albanien\/reisetipps\/#primaryimage"},"thumbnailUrl":"https:\/\/i0.wp.com\/albanien.ch\/albanien_info\/wp-content\/uploads\/2020\/09\/zug-auf-bruecke.jpg?fit=1000%2C600&ssl=1","datePublished":"2021-03-21T22:54:00+00:00","dateModified":"2023-05-15T12:03:16+00:00","description":"Tipps f\u00fcr Reisen nach und durch Albanien: Online-Reisef\u00fchrer mit Guides, Tipps f\u00fcr Reiseplanung, Unterkunft, Routen, Gep\u00e4ck etc.","breadcrumb":{"@id":"https:\/\/albanien.ch\/albanien_info\/reisefuehrer-albanien\/reisetipps\/#breadcrumb"},"inLanguage":"de","potentialAction":[{"@type":"ReadAction","target":["https:\/\/albanien.ch\/albanien_info\/reisefuehrer-albanien\/reisetipps\/"]}]},{"@type":"ImageObject","inLanguage":"de","@id":"https:\/\/albanien.ch\/albanien_info\/reisefuehrer-albanien\/reisetipps\/#primaryimage","url":"https:\/\/i0.wp.com\/albanien.ch\/albanien_info\/wp-content\/uploads\/2020\/09\/zug-auf-bruecke.jpg?fit=1000%2C600&ssl=1","contentUrl":"https:\/\/i0.wp.com\/albanien.ch\/albanien_info\/wp-content\/uploads\/2020\/09\/zug-auf-bruecke.jpg?fit=1000%2C600&ssl=1","width":1000,"height":600,"caption":"Zug der HSH unterwegs nach Elbasan"},{"@type":"BreadcrumbList","@id":"https:\/\/albanien.ch\/albanien_info\/reisefuehrer-albanien\/reisetipps\/#breadcrumb","itemListElement":[{"@type":"ListItem","position":1,"name":"Home","item":"https:\/\/albanien.ch\/albanien_info\/"},{"@type":"ListItem","position":2,"name":"Reisef\u00fchrer","item":"https:\/\/albanien.ch\/albanien_info\/reisefuehrer-albanien\/"},{"@type":"ListItem","position":3,"name":"AlbINFO: Alle Reisetipps"}]},{"@type":"WebSite","@id":"https:\/\/albanien.ch\/albanien_info\/#website","url":"https:\/\/albanien.ch\/albanien_info\/","name":"AlbINFO","description":"Albanien Reiseinformationen von albanien.ch","publisher":{"@id":"https:\/\/albanien.ch\/albanien_info\/#organization"},"potentialAction":[{"@type":"SearchAction","target":{"@type":"EntryPoint","urlTemplate":"https:\/\/albanien.ch\/albanien_info\/?s={search_term_string}"},"query-input":{"@type":"PropertyValueSpecification","valueRequired":true,"valueName":"search_term_string"}}],"inLanguage":"de"},{"@type":"Organization","@id":"https:\/\/albanien.ch\/albanien_info\/#organization","name":"albanien.ch","url":"https:\/\/albanien.ch\/albanien_info\/","logo":{"@type":"ImageObject","inLanguage":"de","@id":"https:\/\/albanien.ch\/albanien_info\/#\/schema\/logo\/image\/","url":"https:\/\/i0.wp.com\/albanien.ch\/albanien_info\/wp-content\/uploads\/2016\/11\/albaniench_square.png?fit=415%2C415&ssl=1","contentUrl":"https:\/\/i0.wp.com\/albanien.ch\/albanien_info\/wp-content\/uploads\/2016\/11\/albaniench_square.png?fit=415%2C415&ssl=1","width":415,"height":415,"caption":"albanien.ch"},"image":{"@id":"https:\/\/albanien.ch\/albanien_info\/#\/schema\/logo\/image\/"},"sameAs":["https:\/\/www.facebook.com\/albaniench\/","https:\/\/x.com\/alb_info","https:\/\/www.instagram.com\/alb_info\/"]}]}},"jetpack_sharing_enabled":true,"jetpack_shortlink":"https:\/\/wp.me\/P5VAQP-e","_links":{"self":[{"href":"https:\/\/albanien.ch\/albanien_info\/wp-json\/wp\/v2\/pages\/14","targetHints":{"allow":["GET"]}}],"collection":[{"href":"https:\/\/albanien.ch\/albanien_info\/wp-json\/wp\/v2\/pages"}],"about":[{"href":"https:\/\/albanien.ch\/albanien_info\/wp-json\/wp\/v2\/types\/page"}],"author":[{"embeddable":true,"href":"https:\/\/albanien.ch\/albanien_info\/wp-json\/wp\/v2\/users\/1"}],"replies":[{"embeddable":true,"href":"https:\/\/albanien.ch\/albanien_info\/wp-json\/wp\/v2\/comments?post=14"}],"version-history":[{"count":13,"href":"https:\/\/albanien.ch\/albanien_info\/wp-json\/wp\/v2\/pages\/14\/revisions"}],"predecessor-version":[{"id":7336,"href":"https:\/\/albanien.ch\/albanien_info\/wp-json\/wp\/v2\/pages\/14\/revisions\/7336"}],"up":[{"embeddable":true,"href":"https:\/\/albanien.ch\/albanien_info\/wp-json\/wp\/v2\/pages\/9"}],"wp:featuredmedia":[{"embeddable":true,"href":"https:\/\/albanien.ch\/albanien_info\/wp-json\/wp\/v2\/media\/4919"}],"wp:attachment":[{"href":"https:\/\/albanien.ch\/albanien_info\/wp-json\/wp\/v2\/media?parent=14"}],"wp:term":[{"taxonomy":"category","embeddable":true,"href":"https:\/\/albanien.ch\/albanien_info\/wp-json\/wp\/v2\/categories?post=14"},{"taxonomy":"post_tag","embeddable":true,"href":"https:\/\/albanien.ch\/albanien_info\/wp-json\/wp\/v2\/tags?post=14"}],"curies":[{"name":"wp","href":"https:\/\/api.w.org\/{rel}","templated":true}]}}