{"id":7235,"date":"2023-03-24T21:06:53","date_gmt":"2023-03-24T20:06:53","guid":{"rendered":"https:\/\/albanien.ch\/albanien_info\/wp-content\/uploads\/2023\/03\/Curilla-and-Kepi-i-Palles.jpg"},"modified":"2023-03-24T21:08:22","modified_gmt":"2023-03-24T20:08:22","slug":"curilla-and-kepi-i-palles","status":"inherit","type":"attachment","link":"https:\/\/albanien.ch\/albanien_info\/wandern-in-albanien\/curilla-and-kepi-i-palles\/","title":{"rendered":"Curilla und Kepi i Pall\u00ebs"},"author":1,"featured_media":0,"comment_status":"open","ping_status":"closed","template":"","meta":{"jetpack_post_was_ever_published":false},"class_list":["post-7235","attachment","type-attachment","status-inherit","hentry"],"yoast_head":"<!-- This site is optimized with the Yoast SEO plugin v27.2 - https:\/\/yoast.com\/product\/yoast-seo-wordpress\/ -->\n<title>Curilla und Kepi i Pall\u00ebs &#8211; AlbINFO by albanien.ch<\/title>\n<meta name=\"description\" content=\"Albanien: Curilla und Kepi i Pall\u00ebs\" \/>\n<meta name=\"robots\" content=\"index, follow, max-snippet:-1, max-image-preview:large, max-video-preview:-1\" \/>\n<link rel=\"canonical\" href=\"https:\/\/albanien.ch\/albanien_info\/wp-content\/uploads\/2023\/03\/Curilla-and-Kepi-i-Palles.jpg\" \/>\n<meta property=\"og:locale\" content=\"de_DE\" \/>\n<meta property=\"og:type\" content=\"article\" \/>\n<meta property=\"og:title\" content=\"Curilla und Kepi i Pall\u00ebs &#8211; AlbINFO by albanien.ch\" \/>\n<meta property=\"og:description\" content=\"Albanien: Curilla und Kepi i Pall\u00ebs\" \/>\n<meta property=\"og:url\" content=\"https:\/\/albanien.ch\/albanien_info\/wp-content\/uploads\/2023\/03\/Curilla-and-Kepi-i-Palles.jpg\" \/>\n<meta property=\"og:site_name\" content=\"AlbINFO\" \/>\n<meta property=\"article:publisher\" content=\"https:\/\/www.facebook.com\/albaniench\/\" \/>\n<meta property=\"article:modified_time\" content=\"2023-03-24T20:08:22+00:00\" \/>\n<meta property=\"og:image\" content=\"https:\/\/albanien.ch\/albanien_info\/wp-content\/uploads\/2023\/03\/Curilla-and-Kepi-i-Palles.jpg\" \/>\n\t<meta property=\"og:image:width\" content=\"2225\" \/>\n\t<meta property=\"og:image:height\" content=\"1250\" \/>\n\t<meta property=\"og:image:type\" content=\"image\/jpeg\" \/>\n<meta name=\"twitter:card\" content=\"summary_large_image\" \/>\n<meta name=\"twitter:site\" content=\"@alb_info\" \/>\n<script type=\"application\/ld+json\" class=\"yoast-schema-graph\">{\"@context\":\"https:\/\/schema.org\",\"@graph\":[{\"@type\":\"WebPage\",\"@id\":\"https:\/\/albanien.ch\/albanien_info\/wp-content\/uploads\/2023\/03\/Curilla-and-Kepi-i-Palles.jpg\",\"url\":\"https:\/\/albanien.ch\/albanien_info\/wp-content\/uploads\/2023\/03\/Curilla-and-Kepi-i-Palles.jpg\",\"name\":\"Curilla und Kepi i Pall\u00ebs &#8211; AlbINFO by albanien.ch\",\"isPartOf\":{\"@id\":\"https:\/\/albanien.ch\/albanien_info\/#website\"},\"datePublished\":\"2023-03-24T20:06:53+00:00\",\"dateModified\":\"2023-03-24T20:08:22+00:00\",\"description\":\"Albanien: Curilla und Kepi i Pall\u00ebs\",\"breadcrumb\":{\"@id\":\"https:\/\/albanien.ch\/albanien_info\/wp-content\/uploads\/2023\/03\/Curilla-and-Kepi-i-Palles.jpg#breadcrumb\"},\"inLanguage\":\"de\",\"potentialAction\":[{\"@type\":\"ReadAction\",\"target\":[\"https:\/\/albanien.ch\/albanien_info\/wp-content\/uploads\/2023\/03\/Curilla-and-Kepi-i-Palles.jpg\"]}]},{\"@type\":\"BreadcrumbList\",\"@id\":\"https:\/\/albanien.ch\/albanien_info\/wp-content\/uploads\/2023\/03\/Curilla-and-Kepi-i-Palles.jpg#breadcrumb\",\"itemListElement\":[{\"@type\":\"ListItem\",\"position\":1,\"name\":\"Home\",\"item\":\"https:\/\/albanien.ch\/albanien_info\/\"},{\"@type\":\"ListItem\",\"position\":2,\"name\":\"Wandern in Albanien\",\"item\":\"https:\/\/albanien.ch\/albanien_info\/wandern-in-albanien\/\"},{\"@type\":\"ListItem\",\"position\":3,\"name\":\"Curilla und Kepi i Pall\u00ebs\"}]},{\"@type\":\"WebSite\",\"@id\":\"https:\/\/albanien.ch\/albanien_info\/#website\",\"url\":\"https:\/\/albanien.ch\/albanien_info\/\",\"name\":\"AlbINFO\",\"description\":\"Albanien Reiseinformationen von albanien.ch\",\"publisher\":{\"@id\":\"https:\/\/albanien.ch\/albanien_info\/#organization\"},\"potentialAction\":[{\"@type\":\"SearchAction\",\"target\":{\"@type\":\"EntryPoint\",\"urlTemplate\":\"https:\/\/albanien.ch\/albanien_info\/?s={search_term_string}\"},\"query-input\":{\"@type\":\"PropertyValueSpecification\",\"valueRequired\":true,\"valueName\":\"search_term_string\"}}],\"inLanguage\":\"de\"},{\"@type\":\"Organization\",\"@id\":\"https:\/\/albanien.ch\/albanien_info\/#organization\",\"name\":\"albanien.ch\",\"url\":\"https:\/\/albanien.ch\/albanien_info\/\",\"logo\":{\"@type\":\"ImageObject\",\"inLanguage\":\"de\",\"@id\":\"https:\/\/albanien.ch\/albanien_info\/#\/schema\/logo\/image\/\",\"url\":\"https:\/\/i0.wp.com\/albanien.ch\/albanien_info\/wp-content\/uploads\/2016\/11\/albaniench_square.png?fit=415%2C415&ssl=1\",\"contentUrl\":\"https:\/\/i0.wp.com\/albanien.ch\/albanien_info\/wp-content\/uploads\/2016\/11\/albaniench_square.png?fit=415%2C415&ssl=1\",\"width\":415,\"height\":415,\"caption\":\"albanien.ch\"},\"image\":{\"@id\":\"https:\/\/albanien.ch\/albanien_info\/#\/schema\/logo\/image\/\"},\"sameAs\":[\"https:\/\/www.facebook.com\/albaniench\/\",\"https:\/\/x.com\/alb_info\",\"https:\/\/www.instagram.com\/alb_info\/\"]}]}<\/script>\n<!-- \/ Yoast SEO plugin. -->","yoast_head_json":{"title":"Curilla und Kepi i Pall\u00ebs &#8211; AlbINFO by albanien.ch","description":"Albanien: Curilla und Kepi i Pall\u00ebs","robots":{"index":"index","follow":"follow","max-snippet":"max-snippet:-1","max-image-preview":"max-image-preview:large","max-video-preview":"max-video-preview:-1"},"canonical":"https:\/\/albanien.ch\/albanien_info\/wp-content\/uploads\/2023\/03\/Curilla-and-Kepi-i-Palles.jpg","og_locale":"de_DE","og_type":"article","og_title":"Curilla und Kepi i Pall\u00ebs &#8211; AlbINFO by albanien.ch","og_description":"Albanien: Curilla und Kepi i Pall\u00ebs","og_url":"https:\/\/albanien.ch\/albanien_info\/wp-content\/uploads\/2023\/03\/Curilla-and-Kepi-i-Palles.jpg","og_site_name":"AlbINFO","article_publisher":"https:\/\/www.facebook.com\/albaniench\/","article_modified_time":"2023-03-24T20:08:22+00:00","og_image":[{"width":2225,"height":1250,"url":"https:\/\/albanien.ch\/albanien_info\/wp-content\/uploads\/2023\/03\/Curilla-and-Kepi-i-Palles.jpg","type":"image\/jpeg"}],"twitter_card":"summary_large_image","twitter_site":"@alb_info","schema":{"@context":"https:\/\/schema.org","@graph":[{"@type":"WebPage","@id":"https:\/\/albanien.ch\/albanien_info\/wp-content\/uploads\/2023\/03\/Curilla-and-Kepi-i-Palles.jpg","url":"https:\/\/albanien.ch\/albanien_info\/wp-content\/uploads\/2023\/03\/Curilla-and-Kepi-i-Palles.jpg","name":"Curilla und Kepi i Pall\u00ebs &#8211; AlbINFO by albanien.ch","isPartOf":{"@id":"https:\/\/albanien.ch\/albanien_info\/#website"},"datePublished":"2023-03-24T20:06:53+00:00","dateModified":"2023-03-24T20:08:22+00:00","description":"Albanien: Curilla und Kepi i Pall\u00ebs","breadcrumb":{"@id":"https:\/\/albanien.ch\/albanien_info\/wp-content\/uploads\/2023\/03\/Curilla-and-Kepi-i-Palles.jpg#breadcrumb"},"inLanguage":"de","potentialAction":[{"@type":"ReadAction","target":["https:\/\/albanien.ch\/albanien_info\/wp-content\/uploads\/2023\/03\/Curilla-and-Kepi-i-Palles.jpg"]}]},{"@type":"BreadcrumbList","@id":"https:\/\/albanien.ch\/albanien_info\/wp-content\/uploads\/2023\/03\/Curilla-and-Kepi-i-Palles.jpg#breadcrumb","itemListElement":[{"@type":"ListItem","position":1,"name":"Home","item":"https:\/\/albanien.ch\/albanien_info\/"},{"@type":"ListItem","position":2,"name":"Wandern in Albanien","item":"https:\/\/albanien.ch\/albanien_info\/wandern-in-albanien\/"},{"@type":"ListItem","position":3,"name":"Curilla und Kepi i Pall\u00ebs"}]},{"@type":"WebSite","@id":"https:\/\/albanien.ch\/albanien_info\/#website","url":"https:\/\/albanien.ch\/albanien_info\/","name":"AlbINFO","description":"Albanien Reiseinformationen von albanien.ch","publisher":{"@id":"https:\/\/albanien.ch\/albanien_info\/#organization"},"potentialAction":[{"@type":"SearchAction","target":{"@type":"EntryPoint","urlTemplate":"https:\/\/albanien.ch\/albanien_info\/?s={search_term_string}"},"query-input":{"@type":"PropertyValueSpecification","valueRequired":true,"valueName":"search_term_string"}}],"inLanguage":"de"},{"@type":"Organization","@id":"https:\/\/albanien.ch\/albanien_info\/#organization","name":"albanien.ch","url":"https:\/\/albanien.ch\/albanien_info\/","logo":{"@type":"ImageObject","inLanguage":"de","@id":"https:\/\/albanien.ch\/albanien_info\/#\/schema\/logo\/image\/","url":"https:\/\/i0.wp.com\/albanien.ch\/albanien_info\/wp-content\/uploads\/2016\/11\/albaniench_square.png?fit=415%2C415&ssl=1","contentUrl":"https:\/\/i0.wp.com\/albanien.ch\/albanien_info\/wp-content\/uploads\/2016\/11\/albaniench_square.png?fit=415%2C415&ssl=1","width":415,"height":415,"caption":"albanien.ch"},"image":{"@id":"https:\/\/albanien.ch\/albanien_info\/#\/schema\/logo\/image\/"},"sameAs":["https:\/\/www.facebook.com\/albaniench\/","https:\/\/x.com\/alb_info","https:\/\/www.instagram.com\/alb_info\/"]}]}},"jetpack_sharing_enabled":true,"jetpack_shortlink":"https:\/\/wp.me\/a5VAQP-1SH","description":{"rendered":"<p class=\"attachment\"><a href=\"https:\/\/i0.wp.com\/albanien.ch\/albanien_info\/wp-content\/uploads\/2023\/03\/Curilla-and-Kepi-i-Palles.jpg?ssl=1\"><img loading=\"lazy\" decoding=\"async\" width=\"300\" height=\"169\" src=\"https:\/\/i0.wp.com\/albanien.ch\/albanien_info\/wp-content\/uploads\/2023\/03\/Curilla-and-Kepi-i-Palles.jpg?fit=300%2C169&amp;ssl=1\" class=\"attachment-medium size-medium\" alt=\"K\u00fcste n\u00f6rdlich von Curilla und Kepi i Pall\u00ebs\" srcset=\"https:\/\/i0.wp.com\/albanien.ch\/albanien_info\/wp-content\/uploads\/2023\/03\/Curilla-and-Kepi-i-Palles.jpg?w=2225&amp;ssl=1 2225w, https:\/\/i0.wp.com\/albanien.ch\/albanien_info\/wp-content\/uploads\/2023\/03\/Curilla-and-Kepi-i-Palles.jpg?resize=300%2C169&amp;ssl=1 300w, https:\/\/i0.wp.com\/albanien.ch\/albanien_info\/wp-content\/uploads\/2023\/03\/Curilla-and-Kepi-i-Palles.jpg?resize=1024%2C575&amp;ssl=1 1024w, https:\/\/i0.wp.com\/albanien.ch\/albanien_info\/wp-content\/uploads\/2023\/03\/Curilla-and-Kepi-i-Palles.jpg?resize=768%2C431&amp;ssl=1 768w, https:\/\/i0.wp.com\/albanien.ch\/albanien_info\/wp-content\/uploads\/2023\/03\/Curilla-and-Kepi-i-Palles.jpg?resize=1536%2C863&amp;ssl=1 1536w, https:\/\/i0.wp.com\/albanien.ch\/albanien_info\/wp-content\/uploads\/2023\/03\/Curilla-and-Kepi-i-Palles.jpg?resize=2048%2C1151&amp;ssl=1 2048w\" sizes=\"auto, (max-width: 300px) 100vw, 300px\" data-attachment-id=\"7235\" data-permalink=\"https:\/\/albanien.ch\/albanien_info\/wandern-in-albanien\/curilla-and-kepi-i-palles\/\" data-orig-file=\"https:\/\/i0.wp.com\/albanien.ch\/albanien_info\/wp-content\/uploads\/2023\/03\/Curilla-and-Kepi-i-Palles.jpg?fit=2225%2C1250&amp;ssl=1\" data-orig-size=\"2225,1250\" data-comments-opened=\"1\" data-image-meta=\"{&quot;aperture&quot;:&quot;0&quot;,&quot;credit&quot;:&quot;&quot;,&quot;camera&quot;:&quot;&quot;,&quot;caption&quot;:&quot;&quot;,&quot;created_timestamp&quot;:&quot;0&quot;,&quot;copyright&quot;:&quot;&quot;,&quot;focal_length&quot;:&quot;0&quot;,&quot;iso&quot;:&quot;0&quot;,&quot;shutter_speed&quot;:&quot;0&quot;,&quot;title&quot;:&quot;&quot;,&quot;orientation&quot;:&quot;0&quot;}\" data-image-title=\"Curilla und Kepi i Pall\u00ebs\" data-image-description=\"&lt;p&gt;Meer bei Durr\u00ebs: K\u00fcste n\u00f6rdlich von Curilla und Kepi i Pall\u00ebs im Hintergrund&lt;\/p&gt;\n\" data-image-caption=\"&lt;p&gt;K\u00fcste n\u00f6rdlich von Curilla und Kepi i Pall\u00ebs im Hintergrund&lt;\/p&gt;\n\" data-medium-file=\"https:\/\/i0.wp.com\/albanien.ch\/albanien_info\/wp-content\/uploads\/2023\/03\/Curilla-and-Kepi-i-Palles.jpg?fit=300%2C169&amp;ssl=1\" data-large-file=\"https:\/\/i0.wp.com\/albanien.ch\/albanien_info\/wp-content\/uploads\/2023\/03\/Curilla-and-Kepi-i-Palles.jpg?fit=525%2C295&amp;ssl=1\" \/><\/a><\/p>\n<p>Meer bei Durr\u00ebs: K\u00fcste n\u00f6rdlich von Curilla und Kepi i Pall\u00ebs im Hintergrund<\/p>\n"},"caption":{"rendered":"<p>K\u00fcste n\u00f6rdlich von Curilla und Kepi i Pall\u00ebs im Hintergrund<\/p>\n"},"alt_text":"K\u00fcste n\u00f6rdlich von Curilla und Kepi i Pall\u00ebs","media_type":"image","mime_type":"image\/jpeg","media_details":{"width":2225,"height":1250,"file":"2023\/03\/Curilla-and-Kepi-i-Palles.jpg","filesize":733373,"sizes":{"medium":{"file":"Curilla-and-Kepi-i-Palles-300x169.jpg","width":300,"height":169,"filesize":16517,"mime_type":"image\/jpeg","source_url":"https:\/\/i0.wp.com\/albanien.ch\/albanien_info\/wp-content\/uploads\/2023\/03\/Curilla-and-Kepi-i-Palles.jpg?fit=300%2C169&ssl=1"},"large":{"file":"Curilla-and-Kepi-i-Palles-1024x575.jpg","width":1024,"height":575,"filesize":148472,"mime_type":"image\/jpeg","source_url":"https:\/\/i0.wp.com\/albanien.ch\/albanien_info\/wp-content\/uploads\/2023\/03\/Curilla-and-Kepi-i-Palles.jpg?fit=525%2C295&ssl=1"},"thumbnail":{"file":"Curilla-and-Kepi-i-Palles-150x150.jpg","width":150,"height":150,"filesize":7960,"mime_type":"image\/jpeg","source_url":"https:\/\/i0.wp.com\/albanien.ch\/albanien_info\/wp-content\/uploads\/2023\/03\/Curilla-and-Kepi-i-Palles.jpg?resize=150%2C150&ssl=1"},"medium_large":{"file":"Curilla-and-Kepi-i-Palles-768x431.jpg","width":768,"height":431,"filesize":89450,"mime_type":"image\/jpeg","source_url":"https:\/\/i0.wp.com\/albanien.ch\/albanien_info\/wp-content\/uploads\/2023\/03\/Curilla-and-Kepi-i-Palles.jpg?fit=525%2C295&ssl=1"},"1536x1536":{"file":"Curilla-and-Kepi-i-Palles-1536x863.jpg","width":1536,"height":863,"filesize":295335,"mime_type":"image\/jpeg","source_url":"https:\/\/i0.wp.com\/albanien.ch\/albanien_info\/wp-content\/uploads\/2023\/03\/Curilla-and-Kepi-i-Palles.jpg?fit=1536%2C863&ssl=1"},"2048x2048":{"file":"Curilla-and-Kepi-i-Palles-2048x1151.jpg","width":2048,"height":1151,"filesize":470598,"mime_type":"image\/jpeg","source_url":"https:\/\/i0.wp.com\/albanien.ch\/albanien_info\/wp-content\/uploads\/2023\/03\/Curilla-and-Kepi-i-Palles.jpg?fit=2048%2C1151&ssl=1"},"wp_travel_thumbnail":{"file":"Curilla-and-Kepi-i-Palles-365x215.jpg","width":365,"height":215,"filesize":24149,"mime_type":"image\/jpeg","source_url":"https:\/\/i0.wp.com\/albanien.ch\/albanien_info\/wp-content\/uploads\/2023\/03\/Curilla-and-Kepi-i-Palles.jpg?resize=365%2C215&ssl=1"},"post-thumbnail":{"file":"Curilla-and-Kepi-i-Palles-600x600.jpg","width":600,"height":600,"filesize":90975,"mime_type":"image\/jpeg","source_url":"https:\/\/i0.wp.com\/albanien.ch\/albanien_info\/wp-content\/uploads\/2023\/03\/Curilla-and-Kepi-i-Palles.jpg?resize=600%2C600&ssl=1"},"full":{"file":"Curilla-and-Kepi-i-Palles.jpg?fit=2225%2C1250&ssl=1","width":2225,"height":1250,"mime_type":"image\/jpeg","source_url":"https:\/\/i0.wp.com\/albanien.ch\/albanien_info\/wp-content\/uploads\/2023\/03\/Curilla-and-Kepi-i-Palles.jpg?fit=2225%2C1250&ssl=1"}},"image_meta":{"aperture":"0","credit":"","camera":"","caption":"","created_timestamp":"0","copyright":"","focal_length":"0","iso":"0","shutter_speed":"0","title":"","orientation":"0","keywords":[]}},"post":453,"source_url":"https:\/\/albanien.ch\/albanien_info\/wp-content\/uploads\/2023\/03\/Curilla-and-Kepi-i-Palles.jpg","_links":{"self":[{"href":"https:\/\/albanien.ch\/albanien_info\/wp-json\/wp\/v2\/media\/7235","targetHints":{"allow":["GET"]}}],"collection":[{"href":"https:\/\/albanien.ch\/albanien_info\/wp-json\/wp\/v2\/media"}],"about":[{"href":"https:\/\/albanien.ch\/albanien_info\/wp-json\/wp\/v2\/types\/attachment"}],"author":[{"embeddable":true,"href":"https:\/\/albanien.ch\/albanien_info\/wp-json\/wp\/v2\/users\/1"}],"replies":[{"embeddable":true,"href":"https:\/\/albanien.ch\/albanien_info\/wp-json\/wp\/v2\/comments?post=7235"}]}}